{"id":5598,"date":"2024-10-07T00:00:00","date_gmt":"2024-10-07T00:00:00","guid":{"rendered":"https:\/\/mwc-cmm.org\/prayers\/pn-october-24-cop-16-3\/"},"modified":"2025-01-08T01:38:43","modified_gmt":"2025-01-08T01:38:43","slug":"pn-october-24-cop-16-3","status":"publish","type":"prayers","link":"https:\/\/mwc-cmm.org\/fr\/prayer\/pn-october-24-cop-16-3\/","title":{"rendered":"PN-October-24-COP 16"},"content":{"rendered":"<p>Prions pour les dirigeants mondiaux, les d\u00e9cideurs, la soci\u00e9t\u00e9 civile et tous les participants qui se r\u00e9uniront pour la <a href=\"https:\/\/www.cbd.int\/conferences\/2024\">COP16 sur la biodiversit\u00e9 \u00ab\u00a0Paix avec la nature\u00a0\u00bb<\/a> \u00e0 Cali, en Colombie, du 21 octobre au 1er novembre 2024.<\/p>\n<p>Le fait que Dieu \u00ab unit l\u2019univers entier sous un seul chef, le Christ, ce qui est dans les cieux et ce qui est sur la terre \u00bb (\u00c9ph\u00e9siens 1,10) nous rappelle notre profonde unit\u00e9 avec l\u2019ensemble de la cr\u00e9ation, une unit\u00e9 de toutes choses en Christ. Nous nous r\u00e9jouissons de la beaut\u00e9 et de la richesse de la cr\u00e9ation. Mais nous partageons aussi la douleur de Dieu lorsque la cr\u00e9ation souffre, en particulier lorsque nous en sommes responsables.<\/p>\n<p>Nous confessons donc et nous nous repentons de notre refus d\u2019\u00e9couter la souffrance de la cr\u00e9ation et de notre incapacit\u00e9 respecter le mandat que Jesus nous a confi\u00e9 en tant que disciples, \u00e0 savoir proclamer l\u2019\u00c9vangile du salut \u00e0 toute la cr\u00e9ation (Marc\u00a016.15).<\/p>\n","protected":false},"excerpt":{"rendered":"<p>Prions pour les dirigeants mondiaux, les d\u00e9cideurs, la soci\u00e9t\u00e9 civile et tous les participants qui se r\u00e9uniront pour la COP16 sur la biodiversit\u00e9 \u00ab\u00a0Paix avec la nature\u00a0\u00bb \u00e0 Cali, en Colombie, du 21 octobre au 1er novembre 2024. Le fait que Dieu \u00ab unit l\u2019univers entier sous un seul chef, le Christ, ce qui est [&hellip;]<\/p>\n","protected":false},"featured_media":0,"template":"","class_list":["post-5598","prayers","type-prayers","status-publish","hentry"],"acf":[],"yoast_head":"<!-- This site is optimized with the Yoast SEO plugin v27.5 - https:\/\/yoast.com\/product\/yoast-seo-wordpress\/ -->\n<title>PN-October-24-COP 16 - Mennonite World Conference<\/title>\n<meta name=\"robots\" content=\"index, follow, max-snippet:-1, max-image-preview:large, max-video-preview:-1\" \/>\n<link rel=\"canonical\" href=\"https:\/\/mwc-cmm.org\/en\/prayer\/pn-october-24-cop-16\/\" \/>\n<meta property=\"og:locale\" content=\"fr_FR\" \/>\n<meta property=\"og:type\" content=\"article\" \/>\n<meta property=\"og:title\" content=\"PN-October-24-COP 16 - Mennonite World Conference\" \/>\n<meta property=\"og:description\" content=\"Prions pour les dirigeants mondiaux, les d\u00e9cideurs, la soci\u00e9t\u00e9 civile et tous les participants qui se r\u00e9uniront pour la COP16 sur la biodiversit\u00e9 \u00ab\u00a0Paix avec la nature\u00a0\u00bb \u00e0 Cali, en Colombie, du 21 octobre au 1er novembre 2024. Le fait que Dieu \u00ab unit l\u2019univers entier sous un seul chef, le Christ, ce qui est [&hellip;]\" \/>\n<meta property=\"og:url\" content=\"https:\/\/mwc-cmm.org\/en\/prayer\/pn-october-24-cop-16\/\" \/>\n<meta property=\"og:site_name\" content=\"Mennonite World Conference\" \/>\n<meta property=\"article:publisher\" content=\"https:\/\/www.facebook.com\/MennoniteWorldConference\" \/>\n<meta property=\"article:modified_time\" content=\"2025-01-08T01:38:43+00:00\" \/>\n<script type=\"application\/ld+json\" class=\"yoast-schema-graph\">{\"@context\":\"https:\\\/\\\/schema.org\",\"@graph\":[{\"@type\":\"WebPage\",\"@id\":\"https:\\\/\\\/mwc-cmm.org\\\/en\\\/prayer\\\/pn-october-24-cop-16\\\/\",\"url\":\"https:\\\/\\\/mwc-cmm.org\\\/en\\\/prayer\\\/pn-october-24-cop-16\\\/\",\"name\":\"PN-October-24-COP 16 - Mennonite World Conference\",\"isPartOf\":{\"@id\":\"https:\\\/\\\/mwc-cmm.org\\\/en\\\/#website\"},\"datePublished\":\"2024-10-07T00:00:00+00:00\",\"dateModified\":\"2025-01-08T01:38:43+00:00\",\"breadcrumb\":{\"@id\":\"https:\\\/\\\/mwc-cmm.org\\\/en\\\/prayer\\\/pn-october-24-cop-16\\\/#breadcrumb\"},\"inLanguage\":\"fr-FR\",\"potentialAction\":[{\"@type\":\"ReadAction\",\"target\":[\"https:\\\/\\\/mwc-cmm.org\\\/en\\\/prayer\\\/pn-october-24-cop-16\\\/\"]}]},{\"@type\":\"BreadcrumbList\",\"@id\":\"https:\\\/\\\/mwc-cmm.org\\\/en\\\/prayer\\\/pn-october-24-cop-16\\\/#breadcrumb\",\"itemListElement\":[{\"@type\":\"ListItem\",\"position\":1,\"name\":\"Home\",\"item\":\"https:\\\/\\\/mwc-cmm.org\\\/fr\\\/\"},{\"@type\":\"ListItem\",\"position\":2,\"name\":\"Prayers\",\"item\":\"https:\\\/\\\/mwc-cmm.org\\\/en\\\/prayer\\\/\"},{\"@type\":\"ListItem\",\"position\":3,\"name\":\"PN-October-24-COP 16\"}]},{\"@type\":\"WebSite\",\"@id\":\"https:\\\/\\\/mwc-cmm.org\\\/en\\\/#website\",\"url\":\"https:\\\/\\\/mwc-cmm.org\\\/en\\\/\",\"name\":\"Mennonite World Conference\",\"description\":\"A communion of Anabaptist-related churches\",\"publisher\":{\"@id\":\"https:\\\/\\\/mwc-cmm.org\\\/en\\\/#organization\"},\"alternateName\":\"MWC\",\"potentialAction\":[{\"@type\":\"SearchAction\",\"target\":{\"@type\":\"EntryPoint\",\"urlTemplate\":\"https:\\\/\\\/mwc-cmm.org\\\/en\\\/?s={search_term_string}\"},\"query-input\":{\"@type\":\"PropertyValueSpecification\",\"valueRequired\":true,\"valueName\":\"search_term_string\"}}],\"inLanguage\":\"fr-FR\"},{\"@type\":\"Organization\",\"@id\":\"https:\\\/\\\/mwc-cmm.org\\\/en\\\/#organization\",\"name\":\"Mennonite World Conference\",\"alternateName\":\"MWC\",\"url\":\"https:\\\/\\\/mwc-cmm.org\\\/en\\\/\",\"logo\":{\"@type\":\"ImageObject\",\"inLanguage\":\"fr-FR\",\"@id\":\"https:\\\/\\\/mwc-cmm.org\\\/en\\\/#\\\/schema\\\/logo\\\/image\\\/\",\"url\":\"https:\\\/\\\/mwc-cmm.org\\\/wp-content\\\/uploads\\\/2026\\\/01\\\/MWC_Sig_Blue_Horiz_webheader1-logo.svg\",\"contentUrl\":\"https:\\\/\\\/mwc-cmm.org\\\/wp-content\\\/uploads\\\/2026\\\/01\\\/MWC_Sig_Blue_Horiz_webheader1-logo.svg\",\"width\":786,\"height\":82,\"caption\":\"Mennonite World Conference\"},\"image\":{\"@id\":\"https:\\\/\\\/mwc-cmm.org\\\/en\\\/#\\\/schema\\\/logo\\\/image\\\/\"},\"sameAs\":[\"https:\\\/\\\/www.facebook.com\\\/MennoniteWorldConference\",\"https:\\\/\\\/www.linkedin.com\\\/company\\\/mennonite-world-conference-mwc\\\/\",\"https:\\\/\\\/www.instagram.com\\\/mwcmm\\\/\",\"https:\\\/\\\/www.youtube.com\\\/user\\\/mwccmm\",\"https:\\\/\\\/bsky.app\\\/profile\\\/mwcmm.bsky.social\"]}]}<\/script>\n<!-- \/ Yoast SEO plugin. -->","yoast_head_json":{"title":"PN-October-24-COP 16 - Mennonite World Conference","robots":{"index":"index","follow":"follow","max-snippet":"max-snippet:-1","max-image-preview":"max-image-preview:large","max-video-preview":"max-video-preview:-1"},"canonical":"https:\/\/mwc-cmm.org\/en\/prayer\/pn-october-24-cop-16\/","og_locale":"fr_FR","og_type":"article","og_title":"PN-October-24-COP 16 - Mennonite World Conference","og_description":"Prions pour les dirigeants mondiaux, les d\u00e9cideurs, la soci\u00e9t\u00e9 civile et tous les participants qui se r\u00e9uniront pour la COP16 sur la biodiversit\u00e9 \u00ab\u00a0Paix avec la nature\u00a0\u00bb \u00e0 Cali, en Colombie, du 21 octobre au 1er novembre 2024. Le fait que Dieu \u00ab unit l\u2019univers entier sous un seul chef, le Christ, ce qui est [&hellip;]","og_url":"https:\/\/mwc-cmm.org\/en\/prayer\/pn-october-24-cop-16\/","og_site_name":"Mennonite World Conference","article_publisher":"https:\/\/www.facebook.com\/MennoniteWorldConference","article_modified_time":"2025-01-08T01:38:43+00:00","schema":{"@context":"https:\/\/schema.org","@graph":[{"@type":"WebPage","@id":"https:\/\/mwc-cmm.org\/en\/prayer\/pn-october-24-cop-16\/","url":"https:\/\/mwc-cmm.org\/en\/prayer\/pn-october-24-cop-16\/","name":"PN-October-24-COP 16 - Mennonite World Conference","isPartOf":{"@id":"https:\/\/mwc-cmm.org\/en\/#website"},"datePublished":"2024-10-07T00:00:00+00:00","dateModified":"2025-01-08T01:38:43+00:00","breadcrumb":{"@id":"https:\/\/mwc-cmm.org\/en\/prayer\/pn-october-24-cop-16\/#breadcrumb"},"inLanguage":"fr-FR","potentialAction":[{"@type":"ReadAction","target":["https:\/\/mwc-cmm.org\/en\/prayer\/pn-october-24-cop-16\/"]}]},{"@type":"BreadcrumbList","@id":"https:\/\/mwc-cmm.org\/en\/prayer\/pn-october-24-cop-16\/#breadcrumb","itemListElement":[{"@type":"ListItem","position":1,"name":"Home","item":"https:\/\/mwc-cmm.org\/fr\/"},{"@type":"ListItem","position":2,"name":"Prayers","item":"https:\/\/mwc-cmm.org\/en\/prayer\/"},{"@type":"ListItem","position":3,"name":"PN-October-24-COP 16"}]},{"@type":"WebSite","@id":"https:\/\/mwc-cmm.org\/en\/#website","url":"https:\/\/mwc-cmm.org\/en\/","name":"Mennonite World Conference","description":"A communion of Anabaptist-related churches","publisher":{"@id":"https:\/\/mwc-cmm.org\/en\/#organization"},"alternateName":"MWC","potentialAction":[{"@type":"SearchAction","target":{"@type":"EntryPoint","urlTemplate":"https:\/\/mwc-cmm.org\/en\/?s={search_term_string}"},"query-input":{"@type":"PropertyValueSpecification","valueRequired":true,"valueName":"search_term_string"}}],"inLanguage":"fr-FR"},{"@type":"Organization","@id":"https:\/\/mwc-cmm.org\/en\/#organization","name":"Mennonite World Conference","alternateName":"MWC","url":"https:\/\/mwc-cmm.org\/en\/","logo":{"@type":"ImageObject","inLanguage":"fr-FR","@id":"https:\/\/mwc-cmm.org\/en\/#\/schema\/logo\/image\/","url":"https:\/\/mwc-cmm.org\/wp-content\/uploads\/2026\/01\/MWC_Sig_Blue_Horiz_webheader1-logo.svg","contentUrl":"https:\/\/mwc-cmm.org\/wp-content\/uploads\/2026\/01\/MWC_Sig_Blue_Horiz_webheader1-logo.svg","width":786,"height":82,"caption":"Mennonite World Conference"},"image":{"@id":"https:\/\/mwc-cmm.org\/en\/#\/schema\/logo\/image\/"},"sameAs":["https:\/\/www.facebook.com\/MennoniteWorldConference","https:\/\/www.linkedin.com\/company\/mennonite-world-conference-mwc\/","https:\/\/www.instagram.com\/mwcmm\/","https:\/\/www.youtube.com\/user\/mwccmm","https:\/\/bsky.app\/profile\/mwcmm.bsky.social"]}]}},"_links":{"self":[{"href":"https:\/\/mwc-cmm.org\/fr\/wp-json\/wp\/v2\/prayers\/5598","targetHints":{"allow":["GET"]}}],"collection":[{"href":"https:\/\/mwc-cmm.org\/fr\/wp-json\/wp\/v2\/prayers"}],"about":[{"href":"https:\/\/mwc-cmm.org\/fr\/wp-json\/wp\/v2\/types\/prayers"}],"wp:attachment":[{"href":"https:\/\/mwc-cmm.org\/fr\/wp-json\/wp\/v2\/media?parent=5598"}],"curies":[{"name":"wp","href":"https:\/\/api.w.org\/{rel}","templated":true}]}}