{"id":127129,"date":"2026-04-21T10:42:44","date_gmt":"2026-04-21T10:42:44","guid":{"rendered":"https:\/\/mwc-cmm.org\/prayer\/pn-march-26-kenya\/"},"modified":"2026-04-21T10:44:05","modified_gmt":"2026-04-21T10:44:05","slug":"pn-march-26-kenya","status":"publish","type":"prayers","link":"https:\/\/mwc-cmm.org\/fr\/prayer\/pn-march-26-kenya\/","title":{"rendered":"PN-March-26-Kenya"},"content":{"rendered":"\n<p>Prions pour la stabilit\u00e9 et la croissance des 15\u202fnouvelles paroisses mennonites \u00e9tablies dans la r\u00e9gion d\u00e9favoris\u00e9e de Turkana, au Kenya. Cette r\u00e9gion est confront\u00e9e \u00e0 une p\u00e9nurie chronique d\u2019eau, \u00e0 l\u2019ins\u00e9curit\u00e9 alimentaire et \u00e0 la malnutrition, en particulier chez les enfants, \u00e0 une extr\u00eame pauvret\u00e9 (la grande majorit\u00e9 de la population vivant en dessous du seuil de pauvret\u00e9) et \u00e0 un taux \u00e9lev\u00e9 de mortalit\u00e9 maternelle et infantile. Tous ces probl\u00e8mes sont en grande partie dus \u00e0 des s\u00e9cheresses r\u00e9currentes, exacerb\u00e9es par le changement climatique, la d\u00e9gradation des \u00e9cosyst\u00e8mes et des pratiques agricoles non durables. L\u2019acc\u00e8s aux soins et \u00e0 l\u2019\u00e9ducation est limit\u00e9 en raison des distances importantes, des modes de vie nomades, des croyances culturelles et des infrastructures restreintes, tandis que les conflits li\u00e9s aux ressources et les d\u00e9fis en mati\u00e8re de gouvernance aggravent encore ces probl\u00e8mes, provoquant des d\u00e9placements de population et une vuln\u00e9rabilit\u00e9 accrue.<\/p>\n\n<p>\u2014\u202f\u00c9v\u00eaque George Ochieng, Kenya <\/p>\n\n<p>Photo : Liesa Unger<br\/><\/p>\n","protected":false},"excerpt":{"rendered":"<p>Prions pour la stabilit\u00e9 et la croissance des 15\u202fnouvelles paroisses mennonites \u00e9tablies dans la r\u00e9gion d\u00e9favoris\u00e9e de Turkana, au Kenya. Cette r\u00e9gion est confront\u00e9e \u00e0 une p\u00e9nurie chronique d\u2019eau, \u00e0 l\u2019ins\u00e9curit\u00e9 alimentaire et \u00e0 la malnutrition, en particulier chez les enfants, \u00e0 une extr\u00eame pauvret\u00e9 (la grande majorit\u00e9 de la population vivant en dessous du [&hellip;]<\/p>\n","protected":false},"featured_media":115442,"template":"","class_list":["post-127129","prayers","type-prayers","status-publish","has-post-thumbnail","hentry"],"acf":[],"yoast_head":"<!-- This site is optimized with the Yoast SEO plugin v27.5 - https:\/\/yoast.com\/product\/yoast-seo-wordpress\/ -->\n<title>PN-March-26-Kenya - Mennonite World Conference<\/title>\n<meta name=\"robots\" content=\"index, follow, max-snippet:-1, max-image-preview:large, max-video-preview:-1\" \/>\n<link rel=\"canonical\" href=\"https:\/\/mwc-cmm.org\/en\/prayer\/pn-march-26-kenya\/\" \/>\n<meta property=\"og:locale\" content=\"fr_FR\" \/>\n<meta property=\"og:type\" content=\"article\" \/>\n<meta property=\"og:title\" content=\"PN-March-26-Kenya - Mennonite World Conference\" \/>\n<meta property=\"og:description\" content=\"Prions pour la stabilit\u00e9 et la croissance des 15\u202fnouvelles paroisses mennonites \u00e9tablies dans la r\u00e9gion d\u00e9favoris\u00e9e de Turkana, au Kenya. Cette r\u00e9gion est confront\u00e9e \u00e0 une p\u00e9nurie chronique d\u2019eau, \u00e0 l\u2019ins\u00e9curit\u00e9 alimentaire et \u00e0 la malnutrition, en particulier chez les enfants, \u00e0 une extr\u00eame pauvret\u00e9 (la grande majorit\u00e9 de la population vivant en dessous du [&hellip;]\" \/>\n<meta property=\"og:url\" content=\"https:\/\/mwc-cmm.org\/en\/prayer\/pn-march-26-kenya\/\" \/>\n<meta property=\"og:site_name\" content=\"Mennonite World Conference\" \/>\n<meta property=\"article:publisher\" content=\"https:\/\/www.facebook.com\/MennoniteWorldConference\" \/>\n<meta property=\"article:modified_time\" content=\"2026-04-21T10:44:05+00:00\" \/>\n<meta property=\"og:image\" content=\"https:\/\/mwc-cmm.org\/wp-content\/uploads\/2025\/06\/20171015LiesaUngerDSC_0321-scaled.jpg\" \/>\n\t<meta property=\"og:image:width\" content=\"2560\" \/>\n\t<meta property=\"og:image:height\" content=\"1707\" \/>\n\t<meta property=\"og:image:type\" content=\"image\/jpeg\" \/>\n<script type=\"application\/ld+json\" class=\"yoast-schema-graph\">{\"@context\":\"https:\\\/\\\/schema.org\",\"@graph\":[{\"@type\":\"WebPage\",\"@id\":\"https:\\\/\\\/mwc-cmm.org\\\/en\\\/prayer\\\/pn-march-26-kenya\\\/\",\"url\":\"https:\\\/\\\/mwc-cmm.org\\\/en\\\/prayer\\\/pn-march-26-kenya\\\/\",\"name\":\"PN-March-26-Kenya - Mennonite World Conference\",\"isPartOf\":{\"@id\":\"https:\\\/\\\/mwc-cmm.org\\\/en\\\/#website\"},\"primaryImageOfPage\":{\"@id\":\"https:\\\/\\\/mwc-cmm.org\\\/en\\\/prayer\\\/pn-march-26-kenya\\\/#primaryimage\"},\"image\":{\"@id\":\"https:\\\/\\\/mwc-cmm.org\\\/en\\\/prayer\\\/pn-march-26-kenya\\\/#primaryimage\"},\"thumbnailUrl\":\"https:\\\/\\\/mwc-cmm.org\\\/wp-content\\\/uploads\\\/2025\\\/06\\\/20171015LiesaUngerDSC_0321-scaled.jpg\",\"datePublished\":\"2026-04-21T10:42:44+00:00\",\"dateModified\":\"2026-04-21T10:44:05+00:00\",\"breadcrumb\":{\"@id\":\"https:\\\/\\\/mwc-cmm.org\\\/en\\\/prayer\\\/pn-march-26-kenya\\\/#breadcrumb\"},\"inLanguage\":\"fr-FR\",\"potentialAction\":[{\"@type\":\"ReadAction\",\"target\":[\"https:\\\/\\\/mwc-cmm.org\\\/en\\\/prayer\\\/pn-march-26-kenya\\\/\"]}]},{\"@type\":\"ImageObject\",\"inLanguage\":\"fr-FR\",\"@id\":\"https:\\\/\\\/mwc-cmm.org\\\/en\\\/prayer\\\/pn-march-26-kenya\\\/#primaryimage\",\"url\":\"https:\\\/\\\/mwc-cmm.org\\\/wp-content\\\/uploads\\\/2025\\\/06\\\/20171015LiesaUngerDSC_0321-scaled.jpg\",\"contentUrl\":\"https:\\\/\\\/mwc-cmm.org\\\/wp-content\\\/uploads\\\/2025\\\/06\\\/20171015LiesaUngerDSC_0321-scaled.jpg\",\"width\":2560,\"height\":1707},{\"@type\":\"BreadcrumbList\",\"@id\":\"https:\\\/\\\/mwc-cmm.org\\\/en\\\/prayer\\\/pn-march-26-kenya\\\/#breadcrumb\",\"itemListElement\":[{\"@type\":\"ListItem\",\"position\":1,\"name\":\"Home\",\"item\":\"https:\\\/\\\/mwc-cmm.org\\\/fr\\\/\"},{\"@type\":\"ListItem\",\"position\":2,\"name\":\"Prayers\",\"item\":\"https:\\\/\\\/mwc-cmm.org\\\/en\\\/prayer\\\/\"},{\"@type\":\"ListItem\",\"position\":3,\"name\":\"PN-March-26-Kenya\"}]},{\"@type\":\"WebSite\",\"@id\":\"https:\\\/\\\/mwc-cmm.org\\\/en\\\/#website\",\"url\":\"https:\\\/\\\/mwc-cmm.org\\\/en\\\/\",\"name\":\"Mennonite World Conference\",\"description\":\"A communion of Anabaptist-related churches\",\"publisher\":{\"@id\":\"https:\\\/\\\/mwc-cmm.org\\\/en\\\/#organization\"},\"alternateName\":\"MWC\",\"potentialAction\":[{\"@type\":\"SearchAction\",\"target\":{\"@type\":\"EntryPoint\",\"urlTemplate\":\"https:\\\/\\\/mwc-cmm.org\\\/en\\\/?s={search_term_string}\"},\"query-input\":{\"@type\":\"PropertyValueSpecification\",\"valueRequired\":true,\"valueName\":\"search_term_string\"}}],\"inLanguage\":\"fr-FR\"},{\"@type\":\"Organization\",\"@id\":\"https:\\\/\\\/mwc-cmm.org\\\/en\\\/#organization\",\"name\":\"Mennonite World Conference\",\"alternateName\":\"MWC\",\"url\":\"https:\\\/\\\/mwc-cmm.org\\\/en\\\/\",\"logo\":{\"@type\":\"ImageObject\",\"inLanguage\":\"fr-FR\",\"@id\":\"https:\\\/\\\/mwc-cmm.org\\\/en\\\/#\\\/schema\\\/logo\\\/image\\\/\",\"url\":\"https:\\\/\\\/mwc-cmm.org\\\/wp-content\\\/uploads\\\/2026\\\/01\\\/MWC_Sig_Blue_Horiz_webheader1-logo.svg\",\"contentUrl\":\"https:\\\/\\\/mwc-cmm.org\\\/wp-content\\\/uploads\\\/2026\\\/01\\\/MWC_Sig_Blue_Horiz_webheader1-logo.svg\",\"width\":786,\"height\":82,\"caption\":\"Mennonite World Conference\"},\"image\":{\"@id\":\"https:\\\/\\\/mwc-cmm.org\\\/en\\\/#\\\/schema\\\/logo\\\/image\\\/\"},\"sameAs\":[\"https:\\\/\\\/www.facebook.com\\\/MennoniteWorldConference\",\"https:\\\/\\\/www.linkedin.com\\\/company\\\/mennonite-world-conference-mwc\\\/\",\"https:\\\/\\\/www.instagram.com\\\/mwcmm\\\/\",\"https:\\\/\\\/www.youtube.com\\\/user\\\/mwccmm\",\"https:\\\/\\\/bsky.app\\\/profile\\\/mwcmm.bsky.social\"]}]}<\/script>\n<!-- \/ Yoast SEO plugin. -->","yoast_head_json":{"title":"PN-March-26-Kenya - Mennonite World Conference","robots":{"index":"index","follow":"follow","max-snippet":"max-snippet:-1","max-image-preview":"max-image-preview:large","max-video-preview":"max-video-preview:-1"},"canonical":"https:\/\/mwc-cmm.org\/en\/prayer\/pn-march-26-kenya\/","og_locale":"fr_FR","og_type":"article","og_title":"PN-March-26-Kenya - Mennonite World Conference","og_description":"Prions pour la stabilit\u00e9 et la croissance des 15\u202fnouvelles paroisses mennonites \u00e9tablies dans la r\u00e9gion d\u00e9favoris\u00e9e de Turkana, au Kenya. Cette r\u00e9gion est confront\u00e9e \u00e0 une p\u00e9nurie chronique d\u2019eau, \u00e0 l\u2019ins\u00e9curit\u00e9 alimentaire et \u00e0 la malnutrition, en particulier chez les enfants, \u00e0 une extr\u00eame pauvret\u00e9 (la grande majorit\u00e9 de la population vivant en dessous du [&hellip;]","og_url":"https:\/\/mwc-cmm.org\/en\/prayer\/pn-march-26-kenya\/","og_site_name":"Mennonite World Conference","article_publisher":"https:\/\/www.facebook.com\/MennoniteWorldConference","article_modified_time":"2026-04-21T10:44:05+00:00","og_image":[{"width":2560,"height":1707,"url":"https:\/\/mwc-cmm.org\/wp-content\/uploads\/2025\/06\/20171015LiesaUngerDSC_0321-scaled.jpg","type":"image\/jpeg"}],"schema":{"@context":"https:\/\/schema.org","@graph":[{"@type":"WebPage","@id":"https:\/\/mwc-cmm.org\/en\/prayer\/pn-march-26-kenya\/","url":"https:\/\/mwc-cmm.org\/en\/prayer\/pn-march-26-kenya\/","name":"PN-March-26-Kenya - Mennonite World Conference","isPartOf":{"@id":"https:\/\/mwc-cmm.org\/en\/#website"},"primaryImageOfPage":{"@id":"https:\/\/mwc-cmm.org\/en\/prayer\/pn-march-26-kenya\/#primaryimage"},"image":{"@id":"https:\/\/mwc-cmm.org\/en\/prayer\/pn-march-26-kenya\/#primaryimage"},"thumbnailUrl":"https:\/\/mwc-cmm.org\/wp-content\/uploads\/2025\/06\/20171015LiesaUngerDSC_0321-scaled.jpg","datePublished":"2026-04-21T10:42:44+00:00","dateModified":"2026-04-21T10:44:05+00:00","breadcrumb":{"@id":"https:\/\/mwc-cmm.org\/en\/prayer\/pn-march-26-kenya\/#breadcrumb"},"inLanguage":"fr-FR","potentialAction":[{"@type":"ReadAction","target":["https:\/\/mwc-cmm.org\/en\/prayer\/pn-march-26-kenya\/"]}]},{"@type":"ImageObject","inLanguage":"fr-FR","@id":"https:\/\/mwc-cmm.org\/en\/prayer\/pn-march-26-kenya\/#primaryimage","url":"https:\/\/mwc-cmm.org\/wp-content\/uploads\/2025\/06\/20171015LiesaUngerDSC_0321-scaled.jpg","contentUrl":"https:\/\/mwc-cmm.org\/wp-content\/uploads\/2025\/06\/20171015LiesaUngerDSC_0321-scaled.jpg","width":2560,"height":1707},{"@type":"BreadcrumbList","@id":"https:\/\/mwc-cmm.org\/en\/prayer\/pn-march-26-kenya\/#breadcrumb","itemListElement":[{"@type":"ListItem","position":1,"name":"Home","item":"https:\/\/mwc-cmm.org\/fr\/"},{"@type":"ListItem","position":2,"name":"Prayers","item":"https:\/\/mwc-cmm.org\/en\/prayer\/"},{"@type":"ListItem","position":3,"name":"PN-March-26-Kenya"}]},{"@type":"WebSite","@id":"https:\/\/mwc-cmm.org\/en\/#website","url":"https:\/\/mwc-cmm.org\/en\/","name":"Mennonite World Conference","description":"A communion of Anabaptist-related churches","publisher":{"@id":"https:\/\/mwc-cmm.org\/en\/#organization"},"alternateName":"MWC","potentialAction":[{"@type":"SearchAction","target":{"@type":"EntryPoint","urlTemplate":"https:\/\/mwc-cmm.org\/en\/?s={search_term_string}"},"query-input":{"@type":"PropertyValueSpecification","valueRequired":true,"valueName":"search_term_string"}}],"inLanguage":"fr-FR"},{"@type":"Organization","@id":"https:\/\/mwc-cmm.org\/en\/#organization","name":"Mennonite World Conference","alternateName":"MWC","url":"https:\/\/mwc-cmm.org\/en\/","logo":{"@type":"ImageObject","inLanguage":"fr-FR","@id":"https:\/\/mwc-cmm.org\/en\/#\/schema\/logo\/image\/","url":"https:\/\/mwc-cmm.org\/wp-content\/uploads\/2026\/01\/MWC_Sig_Blue_Horiz_webheader1-logo.svg","contentUrl":"https:\/\/mwc-cmm.org\/wp-content\/uploads\/2026\/01\/MWC_Sig_Blue_Horiz_webheader1-logo.svg","width":786,"height":82,"caption":"Mennonite World Conference"},"image":{"@id":"https:\/\/mwc-cmm.org\/en\/#\/schema\/logo\/image\/"},"sameAs":["https:\/\/www.facebook.com\/MennoniteWorldConference","https:\/\/www.linkedin.com\/company\/mennonite-world-conference-mwc\/","https:\/\/www.instagram.com\/mwcmm\/","https:\/\/www.youtube.com\/user\/mwccmm","https:\/\/bsky.app\/profile\/mwcmm.bsky.social"]}]}},"_links":{"self":[{"href":"https:\/\/mwc-cmm.org\/fr\/wp-json\/wp\/v2\/prayers\/127129","targetHints":{"allow":["GET"]}}],"collection":[{"href":"https:\/\/mwc-cmm.org\/fr\/wp-json\/wp\/v2\/prayers"}],"about":[{"href":"https:\/\/mwc-cmm.org\/fr\/wp-json\/wp\/v2\/types\/prayers"}],"wp:featuredmedia":[{"embeddable":true,"href":"https:\/\/mwc-cmm.org\/fr\/wp-json\/wp\/v2\/media\/115442"}],"wp:attachment":[{"href":"https:\/\/mwc-cmm.org\/fr\/wp-json\/wp\/v2\/media?parent=127129"}],"curies":[{"name":"wp","href":"https:\/\/api.w.org\/{rel}","templated":true}]}}