{"id":122544,"date":"2025-12-26T12:13:12","date_gmt":"2025-12-26T12:13:12","guid":{"rendered":"https:\/\/mwc-cmm.org\/prayer\/requete-de-priere-de-hong-kong\/"},"modified":"2025-12-26T12:37:49","modified_gmt":"2025-12-26T12:37:49","slug":"requete-de-priere-de-hong-kong","status":"publish","type":"prayers","link":"https:\/\/mwc-cmm.org\/fr\/prayer\/requete-de-priere-de-hong-kong\/","title":{"rendered":"PN-Dec-25-Hong Kong"},"content":{"rendered":"\n<p>Le 26 novembre 2025, sept des huit b\u00e2timents du complexe r\u00e9sidentiel Wang Fuk Court ont \u00e9t\u00e9 d\u00e9truits dans le pire incendie qu\u2019ait connu Hong Kong depuis 77 ans. Au moins 159 personnes ont perdu la vie et 31 personnes sont toujours port\u00e9es disparues\u202f; 79 personnes ont \u00e9t\u00e9 bless\u00e9es, dont 12 pompiers\u202f; 4\u202f200 familles ont perdu leur logement.<\/p>\n\n<p><em>Les \u00c9glises mennonites de Hong Kong collectent des dons pour soutenir les organisations humanitaires et les familles touch\u00e9es par la catastrophe. Elles organisent \u00e9galement des r\u00e9unions de pri\u00e8re et proposent des s\u00e9ances d\u2019accompagnement spirituel, tout en se pr\u00e9parant \u00e0 r\u00e9pondre aux besoins \u00e0 long terme et \u00e0 assurer le suivi.\u202f<\/em><\/p>\n\n<p>Dieu tout-puissant, nous te prions pour ceux et celles qui ont subi des blessures physiques. Nous te demandons de leur prodiguer des soins m\u00e9dicaux adapt\u00e9s et de les ramener en pleine sant\u00e9. Que ton amour infini console les c\u0153urs bris\u00e9s, les familles endeuill\u00e9es et les amis laiss\u00e9s derri\u00e8re. Nous te prions pour\u00a0qu\u2019ils re\u00e7oivent des conseils avis\u00e9s et\u00a0qu\u2019ils trouvent des compagnons pour les soutenir dans leur douleur.\u00a0<\/p>\n\n<p>P\u00e8re c\u00e9leste, nous te prions d\u2019accorder \u00e0 ton peuple la force et le courage pour servir fid\u00e8lement. Approfondis la foi, l\u2019esp\u00e9rance et l\u2019amour de tous nos fr\u00e8res et s\u0153urs afin\u00a0qu\u2019ils puissent soutenir ceux et celles qui sont dans le besoin, en manifestant l\u2019amour du Christ.<\/p>\n\n<p>Seigneur de sagesse et de mis\u00e9ricorde, nous prions pour les pompiers, les policiers, le personnel m\u00e9dical, les travailleurs sociaux et les \u00e9quipes de soutien communautaire\u202f: accorde-leur la force, le courage et les ressources n\u00e9cessaires. Nous prions pour que tu donnes sagesse et lucidit\u00e9 \u00e0 ceux et celles qui m\u00e8nent l\u2019enqu\u00eate, afin que la justice et la mis\u00e9ricorde puissent coexister.\u00a0<\/p>\n\n<p>Que la soci\u00e9t\u00e9 se renouvelle gr\u00e2ce \u00e0 des dispositifs de s\u00e9curit\u00e9 plus efficaces, ainsi\u00a0qu\u2019\u00e0 des plans de pr\u00e9vention et de restauration renforc\u00e9s.\u00a0<\/p>\n\n<p>Dans le saint nom de notre Seigneur J\u00e9sus-Christ, amen.\u00a0<\/p>\n\n<p><em>\u2014Wincy\u00a0Wan, \u00c9glise mennonite de Hong Kong<\/em><\/p>\n","protected":false},"excerpt":{"rendered":"<p>Le 26 novembre 2025, sept des huit b\u00e2timents du complexe r\u00e9sidentiel Wang Fuk Court ont \u00e9t\u00e9 d\u00e9truits dans le pire incendie qu\u2019ait connu Hong Kong depuis 77 ans. Au moins 159 personnes ont perdu la vie et 31 personnes sont toujours port\u00e9es disparues\u202f; 79 personnes ont \u00e9t\u00e9 bless\u00e9es, dont 12 pompiers\u202f; 4\u202f200 familles ont perdu [&hellip;]<\/p>\n","protected":false},"featured_media":0,"template":"","class_list":["post-122544","prayers","type-prayers","status-publish","hentry"],"acf":[],"yoast_head":"<!-- This site is optimized with the Yoast SEO plugin v27.2 - https:\/\/yoast.com\/product\/yoast-seo-wordpress\/ -->\n<title>PN-Dec-25-Hong Kong - Mennonite World Conference<\/title>\n<meta name=\"robots\" content=\"index, follow, max-snippet:-1, max-image-preview:large, max-video-preview:-1\" \/>\n<link rel=\"canonical\" href=\"https:\/\/mwc-cmm.org\/fr\/prayer\/requete-de-priere-de-hong-kong\/\" \/>\n<meta property=\"og:locale\" content=\"fr_FR\" \/>\n<meta property=\"og:type\" content=\"article\" \/>\n<meta property=\"og:title\" content=\"PN-Dec-25-Hong Kong - Mennonite World Conference\" \/>\n<meta property=\"og:description\" content=\"Le 26 novembre 2025, sept des huit b\u00e2timents du complexe r\u00e9sidentiel Wang Fuk Court ont \u00e9t\u00e9 d\u00e9truits dans le pire incendie qu\u2019ait connu Hong Kong depuis 77 ans. Au moins 159 personnes ont perdu la vie et 31 personnes sont toujours port\u00e9es disparues\u202f; 79 personnes ont \u00e9t\u00e9 bless\u00e9es, dont 12 pompiers\u202f; 4\u202f200 familles ont perdu [&hellip;]\" \/>\n<meta property=\"og:url\" content=\"https:\/\/mwc-cmm.org\/fr\/prayer\/requete-de-priere-de-hong-kong\/\" \/>\n<meta property=\"og:site_name\" content=\"Mennonite World Conference\" \/>\n<meta property=\"article:publisher\" content=\"https:\/\/www.facebook.com\/MennoniteWorldConference\" \/>\n<meta property=\"article:modified_time\" content=\"2025-12-26T12:37:49+00:00\" \/>\n<script type=\"application\/ld+json\" class=\"yoast-schema-graph\">{\"@context\":\"https:\/\/schema.org\",\"@graph\":[{\"@type\":\"WebPage\",\"@id\":\"https:\/\/mwc-cmm.org\/fr\/prayer\/requete-de-priere-de-hong-kong\/\",\"url\":\"https:\/\/mwc-cmm.org\/fr\/prayer\/requete-de-priere-de-hong-kong\/\",\"name\":\"PN-Dec-25-Hong Kong - Mennonite World Conference\",\"isPartOf\":{\"@id\":\"https:\/\/mwc-cmm.org\/en\/#website\"},\"datePublished\":\"2025-12-26T12:13:12+00:00\",\"dateModified\":\"2025-12-26T12:37:49+00:00\",\"breadcrumb\":{\"@id\":\"https:\/\/mwc-cmm.org\/fr\/prayer\/requete-de-priere-de-hong-kong\/#breadcrumb\"},\"inLanguage\":\"fr-FR\",\"potentialAction\":[{\"@type\":\"ReadAction\",\"target\":[\"https:\/\/mwc-cmm.org\/fr\/prayer\/requete-de-priere-de-hong-kong\/\"]}]},{\"@type\":\"BreadcrumbList\",\"@id\":\"https:\/\/mwc-cmm.org\/fr\/prayer\/requete-de-priere-de-hong-kong\/#breadcrumb\",\"itemListElement\":[{\"@type\":\"ListItem\",\"position\":1,\"name\":\"Home\",\"item\":\"https:\/\/mwc-cmm.org\/fr\/\"},{\"@type\":\"ListItem\",\"position\":2,\"name\":\"Prayers\",\"item\":\"https:\/\/mwc-cmm.org\/en\/prayer\/\"},{\"@type\":\"ListItem\",\"position\":3,\"name\":\"PN-Dec-25-Hong Kong\"}]},{\"@type\":\"WebSite\",\"@id\":\"https:\/\/mwc-cmm.org\/en\/#website\",\"url\":\"https:\/\/mwc-cmm.org\/en\/\",\"name\":\"Mennonite World Conference\",\"description\":\"A communion of Anabaptist-related churches\",\"publisher\":{\"@id\":\"https:\/\/mwc-cmm.org\/en\/#organization\"},\"alternateName\":\"MWC\",\"potentialAction\":[{\"@type\":\"SearchAction\",\"target\":{\"@type\":\"EntryPoint\",\"urlTemplate\":\"https:\/\/mwc-cmm.org\/en\/?s={search_term_string}\"},\"query-input\":{\"@type\":\"PropertyValueSpecification\",\"valueRequired\":true,\"valueName\":\"search_term_string\"}}],\"inLanguage\":\"fr-FR\"},{\"@type\":\"Organization\",\"@id\":\"https:\/\/mwc-cmm.org\/en\/#organization\",\"name\":\"Mennonite World Conference\",\"alternateName\":\"MWC\",\"url\":\"https:\/\/mwc-cmm.org\/en\/\",\"logo\":{\"@type\":\"ImageObject\",\"inLanguage\":\"fr-FR\",\"@id\":\"https:\/\/mwc-cmm.org\/en\/#\/schema\/logo\/image\/\",\"url\":\"https:\/\/mwc-cmm.org\/wp-content\/uploads\/2026\/01\/MWC_Sig_Blue_Horiz_webheader1-logo.svg\",\"contentUrl\":\"https:\/\/mwc-cmm.org\/wp-content\/uploads\/2026\/01\/MWC_Sig_Blue_Horiz_webheader1-logo.svg\",\"width\":786,\"height\":82,\"caption\":\"Mennonite World Conference\"},\"image\":{\"@id\":\"https:\/\/mwc-cmm.org\/en\/#\/schema\/logo\/image\/\"},\"sameAs\":[\"https:\/\/www.facebook.com\/MennoniteWorldConference\",\"https:\/\/www.linkedin.com\/company\/mennonite-world-conference-mwc\/\",\"https:\/\/www.instagram.com\/mwcmm\/\",\"https:\/\/www.youtube.com\/user\/mwccmm\",\"https:\/\/bsky.app\/profile\/mwcmm.bsky.social\"]}]}<\/script>\n<!-- \/ Yoast SEO plugin. -->","yoast_head_json":{"title":"PN-Dec-25-Hong Kong - Mennonite World Conference","robots":{"index":"index","follow":"follow","max-snippet":"max-snippet:-1","max-image-preview":"max-image-preview:large","max-video-preview":"max-video-preview:-1"},"canonical":"https:\/\/mwc-cmm.org\/fr\/prayer\/requete-de-priere-de-hong-kong\/","og_locale":"fr_FR","og_type":"article","og_title":"PN-Dec-25-Hong Kong - Mennonite World Conference","og_description":"Le 26 novembre 2025, sept des huit b\u00e2timents du complexe r\u00e9sidentiel Wang Fuk Court ont \u00e9t\u00e9 d\u00e9truits dans le pire incendie qu\u2019ait connu Hong Kong depuis 77 ans. Au moins 159 personnes ont perdu la vie et 31 personnes sont toujours port\u00e9es disparues\u202f; 79 personnes ont \u00e9t\u00e9 bless\u00e9es, dont 12 pompiers\u202f; 4\u202f200 familles ont perdu [&hellip;]","og_url":"https:\/\/mwc-cmm.org\/fr\/prayer\/requete-de-priere-de-hong-kong\/","og_site_name":"Mennonite World Conference","article_publisher":"https:\/\/www.facebook.com\/MennoniteWorldConference","article_modified_time":"2025-12-26T12:37:49+00:00","schema":{"@context":"https:\/\/schema.org","@graph":[{"@type":"WebPage","@id":"https:\/\/mwc-cmm.org\/fr\/prayer\/requete-de-priere-de-hong-kong\/","url":"https:\/\/mwc-cmm.org\/fr\/prayer\/requete-de-priere-de-hong-kong\/","name":"PN-Dec-25-Hong Kong - Mennonite World Conference","isPartOf":{"@id":"https:\/\/mwc-cmm.org\/en\/#website"},"datePublished":"2025-12-26T12:13:12+00:00","dateModified":"2025-12-26T12:37:49+00:00","breadcrumb":{"@id":"https:\/\/mwc-cmm.org\/fr\/prayer\/requete-de-priere-de-hong-kong\/#breadcrumb"},"inLanguage":"fr-FR","potentialAction":[{"@type":"ReadAction","target":["https:\/\/mwc-cmm.org\/fr\/prayer\/requete-de-priere-de-hong-kong\/"]}]},{"@type":"BreadcrumbList","@id":"https:\/\/mwc-cmm.org\/fr\/prayer\/requete-de-priere-de-hong-kong\/#breadcrumb","itemListElement":[{"@type":"ListItem","position":1,"name":"Home","item":"https:\/\/mwc-cmm.org\/fr\/"},{"@type":"ListItem","position":2,"name":"Prayers","item":"https:\/\/mwc-cmm.org\/en\/prayer\/"},{"@type":"ListItem","position":3,"name":"PN-Dec-25-Hong Kong"}]},{"@type":"WebSite","@id":"https:\/\/mwc-cmm.org\/en\/#website","url":"https:\/\/mwc-cmm.org\/en\/","name":"Mennonite World Conference","description":"A communion of Anabaptist-related churches","publisher":{"@id":"https:\/\/mwc-cmm.org\/en\/#organization"},"alternateName":"MWC","potentialAction":[{"@type":"SearchAction","target":{"@type":"EntryPoint","urlTemplate":"https:\/\/mwc-cmm.org\/en\/?s={search_term_string}"},"query-input":{"@type":"PropertyValueSpecification","valueRequired":true,"valueName":"search_term_string"}}],"inLanguage":"fr-FR"},{"@type":"Organization","@id":"https:\/\/mwc-cmm.org\/en\/#organization","name":"Mennonite World Conference","alternateName":"MWC","url":"https:\/\/mwc-cmm.org\/en\/","logo":{"@type":"ImageObject","inLanguage":"fr-FR","@id":"https:\/\/mwc-cmm.org\/en\/#\/schema\/logo\/image\/","url":"https:\/\/mwc-cmm.org\/wp-content\/uploads\/2026\/01\/MWC_Sig_Blue_Horiz_webheader1-logo.svg","contentUrl":"https:\/\/mwc-cmm.org\/wp-content\/uploads\/2026\/01\/MWC_Sig_Blue_Horiz_webheader1-logo.svg","width":786,"height":82,"caption":"Mennonite World Conference"},"image":{"@id":"https:\/\/mwc-cmm.org\/en\/#\/schema\/logo\/image\/"},"sameAs":["https:\/\/www.facebook.com\/MennoniteWorldConference","https:\/\/www.linkedin.com\/company\/mennonite-world-conference-mwc\/","https:\/\/www.instagram.com\/mwcmm\/","https:\/\/www.youtube.com\/user\/mwccmm","https:\/\/bsky.app\/profile\/mwcmm.bsky.social"]}]}},"_links":{"self":[{"href":"https:\/\/mwc-cmm.org\/fr\/wp-json\/wp\/v2\/prayers\/122544","targetHints":{"allow":["GET"]}}],"collection":[{"href":"https:\/\/mwc-cmm.org\/fr\/wp-json\/wp\/v2\/prayers"}],"about":[{"href":"https:\/\/mwc-cmm.org\/fr\/wp-json\/wp\/v2\/types\/prayers"}],"wp:attachment":[{"href":"https:\/\/mwc-cmm.org\/fr\/wp-json\/wp\/v2\/media?parent=122544"}],"curies":[{"name":"wp","href":"https:\/\/api.w.org\/{rel}","templated":true}]}}