{"id":121612,"date":"2025-12-01T15:33:27","date_gmt":"2025-12-01T15:33:27","guid":{"rendered":"https:\/\/mwc-cmm.org\/prayer\/pn-nov-25-nepal\/"},"modified":"2025-12-01T15:35:06","modified_gmt":"2025-12-01T15:35:06","slug":"pn-nov-25-nepal","status":"publish","type":"prayers","link":"https:\/\/mwc-cmm.org\/fr\/prayer\/pn-nov-25-nepal\/","title":{"rendered":"PN-Nov-25-Nepal"},"content":{"rendered":"\n<p>Priez pour que le gouvernement n\u00e9palais gouverne sans discriminer les chr\u00e9tiens. Priez pour que la communaut\u00e9 chr\u00e9tienne, en particulier les \u00e9glises BIC au N\u00e9pal, puisse servir Dieu dans leurs communaut\u00e9s sans crainte. Priez pour les ressources \u00e9conomiques au N\u00e9pal et pour les jeunes, leur avenir et leur mode de vie. <\/p>\n\n<p><em>\u2014Hanna Soren, N\u00e9pal<\/em><\/p>\n\n<p>Photo : Kris Garris<\/p>\n\n<p><\/p>\n","protected":false},"excerpt":{"rendered":"<p>Priez pour que le gouvernement n\u00e9palais gouverne sans discriminer les chr\u00e9tiens. Priez pour que la communaut\u00e9 chr\u00e9tienne, en particulier les \u00e9glises BIC au N\u00e9pal, puisse servir Dieu dans leurs communaut\u00e9s sans crainte. Priez pour les ressources \u00e9conomiques au N\u00e9pal et pour les jeunes, leur avenir et leur mode de vie. \u2014Hanna Soren, N\u00e9pal Photo : [&hellip;]<\/p>\n","protected":false},"featured_media":121599,"template":"","class_list":["post-121612","prayers","type-prayers","status-publish","has-post-thumbnail","hentry"],"acf":[],"yoast_head":"<!-- This site is optimized with the Yoast SEO plugin v27.2 - https:\/\/yoast.com\/product\/yoast-seo-wordpress\/ -->\n<title>PN-Nov-25-Nepal - Mennonite World Conference<\/title>\n<meta name=\"robots\" content=\"index, follow, max-snippet:-1, max-image-preview:large, max-video-preview:-1\" \/>\n<link rel=\"canonical\" href=\"https:\/\/mwc-cmm.org\/en\/prayer\/pn-nov-25-nepal\/\" \/>\n<meta property=\"og:locale\" content=\"fr_FR\" \/>\n<meta property=\"og:type\" content=\"article\" \/>\n<meta property=\"og:title\" content=\"PN-Nov-25-Nepal - Mennonite World Conference\" \/>\n<meta property=\"og:description\" content=\"Priez pour que le gouvernement n\u00e9palais gouverne sans discriminer les chr\u00e9tiens. Priez pour que la communaut\u00e9 chr\u00e9tienne, en particulier les \u00e9glises BIC au N\u00e9pal, puisse servir Dieu dans leurs communaut\u00e9s sans crainte. Priez pour les ressources \u00e9conomiques au N\u00e9pal et pour les jeunes, leur avenir et leur mode de vie. \u2014Hanna Soren, N\u00e9pal Photo : [&hellip;]\" \/>\n<meta property=\"og:url\" content=\"https:\/\/mwc-cmm.org\/en\/prayer\/pn-nov-25-nepal\/\" \/>\n<meta property=\"og:site_name\" content=\"Mennonite World Conference\" \/>\n<meta property=\"article:publisher\" content=\"https:\/\/www.facebook.com\/MennoniteWorldConference\" \/>\n<meta property=\"article:modified_time\" content=\"2025-12-01T15:35:06+00:00\" \/>\n<meta property=\"og:image\" content=\"https:\/\/mwc-cmm.org\/wp-content\/uploads\/2025\/12\/202211KrisGarrisIMG-20221201-WA0010.jpg\" \/>\n\t<meta property=\"og:image:width\" content=\"2048\" \/>\n\t<meta property=\"og:image:height\" content=\"1536\" \/>\n\t<meta property=\"og:image:type\" content=\"image\/jpeg\" \/>\n<script type=\"application\/ld+json\" class=\"yoast-schema-graph\">{\"@context\":\"https:\/\/schema.org\",\"@graph\":[{\"@type\":\"WebPage\",\"@id\":\"https:\/\/mwc-cmm.org\/en\/prayer\/pn-nov-25-nepal\/\",\"url\":\"https:\/\/mwc-cmm.org\/en\/prayer\/pn-nov-25-nepal\/\",\"name\":\"PN-Nov-25-Nepal - Mennonite World Conference\",\"isPartOf\":{\"@id\":\"https:\/\/mwc-cmm.org\/en\/#website\"},\"primaryImageOfPage\":{\"@id\":\"https:\/\/mwc-cmm.org\/en\/prayer\/pn-nov-25-nepal\/#primaryimage\"},\"image\":{\"@id\":\"https:\/\/mwc-cmm.org\/en\/prayer\/pn-nov-25-nepal\/#primaryimage\"},\"thumbnailUrl\":\"https:\/\/mwc-cmm.org\/wp-content\/uploads\/2025\/12\/202211KrisGarrisIMG-20221201-WA0010.jpg\",\"datePublished\":\"2025-12-01T15:33:27+00:00\",\"dateModified\":\"2025-12-01T15:35:06+00:00\",\"breadcrumb\":{\"@id\":\"https:\/\/mwc-cmm.org\/en\/prayer\/pn-nov-25-nepal\/#breadcrumb\"},\"inLanguage\":\"fr-FR\",\"potentialAction\":[{\"@type\":\"ReadAction\",\"target\":[\"https:\/\/mwc-cmm.org\/en\/prayer\/pn-nov-25-nepal\/\"]}]},{\"@type\":\"ImageObject\",\"inLanguage\":\"fr-FR\",\"@id\":\"https:\/\/mwc-cmm.org\/en\/prayer\/pn-nov-25-nepal\/#primaryimage\",\"url\":\"https:\/\/mwc-cmm.org\/wp-content\/uploads\/2025\/12\/202211KrisGarrisIMG-20221201-WA0010.jpg\",\"contentUrl\":\"https:\/\/mwc-cmm.org\/wp-content\/uploads\/2025\/12\/202211KrisGarrisIMG-20221201-WA0010.jpg\",\"width\":2048,\"height\":1536,\"caption\":\"members and leaders of Nepali church praying together\"},{\"@type\":\"BreadcrumbList\",\"@id\":\"https:\/\/mwc-cmm.org\/en\/prayer\/pn-nov-25-nepal\/#breadcrumb\",\"itemListElement\":[{\"@type\":\"ListItem\",\"position\":1,\"name\":\"Home\",\"item\":\"https:\/\/mwc-cmm.org\/fr\/\"},{\"@type\":\"ListItem\",\"position\":2,\"name\":\"Prayers\",\"item\":\"https:\/\/mwc-cmm.org\/en\/prayer\/\"},{\"@type\":\"ListItem\",\"position\":3,\"name\":\"PN-Nov-25-Nepal\"}]},{\"@type\":\"WebSite\",\"@id\":\"https:\/\/mwc-cmm.org\/en\/#website\",\"url\":\"https:\/\/mwc-cmm.org\/en\/\",\"name\":\"Mennonite World Conference\",\"description\":\"A communion of Anabaptist-related churches\",\"publisher\":{\"@id\":\"https:\/\/mwc-cmm.org\/en\/#organization\"},\"alternateName\":\"MWC\",\"potentialAction\":[{\"@type\":\"SearchAction\",\"target\":{\"@type\":\"EntryPoint\",\"urlTemplate\":\"https:\/\/mwc-cmm.org\/en\/?s={search_term_string}\"},\"query-input\":{\"@type\":\"PropertyValueSpecification\",\"valueRequired\":true,\"valueName\":\"search_term_string\"}}],\"inLanguage\":\"fr-FR\"},{\"@type\":\"Organization\",\"@id\":\"https:\/\/mwc-cmm.org\/en\/#organization\",\"name\":\"Mennonite World Conference\",\"alternateName\":\"MWC\",\"url\":\"https:\/\/mwc-cmm.org\/en\/\",\"logo\":{\"@type\":\"ImageObject\",\"inLanguage\":\"fr-FR\",\"@id\":\"https:\/\/mwc-cmm.org\/en\/#\/schema\/logo\/image\/\",\"url\":\"https:\/\/mwc-cmm.org\/wp-content\/uploads\/2026\/01\/MWC_Sig_Blue_Horiz_webheader1-logo.svg\",\"contentUrl\":\"https:\/\/mwc-cmm.org\/wp-content\/uploads\/2026\/01\/MWC_Sig_Blue_Horiz_webheader1-logo.svg\",\"width\":786,\"height\":82,\"caption\":\"Mennonite World Conference\"},\"image\":{\"@id\":\"https:\/\/mwc-cmm.org\/en\/#\/schema\/logo\/image\/\"},\"sameAs\":[\"https:\/\/www.facebook.com\/MennoniteWorldConference\",\"https:\/\/www.linkedin.com\/company\/mennonite-world-conference-mwc\/\",\"https:\/\/www.instagram.com\/mwcmm\/\",\"https:\/\/www.youtube.com\/user\/mwccmm\",\"https:\/\/bsky.app\/profile\/mwcmm.bsky.social\"]}]}<\/script>\n<!-- \/ Yoast SEO plugin. -->","yoast_head_json":{"title":"PN-Nov-25-Nepal - Mennonite World Conference","robots":{"index":"index","follow":"follow","max-snippet":"max-snippet:-1","max-image-preview":"max-image-preview:large","max-video-preview":"max-video-preview:-1"},"canonical":"https:\/\/mwc-cmm.org\/en\/prayer\/pn-nov-25-nepal\/","og_locale":"fr_FR","og_type":"article","og_title":"PN-Nov-25-Nepal - Mennonite World Conference","og_description":"Priez pour que le gouvernement n\u00e9palais gouverne sans discriminer les chr\u00e9tiens. Priez pour que la communaut\u00e9 chr\u00e9tienne, en particulier les \u00e9glises BIC au N\u00e9pal, puisse servir Dieu dans leurs communaut\u00e9s sans crainte. Priez pour les ressources \u00e9conomiques au N\u00e9pal et pour les jeunes, leur avenir et leur mode de vie. \u2014Hanna Soren, N\u00e9pal Photo : [&hellip;]","og_url":"https:\/\/mwc-cmm.org\/en\/prayer\/pn-nov-25-nepal\/","og_site_name":"Mennonite World Conference","article_publisher":"https:\/\/www.facebook.com\/MennoniteWorldConference","article_modified_time":"2025-12-01T15:35:06+00:00","og_image":[{"width":2048,"height":1536,"url":"https:\/\/mwc-cmm.org\/wp-content\/uploads\/2025\/12\/202211KrisGarrisIMG-20221201-WA0010.jpg","type":"image\/jpeg"}],"schema":{"@context":"https:\/\/schema.org","@graph":[{"@type":"WebPage","@id":"https:\/\/mwc-cmm.org\/en\/prayer\/pn-nov-25-nepal\/","url":"https:\/\/mwc-cmm.org\/en\/prayer\/pn-nov-25-nepal\/","name":"PN-Nov-25-Nepal - Mennonite World Conference","isPartOf":{"@id":"https:\/\/mwc-cmm.org\/en\/#website"},"primaryImageOfPage":{"@id":"https:\/\/mwc-cmm.org\/en\/prayer\/pn-nov-25-nepal\/#primaryimage"},"image":{"@id":"https:\/\/mwc-cmm.org\/en\/prayer\/pn-nov-25-nepal\/#primaryimage"},"thumbnailUrl":"https:\/\/mwc-cmm.org\/wp-content\/uploads\/2025\/12\/202211KrisGarrisIMG-20221201-WA0010.jpg","datePublished":"2025-12-01T15:33:27+00:00","dateModified":"2025-12-01T15:35:06+00:00","breadcrumb":{"@id":"https:\/\/mwc-cmm.org\/en\/prayer\/pn-nov-25-nepal\/#breadcrumb"},"inLanguage":"fr-FR","potentialAction":[{"@type":"ReadAction","target":["https:\/\/mwc-cmm.org\/en\/prayer\/pn-nov-25-nepal\/"]}]},{"@type":"ImageObject","inLanguage":"fr-FR","@id":"https:\/\/mwc-cmm.org\/en\/prayer\/pn-nov-25-nepal\/#primaryimage","url":"https:\/\/mwc-cmm.org\/wp-content\/uploads\/2025\/12\/202211KrisGarrisIMG-20221201-WA0010.jpg","contentUrl":"https:\/\/mwc-cmm.org\/wp-content\/uploads\/2025\/12\/202211KrisGarrisIMG-20221201-WA0010.jpg","width":2048,"height":1536,"caption":"members and leaders of Nepali church praying together"},{"@type":"BreadcrumbList","@id":"https:\/\/mwc-cmm.org\/en\/prayer\/pn-nov-25-nepal\/#breadcrumb","itemListElement":[{"@type":"ListItem","position":1,"name":"Home","item":"https:\/\/mwc-cmm.org\/fr\/"},{"@type":"ListItem","position":2,"name":"Prayers","item":"https:\/\/mwc-cmm.org\/en\/prayer\/"},{"@type":"ListItem","position":3,"name":"PN-Nov-25-Nepal"}]},{"@type":"WebSite","@id":"https:\/\/mwc-cmm.org\/en\/#website","url":"https:\/\/mwc-cmm.org\/en\/","name":"Mennonite World Conference","description":"A communion of Anabaptist-related churches","publisher":{"@id":"https:\/\/mwc-cmm.org\/en\/#organization"},"alternateName":"MWC","potentialAction":[{"@type":"SearchAction","target":{"@type":"EntryPoint","urlTemplate":"https:\/\/mwc-cmm.org\/en\/?s={search_term_string}"},"query-input":{"@type":"PropertyValueSpecification","valueRequired":true,"valueName":"search_term_string"}}],"inLanguage":"fr-FR"},{"@type":"Organization","@id":"https:\/\/mwc-cmm.org\/en\/#organization","name":"Mennonite World Conference","alternateName":"MWC","url":"https:\/\/mwc-cmm.org\/en\/","logo":{"@type":"ImageObject","inLanguage":"fr-FR","@id":"https:\/\/mwc-cmm.org\/en\/#\/schema\/logo\/image\/","url":"https:\/\/mwc-cmm.org\/wp-content\/uploads\/2026\/01\/MWC_Sig_Blue_Horiz_webheader1-logo.svg","contentUrl":"https:\/\/mwc-cmm.org\/wp-content\/uploads\/2026\/01\/MWC_Sig_Blue_Horiz_webheader1-logo.svg","width":786,"height":82,"caption":"Mennonite World Conference"},"image":{"@id":"https:\/\/mwc-cmm.org\/en\/#\/schema\/logo\/image\/"},"sameAs":["https:\/\/www.facebook.com\/MennoniteWorldConference","https:\/\/www.linkedin.com\/company\/mennonite-world-conference-mwc\/","https:\/\/www.instagram.com\/mwcmm\/","https:\/\/www.youtube.com\/user\/mwccmm","https:\/\/bsky.app\/profile\/mwcmm.bsky.social"]}]}},"_links":{"self":[{"href":"https:\/\/mwc-cmm.org\/fr\/wp-json\/wp\/v2\/prayers\/121612","targetHints":{"allow":["GET"]}}],"collection":[{"href":"https:\/\/mwc-cmm.org\/fr\/wp-json\/wp\/v2\/prayers"}],"about":[{"href":"https:\/\/mwc-cmm.org\/fr\/wp-json\/wp\/v2\/types\/prayers"}],"wp:featuredmedia":[{"embeddable":true,"href":"https:\/\/mwc-cmm.org\/fr\/wp-json\/wp\/v2\/media\/121599"}],"wp:attachment":[{"href":"https:\/\/mwc-cmm.org\/fr\/wp-json\/wp\/v2\/media?parent=121612"}],"curies":[{"name":"wp","href":"https:\/\/api.w.org\/{rel}","templated":true}]}}