{"id":5908,"date":"2020-09-24T00:00:00","date_gmt":"2020-09-24T00:00:00","guid":{"rendered":"https:\/\/mwc-cmm.org\/meet-your-creation-care-task-force-3\/"},"modified":"2025-11-25T00:34:29","modified_gmt":"2025-11-25T00:34:29","slug":"decouvrez-votre-groupe-de-travail-pour-la-protection-de-la-creation","status":"publish","type":"page","link":"https:\/\/mwc-cmm.org\/fr\/groupe-de-travail-de-la-cmm-pour-la-protection-de-la-creation\/decouvrez-votre-groupe-de-travail-pour-la-protection-de-la-creation\/","title":{"rendered":"D\u00e9couvrez votre Groupe de travail pour la Protection de la Cr\u00e9ation"},"content":{"rendered":"\n<h2 class=\"wp-block-heading\">D\u00e9couvrez votre Groupe de travail pour la Protection de la Cr\u00e9ation<\/h2>\n\n\n\n<div class=\"wp-block-columns is-layout-flex wp-container-core-columns-is-layout-28f84493 wp-block-columns-is-layout-flex\">\n<div class=\"wp-block-column is-layout-flow wp-block-column-is-layout-flow\" style=\"flex-basis:66.66%\">\n<h3 class=\"wp-block-heading\">Pr\u00e9sident&nbsp;:<\/h3>\n\n\n\n<p>Doug Graber Neufeld,<\/p>\n\n\n\n<ul class=\"wp-block-list\">\n<li>professeur de biologie \u00e0 Eastern Mennonite university, Harrisonburg, USA&nbsp;;<\/li>\n\n\n\n<li>directeur du Center for Sustainable Climate Solutions. Paroisse:<\/li>\n\n\n\n<li>Community Mennonite Church (MCUSA), Harrisonburg, Virginie, \u00c9tats-Unis.<\/li>\n<\/ul>\n<\/div>\n\n\n\n<div class=\"wp-block-column is-layout-flow wp-block-column-is-layout-flow\" style=\"flex-basis:33.33%\">\n<figure class=\"wp-block-image size-full\"><img decoding=\"async\" width=\"375\" height=\"500\" data-src=\"https:\/\/mwc-cmm.org\/wp-content\/uploads\/2024\/10\/mwc-cctf_doug_graberneufeld-crop-1.jpg\" alt=\"Doug Graber Neufeld\" class=\"wp-image-11895 lazyload\" data-srcset=\"https:\/\/mwc-cmm.org\/wp-content\/uploads\/2024\/10\/mwc-cctf_doug_graberneufeld-crop-1.jpg 375w, https:\/\/mwc-cmm.org\/wp-content\/uploads\/2024\/10\/mwc-cctf_doug_graberneufeld-crop-1-225x300.jpg 225w\" data-sizes=\"(max-width: 375px) 100vw, 375px\" src=\"data:image\/svg+xml;base64,PHN2ZyB3aWR0aD0iMSIgaGVpZ2h0PSIxIiB4bWxucz0iaHR0cDovL3d3dy53My5vcmcvMjAwMC9zdmciPjwvc3ZnPg==\" style=\"--smush-placeholder-width: 375px; --smush-placeholder-aspect-ratio: 375\/500;\" \/><\/figure>\n<\/div>\n<\/div>\n\n\n\n<div class=\"wp-block-columns is-layout-flex wp-container-core-columns-is-layout-28f84493 wp-block-columns-is-layout-flex\">\n<div class=\"wp-block-column is-layout-flow wp-block-column-is-layout-flow\" style=\"flex-basis:66.66%\">\n<h3 class=\"wp-block-heading\">Europe:<\/h3>\n\n\n\n<p>David Nussbaumer,<\/p>\n\n\n\n<ul class=\"wp-block-list\">\n<li>coordinateur compensation \u00e9cologique, CEN Alsace, France<\/li>\n\n\n\n<li>dipl\u00f4me d&rsquo;\u00e9tudes chr\u00e9tiennes, Regent College, Vancouver, Canada<\/li>\n\n\n\n<li>\u00c9glise mennonite d\u2019Altkirch, France<\/li>\n<\/ul>\n<\/div>\n\n\n\n<div class=\"wp-block-column is-layout-flow wp-block-column-is-layout-flow\" style=\"flex-basis:33.33%\">\n<figure class=\"wp-block-image size-full\"><img decoding=\"async\" width=\"1500\" height=\"1500\" data-src=\"https:\/\/mwc-cmm.org\/wp-content\/uploads\/2024\/10\/cctf_davidnussbaumer-1.jpg\" alt=\"David Nussbaumer\" class=\"wp-image-11869 lazyload\" data-srcset=\"https:\/\/mwc-cmm.org\/wp-content\/uploads\/2024\/10\/cctf_davidnussbaumer-1.jpg 1500w, https:\/\/mwc-cmm.org\/wp-content\/uploads\/2024\/10\/cctf_davidnussbaumer-1-300x300.jpg 300w, https:\/\/mwc-cmm.org\/wp-content\/uploads\/2024\/10\/cctf_davidnussbaumer-1-1024x1024.jpg 1024w, https:\/\/mwc-cmm.org\/wp-content\/uploads\/2024\/10\/cctf_davidnussbaumer-1-150x150.jpg 150w, https:\/\/mwc-cmm.org\/wp-content\/uploads\/2024\/10\/cctf_davidnussbaumer-1-768x768.jpg 768w\" data-sizes=\"(max-width: 1500px) 100vw, 1500px\" src=\"data:image\/svg+xml;base64,PHN2ZyB3aWR0aD0iMSIgaGVpZ2h0PSIxIiB4bWxucz0iaHR0cDovL3d3dy53My5vcmcvMjAwMC9zdmciPjwvc3ZnPg==\" style=\"--smush-placeholder-width: 1500px; --smush-placeholder-aspect-ratio: 1500\/1500;\" \/><\/figure>\n<\/div>\n<\/div>\n\n\n\n<div class=\"wp-block-columns is-layout-flex wp-container-core-columns-is-layout-28f84493 wp-block-columns-is-layout-flex\">\n<div class=\"wp-block-column is-layout-flow wp-block-column-is-layout-flow\" style=\"flex-basis:66.66%\">\n<h3 class=\"wp-block-heading\">Afrique:<\/h3>\n\n\n\n<p>Sibonokuhle Ncube,<\/p>\n\n\n\n<ul class=\"wp-block-list\">\n<li>coordinatrice nationale de Compassionate development service,&nbsp;\u00c9glise des Fr\u00e8res en Christ, Zimbabwe&nbsp;;<\/li>\n\n\n\n<li>candidate au Master en th\u00e9ologie, Anabaptist Mennonite Biblical Seminary, Elkhart, USA.<\/li>\n<\/ul>\n<\/div>\n\n\n\n<div class=\"wp-block-column is-layout-flow wp-block-column-is-layout-flow\" style=\"flex-basis:33.33%\">\n<figure class=\"wp-block-image size-full\"><img decoding=\"async\" width=\"1476\" height=\"1968\" data-src=\"https:\/\/mwc-cmm.org\/wp-content\/uploads\/2024\/10\/mwc-cctf-sibonokuhle-ncube-crop-1.jpg\" alt=\"Sibonokuhle Ncube\" class=\"wp-image-11947 lazyload\" data-srcset=\"https:\/\/mwc-cmm.org\/wp-content\/uploads\/2024\/10\/mwc-cctf-sibonokuhle-ncube-crop-1.jpg 1476w, https:\/\/mwc-cmm.org\/wp-content\/uploads\/2024\/10\/mwc-cctf-sibonokuhle-ncube-crop-1-225x300.jpg 225w, https:\/\/mwc-cmm.org\/wp-content\/uploads\/2024\/10\/mwc-cctf-sibonokuhle-ncube-crop-1-768x1024.jpg 768w, https:\/\/mwc-cmm.org\/wp-content\/uploads\/2024\/10\/mwc-cctf-sibonokuhle-ncube-crop-1-1152x1536.jpg 1152w\" data-sizes=\"(max-width: 1476px) 100vw, 1476px\" src=\"data:image\/svg+xml;base64,PHN2ZyB3aWR0aD0iMSIgaGVpZ2h0PSIxIiB4bWxucz0iaHR0cDovL3d3dy53My5vcmcvMjAwMC9zdmciPjwvc3ZnPg==\" style=\"--smush-placeholder-width: 1476px; --smush-placeholder-aspect-ratio: 1476\/1968;\" \/><\/figure>\n<\/div>\n<\/div>\n\n\n\n<div class=\"wp-block-columns is-layout-flex wp-container-core-columns-is-layout-28f84493 wp-block-columns-is-layout-flex\">\n<div class=\"wp-block-column is-layout-flow wp-block-column-is-layout-flow\" style=\"flex-basis:66.66%\">\n<h3 class=\"wp-block-heading\">Am\u00e9rique latine&nbsp;:<\/h3>\n\n\n\n<p>Juliana Morillo,&nbsp;<\/p>\n\n\n\n<ul class=\"wp-block-list\">\n<li>Master en d\u00e9veloppement et gestion de l\u2019environnement&nbsp;;<\/li>\n\n\n\n<li>facilitatrice pour l\u2019Am\u00e9rique latine, World Evangelical Association Creation Care Network.<\/li>\n<\/ul>\n<\/div>\n\n\n\n<div class=\"wp-block-column is-layout-flow wp-block-column-is-layout-flow\" style=\"flex-basis:33.33%\">\n<figure class=\"wp-block-image size-full\"><img decoding=\"async\" width=\"1522\" height=\"2028\" data-src=\"https:\/\/mwc-cmm.org\/wp-content\/uploads\/2024\/10\/mwc-cctf_juliana_morillo-crop-1.jpg\" alt=\"Juliana Morillo\" class=\"wp-image-11921 lazyload\" data-srcset=\"https:\/\/mwc-cmm.org\/wp-content\/uploads\/2024\/10\/mwc-cctf_juliana_morillo-crop-1.jpg 1522w, https:\/\/mwc-cmm.org\/wp-content\/uploads\/2024\/10\/mwc-cctf_juliana_morillo-crop-1-225x300.jpg 225w, https:\/\/mwc-cmm.org\/wp-content\/uploads\/2024\/10\/mwc-cctf_juliana_morillo-crop-1-769x1024.jpg 769w, https:\/\/mwc-cmm.org\/wp-content\/uploads\/2024\/10\/mwc-cctf_juliana_morillo-crop-1-768x1023.jpg 768w, https:\/\/mwc-cmm.org\/wp-content\/uploads\/2024\/10\/mwc-cctf_juliana_morillo-crop-1-1153x1536.jpg 1153w\" data-sizes=\"(max-width: 1522px) 100vw, 1522px\" src=\"data:image\/svg+xml;base64,PHN2ZyB3aWR0aD0iMSIgaGVpZ2h0PSIxIiB4bWxucz0iaHR0cDovL3d3dy53My5vcmcvMjAwMC9zdmciPjwvc3ZnPg==\" style=\"--smush-placeholder-width: 1522px; --smush-placeholder-aspect-ratio: 1522\/2028;\" \/><\/figure>\n<\/div>\n<\/div>\n\n\n\n<div class=\"wp-block-columns is-layout-flex wp-container-core-columns-is-layout-28f84493 wp-block-columns-is-layout-flex\">\n<div class=\"wp-block-column is-layout-flow wp-block-column-is-layout-flow\" style=\"flex-basis:66.66%\">\n<h3 class=\"wp-block-heading\">Asie:<\/h3>\n\n\n\n<p>Nindyo Sasongko,<\/p>\n\n\n\n<ul class=\"wp-block-list\">\n<li>candidat au doctorat en th\u00e9ologie syst\u00e9matique, Fordham University,<\/li>\n\n\n\n<li>pasteur, \u00e9glise mennonite GKMI, Indon\u00e9sie.<\/li>\n<\/ul>\n<\/div>\n\n\n\n<div class=\"wp-block-column is-layout-flow wp-block-column-is-layout-flow\" style=\"flex-basis:33.33%\">\n<figure class=\"wp-block-image size-full\"><img decoding=\"async\" width=\"537\" height=\"716\" data-src=\"https:\/\/mwc-cmm.org\/wp-content\/uploads\/2024\/10\/mwc-cctf-nindyo-sasangko-1.jpg\" alt=\"Nindyo Sasongko\" class=\"wp-image-11934 lazyload\" data-srcset=\"https:\/\/mwc-cmm.org\/wp-content\/uploads\/2024\/10\/mwc-cctf-nindyo-sasangko-1.jpg 537w, https:\/\/mwc-cmm.org\/wp-content\/uploads\/2024\/10\/mwc-cctf-nindyo-sasangko-1-225x300.jpg 225w\" data-sizes=\"(max-width: 537px) 100vw, 537px\" src=\"data:image\/svg+xml;base64,PHN2ZyB3aWR0aD0iMSIgaGVpZ2h0PSIxIiB4bWxucz0iaHR0cDovL3d3dy53My5vcmcvMjAwMC9zdmciPjwvc3ZnPg==\" style=\"--smush-placeholder-width: 537px; --smush-placeholder-aspect-ratio: 537\/716;\" \/><\/figure>\n<\/div>\n<\/div>\n\n\n\n<div class=\"wp-block-columns is-layout-flex wp-container-core-columns-is-layout-28f84493 wp-block-columns-is-layout-flex\">\n<div class=\"wp-block-column is-layout-flow wp-block-column-is-layout-flow\" style=\"flex-basis:66.66%\">\n<h3 class=\"wp-block-heading\">Am\u00e9rique du Nord&nbsp;:<\/h3>\n\n\n\n<p>Jennifer Schrock,<\/p>\n\n\n\n<ul class=\"wp-block-list\">\n<li>Master en th\u00e9ologie, Chicago Theological Seminary&nbsp;;<\/li>\n\n\n\n<li>directrice, Mennonite Creation Care Network, Goshen, USA.<\/li>\n\n\n\n<li>Paroisse:&nbsp;Berkey Avenue Mennonite Fellowship, Goshen, Indiana, USA, \u00c9tats-Unis.<\/li>\n<\/ul>\n<\/div>\n\n\n\n<div class=\"wp-block-column is-layout-flow wp-block-column-is-layout-flow\" style=\"flex-basis:33.33%\">\n<figure class=\"wp-block-image size-full\"><img decoding=\"async\" width=\"451\" height=\"601\" data-src=\"https:\/\/mwc-cmm.org\/wp-content\/uploads\/2024\/10\/mwc-cctf_jennifer_schrock-crop-1.jpeg\" alt=\"Jennifer Schrock\" class=\"wp-image-11908 lazyload\" data-srcset=\"https:\/\/mwc-cmm.org\/wp-content\/uploads\/2024\/10\/mwc-cctf_jennifer_schrock-crop-1.jpeg 451w, https:\/\/mwc-cmm.org\/wp-content\/uploads\/2024\/10\/mwc-cctf_jennifer_schrock-crop-1-225x300.jpeg 225w\" data-sizes=\"(max-width: 451px) 100vw, 451px\" src=\"data:image\/svg+xml;base64,PHN2ZyB3aWR0aD0iMSIgaGVpZ2h0PSIxIiB4bWxucz0iaHR0cDovL3d3dy53My5vcmcvMjAwMC9zdmciPjwvc3ZnPg==\" style=\"--smush-placeholder-width: 451px; --smush-placeholder-aspect-ratio: 451\/601;\" \/><\/figure>\n<\/div>\n<\/div>\n\n\n\n<div class=\"wp-block-columns is-layout-flex wp-container-core-columns-is-layout-28f84493 wp-block-columns-is-layout-flex\">\n<div class=\"wp-block-column is-layout-flow wp-block-column-is-layout-flow\" style=\"flex-basis:66.66%\">\n<h3 class=\"wp-block-heading\">MCC:<\/h3>\n\n\n\n<p>Anna Vogt,<\/p>\n\n\n\n<ul class=\"wp-block-list\">\n<li>directrice de MCC Ottawa,<\/li>\n\n\n\n<li>anciennement participante du programme SEED du MCC et collaboratrice de Justapaz en Colombie.<\/li>\n<\/ul>\n<\/div>\n\n\n\n<div class=\"wp-block-column is-layout-flow wp-block-column-is-layout-flow\" style=\"flex-basis:33.33%\">\n<figure class=\"wp-block-image size-full\"><img decoding=\"async\" width=\"1095\" height=\"1458\" data-src=\"https:\/\/mwc-cmm.org\/wp-content\/uploads\/2024\/10\/mwc-cctf_anna_vogt-crop-1.jpg\" alt=\"Anna Vogt\" class=\"wp-image-11882 lazyload\" data-srcset=\"https:\/\/mwc-cmm.org\/wp-content\/uploads\/2024\/10\/mwc-cctf_anna_vogt-crop-1.jpg 1095w, https:\/\/mwc-cmm.org\/wp-content\/uploads\/2024\/10\/mwc-cctf_anna_vogt-crop-1-225x300.jpg 225w, https:\/\/mwc-cmm.org\/wp-content\/uploads\/2024\/10\/mwc-cctf_anna_vogt-crop-1-769x1024.jpg 769w, https:\/\/mwc-cmm.org\/wp-content\/uploads\/2024\/10\/mwc-cctf_anna_vogt-crop-1-768x1023.jpg 768w\" data-sizes=\"(max-width: 1095px) 100vw, 1095px\" src=\"data:image\/svg+xml;base64,PHN2ZyB3aWR0aD0iMSIgaGVpZ2h0PSIxIiB4bWxucz0iaHR0cDovL3d3dy53My5vcmcvMjAwMC9zdmciPjwvc3ZnPg==\" style=\"--smush-placeholder-width: 1095px; --smush-placeholder-aspect-ratio: 1095\/1458;\" \/><\/figure>\n<\/div>\n<\/div>\n","protected":false},"excerpt":{"rendered":"<p>D\u00e9couvrez votre Groupe de travail pour la Protection de la Cr\u00e9ation Pr\u00e9sident&nbsp;: Doug Graber Neufeld, Europe: David Nussbaumer, Afrique: Sibonokuhle Ncube, Am\u00e9rique latine&nbsp;: Juliana Morillo,&nbsp; Asie: Nindyo Sasongko, Am\u00e9rique du Nord&nbsp;: Jennifer Schrock, MCC: Anna Vogt,<\/p>\n","protected":false},"author":1,"featured_media":0,"parent":11480,"menu_order":0,"comment_status":"closed","ping_status":"closed","template":"","meta":{"_acf_changed":false,"footnotes":""},"class_list":["post-5908","page","type-page","status-publish","hentry"],"acf":[],"yoast_head":"<!-- This site is optimized with the Yoast SEO plugin v27.5 - https:\/\/yoast.com\/product\/yoast-seo-wordpress\/ -->\n<title>D\u00e9couvrez votre Groupe de travail pour la Protection de la Cr\u00e9ation - Mennonite World Conference<\/title>\n<meta name=\"robots\" content=\"index, follow, max-snippet:-1, max-image-preview:large, max-video-preview:-1\" \/>\n<link rel=\"canonical\" href=\"https:\/\/mwc-cmm.org\/fr\/groupe-de-travail-de-la-cmm-pour-la-protection-de-la-creation\/decouvrez-votre-groupe-de-travail-pour-la-protection-de-la-creation\/\" \/>\n<meta property=\"og:locale\" content=\"fr_FR\" \/>\n<meta property=\"og:type\" content=\"article\" \/>\n<meta property=\"og:title\" content=\"D\u00e9couvrez votre Groupe de travail pour la Protection de la Cr\u00e9ation - Mennonite World Conference\" \/>\n<meta property=\"og:description\" content=\"D\u00e9couvrez votre Groupe de travail pour la Protection de la Cr\u00e9ation Pr\u00e9sident&nbsp;: Doug Graber Neufeld, Europe: David Nussbaumer, Afrique: Sibonokuhle Ncube, Am\u00e9rique latine&nbsp;: Juliana Morillo,&nbsp; Asie: Nindyo Sasongko, Am\u00e9rique du Nord&nbsp;: Jennifer Schrock, MCC: Anna Vogt,\" \/>\n<meta property=\"og:url\" content=\"https:\/\/mwc-cmm.org\/fr\/groupe-de-travail-de-la-cmm-pour-la-protection-de-la-creation\/decouvrez-votre-groupe-de-travail-pour-la-protection-de-la-creation\/\" \/>\n<meta property=\"og:site_name\" content=\"Mennonite World Conference\" \/>\n<meta property=\"article:publisher\" content=\"https:\/\/www.facebook.com\/MennoniteWorldConference\" \/>\n<meta property=\"article:modified_time\" content=\"2025-11-25T00:34:29+00:00\" \/>\n<meta property=\"og:image\" content=\"https:\/\/mwc-cmm.org\/wp-content\/uploads\/2024\/10\/mwc-cctf_doug_graberneufeld-crop-1.jpg\" \/>\n\t<meta property=\"og:image:width\" content=\"375\" \/>\n\t<meta property=\"og:image:height\" content=\"500\" \/>\n\t<meta property=\"og:image:type\" content=\"image\/jpeg\" \/>\n<script type=\"application\/ld+json\" class=\"yoast-schema-graph\">{\"@context\":\"https:\\\/\\\/schema.org\",\"@graph\":[{\"@type\":\"WebPage\",\"@id\":\"https:\\\/\\\/mwc-cmm.org\\\/fr\\\/groupe-de-travail-de-la-cmm-pour-la-protection-de-la-creation\\\/decouvrez-votre-groupe-de-travail-pour-la-protection-de-la-creation\\\/\",\"url\":\"https:\\\/\\\/mwc-cmm.org\\\/fr\\\/groupe-de-travail-de-la-cmm-pour-la-protection-de-la-creation\\\/decouvrez-votre-groupe-de-travail-pour-la-protection-de-la-creation\\\/\",\"name\":\"D\u00e9couvrez votre Groupe de travail pour la Protection de la Cr\u00e9ation - Mennonite World Conference\",\"isPartOf\":{\"@id\":\"https:\\\/\\\/mwc-cmm.org\\\/en\\\/#website\"},\"primaryImageOfPage\":{\"@id\":\"https:\\\/\\\/mwc-cmm.org\\\/fr\\\/groupe-de-travail-de-la-cmm-pour-la-protection-de-la-creation\\\/decouvrez-votre-groupe-de-travail-pour-la-protection-de-la-creation\\\/#primaryimage\"},\"image\":{\"@id\":\"https:\\\/\\\/mwc-cmm.org\\\/fr\\\/groupe-de-travail-de-la-cmm-pour-la-protection-de-la-creation\\\/decouvrez-votre-groupe-de-travail-pour-la-protection-de-la-creation\\\/#primaryimage\"},\"thumbnailUrl\":\"https:\\\/\\\/mwc-cmm.org\\\/wp-content\\\/uploads\\\/2024\\\/10\\\/mwc-cctf_doug_graberneufeld-crop-1.jpg\",\"datePublished\":\"2020-09-24T00:00:00+00:00\",\"dateModified\":\"2025-11-25T00:34:29+00:00\",\"breadcrumb\":{\"@id\":\"https:\\\/\\\/mwc-cmm.org\\\/fr\\\/groupe-de-travail-de-la-cmm-pour-la-protection-de-la-creation\\\/decouvrez-votre-groupe-de-travail-pour-la-protection-de-la-creation\\\/#breadcrumb\"},\"inLanguage\":\"fr-FR\",\"potentialAction\":[{\"@type\":\"ReadAction\",\"target\":[\"https:\\\/\\\/mwc-cmm.org\\\/fr\\\/groupe-de-travail-de-la-cmm-pour-la-protection-de-la-creation\\\/decouvrez-votre-groupe-de-travail-pour-la-protection-de-la-creation\\\/\"]}]},{\"@type\":\"ImageObject\",\"inLanguage\":\"fr-FR\",\"@id\":\"https:\\\/\\\/mwc-cmm.org\\\/fr\\\/groupe-de-travail-de-la-cmm-pour-la-protection-de-la-creation\\\/decouvrez-votre-groupe-de-travail-pour-la-protection-de-la-creation\\\/#primaryimage\",\"url\":\"https:\\\/\\\/mwc-cmm.org\\\/wp-content\\\/uploads\\\/2024\\\/10\\\/mwc-cctf_doug_graberneufeld-crop-1.jpg\",\"contentUrl\":\"https:\\\/\\\/mwc-cmm.org\\\/wp-content\\\/uploads\\\/2024\\\/10\\\/mwc-cctf_doug_graberneufeld-crop-1.jpg\"},{\"@type\":\"BreadcrumbList\",\"@id\":\"https:\\\/\\\/mwc-cmm.org\\\/fr\\\/groupe-de-travail-de-la-cmm-pour-la-protection-de-la-creation\\\/decouvrez-votre-groupe-de-travail-pour-la-protection-de-la-creation\\\/#breadcrumb\",\"itemListElement\":[{\"@type\":\"ListItem\",\"position\":1,\"name\":\"Home\",\"item\":\"https:\\\/\\\/mwc-cmm.org\\\/fr\\\/\"},{\"@type\":\"ListItem\",\"position\":2,\"name\":\"Groupe de travail de la CMM pour la protection de la cr\u00e9ation\",\"item\":\"https:\\\/\\\/mwc-cmm.org\\\/fr\\\/groupe-de-travail-de-la-cmm-pour-la-protection-de-la-creation\\\/\"},{\"@type\":\"ListItem\",\"position\":3,\"name\":\"D\u00e9couvrez votre Groupe de travail pour la Protection de la Cr\u00e9ation\"}]},{\"@type\":\"WebSite\",\"@id\":\"https:\\\/\\\/mwc-cmm.org\\\/en\\\/#website\",\"url\":\"https:\\\/\\\/mwc-cmm.org\\\/en\\\/\",\"name\":\"Mennonite World Conference\",\"description\":\"A communion of Anabaptist-related churches\",\"publisher\":{\"@id\":\"https:\\\/\\\/mwc-cmm.org\\\/en\\\/#organization\"},\"alternateName\":\"MWC\",\"potentialAction\":[{\"@type\":\"SearchAction\",\"target\":{\"@type\":\"EntryPoint\",\"urlTemplate\":\"https:\\\/\\\/mwc-cmm.org\\\/en\\\/?s={search_term_string}\"},\"query-input\":{\"@type\":\"PropertyValueSpecification\",\"valueRequired\":true,\"valueName\":\"search_term_string\"}}],\"inLanguage\":\"fr-FR\"},{\"@type\":\"Organization\",\"@id\":\"https:\\\/\\\/mwc-cmm.org\\\/en\\\/#organization\",\"name\":\"Mennonite World Conference\",\"alternateName\":\"MWC\",\"url\":\"https:\\\/\\\/mwc-cmm.org\\\/en\\\/\",\"logo\":{\"@type\":\"ImageObject\",\"inLanguage\":\"fr-FR\",\"@id\":\"https:\\\/\\\/mwc-cmm.org\\\/en\\\/#\\\/schema\\\/logo\\\/image\\\/\",\"url\":\"https:\\\/\\\/mwc-cmm.org\\\/wp-content\\\/uploads\\\/2026\\\/01\\\/MWC_Sig_Blue_Horiz_webheader1-logo.svg\",\"contentUrl\":\"https:\\\/\\\/mwc-cmm.org\\\/wp-content\\\/uploads\\\/2026\\\/01\\\/MWC_Sig_Blue_Horiz_webheader1-logo.svg\",\"width\":786,\"height\":82,\"caption\":\"Mennonite World Conference\"},\"image\":{\"@id\":\"https:\\\/\\\/mwc-cmm.org\\\/en\\\/#\\\/schema\\\/logo\\\/image\\\/\"},\"sameAs\":[\"https:\\\/\\\/www.facebook.com\\\/MennoniteWorldConference\",\"https:\\\/\\\/www.linkedin.com\\\/company\\\/mennonite-world-conference-mwc\\\/\",\"https:\\\/\\\/www.instagram.com\\\/mwcmm\\\/\",\"https:\\\/\\\/www.youtube.com\\\/user\\\/mwccmm\",\"https:\\\/\\\/bsky.app\\\/profile\\\/mwcmm.bsky.social\"]}]}<\/script>\n<!-- \/ Yoast SEO plugin. -->","yoast_head_json":{"title":"D\u00e9couvrez votre Groupe de travail pour la Protection de la Cr\u00e9ation - Mennonite World Conference","robots":{"index":"index","follow":"follow","max-snippet":"max-snippet:-1","max-image-preview":"max-image-preview:large","max-video-preview":"max-video-preview:-1"},"canonical":"https:\/\/mwc-cmm.org\/fr\/groupe-de-travail-de-la-cmm-pour-la-protection-de-la-creation\/decouvrez-votre-groupe-de-travail-pour-la-protection-de-la-creation\/","og_locale":"fr_FR","og_type":"article","og_title":"D\u00e9couvrez votre Groupe de travail pour la Protection de la Cr\u00e9ation - Mennonite World Conference","og_description":"D\u00e9couvrez votre Groupe de travail pour la Protection de la Cr\u00e9ation Pr\u00e9sident&nbsp;: Doug Graber Neufeld, Europe: David Nussbaumer, Afrique: Sibonokuhle Ncube, Am\u00e9rique latine&nbsp;: Juliana Morillo,&nbsp; Asie: Nindyo Sasongko, Am\u00e9rique du Nord&nbsp;: Jennifer Schrock, MCC: Anna Vogt,","og_url":"https:\/\/mwc-cmm.org\/fr\/groupe-de-travail-de-la-cmm-pour-la-protection-de-la-creation\/decouvrez-votre-groupe-de-travail-pour-la-protection-de-la-creation\/","og_site_name":"Mennonite World Conference","article_publisher":"https:\/\/www.facebook.com\/MennoniteWorldConference","article_modified_time":"2025-11-25T00:34:29+00:00","og_image":[{"width":375,"height":500,"url":"https:\/\/mwc-cmm.org\/wp-content\/uploads\/2024\/10\/mwc-cctf_doug_graberneufeld-crop-1.jpg","type":"image\/jpeg"}],"schema":{"@context":"https:\/\/schema.org","@graph":[{"@type":"WebPage","@id":"https:\/\/mwc-cmm.org\/fr\/groupe-de-travail-de-la-cmm-pour-la-protection-de-la-creation\/decouvrez-votre-groupe-de-travail-pour-la-protection-de-la-creation\/","url":"https:\/\/mwc-cmm.org\/fr\/groupe-de-travail-de-la-cmm-pour-la-protection-de-la-creation\/decouvrez-votre-groupe-de-travail-pour-la-protection-de-la-creation\/","name":"D\u00e9couvrez votre Groupe de travail pour la Protection de la Cr\u00e9ation - Mennonite World Conference","isPartOf":{"@id":"https:\/\/mwc-cmm.org\/en\/#website"},"primaryImageOfPage":{"@id":"https:\/\/mwc-cmm.org\/fr\/groupe-de-travail-de-la-cmm-pour-la-protection-de-la-creation\/decouvrez-votre-groupe-de-travail-pour-la-protection-de-la-creation\/#primaryimage"},"image":{"@id":"https:\/\/mwc-cmm.org\/fr\/groupe-de-travail-de-la-cmm-pour-la-protection-de-la-creation\/decouvrez-votre-groupe-de-travail-pour-la-protection-de-la-creation\/#primaryimage"},"thumbnailUrl":"https:\/\/mwc-cmm.org\/wp-content\/uploads\/2024\/10\/mwc-cctf_doug_graberneufeld-crop-1.jpg","datePublished":"2020-09-24T00:00:00+00:00","dateModified":"2025-11-25T00:34:29+00:00","breadcrumb":{"@id":"https:\/\/mwc-cmm.org\/fr\/groupe-de-travail-de-la-cmm-pour-la-protection-de-la-creation\/decouvrez-votre-groupe-de-travail-pour-la-protection-de-la-creation\/#breadcrumb"},"inLanguage":"fr-FR","potentialAction":[{"@type":"ReadAction","target":["https:\/\/mwc-cmm.org\/fr\/groupe-de-travail-de-la-cmm-pour-la-protection-de-la-creation\/decouvrez-votre-groupe-de-travail-pour-la-protection-de-la-creation\/"]}]},{"@type":"ImageObject","inLanguage":"fr-FR","@id":"https:\/\/mwc-cmm.org\/fr\/groupe-de-travail-de-la-cmm-pour-la-protection-de-la-creation\/decouvrez-votre-groupe-de-travail-pour-la-protection-de-la-creation\/#primaryimage","url":"https:\/\/mwc-cmm.org\/wp-content\/uploads\/2024\/10\/mwc-cctf_doug_graberneufeld-crop-1.jpg","contentUrl":"https:\/\/mwc-cmm.org\/wp-content\/uploads\/2024\/10\/mwc-cctf_doug_graberneufeld-crop-1.jpg"},{"@type":"BreadcrumbList","@id":"https:\/\/mwc-cmm.org\/fr\/groupe-de-travail-de-la-cmm-pour-la-protection-de-la-creation\/decouvrez-votre-groupe-de-travail-pour-la-protection-de-la-creation\/#breadcrumb","itemListElement":[{"@type":"ListItem","position":1,"name":"Home","item":"https:\/\/mwc-cmm.org\/fr\/"},{"@type":"ListItem","position":2,"name":"Groupe de travail de la CMM pour la protection de la cr\u00e9ation","item":"https:\/\/mwc-cmm.org\/fr\/groupe-de-travail-de-la-cmm-pour-la-protection-de-la-creation\/"},{"@type":"ListItem","position":3,"name":"D\u00e9couvrez votre Groupe de travail pour la Protection de la Cr\u00e9ation"}]},{"@type":"WebSite","@id":"https:\/\/mwc-cmm.org\/en\/#website","url":"https:\/\/mwc-cmm.org\/en\/","name":"Mennonite World Conference","description":"A communion of Anabaptist-related churches","publisher":{"@id":"https:\/\/mwc-cmm.org\/en\/#organization"},"alternateName":"MWC","potentialAction":[{"@type":"SearchAction","target":{"@type":"EntryPoint","urlTemplate":"https:\/\/mwc-cmm.org\/en\/?s={search_term_string}"},"query-input":{"@type":"PropertyValueSpecification","valueRequired":true,"valueName":"search_term_string"}}],"inLanguage":"fr-FR"},{"@type":"Organization","@id":"https:\/\/mwc-cmm.org\/en\/#organization","name":"Mennonite World Conference","alternateName":"MWC","url":"https:\/\/mwc-cmm.org\/en\/","logo":{"@type":"ImageObject","inLanguage":"fr-FR","@id":"https:\/\/mwc-cmm.org\/en\/#\/schema\/logo\/image\/","url":"https:\/\/mwc-cmm.org\/wp-content\/uploads\/2026\/01\/MWC_Sig_Blue_Horiz_webheader1-logo.svg","contentUrl":"https:\/\/mwc-cmm.org\/wp-content\/uploads\/2026\/01\/MWC_Sig_Blue_Horiz_webheader1-logo.svg","width":786,"height":82,"caption":"Mennonite World Conference"},"image":{"@id":"https:\/\/mwc-cmm.org\/en\/#\/schema\/logo\/image\/"},"sameAs":["https:\/\/www.facebook.com\/MennoniteWorldConference","https:\/\/www.linkedin.com\/company\/mennonite-world-conference-mwc\/","https:\/\/www.instagram.com\/mwcmm\/","https:\/\/www.youtube.com\/user\/mwccmm","https:\/\/bsky.app\/profile\/mwcmm.bsky.social"]}]}},"_links":{"self":[{"href":"https:\/\/mwc-cmm.org\/fr\/wp-json\/wp\/v2\/pages\/5908","targetHints":{"allow":["GET"]}}],"collection":[{"href":"https:\/\/mwc-cmm.org\/fr\/wp-json\/wp\/v2\/pages"}],"about":[{"href":"https:\/\/mwc-cmm.org\/fr\/wp-json\/wp\/v2\/types\/page"}],"author":[{"embeddable":true,"href":"https:\/\/mwc-cmm.org\/fr\/wp-json\/wp\/v2\/users\/1"}],"replies":[{"embeddable":true,"href":"https:\/\/mwc-cmm.org\/fr\/wp-json\/wp\/v2\/comments?post=5908"}],"version-history":[{"count":0,"href":"https:\/\/mwc-cmm.org\/fr\/wp-json\/wp\/v2\/pages\/5908\/revisions"}],"up":[{"embeddable":true,"href":"https:\/\/mwc-cmm.org\/fr\/wp-json\/wp\/v2\/pages\/11480"}],"wp:attachment":[{"href":"https:\/\/mwc-cmm.org\/fr\/wp-json\/wp\/v2\/media?parent=5908"}],"curies":[{"name":"wp","href":"https:\/\/api.w.org\/{rel}","templated":true}]}}