{"id":5873,"date":"2019-07-29T00:00:00","date_gmt":"2019-07-29T00:00:00","guid":{"rendered":"https:\/\/mwc-cmm.org\/pa-2015-3\/"},"modified":"2026-04-28T23:16:53","modified_gmt":"2026-04-28T23:16:53","slug":"pa-2015-fr","status":"publish","type":"page","link":"https:\/\/mwc-cmm.org\/fr\/assemblee-reunie\/pa-2015-fr\/","title":{"rendered":"Pennsylvania 2015"},"content":{"rendered":"\n<p><img decoding=\"async\" style=\"--smush-image-width: 417px; --smush-image-aspect-ratio: 417\/125;width: 417px; height: 125px; float: right;\" data-src=\"https:\/\/mwc-cmm.org\/wp-content\/uploads\/2024\/10\/logo_pa_2015.jpg\" alt=\"\" width=\"417\" class=\"smush-dimensions lazyload\" src=\"data:image\/svg+xml;base64,PHN2ZyB3aWR0aD0iMSIgaGVpZ2h0PSIxIiB4bWxucz0iaHR0cDovL3d3dy53My5vcmcvMjAwMC9zdmciPjwvc3ZnPg==\">Les rassemblements de la CMM sont des r\u00e9unions de la famille anabaptiste-mennonite mondiale qui ont lieu tous les six ans.<\/p>\n\n\n\n<p>La 16e eu lieu le du 21 au 26 juillet 2015 \u00e0 Harrisburg en Pennsylvanie.&nbsp;L&rsquo;Assembl\u00e9e s&rsquo;est tenue en un seul endroit. L&rsquo;assembl\u00e9e dispers\u00e9e a eu lieu en divers endroits.<\/p>\n\n\n\n<p>Le prochain&nbsp;Sommet Mondial de la Jeunesse (pour 18 ans et plus) a eu lieu du 17 au 19 Juillet&nbsp;2015 au Messiah College \u00e0 Mechanicsburg, en Pennsylvanie, \u00c9.-U.A.<\/p>\n\n\n\n<p>Ci-dessous, vous trouverez divers documents du rassemblement mondial 2015 de la Conf\u00e9rence Mennonite Mondiale:<\/p>\n\n\n\n<ul class=\"wp-block-list\">\n<li><a href=\"https:\/\/mwc-cmm.org\/fr\/resources\/actes-assemblee-16\/\" target=\"_blank\" rel=\"noreferrer noopener\">Actes<\/a><\/li>\n\n\n\n<li><a href=\"https:\/\/mwc-cmm.org\/fr\/resources\/rassemblement-16-programme\/\" type=\"link\" id=\"https:\/\/mwc-cmm.org\/fr\/resources\/rassemblement-16-programme\/\">A 16 Programme<\/a><\/li>\n\n\n\n<li><a href=\"https:\/\/mwc-cmm.org\/fr\/node\/3961\">A 16 Ateliers<\/a><\/li>\n<\/ul>\n\n\n\n<figure class=\"wp-block-image\"><img decoding=\"async\" data-src=\"https:\/\/mwc-cmm.org\/wp-content\/uploads\/2024\/10\/suvsite.jpg\" alt=\"\" width=\"2000\" class=\"smush-dimensions lazyload\" style=\"--smush-image-width: 2000px; --smush-image-aspect-ratio: 2000\/600;\" src=\"data:image\/svg+xml;base64,PHN2ZyB3aWR0aD0iMSIgaGVpZ2h0PSIxIiB4bWxucz0iaHR0cDovL3d3dy53My5vcmcvMjAwMC9zdmciPjwvc3ZnPg==\" \/><\/figure>\n\n\n\n<h2 class=\"wp-block-heading\">Histoires<\/h2>\n\n\n\n<div class=\"wp-block-query is-layout-flow wp-block-query-is-layout-flow\"><ul class=\"wp-block-post-template is-layout-flow wp-block-post-template-is-layout-flow\"><li class=\"wp-block-post post-9785 post type-post status-publish format-standard has-post-thumbnail hentry category-non-classifiee tag-assemblee-2 tag-pa2015 network-courier-fr\">\n\n<div class=\"wp-block-columns are-vertically-aligned-center is-layout-flex wp-container-core-columns-is-layout-28f84493 wp-block-columns-is-layout-flex\">\n<div class=\"wp-block-column is-vertically-aligned-center is-layout-flow wp-block-column-is-layout-flow\" style=\"flex-basis:25%\"><figure class=\"wp-block-post-featured-image\"><a href=\"https:\/\/mwc-cmm.org\/fr\/stories\/what-i-found-at-pa-2015-and-will-take-home-with-me-4\/\" target=\"_self\"  ><img decoding=\"async\" width=\"1200\" height=\"800\" data-src=\"https:\/\/mwc-cmm.org\/wp-content\/uploads\/2024\/11\/20150723_heiki_martin_0278.jpg\" class=\"attachment-post-thumbnail size-post-thumbnail wp-post-image lazyload\" alt=\"PA 2015 : ce que je ram\u00e8ne chez moi\" style=\"--smush-placeholder-width: 1200px; --smush-placeholder-aspect-ratio: 1200\/800;object-fit:cover;\" data-srcset=\"https:\/\/mwc-cmm.org\/wp-content\/uploads\/2024\/11\/20150723_heiki_martin_0278.jpg 1200w, https:\/\/mwc-cmm.org\/wp-content\/uploads\/2024\/11\/20150723_heiki_martin_0278-300x200.jpg 300w, https:\/\/mwc-cmm.org\/wp-content\/uploads\/2024\/11\/20150723_heiki_martin_0278-1024x683.jpg 1024w, https:\/\/mwc-cmm.org\/wp-content\/uploads\/2024\/11\/20150723_heiki_martin_0278-768x512.jpg 768w\" data-sizes=\"(max-width: 1200px) 100vw, 1200px\" src=\"data:image\/svg+xml;base64,PHN2ZyB3aWR0aD0iMSIgaGVpZ2h0PSIxIiB4bWxucz0iaHR0cDovL3d3dy53My5vcmcvMjAwMC9zdmciPjwvc3ZnPg==\" \/><\/a><\/figure><\/div>\n\n\n\n<div class=\"wp-block-column is-vertically-aligned-center is-layout-flow wp-block-column-is-layout-flow\" style=\"flex-basis:75%\"><h3 class=\"wp-block-post-title\"><a href=\"https:\/\/mwc-cmm.org\/fr\/stories\/what-i-found-at-pa-2015-and-will-take-home-with-me-4\/\" target=\"_self\" >PA 2015 : ce que je ram\u00e8ne chez moi<\/a><\/h3>\n\n<div class=\"wp-block-post-excerpt\"><p class=\"wp-block-post-excerpt__excerpt\">NULL<\/p><p class=\"wp-block-post-excerpt__more-text\"><a class=\"wp-block-post-excerpt__more-link\" href=\"https:\/\/mwc-cmm.org\/fr\/stories\/what-i-found-at-pa-2015-and-will-take-home-with-me-4\/\">Lire la suite<\/a><\/p><\/div><\/div>\n<\/div>\n\n<\/li><li class=\"wp-block-post post-9769 post type-post status-publish format-standard has-post-thumbnail hentry category-non-classifiee tag-assemblee-2 tag-pa2015 eventcategory-assembly-fr\">\n\n<div class=\"wp-block-columns are-vertically-aligned-center is-layout-flex wp-container-core-columns-is-layout-28f84493 wp-block-columns-is-layout-flex\">\n<div class=\"wp-block-column is-vertically-aligned-center is-layout-flow wp-block-column-is-layout-flow\" style=\"flex-basis:25%\"><figure class=\"wp-block-post-featured-image\"><a href=\"https:\/\/mwc-cmm.org\/fr\/stories\/morning-sermons-pa-2015-4\/\" target=\"_self\"  ><img decoding=\"async\" width=\"1200\" height=\"489\" data-src=\"https:\/\/mwc-cmm.org\/wp-content\/uploads\/2024\/11\/allms.jpg\" class=\"attachment-post-thumbnail size-post-thumbnail wp-post-image lazyload\" alt=\"Pr\u00e9sentation du matin &#8211; PA 2015\" style=\"--smush-placeholder-width: 1200px; --smush-placeholder-aspect-ratio: 1200\/489;object-fit:cover;\" data-srcset=\"https:\/\/mwc-cmm.org\/wp-content\/uploads\/2024\/11\/allms.jpg 1200w, https:\/\/mwc-cmm.org\/wp-content\/uploads\/2024\/11\/allms-300x122.jpg 300w, https:\/\/mwc-cmm.org\/wp-content\/uploads\/2024\/11\/allms-1024x417.jpg 1024w, https:\/\/mwc-cmm.org\/wp-content\/uploads\/2024\/11\/allms-768x313.jpg 768w\" data-sizes=\"(max-width: 1200px) 100vw, 1200px\" src=\"data:image\/svg+xml;base64,PHN2ZyB3aWR0aD0iMSIgaGVpZ2h0PSIxIiB4bWxucz0iaHR0cDovL3d3dy53My5vcmcvMjAwMC9zdmciPjwvc3ZnPg==\" \/><\/a><\/figure><\/div>\n\n\n\n<div class=\"wp-block-column is-vertically-aligned-center is-layout-flow wp-block-column-is-layout-flow\" style=\"flex-basis:75%\"><h3 class=\"wp-block-post-title\"><a href=\"https:\/\/mwc-cmm.org\/fr\/stories\/morning-sermons-pa-2015-4\/\" target=\"_self\" >Pr\u00e9sentation du matin &#8211; PA 2015<\/a><\/h3>\n\n<div class=\"wp-block-post-excerpt\"><p class=\"wp-block-post-excerpt__excerpt\">Pr\u00e9sentation du matin &#8211; PA 2015 Dieu marche avec nous\u00a0 (\u00a0Rebecca Osiro, Kenya et Tom Yoder Neufeld, Canada ) Le doute d\u00e9pend du contexte. L\u2019expression, jakol kudho (celui qui enl\u00e8ve les \u00e9pines) a \u00e9t\u00e9 form\u00e9e avec kiawa pour souligner le positif, ainsi que pour gommer les aspects n\u00e9gatifs du doute. Jakol kudho s\u2019applique litt\u00e9ralement \u00e0<\/p><p class=\"wp-block-post-excerpt__more-text\"><a class=\"wp-block-post-excerpt__more-link\" href=\"https:\/\/mwc-cmm.org\/fr\/stories\/morning-sermons-pa-2015-4\/\">Lire la suite<\/a><\/p><\/div><\/div>\n<\/div>\n\n<\/li><li class=\"wp-block-post post-9759 post type-post status-publish format-standard has-post-thumbnail hentry category-non-classifiee tag-assemblee-2 tag-cesar-garcia-fr tag-pa2015 network-courier-fr\">\n\n<div class=\"wp-block-columns are-vertically-aligned-center is-layout-flex wp-container-core-columns-is-layout-28f84493 wp-block-columns-is-layout-flex\">\n<div class=\"wp-block-column is-vertically-aligned-center is-layout-flow wp-block-column-is-layout-flow\" style=\"flex-basis:25%\"><figure class=\"wp-block-post-featured-image\"><a href=\"https:\/\/mwc-cmm.org\/fr\/stories\/evening-sermons-from-pa-2015-4\/\" target=\"_self\"  ><img decoding=\"async\" width=\"1200\" height=\"591\" data-src=\"https:\/\/mwc-cmm.org\/wp-content\/uploads\/2024\/11\/feautres_1.jpg\" class=\"attachment-post-thumbnail size-post-thumbnail wp-post-image lazyload\" alt=\"Pr\u00e9dications soir\u00e9es &#8211; PA 2015\" style=\"--smush-placeholder-width: 1200px; --smush-placeholder-aspect-ratio: 1200\/591;object-fit:cover;\" data-srcset=\"https:\/\/mwc-cmm.org\/wp-content\/uploads\/2024\/11\/feautres_1.jpg 1200w, https:\/\/mwc-cmm.org\/wp-content\/uploads\/2024\/11\/feautres_1-300x148.jpg 300w, https:\/\/mwc-cmm.org\/wp-content\/uploads\/2024\/11\/feautres_1-1024x504.jpg 1024w, https:\/\/mwc-cmm.org\/wp-content\/uploads\/2024\/11\/feautres_1-768x378.jpg 768w\" data-sizes=\"(max-width: 1200px) 100vw, 1200px\" src=\"data:image\/svg+xml;base64,PHN2ZyB3aWR0aD0iMSIgaGVpZ2h0PSIxIiB4bWxucz0iaHR0cDovL3d3dy53My5vcmcvMjAwMC9zdmciPjwvc3ZnPg==\" \/><\/a><\/figure><\/div>\n\n\n\n<div class=\"wp-block-column is-vertically-aligned-center is-layout-flow wp-block-column-is-layout-flow\" style=\"flex-basis:75%\"><h3 class=\"wp-block-post-title\"><a href=\"https:\/\/mwc-cmm.org\/fr\/stories\/evening-sermons-from-pa-2015-4\/\" target=\"_self\" >Pr\u00e9dications soir\u00e9es &#8211; PA 2015<\/a><\/h3>\n\n<div class=\"wp-block-post-excerpt\"><p class=\"wp-block-post-excerpt__excerpt\">Lire les textes complets des predications de PA 2015 de C\u00e9sar Garc\u00eda, Yukari Kaga, Nzuzi Mukwa, Wieteke van der Molen et Bruxy Cavey. Ces textes peuvent aussi servir de resources pour vous aider \u00e0 pr\u00e9parer le Dimanche de la Fraternit\u00e9 Mondiale dans votre \u00e9glise. Pr\u00e9dications soir\u00e9es &#8211; PA 2015 En marche avec Dieu\u00a0 (C\u00e9sar Garc\u00eda,<\/p><p class=\"wp-block-post-excerpt__more-text\"><a class=\"wp-block-post-excerpt__more-link\" href=\"https:\/\/mwc-cmm.org\/fr\/stories\/evening-sermons-from-pa-2015-4\/\">Lire la suite<\/a><\/p><\/div><\/div>\n<\/div>\n\n<\/li><li class=\"wp-block-post post-9758 post type-post status-publish format-standard has-post-thumbnail hentry category-non-classifiee tag-assemblee-2 tag-pa2015 network-courier-fr eventcategory-assembly\">\n\n<div class=\"wp-block-columns are-vertically-aligned-center is-layout-flex wp-container-core-columns-is-layout-28f84493 wp-block-columns-is-layout-flex\">\n<div class=\"wp-block-column is-vertically-aligned-center is-layout-flow wp-block-column-is-layout-flow\" style=\"flex-basis:25%\"><figure class=\"wp-block-post-featured-image\"><a href=\"https:\/\/mwc-cmm.org\/fr\/stories\/en-marche-en-recevant-et-en-donnant\/\" target=\"_self\"  ><img decoding=\"async\" width=\"1200\" height=\"689\" data-src=\"https:\/\/mwc-cmm.org\/wp-content\/uploads\/2024\/11\/feature_5edited_edited-1.jpg\" class=\"attachment-post-thumbnail size-post-thumbnail wp-post-image lazyload\" alt=\"En marche en recevant et en donnant\" style=\"--smush-placeholder-width: 1200px; --smush-placeholder-aspect-ratio: 1200\/689;object-fit:cover;\" data-srcset=\"https:\/\/mwc-cmm.org\/wp-content\/uploads\/2024\/11\/feature_5edited_edited-1.jpg 1200w, https:\/\/mwc-cmm.org\/wp-content\/uploads\/2024\/11\/feature_5edited_edited-1-300x172.jpg 300w, https:\/\/mwc-cmm.org\/wp-content\/uploads\/2024\/11\/feature_5edited_edited-1-1024x588.jpg 1024w, https:\/\/mwc-cmm.org\/wp-content\/uploads\/2024\/11\/feature_5edited_edited-1-768x441.jpg 768w\" data-sizes=\"(max-width: 1200px) 100vw, 1200px\" src=\"data:image\/svg+xml;base64,PHN2ZyB3aWR0aD0iMSIgaGVpZ2h0PSIxIiB4bWxucz0iaHR0cDovL3d3dy53My5vcmcvMjAwMC9zdmciPjwvc3ZnPg==\" \/><\/a><\/figure><\/div>\n\n\n\n<div class=\"wp-block-column is-vertically-aligned-center is-layout-flow wp-block-column-is-layout-flow\" style=\"flex-basis:75%\"><h3 class=\"wp-block-post-title\"><a href=\"https:\/\/mwc-cmm.org\/fr\/stories\/en-marche-en-recevant-et-en-donnant\/\" target=\"_self\" >En marche en recevant et en donnant<\/a><\/h3>\n\n<div class=\"wp-block-post-excerpt\"><p class=\"wp-block-post-excerpt__excerpt\">L\u2019orateur de la pl\u00e9ni\u00e8re de l\u2019Assembl\u00e9e 2015, Bruxy Cavey, a d\u00e9missionn\u00e9 le 3 mars 2022 de The Meeting House, Oakville, Ontario, Canada, une \u00e9glise membre de Be In Christ Church of Canada, \u00e9glise membre de la CMM. Le conseil d\u2019administration de la congr\u00e9gation a demand\u00e9 sa d\u00e9mission apr\u00e8s qu\u2019une enqu\u00eate men\u00e9e par une tierce partie\u2026<\/p><p class=\"wp-block-post-excerpt__more-text\"><a class=\"wp-block-post-excerpt__more-link\" href=\"https:\/\/mwc-cmm.org\/fr\/stories\/en-marche-en-recevant-et-en-donnant\/\">Lire la suite<\/a><\/p><\/div><\/div>\n<\/div>\n\n<\/li><li class=\"wp-block-post post-9756 post type-post status-publish format-standard has-post-thumbnail hentry category-non-classifiee tag-assemblee-2 tag-pa2015 network-courier-fr eventcategory-assembly\">\n\n<div class=\"wp-block-columns are-vertically-aligned-center is-layout-flex wp-container-core-columns-is-layout-28f84493 wp-block-columns-is-layout-flex\">\n<div class=\"wp-block-column is-vertically-aligned-center is-layout-flow wp-block-column-is-layout-flow\" style=\"flex-basis:25%\"><figure class=\"wp-block-post-featured-image\"><a href=\"https:\/\/mwc-cmm.org\/fr\/stories\/en-marche-avec-conflits-vers-reconciliation\/\" target=\"_self\"  ><img decoding=\"async\" width=\"1200\" height=\"740\" data-src=\"https:\/\/mwc-cmm.org\/wp-content\/uploads\/2024\/11\/edited_feature_3_edited-3.jpg\" class=\"attachment-post-thumbnail size-post-thumbnail wp-post-image lazyload\" alt=\"En marche avec des conflits et vers la r\u00e9conciliation\" style=\"--smush-placeholder-width: 1200px; --smush-placeholder-aspect-ratio: 1200\/740;object-fit:cover;\" data-srcset=\"https:\/\/mwc-cmm.org\/wp-content\/uploads\/2024\/11\/edited_feature_3_edited-3.jpg 1200w, https:\/\/mwc-cmm.org\/wp-content\/uploads\/2024\/11\/edited_feature_3_edited-3-300x185.jpg 300w, https:\/\/mwc-cmm.org\/wp-content\/uploads\/2024\/11\/edited_feature_3_edited-3-1024x631.jpg 1024w, https:\/\/mwc-cmm.org\/wp-content\/uploads\/2024\/11\/edited_feature_3_edited-3-768x474.jpg 768w\" data-sizes=\"(max-width: 1200px) 100vw, 1200px\" src=\"data:image\/svg+xml;base64,PHN2ZyB3aWR0aD0iMSIgaGVpZ2h0PSIxIiB4bWxucz0iaHR0cDovL3d3dy53My5vcmcvMjAwMC9zdmciPjwvc3ZnPg==\" \/><\/a><\/figure><\/div>\n\n\n\n<div class=\"wp-block-column is-vertically-aligned-center is-layout-flow wp-block-column-is-layout-flow\" style=\"flex-basis:75%\"><h3 class=\"wp-block-post-title\"><a href=\"https:\/\/mwc-cmm.org\/fr\/stories\/en-marche-avec-conflits-vers-reconciliation\/\" target=\"_self\" >En marche avec des conflits et vers la r\u00e9conciliation<\/a><\/h3>\n\n<div class=\"wp-block-post-excerpt\"><p class=\"wp-block-post-excerpt__excerpt\">Malgr\u00e9 l\u2019apparence de paix qu\u2019il offre, notre monde est domin\u00e9 par les conflits. Comment aujourd\u2019hui, l\u2019\u00c9glise en g\u00e9n\u00e9ral, et les chr\u00e9tiens en particulier, peuvent-ils marcher vers la r\u00e9conciliation\u00a0dans ce monde conflictuel ? Nous est-il possible de promouvoir la r\u00e9conciliation dans un monde o\u00f9 le conflit gagne toujours du terrain\u00a0?<\/p><p class=\"wp-block-post-excerpt__more-text\"><a class=\"wp-block-post-excerpt__more-link\" href=\"https:\/\/mwc-cmm.org\/fr\/stories\/en-marche-avec-conflits-vers-reconciliation\/\">Lire la suite<\/a><\/p><\/div><\/div>\n<\/div>\n\n<\/li><li class=\"wp-block-post post-9752 post type-post status-publish format-standard has-post-thumbnail hentry category-non-classifiee tag-assemblee-2 tag-cesar-garcia-fr tag-pa2015 network-courier-fr eventcategory-assembly\">\n\n<div class=\"wp-block-columns are-vertically-aligned-center is-layout-flex wp-container-core-columns-is-layout-28f84493 wp-block-columns-is-layout-flex\">\n<div class=\"wp-block-column is-vertically-aligned-center is-layout-flow wp-block-column-is-layout-flow\" style=\"flex-basis:25%\"><figure class=\"wp-block-post-featured-image\"><a href=\"https:\/\/mwc-cmm.org\/fr\/stories\/en-marche-avec-dieu\/\" target=\"_self\"  ><img decoding=\"async\" width=\"1200\" height=\"800\" data-src=\"https:\/\/mwc-cmm.org\/wp-content\/uploads\/2024\/11\/20150721_jonathoncharles_0470.jpg\" class=\"attachment-post-thumbnail size-post-thumbnail wp-post-image lazyload\" alt=\"En marche avec Dieu\" style=\"--smush-placeholder-width: 1200px; --smush-placeholder-aspect-ratio: 1200\/800;object-fit:cover;\" data-srcset=\"https:\/\/mwc-cmm.org\/wp-content\/uploads\/2024\/11\/20150721_jonathoncharles_0470.jpg 1200w, https:\/\/mwc-cmm.org\/wp-content\/uploads\/2024\/11\/20150721_jonathoncharles_0470-300x200.jpg 300w, https:\/\/mwc-cmm.org\/wp-content\/uploads\/2024\/11\/20150721_jonathoncharles_0470-1024x683.jpg 1024w, https:\/\/mwc-cmm.org\/wp-content\/uploads\/2024\/11\/20150721_jonathoncharles_0470-768x512.jpg 768w\" data-sizes=\"(max-width: 1200px) 100vw, 1200px\" src=\"data:image\/svg+xml;base64,PHN2ZyB3aWR0aD0iMSIgaGVpZ2h0PSIxIiB4bWxucz0iaHR0cDovL3d3dy53My5vcmcvMjAwMC9zdmciPjwvc3ZnPg==\" \/><\/a><\/figure><\/div>\n\n\n\n<div class=\"wp-block-column is-vertically-aligned-center is-layout-flow wp-block-column-is-layout-flow\" style=\"flex-basis:75%\"><h3 class=\"wp-block-post-title\"><a href=\"https:\/\/mwc-cmm.org\/fr\/stories\/en-marche-avec-dieu\/\" target=\"_self\" >En marche avec Dieu<\/a><\/h3>\n\n<div class=\"wp-block-post-excerpt\"><p class=\"wp-block-post-excerpt__excerpt\">J\u2019avais 17 ans quand un capitaine de l&rsquo;arm\u00e9e m&rsquo;a demand\u00e9 \u00ab&nbsp;Que feriez-vous si notre bataillon \u00e9tait attaqu\u00e9 cette nuit&nbsp;? Que feriez-vous si quelqu&rsquo;un venait et vous tirait dessus&nbsp;?&nbsp;\u00bb \u00ab&nbsp;Je prierais&nbsp;\u00bb ai-je r\u00e9pondu. Alors, j\u2019ai senti une vive douleur \u00e0 la t\u00eate. Le capitaine m&rsquo;avait frapp\u00e9 avec un instrument en fibre de verre utilis\u00e9 pour jouer<\/p><p class=\"wp-block-post-excerpt__more-text\"><a class=\"wp-block-post-excerpt__more-link\" href=\"https:\/\/mwc-cmm.org\/fr\/stories\/en-marche-avec-dieu\/\">Lire la suite<\/a><\/p><\/div><\/div>\n<\/div>\n\n<\/li><li class=\"wp-block-post post-9755 post type-post status-publish format-standard has-post-thumbnail hentry category-non-classifiee tag-asie-et-pacifique tag-assemblee-2 tag-cesar-garcia-fr tag-courier-fr tag-pa-2015-fr tag-pa2015 network-courier-fr\">\n\n<div class=\"wp-block-columns are-vertically-aligned-center is-layout-flex wp-container-core-columns-is-layout-28f84493 wp-block-columns-is-layout-flex\">\n<div class=\"wp-block-column is-vertically-aligned-center is-layout-flow wp-block-column-is-layout-flow\" style=\"flex-basis:25%\"><figure class=\"wp-block-post-featured-image\"><a href=\"https:\/\/mwc-cmm.org\/fr\/stories\/en-marche-avec-doubtes-convictions\/\" target=\"_self\"  ><img decoding=\"async\" width=\"1200\" height=\"713\" data-src=\"https:\/\/mwc-cmm.org\/wp-content\/uploads\/2024\/11\/20150722_jonathoncharles_1635_editd_edited-2.jpg\" class=\"attachment-post-thumbnail size-post-thumbnail wp-post-image lazyload\" alt=\"En marche avec des doutes et des convictions\" style=\"--smush-placeholder-width: 1200px; --smush-placeholder-aspect-ratio: 1200\/713;object-fit:cover;\" data-srcset=\"https:\/\/mwc-cmm.org\/wp-content\/uploads\/2024\/11\/20150722_jonathoncharles_1635_editd_edited-2.jpg 1200w, https:\/\/mwc-cmm.org\/wp-content\/uploads\/2024\/11\/20150722_jonathoncharles_1635_editd_edited-2-300x178.jpg 300w, https:\/\/mwc-cmm.org\/wp-content\/uploads\/2024\/11\/20150722_jonathoncharles_1635_editd_edited-2-1024x608.jpg 1024w, https:\/\/mwc-cmm.org\/wp-content\/uploads\/2024\/11\/20150722_jonathoncharles_1635_editd_edited-2-768x456.jpg 768w\" data-sizes=\"(max-width: 1200px) 100vw, 1200px\" src=\"data:image\/svg+xml;base64,PHN2ZyB3aWR0aD0iMSIgaGVpZ2h0PSIxIiB4bWxucz0iaHR0cDovL3d3dy53My5vcmcvMjAwMC9zdmciPjwvc3ZnPg==\" \/><\/a><\/figure><\/div>\n\n\n\n<div class=\"wp-block-column is-vertically-aligned-center is-layout-flow wp-block-column-is-layout-flow\" style=\"flex-basis:75%\"><h3 class=\"wp-block-post-title\"><a href=\"https:\/\/mwc-cmm.org\/fr\/stories\/en-marche-avec-doubtes-convictions\/\" target=\"_self\" >En marche avec des doutes et des convictions<\/a><\/h3>\n\n<div class=\"wp-block-post-excerpt\"><p class=\"wp-block-post-excerpt__excerpt\">La compassion du Saint-Esprit&nbsp;: \u2018d\u00e9froisser nos c\u0153urs frip\u00e9s\u2019&nbsp;? \u2018B\u00e9ni soit le Dieu et P\u00e8re de notre Seigneur J\u00e9sus-Christ\u2019 (1 Pierre 1.3). Pierre commence cette lettre par des louanges, en c\u00e9l\u00e9brant la Gloire de Dieu. Ces louanges sont une expression d\u2019adoration. Ces mots sont tr\u00e8s souvent utilis\u00e9s comme doxologie pour b\u00e9nir Dieu, en particulier dans les<\/p><p class=\"wp-block-post-excerpt__more-text\"><a class=\"wp-block-post-excerpt__more-link\" href=\"https:\/\/mwc-cmm.org\/fr\/stories\/en-marche-avec-doubtes-convictions\/\">Lire la suite<\/a><\/p><\/div><\/div>\n<\/div>\n\n<\/li><li class=\"wp-block-post post-9776 post type-post status-publish format-standard has-post-thumbnail hentry category-non-classifiee tag-assemblee-2 tag-pa2015 network-courier-fr\">\n\n<div class=\"wp-block-columns are-vertically-aligned-center is-layout-flex wp-container-core-columns-is-layout-28f84493 wp-block-columns-is-layout-flex\">\n<div class=\"wp-block-column is-vertically-aligned-center is-layout-flow wp-block-column-is-layout-flow\" style=\"flex-basis:25%\"><figure class=\"wp-block-post-featured-image\"><a href=\"https:\/\/mwc-cmm.org\/fr\/stories\/pa-2015-en-chiffres\/\" target=\"_self\"  ><img decoding=\"async\" width=\"1700\" height=\"1100\" data-src=\"https:\/\/mwc-cmm.org\/wp-content\/uploads\/2016\/02\/image.png\" class=\"attachment-post-thumbnail size-post-thumbnail wp-post-image lazyload\" alt=\"PA 2015 en chiffres\" style=\"--smush-placeholder-width: 1700px; --smush-placeholder-aspect-ratio: 1700\/1100;object-fit:cover;\" data-srcset=\"https:\/\/mwc-cmm.org\/wp-content\/uploads\/2016\/02\/image.png 1700w, https:\/\/mwc-cmm.org\/wp-content\/uploads\/2016\/02\/image-300x194.png 300w, https:\/\/mwc-cmm.org\/wp-content\/uploads\/2016\/02\/image-1024x663.png 1024w, https:\/\/mwc-cmm.org\/wp-content\/uploads\/2016\/02\/image-768x497.png 768w, https:\/\/mwc-cmm.org\/wp-content\/uploads\/2016\/02\/image-1536x994.png 1536w\" data-sizes=\"(max-width: 1700px) 100vw, 1700px\" src=\"data:image\/svg+xml;base64,PHN2ZyB3aWR0aD0iMSIgaGVpZ2h0PSIxIiB4bWxucz0iaHR0cDovL3d3dy53My5vcmcvMjAwMC9zdmciPjwvc3ZnPg==\" \/><\/a><\/figure><\/div>\n\n\n\n<div class=\"wp-block-column is-vertically-aligned-center is-layout-flow wp-block-column-is-layout-flow\" style=\"flex-basis:75%\"><h3 class=\"wp-block-post-title\"><a href=\"https:\/\/mwc-cmm.org\/fr\/stories\/pa-2015-en-chiffres\/\" target=\"_self\" >PA 2015 en chiffres<\/a><\/h3>\n\n<div class=\"wp-block-post-excerpt\"><p class=\"wp-block-post-excerpt__excerpt\">Une nouvelle affiche publi\u00e9e par la CMM montre les derni\u00e8res statistiques sur PA 2015. Il y a plusieurs faits int\u00e9ressants, notamment : 75 pourcent des demandes de visa ont \u00e9t\u00e9 accept\u00e9es et 4,25 tonnes de d\u00e9chets ont \u00e9t\u00e9 compost\u00e9es.<\/p><p class=\"wp-block-post-excerpt__more-text\"><a class=\"wp-block-post-excerpt__more-link\" href=\"https:\/\/mwc-cmm.org\/fr\/stories\/pa-2015-en-chiffres\/\">Lire la suite<\/a><\/p><\/div><\/div>\n<\/div>\n\n<\/li><li class=\"wp-block-post post-9751 post type-post status-publish format-standard has-post-thumbnail hentry category-non-classifiee tag-assemblee-2 tag-pa2015 eventcategory-assembly-fr\">\n\n<div class=\"wp-block-columns are-vertically-aligned-center is-layout-flex wp-container-core-columns-is-layout-28f84493 wp-block-columns-is-layout-flex\">\n<div class=\"wp-block-column is-vertically-aligned-center is-layout-flow wp-block-column-is-layout-flow\" style=\"flex-basis:25%\"><figure class=\"wp-block-post-featured-image\"><a href=\"https:\/\/mwc-cmm.org\/fr\/stories\/the-gift-of-conversations-at-assembly-pa-2015-4\/\" target=\"_self\"  ><img decoding=\"async\" width=\"800\" height=\"533\" data-src=\"https:\/\/mwc-cmm.org\/wp-content\/uploads\/2024\/11\/lendrum_testimony-20150722_heike-martin_0343.jpg\" class=\"attachment-post-thumbnail size-post-thumbnail wp-post-image lazyload\" alt=\"Le don des conversations au Rassemblement PA 2015\" style=\"--smush-placeholder-width: 800px; --smush-placeholder-aspect-ratio: 800\/533;object-fit:cover;\" data-srcset=\"https:\/\/mwc-cmm.org\/wp-content\/uploads\/2024\/11\/lendrum_testimony-20150722_heike-martin_0343.jpg 800w, https:\/\/mwc-cmm.org\/wp-content\/uploads\/2024\/11\/lendrum_testimony-20150722_heike-martin_0343-300x200.jpg 300w, https:\/\/mwc-cmm.org\/wp-content\/uploads\/2024\/11\/lendrum_testimony-20150722_heike-martin_0343-768x512.jpg 768w\" data-sizes=\"(max-width: 800px) 100vw, 800px\" src=\"data:image\/svg+xml;base64,PHN2ZyB3aWR0aD0iMSIgaGVpZ2h0PSIxIiB4bWxucz0iaHR0cDovL3d3dy53My5vcmcvMjAwMC9zdmciPjwvc3ZnPg==\" \/><\/a><\/figure><\/div>\n\n\n\n<div class=\"wp-block-column is-vertically-aligned-center is-layout-flow wp-block-column-is-layout-flow\" style=\"flex-basis:75%\"><h3 class=\"wp-block-post-title\"><a href=\"https:\/\/mwc-cmm.org\/fr\/stories\/the-gift-of-conversations-at-assembly-pa-2015-4\/\" target=\"_self\" >Le don des conversations au Rassemblement PA 2015<\/a><\/h3>\n\n<div class=\"wp-block-post-excerpt\"><p class=\"wp-block-post-excerpt__excerpt\">NULL<\/p><p class=\"wp-block-post-excerpt__more-text\"><a class=\"wp-block-post-excerpt__more-link\" href=\"https:\/\/mwc-cmm.org\/fr\/stories\/the-gift-of-conversations-at-assembly-pa-2015-4\/\">Lire la suite<\/a><\/p><\/div><\/div>\n<\/div>\n\n<\/li><li class=\"wp-block-post post-9747 post type-post status-publish format-standard has-post-thumbnail hentry tag-assemblee-2 tag-pa2015 tag-soin-de-la-creation eventcategory-assembly-fr\">\n\n<div class=\"wp-block-columns are-vertically-aligned-center is-layout-flex wp-container-core-columns-is-layout-28f84493 wp-block-columns-is-layout-flex\">\n<div class=\"wp-block-column is-vertically-aligned-center is-layout-flow wp-block-column-is-layout-flow\" style=\"flex-basis:25%\"><figure class=\"wp-block-post-featured-image\"><a href=\"https:\/\/mwc-cmm.org\/fr\/stories\/a-deeper-shade-of-green-waste-reduction-measures-at-pa-2015-4\/\" target=\"_self\"  ><img decoding=\"async\" width=\"2560\" height=\"2359\" data-src=\"https:\/\/mwc-cmm.org\/wp-content\/uploads\/2024\/11\/edited_composing_photo_edited-1-scaled.jpg\" class=\"attachment-post-thumbnail size-post-thumbnail wp-post-image lazyload\" alt=\"Une teinte plus fonc\u00e9e de vert : mesures de r\u00e9duction des d\u00e9chets \u00e0 PA 2015\" style=\"--smush-placeholder-width: 2560px; --smush-placeholder-aspect-ratio: 2560\/2359;object-fit:cover;\" data-srcset=\"https:\/\/mwc-cmm.org\/wp-content\/uploads\/2024\/11\/edited_composing_photo_edited-1-scaled.jpg 2560w, https:\/\/mwc-cmm.org\/wp-content\/uploads\/2024\/11\/edited_composing_photo_edited-1-300x276.jpg 300w, https:\/\/mwc-cmm.org\/wp-content\/uploads\/2024\/11\/edited_composing_photo_edited-1-1024x943.jpg 1024w, https:\/\/mwc-cmm.org\/wp-content\/uploads\/2024\/11\/edited_composing_photo_edited-1-768x708.jpg 768w, https:\/\/mwc-cmm.org\/wp-content\/uploads\/2024\/11\/edited_composing_photo_edited-1-1536x1415.jpg 1536w, https:\/\/mwc-cmm.org\/wp-content\/uploads\/2024\/11\/edited_composing_photo_edited-1-2048x1887.jpg 2048w\" data-sizes=\"(max-width: 2560px) 100vw, 2560px\" src=\"data:image\/svg+xml;base64,PHN2ZyB3aWR0aD0iMSIgaGVpZ2h0PSIxIiB4bWxucz0iaHR0cDovL3d3dy53My5vcmcvMjAwMC9zdmciPjwvc3ZnPg==\" \/><\/a><\/figure><\/div>\n\n\n\n<div class=\"wp-block-column is-vertically-aligned-center is-layout-flow wp-block-column-is-layout-flow\" style=\"flex-basis:75%\"><h3 class=\"wp-block-post-title\"><a href=\"https:\/\/mwc-cmm.org\/fr\/stories\/a-deeper-shade-of-green-waste-reduction-measures-at-pa-2015-4\/\" target=\"_self\" >Une teinte plus fonc\u00e9e de vert : mesures de r\u00e9duction des d\u00e9chets \u00e0 PA 2015<\/a><\/h3>\n\n<div class=\"wp-block-post-excerpt\"><p class=\"wp-block-post-excerpt__excerpt\">NULL<\/p><p class=\"wp-block-post-excerpt__more-text\"><a class=\"wp-block-post-excerpt__more-link\" href=\"https:\/\/mwc-cmm.org\/fr\/stories\/a-deeper-shade-of-green-waste-reduction-measures-at-pa-2015-4\/\">Lire la suite<\/a><\/p><\/div><\/div>\n<\/div>\n\n<\/li><li class=\"wp-block-post post-9757 post type-post status-publish format-standard has-post-thumbnail hentry category-non-classifiee tag-assemblee-2 tag-pa2015 network-courier-fr eventcategory-assembly\">\n\n<div class=\"wp-block-columns are-vertically-aligned-center is-layout-flex wp-container-core-columns-is-layout-28f84493 wp-block-columns-is-layout-flex\">\n<div class=\"wp-block-column is-vertically-aligned-center is-layout-flow wp-block-column-is-layout-flow\" style=\"flex-basis:25%\"><figure class=\"wp-block-post-featured-image\"><a href=\"https:\/\/mwc-cmm.org\/fr\/stories\/en-marche-avec-autonomie-communaut\/\" target=\"_self\"  ><img decoding=\"async\" width=\"1200\" height=\"690\" data-src=\"https:\/\/mwc-cmm.org\/wp-content\/uploads\/2024\/11\/feature_4_edited.jpg\" class=\"attachment-post-thumbnail size-post-thumbnail wp-post-image lazyload\" alt=\"En marche avec autonomie et en communaut\" style=\"--smush-placeholder-width: 1200px; --smush-placeholder-aspect-ratio: 1200\/690;object-fit:cover;\" data-srcset=\"https:\/\/mwc-cmm.org\/wp-content\/uploads\/2024\/11\/feature_4_edited.jpg 1200w, https:\/\/mwc-cmm.org\/wp-content\/uploads\/2024\/11\/feature_4_edited-300x173.jpg 300w, https:\/\/mwc-cmm.org\/wp-content\/uploads\/2024\/11\/feature_4_edited-1024x589.jpg 1024w, https:\/\/mwc-cmm.org\/wp-content\/uploads\/2024\/11\/feature_4_edited-768x442.jpg 768w\" data-sizes=\"(max-width: 1200px) 100vw, 1200px\" src=\"data:image\/svg+xml;base64,PHN2ZyB3aWR0aD0iMSIgaGVpZ2h0PSIxIiB4bWxucz0iaHR0cDovL3d3dy53My5vcmcvMjAwMC9zdmciPjwvc3ZnPg==\" \/><\/a><\/figure><\/div>\n\n\n\n<div class=\"wp-block-column is-vertically-aligned-center is-layout-flow wp-block-column-is-layout-flow\" style=\"flex-basis:75%\"><h3 class=\"wp-block-post-title\"><a href=\"https:\/\/mwc-cmm.org\/fr\/stories\/en-marche-avec-autonomie-communaut\/\" target=\"_self\" >En marche avec autonomie et en communaut<\/a><\/h3>\n\n<div class=\"wp-block-post-excerpt\"><p class=\"wp-block-post-excerpt__excerpt\">Dans la communaut\u00e9, nous ne pouvons \u00eatre seul. L&rsquo;int\u00e9r\u00eat du groupe entre en conflit avec celui de l&rsquo;individu. Et cela provoque des frictions, des souffrances et des frustrations. Mais il n\u2019y a pas d&rsquo;autre voie. \u00catre humain, c\u2019est faire partie d&rsquo;une communaut\u00e9. Nous ne pouvons pas survivre par nous-m\u00eames.<\/p><p class=\"wp-block-post-excerpt__more-text\"><a class=\"wp-block-post-excerpt__more-link\" href=\"https:\/\/mwc-cmm.org\/fr\/stories\/en-marche-avec-autonomie-communaut\/\">Lire la suite<\/a><\/p><\/div><\/div>\n<\/div>\n\n<\/li><li class=\"wp-block-post post-125525 post type-post status-publish format-standard has-post-thumbnail hentry category-non-classifiee category-tomigrate tag-assemblee-2 tag-assemblee tag-carlos-martinez-garcia tag-joanne-dietzel tag-pa2015 tag-pa2015-assembly-experiences tag-prayer-fr tag-tomigrate eventcategory-assembly\">\n\n<div class=\"wp-block-columns are-vertically-aligned-center is-layout-flex wp-container-core-columns-is-layout-28f84493 wp-block-columns-is-layout-flex\">\n<div class=\"wp-block-column is-vertically-aligned-center is-layout-flow wp-block-column-is-layout-flow\" style=\"flex-basis:25%\"><figure class=\"wp-block-post-featured-image\"><a href=\"https:\/\/mwc-cmm.org\/fr\/stories\/constant-prayer-in-pennsylvania-2015\/\" target=\"_self\"  ><img decoding=\"async\" width=\"2560\" height=\"1707\" data-src=\"https:\/\/mwc-cmm.org\/wp-content\/uploads\/2015\/09\/07232015_Jonathan-Charles_0406-scaled.jpg\" class=\"attachment-post-thumbnail size-post-thumbnail wp-post-image lazyload\" alt=\"Pri\u00e8re incessante \u00e0 Pennsylvania 2015\" style=\"--smush-placeholder-width: 2560px; --smush-placeholder-aspect-ratio: 2560\/1707;object-fit:cover;\" data-srcset=\"https:\/\/mwc-cmm.org\/wp-content\/uploads\/2015\/09\/07232015_Jonathan-Charles_0406-scaled.jpg 2560w, https:\/\/mwc-cmm.org\/wp-content\/uploads\/2015\/09\/07232015_Jonathan-Charles_0406-300x200.jpg 300w, https:\/\/mwc-cmm.org\/wp-content\/uploads\/2015\/09\/07232015_Jonathan-Charles_0406-1024x683.jpg 1024w, https:\/\/mwc-cmm.org\/wp-content\/uploads\/2015\/09\/07232015_Jonathan-Charles_0406-768x512.jpg 768w, https:\/\/mwc-cmm.org\/wp-content\/uploads\/2015\/09\/07232015_Jonathan-Charles_0406-1536x1024.jpg 1536w, https:\/\/mwc-cmm.org\/wp-content\/uploads\/2015\/09\/07232015_Jonathan-Charles_0406-2048x1365.jpg 2048w\" data-sizes=\"(max-width: 2560px) 100vw, 2560px\" src=\"data:image\/svg+xml;base64,PHN2ZyB3aWR0aD0iMSIgaGVpZ2h0PSIxIiB4bWxucz0iaHR0cDovL3d3dy53My5vcmcvMjAwMC9zdmciPjwvc3ZnPg==\" \/><\/a><\/figure><\/div>\n\n\n\n<div class=\"wp-block-column is-vertically-aligned-center is-layout-flow wp-block-column-is-layout-flow\" style=\"flex-basis:75%\"><h3 class=\"wp-block-post-title\"><a href=\"https:\/\/mwc-cmm.org\/fr\/stories\/constant-prayer-in-pennsylvania-2015\/\" target=\"_self\" >Pri\u00e8re incessante \u00e0 Pennsylvania 2015<\/a><\/h3>\n\n<div class=\"wp-block-post-excerpt\"><p class=\"wp-block-post-excerpt__excerpt\">Un m\u00eame c\u0153ur pour Dieu unit les langues et les cultures Au Rassemblement de la Conf\u00e9rence Mennonite Mondiale, la pri\u00e8re \u00e9tait incessante. Les personnes d\u00e9sireuses de prier pour diverses requ\u00eates avaient acc\u00e8s \u00e0 un espace ouvert tout au long de la journ\u00e9e. Une carte du monde de 40 pieds par 24 pieds, gracieusement offerte par<\/p><p class=\"wp-block-post-excerpt__more-text\"><a class=\"wp-block-post-excerpt__more-link\" href=\"https:\/\/mwc-cmm.org\/fr\/stories\/constant-prayer-in-pennsylvania-2015\/\">Lire la suite<\/a><\/p><\/div><\/div>\n<\/div>\n\n<\/li><\/ul><\/div>\n","protected":false},"excerpt":{"rendered":"<p>Les rassemblements de la CMM sont des r\u00e9unions de la famille anabaptiste-mennonite mondiale qui ont lieu tous les six ans. La 16e eu lieu le du 21 au 26 juillet 2015 \u00e0 Harrisburg en Pennsylvanie.&nbsp;L&rsquo;Assembl\u00e9e s&rsquo;est tenue en un seul endroit. L&rsquo;assembl\u00e9e dispers\u00e9e a eu lieu en divers endroits. Le prochain&nbsp;Sommet Mondial de la Jeunesse [&hellip;]<\/p>\n","protected":false},"author":1,"featured_media":0,"parent":11475,"menu_order":0,"comment_status":"closed","ping_status":"closed","template":"","meta":{"_acf_changed":false,"footnotes":""},"class_list":["post-5873","page","type-page","status-publish","hentry"],"acf":[],"yoast_head":"<!-- This site is optimized with the Yoast SEO plugin v27.5 - https:\/\/yoast.com\/product\/yoast-seo-wordpress\/ -->\n<title>Pennsylvania 2015 - Mennonite World Conference<\/title>\n<meta name=\"robots\" content=\"index, follow, max-snippet:-1, max-image-preview:large, max-video-preview:-1\" \/>\n<link rel=\"canonical\" href=\"https:\/\/mwc-cmm.org\/fr\/assemblee-reunie\/pa-2015-fr\/\" \/>\n<meta property=\"og:locale\" content=\"fr_FR\" \/>\n<meta property=\"og:type\" content=\"article\" \/>\n<meta property=\"og:title\" content=\"Pennsylvania 2015 - Mennonite World Conference\" \/>\n<meta property=\"og:description\" content=\"Les rassemblements de la CMM sont des r\u00e9unions de la famille anabaptiste-mennonite mondiale qui ont lieu tous les six ans. La 16e eu lieu le du 21 au 26 juillet 2015 \u00e0 Harrisburg en Pennsylvanie.&nbsp;L&rsquo;Assembl\u00e9e s&rsquo;est tenue en un seul endroit. L&rsquo;assembl\u00e9e dispers\u00e9e a eu lieu en divers endroits. Le prochain&nbsp;Sommet Mondial de la Jeunesse [&hellip;]\" \/>\n<meta property=\"og:url\" content=\"https:\/\/mwc-cmm.org\/fr\/assemblee-reunie\/pa-2015-fr\/\" \/>\n<meta property=\"og:site_name\" content=\"Mennonite World Conference\" \/>\n<meta property=\"article:publisher\" content=\"https:\/\/www.facebook.com\/MennoniteWorldConference\" \/>\n<meta property=\"article:modified_time\" content=\"2026-04-28T23:16:53+00:00\" \/>\n<meta property=\"og:image\" content=\"https:\/\/mwc-cmm.org\/wp-content\/uploads\/2024\/10\/logo_pa_2015.jpg\" \/>\n<script type=\"application\/ld+json\" class=\"yoast-schema-graph\">{\"@context\":\"https:\\\/\\\/schema.org\",\"@graph\":[{\"@type\":\"WebPage\",\"@id\":\"https:\\\/\\\/mwc-cmm.org\\\/fr\\\/assemblee-reunie\\\/pa-2015-fr\\\/\",\"url\":\"https:\\\/\\\/mwc-cmm.org\\\/fr\\\/assemblee-reunie\\\/pa-2015-fr\\\/\",\"name\":\"Pennsylvania 2015 - Mennonite World Conference\",\"isPartOf\":{\"@id\":\"https:\\\/\\\/mwc-cmm.org\\\/en\\\/#website\"},\"primaryImageOfPage\":{\"@id\":\"https:\\\/\\\/mwc-cmm.org\\\/fr\\\/assemblee-reunie\\\/pa-2015-fr\\\/#primaryimage\"},\"image\":{\"@id\":\"https:\\\/\\\/mwc-cmm.org\\\/fr\\\/assemblee-reunie\\\/pa-2015-fr\\\/#primaryimage\"},\"thumbnailUrl\":\"https:\\\/\\\/mwc-cmm.org\\\/wp-content\\\/uploads\\\/2024\\\/10\\\/logo_pa_2015.jpg\",\"datePublished\":\"2019-07-29T00:00:00+00:00\",\"dateModified\":\"2026-04-28T23:16:53+00:00\",\"breadcrumb\":{\"@id\":\"https:\\\/\\\/mwc-cmm.org\\\/fr\\\/assemblee-reunie\\\/pa-2015-fr\\\/#breadcrumb\"},\"inLanguage\":\"fr-FR\",\"potentialAction\":[{\"@type\":\"ReadAction\",\"target\":[\"https:\\\/\\\/mwc-cmm.org\\\/fr\\\/assemblee-reunie\\\/pa-2015-fr\\\/\"]}]},{\"@type\":\"ImageObject\",\"inLanguage\":\"fr-FR\",\"@id\":\"https:\\\/\\\/mwc-cmm.org\\\/fr\\\/assemblee-reunie\\\/pa-2015-fr\\\/#primaryimage\",\"url\":\"https:\\\/\\\/mwc-cmm.org\\\/wp-content\\\/uploads\\\/2024\\\/10\\\/logo_pa_2015.jpg\",\"contentUrl\":\"https:\\\/\\\/mwc-cmm.org\\\/wp-content\\\/uploads\\\/2024\\\/10\\\/logo_pa_2015.jpg\"},{\"@type\":\"BreadcrumbList\",\"@id\":\"https:\\\/\\\/mwc-cmm.org\\\/fr\\\/assemblee-reunie\\\/pa-2015-fr\\\/#breadcrumb\",\"itemListElement\":[{\"@type\":\"ListItem\",\"position\":1,\"name\":\"Home\",\"item\":\"https:\\\/\\\/mwc-cmm.org\\\/fr\\\/\"},{\"@type\":\"ListItem\",\"position\":2,\"name\":\"Assembl\u00e9e r\u00e9unie\",\"item\":\"https:\\\/\\\/mwc-cmm.org\\\/fr\\\/assemblee-reunie\\\/\"},{\"@type\":\"ListItem\",\"position\":3,\"name\":\"Pennsylvania 2015\"}]},{\"@type\":\"WebSite\",\"@id\":\"https:\\\/\\\/mwc-cmm.org\\\/en\\\/#website\",\"url\":\"https:\\\/\\\/mwc-cmm.org\\\/en\\\/\",\"name\":\"Mennonite World Conference\",\"description\":\"A communion of Anabaptist-related churches\",\"publisher\":{\"@id\":\"https:\\\/\\\/mwc-cmm.org\\\/en\\\/#organization\"},\"alternateName\":\"MWC\",\"potentialAction\":[{\"@type\":\"SearchAction\",\"target\":{\"@type\":\"EntryPoint\",\"urlTemplate\":\"https:\\\/\\\/mwc-cmm.org\\\/en\\\/?s={search_term_string}\"},\"query-input\":{\"@type\":\"PropertyValueSpecification\",\"valueRequired\":true,\"valueName\":\"search_term_string\"}}],\"inLanguage\":\"fr-FR\"},{\"@type\":\"Organization\",\"@id\":\"https:\\\/\\\/mwc-cmm.org\\\/en\\\/#organization\",\"name\":\"Mennonite World Conference\",\"alternateName\":\"MWC\",\"url\":\"https:\\\/\\\/mwc-cmm.org\\\/en\\\/\",\"logo\":{\"@type\":\"ImageObject\",\"inLanguage\":\"fr-FR\",\"@id\":\"https:\\\/\\\/mwc-cmm.org\\\/en\\\/#\\\/schema\\\/logo\\\/image\\\/\",\"url\":\"https:\\\/\\\/mwc-cmm.org\\\/wp-content\\\/uploads\\\/2026\\\/01\\\/MWC_Sig_Blue_Horiz_webheader1-logo.svg\",\"contentUrl\":\"https:\\\/\\\/mwc-cmm.org\\\/wp-content\\\/uploads\\\/2026\\\/01\\\/MWC_Sig_Blue_Horiz_webheader1-logo.svg\",\"width\":786,\"height\":82,\"caption\":\"Mennonite World Conference\"},\"image\":{\"@id\":\"https:\\\/\\\/mwc-cmm.org\\\/en\\\/#\\\/schema\\\/logo\\\/image\\\/\"},\"sameAs\":[\"https:\\\/\\\/www.facebook.com\\\/MennoniteWorldConference\",\"https:\\\/\\\/www.linkedin.com\\\/company\\\/mennonite-world-conference-mwc\\\/\",\"https:\\\/\\\/www.instagram.com\\\/mwcmm\\\/\",\"https:\\\/\\\/www.youtube.com\\\/user\\\/mwccmm\",\"https:\\\/\\\/bsky.app\\\/profile\\\/mwcmm.bsky.social\"]}]}<\/script>\n<!-- \/ Yoast SEO plugin. -->","yoast_head_json":{"title":"Pennsylvania 2015 - Mennonite World Conference","robots":{"index":"index","follow":"follow","max-snippet":"max-snippet:-1","max-image-preview":"max-image-preview:large","max-video-preview":"max-video-preview:-1"},"canonical":"https:\/\/mwc-cmm.org\/fr\/assemblee-reunie\/pa-2015-fr\/","og_locale":"fr_FR","og_type":"article","og_title":"Pennsylvania 2015 - Mennonite World Conference","og_description":"Les rassemblements de la CMM sont des r\u00e9unions de la famille anabaptiste-mennonite mondiale qui ont lieu tous les six ans. La 16e eu lieu le du 21 au 26 juillet 2015 \u00e0 Harrisburg en Pennsylvanie.&nbsp;L&rsquo;Assembl\u00e9e s&rsquo;est tenue en un seul endroit. L&rsquo;assembl\u00e9e dispers\u00e9e a eu lieu en divers endroits. Le prochain&nbsp;Sommet Mondial de la Jeunesse [&hellip;]","og_url":"https:\/\/mwc-cmm.org\/fr\/assemblee-reunie\/pa-2015-fr\/","og_site_name":"Mennonite World Conference","article_publisher":"https:\/\/www.facebook.com\/MennoniteWorldConference","article_modified_time":"2026-04-28T23:16:53+00:00","og_image":[{"url":"https:\/\/mwc-cmm.org\/wp-content\/uploads\/2024\/10\/logo_pa_2015.jpg","type":"","width":"","height":""}],"schema":{"@context":"https:\/\/schema.org","@graph":[{"@type":"WebPage","@id":"https:\/\/mwc-cmm.org\/fr\/assemblee-reunie\/pa-2015-fr\/","url":"https:\/\/mwc-cmm.org\/fr\/assemblee-reunie\/pa-2015-fr\/","name":"Pennsylvania 2015 - Mennonite World Conference","isPartOf":{"@id":"https:\/\/mwc-cmm.org\/en\/#website"},"primaryImageOfPage":{"@id":"https:\/\/mwc-cmm.org\/fr\/assemblee-reunie\/pa-2015-fr\/#primaryimage"},"image":{"@id":"https:\/\/mwc-cmm.org\/fr\/assemblee-reunie\/pa-2015-fr\/#primaryimage"},"thumbnailUrl":"https:\/\/mwc-cmm.org\/wp-content\/uploads\/2024\/10\/logo_pa_2015.jpg","datePublished":"2019-07-29T00:00:00+00:00","dateModified":"2026-04-28T23:16:53+00:00","breadcrumb":{"@id":"https:\/\/mwc-cmm.org\/fr\/assemblee-reunie\/pa-2015-fr\/#breadcrumb"},"inLanguage":"fr-FR","potentialAction":[{"@type":"ReadAction","target":["https:\/\/mwc-cmm.org\/fr\/assemblee-reunie\/pa-2015-fr\/"]}]},{"@type":"ImageObject","inLanguage":"fr-FR","@id":"https:\/\/mwc-cmm.org\/fr\/assemblee-reunie\/pa-2015-fr\/#primaryimage","url":"https:\/\/mwc-cmm.org\/wp-content\/uploads\/2024\/10\/logo_pa_2015.jpg","contentUrl":"https:\/\/mwc-cmm.org\/wp-content\/uploads\/2024\/10\/logo_pa_2015.jpg"},{"@type":"BreadcrumbList","@id":"https:\/\/mwc-cmm.org\/fr\/assemblee-reunie\/pa-2015-fr\/#breadcrumb","itemListElement":[{"@type":"ListItem","position":1,"name":"Home","item":"https:\/\/mwc-cmm.org\/fr\/"},{"@type":"ListItem","position":2,"name":"Assembl\u00e9e r\u00e9unie","item":"https:\/\/mwc-cmm.org\/fr\/assemblee-reunie\/"},{"@type":"ListItem","position":3,"name":"Pennsylvania 2015"}]},{"@type":"WebSite","@id":"https:\/\/mwc-cmm.org\/en\/#website","url":"https:\/\/mwc-cmm.org\/en\/","name":"Mennonite World Conference","description":"A communion of Anabaptist-related churches","publisher":{"@id":"https:\/\/mwc-cmm.org\/en\/#organization"},"alternateName":"MWC","potentialAction":[{"@type":"SearchAction","target":{"@type":"EntryPoint","urlTemplate":"https:\/\/mwc-cmm.org\/en\/?s={search_term_string}"},"query-input":{"@type":"PropertyValueSpecification","valueRequired":true,"valueName":"search_term_string"}}],"inLanguage":"fr-FR"},{"@type":"Organization","@id":"https:\/\/mwc-cmm.org\/en\/#organization","name":"Mennonite World Conference","alternateName":"MWC","url":"https:\/\/mwc-cmm.org\/en\/","logo":{"@type":"ImageObject","inLanguage":"fr-FR","@id":"https:\/\/mwc-cmm.org\/en\/#\/schema\/logo\/image\/","url":"https:\/\/mwc-cmm.org\/wp-content\/uploads\/2026\/01\/MWC_Sig_Blue_Horiz_webheader1-logo.svg","contentUrl":"https:\/\/mwc-cmm.org\/wp-content\/uploads\/2026\/01\/MWC_Sig_Blue_Horiz_webheader1-logo.svg","width":786,"height":82,"caption":"Mennonite World Conference"},"image":{"@id":"https:\/\/mwc-cmm.org\/en\/#\/schema\/logo\/image\/"},"sameAs":["https:\/\/www.facebook.com\/MennoniteWorldConference","https:\/\/www.linkedin.com\/company\/mennonite-world-conference-mwc\/","https:\/\/www.instagram.com\/mwcmm\/","https:\/\/www.youtube.com\/user\/mwccmm","https:\/\/bsky.app\/profile\/mwcmm.bsky.social"]}]}},"_links":{"self":[{"href":"https:\/\/mwc-cmm.org\/fr\/wp-json\/wp\/v2\/pages\/5873","targetHints":{"allow":["GET"]}}],"collection":[{"href":"https:\/\/mwc-cmm.org\/fr\/wp-json\/wp\/v2\/pages"}],"about":[{"href":"https:\/\/mwc-cmm.org\/fr\/wp-json\/wp\/v2\/types\/page"}],"author":[{"embeddable":true,"href":"https:\/\/mwc-cmm.org\/fr\/wp-json\/wp\/v2\/users\/1"}],"replies":[{"embeddable":true,"href":"https:\/\/mwc-cmm.org\/fr\/wp-json\/wp\/v2\/comments?post=5873"}],"version-history":[{"count":0,"href":"https:\/\/mwc-cmm.org\/fr\/wp-json\/wp\/v2\/pages\/5873\/revisions"}],"up":[{"embeddable":true,"href":"https:\/\/mwc-cmm.org\/fr\/wp-json\/wp\/v2\/pages\/11475"}],"wp:attachment":[{"href":"https:\/\/mwc-cmm.org\/fr\/wp-json\/wp\/v2\/media?parent=5873"}],"curies":[{"name":"wp","href":"https:\/\/api.w.org\/{rel}","templated":true}]}}