{"id":17985,"date":"2024-11-19T17:39:38","date_gmt":"2024-11-19T17:39:38","guid":{"rendered":"https:\/\/mwc-cmm.org\/en\/resources\/webinaire-de-gahn-les-systemes-de-sante-et-de-sante-congolais-en-rdc\/"},"modified":"2025-09-15T11:53:12","modified_gmt":"2025-09-15T11:53:12","slug":"webinaire-de-gahn-les-systmes-de-sante-et-de-sante-congolais-en-rdc","status":"publish","type":"mwcresource","link":"https:\/\/mwc-cmm.org\/fr\/resources\/webinaire-de-gahn-les-systmes-de-sante-et-de-sante-congolais-en-rdc\/","title":{"rendered":"Webinaire de GAHN: Les syst\u00e8mes de sant\u00e9 et de sant\u00e9 congolais en RDC"},"content":{"rendered":"\n<div class=\"wp-block-columns alignwide is-layout-flex wp-container-core-columns-is-layout-28f84493 wp-block-columns-is-layout-flex\">\n<div class=\"wp-block-column is-layout-flow wp-block-column-is-layout-flow\" style=\"flex-basis:33.33%\">\n<p>Trois m\u008edecins congolais et le travail auquel ils contribuent chacun pour les syst\u008fmes de sant\u008e et de sant\u008e congolais.<\/p>\n<ul>\n<li>Le <strong>Dr Emery Bewa Gindaye Teto<\/strong> partagera ses recherches sur les achats strat\u008egiques dans le contexte d&rsquo;un syst\u008fme de sant\u008e peu r\u008esilient.<\/li>\n<li>Le <strong>Dr Blaise Kutala <\/strong>pr\u008esentera ses recherches cliniques sur les maladies du foie et la nutrition ainsi que l&rsquo;acc\u008fs aux soins primaires dans les zones p\u008eriurbaines et rurales avec le <strong>Dr Delphin Kapasa Mulongo<\/strong>.<\/li>\n<\/ul>\n<p>Ces trois intervenants apportent leur expertise ainsi que leurs exp\u008eriences de vie de travail en R\u008epublique D\u008emocratique du Congo.<\/p>\n<p>Le Dr Murray Nickel, membre du comit\u008e directeur du GAHN, animera la s\u008eance.<\/p>\n<\/div>\n\n\n\n<div class=\"wp-block-column is-layout-flow wp-block-column-is-layout-flow\" style=\"flex-basis:66.66%\">\n<figure class=\"wp-block-embed aligncenter is-type-video is-provider-youtube wp-block-embed-youtube wp-embed-aspect-16-9 wp-has-aspect-ratio\"><div class=\"wp-block-embed__wrapper\">\n<iframe title=\"Healthcare and health systems in DRC\" width=\"500\" height=\"281\" data-src=\"https:\/\/www.youtube.com\/embed\/BMxAR6W3ikQ?feature=oembed\" frameborder=\"0\" allow=\"accelerometer; autoplay; clipboard-write; encrypted-media; gyroscope; picture-in-picture; web-share\" referrerpolicy=\"strict-origin-when-cross-origin\" allowfullscreen src=\"data:image\/svg+xml;base64,PHN2ZyB3aWR0aD0iMSIgaGVpZ2h0PSIxIiB4bWxucz0iaHR0cDovL3d3dy53My5vcmcvMjAwMC9zdmciPjwvc3ZnPg==\" class=\"lazyload\" data-load-mode=\"1\"><\/iframe>\n<\/div><\/figure>\n<\/div>\n<\/div>\n\n\n\n<div class=\"wp-block-group alignwide has-global-padding is-layout-constrained wp-block-group-is-layout-constrained\">\n<p class=\"has-text-align-center has-soft-gray-background-color has-background\"><strong>MWC\u2019s Executive Committee decided to dissolve the Global Anabaptist Health Network in May 2025 due to a failure to coalesce.<\/strong><\/p>\n<\/div>\n\n\n\n<p><\/p>\n","protected":false},"featured_media":102999,"template":"","network":[1294],"resourcetype":[1331],"language":[1346],"resourcecategory":[],"resourcetheme":[],"eventcategory":[],"class_list":["post-17985","mwcresource","type-mwcresource","status-publish","has-post-thumbnail","hentry","network-global-anabaptist-health-network-fr","resourcetype-video-fr","language-fr-fr"],"acf":[],"yoast_head":"<!-- This site is optimized with the Yoast SEO plugin v27.2 - https:\/\/yoast.com\/product\/yoast-seo-wordpress\/ -->\n<title>Webinaire de GAHN: Les syst\u00e8mes de sant\u00e9 et de sant\u00e9 congolais en RDC - Mennonite World Conference<\/title>\n<meta name=\"robots\" content=\"index, follow, max-snippet:-1, max-image-preview:large, max-video-preview:-1\" \/>\n<link rel=\"canonical\" href=\"https:\/\/mwc-cmm.org\/fr\/resources\/webinaire-de-gahn-les-systmes-de-sante-et-de-sante-congolais-en-rdc\/\" \/>\n<meta property=\"og:locale\" content=\"fr_FR\" \/>\n<meta property=\"og:type\" content=\"article\" \/>\n<meta property=\"og:title\" content=\"Webinaire de GAHN: Les syst\u00e8mes de sant\u00e9 et de sant\u00e9 congolais en RDC - Mennonite World Conference\" \/>\n<meta property=\"og:description\" content=\"Trois m\u008edecins congolais et le travail auquel ils contribuent chacun pour les syst\u008fmes de sant\u008e et de sant\u008e congolais. Le Dr Emery Bewa Gindaye Teto partagera ses recherches sur les achats strat\u008egiques dans le contexte d&rsquo;un syst\u008fme de sant\u008e peu r\u008esilient. Le Dr Blaise Kutala pr\u008esentera ses recherches cliniques sur les maladies du foie et [&hellip;]\" \/>\n<meta property=\"og:url\" content=\"https:\/\/mwc-cmm.org\/fr\/resources\/webinaire-de-gahn-les-systmes-de-sante-et-de-sante-congolais-en-rdc\/\" \/>\n<meta property=\"og:site_name\" content=\"Mennonite World Conference\" \/>\n<meta property=\"article:publisher\" content=\"https:\/\/www.facebook.com\/MennoniteWorldConference\" \/>\n<meta property=\"article:modified_time\" content=\"2025-09-15T11:53:12+00:00\" \/>\n<meta property=\"og:image\" content=\"https:\/\/mwc-cmm.org\/wp-content\/uploads\/2024\/12\/gahn2-300x127.png\" \/>\n\t<meta property=\"og:image:width\" content=\"283\" \/>\n\t<meta property=\"og:image:height\" content=\"120\" \/>\n\t<meta property=\"og:image:type\" content=\"image\/png\" \/>\n<script type=\"application\/ld+json\" class=\"yoast-schema-graph\">{\"@context\":\"https:\/\/schema.org\",\"@graph\":[{\"@type\":\"WebPage\",\"@id\":\"https:\/\/mwc-cmm.org\/fr\/resources\/webinaire-de-gahn-les-systmes-de-sante-et-de-sante-congolais-en-rdc\/\",\"url\":\"https:\/\/mwc-cmm.org\/fr\/resources\/webinaire-de-gahn-les-systmes-de-sante-et-de-sante-congolais-en-rdc\/\",\"name\":\"Webinaire de GAHN: Les syst\u00e8mes de sant\u00e9 et de sant\u00e9 congolais en RDC - Mennonite World Conference\",\"isPartOf\":{\"@id\":\"https:\/\/mwc-cmm.org\/en\/#website\"},\"primaryImageOfPage\":{\"@id\":\"https:\/\/mwc-cmm.org\/fr\/resources\/webinaire-de-gahn-les-systmes-de-sante-et-de-sante-congolais-en-rdc\/#primaryimage\"},\"image\":{\"@id\":\"https:\/\/mwc-cmm.org\/fr\/resources\/webinaire-de-gahn-les-systmes-de-sante-et-de-sante-congolais-en-rdc\/#primaryimage\"},\"thumbnailUrl\":\"https:\/\/mwc-cmm.org\/wp-content\/uploads\/2024\/12\/gahn2-300x127.png\",\"datePublished\":\"2024-11-19T17:39:38+00:00\",\"dateModified\":\"2025-09-15T11:53:12+00:00\",\"breadcrumb\":{\"@id\":\"https:\/\/mwc-cmm.org\/fr\/resources\/webinaire-de-gahn-les-systmes-de-sante-et-de-sante-congolais-en-rdc\/#breadcrumb\"},\"inLanguage\":\"fr-FR\",\"potentialAction\":[{\"@type\":\"ReadAction\",\"target\":[\"https:\/\/mwc-cmm.org\/fr\/resources\/webinaire-de-gahn-les-systmes-de-sante-et-de-sante-congolais-en-rdc\/\"]}]},{\"@type\":\"ImageObject\",\"inLanguage\":\"fr-FR\",\"@id\":\"https:\/\/mwc-cmm.org\/fr\/resources\/webinaire-de-gahn-les-systmes-de-sante-et-de-sante-congolais-en-rdc\/#primaryimage\",\"url\":\"https:\/\/mwc-cmm.org\/wp-content\/uploads\/2024\/12\/gahn2-300x127.png\",\"contentUrl\":\"https:\/\/mwc-cmm.org\/wp-content\/uploads\/2024\/12\/gahn2-300x127.png\",\"width\":283,\"height\":120},{\"@type\":\"BreadcrumbList\",\"@id\":\"https:\/\/mwc-cmm.org\/fr\/resources\/webinaire-de-gahn-les-systmes-de-sante-et-de-sante-congolais-en-rdc\/#breadcrumb\",\"itemListElement\":[{\"@type\":\"ListItem\",\"position\":1,\"name\":\"Home\",\"item\":\"https:\/\/mwc-cmm.org\/fr\/\"},{\"@type\":\"ListItem\",\"position\":2,\"name\":\"Webinaire de GAHN: Les syst\u00e8mes de sant\u00e9 et de sant\u00e9 congolais en RDC\"}]},{\"@type\":\"WebSite\",\"@id\":\"https:\/\/mwc-cmm.org\/en\/#website\",\"url\":\"https:\/\/mwc-cmm.org\/en\/\",\"name\":\"Mennonite World Conference\",\"description\":\"A communion of Anabaptist-related churches\",\"publisher\":{\"@id\":\"https:\/\/mwc-cmm.org\/en\/#organization\"},\"alternateName\":\"MWC\",\"potentialAction\":[{\"@type\":\"SearchAction\",\"target\":{\"@type\":\"EntryPoint\",\"urlTemplate\":\"https:\/\/mwc-cmm.org\/en\/?s={search_term_string}\"},\"query-input\":{\"@type\":\"PropertyValueSpecification\",\"valueRequired\":true,\"valueName\":\"search_term_string\"}}],\"inLanguage\":\"fr-FR\"},{\"@type\":\"Organization\",\"@id\":\"https:\/\/mwc-cmm.org\/en\/#organization\",\"name\":\"Mennonite World Conference\",\"alternateName\":\"MWC\",\"url\":\"https:\/\/mwc-cmm.org\/en\/\",\"logo\":{\"@type\":\"ImageObject\",\"inLanguage\":\"fr-FR\",\"@id\":\"https:\/\/mwc-cmm.org\/en\/#\/schema\/logo\/image\/\",\"url\":\"https:\/\/mwc-cmm.org\/wp-content\/uploads\/2026\/01\/MWC_Sig_Blue_Horiz_webheader1-logo.svg\",\"contentUrl\":\"https:\/\/mwc-cmm.org\/wp-content\/uploads\/2026\/01\/MWC_Sig_Blue_Horiz_webheader1-logo.svg\",\"width\":786,\"height\":82,\"caption\":\"Mennonite World Conference\"},\"image\":{\"@id\":\"https:\/\/mwc-cmm.org\/en\/#\/schema\/logo\/image\/\"},\"sameAs\":[\"https:\/\/www.facebook.com\/MennoniteWorldConference\",\"https:\/\/www.linkedin.com\/company\/mennonite-world-conference-mwc\/\",\"https:\/\/www.instagram.com\/mwcmm\/\",\"https:\/\/www.youtube.com\/user\/mwccmm\",\"https:\/\/bsky.app\/profile\/mwcmm.bsky.social\"]}]}<\/script>\n<!-- \/ Yoast SEO plugin. -->","yoast_head_json":{"title":"Webinaire de GAHN: Les syst\u00e8mes de sant\u00e9 et de sant\u00e9 congolais en RDC - Mennonite World Conference","robots":{"index":"index","follow":"follow","max-snippet":"max-snippet:-1","max-image-preview":"max-image-preview:large","max-video-preview":"max-video-preview:-1"},"canonical":"https:\/\/mwc-cmm.org\/fr\/resources\/webinaire-de-gahn-les-systmes-de-sante-et-de-sante-congolais-en-rdc\/","og_locale":"fr_FR","og_type":"article","og_title":"Webinaire de GAHN: Les syst\u00e8mes de sant\u00e9 et de sant\u00e9 congolais en RDC - Mennonite World Conference","og_description":"Trois m\u008edecins congolais et le travail auquel ils contribuent chacun pour les syst\u008fmes de sant\u008e et de sant\u008e congolais. Le Dr Emery Bewa Gindaye Teto partagera ses recherches sur les achats strat\u008egiques dans le contexte d&rsquo;un syst\u008fme de sant\u008e peu r\u008esilient. Le Dr Blaise Kutala pr\u008esentera ses recherches cliniques sur les maladies du foie et [&hellip;]","og_url":"https:\/\/mwc-cmm.org\/fr\/resources\/webinaire-de-gahn-les-systmes-de-sante-et-de-sante-congolais-en-rdc\/","og_site_name":"Mennonite World Conference","article_publisher":"https:\/\/www.facebook.com\/MennoniteWorldConference","article_modified_time":"2025-09-15T11:53:12+00:00","og_image":[{"width":283,"height":120,"url":"https:\/\/mwc-cmm.org\/wp-content\/uploads\/2024\/12\/gahn2-300x127.png","type":"image\/png"}],"schema":{"@context":"https:\/\/schema.org","@graph":[{"@type":"WebPage","@id":"https:\/\/mwc-cmm.org\/fr\/resources\/webinaire-de-gahn-les-systmes-de-sante-et-de-sante-congolais-en-rdc\/","url":"https:\/\/mwc-cmm.org\/fr\/resources\/webinaire-de-gahn-les-systmes-de-sante-et-de-sante-congolais-en-rdc\/","name":"Webinaire de GAHN: Les syst\u00e8mes de sant\u00e9 et de sant\u00e9 congolais en RDC - Mennonite World Conference","isPartOf":{"@id":"https:\/\/mwc-cmm.org\/en\/#website"},"primaryImageOfPage":{"@id":"https:\/\/mwc-cmm.org\/fr\/resources\/webinaire-de-gahn-les-systmes-de-sante-et-de-sante-congolais-en-rdc\/#primaryimage"},"image":{"@id":"https:\/\/mwc-cmm.org\/fr\/resources\/webinaire-de-gahn-les-systmes-de-sante-et-de-sante-congolais-en-rdc\/#primaryimage"},"thumbnailUrl":"https:\/\/mwc-cmm.org\/wp-content\/uploads\/2024\/12\/gahn2-300x127.png","datePublished":"2024-11-19T17:39:38+00:00","dateModified":"2025-09-15T11:53:12+00:00","breadcrumb":{"@id":"https:\/\/mwc-cmm.org\/fr\/resources\/webinaire-de-gahn-les-systmes-de-sante-et-de-sante-congolais-en-rdc\/#breadcrumb"},"inLanguage":"fr-FR","potentialAction":[{"@type":"ReadAction","target":["https:\/\/mwc-cmm.org\/fr\/resources\/webinaire-de-gahn-les-systmes-de-sante-et-de-sante-congolais-en-rdc\/"]}]},{"@type":"ImageObject","inLanguage":"fr-FR","@id":"https:\/\/mwc-cmm.org\/fr\/resources\/webinaire-de-gahn-les-systmes-de-sante-et-de-sante-congolais-en-rdc\/#primaryimage","url":"https:\/\/mwc-cmm.org\/wp-content\/uploads\/2024\/12\/gahn2-300x127.png","contentUrl":"https:\/\/mwc-cmm.org\/wp-content\/uploads\/2024\/12\/gahn2-300x127.png","width":283,"height":120},{"@type":"BreadcrumbList","@id":"https:\/\/mwc-cmm.org\/fr\/resources\/webinaire-de-gahn-les-systmes-de-sante-et-de-sante-congolais-en-rdc\/#breadcrumb","itemListElement":[{"@type":"ListItem","position":1,"name":"Home","item":"https:\/\/mwc-cmm.org\/fr\/"},{"@type":"ListItem","position":2,"name":"Webinaire de GAHN: Les syst\u00e8mes de sant\u00e9 et de sant\u00e9 congolais en RDC"}]},{"@type":"WebSite","@id":"https:\/\/mwc-cmm.org\/en\/#website","url":"https:\/\/mwc-cmm.org\/en\/","name":"Mennonite World Conference","description":"A communion of Anabaptist-related churches","publisher":{"@id":"https:\/\/mwc-cmm.org\/en\/#organization"},"alternateName":"MWC","potentialAction":[{"@type":"SearchAction","target":{"@type":"EntryPoint","urlTemplate":"https:\/\/mwc-cmm.org\/en\/?s={search_term_string}"},"query-input":{"@type":"PropertyValueSpecification","valueRequired":true,"valueName":"search_term_string"}}],"inLanguage":"fr-FR"},{"@type":"Organization","@id":"https:\/\/mwc-cmm.org\/en\/#organization","name":"Mennonite World Conference","alternateName":"MWC","url":"https:\/\/mwc-cmm.org\/en\/","logo":{"@type":"ImageObject","inLanguage":"fr-FR","@id":"https:\/\/mwc-cmm.org\/en\/#\/schema\/logo\/image\/","url":"https:\/\/mwc-cmm.org\/wp-content\/uploads\/2026\/01\/MWC_Sig_Blue_Horiz_webheader1-logo.svg","contentUrl":"https:\/\/mwc-cmm.org\/wp-content\/uploads\/2026\/01\/MWC_Sig_Blue_Horiz_webheader1-logo.svg","width":786,"height":82,"caption":"Mennonite World Conference"},"image":{"@id":"https:\/\/mwc-cmm.org\/en\/#\/schema\/logo\/image\/"},"sameAs":["https:\/\/www.facebook.com\/MennoniteWorldConference","https:\/\/www.linkedin.com\/company\/mennonite-world-conference-mwc\/","https:\/\/www.instagram.com\/mwcmm\/","https:\/\/www.youtube.com\/user\/mwccmm","https:\/\/bsky.app\/profile\/mwcmm.bsky.social"]}]}},"_links":{"self":[{"href":"https:\/\/mwc-cmm.org\/fr\/wp-json\/wp\/v2\/mwcresource\/17985","targetHints":{"allow":["GET"]}}],"collection":[{"href":"https:\/\/mwc-cmm.org\/fr\/wp-json\/wp\/v2\/mwcresource"}],"about":[{"href":"https:\/\/mwc-cmm.org\/fr\/wp-json\/wp\/v2\/types\/mwcresource"}],"wp:featuredmedia":[{"embeddable":true,"href":"https:\/\/mwc-cmm.org\/fr\/wp-json\/wp\/v2\/media\/102999"}],"wp:attachment":[{"href":"https:\/\/mwc-cmm.org\/fr\/wp-json\/wp\/v2\/media?parent=17985"}],"wp:term":[{"taxonomy":"network","embeddable":true,"href":"https:\/\/mwc-cmm.org\/fr\/wp-json\/wp\/v2\/network?post=17985"},{"taxonomy":"resourcetype","embeddable":true,"href":"https:\/\/mwc-cmm.org\/fr\/wp-json\/wp\/v2\/resourcetype?post=17985"},{"taxonomy":"language","embeddable":true,"href":"https:\/\/mwc-cmm.org\/fr\/wp-json\/wp\/v2\/language?post=17985"},{"taxonomy":"resourcecategory","embeddable":true,"href":"https:\/\/mwc-cmm.org\/fr\/wp-json\/wp\/v2\/resourcecategory?post=17985"},{"taxonomy":"resourcetheme","embeddable":true,"href":"https:\/\/mwc-cmm.org\/fr\/wp-json\/wp\/v2\/resourcetheme?post=17985"},{"taxonomy":"eventcategory","embeddable":true,"href":"https:\/\/mwc-cmm.org\/fr\/wp-json\/wp\/v2\/eventcategory?post=17985"}],"curies":[{"name":"wp","href":"https:\/\/api.w.org\/{rel}","templated":true}]}}