{"id":17975,"date":"2021-11-19T17:39:20","date_gmt":"2021-11-19T17:39:20","guid":{"rendered":"https:\/\/mwc-cmm.org\/en\/resources\/un-week-end-de-priere-et-daction-contre-la-faim\/"},"modified":"2024-12-11T22:20:19","modified_gmt":"2024-12-11T22:20:19","slug":"un-week-end-de-priere-et-daction-contre-la-faim","status":"publish","type":"mwcresource","link":"https:\/\/mwc-cmm.org\/fr\/resources\/un-week-end-de-priere-et-daction-contre-la-faim\/","title":{"rendered":"Un week-end de pri\u00e8re et d\u2019action contre la faim"},"content":{"rendered":"\n<h2 class=\"wp-block-heading\">\u00ab&nbsp;Donne-nous aujourd\u2019hui notre pain quotidien&nbsp;\u00bb<\/h2>\n\n\n\n<p>\u00c0 travers le monde, plus de 41 millions de filles, de gar\u00e7ons, de femmes et d\u2019hommes dans 43 pays &#8211; la moiti\u00e9 environ sont des enfants &#8211; risquent aujourd\u2019hui de mourir de faim. La crise de la faim dans le monde est aliment\u00e9e par les conflits, le changement climatique et l\u2019impact \u00e9conomique du COVID-19 qui a aggrav\u00e9 la situation. M\u00eame dans les pays o\u00f9 certains disposent d\u2019une nourriture abondante, nombreux sont ceux qui manquent de tout.<\/p>\n\n\n\n<p>Le Conf\u00e9rence Mennonite Mondiale a travaill\u00e9 en collaboration avec un grand groupe d\u2019\u00e9glises et de r\u00e9seaux chr\u00e9tiens pour lancer un week-end de pri\u00e8re et d\u2019action les 16 et 17 octobre. Cette action co\u00efncidera avec la Journ\u00e9e Mondiale de l\u2019Alimentation du 16 octobre. L\u2019Alliance ACT Integral Alliance, la F\u00e9d\u00e9ration luth\u00e9rienne mondiale, Micah Global, l\u2019Organisation des \u00e9glises africaines institu\u00e9es, l\u2019Arm\u00e9e du Salut, la Conf\u00e9rence Mennonite Mondiale, le Conseil \u0153cum\u00e9nique des \u00e9glises, l\u2019Alliance \u00e9vang\u00e9lique mondiale, le Conseil m\u00e9thodiste mondial et World Vision International sont parmi les participants.<\/p>\n\n\n\n<p>Ce sera un moment pour que nous, disciples du Christ, puissions nous unir au-del\u00e0 des d\u00e9nominations en solidarit\u00e9 avec nos s\u0153urs et fr\u00e8res, en priant pour eux et avec eux, afin qu\u2019ils puissent avoir une vie sans faim, avec dignit\u00e9, dans toute la pl\u00e9nitude de la vie, en faisant l\u2019exp\u00e9rience de la gr\u00e2ce et de l\u2019amour de Dieu.<\/p>\n\n\n\n<p>Au cours du week-end, tout un chacun, en familles ou seul, est invit\u00e9 \u00e0 partager un repas avec d\u2019autres, \u00e0 offrir une pri\u00e8re de b\u00e9n\u00e9diction pour ceux qui ont faim et \u00e0 prendre le temps de r\u00e9fl\u00e9chir aux causes et \u00e0 l\u2019impact de la famine. Le dimanche 17 octobre, nous voulons encourager les paroisses locales \u00e0 mettre l\u2019accent sur cette crise mondiale de la faim durant leur culte dominical.<\/p>\n\n\n\n<div class=\"wp-block-columns alignwide is-layout-flex wp-container-core-columns-is-layout-28f84493 wp-block-columns-is-layout-flex\">\n<div class=\"wp-block-column is-layout-flow wp-block-column-is-layout-flow\">\n<div data-wp-interactive=\"core\/file\" class=\"wp-block-file\"><object data-wp-bind--hidden=\"!state.hasPdfPreview\" hidden class=\"wp-block-file__embed\" data=\"https:\/\/mwc-cmm.org\/wp-content\/uploads\/2024\/11\/hunger_weekend-2-familyfit-guide-fre.pdf\" type=\"application\/pdf\" style=\"width:100%;height:250px\" aria-label=\"Contenu embarqu\u00e9 hunger_weekend-2-familyfit-guide-fre.\"><\/object><a id=\"wp-block-file--media-ae4160bf-3714-4c5d-9218-7878cc52ceec\" href=\"https:\/\/mwc-cmm.org\/wp-content\/uploads\/2024\/11\/hunger_weekend-2-familyfit-guide-fre.pdf\">hunger_weekend-2-familyfit-guide-fre<\/a><a href=\"https:\/\/mwc-cmm.org\/wp-content\/uploads\/2024\/11\/hunger_weekend-2-familyfit-guide-fre.pdf\" class=\"wp-block-file__button wp-element-button\" download aria-describedby=\"wp-block-file--media-ae4160bf-3714-4c5d-9218-7878cc52ceec\">Download<\/a><\/div>\n<\/div>\n\n\n\n<div class=\"wp-block-column is-layout-flow wp-block-column-is-layout-flow\">\n<div data-wp-interactive=\"core\/file\" class=\"wp-block-file\"><object data-wp-bind--hidden=\"!state.hasPdfPreview\" hidden class=\"wp-block-file__embed\" data=\"https:\/\/mwc-cmm.org\/wp-content\/uploads\/2024\/11\/hunger_weekend-4-ht-talk-to-family-about-hunger-fre.pdf\" type=\"application\/pdf\" style=\"width:100%;height:250px\" aria-label=\"Contenu embarqu\u00e9 hunger_weekend-4-ht-talk-to-family-about-hunger-fre.\"><\/object><a id=\"wp-block-file--media-92abc44f-48f8-46cc-8aaf-226b688c7e4a\" href=\"https:\/\/mwc-cmm.org\/wp-content\/uploads\/2024\/11\/hunger_weekend-4-ht-talk-to-family-about-hunger-fre.pdf\">hunger_weekend-4-ht-talk-to-family-about-hunger-fre<\/a><a href=\"https:\/\/mwc-cmm.org\/wp-content\/uploads\/2024\/11\/hunger_weekend-4-ht-talk-to-family-about-hunger-fre.pdf\" class=\"wp-block-file__button wp-element-button\" download aria-describedby=\"wp-block-file--media-92abc44f-48f8-46cc-8aaf-226b688c7e4a\">Download<\/a><\/div>\n<\/div>\n\n\n\n<div class=\"wp-block-column is-layout-flow wp-block-column-is-layout-flow\">\n<div data-wp-interactive=\"core\/file\" class=\"wp-block-file\"><object data-wp-bind--hidden=\"!state.hasPdfPreview\" hidden class=\"wp-block-file__embed\" data=\"https:\/\/mwc-cmm.org\/wp-content\/uploads\/2024\/11\/hunger_weekend-5-giveusthisday-fre_0.pdf\" type=\"application\/pdf\" style=\"width:100%;height:250px\" aria-label=\"Contenu embarqu\u00e9 hunger_weekend-5-giveusthisday-fre_0.\"><\/object><a id=\"wp-block-file--media-2167481a-b2af-4f23-9d26-2912649743c1\" href=\"https:\/\/mwc-cmm.org\/wp-content\/uploads\/2024\/11\/hunger_weekend-5-giveusthisday-fre_0.pdf\">hunger_weekend-5-giveusthisday-fre_0<\/a><a href=\"https:\/\/mwc-cmm.org\/wp-content\/uploads\/2024\/11\/hunger_weekend-5-giveusthisday-fre_0.pdf\" class=\"wp-block-file__button wp-element-button\" download aria-describedby=\"wp-block-file--media-2167481a-b2af-4f23-9d26-2912649743c1\">Download<\/a><\/div>\n<\/div>\n\n\n\n<div class=\"wp-block-column is-layout-flow wp-block-column-is-layout-flow\">\n<div data-wp-interactive=\"core\/file\" class=\"wp-block-file\"><object data-wp-bind--hidden=\"!state.hasPdfPreview\" hidden class=\"wp-block-file__embed\" data=\"https:\/\/mwc-cmm.org\/wp-content\/uploads\/2024\/11\/hunger_weekend-save-the-date-1-page-eng.pdf\" type=\"application\/pdf\" style=\"width:100%;height:250px\" aria-label=\"Contenu embarqu\u00e9 hunger_weekend-save-the-date-1-page-eng.\"><\/object><a id=\"wp-block-file--media-6f61fd9b-21ea-49d6-97ea-36c1b06954e0\" href=\"https:\/\/mwc-cmm.org\/wp-content\/uploads\/2024\/11\/hunger_weekend-save-the-date-1-page-eng.pdf\">hunger_weekend-save-the-date-1-page-eng<\/a><a href=\"https:\/\/mwc-cmm.org\/wp-content\/uploads\/2024\/11\/hunger_weekend-save-the-date-1-page-eng.pdf\" class=\"wp-block-file__button wp-element-button\" download aria-describedby=\"wp-block-file--media-6f61fd9b-21ea-49d6-97ea-36c1b06954e0\">Download<\/a><\/div>\n<\/div>\n<\/div>\n","protected":false},"featured_media":0,"template":"","network":[1254],"resourcetype":[],"language":[1346],"resourcecategory":[1367],"resourcetheme":[],"eventcategory":[],"class_list":["post-17975","mwcresource","type-mwcresource","status-publish","hentry","network-peace-commission-fr","language-fr-fr","resourcecategory-worship-resource-fr"],"acf":[],"yoast_head":"<!-- This site is optimized with the Yoast SEO plugin v27.2 - https:\/\/yoast.com\/product\/yoast-seo-wordpress\/ -->\n<title>Un week-end de pri\u00e8re et d\u2019action contre la faim - Mennonite World Conference<\/title>\n<meta name=\"robots\" content=\"index, follow, max-snippet:-1, max-image-preview:large, max-video-preview:-1\" \/>\n<link rel=\"canonical\" href=\"https:\/\/mwc-cmm.org\/en\/resources\/weekend-prayer-and-action-against-hunger-2021\/\" \/>\n<meta property=\"og:locale\" content=\"fr_FR\" \/>\n<meta property=\"og:type\" content=\"article\" \/>\n<meta property=\"og:title\" content=\"Un week-end de pri\u00e8re et d\u2019action contre la faim - Mennonite World Conference\" \/>\n<meta property=\"og:description\" content=\"\u00ab&nbsp;Donne-nous aujourd\u2019hui notre pain quotidien&nbsp;\u00bb \u00c0 travers le monde, plus de 41 millions de filles, de gar\u00e7ons, de femmes et d\u2019hommes dans 43 pays &#8211; la moiti\u00e9 environ sont des enfants &#8211; risquent aujourd\u2019hui de mourir de faim. La crise de la faim dans le monde est aliment\u00e9e par les conflits, le changement climatique et [&hellip;]\" \/>\n<meta property=\"og:url\" content=\"https:\/\/mwc-cmm.org\/en\/resources\/weekend-prayer-and-action-against-hunger-2021\/\" \/>\n<meta property=\"og:site_name\" content=\"Mennonite World Conference\" \/>\n<meta property=\"article:publisher\" content=\"https:\/\/www.facebook.com\/MennoniteWorldConference\" \/>\n<meta property=\"article:modified_time\" content=\"2024-12-11T22:20:19+00:00\" \/>\n<script type=\"application\/ld+json\" class=\"yoast-schema-graph\">{\"@context\":\"https:\/\/schema.org\",\"@graph\":[{\"@type\":\"WebPage\",\"@id\":\"https:\/\/mwc-cmm.org\/en\/resources\/weekend-prayer-and-action-against-hunger-2021\/\",\"url\":\"https:\/\/mwc-cmm.org\/en\/resources\/weekend-prayer-and-action-against-hunger-2021\/\",\"name\":\"Un week-end de pri\u00e8re et d\u2019action contre la faim - Mennonite World Conference\",\"isPartOf\":{\"@id\":\"https:\/\/mwc-cmm.org\/en\/#website\"},\"datePublished\":\"2021-11-19T17:39:20+00:00\",\"dateModified\":\"2024-12-11T22:20:19+00:00\",\"breadcrumb\":{\"@id\":\"https:\/\/mwc-cmm.org\/en\/resources\/weekend-prayer-and-action-against-hunger-2021\/#breadcrumb\"},\"inLanguage\":\"fr-FR\",\"potentialAction\":[{\"@type\":\"ReadAction\",\"target\":[\"https:\/\/mwc-cmm.org\/en\/resources\/weekend-prayer-and-action-against-hunger-2021\/\"]}]},{\"@type\":\"BreadcrumbList\",\"@id\":\"https:\/\/mwc-cmm.org\/en\/resources\/weekend-prayer-and-action-against-hunger-2021\/#breadcrumb\",\"itemListElement\":[{\"@type\":\"ListItem\",\"position\":1,\"name\":\"Home\",\"item\":\"https:\/\/mwc-cmm.org\/fr\/\"},{\"@type\":\"ListItem\",\"position\":2,\"name\":\"Un week-end de pri\u00e8re et d\u2019action contre la faim\"}]},{\"@type\":\"WebSite\",\"@id\":\"https:\/\/mwc-cmm.org\/en\/#website\",\"url\":\"https:\/\/mwc-cmm.org\/en\/\",\"name\":\"Mennonite World Conference\",\"description\":\"A communion of Anabaptist-related churches\",\"publisher\":{\"@id\":\"https:\/\/mwc-cmm.org\/en\/#organization\"},\"alternateName\":\"MWC\",\"potentialAction\":[{\"@type\":\"SearchAction\",\"target\":{\"@type\":\"EntryPoint\",\"urlTemplate\":\"https:\/\/mwc-cmm.org\/en\/?s={search_term_string}\"},\"query-input\":{\"@type\":\"PropertyValueSpecification\",\"valueRequired\":true,\"valueName\":\"search_term_string\"}}],\"inLanguage\":\"fr-FR\"},{\"@type\":\"Organization\",\"@id\":\"https:\/\/mwc-cmm.org\/en\/#organization\",\"name\":\"Mennonite World Conference\",\"alternateName\":\"MWC\",\"url\":\"https:\/\/mwc-cmm.org\/en\/\",\"logo\":{\"@type\":\"ImageObject\",\"inLanguage\":\"fr-FR\",\"@id\":\"https:\/\/mwc-cmm.org\/en\/#\/schema\/logo\/image\/\",\"url\":\"https:\/\/mwc-cmm.org\/wp-content\/uploads\/2026\/01\/MWC_Sig_Blue_Horiz_webheader1-logo.svg\",\"contentUrl\":\"https:\/\/mwc-cmm.org\/wp-content\/uploads\/2026\/01\/MWC_Sig_Blue_Horiz_webheader1-logo.svg\",\"width\":786,\"height\":82,\"caption\":\"Mennonite World Conference\"},\"image\":{\"@id\":\"https:\/\/mwc-cmm.org\/en\/#\/schema\/logo\/image\/\"},\"sameAs\":[\"https:\/\/www.facebook.com\/MennoniteWorldConference\",\"https:\/\/www.linkedin.com\/company\/mennonite-world-conference-mwc\/\",\"https:\/\/www.instagram.com\/mwcmm\/\",\"https:\/\/www.youtube.com\/user\/mwccmm\",\"https:\/\/bsky.app\/profile\/mwcmm.bsky.social\"]}]}<\/script>\n<!-- \/ Yoast SEO plugin. -->","yoast_head_json":{"title":"Un week-end de pri\u00e8re et d\u2019action contre la faim - Mennonite World Conference","robots":{"index":"index","follow":"follow","max-snippet":"max-snippet:-1","max-image-preview":"max-image-preview:large","max-video-preview":"max-video-preview:-1"},"canonical":"https:\/\/mwc-cmm.org\/en\/resources\/weekend-prayer-and-action-against-hunger-2021\/","og_locale":"fr_FR","og_type":"article","og_title":"Un week-end de pri\u00e8re et d\u2019action contre la faim - Mennonite World Conference","og_description":"\u00ab&nbsp;Donne-nous aujourd\u2019hui notre pain quotidien&nbsp;\u00bb \u00c0 travers le monde, plus de 41 millions de filles, de gar\u00e7ons, de femmes et d\u2019hommes dans 43 pays &#8211; la moiti\u00e9 environ sont des enfants &#8211; risquent aujourd\u2019hui de mourir de faim. La crise de la faim dans le monde est aliment\u00e9e par les conflits, le changement climatique et [&hellip;]","og_url":"https:\/\/mwc-cmm.org\/en\/resources\/weekend-prayer-and-action-against-hunger-2021\/","og_site_name":"Mennonite World Conference","article_publisher":"https:\/\/www.facebook.com\/MennoniteWorldConference","article_modified_time":"2024-12-11T22:20:19+00:00","schema":{"@context":"https:\/\/schema.org","@graph":[{"@type":"WebPage","@id":"https:\/\/mwc-cmm.org\/en\/resources\/weekend-prayer-and-action-against-hunger-2021\/","url":"https:\/\/mwc-cmm.org\/en\/resources\/weekend-prayer-and-action-against-hunger-2021\/","name":"Un week-end de pri\u00e8re et d\u2019action contre la faim - Mennonite World Conference","isPartOf":{"@id":"https:\/\/mwc-cmm.org\/en\/#website"},"datePublished":"2021-11-19T17:39:20+00:00","dateModified":"2024-12-11T22:20:19+00:00","breadcrumb":{"@id":"https:\/\/mwc-cmm.org\/en\/resources\/weekend-prayer-and-action-against-hunger-2021\/#breadcrumb"},"inLanguage":"fr-FR","potentialAction":[{"@type":"ReadAction","target":["https:\/\/mwc-cmm.org\/en\/resources\/weekend-prayer-and-action-against-hunger-2021\/"]}]},{"@type":"BreadcrumbList","@id":"https:\/\/mwc-cmm.org\/en\/resources\/weekend-prayer-and-action-against-hunger-2021\/#breadcrumb","itemListElement":[{"@type":"ListItem","position":1,"name":"Home","item":"https:\/\/mwc-cmm.org\/fr\/"},{"@type":"ListItem","position":2,"name":"Un week-end de pri\u00e8re et d\u2019action contre la faim"}]},{"@type":"WebSite","@id":"https:\/\/mwc-cmm.org\/en\/#website","url":"https:\/\/mwc-cmm.org\/en\/","name":"Mennonite World Conference","description":"A communion of Anabaptist-related churches","publisher":{"@id":"https:\/\/mwc-cmm.org\/en\/#organization"},"alternateName":"MWC","potentialAction":[{"@type":"SearchAction","target":{"@type":"EntryPoint","urlTemplate":"https:\/\/mwc-cmm.org\/en\/?s={search_term_string}"},"query-input":{"@type":"PropertyValueSpecification","valueRequired":true,"valueName":"search_term_string"}}],"inLanguage":"fr-FR"},{"@type":"Organization","@id":"https:\/\/mwc-cmm.org\/en\/#organization","name":"Mennonite World Conference","alternateName":"MWC","url":"https:\/\/mwc-cmm.org\/en\/","logo":{"@type":"ImageObject","inLanguage":"fr-FR","@id":"https:\/\/mwc-cmm.org\/en\/#\/schema\/logo\/image\/","url":"https:\/\/mwc-cmm.org\/wp-content\/uploads\/2026\/01\/MWC_Sig_Blue_Horiz_webheader1-logo.svg","contentUrl":"https:\/\/mwc-cmm.org\/wp-content\/uploads\/2026\/01\/MWC_Sig_Blue_Horiz_webheader1-logo.svg","width":786,"height":82,"caption":"Mennonite World Conference"},"image":{"@id":"https:\/\/mwc-cmm.org\/en\/#\/schema\/logo\/image\/"},"sameAs":["https:\/\/www.facebook.com\/MennoniteWorldConference","https:\/\/www.linkedin.com\/company\/mennonite-world-conference-mwc\/","https:\/\/www.instagram.com\/mwcmm\/","https:\/\/www.youtube.com\/user\/mwccmm","https:\/\/bsky.app\/profile\/mwcmm.bsky.social"]}]}},"_links":{"self":[{"href":"https:\/\/mwc-cmm.org\/fr\/wp-json\/wp\/v2\/mwcresource\/17975","targetHints":{"allow":["GET"]}}],"collection":[{"href":"https:\/\/mwc-cmm.org\/fr\/wp-json\/wp\/v2\/mwcresource"}],"about":[{"href":"https:\/\/mwc-cmm.org\/fr\/wp-json\/wp\/v2\/types\/mwcresource"}],"wp:attachment":[{"href":"https:\/\/mwc-cmm.org\/fr\/wp-json\/wp\/v2\/media?parent=17975"}],"wp:term":[{"taxonomy":"network","embeddable":true,"href":"https:\/\/mwc-cmm.org\/fr\/wp-json\/wp\/v2\/network?post=17975"},{"taxonomy":"resourcetype","embeddable":true,"href":"https:\/\/mwc-cmm.org\/fr\/wp-json\/wp\/v2\/resourcetype?post=17975"},{"taxonomy":"language","embeddable":true,"href":"https:\/\/mwc-cmm.org\/fr\/wp-json\/wp\/v2\/language?post=17975"},{"taxonomy":"resourcecategory","embeddable":true,"href":"https:\/\/mwc-cmm.org\/fr\/wp-json\/wp\/v2\/resourcecategory?post=17975"},{"taxonomy":"resourcetheme","embeddable":true,"href":"https:\/\/mwc-cmm.org\/fr\/wp-json\/wp\/v2\/resourcetheme?post=17975"},{"taxonomy":"eventcategory","embeddable":true,"href":"https:\/\/mwc-cmm.org\/fr\/wp-json\/wp\/v2\/eventcategory?post=17975"}],"curies":[{"name":"wp","href":"https:\/\/api.w.org\/{rel}","templated":true}]}}