{"id":17950,"date":"2024-11-19T17:39:50","date_gmt":"2024-11-19T17:39:50","guid":{"rendered":"https:\/\/mwc-cmm.org\/en\/resources\/ressources-concernant-le-rapport-sur-les-baptemes\/"},"modified":"2025-09-25T07:22:05","modified_gmt":"2025-09-25T07:22:05","slug":"ressources-concernant-le-rapport-sur-les-baptemes","status":"publish","type":"mwcresource","link":"https:\/\/mwc-cmm.org\/fr\/resources\/ressources-concernant-le-rapport-sur-les-baptemes\/","title":{"rendered":"Ressources concernant le rapport sur les bapt\u00eames"},"content":{"rendered":"\n<h2 class=\"wp-block-heading\">Guide d&rsquo;\u00e9tude<\/h2>\n\n\n\n<h3 class=\"wp-block-heading\">Une fid\u00e9lit\u00e9 grandissante : vivre notre bapt\u00eame<\/h3>\n\n\n\n<p>Guide d\u2019\u00e9tude et de r\u00e9flexion sur Bapt\u00eame et incorporation dans le Corps du Christ, l\u2019\u00c9glise&nbsp;: Rapport des conversations trilat\u00e9rales entre luth\u00e9riens, mennonites et catholiques romains de 2012&nbsp;\u00e0&nbsp;2017<\/p>\n\n\n\n<div class=\"wp-block-buttons is-layout-flex wp-block-buttons-is-layout-flex\">\n<div class=\"wp-block-button has-custom-width wp-block-button__width-100\"><a class=\"wp-block-button__link wp-element-button\" href=\"https:\/\/mwc-cmm.org\/fr\/resources\/une-fidelite-grandissante-vivre-notre-bapteme\/\">Une fid\u00e9lit\u00e9 grandissante : vivre notre bapt\u00eame<\/a><\/div>\n<\/div>\n\n\n\n<hr class=\"wp-block-separator has-alpha-channel-opacity\"\/>\n\n\n\n<h2 class=\"wp-block-heading\">Rapport<\/h2>\n\n\n\n<h3 class=\"wp-block-heading\">Bapt\u00eame et incorporation dans le Corps du Christ, l\u2019\u00c9glise<\/h3>\n\n\n\n<p>Le dialogue trilat\u00e9ral qui s\u2019est d\u00e9roul\u00e9 de 2012 \u00e0 2017 entre luth\u00e9riens, mennonites et catholiques romains avait pour double objectif d\u2019accro\u00eetre notre connaissance mutuelle et de nous aider les uns les autres \u00e0 grandir dans notre fid\u00e9lit\u00e9 \u00e0 J\u00e9sus Christ.<\/p>\n\n\n\n<div class=\"wp-block-buttons is-layout-flex wp-block-buttons-is-layout-flex\">\n<div class=\"wp-block-button\"><a class=\"wp-block-button__link wp-element-button\" href=\"https:\/\/mwc-cmm.org\/fr\/resources\/bapteme-et-incorporation-dans-le-corps-du-christ-leglise\/\">Bapt\u00eame et incorporation dans le Corps du Christ, l\u2019\u00c9glise<\/a><\/div>\n<\/div>\n\n\n\n<hr class=\"wp-block-separator has-alpha-channel-opacity\"\/>\n\n\n\n<h2 class=\"wp-block-heading\"><strong>Courier<\/strong> \/ Correo \/ Courrier<\/h2>\n\n\n\n<h3 class=\"wp-block-heading\">\u00ab Crois et sois baptis\u00e9 \u00bb : une conversation mondiale sur le bapt\u00eame<\/h3>\n\n\n\n<p>Les racines du bapt\u00eame chr\u00e9tien puisent profond\u00e9ment dans les images bibliques de l\u2019eau \u2013 un symbole permanent de purification, de rafra\u00eechissement et de vie elle-m\u00eame. Dans l\u2019Ancien Testament, l\u2019eau est souvent associ\u00e9e \u00e0 la puissance de gu\u00e9rison de Dieu : une source dans le d\u00e9sert, un puits vivifiant, ou la justice qui coule \u2018comme un fleuve puissant\u2019<\/p>\n\n\n\n<div class=\"wp-block-buttons is-layout-flex wp-block-buttons-is-layout-flex\">\n<div class=\"wp-block-button\"><a class=\"wp-block-button__link wp-element-button\" href=\"https:\/\/mwc-cmm.org\/fr\/resources\/courrier-2021-2-octobre\/\">Courrier 2021 \/ 2<\/a><\/div>\n<\/div>\n\n\n\n<hr class=\"wp-block-separator has-alpha-channel-opacity\"\/>\n\n\n\n<h2 class=\"wp-block-heading\">Webinaire \u2018Renouveau 2021\u2019<\/h2>\n\n\n\n<h3 class=\"wp-block-heading\"><strong>The Anabaptist-Mennonite Tradition <\/strong><\/h3>\n\n\n\n<p>History, theology and pastoral challenges<\/p>\n\n\n\n<h3 class=\"wp-block-heading\"><strong>Giving and Receiving within the Body of Christ<\/strong><\/h3>\n\n\n\n<p>Learning from the Mennonite-Catholic-Lutheran Conversations on Baptism<\/p>\n\n\n\n<div class=\"wp-block-buttons is-layout-flex wp-block-buttons-is-layout-flex\">\n<div class=\"wp-block-button\"><a class=\"wp-block-button__link wp-element-button\" href=\"https:\/\/mwc-cmm.org\/fr\/resources\/webinaire-renouveau-2021-2\/\">Webinaire \u2018Renouveau 2021\u2019<\/a><\/div>\n<\/div>\n\n\n\n<hr class=\"wp-block-separator has-alpha-channel-opacity\"\/>\n\n\n\n<h2 class=\"wp-block-heading\"><strong>Mennonite Quarterly Review<\/strong><\/h2>\n\n\n\n<p>Baptism and Incorporation into the Body of Christ, the Church <\/p>\n\n\n\n<p>Lutheran-Mennonite-Roman Catholic Trilateral Conversations 2012\u20132017<\/p>\n\n\n\n<p>Report of the Lutheran-Mennonite-Roman Catholic Trilateral Dialogue Commission<\/p>\n\n\n\n<div class=\"wp-block-buttons is-layout-flex wp-block-buttons-is-layout-flex\">\n<div class=\"wp-block-button\"><a class=\"wp-block-button__link wp-element-button\" href=\"https:\/\/mwc-cmm.org\/en\/resources\/mennonite-quarterly-review-95\/\">Issue 95<\/a><\/div>\n<\/div>\n\n\n\n<hr class=\"wp-block-separator has-alpha-channel-opacity\"\/>\n\n\n\n<h2 class=\"wp-block-heading\">Histoires sur les dialogues trilat\u00e9raux<\/h2>\n\n\n\n<div class=\"wp-block-columns is-layout-flex wp-container-core-columns-is-layout-28f84493 wp-block-columns-is-layout-flex\">\n<div class=\"wp-block-column is-layout-flow wp-block-column-is-layout-flow\" style=\"flex-basis:33.33%\">\n<figure class=\"wp-block-image size-full\"><a href=\"https:\/\/mwc-cmm.org\/es\/stories\/di%C3%A1logos-sobre-el-bautismo-cierran-con-aprendizajes-y-oraci%C3%B3n\"><img decoding=\"async\" data-src=\"https:\/\/mwc-cmm.org\/wp-content\/uploads\/2024\/11\/image-22.png\" alt=\"\" class=\"wp-image-107125 smush-dimensions lazyload\" width=\"180\" style=\"--smush-image-width: 180px; --smush-image-aspect-ratio: 180\/135;\" src=\"data:image\/svg+xml;base64,PHN2ZyB3aWR0aD0iMSIgaGVpZ2h0PSIxIiB4bWxucz0iaHR0cDovL3d3dy53My5vcmcvMjAwMC9zdmciPjwvc3ZnPg==\" \/><\/a><\/figure>\n<\/div>\n\n\n\n<div class=\"wp-block-column is-layout-flow wp-block-column-is-layout-flow\" style=\"flex-basis:66.66%\">\n<p>Di\u00e1logos sobre el bautismo cierran con aprendizajes y oraci\u00f3n<\/p>\n\n\n\n<p>La comisi\u00f3n discuti\u00f3 y desarroll\u00f3 su informe final titulado \u201cBautismo e incorporaci\u00f3n en el Cuerpo de Cristo, la Iglesia,\u201d redactado por los profesores Theo Dieter (Luterano, Francia), William Henn (Cat\u00f3lico, EE.UU.\/Vaticano) y John Rempel (Menonita, Canad\u00e1). La comisi\u00f3n trilateral acord\u00f3 un nuevo proceso para terminar el informe, que resume las enriquecedoras discusiones que han tenido lugar durante los pasados cinco a\u00f1os, sobre tres temas fundamentales<\/p>\n<\/div>\n<\/div>\n\n\n\n<div class=\"wp-block-columns is-layout-flex wp-container-core-columns-is-layout-28f84493 wp-block-columns-is-layout-flex\">\n<div class=\"wp-block-column is-layout-flow wp-block-column-is-layout-flow\" style=\"flex-basis:33.33%\">\n<figure class=\"wp-block-image size-full\"><a href=\"https:\/\/mwc-cmm.org\/es\/young-anabaptists-yabs\/stories\/incorporaci%C3%B3n-al-cuerpo-de-cristo\"><img decoding=\"async\" data-src=\"https:\/\/mwc-cmm.org\/wp-content\/uploads\/2024\/11\/image-23.png\" alt=\"\" class=\"wp-image-107139 smush-dimensions lazyload\" width=\"180\" style=\"--smush-image-width: 180px; --smush-image-aspect-ratio: 180\/135;\" src=\"data:image\/svg+xml;base64,PHN2ZyB3aWR0aD0iMSIgaGVpZ2h0PSIxIiB4bWxucz0iaHR0cDovL3d3dy53My5vcmcvMjAwMC9zdmciPjwvc3ZnPg==\" \/><\/a><\/figure>\n<\/div>\n\n\n\n<div class=\"wp-block-column is-layout-flow wp-block-column-is-layout-flow\" style=\"flex-basis:66.66%\">\n<p>Incorporaci\u00f3n al cuerpo de Cristo<\/p>\n\n\n\n<p>La comisi\u00f3n desarroll\u00f3 como tema general del di\u00e1logo \u201cEl bautismo y la incorporaci\u00f3n en el cuerpo de Cristo, la Iglesia\u201d por medio de trabajos escritos sobre la tem\u00e1tica de la cuarta reuni\u00f3n \u201cViviendo nuestro bautismo\u201d.<\/p>\n<\/div>\n<\/div>\n\n\n\n<div class=\"wp-block-columns is-layout-flex wp-container-core-columns-is-layout-28f84493 wp-block-columns-is-layout-flex\">\n<div class=\"wp-block-column is-layout-flow wp-block-column-is-layout-flow\" style=\"flex-basis:33.33%\">\n<figure class=\"wp-block-image size-full\"><a href=\"https:\/\/mwc-cmm.org\/es\/stories\/comisi%C3%B3n-sobre-el-bautismo-del-di%C3%A1logo-trilateral-cat%C3%B3lico-luterano\"><img decoding=\"async\" data-src=\"https:\/\/mwc-cmm.org\/wp-content\/uploads\/2024\/11\/image-24.png\" alt=\"\" class=\"wp-image-107153 smush-dimensions lazyload\" width=\"180\" style=\"--smush-image-width: 180px; --smush-image-aspect-ratio: 180\/135;\" src=\"data:image\/svg+xml;base64,PHN2ZyB3aWR0aD0iMSIgaGVpZ2h0PSIxIiB4bWxucz0iaHR0cDovL3d3dy53My5vcmcvMjAwMC9zdmciPjwvc3ZnPg==\" \/><\/a><\/figure>\n<\/div>\n\n\n\n<div class=\"wp-block-column is-layout-flow wp-block-column-is-layout-flow\" style=\"flex-basis:66.66%\">\n<p>Comisi\u00f3n sobre el Bautismo del Di\u00e1logo Trilateral Cat\u00f3lico, Luterano, Menonita<\/p>\n\n\n\n<p>La Comisi\u00f3n desarroll\u00f3 el tema general del di\u00e1logo \u201cBautismo e incorporaci\u00f3n en el cuerpo de Cristo, la iglesia\u201d a trav\u00e9s de documentos sobre \u201cBautismo: Comunicando la Gracia y la Fe\u201d. Los profesores John Rempel y Fernando Enns (Menonitas), El Rev. Profesor William Henn (Cat\u00f3lico) y el obispo em\u00e9rito Dr. Musawenkosi Biyela (Luterano) hicieron presentaciones especializadas.<\/p>\n<\/div>\n<\/div>\n\n\n\n<div class=\"wp-block-columns is-layout-flex wp-container-core-columns-is-layout-28f84493 wp-block-columns-is-layout-flex\">\n<div class=\"wp-block-column is-layout-flow wp-block-column-is-layout-flow\" style=\"flex-basis:33.33%\">\n<figure class=\"wp-block-image size-full\"><a href=\"https:\/\/mwc-cmm.org\/es\/young-anabaptists-yabs\/stories\/menonitas-cat%C3%B3licos-y-luteranos-sostienen-una-segunda-ronda-de\"><img decoding=\"async\" data-src=\"https:\/\/mwc-cmm.org\/wp-content\/uploads\/2024\/11\/image-26.png\" alt=\"\" class=\"wp-image-107182 smush-dimensions lazyload\" width=\"180\" style=\"--smush-image-width: 180px; --smush-image-aspect-ratio: 180\/135;\" src=\"data:image\/svg+xml;base64,PHN2ZyB3aWR0aD0iMSIgaGVpZ2h0PSIxIiB4bWxucz0iaHR0cDovL3d3dy53My5vcmcvMjAwMC9zdmciPjwvc3ZnPg==\" \/><\/a><\/figure>\n<\/div>\n\n\n\n<div class=\"wp-block-column is-layout-flow wp-block-column-is-layout-flow\" style=\"flex-basis:66.66%\">\n<p>Menonitas, cat\u00f3licos y luteranos sostienen una segunda ronda de di\u00e1logo sobre el bautismo<\/p>\n\n\n\n<p>\u201cSigo inspirado por nuestra labor conjunta,\u201d coment\u00f3 John Rempel de Toronto, Ontario, uno de los participantes menonita en la segunda reuni\u00f3n de la Comisi\u00f3n de Di\u00e1logo Trilateral (cat\u00f3licos, luteranos, menonitas) sobre el Bautismo realizada del 26-31 de enero de 2014.<\/p>\n<\/div>\n<\/div>\n\n\n\n<div class=\"wp-block-columns is-layout-flex wp-container-core-columns-is-layout-28f84493 wp-block-columns-is-layout-flex\">\n<div class=\"wp-block-column is-layout-flow wp-block-column-is-layout-flow\" style=\"flex-basis:33.33%\">\n<figure class=\"wp-block-image size-full\"><a href=\"https:\/\/mwc-cmm.org\/es\/node143\/stories\/el-bautismo-es-el-foco-de-un-di%C3%A1logo-trilateral-entre-menonitas-cat%C3%B3licos-y\"><img decoding=\"async\" data-src=\"https:\/\/mwc-cmm.org\/wp-content\/uploads\/2024\/11\/image-27.png\" alt=\"\" class=\"wp-image-107196 smush-dimensions lazyload\" width=\"180\" style=\"--smush-image-width: 180px; --smush-image-aspect-ratio: 180\/135;\" src=\"data:image\/svg+xml;base64,PHN2ZyB3aWR0aD0iMSIgaGVpZ2h0PSIxIiB4bWxucz0iaHR0cDovL3d3dy53My5vcmcvMjAwMC9zdmciPjwvc3ZnPg==\" \/><\/a><\/figure>\n<\/div>\n\n\n\n<div class=\"wp-block-column is-layout-flow wp-block-column-is-layout-flow\" style=\"flex-basis:66.66%\">\n<p>El bautismo es el foco de un di\u00e1logo trilateral entre menonitas, cat\u00f3licos y luteranos<\/p>\n\n\n\n<p>Del 9 al 13 de diciembre de 2012 se inici\u00f3 en Roma un di\u00e1logo internacional trilateral entre menonitas, cat\u00f3licos y luteranos.<\/p>\n<\/div>\n<\/div>\n","protected":false},"featured_media":29232,"template":"","network":[1272],"resourcetype":[],"language":[1346],"resourcecategory":[1403],"resourcetheme":[],"eventcategory":[],"class_list":["post-17950","mwcresource","type-mwcresource","status-publish","has-post-thumbnail","hentry","network-faith-and-life-commission-fr","language-fr-fr","resourcecategory-resource-document-fr"],"acf":[],"yoast_head":"<!-- This site is optimized with the Yoast SEO plugin v27.5 - https:\/\/yoast.com\/product\/yoast-seo-wordpress\/ -->\n<title>Ressources concernant le rapport sur les bapt\u00eames - Mennonite World Conference<\/title>\n<meta name=\"robots\" content=\"index, follow, max-snippet:-1, max-image-preview:large, max-video-preview:-1\" \/>\n<link rel=\"canonical\" href=\"https:\/\/mwc-cmm.org\/fr\/resources\/ressources-concernant-le-rapport-sur-les-baptemes\/\" \/>\n<meta property=\"og:locale\" content=\"fr_FR\" \/>\n<meta property=\"og:type\" content=\"article\" \/>\n<meta property=\"og:title\" content=\"Ressources concernant le rapport sur les bapt\u00eames - Mennonite World Conference\" \/>\n<meta property=\"og:description\" content=\"Guide d&rsquo;\u00e9tude Une fid\u00e9lit\u00e9 grandissante : vivre notre bapt\u00eame Guide d\u2019\u00e9tude et de r\u00e9flexion sur Bapt\u00eame et incorporation dans le Corps du Christ, l\u2019\u00c9glise&nbsp;: Rapport des conversations trilat\u00e9rales entre luth\u00e9riens, mennonites et catholiques romains de 2012&nbsp;\u00e0&nbsp;2017 Rapport Bapt\u00eame et incorporation dans le Corps du Christ, l\u2019\u00c9glise Le dialogue trilat\u00e9ral qui s\u2019est d\u00e9roul\u00e9 de 2012 \u00e0 [&hellip;]\" \/>\n<meta property=\"og:url\" content=\"https:\/\/mwc-cmm.org\/fr\/resources\/ressources-concernant-le-rapport-sur-les-baptemes\/\" \/>\n<meta property=\"og:site_name\" content=\"Mennonite World Conference\" \/>\n<meta property=\"article:publisher\" content=\"https:\/\/www.facebook.com\/MennoniteWorldConference\" \/>\n<meta property=\"article:modified_time\" content=\"2025-09-25T07:22:05+00:00\" \/>\n<meta property=\"og:image\" content=\"https:\/\/mwc-cmm.org\/wp-content\/uploads\/2024\/11\/02132017wilhelm_ungerdsc_0438.jpg\" \/>\n\t<meta property=\"og:image:width\" content=\"180\" \/>\n\t<meta property=\"og:image:height\" content=\"135\" \/>\n\t<meta property=\"og:image:type\" content=\"image\/jpeg\" \/>\n<script type=\"application\/ld+json\" class=\"yoast-schema-graph\">{\"@context\":\"https:\\\/\\\/schema.org\",\"@graph\":[{\"@type\":\"WebPage\",\"@id\":\"https:\\\/\\\/mwc-cmm.org\\\/fr\\\/resources\\\/ressources-concernant-le-rapport-sur-les-baptemes\\\/\",\"url\":\"https:\\\/\\\/mwc-cmm.org\\\/fr\\\/resources\\\/ressources-concernant-le-rapport-sur-les-baptemes\\\/\",\"name\":\"Ressources concernant le rapport sur les bapt\u00eames - Mennonite World Conference\",\"isPartOf\":{\"@id\":\"https:\\\/\\\/mwc-cmm.org\\\/en\\\/#website\"},\"primaryImageOfPage\":{\"@id\":\"https:\\\/\\\/mwc-cmm.org\\\/fr\\\/resources\\\/ressources-concernant-le-rapport-sur-les-baptemes\\\/#primaryimage\"},\"image\":{\"@id\":\"https:\\\/\\\/mwc-cmm.org\\\/fr\\\/resources\\\/ressources-concernant-le-rapport-sur-les-baptemes\\\/#primaryimage\"},\"thumbnailUrl\":\"https:\\\/\\\/mwc-cmm.org\\\/wp-content\\\/uploads\\\/2024\\\/11\\\/02132017wilhelm_ungerdsc_0438.jpg\",\"datePublished\":\"2024-11-19T17:39:50+00:00\",\"dateModified\":\"2025-09-25T07:22:05+00:00\",\"breadcrumb\":{\"@id\":\"https:\\\/\\\/mwc-cmm.org\\\/fr\\\/resources\\\/ressources-concernant-le-rapport-sur-les-baptemes\\\/#breadcrumb\"},\"inLanguage\":\"fr-FR\",\"potentialAction\":[{\"@type\":\"ReadAction\",\"target\":[\"https:\\\/\\\/mwc-cmm.org\\\/fr\\\/resources\\\/ressources-concernant-le-rapport-sur-les-baptemes\\\/\"]}]},{\"@type\":\"ImageObject\",\"inLanguage\":\"fr-FR\",\"@id\":\"https:\\\/\\\/mwc-cmm.org\\\/fr\\\/resources\\\/ressources-concernant-le-rapport-sur-les-baptemes\\\/#primaryimage\",\"url\":\"https:\\\/\\\/mwc-cmm.org\\\/wp-content\\\/uploads\\\/2024\\\/11\\\/02132017wilhelm_ungerdsc_0438.jpg\",\"contentUrl\":\"https:\\\/\\\/mwc-cmm.org\\\/wp-content\\\/uploads\\\/2024\\\/11\\\/02132017wilhelm_ungerdsc_0438.jpg\",\"width\":180,\"height\":135},{\"@type\":\"BreadcrumbList\",\"@id\":\"https:\\\/\\\/mwc-cmm.org\\\/fr\\\/resources\\\/ressources-concernant-le-rapport-sur-les-baptemes\\\/#breadcrumb\",\"itemListElement\":[{\"@type\":\"ListItem\",\"position\":1,\"name\":\"Home\",\"item\":\"https:\\\/\\\/mwc-cmm.org\\\/fr\\\/\"},{\"@type\":\"ListItem\",\"position\":2,\"name\":\"Ressources concernant le rapport sur les bapt\u00eames\"}]},{\"@type\":\"WebSite\",\"@id\":\"https:\\\/\\\/mwc-cmm.org\\\/en\\\/#website\",\"url\":\"https:\\\/\\\/mwc-cmm.org\\\/en\\\/\",\"name\":\"Mennonite World Conference\",\"description\":\"A communion of Anabaptist-related churches\",\"publisher\":{\"@id\":\"https:\\\/\\\/mwc-cmm.org\\\/en\\\/#organization\"},\"alternateName\":\"MWC\",\"potentialAction\":[{\"@type\":\"SearchAction\",\"target\":{\"@type\":\"EntryPoint\",\"urlTemplate\":\"https:\\\/\\\/mwc-cmm.org\\\/en\\\/?s={search_term_string}\"},\"query-input\":{\"@type\":\"PropertyValueSpecification\",\"valueRequired\":true,\"valueName\":\"search_term_string\"}}],\"inLanguage\":\"fr-FR\"},{\"@type\":\"Organization\",\"@id\":\"https:\\\/\\\/mwc-cmm.org\\\/en\\\/#organization\",\"name\":\"Mennonite World Conference\",\"alternateName\":\"MWC\",\"url\":\"https:\\\/\\\/mwc-cmm.org\\\/en\\\/\",\"logo\":{\"@type\":\"ImageObject\",\"inLanguage\":\"fr-FR\",\"@id\":\"https:\\\/\\\/mwc-cmm.org\\\/en\\\/#\\\/schema\\\/logo\\\/image\\\/\",\"url\":\"https:\\\/\\\/mwc-cmm.org\\\/wp-content\\\/uploads\\\/2026\\\/01\\\/MWC_Sig_Blue_Horiz_webheader1-logo.svg\",\"contentUrl\":\"https:\\\/\\\/mwc-cmm.org\\\/wp-content\\\/uploads\\\/2026\\\/01\\\/MWC_Sig_Blue_Horiz_webheader1-logo.svg\",\"width\":786,\"height\":82,\"caption\":\"Mennonite World Conference\"},\"image\":{\"@id\":\"https:\\\/\\\/mwc-cmm.org\\\/en\\\/#\\\/schema\\\/logo\\\/image\\\/\"},\"sameAs\":[\"https:\\\/\\\/www.facebook.com\\\/MennoniteWorldConference\",\"https:\\\/\\\/www.linkedin.com\\\/company\\\/mennonite-world-conference-mwc\\\/\",\"https:\\\/\\\/www.instagram.com\\\/mwcmm\\\/\",\"https:\\\/\\\/www.youtube.com\\\/user\\\/mwccmm\",\"https:\\\/\\\/bsky.app\\\/profile\\\/mwcmm.bsky.social\"]}]}<\/script>\n<!-- \/ Yoast SEO plugin. -->","yoast_head_json":{"title":"Ressources concernant le rapport sur les bapt\u00eames - Mennonite World Conference","robots":{"index":"index","follow":"follow","max-snippet":"max-snippet:-1","max-image-preview":"max-image-preview:large","max-video-preview":"max-video-preview:-1"},"canonical":"https:\/\/mwc-cmm.org\/fr\/resources\/ressources-concernant-le-rapport-sur-les-baptemes\/","og_locale":"fr_FR","og_type":"article","og_title":"Ressources concernant le rapport sur les bapt\u00eames - Mennonite World Conference","og_description":"Guide d&rsquo;\u00e9tude Une fid\u00e9lit\u00e9 grandissante : vivre notre bapt\u00eame Guide d\u2019\u00e9tude et de r\u00e9flexion sur Bapt\u00eame et incorporation dans le Corps du Christ, l\u2019\u00c9glise&nbsp;: Rapport des conversations trilat\u00e9rales entre luth\u00e9riens, mennonites et catholiques romains de 2012&nbsp;\u00e0&nbsp;2017 Rapport Bapt\u00eame et incorporation dans le Corps du Christ, l\u2019\u00c9glise Le dialogue trilat\u00e9ral qui s\u2019est d\u00e9roul\u00e9 de 2012 \u00e0 [&hellip;]","og_url":"https:\/\/mwc-cmm.org\/fr\/resources\/ressources-concernant-le-rapport-sur-les-baptemes\/","og_site_name":"Mennonite World Conference","article_publisher":"https:\/\/www.facebook.com\/MennoniteWorldConference","article_modified_time":"2025-09-25T07:22:05+00:00","og_image":[{"width":180,"height":135,"url":"https:\/\/mwc-cmm.org\/wp-content\/uploads\/2024\/11\/02132017wilhelm_ungerdsc_0438.jpg","type":"image\/jpeg"}],"schema":{"@context":"https:\/\/schema.org","@graph":[{"@type":"WebPage","@id":"https:\/\/mwc-cmm.org\/fr\/resources\/ressources-concernant-le-rapport-sur-les-baptemes\/","url":"https:\/\/mwc-cmm.org\/fr\/resources\/ressources-concernant-le-rapport-sur-les-baptemes\/","name":"Ressources concernant le rapport sur les bapt\u00eames - Mennonite World Conference","isPartOf":{"@id":"https:\/\/mwc-cmm.org\/en\/#website"},"primaryImageOfPage":{"@id":"https:\/\/mwc-cmm.org\/fr\/resources\/ressources-concernant-le-rapport-sur-les-baptemes\/#primaryimage"},"image":{"@id":"https:\/\/mwc-cmm.org\/fr\/resources\/ressources-concernant-le-rapport-sur-les-baptemes\/#primaryimage"},"thumbnailUrl":"https:\/\/mwc-cmm.org\/wp-content\/uploads\/2024\/11\/02132017wilhelm_ungerdsc_0438.jpg","datePublished":"2024-11-19T17:39:50+00:00","dateModified":"2025-09-25T07:22:05+00:00","breadcrumb":{"@id":"https:\/\/mwc-cmm.org\/fr\/resources\/ressources-concernant-le-rapport-sur-les-baptemes\/#breadcrumb"},"inLanguage":"fr-FR","potentialAction":[{"@type":"ReadAction","target":["https:\/\/mwc-cmm.org\/fr\/resources\/ressources-concernant-le-rapport-sur-les-baptemes\/"]}]},{"@type":"ImageObject","inLanguage":"fr-FR","@id":"https:\/\/mwc-cmm.org\/fr\/resources\/ressources-concernant-le-rapport-sur-les-baptemes\/#primaryimage","url":"https:\/\/mwc-cmm.org\/wp-content\/uploads\/2024\/11\/02132017wilhelm_ungerdsc_0438.jpg","contentUrl":"https:\/\/mwc-cmm.org\/wp-content\/uploads\/2024\/11\/02132017wilhelm_ungerdsc_0438.jpg","width":180,"height":135},{"@type":"BreadcrumbList","@id":"https:\/\/mwc-cmm.org\/fr\/resources\/ressources-concernant-le-rapport-sur-les-baptemes\/#breadcrumb","itemListElement":[{"@type":"ListItem","position":1,"name":"Home","item":"https:\/\/mwc-cmm.org\/fr\/"},{"@type":"ListItem","position":2,"name":"Ressources concernant le rapport sur les bapt\u00eames"}]},{"@type":"WebSite","@id":"https:\/\/mwc-cmm.org\/en\/#website","url":"https:\/\/mwc-cmm.org\/en\/","name":"Mennonite World Conference","description":"A communion of Anabaptist-related churches","publisher":{"@id":"https:\/\/mwc-cmm.org\/en\/#organization"},"alternateName":"MWC","potentialAction":[{"@type":"SearchAction","target":{"@type":"EntryPoint","urlTemplate":"https:\/\/mwc-cmm.org\/en\/?s={search_term_string}"},"query-input":{"@type":"PropertyValueSpecification","valueRequired":true,"valueName":"search_term_string"}}],"inLanguage":"fr-FR"},{"@type":"Organization","@id":"https:\/\/mwc-cmm.org\/en\/#organization","name":"Mennonite World Conference","alternateName":"MWC","url":"https:\/\/mwc-cmm.org\/en\/","logo":{"@type":"ImageObject","inLanguage":"fr-FR","@id":"https:\/\/mwc-cmm.org\/en\/#\/schema\/logo\/image\/","url":"https:\/\/mwc-cmm.org\/wp-content\/uploads\/2026\/01\/MWC_Sig_Blue_Horiz_webheader1-logo.svg","contentUrl":"https:\/\/mwc-cmm.org\/wp-content\/uploads\/2026\/01\/MWC_Sig_Blue_Horiz_webheader1-logo.svg","width":786,"height":82,"caption":"Mennonite World Conference"},"image":{"@id":"https:\/\/mwc-cmm.org\/en\/#\/schema\/logo\/image\/"},"sameAs":["https:\/\/www.facebook.com\/MennoniteWorldConference","https:\/\/www.linkedin.com\/company\/mennonite-world-conference-mwc\/","https:\/\/www.instagram.com\/mwcmm\/","https:\/\/www.youtube.com\/user\/mwccmm","https:\/\/bsky.app\/profile\/mwcmm.bsky.social"]}]}},"_links":{"self":[{"href":"https:\/\/mwc-cmm.org\/fr\/wp-json\/wp\/v2\/mwcresource\/17950","targetHints":{"allow":["GET"]}}],"collection":[{"href":"https:\/\/mwc-cmm.org\/fr\/wp-json\/wp\/v2\/mwcresource"}],"about":[{"href":"https:\/\/mwc-cmm.org\/fr\/wp-json\/wp\/v2\/types\/mwcresource"}],"wp:featuredmedia":[{"embeddable":true,"href":"https:\/\/mwc-cmm.org\/fr\/wp-json\/wp\/v2\/media\/29232"}],"wp:attachment":[{"href":"https:\/\/mwc-cmm.org\/fr\/wp-json\/wp\/v2\/media?parent=17950"}],"wp:term":[{"taxonomy":"network","embeddable":true,"href":"https:\/\/mwc-cmm.org\/fr\/wp-json\/wp\/v2\/network?post=17950"},{"taxonomy":"resourcetype","embeddable":true,"href":"https:\/\/mwc-cmm.org\/fr\/wp-json\/wp\/v2\/resourcetype?post=17950"},{"taxonomy":"language","embeddable":true,"href":"https:\/\/mwc-cmm.org\/fr\/wp-json\/wp\/v2\/language?post=17950"},{"taxonomy":"resourcecategory","embeddable":true,"href":"https:\/\/mwc-cmm.org\/fr\/wp-json\/wp\/v2\/resourcecategory?post=17950"},{"taxonomy":"resourcetheme","embeddable":true,"href":"https:\/\/mwc-cmm.org\/fr\/wp-json\/wp\/v2\/resourcetheme?post=17950"},{"taxonomy":"eventcategory","embeddable":true,"href":"https:\/\/mwc-cmm.org\/fr\/wp-json\/wp\/v2\/eventcategory?post=17950"}],"curies":[{"name":"wp","href":"https:\/\/api.w.org\/{rel}","templated":true}]}}