{"id":17924,"date":"2023-08-19T17:39:20","date_gmt":"2023-08-19T17:39:20","guid":{"rendered":"https:\/\/mwc-cmm.org\/en\/resources\/le-week-end-de-priere-et-daction-contre-la-faim-2023\/"},"modified":"2024-12-12T18:42:53","modified_gmt":"2024-12-12T18:42:53","slug":"le-week-end-de-priere-et-daction-contre-la-faim-2023","status":"publish","type":"mwcresource","link":"https:\/\/mwc-cmm.org\/fr\/resources\/le-week-end-de-priere-et-daction-contre-la-faim-2023\/","title":{"rendered":"Le week-end de pri\u00e8re et d\u2019action contre la faim 2023"},"content":{"rendered":"\n<h2 class=\"wp-block-heading\">Liturgie :&nbsp;Partager ton pain avec l\u2019affam\u00e9 \u2013 \u00c9sa\u00efe 58, 6-12<\/h2>\n\n\n\n<p>Le monde fait face \u00e0 une crise de la faim sans pr\u00e9c\u00e9dent. La temp\u00eate des conflits, de la COVID-19, du changement climatique et de la hausse des co\u00fbts pousse les enfants et les familles dans des situations extr\u00eamement vuln\u00e9rables.<\/p>\n\n\n\n<p>Le nombre de personnes touch\u00e9es par l\u2019ins\u00e9curit\u00e9 alimentaire aigu\u00eb a presque doubl\u00e9 au cours des trois derni\u00e8res ann\u00e9es, passant de 135 millions de personnes r\u00e9parties dans 55 pays et territoires en 2019 \u00e0 un record de 258 millions dans 58 pays en 2022 &#8211; encore plus que la projection de mi-ann\u00e9e de l\u2019ann\u00e9e derni\u00e8re selon laquelle, sans action urgente, 222 millions de personnes dans 53 pays et territoires pourraient \u00eatre confront\u00e9es \u00e0 des conditions de \u201ccrise\u201d ou pire.<\/p>\n\n\n\n<p>Face aux statistiques d\u00e9sastreuses, on sait que la faim a un nom\u2026<\/p>\n\n\n\n<ul class=\"wp-block-list\">\n<li>Hamdi, sept mois, ne pesait que 4 kilos lorsqu\u2019elle est arriv\u00e9e, en juin dernier, dans un centre de nutrition \u00e0 Baidoa, en Somalie. Les agents de sant\u00e9 ont d\u00e9couvert qu\u2019elle souffrait de malnutrition aigu\u00eb s\u00e9v\u00e8re, exacerb\u00e9e par une diarrh\u00e9e aqueuse aigu\u00eb et la rougeole. La s\u00e9cheresse en Somalie n\u2019a pas seulement un impact sur l\u2019acc\u00e8s \u00e0 la nourriture\u2026<\/li>\n\n\n\n<li>Peter, petit gar\u00e7on kenyan de dix ans, dont l\u2019approvisionnement alimentaire de la famille a \u00e9t\u00e9 impact\u00e9 par la s\u00e9cheresse et le changement climatique.<\/li>\n\n\n\n<li>Nadia, 1 an, en Afghanistan \u2013 d\u00e9plac\u00e9e et souffrant de malnutrition s\u00e9v\u00e8re.<\/li>\n<\/ul>\n\n\n\n<p>Nadia, Hamdi, et Peter ont trouv\u00e9 de l\u2019aide et du soutien&#8230; Mais la situation reste globalement un d\u00e9fi de taille. Car, dans chaque quartier, chaque communaut\u00e9, des personnes souffrent de la faim.<\/p>\n\n\n\n<p>Ces situations existent, alors qu\u2019il y a suffisamment de nourriture sur la plan\u00e8te pour nourrir le monde entier&#8230; Aussi prions-nous pour la justice, pour que les c\u0153urs agissent et guident l\u2019action, et pour que les syst\u00e8mes changent et que soient mises en place des mesures pour \u00e9radiquer la faim.<\/p>\n\n\n\n<h3 class=\"wp-block-heading\">Mat\u00e9riels pour le culte<\/h3>\n\n\n\n<ul class=\"wp-block-list\">\n<li>Pri\u00e8re d\u2019ouverture<\/li>\n\n\n\n<li>Hymnes et musique<\/li>\n\n\n\n<li>La faim aujourd\u2019hui<\/li>\n\n\n\n<li>Pri\u00e8re de Confession<\/li>\n\n\n\n<li>\u00c9critures<\/li>\n\n\n\n<li>R\u00e9flexions<\/li>\n\n\n\n<li>Invitation \u00e0 l\u2019action<\/li>\n\n\n\n<li>Pri\u00e8res<\/li>\n<\/ul>\n\n\n\n<div class=\"wp-block-columns is-layout-flex wp-container-core-columns-is-layout-28f84493 wp-block-columns-is-layout-flex\">\n<div class=\"wp-block-column is-layout-flow wp-block-column-is-layout-flow\">\n<div data-wp-interactive=\"core\/file\" class=\"wp-block-file\"><object data-wp-bind--hidden=\"!state.hasPdfPreview\" hidden class=\"wp-block-file__embed\" data=\"https:\/\/mwc-cmm.org\/wp-content\/uploads\/2024\/11\/wopa_liturgy_1.pdf\" type=\"application\/pdf\" style=\"width:100%;height:600px\" aria-label=\"Contenu embarqu\u00e9 wopa_liturgy_1.\"><\/object><a id=\"wp-block-file--media-c38be4e8-d725-43f9-987a-8c8d5c4d766a\" href=\"https:\/\/mwc-cmm.org\/wp-content\/uploads\/2024\/11\/wopa_liturgy_1.pdf\">wopa_liturgy_1<\/a><a href=\"https:\/\/mwc-cmm.org\/wp-content\/uploads\/2024\/11\/wopa_liturgy_1.pdf\" class=\"wp-block-file__button wp-element-button\" download aria-describedby=\"wp-block-file--media-c38be4e8-d725-43f9-987a-8c8d5c4d766a\">Download<\/a><\/div>\n<\/div>\n\n\n\n<div class=\"wp-block-column is-layout-flow wp-block-column-is-layout-flow\">\n<div data-wp-interactive=\"core\/file\" class=\"wp-block-file\"><object data-wp-bind--hidden=\"!state.hasPdfPreview\" hidden class=\"wp-block-file__embed\" data=\"https:\/\/mwc-cmm.org\/wp-content\/uploads\/2024\/11\/10-commandments-guide_small.pdf\" type=\"application\/pdf\" style=\"width:100%;height:600px\" aria-label=\"Contenu embarqu\u00e9 10-commandments-guide_small.\"><\/object><a id=\"wp-block-file--media-38d79bf9-8124-4a09-91ce-cb51d27ba919\" href=\"https:\/\/mwc-cmm.org\/wp-content\/uploads\/2024\/11\/10-commandments-guide_small.pdf\">10-commandments-guide_small<\/a><a href=\"https:\/\/mwc-cmm.org\/wp-content\/uploads\/2024\/11\/10-commandments-guide_small.pdf\" class=\"wp-block-file__button wp-element-button\" download aria-describedby=\"wp-block-file--media-38d79bf9-8124-4a09-91ce-cb51d27ba919\">Download<\/a><\/div>\n<\/div>\n<\/div>\n","protected":false},"featured_media":0,"template":"","network":[1262],"resourcetype":[],"language":[1346],"resourcecategory":[1367],"resourcetheme":[],"eventcategory":[],"class_list":["post-17924","mwcresource","type-mwcresource","status-publish","hentry","network-deacons-commission-fr","language-fr-fr","resourcecategory-worship-resource-fr"],"acf":[],"yoast_head":"<!-- This site is optimized with the Yoast SEO plugin v27.2 - https:\/\/yoast.com\/product\/yoast-seo-wordpress\/ -->\n<title>Le week-end de pri\u00e8re et d\u2019action contre la faim 2023 - Mennonite World Conference<\/title>\n<meta name=\"robots\" content=\"index, follow, max-snippet:-1, max-image-preview:large, max-video-preview:-1\" \/>\n<link rel=\"canonical\" href=\"https:\/\/mwc-cmm.org\/fr\/resources\/le-week-end-de-priere-et-daction-contre-la-faim-2023\/\" \/>\n<meta property=\"og:locale\" content=\"fr_FR\" \/>\n<meta property=\"og:type\" content=\"article\" \/>\n<meta property=\"og:title\" content=\"Le week-end de pri\u00e8re et d\u2019action contre la faim 2023 - Mennonite World Conference\" \/>\n<meta property=\"og:description\" content=\"Liturgie :&nbsp;Partager ton pain avec l\u2019affam\u00e9 \u2013 \u00c9sa\u00efe 58, 6-12 Le monde fait face \u00e0 une crise de la faim sans pr\u00e9c\u00e9dent. La temp\u00eate des conflits, de la COVID-19, du changement climatique et de la hausse des co\u00fbts pousse les enfants et les familles dans des situations extr\u00eamement vuln\u00e9rables. Le nombre de personnes touch\u00e9es par [&hellip;]\" \/>\n<meta property=\"og:url\" content=\"https:\/\/mwc-cmm.org\/fr\/resources\/le-week-end-de-priere-et-daction-contre-la-faim-2023\/\" \/>\n<meta property=\"og:site_name\" content=\"Mennonite World Conference\" \/>\n<meta property=\"article:publisher\" content=\"https:\/\/www.facebook.com\/MennoniteWorldConference\" \/>\n<meta property=\"article:modified_time\" content=\"2024-12-12T18:42:53+00:00\" \/>\n<script type=\"application\/ld+json\" class=\"yoast-schema-graph\">{\"@context\":\"https:\/\/schema.org\",\"@graph\":[{\"@type\":\"WebPage\",\"@id\":\"https:\/\/mwc-cmm.org\/fr\/resources\/le-week-end-de-priere-et-daction-contre-la-faim-2023\/\",\"url\":\"https:\/\/mwc-cmm.org\/fr\/resources\/le-week-end-de-priere-et-daction-contre-la-faim-2023\/\",\"name\":\"Le week-end de pri\u00e8re et d\u2019action contre la faim 2023 - Mennonite World Conference\",\"isPartOf\":{\"@id\":\"https:\/\/mwc-cmm.org\/en\/#website\"},\"datePublished\":\"2023-08-19T17:39:20+00:00\",\"dateModified\":\"2024-12-12T18:42:53+00:00\",\"breadcrumb\":{\"@id\":\"https:\/\/mwc-cmm.org\/fr\/resources\/le-week-end-de-priere-et-daction-contre-la-faim-2023\/#breadcrumb\"},\"inLanguage\":\"fr-FR\",\"potentialAction\":[{\"@type\":\"ReadAction\",\"target\":[\"https:\/\/mwc-cmm.org\/fr\/resources\/le-week-end-de-priere-et-daction-contre-la-faim-2023\/\"]}]},{\"@type\":\"BreadcrumbList\",\"@id\":\"https:\/\/mwc-cmm.org\/fr\/resources\/le-week-end-de-priere-et-daction-contre-la-faim-2023\/#breadcrumb\",\"itemListElement\":[{\"@type\":\"ListItem\",\"position\":1,\"name\":\"Home\",\"item\":\"https:\/\/mwc-cmm.org\/fr\/\"},{\"@type\":\"ListItem\",\"position\":2,\"name\":\"Le week-end de pri\u00e8re et d\u2019action contre la faim 2023\"}]},{\"@type\":\"WebSite\",\"@id\":\"https:\/\/mwc-cmm.org\/en\/#website\",\"url\":\"https:\/\/mwc-cmm.org\/en\/\",\"name\":\"Mennonite World Conference\",\"description\":\"A communion of Anabaptist-related churches\",\"publisher\":{\"@id\":\"https:\/\/mwc-cmm.org\/en\/#organization\"},\"alternateName\":\"MWC\",\"potentialAction\":[{\"@type\":\"SearchAction\",\"target\":{\"@type\":\"EntryPoint\",\"urlTemplate\":\"https:\/\/mwc-cmm.org\/en\/?s={search_term_string}\"},\"query-input\":{\"@type\":\"PropertyValueSpecification\",\"valueRequired\":true,\"valueName\":\"search_term_string\"}}],\"inLanguage\":\"fr-FR\"},{\"@type\":\"Organization\",\"@id\":\"https:\/\/mwc-cmm.org\/en\/#organization\",\"name\":\"Mennonite World Conference\",\"alternateName\":\"MWC\",\"url\":\"https:\/\/mwc-cmm.org\/en\/\",\"logo\":{\"@type\":\"ImageObject\",\"inLanguage\":\"fr-FR\",\"@id\":\"https:\/\/mwc-cmm.org\/en\/#\/schema\/logo\/image\/\",\"url\":\"https:\/\/mwc-cmm.org\/wp-content\/uploads\/2026\/01\/MWC_Sig_Blue_Horiz_webheader1-logo.svg\",\"contentUrl\":\"https:\/\/mwc-cmm.org\/wp-content\/uploads\/2026\/01\/MWC_Sig_Blue_Horiz_webheader1-logo.svg\",\"width\":786,\"height\":82,\"caption\":\"Mennonite World Conference\"},\"image\":{\"@id\":\"https:\/\/mwc-cmm.org\/en\/#\/schema\/logo\/image\/\"},\"sameAs\":[\"https:\/\/www.facebook.com\/MennoniteWorldConference\",\"https:\/\/www.linkedin.com\/company\/mennonite-world-conference-mwc\/\",\"https:\/\/www.instagram.com\/mwcmm\/\",\"https:\/\/www.youtube.com\/user\/mwccmm\",\"https:\/\/bsky.app\/profile\/mwcmm.bsky.social\"]}]}<\/script>\n<!-- \/ Yoast SEO plugin. -->","yoast_head_json":{"title":"Le week-end de pri\u00e8re et d\u2019action contre la faim 2023 - Mennonite World Conference","robots":{"index":"index","follow":"follow","max-snippet":"max-snippet:-1","max-image-preview":"max-image-preview:large","max-video-preview":"max-video-preview:-1"},"canonical":"https:\/\/mwc-cmm.org\/fr\/resources\/le-week-end-de-priere-et-daction-contre-la-faim-2023\/","og_locale":"fr_FR","og_type":"article","og_title":"Le week-end de pri\u00e8re et d\u2019action contre la faim 2023 - Mennonite World Conference","og_description":"Liturgie :&nbsp;Partager ton pain avec l\u2019affam\u00e9 \u2013 \u00c9sa\u00efe 58, 6-12 Le monde fait face \u00e0 une crise de la faim sans pr\u00e9c\u00e9dent. La temp\u00eate des conflits, de la COVID-19, du changement climatique et de la hausse des co\u00fbts pousse les enfants et les familles dans des situations extr\u00eamement vuln\u00e9rables. Le nombre de personnes touch\u00e9es par [&hellip;]","og_url":"https:\/\/mwc-cmm.org\/fr\/resources\/le-week-end-de-priere-et-daction-contre-la-faim-2023\/","og_site_name":"Mennonite World Conference","article_publisher":"https:\/\/www.facebook.com\/MennoniteWorldConference","article_modified_time":"2024-12-12T18:42:53+00:00","schema":{"@context":"https:\/\/schema.org","@graph":[{"@type":"WebPage","@id":"https:\/\/mwc-cmm.org\/fr\/resources\/le-week-end-de-priere-et-daction-contre-la-faim-2023\/","url":"https:\/\/mwc-cmm.org\/fr\/resources\/le-week-end-de-priere-et-daction-contre-la-faim-2023\/","name":"Le week-end de pri\u00e8re et d\u2019action contre la faim 2023 - Mennonite World Conference","isPartOf":{"@id":"https:\/\/mwc-cmm.org\/en\/#website"},"datePublished":"2023-08-19T17:39:20+00:00","dateModified":"2024-12-12T18:42:53+00:00","breadcrumb":{"@id":"https:\/\/mwc-cmm.org\/fr\/resources\/le-week-end-de-priere-et-daction-contre-la-faim-2023\/#breadcrumb"},"inLanguage":"fr-FR","potentialAction":[{"@type":"ReadAction","target":["https:\/\/mwc-cmm.org\/fr\/resources\/le-week-end-de-priere-et-daction-contre-la-faim-2023\/"]}]},{"@type":"BreadcrumbList","@id":"https:\/\/mwc-cmm.org\/fr\/resources\/le-week-end-de-priere-et-daction-contre-la-faim-2023\/#breadcrumb","itemListElement":[{"@type":"ListItem","position":1,"name":"Home","item":"https:\/\/mwc-cmm.org\/fr\/"},{"@type":"ListItem","position":2,"name":"Le week-end de pri\u00e8re et d\u2019action contre la faim 2023"}]},{"@type":"WebSite","@id":"https:\/\/mwc-cmm.org\/en\/#website","url":"https:\/\/mwc-cmm.org\/en\/","name":"Mennonite World Conference","description":"A communion of Anabaptist-related churches","publisher":{"@id":"https:\/\/mwc-cmm.org\/en\/#organization"},"alternateName":"MWC","potentialAction":[{"@type":"SearchAction","target":{"@type":"EntryPoint","urlTemplate":"https:\/\/mwc-cmm.org\/en\/?s={search_term_string}"},"query-input":{"@type":"PropertyValueSpecification","valueRequired":true,"valueName":"search_term_string"}}],"inLanguage":"fr-FR"},{"@type":"Organization","@id":"https:\/\/mwc-cmm.org\/en\/#organization","name":"Mennonite World Conference","alternateName":"MWC","url":"https:\/\/mwc-cmm.org\/en\/","logo":{"@type":"ImageObject","inLanguage":"fr-FR","@id":"https:\/\/mwc-cmm.org\/en\/#\/schema\/logo\/image\/","url":"https:\/\/mwc-cmm.org\/wp-content\/uploads\/2026\/01\/MWC_Sig_Blue_Horiz_webheader1-logo.svg","contentUrl":"https:\/\/mwc-cmm.org\/wp-content\/uploads\/2026\/01\/MWC_Sig_Blue_Horiz_webheader1-logo.svg","width":786,"height":82,"caption":"Mennonite World Conference"},"image":{"@id":"https:\/\/mwc-cmm.org\/en\/#\/schema\/logo\/image\/"},"sameAs":["https:\/\/www.facebook.com\/MennoniteWorldConference","https:\/\/www.linkedin.com\/company\/mennonite-world-conference-mwc\/","https:\/\/www.instagram.com\/mwcmm\/","https:\/\/www.youtube.com\/user\/mwccmm","https:\/\/bsky.app\/profile\/mwcmm.bsky.social"]}]}},"_links":{"self":[{"href":"https:\/\/mwc-cmm.org\/fr\/wp-json\/wp\/v2\/mwcresource\/17924","targetHints":{"allow":["GET"]}}],"collection":[{"href":"https:\/\/mwc-cmm.org\/fr\/wp-json\/wp\/v2\/mwcresource"}],"about":[{"href":"https:\/\/mwc-cmm.org\/fr\/wp-json\/wp\/v2\/types\/mwcresource"}],"wp:attachment":[{"href":"https:\/\/mwc-cmm.org\/fr\/wp-json\/wp\/v2\/media?parent=17924"}],"wp:term":[{"taxonomy":"network","embeddable":true,"href":"https:\/\/mwc-cmm.org\/fr\/wp-json\/wp\/v2\/network?post=17924"},{"taxonomy":"resourcetype","embeddable":true,"href":"https:\/\/mwc-cmm.org\/fr\/wp-json\/wp\/v2\/resourcetype?post=17924"},{"taxonomy":"language","embeddable":true,"href":"https:\/\/mwc-cmm.org\/fr\/wp-json\/wp\/v2\/language?post=17924"},{"taxonomy":"resourcecategory","embeddable":true,"href":"https:\/\/mwc-cmm.org\/fr\/wp-json\/wp\/v2\/resourcecategory?post=17924"},{"taxonomy":"resourcetheme","embeddable":true,"href":"https:\/\/mwc-cmm.org\/fr\/wp-json\/wp\/v2\/resourcetheme?post=17924"},{"taxonomy":"eventcategory","embeddable":true,"href":"https:\/\/mwc-cmm.org\/fr\/wp-json\/wp\/v2\/eventcategory?post=17924"}],"curies":[{"name":"wp","href":"https:\/\/api.w.org\/{rel}","templated":true}]}}