{"id":17923,"date":"2022-11-19T17:39:20","date_gmt":"2022-11-19T17:39:20","guid":{"rendered":"https:\/\/mwc-cmm.org\/en\/resources\/le-week-end-de-priere-et-daction-contre-la-faim-2022\/"},"modified":"2024-12-12T17:35:08","modified_gmt":"2024-12-12T17:35:08","slug":"le-week-end-de-priere-et-daction-contre-la-faim-2022","status":"publish","type":"mwcresource","link":"https:\/\/mwc-cmm.org\/fr\/resources\/le-week-end-de-priere-et-daction-contre-la-faim-2022\/","title":{"rendered":"Le week-end de pri\u00e8re et d\u2019action contre la faim 2022"},"content":{"rendered":"\n<h2 class=\"wp-block-heading\">Pourquoi nous prions et agissons contre la faim<\/h2>\n\n\n\n<h3 class=\"wp-block-heading\">L\u2019objectif de notre rassemblement<\/h3>\n\n\n\n<p>Dans le monde, plus de 41 millions de personnes \u2013 dont environ la moiti\u00e9 sont des enfants \u2013 sont menac\u00e9es de famine dans 43 pays. La famine est \u00e9vitable et n\u2019a pas de place au XXIe si\u00e8cle. Ces gens ne meurent pas de faim, ils meurent de faim \u00e0 cause des conflits et de la violence&nbsp;; de l\u2019in\u00e9galit\u00e9; des impacts du changement climatique; et en raison d\u2019une lutte contre le COVID-19 qui les a encore plus laiss\u00e9s pour compte.<\/p>\n\n\n\n<p>Le temps presse. Il faut agir maintenant pour \u00e9viter la mort inutile de dizaines de milliers d\u2019enfants. Si le monde reste indiff\u00e9rent et agit trop peu et trop tard, des enfants mourront de faim. La faim poussera \u00e9galement les enfants et leurs familles \u00e0 faire des choix de survie dangereux, tels que le mariage des enfants ou le travail des enfants, et cela aura des cons\u00e9quences n\u00e9fastes durables pour les filles et les gar\u00e7ons.<\/p>\n\n\n\n<p>Jusqu\u2019\u00e0 811 millions de personnes souffraient de la faim en 2020, soit 161 millions de plus qu\u2019en 2019. Cette augmentation de 25% par rapport \u00e0 2019 est sup\u00e9rieure \u00e0 l\u2019augmentation totale sur les cinq derni\u00e8res ann\u00e9es. La faim a augment\u00e9 partout dans le monde. Le plus grand nombre de personnes souffrant de la faim se trouvent en Asie, mais c\u2019est l\u2019Afrique qui en compte la plus grande proportion.<\/p>\n\n\n\n<p>Dans notre temps d\u2019adoration, nous nous pencherons sur l\u2019invitation de J\u00e9sus \u00e0 le suivre&nbsp;: \u00ab&nbsp;Pais mes brebis.&nbsp;\u00bb<\/p>\n\n\n\n<p>Nous avons la certitude que Dieu voit, conna\u00eet et entend le cri de chaque personne qui souffre de la faim dans le monde d\u2019aujourd\u2019hui et qu\u2019il nous invite \u00e0 participer \u00e0 sa r\u00e9demption, en veillant \u00e0 ce que les besoins quotidiens de chaque personne puissent \u00eatre satisfaits. Nous r\u00e9pondons, dans une ob\u00e9issance pleine d\u2019espoir, en participant \u00e0 l\u2019\u0153uvre r\u00e9demptrice de Dieu dans le monde.<\/p>\n\n\n\n<p>T\u00e9l\u00e9chargez la ressource de culte ci-dessous (en collaboration avec des partenaires \u0153cum\u00e9niques: Micah Global, Integral Alliance, ACT Alliance, World Methodist Community, Lutheran World Federation, The Salvation Army, World Council of Churches, WEA, World Vision) \u2b07\ufe0f<\/p>\n\n\n\n<div class=\"wp-block-columns is-layout-flex wp-container-core-columns-is-layout-28f84493 wp-block-columns-is-layout-flex\">\n<div class=\"wp-block-column is-layout-flow wp-block-column-is-layout-flow\">\n<div data-wp-interactive=\"core\/file\" class=\"wp-block-file\"><object data-wp-bind--hidden=\"!state.hasPdfPreview\" hidden class=\"wp-block-file__embed\" data=\"https:\/\/mwc-cmm.org\/wp-content\/uploads\/2024\/11\/wpaah-liturgy_guide_2022_-_feed_my_sheep_en.pdf\" type=\"application\/pdf\" style=\"width:100%;height:450px\" aria-label=\"Contenu embarqu\u00e9 wpaah-liturgy_guide_2022_-_feed_my_sheep_en.\"><\/object><a id=\"wp-block-file--media-70bf5cb7-0484-458d-b157-da2b7c7888de\" href=\"https:\/\/mwc-cmm.org\/wp-content\/uploads\/2024\/11\/wpaah-liturgy_guide_2022_-_feed_my_sheep_en.pdf\">wpaah-liturgy_guide_2022_-_feed_my_sheep_en<\/a><a href=\"https:\/\/mwc-cmm.org\/wp-content\/uploads\/2024\/11\/wpaah-liturgy_guide_2022_-_feed_my_sheep_en.pdf\" class=\"wp-block-file__button wp-element-button\" download aria-describedby=\"wp-block-file--media-70bf5cb7-0484-458d-b157-da2b7c7888de\">Download<\/a><\/div>\n<\/div>\n\n\n\n<div class=\"wp-block-column is-layout-flow wp-block-column-is-layout-flow\">\n<div data-wp-interactive=\"core\/file\" class=\"wp-block-file\"><object data-wp-bind--hidden=\"!state.hasPdfPreview\" hidden class=\"wp-block-file__embed\" data=\"https:\/\/mwc-cmm.org\/wp-content\/uploads\/2024\/11\/wpaah-liturgy_guide_2022_-_feed_my_sheep_fr.pdf\" type=\"application\/pdf\" style=\"width:100%;height:450px\" aria-label=\"Contenu embarqu\u00e9 wpaah-liturgy_guide_2022_-_feed_my_sheep_fr.\"><\/object><a id=\"wp-block-file--media-4984b7e0-4a59-4ecd-a360-9af2559c7f98\" href=\"https:\/\/mwc-cmm.org\/wp-content\/uploads\/2024\/11\/wpaah-liturgy_guide_2022_-_feed_my_sheep_fr.pdf\">wpaah-liturgy_guide_2022_-_feed_my_sheep_fr<\/a><a href=\"https:\/\/mwc-cmm.org\/wp-content\/uploads\/2024\/11\/wpaah-liturgy_guide_2022_-_feed_my_sheep_fr.pdf\" class=\"wp-block-file__button wp-element-button\" download aria-describedby=\"wp-block-file--media-4984b7e0-4a59-4ecd-a360-9af2559c7f98\">Download<\/a><\/div>\n<\/div>\n\n\n\n<div class=\"wp-block-column is-layout-flow wp-block-column-is-layout-flow\">\n<div data-wp-interactive=\"core\/file\" class=\"wp-block-file\"><object data-wp-bind--hidden=\"!state.hasPdfPreview\" hidden class=\"wp-block-file__embed\" data=\"https:\/\/mwc-cmm.org\/wp-content\/uploads\/2024\/11\/wpaah-liturgy_guide_2022_-_feed_my_sheep_sp.pdf\" type=\"application\/pdf\" style=\"width:100%;height:450px\" aria-label=\"Contenu embarqu\u00e9 wpaah-liturgy_guide_2022_-_feed_my_sheep_sp.\"><\/object><a id=\"wp-block-file--media-0a66fd24-c42b-498d-95a1-4cf7c142d401\" href=\"https:\/\/mwc-cmm.org\/wp-content\/uploads\/2024\/11\/wpaah-liturgy_guide_2022_-_feed_my_sheep_sp.pdf\">wpaah-liturgy_guide_2022_-_feed_my_sheep_sp<\/a><a href=\"https:\/\/mwc-cmm.org\/wp-content\/uploads\/2024\/11\/wpaah-liturgy_guide_2022_-_feed_my_sheep_sp.pdf\" class=\"wp-block-file__button wp-element-button\" download aria-describedby=\"wp-block-file--media-0a66fd24-c42b-498d-95a1-4cf7c142d401\">Download<\/a><\/div>\n<\/div>\n<\/div>\n","protected":false},"featured_media":0,"template":"","network":[1262],"resourcetype":[],"language":[1346],"resourcecategory":[1367],"resourcetheme":[],"eventcategory":[],"class_list":["post-17923","mwcresource","type-mwcresource","status-publish","hentry","network-deacons-commission-fr","language-fr-fr","resourcecategory-worship-resource-fr"],"acf":[],"yoast_head":"<!-- This site is optimized with the Yoast SEO plugin v27.2 - https:\/\/yoast.com\/product\/yoast-seo-wordpress\/ -->\n<title>Le week-end de pri\u00e8re et d\u2019action contre la faim 2022 - Mennonite World Conference<\/title>\n<meta name=\"robots\" content=\"index, follow, max-snippet:-1, max-image-preview:large, max-video-preview:-1\" \/>\n<link rel=\"canonical\" href=\"https:\/\/mwc-cmm.org\/fr\/resources\/le-week-end-de-priere-et-daction-contre-la-faim-2022\/\" \/>\n<meta property=\"og:locale\" content=\"fr_FR\" \/>\n<meta property=\"og:type\" content=\"article\" \/>\n<meta property=\"og:title\" content=\"Le week-end de pri\u00e8re et d\u2019action contre la faim 2022 - Mennonite World Conference\" \/>\n<meta property=\"og:description\" content=\"Pourquoi nous prions et agissons contre la faim L\u2019objectif de notre rassemblement Dans le monde, plus de 41 millions de personnes \u2013 dont environ la moiti\u00e9 sont des enfants \u2013 sont menac\u00e9es de famine dans 43 pays. La famine est \u00e9vitable et n\u2019a pas de place au XXIe si\u00e8cle. Ces gens ne meurent pas de [&hellip;]\" \/>\n<meta property=\"og:url\" content=\"https:\/\/mwc-cmm.org\/fr\/resources\/le-week-end-de-priere-et-daction-contre-la-faim-2022\/\" \/>\n<meta property=\"og:site_name\" content=\"Mennonite World Conference\" \/>\n<meta property=\"article:publisher\" content=\"https:\/\/www.facebook.com\/MennoniteWorldConference\" \/>\n<meta property=\"article:modified_time\" content=\"2024-12-12T17:35:08+00:00\" \/>\n<script type=\"application\/ld+json\" class=\"yoast-schema-graph\">{\"@context\":\"https:\/\/schema.org\",\"@graph\":[{\"@type\":\"WebPage\",\"@id\":\"https:\/\/mwc-cmm.org\/fr\/resources\/le-week-end-de-priere-et-daction-contre-la-faim-2022\/\",\"url\":\"https:\/\/mwc-cmm.org\/fr\/resources\/le-week-end-de-priere-et-daction-contre-la-faim-2022\/\",\"name\":\"Le week-end de pri\u00e8re et d\u2019action contre la faim 2022 - Mennonite World Conference\",\"isPartOf\":{\"@id\":\"https:\/\/mwc-cmm.org\/en\/#website\"},\"datePublished\":\"2022-11-19T17:39:20+00:00\",\"dateModified\":\"2024-12-12T17:35:08+00:00\",\"breadcrumb\":{\"@id\":\"https:\/\/mwc-cmm.org\/fr\/resources\/le-week-end-de-priere-et-daction-contre-la-faim-2022\/#breadcrumb\"},\"inLanguage\":\"fr-FR\",\"potentialAction\":[{\"@type\":\"ReadAction\",\"target\":[\"https:\/\/mwc-cmm.org\/fr\/resources\/le-week-end-de-priere-et-daction-contre-la-faim-2022\/\"]}]},{\"@type\":\"BreadcrumbList\",\"@id\":\"https:\/\/mwc-cmm.org\/fr\/resources\/le-week-end-de-priere-et-daction-contre-la-faim-2022\/#breadcrumb\",\"itemListElement\":[{\"@type\":\"ListItem\",\"position\":1,\"name\":\"Home\",\"item\":\"https:\/\/mwc-cmm.org\/fr\/\"},{\"@type\":\"ListItem\",\"position\":2,\"name\":\"Le week-end de pri\u00e8re et d\u2019action contre la faim 2022\"}]},{\"@type\":\"WebSite\",\"@id\":\"https:\/\/mwc-cmm.org\/en\/#website\",\"url\":\"https:\/\/mwc-cmm.org\/en\/\",\"name\":\"Mennonite World Conference\",\"description\":\"A communion of Anabaptist-related churches\",\"publisher\":{\"@id\":\"https:\/\/mwc-cmm.org\/en\/#organization\"},\"alternateName\":\"MWC\",\"potentialAction\":[{\"@type\":\"SearchAction\",\"target\":{\"@type\":\"EntryPoint\",\"urlTemplate\":\"https:\/\/mwc-cmm.org\/en\/?s={search_term_string}\"},\"query-input\":{\"@type\":\"PropertyValueSpecification\",\"valueRequired\":true,\"valueName\":\"search_term_string\"}}],\"inLanguage\":\"fr-FR\"},{\"@type\":\"Organization\",\"@id\":\"https:\/\/mwc-cmm.org\/en\/#organization\",\"name\":\"Mennonite World Conference\",\"alternateName\":\"MWC\",\"url\":\"https:\/\/mwc-cmm.org\/en\/\",\"logo\":{\"@type\":\"ImageObject\",\"inLanguage\":\"fr-FR\",\"@id\":\"https:\/\/mwc-cmm.org\/en\/#\/schema\/logo\/image\/\",\"url\":\"https:\/\/mwc-cmm.org\/wp-content\/uploads\/2026\/01\/MWC_Sig_Blue_Horiz_webheader1-logo.svg\",\"contentUrl\":\"https:\/\/mwc-cmm.org\/wp-content\/uploads\/2026\/01\/MWC_Sig_Blue_Horiz_webheader1-logo.svg\",\"width\":786,\"height\":82,\"caption\":\"Mennonite World Conference\"},\"image\":{\"@id\":\"https:\/\/mwc-cmm.org\/en\/#\/schema\/logo\/image\/\"},\"sameAs\":[\"https:\/\/www.facebook.com\/MennoniteWorldConference\",\"https:\/\/www.linkedin.com\/company\/mennonite-world-conference-mwc\/\",\"https:\/\/www.instagram.com\/mwcmm\/\",\"https:\/\/www.youtube.com\/user\/mwccmm\",\"https:\/\/bsky.app\/profile\/mwcmm.bsky.social\"]}]}<\/script>\n<!-- \/ Yoast SEO plugin. -->","yoast_head_json":{"title":"Le week-end de pri\u00e8re et d\u2019action contre la faim 2022 - Mennonite World Conference","robots":{"index":"index","follow":"follow","max-snippet":"max-snippet:-1","max-image-preview":"max-image-preview:large","max-video-preview":"max-video-preview:-1"},"canonical":"https:\/\/mwc-cmm.org\/fr\/resources\/le-week-end-de-priere-et-daction-contre-la-faim-2022\/","og_locale":"fr_FR","og_type":"article","og_title":"Le week-end de pri\u00e8re et d\u2019action contre la faim 2022 - Mennonite World Conference","og_description":"Pourquoi nous prions et agissons contre la faim L\u2019objectif de notre rassemblement Dans le monde, plus de 41 millions de personnes \u2013 dont environ la moiti\u00e9 sont des enfants \u2013 sont menac\u00e9es de famine dans 43 pays. La famine est \u00e9vitable et n\u2019a pas de place au XXIe si\u00e8cle. Ces gens ne meurent pas de [&hellip;]","og_url":"https:\/\/mwc-cmm.org\/fr\/resources\/le-week-end-de-priere-et-daction-contre-la-faim-2022\/","og_site_name":"Mennonite World Conference","article_publisher":"https:\/\/www.facebook.com\/MennoniteWorldConference","article_modified_time":"2024-12-12T17:35:08+00:00","schema":{"@context":"https:\/\/schema.org","@graph":[{"@type":"WebPage","@id":"https:\/\/mwc-cmm.org\/fr\/resources\/le-week-end-de-priere-et-daction-contre-la-faim-2022\/","url":"https:\/\/mwc-cmm.org\/fr\/resources\/le-week-end-de-priere-et-daction-contre-la-faim-2022\/","name":"Le week-end de pri\u00e8re et d\u2019action contre la faim 2022 - Mennonite World Conference","isPartOf":{"@id":"https:\/\/mwc-cmm.org\/en\/#website"},"datePublished":"2022-11-19T17:39:20+00:00","dateModified":"2024-12-12T17:35:08+00:00","breadcrumb":{"@id":"https:\/\/mwc-cmm.org\/fr\/resources\/le-week-end-de-priere-et-daction-contre-la-faim-2022\/#breadcrumb"},"inLanguage":"fr-FR","potentialAction":[{"@type":"ReadAction","target":["https:\/\/mwc-cmm.org\/fr\/resources\/le-week-end-de-priere-et-daction-contre-la-faim-2022\/"]}]},{"@type":"BreadcrumbList","@id":"https:\/\/mwc-cmm.org\/fr\/resources\/le-week-end-de-priere-et-daction-contre-la-faim-2022\/#breadcrumb","itemListElement":[{"@type":"ListItem","position":1,"name":"Home","item":"https:\/\/mwc-cmm.org\/fr\/"},{"@type":"ListItem","position":2,"name":"Le week-end de pri\u00e8re et d\u2019action contre la faim 2022"}]},{"@type":"WebSite","@id":"https:\/\/mwc-cmm.org\/en\/#website","url":"https:\/\/mwc-cmm.org\/en\/","name":"Mennonite World Conference","description":"A communion of Anabaptist-related churches","publisher":{"@id":"https:\/\/mwc-cmm.org\/en\/#organization"},"alternateName":"MWC","potentialAction":[{"@type":"SearchAction","target":{"@type":"EntryPoint","urlTemplate":"https:\/\/mwc-cmm.org\/en\/?s={search_term_string}"},"query-input":{"@type":"PropertyValueSpecification","valueRequired":true,"valueName":"search_term_string"}}],"inLanguage":"fr-FR"},{"@type":"Organization","@id":"https:\/\/mwc-cmm.org\/en\/#organization","name":"Mennonite World Conference","alternateName":"MWC","url":"https:\/\/mwc-cmm.org\/en\/","logo":{"@type":"ImageObject","inLanguage":"fr-FR","@id":"https:\/\/mwc-cmm.org\/en\/#\/schema\/logo\/image\/","url":"https:\/\/mwc-cmm.org\/wp-content\/uploads\/2026\/01\/MWC_Sig_Blue_Horiz_webheader1-logo.svg","contentUrl":"https:\/\/mwc-cmm.org\/wp-content\/uploads\/2026\/01\/MWC_Sig_Blue_Horiz_webheader1-logo.svg","width":786,"height":82,"caption":"Mennonite World Conference"},"image":{"@id":"https:\/\/mwc-cmm.org\/en\/#\/schema\/logo\/image\/"},"sameAs":["https:\/\/www.facebook.com\/MennoniteWorldConference","https:\/\/www.linkedin.com\/company\/mennonite-world-conference-mwc\/","https:\/\/www.instagram.com\/mwcmm\/","https:\/\/www.youtube.com\/user\/mwccmm","https:\/\/bsky.app\/profile\/mwcmm.bsky.social"]}]}},"_links":{"self":[{"href":"https:\/\/mwc-cmm.org\/fr\/wp-json\/wp\/v2\/mwcresource\/17923","targetHints":{"allow":["GET"]}}],"collection":[{"href":"https:\/\/mwc-cmm.org\/fr\/wp-json\/wp\/v2\/mwcresource"}],"about":[{"href":"https:\/\/mwc-cmm.org\/fr\/wp-json\/wp\/v2\/types\/mwcresource"}],"wp:attachment":[{"href":"https:\/\/mwc-cmm.org\/fr\/wp-json\/wp\/v2\/media?parent=17923"}],"wp:term":[{"taxonomy":"network","embeddable":true,"href":"https:\/\/mwc-cmm.org\/fr\/wp-json\/wp\/v2\/network?post=17923"},{"taxonomy":"resourcetype","embeddable":true,"href":"https:\/\/mwc-cmm.org\/fr\/wp-json\/wp\/v2\/resourcetype?post=17923"},{"taxonomy":"language","embeddable":true,"href":"https:\/\/mwc-cmm.org\/fr\/wp-json\/wp\/v2\/language?post=17923"},{"taxonomy":"resourcecategory","embeddable":true,"href":"https:\/\/mwc-cmm.org\/fr\/wp-json\/wp\/v2\/resourcecategory?post=17923"},{"taxonomy":"resourcetheme","embeddable":true,"href":"https:\/\/mwc-cmm.org\/fr\/wp-json\/wp\/v2\/resourcetheme?post=17923"},{"taxonomy":"eventcategory","embeddable":true,"href":"https:\/\/mwc-cmm.org\/fr\/wp-json\/wp\/v2\/eventcategory?post=17923"}],"curies":[{"name":"wp","href":"https:\/\/api.w.org\/{rel}","templated":true}]}}