{"id":17887,"date":"2023-06-19T17:39:50","date_gmt":"2023-06-19T17:39:50","guid":{"rendered":"https:\/\/mwc-cmm.org\/en\/resources\/dimanche-de-la-paix-2023-activites\/"},"modified":"2024-12-13T01:15:26","modified_gmt":"2024-12-13T01:15:26","slug":"dimanche-de-la-paix-2023-activites","status":"publish","type":"mwcresource","link":"https:\/\/mwc-cmm.org\/fr\/resources\/dimanche-de-la-paix-2023-activites\/","title":{"rendered":"Dimanche de la Paix 2023 &#8211; Activit\u00e9s"},"content":{"rendered":"\n<figure class=\"wp-block-image\"><img decoding=\"async\" data-src=\"https:\/\/mwc-cmm.org\/sites\/default\/files\/website_files_2020\/20220925ashishkumarmilapimg_1440.jpg\" alt=\"\" src=\"data:image\/svg+xml;base64,PHN2ZyB3aWR0aD0iMSIgaGVpZ2h0PSIxIiB4bWxucz0iaHR0cDovL3d3dy53My5vcmcvMjAwMC9zdmciPjwvc3ZnPg==\" class=\"lazyload\" \/><figcaption class=\"wp-element-caption\">La paroisse mennonite de Bethel de Balodgahan (Inde), c\u00e9l\u00e8bre le Dimanche de la Paix 2022.&nbsp;Photo :&nbsp;Ashish Milap&nbsp;<\/figcaption><\/figure>\n\n\n\n<h3 class=\"wp-block-heading\">Une cartographie de la communaut\u00e9&nbsp;<\/h3>\n\n\n\n<h4 class=\"wp-block-heading\"><em>Cr\u00e9er un \u2018arbre g\u00e9n\u00e9alogique\u2019 social &nbsp;<\/em><\/h4>\n\n\n\n<p>Objectif : mettre en \u00e9vidence les nombreux et vastes liens sociaux que nous entretenons en tant que communaut\u00e9s spirituelles. &nbsp; &nbsp;<\/p>\n\n\n\n<ul class=\"wp-block-list\">\n<li>\u00c0 l\u2019avance : cr\u00e9ez, avec du carton, un tronc d\u2019arbre avec quelques branches. Scotchez ou fixez le tronc d\u2019arbre sur un mur.\n<ul class=\"wp-block-list\">\n<li>Cr\u00e9ez des branches plus grandes qui peuvent symboliser les membres de la communaut\u00e9 spirituelle. \u00a0<\/li>\n\n\n\n<li>Cr\u00e9ez des branches plus petites pour les communaut\u00e9s auxquelles les membres de l\u2019assembl\u00e9e locale sont li\u00e9s (par exemple, l\u2019\u00e9cole, une autre assembl\u00e9e ou structure d\u2019\u00e9glise, d\u2019autres minist\u00e8res, des lieux de travail, etc.) \u00a0<\/li>\n\n\n\n<li>Avec du papier, d\u00e9coupez des feuilles de plusieurs couleurs. \u00a0<\/li>\n<\/ul>\n<\/li>\n\n\n\n<li>Invitez les membres \u00e0 ajouter leur nom \u00e0 une branche.\n<ul class=\"wp-block-list\">\n<li>\u00c0 partir de ces branches, chaque membre peut ensuite commencer \u00e0 discerner les diff\u00e9rentes connexions sociales qu\u2019il peut avoir. \u00a0\u00a0<\/li>\n<\/ul>\n<\/li>\n\n\n\n<li>Utiliser les feuilles pour mettre en \u00e9vidence les personnes sp\u00e9cifiques auxquelles on est connect\u00e9 par le biais des diff\u00e9rentes \u00ab branches \u00bb.<\/li>\n<\/ul>\n\n\n\n<p>Le r\u00e9sultat devrait \u00eatre un arbre magnifique, large, vibrant et color\u00e9 qui s\u2019\u00e9tend sur le mur, mettant en \u00e9vidence les nombreuses connexions de la communaut\u00e9 de l\u2019\u00e9glise.&nbsp;<\/p>\n\n\n\n<p>Avec leur permission, envoyez votre histoire et votre image&nbsp;<a href=\"mailto:photo@mwc-cmm.org\">photo@mwc-cmm.org<\/a>&nbsp;pour les faire conna\u00eetre \u00e0 notre famille anabaptiste mondiale.&nbsp;<\/p>\n\n\n\n<figure class=\"wp-block-image\"><img decoding=\"async\" data-src=\"https:\/\/mwc-cmm.org\/sites\/default\/files\/website_files_2020\/20220918reginalynmondez20220918_113619.jpg\" alt=\"\" src=\"data:image\/svg+xml;base64,PHN2ZyB3aWR0aD0iMSIgaGVpZ2h0PSIxIiB4bWxucz0iaHR0cDovL3d3dy53My5vcmcvMjAwMC9zdmciPjwvc3ZnPg==\" class=\"lazyload\" \/><figcaption class=\"wp-element-caption\">L\u2019\u00e9glise biblique mennonite de Lacao \u00e0 Lumban, Laguna (IMC \u2013 Philippines) c\u00e9l\u00e8bre le dimanche de la paix en 2022 en chantant des chants internationaux et en cr\u00e9ant le jardin de la paix (activit\u00e9 sugg\u00e9r\u00e9e dans les documents concernant le culte) o\u00f9 les membres \u00e9crivent sur les fruits et les l\u00e9gumes des \u2018suggestions pour avoir un impact dans la communaut\u00e9\u2019.&nbsp;Photo :&nbsp;Regina Mondez<\/figcaption><\/figure>\n\n\n\n<figure class=\"wp-block-image\"><a href=\"https:\/\/mwc-cmm.org\/fr\/resources\/dimanche-de-la-paix-2023-materiels-pour-le-culte\"><img decoding=\"async\" data-src=\"https:\/\/mwc-cmm.org\/sites\/default\/files\/website_files_2020\/ps23_fr.jpg\" alt=\"\" src=\"data:image\/svg+xml;base64,PHN2ZyB3aWR0aD0iMSIgaGVpZ2h0PSIxIiB4bWxucz0iaHR0cDovL3d3dy53My5vcmcvMjAwMC9zdmciPjwvc3ZnPg==\" class=\"lazyload\" \/><\/a><\/figure>\n","protected":false},"featured_media":0,"template":"","network":[1254],"resourcetype":[],"language":[1346],"resourcecategory":[1367],"resourcetheme":[],"eventcategory":[],"class_list":["post-17887","mwcresource","type-mwcresource","status-publish","hentry","network-peace-commission-fr","language-fr-fr","resourcecategory-worship-resource-fr"],"acf":[],"yoast_head":"<!-- This site is optimized with the Yoast SEO plugin v27.5 - https:\/\/yoast.com\/product\/yoast-seo-wordpress\/ -->\n<title>Dimanche de la Paix 2023 - Activit\u00e9s - Mennonite World Conference<\/title>\n<meta name=\"robots\" content=\"index, follow, max-snippet:-1, max-image-preview:large, max-video-preview:-1\" \/>\n<link rel=\"canonical\" href=\"https:\/\/mwc-cmm.org\/en\/resources\/peace-sunday-2023-activities\/\" \/>\n<meta property=\"og:locale\" content=\"fr_FR\" \/>\n<meta property=\"og:type\" content=\"article\" \/>\n<meta property=\"og:title\" content=\"Dimanche de la Paix 2023 - Activit\u00e9s - Mennonite World Conference\" \/>\n<meta property=\"og:description\" content=\"Une cartographie de la communaut\u00e9&nbsp; Cr\u00e9er un \u2018arbre g\u00e9n\u00e9alogique\u2019 social &nbsp; Objectif : mettre en \u00e9vidence les nombreux et vastes liens sociaux que nous entretenons en tant que communaut\u00e9s spirituelles. &nbsp; &nbsp; Le r\u00e9sultat devrait \u00eatre un arbre magnifique, large, vibrant et color\u00e9 qui s\u2019\u00e9tend sur le mur, mettant en \u00e9vidence les nombreuses connexions de [&hellip;]\" \/>\n<meta property=\"og:url\" content=\"https:\/\/mwc-cmm.org\/en\/resources\/peace-sunday-2023-activities\/\" \/>\n<meta property=\"og:site_name\" content=\"Mennonite World Conference\" \/>\n<meta property=\"article:publisher\" content=\"https:\/\/www.facebook.com\/MennoniteWorldConference\" \/>\n<meta property=\"article:modified_time\" content=\"2024-12-13T01:15:26+00:00\" \/>\n<meta property=\"og:image\" content=\"https:\/\/mwc-cmm.org\/sites\/default\/files\/website_files_2020\/20220925ashishkumarmilapimg_1440.jpg\" \/>\n<script type=\"application\/ld+json\" class=\"yoast-schema-graph\">{\"@context\":\"https:\\\/\\\/schema.org\",\"@graph\":[{\"@type\":\"WebPage\",\"@id\":\"https:\\\/\\\/mwc-cmm.org\\\/en\\\/resources\\\/peace-sunday-2023-activities\\\/\",\"url\":\"https:\\\/\\\/mwc-cmm.org\\\/en\\\/resources\\\/peace-sunday-2023-activities\\\/\",\"name\":\"Dimanche de la Paix 2023 - Activit\u00e9s - Mennonite World Conference\",\"isPartOf\":{\"@id\":\"https:\\\/\\\/mwc-cmm.org\\\/en\\\/#website\"},\"primaryImageOfPage\":{\"@id\":\"https:\\\/\\\/mwc-cmm.org\\\/en\\\/resources\\\/peace-sunday-2023-activities\\\/#primaryimage\"},\"image\":{\"@id\":\"https:\\\/\\\/mwc-cmm.org\\\/en\\\/resources\\\/peace-sunday-2023-activities\\\/#primaryimage\"},\"thumbnailUrl\":\"https:\\\/\\\/mwc-cmm.org\\\/sites\\\/default\\\/files\\\/website_files_2020\\\/20220925ashishkumarmilapimg_1440.jpg\",\"datePublished\":\"2023-06-19T17:39:50+00:00\",\"dateModified\":\"2024-12-13T01:15:26+00:00\",\"breadcrumb\":{\"@id\":\"https:\\\/\\\/mwc-cmm.org\\\/en\\\/resources\\\/peace-sunday-2023-activities\\\/#breadcrumb\"},\"inLanguage\":\"fr-FR\",\"potentialAction\":[{\"@type\":\"ReadAction\",\"target\":[\"https:\\\/\\\/mwc-cmm.org\\\/en\\\/resources\\\/peace-sunday-2023-activities\\\/\"]}]},{\"@type\":\"ImageObject\",\"inLanguage\":\"fr-FR\",\"@id\":\"https:\\\/\\\/mwc-cmm.org\\\/en\\\/resources\\\/peace-sunday-2023-activities\\\/#primaryimage\",\"url\":\"https:\\\/\\\/mwc-cmm.org\\\/sites\\\/default\\\/files\\\/website_files_2020\\\/20220925ashishkumarmilapimg_1440.jpg\",\"contentUrl\":\"https:\\\/\\\/mwc-cmm.org\\\/sites\\\/default\\\/files\\\/website_files_2020\\\/20220925ashishkumarmilapimg_1440.jpg\"},{\"@type\":\"BreadcrumbList\",\"@id\":\"https:\\\/\\\/mwc-cmm.org\\\/en\\\/resources\\\/peace-sunday-2023-activities\\\/#breadcrumb\",\"itemListElement\":[{\"@type\":\"ListItem\",\"position\":1,\"name\":\"Home\",\"item\":\"https:\\\/\\\/mwc-cmm.org\\\/fr\\\/\"},{\"@type\":\"ListItem\",\"position\":2,\"name\":\"Dimanche de la Paix 2023 &#8211; Activit\u00e9s\"}]},{\"@type\":\"WebSite\",\"@id\":\"https:\\\/\\\/mwc-cmm.org\\\/en\\\/#website\",\"url\":\"https:\\\/\\\/mwc-cmm.org\\\/en\\\/\",\"name\":\"Mennonite World Conference\",\"description\":\"A communion of Anabaptist-related churches\",\"publisher\":{\"@id\":\"https:\\\/\\\/mwc-cmm.org\\\/en\\\/#organization\"},\"alternateName\":\"MWC\",\"potentialAction\":[{\"@type\":\"SearchAction\",\"target\":{\"@type\":\"EntryPoint\",\"urlTemplate\":\"https:\\\/\\\/mwc-cmm.org\\\/en\\\/?s={search_term_string}\"},\"query-input\":{\"@type\":\"PropertyValueSpecification\",\"valueRequired\":true,\"valueName\":\"search_term_string\"}}],\"inLanguage\":\"fr-FR\"},{\"@type\":\"Organization\",\"@id\":\"https:\\\/\\\/mwc-cmm.org\\\/en\\\/#organization\",\"name\":\"Mennonite World Conference\",\"alternateName\":\"MWC\",\"url\":\"https:\\\/\\\/mwc-cmm.org\\\/en\\\/\",\"logo\":{\"@type\":\"ImageObject\",\"inLanguage\":\"fr-FR\",\"@id\":\"https:\\\/\\\/mwc-cmm.org\\\/en\\\/#\\\/schema\\\/logo\\\/image\\\/\",\"url\":\"https:\\\/\\\/mwc-cmm.org\\\/wp-content\\\/uploads\\\/2026\\\/01\\\/MWC_Sig_Blue_Horiz_webheader1-logo.svg\",\"contentUrl\":\"https:\\\/\\\/mwc-cmm.org\\\/wp-content\\\/uploads\\\/2026\\\/01\\\/MWC_Sig_Blue_Horiz_webheader1-logo.svg\",\"width\":786,\"height\":82,\"caption\":\"Mennonite World Conference\"},\"image\":{\"@id\":\"https:\\\/\\\/mwc-cmm.org\\\/en\\\/#\\\/schema\\\/logo\\\/image\\\/\"},\"sameAs\":[\"https:\\\/\\\/www.facebook.com\\\/MennoniteWorldConference\",\"https:\\\/\\\/www.linkedin.com\\\/company\\\/mennonite-world-conference-mwc\\\/\",\"https:\\\/\\\/www.instagram.com\\\/mwcmm\\\/\",\"https:\\\/\\\/www.youtube.com\\\/user\\\/mwccmm\",\"https:\\\/\\\/bsky.app\\\/profile\\\/mwcmm.bsky.social\"]}]}<\/script>\n<!-- \/ Yoast SEO plugin. -->","yoast_head_json":{"title":"Dimanche de la Paix 2023 - Activit\u00e9s - Mennonite World Conference","robots":{"index":"index","follow":"follow","max-snippet":"max-snippet:-1","max-image-preview":"max-image-preview:large","max-video-preview":"max-video-preview:-1"},"canonical":"https:\/\/mwc-cmm.org\/en\/resources\/peace-sunday-2023-activities\/","og_locale":"fr_FR","og_type":"article","og_title":"Dimanche de la Paix 2023 - Activit\u00e9s - Mennonite World Conference","og_description":"Une cartographie de la communaut\u00e9&nbsp; Cr\u00e9er un \u2018arbre g\u00e9n\u00e9alogique\u2019 social &nbsp; Objectif : mettre en \u00e9vidence les nombreux et vastes liens sociaux que nous entretenons en tant que communaut\u00e9s spirituelles. &nbsp; &nbsp; Le r\u00e9sultat devrait \u00eatre un arbre magnifique, large, vibrant et color\u00e9 qui s\u2019\u00e9tend sur le mur, mettant en \u00e9vidence les nombreuses connexions de [&hellip;]","og_url":"https:\/\/mwc-cmm.org\/en\/resources\/peace-sunday-2023-activities\/","og_site_name":"Mennonite World Conference","article_publisher":"https:\/\/www.facebook.com\/MennoniteWorldConference","article_modified_time":"2024-12-13T01:15:26+00:00","og_image":[{"url":"https:\/\/mwc-cmm.org\/sites\/default\/files\/website_files_2020\/20220925ashishkumarmilapimg_1440.jpg","type":"","width":"","height":""}],"schema":{"@context":"https:\/\/schema.org","@graph":[{"@type":"WebPage","@id":"https:\/\/mwc-cmm.org\/en\/resources\/peace-sunday-2023-activities\/","url":"https:\/\/mwc-cmm.org\/en\/resources\/peace-sunday-2023-activities\/","name":"Dimanche de la Paix 2023 - Activit\u00e9s - Mennonite World Conference","isPartOf":{"@id":"https:\/\/mwc-cmm.org\/en\/#website"},"primaryImageOfPage":{"@id":"https:\/\/mwc-cmm.org\/en\/resources\/peace-sunday-2023-activities\/#primaryimage"},"image":{"@id":"https:\/\/mwc-cmm.org\/en\/resources\/peace-sunday-2023-activities\/#primaryimage"},"thumbnailUrl":"https:\/\/mwc-cmm.org\/sites\/default\/files\/website_files_2020\/20220925ashishkumarmilapimg_1440.jpg","datePublished":"2023-06-19T17:39:50+00:00","dateModified":"2024-12-13T01:15:26+00:00","breadcrumb":{"@id":"https:\/\/mwc-cmm.org\/en\/resources\/peace-sunday-2023-activities\/#breadcrumb"},"inLanguage":"fr-FR","potentialAction":[{"@type":"ReadAction","target":["https:\/\/mwc-cmm.org\/en\/resources\/peace-sunday-2023-activities\/"]}]},{"@type":"ImageObject","inLanguage":"fr-FR","@id":"https:\/\/mwc-cmm.org\/en\/resources\/peace-sunday-2023-activities\/#primaryimage","url":"https:\/\/mwc-cmm.org\/sites\/default\/files\/website_files_2020\/20220925ashishkumarmilapimg_1440.jpg","contentUrl":"https:\/\/mwc-cmm.org\/sites\/default\/files\/website_files_2020\/20220925ashishkumarmilapimg_1440.jpg"},{"@type":"BreadcrumbList","@id":"https:\/\/mwc-cmm.org\/en\/resources\/peace-sunday-2023-activities\/#breadcrumb","itemListElement":[{"@type":"ListItem","position":1,"name":"Home","item":"https:\/\/mwc-cmm.org\/fr\/"},{"@type":"ListItem","position":2,"name":"Dimanche de la Paix 2023 &#8211; Activit\u00e9s"}]},{"@type":"WebSite","@id":"https:\/\/mwc-cmm.org\/en\/#website","url":"https:\/\/mwc-cmm.org\/en\/","name":"Mennonite World Conference","description":"A communion of Anabaptist-related churches","publisher":{"@id":"https:\/\/mwc-cmm.org\/en\/#organization"},"alternateName":"MWC","potentialAction":[{"@type":"SearchAction","target":{"@type":"EntryPoint","urlTemplate":"https:\/\/mwc-cmm.org\/en\/?s={search_term_string}"},"query-input":{"@type":"PropertyValueSpecification","valueRequired":true,"valueName":"search_term_string"}}],"inLanguage":"fr-FR"},{"@type":"Organization","@id":"https:\/\/mwc-cmm.org\/en\/#organization","name":"Mennonite World Conference","alternateName":"MWC","url":"https:\/\/mwc-cmm.org\/en\/","logo":{"@type":"ImageObject","inLanguage":"fr-FR","@id":"https:\/\/mwc-cmm.org\/en\/#\/schema\/logo\/image\/","url":"https:\/\/mwc-cmm.org\/wp-content\/uploads\/2026\/01\/MWC_Sig_Blue_Horiz_webheader1-logo.svg","contentUrl":"https:\/\/mwc-cmm.org\/wp-content\/uploads\/2026\/01\/MWC_Sig_Blue_Horiz_webheader1-logo.svg","width":786,"height":82,"caption":"Mennonite World Conference"},"image":{"@id":"https:\/\/mwc-cmm.org\/en\/#\/schema\/logo\/image\/"},"sameAs":["https:\/\/www.facebook.com\/MennoniteWorldConference","https:\/\/www.linkedin.com\/company\/mennonite-world-conference-mwc\/","https:\/\/www.instagram.com\/mwcmm\/","https:\/\/www.youtube.com\/user\/mwccmm","https:\/\/bsky.app\/profile\/mwcmm.bsky.social"]}]}},"_links":{"self":[{"href":"https:\/\/mwc-cmm.org\/fr\/wp-json\/wp\/v2\/mwcresource\/17887","targetHints":{"allow":["GET"]}}],"collection":[{"href":"https:\/\/mwc-cmm.org\/fr\/wp-json\/wp\/v2\/mwcresource"}],"about":[{"href":"https:\/\/mwc-cmm.org\/fr\/wp-json\/wp\/v2\/types\/mwcresource"}],"wp:attachment":[{"href":"https:\/\/mwc-cmm.org\/fr\/wp-json\/wp\/v2\/media?parent=17887"}],"wp:term":[{"taxonomy":"network","embeddable":true,"href":"https:\/\/mwc-cmm.org\/fr\/wp-json\/wp\/v2\/network?post=17887"},{"taxonomy":"resourcetype","embeddable":true,"href":"https:\/\/mwc-cmm.org\/fr\/wp-json\/wp\/v2\/resourcetype?post=17887"},{"taxonomy":"language","embeddable":true,"href":"https:\/\/mwc-cmm.org\/fr\/wp-json\/wp\/v2\/language?post=17887"},{"taxonomy":"resourcecategory","embeddable":true,"href":"https:\/\/mwc-cmm.org\/fr\/wp-json\/wp\/v2\/resourcecategory?post=17887"},{"taxonomy":"resourcetheme","embeddable":true,"href":"https:\/\/mwc-cmm.org\/fr\/wp-json\/wp\/v2\/resourcetheme?post=17887"},{"taxonomy":"eventcategory","embeddable":true,"href":"https:\/\/mwc-cmm.org\/fr\/wp-json\/wp\/v2\/eventcategory?post=17887"}],"curies":[{"name":"wp","href":"https:\/\/api.w.org\/{rel}","templated":true}]}}