{"id":17885,"date":"2024-11-19T17:39:48","date_gmt":"2024-11-19T17:39:48","guid":{"rendered":"https:\/\/mwc-cmm.org\/en\/resources\/dimanche-de-la-paix-2022-liturgies\/"},"modified":"2024-12-12T16:58:10","modified_gmt":"2024-12-12T16:58:10","slug":"dimanche-de-la-paix-2022-liturgies","status":"publish","type":"mwcresource","link":"https:\/\/mwc-cmm.org\/fr\/resources\/dimanche-de-la-paix-2022-liturgies\/","title":{"rendered":"Dimanche de la Paix 2022 &#8211; Liturgies"},"content":{"rendered":"\n<h2 class=\"wp-block-heading\">Pri\u00e8re d\u2019ouverture<\/h2>\n\n\n\n<h3 class=\"wp-block-heading\">Appel \u00e0 la confiance<\/h3>\n\n\n\n<p>Lorsque les dangers violent notre confort Et que nous nous demandons si notre R\u00e9dempteur s\u2019en soucie Nous entendons l\u2019appel :<br>Sois en paix, sois serein.<\/p>\n\n\n\n<p>Lorsque nous sommes confront\u00e9s \u00e0 la perte d\u2019un travail, \u00e0 des difficult\u00e9s financi\u00e8res, et que notre s\u00e9curit\u00e9 nous semble fragile nous entendons l\u2019appel :<br>Sois en paix, sois serein.<\/p>\n\n\n\n<p>Lorsque nos assembl\u00e9es sont confront\u00e9es \u00e0 la souffrance, au conflit, \u00c0 la perte de responsables engag\u00e9s, Nous entendons l\u2019appel :<br>Sois en paix, sois serein.<\/p>\n\n\n\n<p>Lorsque des sujets controvers\u00e9s, la rigidit\u00e9 des esprits, Menacent de d\u00e9chirer le tissu m\u00eame de notre communaut\u00e9 de foi Nous entendons l\u2019appel :<br>Sois en paix, sois serein.<\/p>\n\n\n\n<p>Lorsque nos vies nous semblent chaotique et d\u00e9vast\u00e9e, \u00c0 cause de la maladie ou du d\u00e9sespoir, Nous entendons l\u2019appel :<br>Sois en paix, sois serein.<\/p>\n\n\n\n<p>Lorsque nos vies nous semblent chaotique et d\u00e9vast\u00e9e,<br>\u00c0 cause de la maladie ou du d\u00e9sespoir, Nous entendons l\u2019appel : Sois en paix, sois serein.<br>Amen,<br><em>\u2014Connie R. Burkholder, de l\u2019\u00e9glise \u00ab Monitor Church of the Brethren \u00bb, McPherson, Kansas, \u00c9tats-Unis. Repris avec sa permission.<\/em><\/p>\n\n\n\n<h3 class=\"wp-block-heading\">Pri\u00e8re<\/h3>\n\n\n\n<p>Vous qui \u00eates fatigu\u00e9s,<br>\u00c9puis\u00e9s<br>Us\u00e9s<br>D\u00e9prim\u00e9s<br>D\u00e9courag\u00e9s<\/p>\n\n\n\n<p>N\u2019ayez pas peur !<\/p>\n\n\n\n<p>Vous qui n\u2019en pouvez plus<br>Plus d\u2019espoir<br>Plus de vision<br>Qui \u00eates remplis de peur Remplis de larmes<\/p>\n\n\n\n<p>N\u2019ayez pas peur !<\/p>\n\n\n\n<p>Dieu est pr\u00e9sent dans vos souffrances,<br>Dieu calmera les vents et les vagues de vos \u00e2mes.<br><em>\u2014\u00ab Pri\u00e8re \u00bb par Junius Dotson, reprise de \u00ab The Africana Worship Book Year B \u00bb, ed. Valerie Bridgeman Davis et Safiyah Fosua. Copyright \u00a9 2007 par Discipleship Resources. Repris avec permission.<\/em><\/p>\n\n\n\n<figure class=\"wp-block-image\"><img decoding=\"async\" data-src=\"https:\/\/mwc-cmm.org\/sites\/default\/files\/website_files_2020\/52272140166_709a6a50c9_c.jpg\" alt=\"\" src=\"data:image\/svg+xml;base64,PHN2ZyB3aWR0aD0iMSIgaGVpZ2h0PSIxIiB4bWxucz0iaHR0cDovL3d3dy53My5vcmcvMjAwMC9zdmciPjwvc3ZnPg==\" class=\"lazyload\" \/><figcaption class=\"wp-element-caption\">Le culte \u00e0 l\u2019\u00e9glise La Voie du Salut en Guin\u00e9e Photo : Guilvogui<\/figcaption><\/figure>\n\n\n\n<hr class=\"wp-block-separator has-alpha-channel-opacity\"\/>\n\n\n\n<h3 class=\"wp-block-heading\">Intercession<\/h3>\n\n\n\n<p><strong>Intercessions pour les temps de crises.<\/strong><\/p>\n\n\n\n<p>Dieu de compassion, Dieu de r\u00e9confort, nous venons devant toi en ces temps difficiles, conscients de la fragilit\u00e9 humaine, confus et cherchant d\u00e9sesp\u00e9r\u00e9ment du sens devant la souffrance.<\/p>\n\n\n\n<p><strong>Nous sommes reconnaissants que, de m\u00eame que nous partageons la joie du Christ J\u00e9sus, nous partageons abondamment le r\u00e9confort durant la souffrance.<\/strong><\/p>\n\n\n\n<p>Pour les victimes des flammes ou des inondations, des temp\u00eates ou des s\u00e9ismes, des famines ou des maladies. Pour ceux qui ont perdu leurs maisons, leurs sant\u00e9s, leurs proches \u00e0 cause d\u2019une catastrophe. Pour les r\u00e9fugi\u00e9s, et ceux qui sont s\u00e9par\u00e9s de leurs familles et amis. (le liturgiste peut ici ajouter des requ\u00eates en lien \u00e0 la crise travers\u00e9e) Pour tous ceux qui sont en danger, en difficult\u00e9, ou angoiss\u00e9,<\/p>\n\n\n\n<p><strong>Nous demandons la pr\u00e9sence et la force de ton Esprit.<\/strong><\/p>\n\n\n\n<p>Donnes \u00e0 tous ceux qui souffrent l\u2019amour qui pardonne tout, croit tout, esp\u00e8re tout, endure tout,<\/p>\n\n\n\n<p><strong>Nous savons que la d\u00e9tresse produit la pers\u00e9v\u00e9rance, la pers\u00e9v\u00e9rance produit le courage dans l\u2019\u00e9preuve, le courage produit l\u2019esp\u00e9rance, et que l\u2019esp\u00e9rance ne nous d\u00e9\u00e7oit pas, car Dieu a r\u00e9pandu son amour dans nos c\u0153urs par l\u2019Esprit Saint.<\/strong><\/p>\n\n\n\n<p>Sois le soutien de tous ceux qui donnent de leur force, de leurs comp\u00e9tences, et de leurs endurances dans un minist\u00e8re de compassion.<\/p>\n\n\n\n<p><strong>Ouvre nos c\u0153urs \u00e0 la g\u00e9n\u00e9rosit\u00e9, que nous soyons partenaires de leurs engagements \u00e0 porter secours.<\/strong><\/p>\n\n\n\n<p>Que l\u00e0 o\u00f9 les esprits s\u2019\u00e9chauffent, et o\u00f9 les mentalit\u00e9s partisanes cr\u00e9\u00e9es de nouvelles hostilit\u00e9s, fais se lever des personnes remplies de patience et de temp\u00e9rance.<\/p>\n\n\n\n<p><strong>L\u00e0 o\u00f9 l\u2019indiff\u00e9rence permet aux crises de s\u2019enliser et \u00e0 la souffrance de ne pas trouver de secours, appelle des messagers qui ont du z\u00e8le et de la force.<\/strong><\/p>\n\n\n\n<p>Nous prions pour ceux qui ont la responsabilit\u00e9 de prendre des d\u00e9cisions importantes actuellement, pour ceux qui couvrent ces \u00e9v\u00e9nements, et pour ceux qui forgent l\u2019opinion publique.<\/p>\n\n\n\n<p><strong>Donne-leur le courage de s\u2019exprimer, et l\u2019humilit\u00e9 d\u2019\u00e9couter, qu\u2019ensemble nous puissions discerner la v\u00e9rit\u00e9, et \u00e9lever sa lumi\u00e8re.<\/strong><\/p>\n\n\n\n<p>\u00c9limine la tentation de faire confiance au pouvoir humain et aux solutions militaires, et donne-nous le courage d\u2019\u00eatre tes serviteurs dans la communaut\u00e9 des nations<\/p>\n\n\n\n<p><strong>Conduit tous les gouvernements sur les chemins de paix et de justice, que ta volont\u00e9 soit connue et faites parmi les nations. D\u00e9livrenous des p\u00each\u00e9s qui conduisent \u00e0 la guerre et au conflit, et renforce en nous le d\u00e9sir d\u2019\u00e9tablir le droit et la justice sur la terre.<\/strong><\/p>\n\n\n\n<p>Nous prions pour tous ceux qui souffrent et ne trouve pas de sens \u00e0 leur trag\u00e9die.<\/p>\n\n\n\n<p><strong>Ade-leur \u00e0 se tourner vers Celui qui nous enveloppe dans nos vies, comme J\u00e9susChrist, qui a v\u00e9cu et souffert parmi nous.<\/strong><\/p>\n\n\n\n<p>Il n\u2019y en un pas un qui soit juste, pas m\u00eame un seul, car nous nous sommes tous \u00e9gar\u00e9s loin de toi. Rends-nous sensible \u00e0 notre besoin commun d\u2019un Sauveur, et supprime de nos c\u0153ur l\u2019orgueil, l\u2019ambition, la cupidit\u00e9 qui nous conduit \u00e0 asservir et m\u00e9priser les autres.<\/p>\n\n\n\n<p><strong>Aie compassion de toute ta cr\u00e9ation. Fait venir le jour o\u00f9 le royaume du monde deviendra ton Royaume, par gr\u00e2ce rends nous digne de nous tenir devant toi. Amen.<\/strong><br><em>\u2014Repris du Moravian Book of Worship (\u00ab Livre de louange Moraves \u00bb) de 1995 avec la permission du \u00ab Interprovincial Board of Communication, Moravian Church in America \u00bb. \u00a9 1995 IBOC.&nbsp;<a href=\"https:\/\/www.moravian.org.\/\">www.moravian.org.<\/a><\/em><\/p>\n\n\n\n<hr class=\"wp-block-separator has-alpha-channel-opacity\"\/>\n\n\n\n<figure class=\"wp-block-image\"><img decoding=\"async\" data-src=\"https:\/\/mwc-cmm.org\/sites\/default\/files\/website_files_2020\/52272630825_433c6d0fd6_c.jpg\" alt=\"\" src=\"data:image\/svg+xml;base64,PHN2ZyB3aWR0aD0iMSIgaGVpZ2h0PSIxIiB4bWxucz0iaHR0cDovL3d3dy53My5vcmcvMjAwMC9zdmciPjwvc3ZnPg==\" class=\"lazyload\" \/><figcaption class=\"wp-element-caption\">Les \u00e9glises membres du monde entier ont c\u00e9l\u00e9br\u00e9 le Dimanche de la Paix 2021 en utilisant le mat\u00e9riel pour le culte de la Conf\u00e9rence mennonite mondiale intitul\u00e9 \u00ab Trouver l\u2019espoir et la gu\u00e9rison en temps de crise \u00bb. Photo : Ashish Milap<\/figcaption><\/figure>\n\n\n\n<h3 class=\"wp-block-heading\">Une pri\u00e8re pour les rescap\u00e9s de la temp\u00eate<\/h3>\n\n\n\n<p><em>Les mots en caract\u00e8res simples sont prononc\u00e9s par une seule voix. Les mots en caract\u00e8res gras sont prononc\u00e9s par tous.<\/em><\/p>\n\n\n\n<p>J\u00e9sus, nous te voyons calmer les temp\u00eatesLes temp\u00eates de la mer, et les temp\u00eates de nos vies. Encore une fois, donne-nous ta puissance et ta gr\u00e2ce, en particulier pour les nouvelles victimes de cette catastrophe, Donne-leur la paix, et gu\u00e9ris les corps et les esprits bris\u00e9s par ce chaos.<br><strong>J\u00e9sus, donne-leur la paix.<\/strong><br><em>Silence<\/em><\/p>\n\n\n\n<p>Donne la paix et l\u2019espoir aux familles et aux communaut\u00e9s qui ont \u00e9t\u00e9 brutalement ruin\u00e9es,<br><strong>J\u00e9sus, donne-leur la paix.<\/strong><br><em>Silence<\/em><\/p>\n\n\n\n<p>Donne la paix et l\u2019unit\u00e9 \u00e0 diff\u00e9rents groupes de personnes, qu\u2019ils puissent se rassembler pour partager les ressources, les r\u00e9partir avec justice, et reconstruire efficacement.<br><strong>J\u00e9sus, donne-leur la paix.<\/strong><br><em>Silence<\/em><\/p>\n\n\n\n<p>Donne la paix et la protection aux secouristes, alors qu\u2019ils tendent leurs mains \u00e0 ceux qui souffrent.<br><strong>J\u00e9sus, donne-leur la paix.<\/strong><br><em>Silence<\/em><\/p>\n\n\n\n<p><strong>Tu es le prince de la paix<br>Tu es la R\u00e9surrection et la Vie<br>Tu es puissant pour sauver.<br>Notre espoir et notre confiance est en toi.<br>Amen<\/strong><br><em>\u2013 La r\u00e9v\u00e9rende Lisa Ann Moss Degrenia est une pasteure m\u00e9thodiste unie des \u00c9tats-Unis. Cette pri\u00e8re a \u00e9t\u00e9 publi\u00e9e sur son blog autour des pratiques chr\u00e9tiennes,&nbsp;<a href=\"https:\/\/revlisad.com.\/\">Revlisad.com.<\/a><\/em><\/p>\n","protected":false},"featured_media":0,"template":"","network":[1254],"resourcetype":[],"language":[1346],"resourcecategory":[1367],"resourcetheme":[],"eventcategory":[],"class_list":["post-17885","mwcresource","type-mwcresource","status-publish","hentry","network-peace-commission-fr","language-fr-fr","resourcecategory-worship-resource-fr"],"acf":[],"yoast_head":"<!-- This site is optimized with the Yoast SEO plugin v27.2 - https:\/\/yoast.com\/product\/yoast-seo-wordpress\/ -->\n<title>Dimanche de la Paix 2022 - Liturgies - Mennonite World Conference<\/title>\n<meta name=\"robots\" content=\"index, follow, max-snippet:-1, max-image-preview:large, max-video-preview:-1\" \/>\n<link rel=\"canonical\" href=\"https:\/\/mwc-cmm.org\/fr\/resources\/dimanche-de-la-paix-2022-liturgies\/\" \/>\n<meta property=\"og:locale\" content=\"fr_FR\" \/>\n<meta property=\"og:type\" content=\"article\" \/>\n<meta property=\"og:title\" content=\"Dimanche de la Paix 2022 - Liturgies - Mennonite World Conference\" \/>\n<meta property=\"og:description\" content=\"Pri\u00e8re d\u2019ouverture Appel \u00e0 la confiance Lorsque les dangers violent notre confort Et que nous nous demandons si notre R\u00e9dempteur s\u2019en soucie Nous entendons l\u2019appel :Sois en paix, sois serein. Lorsque nous sommes confront\u00e9s \u00e0 la perte d\u2019un travail, \u00e0 des difficult\u00e9s financi\u00e8res, et que notre s\u00e9curit\u00e9 nous semble fragile nous entendons l\u2019appel :Sois en [&hellip;]\" \/>\n<meta property=\"og:url\" content=\"https:\/\/mwc-cmm.org\/fr\/resources\/dimanche-de-la-paix-2022-liturgies\/\" \/>\n<meta property=\"og:site_name\" content=\"Mennonite World Conference\" \/>\n<meta property=\"article:publisher\" content=\"https:\/\/www.facebook.com\/MennoniteWorldConference\" \/>\n<meta property=\"article:modified_time\" content=\"2024-12-12T16:58:10+00:00\" \/>\n<meta property=\"og:image\" content=\"https:\/\/mwc-cmm.org\/sites\/default\/files\/website_files_2020\/52272140166_709a6a50c9_c.jpg\" \/>\n<script type=\"application\/ld+json\" class=\"yoast-schema-graph\">{\"@context\":\"https:\/\/schema.org\",\"@graph\":[{\"@type\":\"WebPage\",\"@id\":\"https:\/\/mwc-cmm.org\/fr\/resources\/dimanche-de-la-paix-2022-liturgies\/\",\"url\":\"https:\/\/mwc-cmm.org\/fr\/resources\/dimanche-de-la-paix-2022-liturgies\/\",\"name\":\"Dimanche de la Paix 2022 - Liturgies - Mennonite World Conference\",\"isPartOf\":{\"@id\":\"https:\/\/mwc-cmm.org\/en\/#website\"},\"primaryImageOfPage\":{\"@id\":\"https:\/\/mwc-cmm.org\/fr\/resources\/dimanche-de-la-paix-2022-liturgies\/#primaryimage\"},\"image\":{\"@id\":\"https:\/\/mwc-cmm.org\/fr\/resources\/dimanche-de-la-paix-2022-liturgies\/#primaryimage\"},\"thumbnailUrl\":\"https:\/\/mwc-cmm.org\/sites\/default\/files\/website_files_2020\/52272140166_709a6a50c9_c.jpg\",\"datePublished\":\"2024-11-19T17:39:48+00:00\",\"dateModified\":\"2024-12-12T16:58:10+00:00\",\"breadcrumb\":{\"@id\":\"https:\/\/mwc-cmm.org\/fr\/resources\/dimanche-de-la-paix-2022-liturgies\/#breadcrumb\"},\"inLanguage\":\"fr-FR\",\"potentialAction\":[{\"@type\":\"ReadAction\",\"target\":[\"https:\/\/mwc-cmm.org\/fr\/resources\/dimanche-de-la-paix-2022-liturgies\/\"]}]},{\"@type\":\"ImageObject\",\"inLanguage\":\"fr-FR\",\"@id\":\"https:\/\/mwc-cmm.org\/fr\/resources\/dimanche-de-la-paix-2022-liturgies\/#primaryimage\",\"url\":\"https:\/\/mwc-cmm.org\/sites\/default\/files\/website_files_2020\/52272140166_709a6a50c9_c.jpg\",\"contentUrl\":\"https:\/\/mwc-cmm.org\/sites\/default\/files\/website_files_2020\/52272140166_709a6a50c9_c.jpg\"},{\"@type\":\"BreadcrumbList\",\"@id\":\"https:\/\/mwc-cmm.org\/fr\/resources\/dimanche-de-la-paix-2022-liturgies\/#breadcrumb\",\"itemListElement\":[{\"@type\":\"ListItem\",\"position\":1,\"name\":\"Home\",\"item\":\"https:\/\/mwc-cmm.org\/fr\/\"},{\"@type\":\"ListItem\",\"position\":2,\"name\":\"Dimanche de la Paix 2022 &#8211; Liturgies\"}]},{\"@type\":\"WebSite\",\"@id\":\"https:\/\/mwc-cmm.org\/en\/#website\",\"url\":\"https:\/\/mwc-cmm.org\/en\/\",\"name\":\"Mennonite World Conference\",\"description\":\"A communion of Anabaptist-related churches\",\"publisher\":{\"@id\":\"https:\/\/mwc-cmm.org\/en\/#organization\"},\"alternateName\":\"MWC\",\"potentialAction\":[{\"@type\":\"SearchAction\",\"target\":{\"@type\":\"EntryPoint\",\"urlTemplate\":\"https:\/\/mwc-cmm.org\/en\/?s={search_term_string}\"},\"query-input\":{\"@type\":\"PropertyValueSpecification\",\"valueRequired\":true,\"valueName\":\"search_term_string\"}}],\"inLanguage\":\"fr-FR\"},{\"@type\":\"Organization\",\"@id\":\"https:\/\/mwc-cmm.org\/en\/#organization\",\"name\":\"Mennonite World Conference\",\"alternateName\":\"MWC\",\"url\":\"https:\/\/mwc-cmm.org\/en\/\",\"logo\":{\"@type\":\"ImageObject\",\"inLanguage\":\"fr-FR\",\"@id\":\"https:\/\/mwc-cmm.org\/en\/#\/schema\/logo\/image\/\",\"url\":\"https:\/\/mwc-cmm.org\/wp-content\/uploads\/2026\/01\/MWC_Sig_Blue_Horiz_webheader1-logo.svg\",\"contentUrl\":\"https:\/\/mwc-cmm.org\/wp-content\/uploads\/2026\/01\/MWC_Sig_Blue_Horiz_webheader1-logo.svg\",\"width\":786,\"height\":82,\"caption\":\"Mennonite World Conference\"},\"image\":{\"@id\":\"https:\/\/mwc-cmm.org\/en\/#\/schema\/logo\/image\/\"},\"sameAs\":[\"https:\/\/www.facebook.com\/MennoniteWorldConference\",\"https:\/\/www.linkedin.com\/company\/mennonite-world-conference-mwc\/\",\"https:\/\/www.instagram.com\/mwcmm\/\",\"https:\/\/www.youtube.com\/user\/mwccmm\",\"https:\/\/bsky.app\/profile\/mwcmm.bsky.social\"]}]}<\/script>\n<!-- \/ Yoast SEO plugin. -->","yoast_head_json":{"title":"Dimanche de la Paix 2022 - Liturgies - Mennonite World Conference","robots":{"index":"index","follow":"follow","max-snippet":"max-snippet:-1","max-image-preview":"max-image-preview:large","max-video-preview":"max-video-preview:-1"},"canonical":"https:\/\/mwc-cmm.org\/fr\/resources\/dimanche-de-la-paix-2022-liturgies\/","og_locale":"fr_FR","og_type":"article","og_title":"Dimanche de la Paix 2022 - Liturgies - Mennonite World Conference","og_description":"Pri\u00e8re d\u2019ouverture Appel \u00e0 la confiance Lorsque les dangers violent notre confort Et que nous nous demandons si notre R\u00e9dempteur s\u2019en soucie Nous entendons l\u2019appel :Sois en paix, sois serein. Lorsque nous sommes confront\u00e9s \u00e0 la perte d\u2019un travail, \u00e0 des difficult\u00e9s financi\u00e8res, et que notre s\u00e9curit\u00e9 nous semble fragile nous entendons l\u2019appel :Sois en [&hellip;]","og_url":"https:\/\/mwc-cmm.org\/fr\/resources\/dimanche-de-la-paix-2022-liturgies\/","og_site_name":"Mennonite World Conference","article_publisher":"https:\/\/www.facebook.com\/MennoniteWorldConference","article_modified_time":"2024-12-12T16:58:10+00:00","og_image":[{"url":"https:\/\/mwc-cmm.org\/sites\/default\/files\/website_files_2020\/52272140166_709a6a50c9_c.jpg","type":"","width":"","height":""}],"schema":{"@context":"https:\/\/schema.org","@graph":[{"@type":"WebPage","@id":"https:\/\/mwc-cmm.org\/fr\/resources\/dimanche-de-la-paix-2022-liturgies\/","url":"https:\/\/mwc-cmm.org\/fr\/resources\/dimanche-de-la-paix-2022-liturgies\/","name":"Dimanche de la Paix 2022 - Liturgies - Mennonite World Conference","isPartOf":{"@id":"https:\/\/mwc-cmm.org\/en\/#website"},"primaryImageOfPage":{"@id":"https:\/\/mwc-cmm.org\/fr\/resources\/dimanche-de-la-paix-2022-liturgies\/#primaryimage"},"image":{"@id":"https:\/\/mwc-cmm.org\/fr\/resources\/dimanche-de-la-paix-2022-liturgies\/#primaryimage"},"thumbnailUrl":"https:\/\/mwc-cmm.org\/sites\/default\/files\/website_files_2020\/52272140166_709a6a50c9_c.jpg","datePublished":"2024-11-19T17:39:48+00:00","dateModified":"2024-12-12T16:58:10+00:00","breadcrumb":{"@id":"https:\/\/mwc-cmm.org\/fr\/resources\/dimanche-de-la-paix-2022-liturgies\/#breadcrumb"},"inLanguage":"fr-FR","potentialAction":[{"@type":"ReadAction","target":["https:\/\/mwc-cmm.org\/fr\/resources\/dimanche-de-la-paix-2022-liturgies\/"]}]},{"@type":"ImageObject","inLanguage":"fr-FR","@id":"https:\/\/mwc-cmm.org\/fr\/resources\/dimanche-de-la-paix-2022-liturgies\/#primaryimage","url":"https:\/\/mwc-cmm.org\/sites\/default\/files\/website_files_2020\/52272140166_709a6a50c9_c.jpg","contentUrl":"https:\/\/mwc-cmm.org\/sites\/default\/files\/website_files_2020\/52272140166_709a6a50c9_c.jpg"},{"@type":"BreadcrumbList","@id":"https:\/\/mwc-cmm.org\/fr\/resources\/dimanche-de-la-paix-2022-liturgies\/#breadcrumb","itemListElement":[{"@type":"ListItem","position":1,"name":"Home","item":"https:\/\/mwc-cmm.org\/fr\/"},{"@type":"ListItem","position":2,"name":"Dimanche de la Paix 2022 &#8211; Liturgies"}]},{"@type":"WebSite","@id":"https:\/\/mwc-cmm.org\/en\/#website","url":"https:\/\/mwc-cmm.org\/en\/","name":"Mennonite World Conference","description":"A communion of Anabaptist-related churches","publisher":{"@id":"https:\/\/mwc-cmm.org\/en\/#organization"},"alternateName":"MWC","potentialAction":[{"@type":"SearchAction","target":{"@type":"EntryPoint","urlTemplate":"https:\/\/mwc-cmm.org\/en\/?s={search_term_string}"},"query-input":{"@type":"PropertyValueSpecification","valueRequired":true,"valueName":"search_term_string"}}],"inLanguage":"fr-FR"},{"@type":"Organization","@id":"https:\/\/mwc-cmm.org\/en\/#organization","name":"Mennonite World Conference","alternateName":"MWC","url":"https:\/\/mwc-cmm.org\/en\/","logo":{"@type":"ImageObject","inLanguage":"fr-FR","@id":"https:\/\/mwc-cmm.org\/en\/#\/schema\/logo\/image\/","url":"https:\/\/mwc-cmm.org\/wp-content\/uploads\/2026\/01\/MWC_Sig_Blue_Horiz_webheader1-logo.svg","contentUrl":"https:\/\/mwc-cmm.org\/wp-content\/uploads\/2026\/01\/MWC_Sig_Blue_Horiz_webheader1-logo.svg","width":786,"height":82,"caption":"Mennonite World Conference"},"image":{"@id":"https:\/\/mwc-cmm.org\/en\/#\/schema\/logo\/image\/"},"sameAs":["https:\/\/www.facebook.com\/MennoniteWorldConference","https:\/\/www.linkedin.com\/company\/mennonite-world-conference-mwc\/","https:\/\/www.instagram.com\/mwcmm\/","https:\/\/www.youtube.com\/user\/mwccmm","https:\/\/bsky.app\/profile\/mwcmm.bsky.social"]}]}},"_links":{"self":[{"href":"https:\/\/mwc-cmm.org\/fr\/wp-json\/wp\/v2\/mwcresource\/17885","targetHints":{"allow":["GET"]}}],"collection":[{"href":"https:\/\/mwc-cmm.org\/fr\/wp-json\/wp\/v2\/mwcresource"}],"about":[{"href":"https:\/\/mwc-cmm.org\/fr\/wp-json\/wp\/v2\/types\/mwcresource"}],"wp:attachment":[{"href":"https:\/\/mwc-cmm.org\/fr\/wp-json\/wp\/v2\/media?parent=17885"}],"wp:term":[{"taxonomy":"network","embeddable":true,"href":"https:\/\/mwc-cmm.org\/fr\/wp-json\/wp\/v2\/network?post=17885"},{"taxonomy":"resourcetype","embeddable":true,"href":"https:\/\/mwc-cmm.org\/fr\/wp-json\/wp\/v2\/resourcetype?post=17885"},{"taxonomy":"language","embeddable":true,"href":"https:\/\/mwc-cmm.org\/fr\/wp-json\/wp\/v2\/language?post=17885"},{"taxonomy":"resourcecategory","embeddable":true,"href":"https:\/\/mwc-cmm.org\/fr\/wp-json\/wp\/v2\/resourcecategory?post=17885"},{"taxonomy":"resourcetheme","embeddable":true,"href":"https:\/\/mwc-cmm.org\/fr\/wp-json\/wp\/v2\/resourcetheme?post=17885"},{"taxonomy":"eventcategory","embeddable":true,"href":"https:\/\/mwc-cmm.org\/fr\/wp-json\/wp\/v2\/eventcategory?post=17885"}],"curies":[{"name":"wp","href":"https:\/\/api.w.org\/{rel}","templated":true}]}}