{"id":17879,"date":"2020-03-19T17:39:48","date_gmt":"2020-03-19T17:39:48","guid":{"rendered":"https:\/\/mwc-cmm.org\/en\/resources\/dimanche-de-la-paix-2020-materiel-pour-le-culte\/"},"modified":"2024-12-12T17:05:40","modified_gmt":"2024-12-12T17:05:40","slug":"dimanche-de-la-paix-2020-materiel-pour-le-culte","status":"publish","type":"mwcresource","link":"https:\/\/mwc-cmm.org\/fr\/resources\/dimanche-de-la-paix-2020-materiel-pour-le-culte\/","title":{"rendered":"Dimanche de la Paix 2020 &#8211; Mat\u00e9riel pour le culte"},"content":{"rendered":"\n<div class=\"wp-block-columns alignwide is-layout-flex wp-container-core-columns-is-layout-28f84493 wp-block-columns-is-layout-flex\">\n<div class=\"wp-block-column is-layout-flow wp-block-column-is-layout-flow\" style=\"flex-basis:66.66%\">\n<h2 class=\"wp-block-heading\">Th\u0117me<\/h2>\n\n\n\n<p>\u2018Quand un des membres souffrent, tous les membres souffrent \u2013 la paix : un accompagnement et de la solidarit\u00e9\u2019<\/p>\n\n\n\n<p>Si nous voulons incarner la paix et la justice de Dieu dans ce monde, ce qui arrive \u00e0 l\u2019un affecte les autres et devrait aussi avoir de l\u2019importance pour eux..<\/p>\n\n\n\n<h3 class=\"wp-block-heading\">Textes bibliques :<\/h3>\n\n\n\n<p>1 Corinthiens 12\/12\u201327<br>Ruth 1\/1\u201317<br>\u00c9ph\u00e9siens 4\/1\u20136<br>Galates 6\/1\u20135<\/p>\n\n\n\n<h3 class=\"wp-block-heading\"><a href=\"https:\/\/mwc-cmm.org\/wp-content\/uploads\/2024\/11\/peace_sunday_2020-fr_0.pdf\">Ressources suppl\u00e9mentaires dans ce dossier :<\/a><\/h3>\n\n\n\n<ul class=\"wp-block-list\">\n<li><a href=\"https:\/\/mwc-cmm.org\/wp-content\/uploads\/2024\/11\/peace_sunday_2020-fr_0.pdf\">Liturgies sugg\u00e9r\u00e9es pour le rassemblement et la b\u00e9n\u00e9diction<\/a><\/li>\n\n\n\n<li><a href=\"https:\/\/mwc-cmm.org\/wp-content\/uploads\/2024\/11\/peace_sunday_2020-fr_0.pdf\">Pri\u00e8res et cantiques<\/a><\/li>\n\n\n\n<li><a href=\"https:\/\/mwc-cmm.org\/wp-content\/uploads\/2024\/11\/peace_sunday_2020-fr_0.pdf\">Ressources p\u00e9dagogiques<\/a><\/li>\n\n\n\n<li><a href=\"https:\/\/mwc-cmm.org\/wp-content\/uploads\/2024\/11\/peace_sunday_2020-fr_0.pdf\">T\u00e9moignages<\/a><\/li>\n<\/ul>\n\n\n\n<h3 class=\"wp-block-heading\">Resources suppl\u00e9mentaires dans ce dossier :<\/h3>\n\n\n\n<ul class=\"wp-block-list\">\n<li><a href=\"https:\/\/flic.kr\/s\/aHsmNUur2u\"><\/a><a href=\"https:\/\/flic.kr\/s\/aHsmNUur2u\">Images (y compris les images figurant dans ce dossier)<\/a>\n<ul class=\"wp-block-list\">\n<li><a href=\"https:\/\/flic.kr\/p\/2jgQ6uX\"><\/a><a href=\"https:\/\/flic.kr\/p\/2jgQ6uX\">questions: accompagner ceux qui souffre<\/a><\/li>\n\n\n\n<li><a href=\"https:\/\/www.flickr.com\/photos\/mwcmm\/50062803546\/in\/album-72157714755866682\/\"><\/a><a href=\"https:\/\/www.flickr.com\/photos\/mwcmm\/50062803546\/in\/album-72157714755866682\/\">nous ne reviendra pas \u00e0 la normal<\/a><\/li>\n<\/ul>\n<\/li>\n\n\n\n<li>Enregistrements sonores\n<ul class=\"wp-block-list\">\n<li><a href=\"https:\/\/mwc-cmm.org\/resources\/esuno-kokoro-jesus-heart\">Esuno kokoro &#8211; Jesus heart<\/a><\/li>\n\n\n\n<li><a href=\"https:\/\/mwc-cmm.org\/resources\/dhuh-pangeran\">Dhuh Pangeran \/ Oh Prince of Peace<\/a><\/li>\n\n\n\n<li><a href=\"https:\/\/mwc-cmm.org\/resources\/youre-not-alone\">You&rsquo;re not Alone<\/a><\/li>\n<\/ul>\n<\/li>\n\n\n\n<li><a href=\"https:\/\/mwc-cmm.org\/resources\/statement-solidarity-indigenous-peoples\"><\/a><a href=\"https:\/\/mwc-cmm.org\/resources\/statement-solidarity-indigenous-peoples\">\u2018D\u00e9claration de Solidarit\u00e9 avec les Peuples autochtones\u2019 de la Conf\u00e9rence Mennonite Mondiale<\/a><\/li>\n<\/ul>\n\n\n\n<p>&nbsp;<\/p>\n<\/div>\n\n\n\n<div class=\"wp-block-column is-layout-flow wp-block-column-is-layout-flow\" style=\"flex-basis:33.33%\">\n<figure class=\"wp-block-image\"><a href=\"https:\/\/mwc-cmm.org\/wp-content\/uploads\/2024\/11\/peace_sunday_2020-fr_0.pdf\"><img decoding=\"async\" data-src=\"https:\/\/mwc-cmm.org\/wp-content\/uploads\/2024\/11\/dimance_de_la_paix-4.png\" alt=\"\" width=\"399\" class=\"smush-dimensions lazyload\" style=\"--smush-image-width: 399px; --smush-image-aspect-ratio: 399\/523;\" src=\"data:image\/svg+xml;base64,PHN2ZyB3aWR0aD0iMSIgaGVpZ2h0PSIxIiB4bWxucz0iaHR0cDovL3d3dy53My5vcmcvMjAwMC9zdmciPjwvc3ZnPg==\" \/><\/a><\/figure>\n\n\n\n<p><\/p>\n<\/div>\n<\/div>\n\n\n\n<div data-wp-interactive=\"core\/file\" class=\"wp-block-file\"><object data-wp-bind--hidden=\"!state.hasPdfPreview\" hidden class=\"wp-block-file__embed\" data=\"https:\/\/mwc-cmm.org\/wp-content\/uploads\/2024\/11\/peace_sunday_2020-fr_0.pdf\" type=\"application\/pdf\" style=\"width:100%;height:600px\" aria-label=\"Contenu embarqu\u00e9 peace_sunday_2020-fr_0.\"><\/object><a id=\"wp-block-file--media-3ed3b9f1-6cfb-4a3f-80e5-470297d26701\" href=\"https:\/\/mwc-cmm.org\/wp-content\/uploads\/2024\/11\/peace_sunday_2020-fr_0.pdf\">peace_sunday_2020-fr_0<\/a><a href=\"https:\/\/mwc-cmm.org\/wp-content\/uploads\/2024\/11\/peace_sunday_2020-fr_0.pdf\" class=\"wp-block-file__button wp-element-button\" download aria-describedby=\"wp-block-file--media-3ed3b9f1-6cfb-4a3f-80e5-470297d26701\">Download<\/a><\/div>\n","protected":false},"featured_media":0,"template":"","network":[1254],"resourcetype":[],"language":[1346],"resourcecategory":[1367],"resourcetheme":[],"eventcategory":[],"class_list":["post-17879","mwcresource","type-mwcresource","status-publish","hentry","network-peace-commission-fr","language-fr-fr","resourcecategory-worship-resource-fr"],"acf":[],"yoast_head":"<!-- This site is optimized with the Yoast SEO plugin v27.5 - https:\/\/yoast.com\/product\/yoast-seo-wordpress\/ -->\n<title>Dimanche de la Paix 2020 - Mat\u00e9riel pour le culte - Mennonite World Conference<\/title>\n<meta name=\"robots\" content=\"index, follow, max-snippet:-1, max-image-preview:large, max-video-preview:-1\" \/>\n<link rel=\"canonical\" href=\"https:\/\/mwc-cmm.org\/en\/resources\/peace-sunday-2020-worship-resource\/\" \/>\n<meta property=\"og:locale\" content=\"fr_FR\" \/>\n<meta property=\"og:type\" content=\"article\" \/>\n<meta property=\"og:title\" content=\"Dimanche de la Paix 2020 - Mat\u00e9riel pour le culte - Mennonite World Conference\" \/>\n<meta property=\"og:description\" content=\"Th\u0117me \u2018Quand un des membres souffrent, tous les membres souffrent \u2013 la paix : un accompagnement et de la solidarit\u00e9\u2019 Si nous voulons incarner la paix et la justice de Dieu dans ce monde, ce qui arrive \u00e0 l\u2019un affecte les autres et devrait aussi avoir de l\u2019importance pour eux.. Textes bibliques : 1 Corinthiens [&hellip;]\" \/>\n<meta property=\"og:url\" content=\"https:\/\/mwc-cmm.org\/en\/resources\/peace-sunday-2020-worship-resource\/\" \/>\n<meta property=\"og:site_name\" content=\"Mennonite World Conference\" \/>\n<meta property=\"article:publisher\" content=\"https:\/\/www.facebook.com\/MennoniteWorldConference\" \/>\n<meta property=\"article:modified_time\" content=\"2024-12-12T17:05:40+00:00\" \/>\n<meta property=\"og:image\" content=\"https:\/\/mwc-cmm.org\/wp-content\/uploads\/2024\/11\/dimance_de_la_paix-4.png\" \/>\n<script type=\"application\/ld+json\" class=\"yoast-schema-graph\">{\"@context\":\"https:\\\/\\\/schema.org\",\"@graph\":[{\"@type\":\"WebPage\",\"@id\":\"https:\\\/\\\/mwc-cmm.org\\\/en\\\/resources\\\/peace-sunday-2020-worship-resource\\\/\",\"url\":\"https:\\\/\\\/mwc-cmm.org\\\/en\\\/resources\\\/peace-sunday-2020-worship-resource\\\/\",\"name\":\"Dimanche de la Paix 2020 - Mat\u00e9riel pour le culte - Mennonite World Conference\",\"isPartOf\":{\"@id\":\"https:\\\/\\\/mwc-cmm.org\\\/en\\\/#website\"},\"primaryImageOfPage\":{\"@id\":\"https:\\\/\\\/mwc-cmm.org\\\/en\\\/resources\\\/peace-sunday-2020-worship-resource\\\/#primaryimage\"},\"image\":{\"@id\":\"https:\\\/\\\/mwc-cmm.org\\\/en\\\/resources\\\/peace-sunday-2020-worship-resource\\\/#primaryimage\"},\"thumbnailUrl\":\"https:\\\/\\\/mwc-cmm.org\\\/wp-content\\\/uploads\\\/2024\\\/11\\\/dimance_de_la_paix-4.png\",\"datePublished\":\"2020-03-19T17:39:48+00:00\",\"dateModified\":\"2024-12-12T17:05:40+00:00\",\"breadcrumb\":{\"@id\":\"https:\\\/\\\/mwc-cmm.org\\\/en\\\/resources\\\/peace-sunday-2020-worship-resource\\\/#breadcrumb\"},\"inLanguage\":\"fr-FR\",\"potentialAction\":[{\"@type\":\"ReadAction\",\"target\":[\"https:\\\/\\\/mwc-cmm.org\\\/en\\\/resources\\\/peace-sunday-2020-worship-resource\\\/\"]}]},{\"@type\":\"ImageObject\",\"inLanguage\":\"fr-FR\",\"@id\":\"https:\\\/\\\/mwc-cmm.org\\\/en\\\/resources\\\/peace-sunday-2020-worship-resource\\\/#primaryimage\",\"url\":\"https:\\\/\\\/mwc-cmm.org\\\/wp-content\\\/uploads\\\/2024\\\/11\\\/dimance_de_la_paix-4.png\",\"contentUrl\":\"https:\\\/\\\/mwc-cmm.org\\\/wp-content\\\/uploads\\\/2024\\\/11\\\/dimance_de_la_paix-4.png\"},{\"@type\":\"BreadcrumbList\",\"@id\":\"https:\\\/\\\/mwc-cmm.org\\\/en\\\/resources\\\/peace-sunday-2020-worship-resource\\\/#breadcrumb\",\"itemListElement\":[{\"@type\":\"ListItem\",\"position\":1,\"name\":\"Home\",\"item\":\"https:\\\/\\\/mwc-cmm.org\\\/fr\\\/\"},{\"@type\":\"ListItem\",\"position\":2,\"name\":\"Dimanche de la Paix 2020 &#8211; Mat\u00e9riel pour le culte\"}]},{\"@type\":\"WebSite\",\"@id\":\"https:\\\/\\\/mwc-cmm.org\\\/en\\\/#website\",\"url\":\"https:\\\/\\\/mwc-cmm.org\\\/en\\\/\",\"name\":\"Mennonite World Conference\",\"description\":\"A communion of Anabaptist-related churches\",\"publisher\":{\"@id\":\"https:\\\/\\\/mwc-cmm.org\\\/en\\\/#organization\"},\"alternateName\":\"MWC\",\"potentialAction\":[{\"@type\":\"SearchAction\",\"target\":{\"@type\":\"EntryPoint\",\"urlTemplate\":\"https:\\\/\\\/mwc-cmm.org\\\/en\\\/?s={search_term_string}\"},\"query-input\":{\"@type\":\"PropertyValueSpecification\",\"valueRequired\":true,\"valueName\":\"search_term_string\"}}],\"inLanguage\":\"fr-FR\"},{\"@type\":\"Organization\",\"@id\":\"https:\\\/\\\/mwc-cmm.org\\\/en\\\/#organization\",\"name\":\"Mennonite World Conference\",\"alternateName\":\"MWC\",\"url\":\"https:\\\/\\\/mwc-cmm.org\\\/en\\\/\",\"logo\":{\"@type\":\"ImageObject\",\"inLanguage\":\"fr-FR\",\"@id\":\"https:\\\/\\\/mwc-cmm.org\\\/en\\\/#\\\/schema\\\/logo\\\/image\\\/\",\"url\":\"https:\\\/\\\/mwc-cmm.org\\\/wp-content\\\/uploads\\\/2026\\\/01\\\/MWC_Sig_Blue_Horiz_webheader1-logo.svg\",\"contentUrl\":\"https:\\\/\\\/mwc-cmm.org\\\/wp-content\\\/uploads\\\/2026\\\/01\\\/MWC_Sig_Blue_Horiz_webheader1-logo.svg\",\"width\":786,\"height\":82,\"caption\":\"Mennonite World Conference\"},\"image\":{\"@id\":\"https:\\\/\\\/mwc-cmm.org\\\/en\\\/#\\\/schema\\\/logo\\\/image\\\/\"},\"sameAs\":[\"https:\\\/\\\/www.facebook.com\\\/MennoniteWorldConference\",\"https:\\\/\\\/www.linkedin.com\\\/company\\\/mennonite-world-conference-mwc\\\/\",\"https:\\\/\\\/www.instagram.com\\\/mwcmm\\\/\",\"https:\\\/\\\/www.youtube.com\\\/user\\\/mwccmm\",\"https:\\\/\\\/bsky.app\\\/profile\\\/mwcmm.bsky.social\"]}]}<\/script>\n<!-- \/ Yoast SEO plugin. -->","yoast_head_json":{"title":"Dimanche de la Paix 2020 - Mat\u00e9riel pour le culte - Mennonite World Conference","robots":{"index":"index","follow":"follow","max-snippet":"max-snippet:-1","max-image-preview":"max-image-preview:large","max-video-preview":"max-video-preview:-1"},"canonical":"https:\/\/mwc-cmm.org\/en\/resources\/peace-sunday-2020-worship-resource\/","og_locale":"fr_FR","og_type":"article","og_title":"Dimanche de la Paix 2020 - Mat\u00e9riel pour le culte - Mennonite World Conference","og_description":"Th\u0117me \u2018Quand un des membres souffrent, tous les membres souffrent \u2013 la paix : un accompagnement et de la solidarit\u00e9\u2019 Si nous voulons incarner la paix et la justice de Dieu dans ce monde, ce qui arrive \u00e0 l\u2019un affecte les autres et devrait aussi avoir de l\u2019importance pour eux.. Textes bibliques : 1 Corinthiens [&hellip;]","og_url":"https:\/\/mwc-cmm.org\/en\/resources\/peace-sunday-2020-worship-resource\/","og_site_name":"Mennonite World Conference","article_publisher":"https:\/\/www.facebook.com\/MennoniteWorldConference","article_modified_time":"2024-12-12T17:05:40+00:00","og_image":[{"url":"https:\/\/mwc-cmm.org\/wp-content\/uploads\/2024\/11\/dimance_de_la_paix-4.png","type":"","width":"","height":""}],"schema":{"@context":"https:\/\/schema.org","@graph":[{"@type":"WebPage","@id":"https:\/\/mwc-cmm.org\/en\/resources\/peace-sunday-2020-worship-resource\/","url":"https:\/\/mwc-cmm.org\/en\/resources\/peace-sunday-2020-worship-resource\/","name":"Dimanche de la Paix 2020 - Mat\u00e9riel pour le culte - Mennonite World Conference","isPartOf":{"@id":"https:\/\/mwc-cmm.org\/en\/#website"},"primaryImageOfPage":{"@id":"https:\/\/mwc-cmm.org\/en\/resources\/peace-sunday-2020-worship-resource\/#primaryimage"},"image":{"@id":"https:\/\/mwc-cmm.org\/en\/resources\/peace-sunday-2020-worship-resource\/#primaryimage"},"thumbnailUrl":"https:\/\/mwc-cmm.org\/wp-content\/uploads\/2024\/11\/dimance_de_la_paix-4.png","datePublished":"2020-03-19T17:39:48+00:00","dateModified":"2024-12-12T17:05:40+00:00","breadcrumb":{"@id":"https:\/\/mwc-cmm.org\/en\/resources\/peace-sunday-2020-worship-resource\/#breadcrumb"},"inLanguage":"fr-FR","potentialAction":[{"@type":"ReadAction","target":["https:\/\/mwc-cmm.org\/en\/resources\/peace-sunday-2020-worship-resource\/"]}]},{"@type":"ImageObject","inLanguage":"fr-FR","@id":"https:\/\/mwc-cmm.org\/en\/resources\/peace-sunday-2020-worship-resource\/#primaryimage","url":"https:\/\/mwc-cmm.org\/wp-content\/uploads\/2024\/11\/dimance_de_la_paix-4.png","contentUrl":"https:\/\/mwc-cmm.org\/wp-content\/uploads\/2024\/11\/dimance_de_la_paix-4.png"},{"@type":"BreadcrumbList","@id":"https:\/\/mwc-cmm.org\/en\/resources\/peace-sunday-2020-worship-resource\/#breadcrumb","itemListElement":[{"@type":"ListItem","position":1,"name":"Home","item":"https:\/\/mwc-cmm.org\/fr\/"},{"@type":"ListItem","position":2,"name":"Dimanche de la Paix 2020 &#8211; Mat\u00e9riel pour le culte"}]},{"@type":"WebSite","@id":"https:\/\/mwc-cmm.org\/en\/#website","url":"https:\/\/mwc-cmm.org\/en\/","name":"Mennonite World Conference","description":"A communion of Anabaptist-related churches","publisher":{"@id":"https:\/\/mwc-cmm.org\/en\/#organization"},"alternateName":"MWC","potentialAction":[{"@type":"SearchAction","target":{"@type":"EntryPoint","urlTemplate":"https:\/\/mwc-cmm.org\/en\/?s={search_term_string}"},"query-input":{"@type":"PropertyValueSpecification","valueRequired":true,"valueName":"search_term_string"}}],"inLanguage":"fr-FR"},{"@type":"Organization","@id":"https:\/\/mwc-cmm.org\/en\/#organization","name":"Mennonite World Conference","alternateName":"MWC","url":"https:\/\/mwc-cmm.org\/en\/","logo":{"@type":"ImageObject","inLanguage":"fr-FR","@id":"https:\/\/mwc-cmm.org\/en\/#\/schema\/logo\/image\/","url":"https:\/\/mwc-cmm.org\/wp-content\/uploads\/2026\/01\/MWC_Sig_Blue_Horiz_webheader1-logo.svg","contentUrl":"https:\/\/mwc-cmm.org\/wp-content\/uploads\/2026\/01\/MWC_Sig_Blue_Horiz_webheader1-logo.svg","width":786,"height":82,"caption":"Mennonite World Conference"},"image":{"@id":"https:\/\/mwc-cmm.org\/en\/#\/schema\/logo\/image\/"},"sameAs":["https:\/\/www.facebook.com\/MennoniteWorldConference","https:\/\/www.linkedin.com\/company\/mennonite-world-conference-mwc\/","https:\/\/www.instagram.com\/mwcmm\/","https:\/\/www.youtube.com\/user\/mwccmm","https:\/\/bsky.app\/profile\/mwcmm.bsky.social"]}]}},"_links":{"self":[{"href":"https:\/\/mwc-cmm.org\/fr\/wp-json\/wp\/v2\/mwcresource\/17879","targetHints":{"allow":["GET"]}}],"collection":[{"href":"https:\/\/mwc-cmm.org\/fr\/wp-json\/wp\/v2\/mwcresource"}],"about":[{"href":"https:\/\/mwc-cmm.org\/fr\/wp-json\/wp\/v2\/types\/mwcresource"}],"wp:attachment":[{"href":"https:\/\/mwc-cmm.org\/fr\/wp-json\/wp\/v2\/media?parent=17879"}],"wp:term":[{"taxonomy":"network","embeddable":true,"href":"https:\/\/mwc-cmm.org\/fr\/wp-json\/wp\/v2\/network?post=17879"},{"taxonomy":"resourcetype","embeddable":true,"href":"https:\/\/mwc-cmm.org\/fr\/wp-json\/wp\/v2\/resourcetype?post=17879"},{"taxonomy":"language","embeddable":true,"href":"https:\/\/mwc-cmm.org\/fr\/wp-json\/wp\/v2\/language?post=17879"},{"taxonomy":"resourcecategory","embeddable":true,"href":"https:\/\/mwc-cmm.org\/fr\/wp-json\/wp\/v2\/resourcecategory?post=17879"},{"taxonomy":"resourcetheme","embeddable":true,"href":"https:\/\/mwc-cmm.org\/fr\/wp-json\/wp\/v2\/resourcetheme?post=17879"},{"taxonomy":"eventcategory","embeddable":true,"href":"https:\/\/mwc-cmm.org\/fr\/wp-json\/wp\/v2\/eventcategory?post=17879"}],"curies":[{"name":"wp","href":"https:\/\/api.w.org\/{rel}","templated":true}]}}