{"id":17754,"date":"2024-11-19T17:39:22","date_gmt":"2024-11-19T17:39:22","guid":{"rendered":"https:\/\/mwc-cmm.org\/en\/resources\/assemblee-reunie\/"},"modified":"2024-12-12T17:47:48","modified_gmt":"2024-12-12T17:47:48","slug":"assemblee-reunie","status":"publish","type":"mwcresource","link":"https:\/\/mwc-cmm.org\/fr\/resources\/assemblee-reunie\/","title":{"rendered":"Assembl\u00e9e r\u00e9unie"},"content":{"rendered":"\n<h3 class=\"wp-block-heading\"><a name=\"top\" id=\"top\"><\/a><a>Assembl\u00e9e r\u00e9unie&nbsp;Indon\u00e9sie 2022<\/a><\/h3>\n\n\n\n<ul class=\"wp-block-list\">\n<li><a href=\"https:\/\/mwc-cmm.org\/fr\/resources\/assemblee-reunie#5%20AM\">Culte D&rsquo;ouverture &amp; Louanges &#8211; 5 juillet 2022<\/a><\/li>\n\n\n\n<li><a href=\"https:\/\/mwc-cmm.org\/fr\/resources\/assemblee-reunie#6%20AM\">Apprendere Ensemble &#8211; Pl\u00e9ni\u00e8re du matin: 6 juillet 2022<\/a><\/li>\n<\/ul>\n\n\n\n<hr class=\"wp-block-separator has-alpha-channel-opacity\"\/>\n\n\n\n<h2 class=\"wp-block-heading\"><a>Culte D&rsquo;ouverture &amp; Louanges &#8211; 5 juillet 2022<\/a><\/h2>\n\n\n\n<p>Assembl\u00e9e r\u00e9unie\u202f: inauguration<br>Suivre J\u00e9sus ensemble \u00e0 travers les fronti\u00e8res&nbsp;<br>5 juillet 2022&nbsp;<\/p>\n\n\n\n<p>Tim Geddert&nbsp;<br>Am\u00e9rique du nord&nbsp;<\/p>\n\n\n\n<p><iframe title=\"YouTube video player\" data-src=\"https:\/\/www.youtube.com\/embed\/F3zqpeMq32w?si=Tprbl11tRIwjJpHI\" width=\"560\" height=\"315\" frameborder=\"0\" allowfullscreen=\"allowfullscreen\" src=\"data:image\/svg+xml;base64,PHN2ZyB3aWR0aD0iMSIgaGVpZ2h0PSIxIiB4bWxucz0iaHR0cDovL3d3dy53My5vcmcvMjAwMC9zdmciPjwvc3ZnPg==\" class=\"lazyload\" data-load-mode=\"1\"><\/iframe><\/p>\n\n\n\n<p class=\"rteright\"><a href=\"https:\/\/mwc-cmm.org\/fr\/resources\/assemblee-reunie#top\"><em>Retour en haut de la page<\/em><\/a><\/p>\n\n\n\n<hr class=\"wp-block-separator has-alpha-channel-opacity\"\/>\n\n\n\n<h2 class=\"wp-block-heading\"><a>Apprendere Ensemble &#8211; Pl\u00e9ni\u00e8re du matin: 6 juillet 2022<\/a><\/h2>\n\n\n\n<p>Assembl\u00e9e r\u00e9unie\u202f: mercredi matin&nbsp;<br>Suivre J\u00e9sus \u2013 apprendre ensemble&nbsp;<br>6 juillet 2022&nbsp;<\/p>\n\n\n\n<p class=\"rteright\">Larissa Swartz (Comit\u00e9 YABs \u2013 Am\u00e9rique du nord)&nbsp;<br>Anne-Cathy Graber (Commission Foi et Vie)&nbsp;<\/p>\n\n\n\n<p><iframe title=\"YouTube video player\" data-src=\"https:\/\/www.youtube.com\/embed\/4F99bLI2g1o?si=sfPJ5HuD3g0hCinM\" width=\"560\" height=\"315\" frameborder=\"0\" allowfullscreen=\"allowfullscreen\" src=\"data:image\/svg+xml;base64,PHN2ZyB3aWR0aD0iMSIgaGVpZ2h0PSIxIiB4bWxucz0iaHR0cDovL3d3dy53My5vcmcvMjAwMC9zdmciPjwvc3ZnPg==\" class=\"lazyload\" data-load-mode=\"1\"><\/iframe><\/p>\n\n\n\n<p class=\"rteright\"><a href=\"https:\/\/mwc-cmm.org\/fr\/resources\/assemblee-reunie#top\"><em>Retour en haut de la page<\/em><\/a><\/p>\n\n\n\n<hr class=\"wp-block-separator has-alpha-channel-opacity\"\/>\n\n\n\n<p class=\"rteright\"><strong><em>L\u2019interpr\u00e9tation ne constitue pas un compte rendu officiel.&nbsp;<\/em><em>L\u2019interpr\u00e9tation simultan\u00e9e des r\u00e9unions de la Conf\u00e9rence Mennonite Mondiale facilite la communication entre les participants. Elle ne constitue pas un compte rendu officiel des d\u00e9bats. Lorsqu\u2019il y a des diff\u00e9rences entre l\u2019interpr\u00e9tation et le discours prononc\u00e9 (ou la traduction \u00e9crite du discours), le discours prononc\u00e9 (ou sa traduction \u00e9crite) fait foi.&nbsp;&nbsp;<\/em><em>Veuillez contacter&nbsp;<a href=\"mailto:info@mwc-cmm.\">info@mwc-cmm.<\/a>org si vous pr\u00e9voyez de republier du contenu \u00e0 l\u2019\u00e9crit ou \u00e0 l\u2019oral. &nbsp;<\/em><\/strong><\/p>\n\n\n\n<p class=\"rtecenter\"><\/p>\n\n\n\n<p>&nbsp;<\/p>\n","protected":false},"featured_media":103714,"template":"","network":[],"resourcetype":[1331],"language":[1346],"resourcecategory":[],"resourcetheme":[],"eventcategory":[1494],"class_list":["post-17754","mwcresource","type-mwcresource","status-publish","has-post-thumbnail","hentry","resourcetype-video-fr","language-fr-fr","eventcategory-assembly-fr"],"acf":[],"yoast_head":"<!-- This site is optimized with the Yoast SEO plugin v27.2 - https:\/\/yoast.com\/product\/yoast-seo-wordpress\/ -->\n<title>Assembl\u00e9e r\u00e9unie - Mennonite World Conference<\/title>\n<meta name=\"robots\" content=\"index, follow, max-snippet:-1, max-image-preview:large, max-video-preview:-1\" \/>\n<link rel=\"canonical\" href=\"https:\/\/mwc-cmm.org\/fr\/resources\/assemblee-reunie\/\" \/>\n<meta property=\"og:locale\" content=\"fr_FR\" \/>\n<meta property=\"og:type\" content=\"article\" \/>\n<meta property=\"og:title\" content=\"Assembl\u00e9e r\u00e9unie - Mennonite World Conference\" \/>\n<meta property=\"og:description\" content=\"Assembl\u00e9e r\u00e9unie&nbsp;Indon\u00e9sie 2022 Culte D&rsquo;ouverture &amp; Louanges &#8211; 5 juillet 2022 Assembl\u00e9e r\u00e9unie\u202f: inaugurationSuivre J\u00e9sus ensemble \u00e0 travers les fronti\u00e8res&nbsp;5 juillet 2022&nbsp; Tim Geddert&nbsp;Am\u00e9rique du nord&nbsp; Retour en haut de la page Apprendere Ensemble &#8211; Pl\u00e9ni\u00e8re du matin: 6 juillet 2022 Assembl\u00e9e r\u00e9unie\u202f: mercredi matin&nbsp;Suivre J\u00e9sus \u2013 apprendre ensemble&nbsp;6 juillet 2022&nbsp; Larissa Swartz (Comit\u00e9 YABs [&hellip;]\" \/>\n<meta property=\"og:url\" content=\"https:\/\/mwc-cmm.org\/fr\/resources\/assemblee-reunie\/\" \/>\n<meta property=\"og:site_name\" content=\"Mennonite World Conference\" \/>\n<meta property=\"article:publisher\" content=\"https:\/\/www.facebook.com\/MennoniteWorldConference\" \/>\n<meta property=\"article:modified_time\" content=\"2024-12-12T17:47:48+00:00\" \/>\n<meta property=\"og:image\" content=\"https:\/\/mwc-cmm.org\/wp-content\/uploads\/2024\/12\/20220705tizbrotosudarmoimg_5013.jpg\" \/>\n\t<meta property=\"og:image:width\" content=\"799\" \/>\n\t<meta property=\"og:image:height\" content=\"533\" \/>\n\t<meta property=\"og:image:type\" content=\"image\/jpeg\" \/>\n<script type=\"application\/ld+json\" class=\"yoast-schema-graph\">{\"@context\":\"https:\/\/schema.org\",\"@graph\":[{\"@type\":\"WebPage\",\"@id\":\"https:\/\/mwc-cmm.org\/fr\/resources\/assemblee-reunie\/\",\"url\":\"https:\/\/mwc-cmm.org\/fr\/resources\/assemblee-reunie\/\",\"name\":\"Assembl\u00e9e r\u00e9unie - Mennonite World Conference\",\"isPartOf\":{\"@id\":\"https:\/\/mwc-cmm.org\/en\/#website\"},\"primaryImageOfPage\":{\"@id\":\"https:\/\/mwc-cmm.org\/fr\/resources\/assemblee-reunie\/#primaryimage\"},\"image\":{\"@id\":\"https:\/\/mwc-cmm.org\/fr\/resources\/assemblee-reunie\/#primaryimage\"},\"thumbnailUrl\":\"https:\/\/mwc-cmm.org\/wp-content\/uploads\/2024\/12\/20220705tizbrotosudarmoimg_5013.jpg\",\"datePublished\":\"2024-11-19T17:39:22+00:00\",\"dateModified\":\"2024-12-12T17:47:48+00:00\",\"breadcrumb\":{\"@id\":\"https:\/\/mwc-cmm.org\/fr\/resources\/assemblee-reunie\/#breadcrumb\"},\"inLanguage\":\"fr-FR\",\"potentialAction\":[{\"@type\":\"ReadAction\",\"target\":[\"https:\/\/mwc-cmm.org\/fr\/resources\/assemblee-reunie\/\"]}]},{\"@type\":\"ImageObject\",\"inLanguage\":\"fr-FR\",\"@id\":\"https:\/\/mwc-cmm.org\/fr\/resources\/assemblee-reunie\/#primaryimage\",\"url\":\"https:\/\/mwc-cmm.org\/wp-content\/uploads\/2024\/12\/20220705tizbrotosudarmoimg_5013.jpg\",\"contentUrl\":\"https:\/\/mwc-cmm.org\/wp-content\/uploads\/2024\/12\/20220705tizbrotosudarmoimg_5013.jpg\",\"width\":799,\"height\":533},{\"@type\":\"BreadcrumbList\",\"@id\":\"https:\/\/mwc-cmm.org\/fr\/resources\/assemblee-reunie\/#breadcrumb\",\"itemListElement\":[{\"@type\":\"ListItem\",\"position\":1,\"name\":\"Home\",\"item\":\"https:\/\/mwc-cmm.org\/fr\/\"},{\"@type\":\"ListItem\",\"position\":2,\"name\":\"Assembl\u00e9e r\u00e9unie\"}]},{\"@type\":\"WebSite\",\"@id\":\"https:\/\/mwc-cmm.org\/en\/#website\",\"url\":\"https:\/\/mwc-cmm.org\/en\/\",\"name\":\"Mennonite World Conference\",\"description\":\"A communion of Anabaptist-related churches\",\"publisher\":{\"@id\":\"https:\/\/mwc-cmm.org\/en\/#organization\"},\"alternateName\":\"MWC\",\"potentialAction\":[{\"@type\":\"SearchAction\",\"target\":{\"@type\":\"EntryPoint\",\"urlTemplate\":\"https:\/\/mwc-cmm.org\/en\/?s={search_term_string}\"},\"query-input\":{\"@type\":\"PropertyValueSpecification\",\"valueRequired\":true,\"valueName\":\"search_term_string\"}}],\"inLanguage\":\"fr-FR\"},{\"@type\":\"Organization\",\"@id\":\"https:\/\/mwc-cmm.org\/en\/#organization\",\"name\":\"Mennonite World Conference\",\"alternateName\":\"MWC\",\"url\":\"https:\/\/mwc-cmm.org\/en\/\",\"logo\":{\"@type\":\"ImageObject\",\"inLanguage\":\"fr-FR\",\"@id\":\"https:\/\/mwc-cmm.org\/en\/#\/schema\/logo\/image\/\",\"url\":\"https:\/\/mwc-cmm.org\/wp-content\/uploads\/2026\/01\/MWC_Sig_Blue_Horiz_webheader1-logo.svg\",\"contentUrl\":\"https:\/\/mwc-cmm.org\/wp-content\/uploads\/2026\/01\/MWC_Sig_Blue_Horiz_webheader1-logo.svg\",\"width\":786,\"height\":82,\"caption\":\"Mennonite World Conference\"},\"image\":{\"@id\":\"https:\/\/mwc-cmm.org\/en\/#\/schema\/logo\/image\/\"},\"sameAs\":[\"https:\/\/www.facebook.com\/MennoniteWorldConference\",\"https:\/\/www.linkedin.com\/company\/mennonite-world-conference-mwc\/\",\"https:\/\/www.instagram.com\/mwcmm\/\",\"https:\/\/www.youtube.com\/user\/mwccmm\",\"https:\/\/bsky.app\/profile\/mwcmm.bsky.social\"]}]}<\/script>\n<!-- \/ Yoast SEO plugin. -->","yoast_head_json":{"title":"Assembl\u00e9e r\u00e9unie - Mennonite World Conference","robots":{"index":"index","follow":"follow","max-snippet":"max-snippet:-1","max-image-preview":"max-image-preview:large","max-video-preview":"max-video-preview:-1"},"canonical":"https:\/\/mwc-cmm.org\/fr\/resources\/assemblee-reunie\/","og_locale":"fr_FR","og_type":"article","og_title":"Assembl\u00e9e r\u00e9unie - Mennonite World Conference","og_description":"Assembl\u00e9e r\u00e9unie&nbsp;Indon\u00e9sie 2022 Culte D&rsquo;ouverture &amp; Louanges &#8211; 5 juillet 2022 Assembl\u00e9e r\u00e9unie\u202f: inaugurationSuivre J\u00e9sus ensemble \u00e0 travers les fronti\u00e8res&nbsp;5 juillet 2022&nbsp; Tim Geddert&nbsp;Am\u00e9rique du nord&nbsp; Retour en haut de la page Apprendere Ensemble &#8211; Pl\u00e9ni\u00e8re du matin: 6 juillet 2022 Assembl\u00e9e r\u00e9unie\u202f: mercredi matin&nbsp;Suivre J\u00e9sus \u2013 apprendre ensemble&nbsp;6 juillet 2022&nbsp; Larissa Swartz (Comit\u00e9 YABs [&hellip;]","og_url":"https:\/\/mwc-cmm.org\/fr\/resources\/assemblee-reunie\/","og_site_name":"Mennonite World Conference","article_publisher":"https:\/\/www.facebook.com\/MennoniteWorldConference","article_modified_time":"2024-12-12T17:47:48+00:00","og_image":[{"width":799,"height":533,"url":"https:\/\/mwc-cmm.org\/wp-content\/uploads\/2024\/12\/20220705tizbrotosudarmoimg_5013.jpg","type":"image\/jpeg"}],"schema":{"@context":"https:\/\/schema.org","@graph":[{"@type":"WebPage","@id":"https:\/\/mwc-cmm.org\/fr\/resources\/assemblee-reunie\/","url":"https:\/\/mwc-cmm.org\/fr\/resources\/assemblee-reunie\/","name":"Assembl\u00e9e r\u00e9unie - Mennonite World Conference","isPartOf":{"@id":"https:\/\/mwc-cmm.org\/en\/#website"},"primaryImageOfPage":{"@id":"https:\/\/mwc-cmm.org\/fr\/resources\/assemblee-reunie\/#primaryimage"},"image":{"@id":"https:\/\/mwc-cmm.org\/fr\/resources\/assemblee-reunie\/#primaryimage"},"thumbnailUrl":"https:\/\/mwc-cmm.org\/wp-content\/uploads\/2024\/12\/20220705tizbrotosudarmoimg_5013.jpg","datePublished":"2024-11-19T17:39:22+00:00","dateModified":"2024-12-12T17:47:48+00:00","breadcrumb":{"@id":"https:\/\/mwc-cmm.org\/fr\/resources\/assemblee-reunie\/#breadcrumb"},"inLanguage":"fr-FR","potentialAction":[{"@type":"ReadAction","target":["https:\/\/mwc-cmm.org\/fr\/resources\/assemblee-reunie\/"]}]},{"@type":"ImageObject","inLanguage":"fr-FR","@id":"https:\/\/mwc-cmm.org\/fr\/resources\/assemblee-reunie\/#primaryimage","url":"https:\/\/mwc-cmm.org\/wp-content\/uploads\/2024\/12\/20220705tizbrotosudarmoimg_5013.jpg","contentUrl":"https:\/\/mwc-cmm.org\/wp-content\/uploads\/2024\/12\/20220705tizbrotosudarmoimg_5013.jpg","width":799,"height":533},{"@type":"BreadcrumbList","@id":"https:\/\/mwc-cmm.org\/fr\/resources\/assemblee-reunie\/#breadcrumb","itemListElement":[{"@type":"ListItem","position":1,"name":"Home","item":"https:\/\/mwc-cmm.org\/fr\/"},{"@type":"ListItem","position":2,"name":"Assembl\u00e9e r\u00e9unie"}]},{"@type":"WebSite","@id":"https:\/\/mwc-cmm.org\/en\/#website","url":"https:\/\/mwc-cmm.org\/en\/","name":"Mennonite World Conference","description":"A communion of Anabaptist-related churches","publisher":{"@id":"https:\/\/mwc-cmm.org\/en\/#organization"},"alternateName":"MWC","potentialAction":[{"@type":"SearchAction","target":{"@type":"EntryPoint","urlTemplate":"https:\/\/mwc-cmm.org\/en\/?s={search_term_string}"},"query-input":{"@type":"PropertyValueSpecification","valueRequired":true,"valueName":"search_term_string"}}],"inLanguage":"fr-FR"},{"@type":"Organization","@id":"https:\/\/mwc-cmm.org\/en\/#organization","name":"Mennonite World Conference","alternateName":"MWC","url":"https:\/\/mwc-cmm.org\/en\/","logo":{"@type":"ImageObject","inLanguage":"fr-FR","@id":"https:\/\/mwc-cmm.org\/en\/#\/schema\/logo\/image\/","url":"https:\/\/mwc-cmm.org\/wp-content\/uploads\/2026\/01\/MWC_Sig_Blue_Horiz_webheader1-logo.svg","contentUrl":"https:\/\/mwc-cmm.org\/wp-content\/uploads\/2026\/01\/MWC_Sig_Blue_Horiz_webheader1-logo.svg","width":786,"height":82,"caption":"Mennonite World Conference"},"image":{"@id":"https:\/\/mwc-cmm.org\/en\/#\/schema\/logo\/image\/"},"sameAs":["https:\/\/www.facebook.com\/MennoniteWorldConference","https:\/\/www.linkedin.com\/company\/mennonite-world-conference-mwc\/","https:\/\/www.instagram.com\/mwcmm\/","https:\/\/www.youtube.com\/user\/mwccmm","https:\/\/bsky.app\/profile\/mwcmm.bsky.social"]}]}},"_links":{"self":[{"href":"https:\/\/mwc-cmm.org\/fr\/wp-json\/wp\/v2\/mwcresource\/17754","targetHints":{"allow":["GET"]}}],"collection":[{"href":"https:\/\/mwc-cmm.org\/fr\/wp-json\/wp\/v2\/mwcresource"}],"about":[{"href":"https:\/\/mwc-cmm.org\/fr\/wp-json\/wp\/v2\/types\/mwcresource"}],"wp:featuredmedia":[{"embeddable":true,"href":"https:\/\/mwc-cmm.org\/fr\/wp-json\/wp\/v2\/media\/103714"}],"wp:attachment":[{"href":"https:\/\/mwc-cmm.org\/fr\/wp-json\/wp\/v2\/media?parent=17754"}],"wp:term":[{"taxonomy":"network","embeddable":true,"href":"https:\/\/mwc-cmm.org\/fr\/wp-json\/wp\/v2\/network?post=17754"},{"taxonomy":"resourcetype","embeddable":true,"href":"https:\/\/mwc-cmm.org\/fr\/wp-json\/wp\/v2\/resourcetype?post=17754"},{"taxonomy":"language","embeddable":true,"href":"https:\/\/mwc-cmm.org\/fr\/wp-json\/wp\/v2\/language?post=17754"},{"taxonomy":"resourcecategory","embeddable":true,"href":"https:\/\/mwc-cmm.org\/fr\/wp-json\/wp\/v2\/resourcecategory?post=17754"},{"taxonomy":"resourcetheme","embeddable":true,"href":"https:\/\/mwc-cmm.org\/fr\/wp-json\/wp\/v2\/resourcetheme?post=17754"},{"taxonomy":"eventcategory","embeddable":true,"href":"https:\/\/mwc-cmm.org\/fr\/wp-json\/wp\/v2\/eventcategory?post=17754"}],"curies":[{"name":"wp","href":"https:\/\/api.w.org\/{rel}","templated":true}]}}