{"id":132006,"date":"2026-09-01T04:15:04","date_gmt":"2026-09-01T04:15:04","guid":{"rendered":"https:\/\/mwc-cmm.org\/resources\/courrier-2026-41-3\/"},"modified":"2026-09-01T14:53:50","modified_gmt":"2026-09-01T14:53:50","slug":"courrier-2026-41-3","status":"publish","type":"mwcresource","link":"https:\/\/mwc-cmm.org\/fr\/resources\/courrier-2026-41-3\/","title":{"rendered":"Courrier 2026 \/ 41.3"},"content":{"rendered":"\n<div class=\"wp-block-group has-global-padding is-layout-constrained wp-block-group-is-layout-constrained\">\n<div class=\"wp-block-columns is-layout-flex wp-container-core-columns-is-layout-adc57f8e wp-block-columns-is-layout-flex\">\n<div class=\"wp-block-column is-layout-flow wp-block-column-is-layout-flow\" style=\"flex-basis:33.33%\">\n<h3 class=\"wp-block-heading\">Inspiration et r\u00e9flexion<\/h3>\n\n\n\n<ul class=\"wp-block-list\">\n<li><a href=\"https:\/\/mwc-cmm.org\/fr\/stories\/supporter-les-fardeaux-grace-au-temoignage-et-a-la-priere-2\/\" data-type=\"link\" data-id=\"https:\/\/mwc-cmm.org\/fr\/stories\/supporter-les-fardeaux-grace-au-temoignage-et-a-la-priere-2\/\">Supporter les fardeaux gr\u00e2ce au t\u00e9moignage et \u00e0 la pri\u00e8re<\/a><\/li>\n\n\n\n<li><a href=\"https:\/\/mwc-cmm.org\/fr\/stories\/participation-a-la-celebration-commune\/\" data-type=\"link\" data-id=\"https:\/\/mwc-cmm.org\/fr\/stories\/participation-a-la-celebration-commune\/\">Participation \u00e0 la c\u00e9l\u00e9bration commune<\/a><\/li>\n<\/ul>\n\n\n\n<h3 class=\"wp-block-heading\">Perspectives<\/h3>\n\n\n\n<ul class=\"wp-block-list\">\n<li>Tendre la main bienveillante de Dieu<\/li>\n\n\n\n<li>Prier, \u00e9vang\u00e9liser, pers\u00e9v\u00e9rer<\/li>\n\n\n\n<li>Joies et fardeaux sont intimement li\u00e9s<\/li>\n\n\n\n<li>Tendre la main \u00e0 son prochain<\/li>\n\n\n\n<li>Accomplir la loi du Christ<\/li>\n\n\n\n<li>Investir et mettre en pratique<\/li>\n<\/ul>\n\n\n\n<h3 class=\"wp-block-heading\">Ressources<\/h3>\n\n\n\n<ul class=\"wp-block-list\">\n<li><a href=\"https:\/\/mwc-cmm.org\/fr\/stories\/louer-avec-le-monde-entier\/\" data-type=\"link\" data-id=\"https:\/\/mwc-cmm.org\/fr\/stories\/louer-avec-le-monde-entier\/\">Dimanche de la Cr\u00e9ation<\/a><\/li>\n\n\n\n<li><a href=\"https:\/\/mwc-cmm.org\/fr\/assemblee-reunie\/\" data-type=\"link\" data-id=\"https:\/\/mwc-cmm.org\/fr\/assemblee-reunie\/\">Tanzanie 2028<\/a><\/li>\n<\/ul>\n\n\n\n<h3 class=\"wp-block-heading\"><strong>La colonne des responsables de la CMM<\/strong>&nbsp;<\/h3>\n\n\n\n<ul class=\"wp-block-list\">\n<li><a href=\"https:\/\/mwc-cmm.org\/fr\/stories\/non-pas-un-programme-mais-une-table\/\" data-type=\"link\" data-id=\"https:\/\/mwc-cmm.org\/fr\/stories\/non-pas-un-programme-mais-une-table\/\">Non pas un programme, mais une table<\/a><\/li>\n<\/ul>\n<\/div>\n\n\n\n<div class=\"wp-block-column is-layout-flow wp-block-column-is-layout-flow\" style=\"flex-basis:66.66%\">\n<div data-wp-interactive=\"core\/file\" class=\"wp-block-file\"><object data-wp-bind--hidden=\"!state.hasPdfPreview\" hidden class=\"wp-block-file__embed\" data=\"https:\/\/mwc-cmm.org\/wp-content\/uploads\/2026\/09\/41.3-FR-FIN.pdf\" type=\"application\/pdf\" style=\"width:100%;height:600px\" aria-label=\"Contenu embarqu\u00e9 CCC 41.3 2026 FR.\"><\/object><a id=\"wp-block-file--media-6c4a1d7b-2e54-4e9a-969d-560c10c119ad\" href=\"https:\/\/mwc-cmm.org\/wp-content\/uploads\/2026\/09\/41.3-FR-FIN.pdf\">CCC 41.3 2026 FR<\/a><a href=\"https:\/\/mwc-cmm.org\/wp-content\/uploads\/2026\/09\/41.3-FR-FIN.pdf\" class=\"wp-block-file__button wp-element-button\" download aria-describedby=\"wp-block-file--media-6c4a1d7b-2e54-4e9a-969d-560c10c119ad\">Download<\/a><\/div>\n<\/div>\n<\/div>\n<\/div>\n\n\n\n<hr class=\"wp-block-separator has-alpha-channel-opacity\"\/>\n\n\n\n<h2 class=\"wp-block-heading\">Nourrissez vos pens\u00e9es<\/h2>\n\n\n\n<p class=\"wp-block-paragraph\"><em>\u00ab\u2009Enfin, fr\u00e8res, nourrissez vos pens\u00e9es de tout ce qui est vrai, noble, juste, pur, digne d\u2019amour ou d\u2019approbation, de tout ce qui m\u00e9rite respect et louange.\u2009\u00bb<\/em><br>\u2013Philippiens\u202f4.8<\/p>\n\n\n\n<p class=\"wp-block-paragraph\">\u00c0 l\u2019\u00e8re de la d\u00e9sinformation, les psychologues nous mettent en garde : plus nous entendons une affirmation, m\u00eame extravagante ou exag\u00e9r\u00e9e, plus nous commen\u00e7ons \u00e0 la consid\u00e9rer comme plausible.<\/p>\n\n\n\n<p class=\"wp-block-paragraph\">Dans sa lettre aux Philippiens, l\u2019ap\u00f4tre Paul nous propose un antidote \u00e0 cette tendance : porter notre attention sur ce qui est bon \u2014 vrai, honorable, juste, pur, agr\u00e9able, digne d\u2019approbation, excellent et digne de louange. Ce num\u00e9ro s\u2019efforce de le faire \u00e0 travers des t\u00e9moignages.<\/p>\n\n\n\n<p class=\"wp-block-paragraph\">Il offre un aper\u00e7u de la rencontre \u2018Renouveau\u2019 qui s\u2019est d\u00e9roul\u00e9e aux Philippines en mars 2026. Le programme \u00e9tait ax\u00e9 sur un concept philippin de solidarit\u00e9 appel\u00e9 bayanihan, qui consiste \u00e0 porter les fardeaux les uns des autres (voir pages 3 \u00e0\u202f5).<\/p>\n\n\n\n<p class=\"wp-block-paragraph\">Face aux tourments du monde \u2014 et m\u00eame des conflits au sein de l\u2019\u00c9glise \u2014 il est facile de penser que les moyens non violents ne peuvent en aucun cas r\u00e9soudre des conflits violents insolubles ; que, sous la pression, nous retombons tous dans nos instincts les plus bas\u202f; et que les diff\u00e9rences entre les personnes ne peuvent qu\u2019engendrer la peur et l\u2019hostilit\u00e9.<\/p>\n\n\n\n<p class=\"wp-block-paragraph\">Mais nous avons de bien meilleures histoires \u00e0 raconter\u202f! Nous savons que la communaut\u00e9 peut se mobiliser pour reconstruire les maisons de ses\u202fvoisins\u202f!<\/p>\n\n\n\n<p class=\"wp-block-paragraph\">Nous avons vu des inconnus venir de loin pour apporter des provisions indispensables apr\u00e8s un incendie (voir page\u202f7).<\/p>\n\n\n\n<p class=\"wp-block-paragraph\">Nous avons \u00e9t\u00e9 t\u00e9moins de l\u2019amour de Dieu qui brise les cycles de d\u00e9pendance et de traumatisme, mettant les personnes sur le chemin de la gu\u00e9rison et de l\u2019\u00e9panouissement (page\u202f8).<\/p>\n\n\n\n<p class=\"wp-block-paragraph\">Nous avons port\u00e9 le fardeau du chagrin et de la s\u00e9paration, mais nous avons d\u00e9couvert, souvent gr\u00e2ce \u00e0 cette m\u00eame communaut\u00e9 qui nous avait inflig\u00e9 ces blessures, que la gr\u00e2ce de Dieu suffit \u00e0 panser nos c\u0153urs et \u00e0 nous donner l\u2019esp\u00e9rance pour pers\u00e9v\u00e9rer et continuer \u00e0 aimer (page\u202f9).<\/p>\n\n\n\n<p class=\"wp-block-paragraph\">Nous avons apport\u00e9 une aide concr\u00e8te \u00e0 ceux qui en avaient besoin en dehors de notre \u00c9glise et, ce faisant, nous avons r\u00e9duit la distance entre nos prochains et partag\u00e9 la lumi\u00e8re de l\u2019\u00c9vangile sans paroles (page\u202f10).<\/p>\n\n\n\n<p class=\"wp-block-paragraph\">Nous avons vu que nos efforts pour partager ce que nous avons ont produit des effets bien sup\u00e9rieurs \u00e0 notre apport initial (page\u202f11).<\/p>\n\n\n\n<p class=\"wp-block-paragraph\">Nous apprenons \u00e0 investir dans les personnes et \u00e0 contribuer \u00e0 leur transformation (page\u202f12).<\/p>\n\n\n\n<p class=\"wp-block-paragraph\">Racontons donc \u00e0 nouveau les histoires de la bont\u00e9 de Dieu. Rendons cr\u00e9dibles ces affirmations qui peuvent para\u00eetre incroyables en r\u00e9p\u00e9tant que le bien peut vaincre le mal, que la paix est plus forte que la violence, que l\u2019unit\u00e9 est possible malgr\u00e9 des diff\u00e9rences significatives, et que l\u2019amour transforme m\u00eame la haine en beaut\u00e9 de\u202fl\u2019\u00e2me.<\/p>\n\n\n\n<p class=\"wp-block-paragraph\">Et alors que nous vivons dans nos diff\u00e9rents coins du monde, \u00ab\u202faccorde-nous le courage d\u2019\u00eatre tes mains et tes pieds\u202f\u00bb (page\u202f5), qui non seulement raconteront les histoires vraies, mais les incarneront aussi par nos\u202fvies.<\/p>\n\n\n\n<p class=\"wp-block-paragraph\"><em>Karla Braun est r\u00e9dactrice en chef de COURRIER pour la Conf\u00e9rence mennonite mondiale. Elle vit \u00e0 Winnipeg (Canada).<\/em><\/p>\n\n\n\n<div class=\"wp-block-group has-light-blue-background-color has-background has-global-padding is-layout-constrained wp-block-group-is-layout-constrained\">\n<p class=\"has-light-blue-background-color has-background wp-block-paragraph\"><strong>P.S.\u202f: Quelles sont vos histoires sur la bont\u00e9 de Dieu\u202f? Partagez-les avec nous\u202f!\u00a0<\/strong><\/p>\n\n\n\n<div class=\"wp-block-buttons is-content-justification-center is-layout-flex wp-container-core-buttons-is-layout-3b210250 wp-block-buttons-is-layout-flex\">\n<div class=\"wp-block-button\"><a class=\"wp-block-button__link wp-element-button\" href=\"mailto:info@mwc-cmm.org\">Envoyer un e-mail<\/a><\/div>\n<\/div>\n<\/div>\n","protected":false},"featured_media":131992,"template":"","network":[1307],"resourcetype":[381],"language":[165],"resourcecategory":[1394],"resourcetheme":[],"eventcategory":[1485],"class_list":["post-132006","mwcresource","type-mwcresource","status-publish","has-post-thumbnail","hentry","network-courier-fr","resourcetype-pdf","language-en","resourcecategory-courier-fr","eventcategory-renewal-2028-fr"],"acf":[],"yoast_head":"<!-- This site is optimized with the Yoast SEO plugin v28.3 - https:\/\/yoast.com\/product\/yoast-seo-wordpress\/ -->\n<title>Courrier 2026 \/ 41.3 - Mennonite World Conference<\/title>\n<meta name=\"robots\" content=\"index, follow, max-snippet:-1, max-image-preview:large, max-video-preview:-1\" \/>\n<link rel=\"canonical\" href=\"https:\/\/mwc-cmm.org\/fr\/resources\/courrier-2026-41-3\/\" \/>\n<meta property=\"og:locale\" content=\"fr_FR\" \/>\n<meta property=\"og:type\" content=\"article\" \/>\n<meta property=\"og:title\" content=\"Courrier 2026 \/ 41.3 - Mennonite World Conference\" \/>\n<meta property=\"og:description\" content=\"Nourrissez vos pens\u00e9es \u00ab\u2009Enfin, fr\u00e8res, nourrissez vos pens\u00e9es de tout ce qui est vrai, noble, juste, pur, digne d\u2019amour ou d\u2019approbation, de tout ce qui m\u00e9rite respect et louange.\u2009\u00bb\u2013Philippiens\u202f4.8 \u00c0 l\u2019\u00e8re de la d\u00e9sinformation, les psychologues nous mettent en garde : plus nous entendons une affirmation, m\u00eame extravagante ou exag\u00e9r\u00e9e, plus nous commen\u00e7ons \u00e0 la [&hellip;]\" \/>\n<meta property=\"og:url\" content=\"https:\/\/mwc-cmm.org\/fr\/resources\/courrier-2026-41-3\/\" \/>\n<meta property=\"og:site_name\" content=\"Mennonite World Conference\" \/>\n<meta property=\"article:publisher\" content=\"https:\/\/www.facebook.com\/MennoniteWorldConference\" \/>\n<meta property=\"article:modified_time\" content=\"2026-09-01T14:53:50+00:00\" \/>\n<meta property=\"og:image\" content=\"https:\/\/mwc-cmm.org\/wp-content\/uploads\/2026\/09\/41.3-EN.png\" \/>\n\t<meta property=\"og:image:width\" content=\"682\" \/>\n\t<meta property=\"og:image:height\" content=\"890\" \/>\n\t<meta property=\"og:image:type\" content=\"image\/png\" \/>\n<script type=\"application\/ld+json\" class=\"yoast-schema-graph\">{\"@context\":\"https:\\\/\\\/schema.org\",\"@graph\":[{\"@type\":\"WebPage\",\"@id\":\"https:\\\/\\\/mwc-cmm.org\\\/fr\\\/resources\\\/courrier-2026-41-3\\\/\",\"url\":\"https:\\\/\\\/mwc-cmm.org\\\/fr\\\/resources\\\/courrier-2026-41-3\\\/\",\"name\":\"Courrier 2026 \\\/ 41.3 - Mennonite World Conference\",\"isPartOf\":{\"@id\":\"https:\\\/\\\/mwc-cmm.org\\\/en\\\/#website\"},\"primaryImageOfPage\":{\"@id\":\"https:\\\/\\\/mwc-cmm.org\\\/fr\\\/resources\\\/courrier-2026-41-3\\\/#primaryimage\"},\"image\":{\"@id\":\"https:\\\/\\\/mwc-cmm.org\\\/fr\\\/resources\\\/courrier-2026-41-3\\\/#primaryimage\"},\"thumbnailUrl\":\"https:\\\/\\\/mwc-cmm.org\\\/wp-content\\\/uploads\\\/2026\\\/09\\\/41.3-EN.png\",\"datePublished\":\"2026-09-01T04:15:04+00:00\",\"dateModified\":\"2026-09-01T14:53:50+00:00\",\"breadcrumb\":{\"@id\":\"https:\\\/\\\/mwc-cmm.org\\\/fr\\\/resources\\\/courrier-2026-41-3\\\/#breadcrumb\"},\"inLanguage\":\"fr-FR\",\"potentialAction\":[{\"@type\":\"ReadAction\",\"target\":[\"https:\\\/\\\/mwc-cmm.org\\\/fr\\\/resources\\\/courrier-2026-41-3\\\/\"]}]},{\"@type\":\"ImageObject\",\"inLanguage\":\"fr-FR\",\"@id\":\"https:\\\/\\\/mwc-cmm.org\\\/fr\\\/resources\\\/courrier-2026-41-3\\\/#primaryimage\",\"url\":\"https:\\\/\\\/mwc-cmm.org\\\/wp-content\\\/uploads\\\/2026\\\/09\\\/41.3-EN.png\",\"contentUrl\":\"https:\\\/\\\/mwc-cmm.org\\\/wp-content\\\/uploads\\\/2026\\\/09\\\/41.3-EN.png\",\"width\":682,\"height\":890},{\"@type\":\"BreadcrumbList\",\"@id\":\"https:\\\/\\\/mwc-cmm.org\\\/fr\\\/resources\\\/courrier-2026-41-3\\\/#breadcrumb\",\"itemListElement\":[{\"@type\":\"ListItem\",\"position\":1,\"name\":\"Home\",\"item\":\"https:\\\/\\\/mwc-cmm.org\\\/fr\\\/\"},{\"@type\":\"ListItem\",\"position\":2,\"name\":\"Courrier 2026 \\\/ 41.3\"}]},{\"@type\":\"WebSite\",\"@id\":\"https:\\\/\\\/mwc-cmm.org\\\/en\\\/#website\",\"url\":\"https:\\\/\\\/mwc-cmm.org\\\/en\\\/\",\"name\":\"Mennonite World Conference\",\"description\":\"A communion of Anabaptist-related churches\",\"publisher\":{\"@id\":\"https:\\\/\\\/mwc-cmm.org\\\/en\\\/#organization\"},\"alternateName\":\"MWC\",\"potentialAction\":[{\"@type\":\"SearchAction\",\"target\":{\"@type\":\"EntryPoint\",\"urlTemplate\":\"https:\\\/\\\/mwc-cmm.org\\\/en\\\/?s={search_term_string}\"},\"query-input\":{\"@type\":\"PropertyValueSpecification\",\"valueRequired\":true,\"valueName\":\"search_term_string\"}}],\"inLanguage\":\"fr-FR\"},{\"@type\":\"Organization\",\"@id\":\"https:\\\/\\\/mwc-cmm.org\\\/en\\\/#organization\",\"name\":\"Mennonite World Conference\",\"alternateName\":\"MWC\",\"url\":\"https:\\\/\\\/mwc-cmm.org\\\/en\\\/\",\"logo\":{\"@type\":\"ImageObject\",\"inLanguage\":\"fr-FR\",\"@id\":\"https:\\\/\\\/mwc-cmm.org\\\/en\\\/#\\\/schema\\\/logo\\\/image\\\/\",\"url\":\"https:\\\/\\\/mwc-cmm.org\\\/wp-content\\\/uploads\\\/2026\\\/01\\\/MWC_Sig_Blue_Horiz_webheader1-logo.svg\",\"contentUrl\":\"https:\\\/\\\/mwc-cmm.org\\\/wp-content\\\/uploads\\\/2026\\\/01\\\/MWC_Sig_Blue_Horiz_webheader1-logo.svg\",\"width\":786,\"height\":82,\"caption\":\"Mennonite World Conference\"},\"image\":{\"@id\":\"https:\\\/\\\/mwc-cmm.org\\\/en\\\/#\\\/schema\\\/logo\\\/image\\\/\"},\"sameAs\":[\"https:\\\/\\\/www.facebook.com\\\/MennoniteWorldConference\",\"https:\\\/\\\/www.linkedin.com\\\/company\\\/mennonite-world-conference-mwc\\\/\",\"https:\\\/\\\/www.instagram.com\\\/mwcmm\\\/\",\"https:\\\/\\\/www.youtube.com\\\/user\\\/mwccmm\",\"https:\\\/\\\/bsky.app\\\/profile\\\/mwcmm.bsky.social\"]}]}<\/script>\n<!-- \/ Yoast SEO plugin. -->","yoast_head_json":{"title":"Courrier 2026 \/ 41.3 - Mennonite World Conference","robots":{"index":"index","follow":"follow","max-snippet":"max-snippet:-1","max-image-preview":"max-image-preview:large","max-video-preview":"max-video-preview:-1"},"canonical":"https:\/\/mwc-cmm.org\/fr\/resources\/courrier-2026-41-3\/","og_locale":"fr_FR","og_type":"article","og_title":"Courrier 2026 \/ 41.3 - Mennonite World Conference","og_description":"Nourrissez vos pens\u00e9es \u00ab\u2009Enfin, fr\u00e8res, nourrissez vos pens\u00e9es de tout ce qui est vrai, noble, juste, pur, digne d\u2019amour ou d\u2019approbation, de tout ce qui m\u00e9rite respect et louange.\u2009\u00bb\u2013Philippiens\u202f4.8 \u00c0 l\u2019\u00e8re de la d\u00e9sinformation, les psychologues nous mettent en garde : plus nous entendons une affirmation, m\u00eame extravagante ou exag\u00e9r\u00e9e, plus nous commen\u00e7ons \u00e0 la [&hellip;]","og_url":"https:\/\/mwc-cmm.org\/fr\/resources\/courrier-2026-41-3\/","og_site_name":"Mennonite World Conference","article_publisher":"https:\/\/www.facebook.com\/MennoniteWorldConference","article_modified_time":"2026-09-01T14:53:50+00:00","og_image":[{"width":682,"height":890,"url":"https:\/\/mwc-cmm.org\/wp-content\/uploads\/2026\/09\/41.3-EN.png","type":"image\/png"}],"schema":{"@context":"https:\/\/schema.org","@graph":[{"@type":"WebPage","@id":"https:\/\/mwc-cmm.org\/fr\/resources\/courrier-2026-41-3\/","url":"https:\/\/mwc-cmm.org\/fr\/resources\/courrier-2026-41-3\/","name":"Courrier 2026 \/ 41.3 - Mennonite World Conference","isPartOf":{"@id":"https:\/\/mwc-cmm.org\/en\/#website"},"primaryImageOfPage":{"@id":"https:\/\/mwc-cmm.org\/fr\/resources\/courrier-2026-41-3\/#primaryimage"},"image":{"@id":"https:\/\/mwc-cmm.org\/fr\/resources\/courrier-2026-41-3\/#primaryimage"},"thumbnailUrl":"https:\/\/mwc-cmm.org\/wp-content\/uploads\/2026\/09\/41.3-EN.png","datePublished":"2026-09-01T04:15:04+00:00","dateModified":"2026-09-01T14:53:50+00:00","breadcrumb":{"@id":"https:\/\/mwc-cmm.org\/fr\/resources\/courrier-2026-41-3\/#breadcrumb"},"inLanguage":"fr-FR","potentialAction":[{"@type":"ReadAction","target":["https:\/\/mwc-cmm.org\/fr\/resources\/courrier-2026-41-3\/"]}]},{"@type":"ImageObject","inLanguage":"fr-FR","@id":"https:\/\/mwc-cmm.org\/fr\/resources\/courrier-2026-41-3\/#primaryimage","url":"https:\/\/mwc-cmm.org\/wp-content\/uploads\/2026\/09\/41.3-EN.png","contentUrl":"https:\/\/mwc-cmm.org\/wp-content\/uploads\/2026\/09\/41.3-EN.png","width":682,"height":890},{"@type":"BreadcrumbList","@id":"https:\/\/mwc-cmm.org\/fr\/resources\/courrier-2026-41-3\/#breadcrumb","itemListElement":[{"@type":"ListItem","position":1,"name":"Home","item":"https:\/\/mwc-cmm.org\/fr\/"},{"@type":"ListItem","position":2,"name":"Courrier 2026 \/ 41.3"}]},{"@type":"WebSite","@id":"https:\/\/mwc-cmm.org\/en\/#website","url":"https:\/\/mwc-cmm.org\/en\/","name":"Mennonite World Conference","description":"A communion of Anabaptist-related churches","publisher":{"@id":"https:\/\/mwc-cmm.org\/en\/#organization"},"alternateName":"MWC","potentialAction":[{"@type":"SearchAction","target":{"@type":"EntryPoint","urlTemplate":"https:\/\/mwc-cmm.org\/en\/?s={search_term_string}"},"query-input":{"@type":"PropertyValueSpecification","valueRequired":true,"valueName":"search_term_string"}}],"inLanguage":"fr-FR"},{"@type":"Organization","@id":"https:\/\/mwc-cmm.org\/en\/#organization","name":"Mennonite World Conference","alternateName":"MWC","url":"https:\/\/mwc-cmm.org\/en\/","logo":{"@type":"ImageObject","inLanguage":"fr-FR","@id":"https:\/\/mwc-cmm.org\/en\/#\/schema\/logo\/image\/","url":"https:\/\/mwc-cmm.org\/wp-content\/uploads\/2026\/01\/MWC_Sig_Blue_Horiz_webheader1-logo.svg","contentUrl":"https:\/\/mwc-cmm.org\/wp-content\/uploads\/2026\/01\/MWC_Sig_Blue_Horiz_webheader1-logo.svg","width":786,"height":82,"caption":"Mennonite World Conference"},"image":{"@id":"https:\/\/mwc-cmm.org\/en\/#\/schema\/logo\/image\/"},"sameAs":["https:\/\/www.facebook.com\/MennoniteWorldConference","https:\/\/www.linkedin.com\/company\/mennonite-world-conference-mwc\/","https:\/\/www.instagram.com\/mwcmm\/","https:\/\/www.youtube.com\/user\/mwccmm","https:\/\/bsky.app\/profile\/mwcmm.bsky.social"]}]}},"_links":{"self":[{"href":"https:\/\/mwc-cmm.org\/fr\/wp-json\/wp\/v2\/mwcresource\/132006","targetHints":{"allow":["GET"]}}],"collection":[{"href":"https:\/\/mwc-cmm.org\/fr\/wp-json\/wp\/v2\/mwcresource"}],"about":[{"href":"https:\/\/mwc-cmm.org\/fr\/wp-json\/wp\/v2\/types\/mwcresource"}],"wp:featuredmedia":[{"embeddable":true,"href":"https:\/\/mwc-cmm.org\/fr\/wp-json\/wp\/v2\/media\/131992"}],"wp:attachment":[{"href":"https:\/\/mwc-cmm.org\/fr\/wp-json\/wp\/v2\/media?parent=132006"}],"wp:term":[{"taxonomy":"network","embeddable":true,"href":"https:\/\/mwc-cmm.org\/fr\/wp-json\/wp\/v2\/network?post=132006"},{"taxonomy":"resourcetype","embeddable":true,"href":"https:\/\/mwc-cmm.org\/fr\/wp-json\/wp\/v2\/resourcetype?post=132006"},{"taxonomy":"language","embeddable":true,"href":"https:\/\/mwc-cmm.org\/fr\/wp-json\/wp\/v2\/language?post=132006"},{"taxonomy":"resourcecategory","embeddable":true,"href":"https:\/\/mwc-cmm.org\/fr\/wp-json\/wp\/v2\/resourcecategory?post=132006"},{"taxonomy":"resourcetheme","embeddable":true,"href":"https:\/\/mwc-cmm.org\/fr\/wp-json\/wp\/v2\/resourcetheme?post=132006"},{"taxonomy":"eventcategory","embeddable":true,"href":"https:\/\/mwc-cmm.org\/fr\/wp-json\/wp\/v2\/eventcategory?post=132006"}],"curies":[{"name":"wp","href":"https:\/\/api.w.org\/{rel}","templated":true}]}}