{"id":119070,"date":"2025-08-05T11:32:32","date_gmt":"2025-08-05T11:32:32","guid":{"rendered":"https:\/\/mwc-cmm.org\/resources\/a-propos-du-chant-nous-voulons-la-paix\/"},"modified":"2025-09-25T22:37:11","modified_gmt":"2025-09-25T22:37:11","slug":"a-propos-du-chant-nous-voulons-la-paix","status":"publish","type":"mwcresource","link":"https:\/\/mwc-cmm.org\/fr\/resources\/a-propos-du-chant-nous-voulons-la-paix\/","title":{"rendered":"\u00c0 propos du chant \u00ab\u2009Nous voulons la paix\u2009\u00bb"},"content":{"rendered":"\n<p>Musique et paroles\u202f: Dennis Thielmann \u00a9 2021\/Traduction fran\u00e7aise\u202f: Marie-No\u00eblle Yoder<br\/><br\/>Arr\u202f: Dennis Thielmann &amp; Karin Franz \u00a9 2025 <a href=\"https:\/\/www.songsofpeace.ch\">www.songsofpeace.ch <\/a><\/p>\n\n<p>Autorisation accord\u00e9e aux \u00e9glises membres de la CMM pour une utilisation dans les assembl\u00e9es lors du Dimanche de la Paix et du Dimanche de la Fraternit\u00e9 Anabaptiste Mondiale. Pour obtenir l\u2019autorisation d\u2019une utilisation continue ou dans le cadre de rassemblements plus importants, veuillez consulter www.songsofpeace.ch\/songs\/wewantpeace ou contacter <a href=\"mailto:info@songsofpeace.ch\" target=\"_blank\" rel=\"noreferrer noopener\">info@songsofpeace.ch<\/a>.<\/p>\n\n<div data-wp-interactive=\"core\/file\" class=\"wp-block-file\"><object data-wp-bind--hidden=\"!state.hasPdfPreview\" hidden class=\"wp-block-file__embed\" data=\"https:\/\/mwc-cmm.org\/wp-content\/uploads\/2025\/08\/We-Want-Peace_Lyrics.pdf\" type=\"application\/pdf\" style=\"width:100%;height:600px\" aria-label=\"Contenu embarqu\u00e9 We Want Peace_Lyrics.\"><\/object><a id=\"wp-block-file--media-28a907c5-1e08-4dc8-83cd-c861a2eb8fb5\" href=\"https:\/\/mwc-cmm.org\/wp-content\/uploads\/2025\/08\/We-Want-Peace_Lyrics.pdf\">We Want Peace_Lyrics<\/a><a href=\"https:\/\/mwc-cmm.org\/wp-content\/uploads\/2025\/08\/We-Want-Peace_Lyrics.pdf\" class=\"wp-block-file__button wp-element-button\" download=\"\" aria-describedby=\"wp-block-file--media-28a907c5-1e08-4dc8-83cd-c861a2eb8fb5\">T\u00e9l\u00e9charger<\/a><\/div>\n\n<div data-wp-interactive=\"core\/file\" class=\"wp-block-file\"><object data-wp-bind--hidden=\"!state.hasPdfPreview\" hidden class=\"wp-block-file__embed\" data=\"https:\/\/mwc-cmm.org\/wp-content\/uploads\/2025\/08\/We-Want-Peace_CHORDS.pdf\" type=\"application\/pdf\" style=\"width:100%;height:600px\" aria-label=\"Contenu embarqu\u00e9 We Want Peace_CHORDS.\"><\/object><a id=\"wp-block-file--media-7218569a-95c8-4a82-915b-2d657275679d\" href=\"https:\/\/mwc-cmm.org\/wp-content\/uploads\/2025\/08\/We-Want-Peace_CHORDS.pdf\">We Want Peace_CHORDS<\/a><a href=\"https:\/\/mwc-cmm.org\/wp-content\/uploads\/2025\/08\/We-Want-Peace_CHORDS.pdf\" class=\"wp-block-file__button wp-element-button\" download=\"\" aria-describedby=\"wp-block-file--media-7218569a-95c8-4a82-915b-2d657275679d\">T\u00e9l\u00e9charger<\/a><\/div>\n\n<div data-wp-interactive=\"core\/file\" class=\"wp-block-file\"><object data-wp-bind--hidden=\"!state.hasPdfPreview\" hidden class=\"wp-block-file__embed\" data=\"https:\/\/mwc-cmm.org\/wp-content\/uploads\/2025\/08\/We-Want-Peace_SHEET-SATB.pdf\" type=\"application\/pdf\" style=\"width:100%;height:600px\" aria-label=\"Contenu embarqu\u00e9 We Want Peace_SHEET SATB.\"><\/object><a id=\"wp-block-file--media-aa5e96af-de64-40d9-8899-24328495969b\" href=\"https:\/\/mwc-cmm.org\/wp-content\/uploads\/2025\/08\/We-Want-Peace_SHEET-SATB.pdf\">We Want Peace_SHEET SATB<\/a><a href=\"https:\/\/mwc-cmm.org\/wp-content\/uploads\/2025\/08\/We-Want-Peace_SHEET-SATB.pdf\" class=\"wp-block-file__button wp-element-button\" download=\"\" aria-describedby=\"wp-block-file--media-aa5e96af-de64-40d9-8899-24328495969b\">T\u00e9l\u00e9charger<\/a><\/div>\n","protected":false},"featured_media":0,"template":"","network":[],"resourcetype":[1337],"language":[1342,1350,1346],"resourcecategory":[1413,1367],"resourcetheme":[1429],"eventcategory":[1517],"class_list":["post-119070","mwcresource","type-mwcresource","status-publish","hentry","resourcetype-pdf-fr","language-en-fr","language-es-fr","language-fr-fr","resourcecategory-song-fr","resourcecategory-worship-resource-fr","resourcetheme-peace-fr","eventcategory-peace-sunday-fr"],"acf":[],"yoast_head":"<!-- This site is optimized with the Yoast SEO plugin v27.2 - https:\/\/yoast.com\/product\/yoast-seo-wordpress\/ -->\n<title>\u00c0 propos du chant \u00ab\u2009Nous voulons la paix\u2009\u00bb - Mennonite World Conference<\/title>\n<meta name=\"description\" content=\"We want peace song information.Musique et paroles\u202f: Dennis Thielmann \u00a9 2021\/Traduction fran\u00e7aise\u202f: Marie-No\u00eblle Yoder \/\u00a0Arr\u202f: Dennis Thielmann &amp; Karin Franz \u00a9 2025\" \/>\n<meta name=\"robots\" content=\"index, follow, max-snippet:-1, max-image-preview:large, max-video-preview:-1\" \/>\n<link rel=\"canonical\" href=\"https:\/\/mwc-cmm.org\/en\/resources\/we-want-peace-song-information\/\" \/>\n<meta property=\"og:locale\" content=\"fr_FR\" \/>\n<meta property=\"og:type\" content=\"article\" \/>\n<meta property=\"og:title\" content=\"\u00c0 propos du chant \u00ab\u2009Nous voulons la paix\u2009\u00bb - Mennonite World Conference\" \/>\n<meta property=\"og:description\" content=\"We want peace song information.Musique et paroles\u202f: Dennis Thielmann \u00a9 2021\/Traduction fran\u00e7aise\u202f: Marie-No\u00eblle Yoder \/\u00a0Arr\u202f: Dennis Thielmann &amp; Karin Franz \u00a9 2025\" \/>\n<meta property=\"og:url\" content=\"https:\/\/mwc-cmm.org\/en\/resources\/we-want-peace-song-information\/\" \/>\n<meta property=\"og:site_name\" content=\"Mennonite World Conference\" \/>\n<meta property=\"article:publisher\" content=\"https:\/\/www.facebook.com\/MennoniteWorldConference\" \/>\n<meta property=\"article:modified_time\" content=\"2025-09-25T22:37:11+00:00\" \/>\n<script type=\"application\/ld+json\" class=\"yoast-schema-graph\">{\"@context\":\"https:\/\/schema.org\",\"@graph\":[{\"@type\":\"WebPage\",\"@id\":\"https:\/\/mwc-cmm.org\/en\/resources\/we-want-peace-song-information\/\",\"url\":\"https:\/\/mwc-cmm.org\/en\/resources\/we-want-peace-song-information\/\",\"name\":\"\u00c0 propos du chant \u00ab\u2009Nous voulons la paix\u2009\u00bb - Mennonite World Conference\",\"isPartOf\":{\"@id\":\"https:\/\/mwc-cmm.org\/en\/#website\"},\"datePublished\":\"2025-08-05T11:32:32+00:00\",\"dateModified\":\"2025-09-25T22:37:11+00:00\",\"description\":\"We want peace song information.Musique et paroles\u202f: Dennis Thielmann \u00a9 2021\/Traduction fran\u00e7aise\u202f: Marie-No\u00eblle Yoder \/\u00a0Arr\u202f: Dennis Thielmann & Karin Franz \u00a9 2025\",\"breadcrumb\":{\"@id\":\"https:\/\/mwc-cmm.org\/en\/resources\/we-want-peace-song-information\/#breadcrumb\"},\"inLanguage\":\"fr-FR\",\"potentialAction\":[{\"@type\":\"ReadAction\",\"target\":[\"https:\/\/mwc-cmm.org\/en\/resources\/we-want-peace-song-information\/\"]}]},{\"@type\":\"BreadcrumbList\",\"@id\":\"https:\/\/mwc-cmm.org\/en\/resources\/we-want-peace-song-information\/#breadcrumb\",\"itemListElement\":[{\"@type\":\"ListItem\",\"position\":1,\"name\":\"Home\",\"item\":\"https:\/\/mwc-cmm.org\/fr\/\"},{\"@type\":\"ListItem\",\"position\":2,\"name\":\"\u00c0 propos du chant \u00ab\u2009Nous voulons la paix\u2009\u00bb\"}]},{\"@type\":\"WebSite\",\"@id\":\"https:\/\/mwc-cmm.org\/en\/#website\",\"url\":\"https:\/\/mwc-cmm.org\/en\/\",\"name\":\"Mennonite World Conference\",\"description\":\"A communion of Anabaptist-related churches\",\"publisher\":{\"@id\":\"https:\/\/mwc-cmm.org\/en\/#organization\"},\"alternateName\":\"MWC\",\"potentialAction\":[{\"@type\":\"SearchAction\",\"target\":{\"@type\":\"EntryPoint\",\"urlTemplate\":\"https:\/\/mwc-cmm.org\/en\/?s={search_term_string}\"},\"query-input\":{\"@type\":\"PropertyValueSpecification\",\"valueRequired\":true,\"valueName\":\"search_term_string\"}}],\"inLanguage\":\"fr-FR\"},{\"@type\":\"Organization\",\"@id\":\"https:\/\/mwc-cmm.org\/en\/#organization\",\"name\":\"Mennonite World Conference\",\"alternateName\":\"MWC\",\"url\":\"https:\/\/mwc-cmm.org\/en\/\",\"logo\":{\"@type\":\"ImageObject\",\"inLanguage\":\"fr-FR\",\"@id\":\"https:\/\/mwc-cmm.org\/en\/#\/schema\/logo\/image\/\",\"url\":\"https:\/\/mwc-cmm.org\/wp-content\/uploads\/2026\/01\/MWC_Sig_Blue_Horiz_webheader1-logo.svg\",\"contentUrl\":\"https:\/\/mwc-cmm.org\/wp-content\/uploads\/2026\/01\/MWC_Sig_Blue_Horiz_webheader1-logo.svg\",\"width\":786,\"height\":82,\"caption\":\"Mennonite World Conference\"},\"image\":{\"@id\":\"https:\/\/mwc-cmm.org\/en\/#\/schema\/logo\/image\/\"},\"sameAs\":[\"https:\/\/www.facebook.com\/MennoniteWorldConference\",\"https:\/\/www.linkedin.com\/company\/mennonite-world-conference-mwc\/\",\"https:\/\/www.instagram.com\/mwcmm\/\",\"https:\/\/www.youtube.com\/user\/mwccmm\",\"https:\/\/bsky.app\/profile\/mwcmm.bsky.social\"]}]}<\/script>\n<!-- \/ Yoast SEO plugin. -->","yoast_head_json":{"title":"\u00c0 propos du chant \u00ab\u2009Nous voulons la paix\u2009\u00bb - Mennonite World Conference","description":"We want peace song information.Musique et paroles\u202f: Dennis Thielmann \u00a9 2021\/Traduction fran\u00e7aise\u202f: Marie-No\u00eblle Yoder \/\u00a0Arr\u202f: Dennis Thielmann & Karin Franz \u00a9 2025","robots":{"index":"index","follow":"follow","max-snippet":"max-snippet:-1","max-image-preview":"max-image-preview:large","max-video-preview":"max-video-preview:-1"},"canonical":"https:\/\/mwc-cmm.org\/en\/resources\/we-want-peace-song-information\/","og_locale":"fr_FR","og_type":"article","og_title":"\u00c0 propos du chant \u00ab\u2009Nous voulons la paix\u2009\u00bb - Mennonite World Conference","og_description":"We want peace song information.Musique et paroles\u202f: Dennis Thielmann \u00a9 2021\/Traduction fran\u00e7aise\u202f: Marie-No\u00eblle Yoder \/\u00a0Arr\u202f: Dennis Thielmann & Karin Franz \u00a9 2025","og_url":"https:\/\/mwc-cmm.org\/en\/resources\/we-want-peace-song-information\/","og_site_name":"Mennonite World Conference","article_publisher":"https:\/\/www.facebook.com\/MennoniteWorldConference","article_modified_time":"2025-09-25T22:37:11+00:00","schema":{"@context":"https:\/\/schema.org","@graph":[{"@type":"WebPage","@id":"https:\/\/mwc-cmm.org\/en\/resources\/we-want-peace-song-information\/","url":"https:\/\/mwc-cmm.org\/en\/resources\/we-want-peace-song-information\/","name":"\u00c0 propos du chant \u00ab\u2009Nous voulons la paix\u2009\u00bb - Mennonite World Conference","isPartOf":{"@id":"https:\/\/mwc-cmm.org\/en\/#website"},"datePublished":"2025-08-05T11:32:32+00:00","dateModified":"2025-09-25T22:37:11+00:00","description":"We want peace song information.Musique et paroles\u202f: Dennis Thielmann \u00a9 2021\/Traduction fran\u00e7aise\u202f: Marie-No\u00eblle Yoder \/\u00a0Arr\u202f: Dennis Thielmann & Karin Franz \u00a9 2025","breadcrumb":{"@id":"https:\/\/mwc-cmm.org\/en\/resources\/we-want-peace-song-information\/#breadcrumb"},"inLanguage":"fr-FR","potentialAction":[{"@type":"ReadAction","target":["https:\/\/mwc-cmm.org\/en\/resources\/we-want-peace-song-information\/"]}]},{"@type":"BreadcrumbList","@id":"https:\/\/mwc-cmm.org\/en\/resources\/we-want-peace-song-information\/#breadcrumb","itemListElement":[{"@type":"ListItem","position":1,"name":"Home","item":"https:\/\/mwc-cmm.org\/fr\/"},{"@type":"ListItem","position":2,"name":"\u00c0 propos du chant \u00ab\u2009Nous voulons la paix\u2009\u00bb"}]},{"@type":"WebSite","@id":"https:\/\/mwc-cmm.org\/en\/#website","url":"https:\/\/mwc-cmm.org\/en\/","name":"Mennonite World Conference","description":"A communion of Anabaptist-related churches","publisher":{"@id":"https:\/\/mwc-cmm.org\/en\/#organization"},"alternateName":"MWC","potentialAction":[{"@type":"SearchAction","target":{"@type":"EntryPoint","urlTemplate":"https:\/\/mwc-cmm.org\/en\/?s={search_term_string}"},"query-input":{"@type":"PropertyValueSpecification","valueRequired":true,"valueName":"search_term_string"}}],"inLanguage":"fr-FR"},{"@type":"Organization","@id":"https:\/\/mwc-cmm.org\/en\/#organization","name":"Mennonite World Conference","alternateName":"MWC","url":"https:\/\/mwc-cmm.org\/en\/","logo":{"@type":"ImageObject","inLanguage":"fr-FR","@id":"https:\/\/mwc-cmm.org\/en\/#\/schema\/logo\/image\/","url":"https:\/\/mwc-cmm.org\/wp-content\/uploads\/2026\/01\/MWC_Sig_Blue_Horiz_webheader1-logo.svg","contentUrl":"https:\/\/mwc-cmm.org\/wp-content\/uploads\/2026\/01\/MWC_Sig_Blue_Horiz_webheader1-logo.svg","width":786,"height":82,"caption":"Mennonite World Conference"},"image":{"@id":"https:\/\/mwc-cmm.org\/en\/#\/schema\/logo\/image\/"},"sameAs":["https:\/\/www.facebook.com\/MennoniteWorldConference","https:\/\/www.linkedin.com\/company\/mennonite-world-conference-mwc\/","https:\/\/www.instagram.com\/mwcmm\/","https:\/\/www.youtube.com\/user\/mwccmm","https:\/\/bsky.app\/profile\/mwcmm.bsky.social"]}]}},"_links":{"self":[{"href":"https:\/\/mwc-cmm.org\/fr\/wp-json\/wp\/v2\/mwcresource\/119070","targetHints":{"allow":["GET"]}}],"collection":[{"href":"https:\/\/mwc-cmm.org\/fr\/wp-json\/wp\/v2\/mwcresource"}],"about":[{"href":"https:\/\/mwc-cmm.org\/fr\/wp-json\/wp\/v2\/types\/mwcresource"}],"wp:attachment":[{"href":"https:\/\/mwc-cmm.org\/fr\/wp-json\/wp\/v2\/media?parent=119070"}],"wp:term":[{"taxonomy":"network","embeddable":true,"href":"https:\/\/mwc-cmm.org\/fr\/wp-json\/wp\/v2\/network?post=119070"},{"taxonomy":"resourcetype","embeddable":true,"href":"https:\/\/mwc-cmm.org\/fr\/wp-json\/wp\/v2\/resourcetype?post=119070"},{"taxonomy":"language","embeddable":true,"href":"https:\/\/mwc-cmm.org\/fr\/wp-json\/wp\/v2\/language?post=119070"},{"taxonomy":"resourcecategory","embeddable":true,"href":"https:\/\/mwc-cmm.org\/fr\/wp-json\/wp\/v2\/resourcecategory?post=119070"},{"taxonomy":"resourcetheme","embeddable":true,"href":"https:\/\/mwc-cmm.org\/fr\/wp-json\/wp\/v2\/resourcetheme?post=119070"},{"taxonomy":"eventcategory","embeddable":true,"href":"https:\/\/mwc-cmm.org\/fr\/wp-json\/wp\/v2\/eventcategory?post=119070"}],"curies":[{"name":"wp","href":"https:\/\/api.w.org\/{rel}","templated":true}]}}