{"id":118291,"date":"2025-09-01T09:10:53","date_gmt":"2025-09-01T09:10:53","guid":{"rendered":"https:\/\/mwc-cmm.org\/?post_type=mwcresource&#038;p=118291"},"modified":"2025-09-01T09:10:54","modified_gmt":"2025-09-01T09:10:54","slug":"dimanche-de-la-paix-2025-liturgies-et-prieres","status":"publish","type":"mwcresource","link":"https:\/\/mwc-cmm.org\/fr\/resources\/dimanche-de-la-paix-2025-liturgies-et-prieres\/","title":{"rendered":"Dimanche de la Paix 2025 \u2013 Liturgies et pri\u00e8res"},"content":{"rendered":"\n<div class=\"wp-block-columns is-layout-flex wp-container-core-columns-is-layout-28f84493 wp-block-columns-is-layout-flex\">\n<div class=\"wp-block-column is-layout-flow wp-block-column-is-layout-flow\" style=\"flex-basis:33.33%\">\n<p id=\"top\"><strong>Liturgies et pri\u00e8res<\/strong><\/p>\n\n\n\n<ul class=\"wp-block-list\">\n<li><a href=\"#litany\">Une litanie pour ce que l\u2019on traverse<\/a>\u00a0<\/li>\n\n\n\n<li><a href=\"#prayer\">Pri\u00e8re pour la paix dans notre\u202fmonde\u00a0<\/a><\/li>\n\n\n\n<li><a href=\"#letter\">Lettre pastorale sur la guerre au Moyen-Orient<\/a>\u00a0<\/li>\n\n\n\n<li><a href=\"#blessing\">Une b\u00e9n\u00e9diction pour ce que l\u2019on traverse<\/a><\/li>\n<\/ul>\n<\/div>\n\n\n\n<div class=\"wp-block-column is-layout-flow wp-block-column-is-layout-flow\" style=\"flex-basis:66.66%\">\n<figure class=\"wp-block-image size-large\"><img decoding=\"async\" width=\"1024\" height=\"768\" data-src=\"https:\/\/mwc-cmm.org\/wp-content\/uploads\/2025\/09\/54560660308_6b2303b7d7_o-1024x768.jpg\" alt=\"\" class=\"wp-image-118258 lazyload\" data-srcset=\"https:\/\/mwc-cmm.org\/wp-content\/uploads\/2025\/09\/54560660308_6b2303b7d7_o-1024x768.jpg 1024w, https:\/\/mwc-cmm.org\/wp-content\/uploads\/2025\/09\/54560660308_6b2303b7d7_o-300x225.jpg 300w, https:\/\/mwc-cmm.org\/wp-content\/uploads\/2025\/09\/54560660308_6b2303b7d7_o-768x576.jpg 768w, https:\/\/mwc-cmm.org\/wp-content\/uploads\/2025\/09\/54560660308_6b2303b7d7_o-1536x1152.jpg 1536w, https:\/\/mwc-cmm.org\/wp-content\/uploads\/2025\/09\/54560660308_6b2303b7d7_o-2048x1536.jpg 2048w\" data-sizes=\"(max-width: 1024px) 100vw, 1024px\" src=\"data:image\/svg+xml;base64,PHN2ZyB3aWR0aD0iMSIgaGVpZ2h0PSIxIiB4bWxucz0iaHR0cDovL3d3dy53My5vcmcvMjAwMC9zdmciPjwvc3ZnPg==\" style=\"--smush-placeholder-width: 1024px; --smush-placeholder-aspect-ratio: 1024\/768;\" \/><\/figure>\n<\/div>\n<\/div>\n\n\n\n<h2 class=\"wp-block-heading is-style-green-eyebrow\" id=\"litany\">Une litanie pour ce que l\u2019on traverse\u00a0<\/h2>\n\n\n\n<p><em>Lecture avec r\u00e9ponse\u202f: une voix pour le texte normal, l\u2019assembl\u00e9e pour le texte en gras. Toutes les voix se rejoignent sur le texte en gras et en italique.<\/em>&nbsp;<\/p>\n\n\n\n<p>Dieu \u00e0 la naissance si surprenante&nbsp;<br>Tu n\u2019es pas le sauveur que nous attendions,&nbsp;<br>Ta puissance ne ressemble pas \u00e0 de la puissance.&nbsp;<br>Nous voudrions que notre Dieu soit \u00e9clatant.&nbsp;<\/p>\n\n\n\n<p><strong>Nous attendons<\/strong>&nbsp;<br><strong>Nous attendons dans la p\u00e9nombre. <\/strong>&nbsp;<br><strong>Nous attendons avec anxi\u00e9t\u00e9, et nous attendons avec espoir.\u202f <\/strong>&nbsp;<br><strong>Nous attendons, tout en sachant que nous avons besoin les uns des autres et de Ta pr\u00e9sence pour saisir l\u2019esp\u00e9rance.<\/strong>&nbsp;<\/p>\n\n\n\n<p>Nous avons fait souffrir, et nous avons souffert, par des mots et des actes, et par tout ce que nous avons choisi de ne pas faire.&nbsp;<\/p>\n\n\n\n<p><strong><em>Nous savons que la souffrance ne veut pas dire la fin, nous savons qu\u2019ensemble et avec Toi, la souffrance peut devenir l\u2019harmonie.<\/em><\/strong>&nbsp;<\/p>\n\n\n\n<p>Dieu \u00e0 la naissance si folle,&nbsp;<br>Nous sommes bouche b\u00e9e devant ta gr\u00e2ce.&nbsp;<br>Tu nous rejoins l\u00e0 o\u00f9 nous sommes, et tu prends soin de ne pas nous laisser l\u00e0 o\u00f9 tu nous as trouv\u00e9s.&nbsp;<\/p>\n\n\n\n<p><strong>Nous veillons.<\/strong>&nbsp;<br><strong>Nous veillons dans l\u2019attente de cette gr\u00e2ce. <\/strong>&nbsp;<br><strong>Nous veillons, scrutant dans la p\u00e9nombre car nous savons que nous pouvons y trouver Ta lumi\u00e8re.<\/strong>&nbsp;<\/p>\n\n\n\n<p>Avec toute notre maladresse, nous voulons refl\u00e9ter Ta gr\u00e2ce \u00e0 ceux qui nous entourent.&nbsp;<\/p>\n\n\n\n<p><strong><em>Que nous puissions humblement accepter ces cadeaux des uns pour les autres, car nous savons que ta puissance peut les transformer en ce qu\u2019ils sont cens\u00e9s \u00eatre.<\/em><\/strong>&nbsp;<\/p>\n\n\n\n<p>Dieu \u00e0 la naissance si humble,&nbsp;<br>Tu bouleverses l\u2019image que nous avons de Toi et des uns des autres&nbsp;<br>Tu transformes le jugement en compr\u00e9hension, la discrimination en solidarit\u00e9, la cruaut\u00e9 en compassion.&nbsp;<\/p>\n\n\n\n<p><strong>Nous nous exaltons<\/strong>&nbsp;<br><strong>Nous nous exaltons devant l\u2019audace de Ta naissance, dans une mangeoire, un exemple de la faiblesse comme puissance.<\/strong>&nbsp;<\/p>\n\n\n\n<p><strong><em>M\u00eame si c\u2019est souvent difficile, lorsque nous vivons Ton appel \u00e0 la justice et la compassion,<\/em><\/strong>&nbsp;<br><strong><em>Nous honorons Ta naissance, si surprenante, si folle, si humble. <\/em><\/strong><strong><em>Amen<\/em><\/strong>&nbsp;<\/p>\n\n\n\n<p><em>\u2014Compil\u00e9 par Karen Suderman \u00e0 partir de <\/em>Voices Together<em>\u202f#896, Robert McAfee Brown, Anne Lamott, the <\/em>Anglican Book of Common Prayer<em>.<\/em>&nbsp;<\/p>\n\n\n\n<p class=\"has-text-align-right\"><em><a href=\"#top\">Retour au d\u00e9but<\/a><\/em><\/p>\n\n\n\n<hr class=\"wp-block-separator has-alpha-channel-opacity\"\/>\n\n\n\n<h2 class=\"wp-block-heading is-style-yellow-eyebrow\" id=\"prayer\"><strong>Pri\u00e8re pour la paix dans notre\u202fmonde<\/strong>&nbsp;<\/h2>\n\n\n\n<p>En nous r\u00e9unissant pour prier, nous prenons conscience de l\u2019importance de cet acte : l\u2019acte de cr\u00e9er la communaut\u00e9 et d\u2019\u00e9tablir la communion. Cela nous rappelle combien il est important de nous reconna\u00eetre les uns les autres comme faisant partie de la m\u00eame communaut\u00e9. Nous reconnaissons \u00e9galement que nous ne sommes qu\u2019une petite partie d\u2019une famille spirituelle plus large qui se rassemble \u00e9galement pour former une communaut\u00e9 mondiale. Ensemble, nous recomposons le corps du\u202fChrist.&nbsp;<\/p>\n\n\n\n<p>En nous r\u00e9unissant, nous reconnaissons \u00e9galement que de nombreux membres de notre famille spirituelle, que ce soit de l\u2019autre c\u00f4t\u00e9 de la rue ou dans diff\u00e9rentes parties du monde, sont confront\u00e9s \u00e0 la r\u00e9alit\u00e9 de la guerre, de la violence et de l\u2019oppression. Nous venons de pays d\u00e9chir\u00e9s par des guerres incessantes. Nous continuons \u00e9galement le travail difficile n\u00e9cessaire pour surmonter la douleur et les fractures caus\u00e9es par cette violence et ces divisions.&nbsp;<\/p>\n\n\n\n<p>Nous reconnaissons les fa\u00e7ons dont beaucoup, au sein de notre communion mondiale, manifestent leur r\u00e9silience, en tant qu\u2019enfants pr\u00e9cieux de Dieu, malgr\u00e9 l\u2019oppression et la d\u00e9shumanisation dont ils sont\u202fvictimes.&nbsp;<\/p>\n\n\n\n<p>Nous connaissons et subissons, et nous sommes influenc\u00e9s par la guerre, la violence et l\u2019oppression.&nbsp;<\/p>\n\n\n\n<p>Et, en m\u00e9ditant sur notre foi commune en J\u00e9sus-Christ, Prince de la paix, nous pouvons savoir que la guerre, et la pr\u00e9paration \u00e0 la guerre n\u2019apporteront pas la\u202fpaix.&nbsp;<\/p>\n\n\n\n<ul class=\"wp-block-list\">\n<li>Affamer quelqu\u2019un n\u2019apportera pas la\u202fpaix.\u00a0<\/li>\n\n\n\n<li>Bombarder quelqu\u2019un n\u2019apportera pas la\u202fpaix.\u00a0<\/li>\n\n\n\n<li>Tuer n\u2019apportera pas la\u202fpaix.\u00a0<\/li>\n\n\n\n<li>Profiter \u00e9conomiquement de quelqu\u2019un n\u2019apportera pas la\u202fpaix.\u00a0<\/li>\n\n\n\n<li>Construire des murs n\u2019apportera pas la\u202fpaix.\u00a0<\/li>\n<\/ul>\n\n\n\n<p>La guerre cause la destruction. Elle d\u00e9chire le tissu de nos vies et de nos relations, et r\u00e9duit en ruines les communaut\u00e9s, les pays et les espoirs et les r\u00eaves des\u202fpeuples.&nbsp;<\/p>\n\n\n\n<p>R\u00e9pondre \u00e0 la violence par la violence nous fait devenir ce que nous ne voulons pas \u00eatre. Nous voulons t\u00e9moigner de la vie, pas de la mort. Nous voulons gu\u00e9rir les blessures, pas en infliger d\u2019autres. Nous voulons construire des relations et r\u00e9concilier ceux qui sont divis\u00e9s, pas creuser les foss\u00e9s et les s\u00e9parations entre nous, y compris avec ceux qui sont diff\u00e9rents de nous. Nous voulons la paix, pas plus de violence et de\u202fguerre.&nbsp;<\/p>\n\n\n\n<p>Nous appelons nos fr\u00e8res et s\u0153urs qui se trouvent en premi\u00e8re ligne des guerres \u00e0 faire le geste courageux et \u00e0 s\u2019engager \u00e0 d\u00e9poser les armes afin d\u2019avoir les mains libres pouvoir embrasser et \u00eatre embrass\u00e9s.&nbsp;<\/p>\n\n\n\n<p>Nous appelons ceux qui sont diff\u00e9rents de nous, ceux qui se trouvent de l\u2019autre c\u00f4t\u00e9 d\u2019une barri\u00e8re culturelle, nationale ou id\u00e9ologique, \u00e0 avoir le courage d\u2019aimer\u202f: \u00e0 refuser de voir des ennemis, mais plut\u00f4t des enfants bien-aim\u00e9s de Dieu et d\u2019\u00e9ventuels\u202famis.&nbsp;<\/p>\n\n\n\n<p>Nous appelons ceux qui occupent des postes de responsabilit\u00e9 politique \u00e0 ouvrir leur c\u0153ur, leur esprit et leur imagination \u00e0 la cr\u00e9ativit\u00e9, et non \u00e0 la rigidit\u00e9 et \u00e0 l\u2019obstination, afin de surmonter les diff\u00e9rences par le dialogue plut\u00f4t que par la domination et la division. Nous vous invitons \u00e0 vous affranchir et \u00e0 affranchir les autres de l\u2019emprisonnement cr\u00e9\u00e9 par cette s\u00e9paration.&nbsp;<\/p>\n\n\n\n<p>Nous appelons chacun de nous et tous nos fr\u00e8res et s\u0153urs \u00e0 reconna\u00eetre que l\u2019id\u00e9ologie nationaliste et la division ne peuvent apporter ni s\u00e9curit\u00e9 ni s\u00e9r\u00e9nit\u00e9. La s\u00e9curit\u00e9 et la s\u00e9r\u00e9nit\u00e9 ne peuvent exister que lorsque nous cultivons des relations avec nos prochains et nos fr\u00e8res et s\u0153urs du monde entier. Nous appelons donc tous nos fr\u00e8res et s\u0153urs \u00e0 travers le monde \u00e0 faire preuve d\u2019hospitalit\u00e9 les uns envers les autres, afin que la vie soit offerte et re\u00e7ue, tant par celui qui re\u00e7oit que par celui qui offre l\u2019hospitalit\u00e9. L\u2019hospitalit\u00e9 est une attitude qui donne la\u202fvie.&nbsp;<\/p>\n\n\n\n<p>Travaillons et consacrons-nous \u00e0 la paix qui n\u2019est possible que lorsque nous nous recherchons et que nous nous embrassons les uns les autres, afin que la justice et la paix s\u2019embrassent, renversant ainsi les causes profondes qui sont \u00e0 l\u2019origine des conflits\u2009! Voil\u00e0 la paix porteuse de vie de J\u00e9sus\u2009; voil\u00e0 la paix du\u202fChrist\u2009!&nbsp;<\/p>\n\n\n\n<p>Puissions-nous t\u00e9moigner de la paix du Christ dans et pour notre\u202fmonde.&nbsp;<\/p>\n\n\n\n<p><em>\u2014Andrew G. Suderman est secr\u00e9taire de la Commission Paix. Il vit \u00e0 Harrisonburg, en Virginie (\u00c9tats-Unis).<\/em>&nbsp;<\/p>\n\n\n\n<p class=\"has-text-align-right\"><em><a href=\"#top\">Retour au d\u00e9but<\/a><\/em><\/p>\n\n\n\n<hr class=\"wp-block-separator has-alpha-channel-opacity\"\/>\n\n\n\n<h2 class=\"wp-block-heading is-style-cyan-eyebrow\" id=\"letter\">Lettre pastorale sur la guerre au Moyen-Orient\u00a0<\/h2>\n\n\n\n<p>S\u0153urs et fr\u00e8res bien-aim\u00e9s\u202f&nbsp;<\/p>\n\n\n\n<p>La r\u00e9cente escalade de la guerre au Moyen-Orient est source de crainte et de chagrin pour notre famille anabaptiste \u00e0 travers le monde. Pour certains, il s\u2019agit d\u2019une nouvelle r\u00e9alit\u00e9, pour d\u2019autres, cela ajoute au fardeau de la violence subie depuis des ann\u00e9es, voire des d\u00e9cennies, dans le cadre de conflits locaux. Nous voyons tous ceux qui sont \u00e9cras\u00e9s sous les intrigues des puissants\u2009; nous pleurons et nous demandons \u00e0 Dieu d\u2019\u00eatre mis\u00e9ricordieux envers eux. Nous condamnons toute justification de la guerre qui serait attribu\u00e9e \u00e0 la volont\u00e9 de\u202fDieu.&nbsp;<\/p>\n\n\n\n<p>Nous voulons que nos pri\u00e8res nous poussent \u00e0 agir. Et nous voulons que nos actions soient nos\u202fpri\u00e8res.&nbsp;<\/p>\n\n\n\n<p>Notre all\u00e9geance n\u2019est pas \u00e0 des pr\u00e9sidents ou \u00e0 des rois, mais au Prince de la Paix. En tant que membres d\u2019une \u00c9glise historique de paix \u2014 c\u2019est-\u00e0-dire une \u00c9glise vou\u00e9e \u00e0 la paix \u2014 nous suivons J\u00e9sus, le Prince de la Paix, qui nous appelle \u00e0 un amour radical de nos ennemis.&nbsp;<\/p>\n\n\n\n<p>\u202fCet amour entra\u00eene nos c\u0153urs \u00e0 voir Dieu dans \u00ab\u2009l\u2019autre\u2009\u00bb humain, qu\u2019il soit ennemi ou\u202fami.&nbsp;<\/p>\n\n\n\n<p>Cet amour nous donne le courage de rechercher la\u202fjustice.&nbsp;<\/p>\n\n\n\n<p>Cet amour nous appelle \u00e0 rechercher des relations justes entre les personnes, au niveau des organisations, entre les \u00c9tats et les peuples, et avec le reste de la cr\u00e9ation \u2014 tant d\u2019entit\u00e9s qui souffrent lors de\u202fconflits.&nbsp;<\/p>\n\n\n\n<p>La puissance de l\u2019amour du Christ nous mobilise non pas vers un orgueil qui d\u00e9fend les nations ou la puret\u00e9 id\u00e9ologique, mais vers la compassion pour ceux qui souffrent, ind\u00e9pendamment de leur identit\u00e9 nationale ou de leur affiliation\u202fpolitique.&nbsp;<\/p>\n\n\n\n<p>Les enseignements de J\u00e9sus nous rappellent que l\u2019ennemi n\u2019est pas l\u2019autre, mais notre propre instinct qui nous pousse \u00e0 \u00e9riger des barri\u00e8res et \u00e0 devenir victimes de l\u2019hostilit\u00e9 elle-m\u00eame. Nous prions pour que, tandis que nous trouvons le courage d\u2019aimer, la puissance transformatrice de Dieu brise les cycles de violence qui divisent, oppriment et\u202ftuent.&nbsp;<\/p>\n\n\n\n<p>La justice doit accompagner la paix. En effet, la paix ne peut exister que lorsque la justice r\u00e9paratrice, ax\u00e9e sur la recherche de la v\u00e9rit\u00e9 et la r\u00e9paration, est incarn\u00e9e. Nous confessons notre \u00e9chec \u00e0 rechercher une paix juste. Nous demandons au Saint-Esprit de nous enseigner l\u2019humilit\u00e9 et de nous donner le courage d\u2019aimer. Nous demandons la sagesse de reconna\u00eetre et de dire la v\u00e9rit\u00e9 avec une clart\u00e9 proph\u00e9tique et un amour d\u00e9sint\u00e9ress\u00e9. Nous demandons l\u2019audace de faire face \u00e0 l\u2019injustice, m\u00eame si cela peut nous mettre en\u202fdanger.&nbsp;<\/p>\n\n\n\n<p>Nous sommes d\u00e9termin\u00e9s \u00e0 nous exprimer, que ce soit aupr\u00e8s des gouvernements ou de nos concitoyens, pour remettre en question le soutien inconditionnel apport\u00e9 aux sources de violence et de\u202fmort.&nbsp;<\/p>\n\n\n\n<p>En tant que communion anabaptiste mondiale, nous renon\u00e7ons \u00e0 la violence, comme J\u00e9sus l\u2019a fait. En tant que disciples de J\u00e9sus, nous nous engageons \u00e0 transformer les syst\u00e8mes injustes par la non-violence\u202factive.&nbsp;<\/p>\n\n\n\n<p>Nous appelons les \u00c9tats \u00e0 cesser d\u2019investir dans la guerre et \u00e0 s\u2019engager dans le difficile travail de recherche de la paix \u2014 une paix qui ne passe pas par les armes, les missiles ou la force violente \u2014 afin que tous puissent\u202fs\u2019\u00e9panouir.&nbsp;<\/p>\n\n\n\n<p>Nos paroles semblent modestes et insuffisantes face \u00e0 la crise, et pourtant, nous r\u00e9affirmons notre conviction que\u202f&nbsp;<\/p>\n\n\n\n<p>\u00ab\u202fL\u2019Esprit de J\u00e9sus nous rend capables de faire confiance \u00e0 Dieu dans tous les domaines de la vie, de sorte que nous devenons artisans de paix renon\u00e7ant \u00e0 la violence, en aimant nos ennemis, en recherchant la justice et en partageant\u202fnos biens avec ceux qui sont dans le\u202fbesoin.\u202f\u00bb (Conviction commune\u202f5)&nbsp;<\/p>\n\n\n\n<p>Seigneur, entends notre appel \u00e0 l\u2019aide et aie piti\u00e9.\u202f&nbsp;<br>Dans le nom de J\u00e9sus,\u202f&nbsp;<br>Henk Stenvers, pr\u00e9sident, Conf\u00e9rence Mennonite Mondiale&nbsp;<\/p>\n\n\n\n<p class=\"has-text-align-right\"><em><a href=\"#top\">Retour au d\u00e9but<\/a><\/em><\/p>\n\n\n\n<hr class=\"wp-block-separator has-alpha-channel-opacity\"\/>\n\n\n\n<h2 class=\"wp-block-heading is-style-pink-eyebrow\" id=\"blessing\">Une b\u00e9n\u00e9diction pour ce que l\u2019on traverse<\/h2>\n\n\n\n<p>Dans ton attente\u00a0<br><strong>Que Dieu te donne la joie\u00a0<\/strong><br>Dans la gr\u00e2ce incomparable\u00a0<br><strong>Que Dieu te porte\u00a0<\/strong><br>Dans les difficult\u00e9s\u00a0<br><strong>Que Dieu te donne la paix.\u00a0<\/strong><br>Va, envelopp\u00e9 dans l\u2019amour de Dieu si surprenant, si fou et si humble.\u00a0<\/p>\n\n\n\n<p class=\"has-text-align-right\"><em><a href=\"#top\">Retour au d\u00e9but<\/a><\/em><\/p>\n\n\n\n<hr class=\"wp-block-separator has-alpha-channel-opacity\"\/>\n\n\n\n<div class=\"wp-block-group has-global-padding is-layout-constrained wp-block-group-is-layout-constrained\">\n<div class=\"wp-block-columns is-layout-flex wp-container-core-columns-is-layout-28f84493 wp-block-columns-is-layout-flex\">\n<div class=\"wp-block-column is-vertically-aligned-center is-layout-flow wp-block-column-is-layout-flow\">\n<figure class=\"wp-block-image size-large\"><img decoding=\"async\" width=\"1024\" height=\"768\" data-src=\"https:\/\/mwc-cmm.org\/wp-content\/uploads\/2025\/09\/54560660308_6b2303b7d7_o-1024x768.jpg\" alt=\"\" class=\"wp-image-118258 lazyload\" data-srcset=\"https:\/\/mwc-cmm.org\/wp-content\/uploads\/2025\/09\/54560660308_6b2303b7d7_o-1024x768.jpg 1024w, https:\/\/mwc-cmm.org\/wp-content\/uploads\/2025\/09\/54560660308_6b2303b7d7_o-300x225.jpg 300w, https:\/\/mwc-cmm.org\/wp-content\/uploads\/2025\/09\/54560660308_6b2303b7d7_o-768x576.jpg 768w, https:\/\/mwc-cmm.org\/wp-content\/uploads\/2025\/09\/54560660308_6b2303b7d7_o-1536x1152.jpg 1536w, https:\/\/mwc-cmm.org\/wp-content\/uploads\/2025\/09\/54560660308_6b2303b7d7_o-2048x1536.jpg 2048w\" data-sizes=\"(max-width: 1024px) 100vw, 1024px\" src=\"data:image\/svg+xml;base64,PHN2ZyB3aWR0aD0iMSIgaGVpZ2h0PSIxIiB4bWxucz0iaHR0cDovL3d3dy53My5vcmcvMjAwMC9zdmciPjwvc3ZnPg==\" style=\"--smush-placeholder-width: 1024px; --smush-placeholder-aspect-ratio: 1024\/768;\" \/><\/figure>\n<\/div>\n\n\n\n<div class=\"wp-block-column is-layout-flow wp-block-column-is-layout-flow\">\n<figure class=\"wp-block-image size-large\"><img decoding=\"async\" width=\"1024\" height=\"756\" data-src=\"https:\/\/mwc-cmm.org\/wp-content\/uploads\/2025\/09\/54082503665_32966e0fae_o-copy-1024x756.jpg\" alt=\"\" class=\"wp-image-118243 lazyload\" data-srcset=\"https:\/\/mwc-cmm.org\/wp-content\/uploads\/2025\/09\/54082503665_32966e0fae_o-copy-1024x756.jpg 1024w, https:\/\/mwc-cmm.org\/wp-content\/uploads\/2025\/09\/54082503665_32966e0fae_o-copy-300x221.jpg 300w, https:\/\/mwc-cmm.org\/wp-content\/uploads\/2025\/09\/54082503665_32966e0fae_o-copy-768x567.jpg 768w, https:\/\/mwc-cmm.org\/wp-content\/uploads\/2025\/09\/54082503665_32966e0fae_o-copy-1536x1134.jpg 1536w, https:\/\/mwc-cmm.org\/wp-content\/uploads\/2025\/09\/54082503665_32966e0fae_o-copy-2048x1511.jpg 2048w\" data-sizes=\"(max-width: 1024px) 100vw, 1024px\" src=\"data:image\/svg+xml;base64,PHN2ZyB3aWR0aD0iMSIgaGVpZ2h0PSIxIiB4bWxucz0iaHR0cDovL3d3dy53My5vcmcvMjAwMC9zdmciPjwvc3ZnPg==\" style=\"--smush-placeholder-width: 1024px; --smush-placeholder-aspect-ratio: 1024\/756;\" \/><\/figure>\n<\/div>\n\n\n\n<div class=\"wp-block-column is-layout-flow wp-block-column-is-layout-flow\">\n<figure class=\"wp-block-image size-large\"><img decoding=\"async\" width=\"1024\" height=\"768\" data-src=\"https:\/\/mwc-cmm.org\/wp-content\/uploads\/2025\/09\/438093953_7211258128982976_5971744066731289111_n-1024x768.jpg\" alt=\"\" class=\"wp-image-118272 lazyload\" data-srcset=\"https:\/\/mwc-cmm.org\/wp-content\/uploads\/2025\/09\/438093953_7211258128982976_5971744066731289111_n-1024x768.jpg 1024w, https:\/\/mwc-cmm.org\/wp-content\/uploads\/2025\/09\/438093953_7211258128982976_5971744066731289111_n-300x225.jpg 300w, https:\/\/mwc-cmm.org\/wp-content\/uploads\/2025\/09\/438093953_7211258128982976_5971744066731289111_n-768x576.jpg 768w, https:\/\/mwc-cmm.org\/wp-content\/uploads\/2025\/09\/438093953_7211258128982976_5971744066731289111_n-1536x1152.jpg 1536w, https:\/\/mwc-cmm.org\/wp-content\/uploads\/2025\/09\/438093953_7211258128982976_5971744066731289111_n.jpg 1600w\" data-sizes=\"(max-width: 1024px) 100vw, 1024px\" src=\"data:image\/svg+xml;base64,PHN2ZyB3aWR0aD0iMSIgaGVpZ2h0PSIxIiB4bWxucz0iaHR0cDovL3d3dy53My5vcmcvMjAwMC9zdmciPjwvc3ZnPg==\" style=\"--smush-placeholder-width: 1024px; --smush-placeholder-aspect-ratio: 1024\/768;\" \/><\/figure>\n<\/div>\n<\/div>\n\n\n\n<div class=\"wp-block-buttons is-content-justification-center is-layout-flex wp-container-core-buttons-is-layout-a89b3969 wp-block-buttons-is-layout-flex\">\n<div class=\"wp-block-button\"><a class=\"wp-block-button__link wp-element-button\" href=\"https:\/\/mwc-cmm.org\/fr\/resources\/dimanche-de-la-paix-2025-materiel-pour-le-culte\/\">Dimanche de la Paix 2025 \u2013 Mat\u00e9riel pour le culte<\/a><\/div>\n<\/div>\n<\/div>\n","protected":false},"featured_media":118258,"template":"","network":[1254],"resourcetype":[],"language":[],"resourcecategory":[1367],"resourcetheme":[1429],"eventcategory":[],"class_list":["post-118291","mwcresource","type-mwcresource","status-publish","has-post-thumbnail","hentry","network-peace-commission-fr","resourcecategory-worship-resource-fr","resourcetheme-peace-fr"],"acf":[],"yoast_head":"<!-- This site is optimized with the Yoast SEO plugin v27.5 - https:\/\/yoast.com\/product\/yoast-seo-wordpress\/ -->\n<title>Dimanche de la Paix 2025 \u2013 Liturgies et pri\u00e8res - Mennonite World Conference<\/title>\n<meta name=\"robots\" content=\"index, follow, max-snippet:-1, max-image-preview:large, max-video-preview:-1\" \/>\n<link rel=\"canonical\" href=\"https:\/\/mwc-cmm.org\/fr\/resources\/dimanche-de-la-paix-2025-liturgies-et-prieres\/\" \/>\n<meta property=\"og:locale\" content=\"fr_FR\" \/>\n<meta property=\"og:type\" content=\"article\" \/>\n<meta property=\"og:title\" content=\"Dimanche de la Paix 2025 \u2013 Liturgies et pri\u00e8res - Mennonite World Conference\" \/>\n<meta property=\"og:description\" content=\"Liturgies et pri\u00e8res Une litanie pour ce que l\u2019on traverse\u00a0 Lecture avec r\u00e9ponse\u202f: une voix pour le texte normal, l\u2019assembl\u00e9e pour le texte en gras. Toutes les voix se rejoignent sur le texte en gras et en italique.&nbsp; Dieu \u00e0 la naissance si surprenante&nbsp;Tu n\u2019es pas le sauveur que nous attendions,&nbsp;Ta puissance ne ressemble pas [&hellip;]\" \/>\n<meta property=\"og:url\" content=\"https:\/\/mwc-cmm.org\/fr\/resources\/dimanche-de-la-paix-2025-liturgies-et-prieres\/\" \/>\n<meta property=\"og:site_name\" content=\"Mennonite World Conference\" \/>\n<meta property=\"article:publisher\" content=\"https:\/\/www.facebook.com\/MennoniteWorldConference\" \/>\n<meta property=\"article:modified_time\" content=\"2025-09-01T09:10:54+00:00\" \/>\n<meta property=\"og:image\" content=\"https:\/\/mwc-cmm.org\/wp-content\/uploads\/2025\/09\/54560660308_6b2303b7d7_o-scaled.jpg\" \/>\n\t<meta property=\"og:image:width\" content=\"2560\" \/>\n\t<meta property=\"og:image:height\" content=\"1920\" \/>\n\t<meta property=\"og:image:type\" content=\"image\/jpeg\" \/>\n<script type=\"application\/ld+json\" class=\"yoast-schema-graph\">{\"@context\":\"https:\\\/\\\/schema.org\",\"@graph\":[{\"@type\":\"WebPage\",\"@id\":\"https:\\\/\\\/mwc-cmm.org\\\/fr\\\/resources\\\/dimanche-de-la-paix-2025-liturgies-et-prieres\\\/\",\"url\":\"https:\\\/\\\/mwc-cmm.org\\\/fr\\\/resources\\\/dimanche-de-la-paix-2025-liturgies-et-prieres\\\/\",\"name\":\"Dimanche de la Paix 2025 \u2013 Liturgies et pri\u00e8res - Mennonite World Conference\",\"isPartOf\":{\"@id\":\"https:\\\/\\\/mwc-cmm.org\\\/en\\\/#website\"},\"primaryImageOfPage\":{\"@id\":\"https:\\\/\\\/mwc-cmm.org\\\/fr\\\/resources\\\/dimanche-de-la-paix-2025-liturgies-et-prieres\\\/#primaryimage\"},\"image\":{\"@id\":\"https:\\\/\\\/mwc-cmm.org\\\/fr\\\/resources\\\/dimanche-de-la-paix-2025-liturgies-et-prieres\\\/#primaryimage\"},\"thumbnailUrl\":\"https:\\\/\\\/mwc-cmm.org\\\/wp-content\\\/uploads\\\/2025\\\/09\\\/54560660308_6b2303b7d7_o-scaled.jpg\",\"datePublished\":\"2025-09-01T09:10:53+00:00\",\"dateModified\":\"2025-09-01T09:10:54+00:00\",\"breadcrumb\":{\"@id\":\"https:\\\/\\\/mwc-cmm.org\\\/fr\\\/resources\\\/dimanche-de-la-paix-2025-liturgies-et-prieres\\\/#breadcrumb\"},\"inLanguage\":\"fr-FR\",\"potentialAction\":[{\"@type\":\"ReadAction\",\"target\":[\"https:\\\/\\\/mwc-cmm.org\\\/fr\\\/resources\\\/dimanche-de-la-paix-2025-liturgies-et-prieres\\\/\"]}]},{\"@type\":\"ImageObject\",\"inLanguage\":\"fr-FR\",\"@id\":\"https:\\\/\\\/mwc-cmm.org\\\/fr\\\/resources\\\/dimanche-de-la-paix-2025-liturgies-et-prieres\\\/#primaryimage\",\"url\":\"https:\\\/\\\/mwc-cmm.org\\\/wp-content\\\/uploads\\\/2025\\\/09\\\/54560660308_6b2303b7d7_o-scaled.jpg\",\"contentUrl\":\"https:\\\/\\\/mwc-cmm.org\\\/wp-content\\\/uploads\\\/2025\\\/09\\\/54560660308_6b2303b7d7_o-scaled.jpg\",\"width\":2560,\"height\":1920,\"caption\":\"blessings in different languages during MWC100\"},{\"@type\":\"BreadcrumbList\",\"@id\":\"https:\\\/\\\/mwc-cmm.org\\\/fr\\\/resources\\\/dimanche-de-la-paix-2025-liturgies-et-prieres\\\/#breadcrumb\",\"itemListElement\":[{\"@type\":\"ListItem\",\"position\":1,\"name\":\"Home\",\"item\":\"https:\\\/\\\/mwc-cmm.org\\\/fr\\\/\"},{\"@type\":\"ListItem\",\"position\":2,\"name\":\"Dimanche de la Paix 2025 \u2013 Liturgies et pri\u00e8res\"}]},{\"@type\":\"WebSite\",\"@id\":\"https:\\\/\\\/mwc-cmm.org\\\/en\\\/#website\",\"url\":\"https:\\\/\\\/mwc-cmm.org\\\/en\\\/\",\"name\":\"Mennonite World Conference\",\"description\":\"A communion of Anabaptist-related churches\",\"publisher\":{\"@id\":\"https:\\\/\\\/mwc-cmm.org\\\/en\\\/#organization\"},\"alternateName\":\"MWC\",\"potentialAction\":[{\"@type\":\"SearchAction\",\"target\":{\"@type\":\"EntryPoint\",\"urlTemplate\":\"https:\\\/\\\/mwc-cmm.org\\\/en\\\/?s={search_term_string}\"},\"query-input\":{\"@type\":\"PropertyValueSpecification\",\"valueRequired\":true,\"valueName\":\"search_term_string\"}}],\"inLanguage\":\"fr-FR\"},{\"@type\":\"Organization\",\"@id\":\"https:\\\/\\\/mwc-cmm.org\\\/en\\\/#organization\",\"name\":\"Mennonite World Conference\",\"alternateName\":\"MWC\",\"url\":\"https:\\\/\\\/mwc-cmm.org\\\/en\\\/\",\"logo\":{\"@type\":\"ImageObject\",\"inLanguage\":\"fr-FR\",\"@id\":\"https:\\\/\\\/mwc-cmm.org\\\/en\\\/#\\\/schema\\\/logo\\\/image\\\/\",\"url\":\"https:\\\/\\\/mwc-cmm.org\\\/wp-content\\\/uploads\\\/2026\\\/01\\\/MWC_Sig_Blue_Horiz_webheader1-logo.svg\",\"contentUrl\":\"https:\\\/\\\/mwc-cmm.org\\\/wp-content\\\/uploads\\\/2026\\\/01\\\/MWC_Sig_Blue_Horiz_webheader1-logo.svg\",\"width\":786,\"height\":82,\"caption\":\"Mennonite World Conference\"},\"image\":{\"@id\":\"https:\\\/\\\/mwc-cmm.org\\\/en\\\/#\\\/schema\\\/logo\\\/image\\\/\"},\"sameAs\":[\"https:\\\/\\\/www.facebook.com\\\/MennoniteWorldConference\",\"https:\\\/\\\/www.linkedin.com\\\/company\\\/mennonite-world-conference-mwc\\\/\",\"https:\\\/\\\/www.instagram.com\\\/mwcmm\\\/\",\"https:\\\/\\\/www.youtube.com\\\/user\\\/mwccmm\",\"https:\\\/\\\/bsky.app\\\/profile\\\/mwcmm.bsky.social\"]}]}<\/script>\n<!-- \/ Yoast SEO plugin. -->","yoast_head_json":{"title":"Dimanche de la Paix 2025 \u2013 Liturgies et pri\u00e8res - Mennonite World Conference","robots":{"index":"index","follow":"follow","max-snippet":"max-snippet:-1","max-image-preview":"max-image-preview:large","max-video-preview":"max-video-preview:-1"},"canonical":"https:\/\/mwc-cmm.org\/fr\/resources\/dimanche-de-la-paix-2025-liturgies-et-prieres\/","og_locale":"fr_FR","og_type":"article","og_title":"Dimanche de la Paix 2025 \u2013 Liturgies et pri\u00e8res - Mennonite World Conference","og_description":"Liturgies et pri\u00e8res Une litanie pour ce que l\u2019on traverse\u00a0 Lecture avec r\u00e9ponse\u202f: une voix pour le texte normal, l\u2019assembl\u00e9e pour le texte en gras. Toutes les voix se rejoignent sur le texte en gras et en italique.&nbsp; Dieu \u00e0 la naissance si surprenante&nbsp;Tu n\u2019es pas le sauveur que nous attendions,&nbsp;Ta puissance ne ressemble pas [&hellip;]","og_url":"https:\/\/mwc-cmm.org\/fr\/resources\/dimanche-de-la-paix-2025-liturgies-et-prieres\/","og_site_name":"Mennonite World Conference","article_publisher":"https:\/\/www.facebook.com\/MennoniteWorldConference","article_modified_time":"2025-09-01T09:10:54+00:00","og_image":[{"width":2560,"height":1920,"url":"https:\/\/mwc-cmm.org\/wp-content\/uploads\/2025\/09\/54560660308_6b2303b7d7_o-scaled.jpg","type":"image\/jpeg"}],"schema":{"@context":"https:\/\/schema.org","@graph":[{"@type":"WebPage","@id":"https:\/\/mwc-cmm.org\/fr\/resources\/dimanche-de-la-paix-2025-liturgies-et-prieres\/","url":"https:\/\/mwc-cmm.org\/fr\/resources\/dimanche-de-la-paix-2025-liturgies-et-prieres\/","name":"Dimanche de la Paix 2025 \u2013 Liturgies et pri\u00e8res - Mennonite World Conference","isPartOf":{"@id":"https:\/\/mwc-cmm.org\/en\/#website"},"primaryImageOfPage":{"@id":"https:\/\/mwc-cmm.org\/fr\/resources\/dimanche-de-la-paix-2025-liturgies-et-prieres\/#primaryimage"},"image":{"@id":"https:\/\/mwc-cmm.org\/fr\/resources\/dimanche-de-la-paix-2025-liturgies-et-prieres\/#primaryimage"},"thumbnailUrl":"https:\/\/mwc-cmm.org\/wp-content\/uploads\/2025\/09\/54560660308_6b2303b7d7_o-scaled.jpg","datePublished":"2025-09-01T09:10:53+00:00","dateModified":"2025-09-01T09:10:54+00:00","breadcrumb":{"@id":"https:\/\/mwc-cmm.org\/fr\/resources\/dimanche-de-la-paix-2025-liturgies-et-prieres\/#breadcrumb"},"inLanguage":"fr-FR","potentialAction":[{"@type":"ReadAction","target":["https:\/\/mwc-cmm.org\/fr\/resources\/dimanche-de-la-paix-2025-liturgies-et-prieres\/"]}]},{"@type":"ImageObject","inLanguage":"fr-FR","@id":"https:\/\/mwc-cmm.org\/fr\/resources\/dimanche-de-la-paix-2025-liturgies-et-prieres\/#primaryimage","url":"https:\/\/mwc-cmm.org\/wp-content\/uploads\/2025\/09\/54560660308_6b2303b7d7_o-scaled.jpg","contentUrl":"https:\/\/mwc-cmm.org\/wp-content\/uploads\/2025\/09\/54560660308_6b2303b7d7_o-scaled.jpg","width":2560,"height":1920,"caption":"blessings in different languages during MWC100"},{"@type":"BreadcrumbList","@id":"https:\/\/mwc-cmm.org\/fr\/resources\/dimanche-de-la-paix-2025-liturgies-et-prieres\/#breadcrumb","itemListElement":[{"@type":"ListItem","position":1,"name":"Home","item":"https:\/\/mwc-cmm.org\/fr\/"},{"@type":"ListItem","position":2,"name":"Dimanche de la Paix 2025 \u2013 Liturgies et pri\u00e8res"}]},{"@type":"WebSite","@id":"https:\/\/mwc-cmm.org\/en\/#website","url":"https:\/\/mwc-cmm.org\/en\/","name":"Mennonite World Conference","description":"A communion of Anabaptist-related churches","publisher":{"@id":"https:\/\/mwc-cmm.org\/en\/#organization"},"alternateName":"MWC","potentialAction":[{"@type":"SearchAction","target":{"@type":"EntryPoint","urlTemplate":"https:\/\/mwc-cmm.org\/en\/?s={search_term_string}"},"query-input":{"@type":"PropertyValueSpecification","valueRequired":true,"valueName":"search_term_string"}}],"inLanguage":"fr-FR"},{"@type":"Organization","@id":"https:\/\/mwc-cmm.org\/en\/#organization","name":"Mennonite World Conference","alternateName":"MWC","url":"https:\/\/mwc-cmm.org\/en\/","logo":{"@type":"ImageObject","inLanguage":"fr-FR","@id":"https:\/\/mwc-cmm.org\/en\/#\/schema\/logo\/image\/","url":"https:\/\/mwc-cmm.org\/wp-content\/uploads\/2026\/01\/MWC_Sig_Blue_Horiz_webheader1-logo.svg","contentUrl":"https:\/\/mwc-cmm.org\/wp-content\/uploads\/2026\/01\/MWC_Sig_Blue_Horiz_webheader1-logo.svg","width":786,"height":82,"caption":"Mennonite World Conference"},"image":{"@id":"https:\/\/mwc-cmm.org\/en\/#\/schema\/logo\/image\/"},"sameAs":["https:\/\/www.facebook.com\/MennoniteWorldConference","https:\/\/www.linkedin.com\/company\/mennonite-world-conference-mwc\/","https:\/\/www.instagram.com\/mwcmm\/","https:\/\/www.youtube.com\/user\/mwccmm","https:\/\/bsky.app\/profile\/mwcmm.bsky.social"]}]}},"_links":{"self":[{"href":"https:\/\/mwc-cmm.org\/fr\/wp-json\/wp\/v2\/mwcresource\/118291","targetHints":{"allow":["GET"]}}],"collection":[{"href":"https:\/\/mwc-cmm.org\/fr\/wp-json\/wp\/v2\/mwcresource"}],"about":[{"href":"https:\/\/mwc-cmm.org\/fr\/wp-json\/wp\/v2\/types\/mwcresource"}],"wp:featuredmedia":[{"embeddable":true,"href":"https:\/\/mwc-cmm.org\/fr\/wp-json\/wp\/v2\/media\/118258"}],"wp:attachment":[{"href":"https:\/\/mwc-cmm.org\/fr\/wp-json\/wp\/v2\/media?parent=118291"}],"wp:term":[{"taxonomy":"network","embeddable":true,"href":"https:\/\/mwc-cmm.org\/fr\/wp-json\/wp\/v2\/network?post=118291"},{"taxonomy":"resourcetype","embeddable":true,"href":"https:\/\/mwc-cmm.org\/fr\/wp-json\/wp\/v2\/resourcetype?post=118291"},{"taxonomy":"language","embeddable":true,"href":"https:\/\/mwc-cmm.org\/fr\/wp-json\/wp\/v2\/language?post=118291"},{"taxonomy":"resourcecategory","embeddable":true,"href":"https:\/\/mwc-cmm.org\/fr\/wp-json\/wp\/v2\/resourcecategory?post=118291"},{"taxonomy":"resourcetheme","embeddable":true,"href":"https:\/\/mwc-cmm.org\/fr\/wp-json\/wp\/v2\/resourcetheme?post=118291"},{"taxonomy":"eventcategory","embeddable":true,"href":"https:\/\/mwc-cmm.org\/fr\/wp-json\/wp\/v2\/eventcategory?post=118291"}],"curies":[{"name":"wp","href":"https:\/\/api.w.org\/{rel}","templated":true}]}}