{"id":117926,"date":"2025-08-20T05:07:27","date_gmt":"2025-08-20T05:07:27","guid":{"rendered":"https:\/\/mwc-cmm.org\/?post_type=mwcresource&#038;p=117926"},"modified":"2025-09-09T08:43:32","modified_gmt":"2025-09-09T08:43:32","slug":"dimanche-de-la-paix-2025-materiel-pour-le-culte","status":"publish","type":"mwcresource","link":"https:\/\/mwc-cmm.org\/fr\/resources\/dimanche-de-la-paix-2025-materiel-pour-le-culte\/","title":{"rendered":"Dimanche de la Paix 2025 &ndash; Mat\u00e9riel pour le culte"},"content":{"rendered":"\n<div class=\"wp-block-columns alignwide is-layout-flex wp-container-core-columns-is-layout-28f84493 wp-block-columns-is-layout-flex\">\n<div class=\"wp-block-column is-layout-flow wp-block-column-is-layout-flow\" style=\"flex-basis:66.66%\">\n<h3 class=\"wp-block-heading\">Th\u00e8me<\/h3>\n\n\n\n<p>Le courage d\u2019aimer<\/p>\n\n\n\n<h3 class=\"wp-block-heading\">Pourquoi avoir choisi ce th\u00e8me ?<\/h3>\n\n\n\n<p>Mettre l\u2019amour en pratique demande du courage. \u00c0 plusieurs reprises, J\u00e9sus<br>invite et encourage ses disciples (et ceux qui l\u2019\u00e9coutent) \u00e0 accomplir des actes<br>d\u2019amour, soulignant \u00e0 quel point ces actes sont ou peuvent \u00eatre dangereux, et donc courageux.<br>Ce mat\u00e9riel pour le Dimanche de la Paix vise \u00e0 explorer, alimenter et approfondir<br>les moyens par lesquels nous pouvons incarner le courage d\u2019aimer dans et pour notre monde.<\/p>\n\n\n\n<h3 class=\"wp-block-heading\">Textes bibliques<\/h3>\n\n\n\n<ul class=\"wp-block-list\">\n<li>Matthieu 22.34\u201340<\/li>\n<\/ul>\n\n\n\n<h3 class=\"wp-block-heading\">Dans ce dossier<\/h3>\n\n\n\n<ul class=\"wp-block-list\">\n<li><a href=\"https:\/\/mwc-cmm.org\/fr\/resources\/dimanche-de-la-paix-2025-liturgies-et-prieres\/\">Liturgies et pri\u00e8res<\/a><\/li>\n\n\n\n<li><a href=\"https:\/\/mwc-cmm.org\/fr\/stories\/redessiner-nos-relations-de-proximite\/\">Texte pour la pr\u00e9dication<\/a><\/li>\n\n\n\n<li><a href=\"https:\/\/mwc-cmm.org\/fr\/stories\/que-signifie-etre-une-eglise-de-paix\/\">T\u00e9moignage<\/a><\/li>\n\n\n\n<li><a href=\"https:\/\/mwc-cmm.org\/fr\/resources\/dimanche-de-la-paix-2025-requetes-de-prieres\/\">Requ\u00eates de pri\u00e8res<\/a><\/li>\n\n\n\n<li><a href=\"https:\/\/mwc-cmm.org\/fr\/resources\/dimanche-de-la-paix-2025-activites\/\">Activit\u00e9s<\/a><\/li>\n<\/ul>\n\n\n\n<h3 class=\"wp-block-heading\">Ressources multimedia\u200b<\/h3>\n\n\n\n<ul class=\"wp-block-list\">\n<li><a href=\"https:\/\/flic.kr\/s\/aHBqjCrSC5\">Images<\/a><\/li>\n\n\n\n<li><a href=\"https:\/\/mwc-cmm.org\/fr\/resources\/dimanche-de-la-paix-2025-a-propos-du-chant\/\">Information sur la chanson<\/a><\/li>\n<\/ul>\n<\/div>\n\n\n\n<div class=\"wp-block-column is-layout-flow wp-block-column-is-layout-flow\" style=\"flex-basis:33.33%\">\n<div data-wp-interactive=\"core\/file\" class=\"wp-block-file\"><object data-wp-bind--hidden=\"!state.hasPdfPreview\" hidden class=\"wp-block-file__embed\" data=\"https:\/\/mwc-cmm.org\/wp-content\/uploads\/2025\/09\/Peace-Sunday-2025-FR_FIN.pdf\" type=\"application\/pdf\" style=\"width:100%;height:500px\" aria-label=\"Contenu embarqu\u00e9 Dimanche de la Paix 2025.\"><\/object><a id=\"wp-block-file--media-191dc152-6349-4c4e-a455-9a3e124575d4\" href=\"https:\/\/mwc-cmm.org\/wp-content\/uploads\/2025\/09\/Peace-Sunday-2025-FR_FIN.pdf\">Dimanche de la Paix 2025<\/a><a href=\"https:\/\/mwc-cmm.org\/wp-content\/uploads\/2025\/09\/Peace-Sunday-2025-FR_FIN.pdf\" class=\"wp-block-file__button wp-element-button\" download aria-describedby=\"wp-block-file--media-191dc152-6349-4c4e-a455-9a3e124575d4\">Download<\/a><\/div>\n<\/div>\n<\/div>\n\n\n\n<hr class=\"wp-block-separator has-alpha-channel-opacity\"\/>\n\n\n\n<div class=\"wp-block-buttons alignwide is-layout-flex wp-block-buttons-is-layout-flex\">\n<div class=\"wp-block-button\"><a class=\"wp-block-button__link has-magenta-background-color has-background wp-element-button\" href=\"https:\/\/mwc-cmm.org\/fr\/faire-un-don\/\">Faire un don<\/a><\/div>\n<\/div>\n\n\n<div class=\"taxonomy-resourcecategory has-text-align-center has-link-color wp-elements-91b7d0953eb6ba42fc7194f6917681e4 wp-block-post-terms has-text-color has-gray-color has-small-font-size\"><a href=\"https:\/\/mwc-cmm.org\/fr\/resourcecategory\/worship-resource-fr\/\" rel=\"tag\">Worship Resource<\/a><\/div>\n\n\n<p><\/p>\n","protected":false},"featured_media":118514,"template":"","network":[1318,1254],"resourcetype":[1337],"language":[1342,1350,1346],"resourcecategory":[1367],"resourcetheme":[1429,1451],"eventcategory":[1517],"class_list":["post-117926","mwcresource","type-mwcresource","status-publish","has-post-thumbnail","hentry","network-commissions-fr","network-peace-commission-fr","resourcetype-pdf-fr","language-en-fr","language-es-fr","language-fr-fr","resourcecategory-worship-resource-fr","resourcetheme-peace-fr","resourcetheme-worship-fr","eventcategory-peace-sunday-fr"],"acf":[],"yoast_head":"<!-- This site is optimized with the Yoast SEO plugin v27.2 - https:\/\/yoast.com\/product\/yoast-seo-wordpress\/ -->\n<title>Dimanche de la Paix 2025 &ndash; Mat\u00e9riel pour le culte - Mennonite World Conference<\/title>\n<meta name=\"description\" content=\"Ce mat\u00e9riel pour le Dimanche de la Paix vise \u00e0 explorer, alimenter et approfondir les moyens par lesquels nous pouvons incarner le courage d\u2019aimer dans et pour notre monde.\" \/>\n<meta name=\"robots\" content=\"index, follow, max-snippet:-1, max-image-preview:large, max-video-preview:-1\" \/>\n<link rel=\"canonical\" href=\"https:\/\/mwc-cmm.org\/fr\/resources\/dimanche-de-la-paix-2025-materiel-pour-le-culte\/\" \/>\n<meta property=\"og:locale\" content=\"fr_FR\" \/>\n<meta property=\"og:type\" content=\"article\" \/>\n<meta property=\"og:title\" content=\"Dimanche de la Paix 2025 &ndash; Mat\u00e9riel pour le culte - Mennonite World Conference\" \/>\n<meta property=\"og:description\" content=\"Ce mat\u00e9riel pour le Dimanche de la Paix vise \u00e0 explorer, alimenter et approfondir les moyens par lesquels nous pouvons incarner le courage d\u2019aimer dans et pour notre monde.\" \/>\n<meta property=\"og:url\" content=\"https:\/\/mwc-cmm.org\/fr\/resources\/dimanche-de-la-paix-2025-materiel-pour-le-culte\/\" \/>\n<meta property=\"og:site_name\" content=\"Mennonite World Conference\" \/>\n<meta property=\"article:publisher\" content=\"https:\/\/www.facebook.com\/MennoniteWorldConference\" \/>\n<meta property=\"article:modified_time\" content=\"2025-09-09T08:43:32+00:00\" \/>\n<meta property=\"og:image\" content=\"https:\/\/mwc-cmm.org\/wp-content\/uploads\/2025\/08\/Screenshot-2025-08-28-at-22.40.45.png\" \/>\n\t<meta property=\"og:image:width\" content=\"1074\" \/>\n\t<meta property=\"og:image:height\" content=\"1396\" \/>\n\t<meta property=\"og:image:type\" content=\"image\/png\" \/>\n<script type=\"application\/ld+json\" class=\"yoast-schema-graph\">{\"@context\":\"https:\/\/schema.org\",\"@graph\":[{\"@type\":\"WebPage\",\"@id\":\"https:\/\/mwc-cmm.org\/fr\/resources\/dimanche-de-la-paix-2025-materiel-pour-le-culte\/\",\"url\":\"https:\/\/mwc-cmm.org\/fr\/resources\/dimanche-de-la-paix-2025-materiel-pour-le-culte\/\",\"name\":\"Dimanche de la Paix 2025 &ndash; Mat\u00e9riel pour le culte - Mennonite World Conference\",\"isPartOf\":{\"@id\":\"https:\/\/mwc-cmm.org\/en\/#website\"},\"primaryImageOfPage\":{\"@id\":\"https:\/\/mwc-cmm.org\/fr\/resources\/dimanche-de-la-paix-2025-materiel-pour-le-culte\/#primaryimage\"},\"image\":{\"@id\":\"https:\/\/mwc-cmm.org\/fr\/resources\/dimanche-de-la-paix-2025-materiel-pour-le-culte\/#primaryimage\"},\"thumbnailUrl\":\"https:\/\/mwc-cmm.org\/wp-content\/uploads\/2025\/08\/Screenshot-2025-08-28-at-22.40.45.png\",\"datePublished\":\"2025-08-20T05:07:27+00:00\",\"dateModified\":\"2025-09-09T08:43:32+00:00\",\"description\":\"Ce mat\u00e9riel pour le Dimanche de la Paix vise \u00e0 explorer, alimenter et approfondir les moyens par lesquels nous pouvons incarner le courage d\u2019aimer dans et pour notre monde.\",\"breadcrumb\":{\"@id\":\"https:\/\/mwc-cmm.org\/fr\/resources\/dimanche-de-la-paix-2025-materiel-pour-le-culte\/#breadcrumb\"},\"inLanguage\":\"fr-FR\",\"potentialAction\":[{\"@type\":\"ReadAction\",\"target\":[\"https:\/\/mwc-cmm.org\/fr\/resources\/dimanche-de-la-paix-2025-materiel-pour-le-culte\/\"]}]},{\"@type\":\"ImageObject\",\"inLanguage\":\"fr-FR\",\"@id\":\"https:\/\/mwc-cmm.org\/fr\/resources\/dimanche-de-la-paix-2025-materiel-pour-le-culte\/#primaryimage\",\"url\":\"https:\/\/mwc-cmm.org\/wp-content\/uploads\/2025\/08\/Screenshot-2025-08-28-at-22.40.45.png\",\"contentUrl\":\"https:\/\/mwc-cmm.org\/wp-content\/uploads\/2025\/08\/Screenshot-2025-08-28-at-22.40.45.png\",\"width\":1074,\"height\":1396,\"caption\":\"Peace Sunday 2025 EN\"},{\"@type\":\"BreadcrumbList\",\"@id\":\"https:\/\/mwc-cmm.org\/fr\/resources\/dimanche-de-la-paix-2025-materiel-pour-le-culte\/#breadcrumb\",\"itemListElement\":[{\"@type\":\"ListItem\",\"position\":1,\"name\":\"Home\",\"item\":\"https:\/\/mwc-cmm.org\/fr\/\"},{\"@type\":\"ListItem\",\"position\":2,\"name\":\"Dimanche de la Paix 2025 &ndash; Mat\u00e9riel pour le culte\"}]},{\"@type\":\"WebSite\",\"@id\":\"https:\/\/mwc-cmm.org\/en\/#website\",\"url\":\"https:\/\/mwc-cmm.org\/en\/\",\"name\":\"Mennonite World Conference\",\"description\":\"A communion of Anabaptist-related churches\",\"publisher\":{\"@id\":\"https:\/\/mwc-cmm.org\/en\/#organization\"},\"alternateName\":\"MWC\",\"potentialAction\":[{\"@type\":\"SearchAction\",\"target\":{\"@type\":\"EntryPoint\",\"urlTemplate\":\"https:\/\/mwc-cmm.org\/en\/?s={search_term_string}\"},\"query-input\":{\"@type\":\"PropertyValueSpecification\",\"valueRequired\":true,\"valueName\":\"search_term_string\"}}],\"inLanguage\":\"fr-FR\"},{\"@type\":\"Organization\",\"@id\":\"https:\/\/mwc-cmm.org\/en\/#organization\",\"name\":\"Mennonite World Conference\",\"alternateName\":\"MWC\",\"url\":\"https:\/\/mwc-cmm.org\/en\/\",\"logo\":{\"@type\":\"ImageObject\",\"inLanguage\":\"fr-FR\",\"@id\":\"https:\/\/mwc-cmm.org\/en\/#\/schema\/logo\/image\/\",\"url\":\"https:\/\/mwc-cmm.org\/wp-content\/uploads\/2026\/01\/MWC_Sig_Blue_Horiz_webheader1-logo.svg\",\"contentUrl\":\"https:\/\/mwc-cmm.org\/wp-content\/uploads\/2026\/01\/MWC_Sig_Blue_Horiz_webheader1-logo.svg\",\"width\":786,\"height\":82,\"caption\":\"Mennonite World Conference\"},\"image\":{\"@id\":\"https:\/\/mwc-cmm.org\/en\/#\/schema\/logo\/image\/\"},\"sameAs\":[\"https:\/\/www.facebook.com\/MennoniteWorldConference\",\"https:\/\/www.linkedin.com\/company\/mennonite-world-conference-mwc\/\",\"https:\/\/www.instagram.com\/mwcmm\/\",\"https:\/\/www.youtube.com\/user\/mwccmm\",\"https:\/\/bsky.app\/profile\/mwcmm.bsky.social\"]}]}<\/script>\n<!-- \/ Yoast SEO plugin. -->","yoast_head_json":{"title":"Dimanche de la Paix 2025 &ndash; Mat\u00e9riel pour le culte - Mennonite World Conference","description":"Ce mat\u00e9riel pour le Dimanche de la Paix vise \u00e0 explorer, alimenter et approfondir les moyens par lesquels nous pouvons incarner le courage d\u2019aimer dans et pour notre monde.","robots":{"index":"index","follow":"follow","max-snippet":"max-snippet:-1","max-image-preview":"max-image-preview:large","max-video-preview":"max-video-preview:-1"},"canonical":"https:\/\/mwc-cmm.org\/fr\/resources\/dimanche-de-la-paix-2025-materiel-pour-le-culte\/","og_locale":"fr_FR","og_type":"article","og_title":"Dimanche de la Paix 2025 &ndash; Mat\u00e9riel pour le culte - Mennonite World Conference","og_description":"Ce mat\u00e9riel pour le Dimanche de la Paix vise \u00e0 explorer, alimenter et approfondir les moyens par lesquels nous pouvons incarner le courage d\u2019aimer dans et pour notre monde.","og_url":"https:\/\/mwc-cmm.org\/fr\/resources\/dimanche-de-la-paix-2025-materiel-pour-le-culte\/","og_site_name":"Mennonite World Conference","article_publisher":"https:\/\/www.facebook.com\/MennoniteWorldConference","article_modified_time":"2025-09-09T08:43:32+00:00","og_image":[{"width":1074,"height":1396,"url":"https:\/\/mwc-cmm.org\/wp-content\/uploads\/2025\/08\/Screenshot-2025-08-28-at-22.40.45.png","type":"image\/png"}],"schema":{"@context":"https:\/\/schema.org","@graph":[{"@type":"WebPage","@id":"https:\/\/mwc-cmm.org\/fr\/resources\/dimanche-de-la-paix-2025-materiel-pour-le-culte\/","url":"https:\/\/mwc-cmm.org\/fr\/resources\/dimanche-de-la-paix-2025-materiel-pour-le-culte\/","name":"Dimanche de la Paix 2025 &ndash; Mat\u00e9riel pour le culte - Mennonite World Conference","isPartOf":{"@id":"https:\/\/mwc-cmm.org\/en\/#website"},"primaryImageOfPage":{"@id":"https:\/\/mwc-cmm.org\/fr\/resources\/dimanche-de-la-paix-2025-materiel-pour-le-culte\/#primaryimage"},"image":{"@id":"https:\/\/mwc-cmm.org\/fr\/resources\/dimanche-de-la-paix-2025-materiel-pour-le-culte\/#primaryimage"},"thumbnailUrl":"https:\/\/mwc-cmm.org\/wp-content\/uploads\/2025\/08\/Screenshot-2025-08-28-at-22.40.45.png","datePublished":"2025-08-20T05:07:27+00:00","dateModified":"2025-09-09T08:43:32+00:00","description":"Ce mat\u00e9riel pour le Dimanche de la Paix vise \u00e0 explorer, alimenter et approfondir les moyens par lesquels nous pouvons incarner le courage d\u2019aimer dans et pour notre monde.","breadcrumb":{"@id":"https:\/\/mwc-cmm.org\/fr\/resources\/dimanche-de-la-paix-2025-materiel-pour-le-culte\/#breadcrumb"},"inLanguage":"fr-FR","potentialAction":[{"@type":"ReadAction","target":["https:\/\/mwc-cmm.org\/fr\/resources\/dimanche-de-la-paix-2025-materiel-pour-le-culte\/"]}]},{"@type":"ImageObject","inLanguage":"fr-FR","@id":"https:\/\/mwc-cmm.org\/fr\/resources\/dimanche-de-la-paix-2025-materiel-pour-le-culte\/#primaryimage","url":"https:\/\/mwc-cmm.org\/wp-content\/uploads\/2025\/08\/Screenshot-2025-08-28-at-22.40.45.png","contentUrl":"https:\/\/mwc-cmm.org\/wp-content\/uploads\/2025\/08\/Screenshot-2025-08-28-at-22.40.45.png","width":1074,"height":1396,"caption":"Peace Sunday 2025 EN"},{"@type":"BreadcrumbList","@id":"https:\/\/mwc-cmm.org\/fr\/resources\/dimanche-de-la-paix-2025-materiel-pour-le-culte\/#breadcrumb","itemListElement":[{"@type":"ListItem","position":1,"name":"Home","item":"https:\/\/mwc-cmm.org\/fr\/"},{"@type":"ListItem","position":2,"name":"Dimanche de la Paix 2025 &ndash; Mat\u00e9riel pour le culte"}]},{"@type":"WebSite","@id":"https:\/\/mwc-cmm.org\/en\/#website","url":"https:\/\/mwc-cmm.org\/en\/","name":"Mennonite World Conference","description":"A communion of Anabaptist-related churches","publisher":{"@id":"https:\/\/mwc-cmm.org\/en\/#organization"},"alternateName":"MWC","potentialAction":[{"@type":"SearchAction","target":{"@type":"EntryPoint","urlTemplate":"https:\/\/mwc-cmm.org\/en\/?s={search_term_string}"},"query-input":{"@type":"PropertyValueSpecification","valueRequired":true,"valueName":"search_term_string"}}],"inLanguage":"fr-FR"},{"@type":"Organization","@id":"https:\/\/mwc-cmm.org\/en\/#organization","name":"Mennonite World Conference","alternateName":"MWC","url":"https:\/\/mwc-cmm.org\/en\/","logo":{"@type":"ImageObject","inLanguage":"fr-FR","@id":"https:\/\/mwc-cmm.org\/en\/#\/schema\/logo\/image\/","url":"https:\/\/mwc-cmm.org\/wp-content\/uploads\/2026\/01\/MWC_Sig_Blue_Horiz_webheader1-logo.svg","contentUrl":"https:\/\/mwc-cmm.org\/wp-content\/uploads\/2026\/01\/MWC_Sig_Blue_Horiz_webheader1-logo.svg","width":786,"height":82,"caption":"Mennonite World Conference"},"image":{"@id":"https:\/\/mwc-cmm.org\/en\/#\/schema\/logo\/image\/"},"sameAs":["https:\/\/www.facebook.com\/MennoniteWorldConference","https:\/\/www.linkedin.com\/company\/mennonite-world-conference-mwc\/","https:\/\/www.instagram.com\/mwcmm\/","https:\/\/www.youtube.com\/user\/mwccmm","https:\/\/bsky.app\/profile\/mwcmm.bsky.social"]}]}},"_links":{"self":[{"href":"https:\/\/mwc-cmm.org\/fr\/wp-json\/wp\/v2\/mwcresource\/117926","targetHints":{"allow":["GET"]}}],"collection":[{"href":"https:\/\/mwc-cmm.org\/fr\/wp-json\/wp\/v2\/mwcresource"}],"about":[{"href":"https:\/\/mwc-cmm.org\/fr\/wp-json\/wp\/v2\/types\/mwcresource"}],"wp:featuredmedia":[{"embeddable":true,"href":"https:\/\/mwc-cmm.org\/fr\/wp-json\/wp\/v2\/media\/118514"}],"wp:attachment":[{"href":"https:\/\/mwc-cmm.org\/fr\/wp-json\/wp\/v2\/media?parent=117926"}],"wp:term":[{"taxonomy":"network","embeddable":true,"href":"https:\/\/mwc-cmm.org\/fr\/wp-json\/wp\/v2\/network?post=117926"},{"taxonomy":"resourcetype","embeddable":true,"href":"https:\/\/mwc-cmm.org\/fr\/wp-json\/wp\/v2\/resourcetype?post=117926"},{"taxonomy":"language","embeddable":true,"href":"https:\/\/mwc-cmm.org\/fr\/wp-json\/wp\/v2\/language?post=117926"},{"taxonomy":"resourcecategory","embeddable":true,"href":"https:\/\/mwc-cmm.org\/fr\/wp-json\/wp\/v2\/resourcecategory?post=117926"},{"taxonomy":"resourcetheme","embeddable":true,"href":"https:\/\/mwc-cmm.org\/fr\/wp-json\/wp\/v2\/resourcetheme?post=117926"},{"taxonomy":"eventcategory","embeddable":true,"href":"https:\/\/mwc-cmm.org\/fr\/wp-json\/wp\/v2\/eventcategory?post=117926"}],"curies":[{"name":"wp","href":"https:\/\/api.w.org\/{rel}","templated":true}]}}