{"id":109567,"date":"2015-07-21T20:45:00","date_gmt":"2015-07-21T20:45:00","guid":{"rendered":"https:\/\/mwc-cmm.org\/?post_type=mwcresource&#038;p=109567"},"modified":"2025-01-29T20:59:08","modified_gmt":"2025-01-29T20:59:08","slug":"pa2015-video-des-moments-forts-de-mardi","status":"publish","type":"mwcresource","link":"https:\/\/mwc-cmm.org\/fr\/resources\/pa2015-video-des-moments-forts-de-mardi\/","title":{"rendered":"PA2015: Vid\u00e9o des moments forts de mardi"},"content":{"rendered":"\n<p>Assembl\u00e9e PA 2015 : Un temps pour c\u00e9l\u00e9brer ensemble<\/p>\n\n<figure class=\"wp-block-embed is-type-video is-provider-vimeo wp-block-embed-vimeo wp-embed-aspect-16-9 wp-has-aspect-ratio\"><div class=\"wp-block-embed__wrapper\">\r\n<iframe title=\"Tuesday Highlights\" data-src=\"https:\/\/player.vimeo.com\/video\/134208493?dnt=1&amp;app_id=122963\" width=\"500\" height=\"281\" frameborder=\"0\" allow=\"autoplay; fullscreen; picture-in-picture; clipboard-write; encrypted-media\" src=\"data:image\/svg+xml;base64,PHN2ZyB3aWR0aD0iMSIgaGVpZ2h0PSIxIiB4bWxucz0iaHR0cDovL3d3dy53My5vcmcvMjAwMC9zdmciPjwvc3ZnPg==\" class=\"lazyload\" data-load-mode=\"1\"><\/iframe>\r\n<\/div><\/figure>\r\n\n<p>L&rsquo;Assembl\u00e9e 2015 de la CMM vient de commencer! R\u00e9unions, hugs et joies se lisent sur les visages alors que nous commen\u00e7ons notre temps de c\u00e9l\u00e9bration ensemble, au sein de notre famille mondiale. Notre temps de culte a commenc\u00e9 avec une invitation \u00e0 rejoindre nos fr\u00e8res et soeurs des Etats-Unis. Les th\u00e8mes abord\u00e9s sont pass\u00e9s de la r\u00e9conciliation \u00e0 cheminer ensemble vers la paix. Danisa Ndlovu et C\u00e9sar Garc\u00eda nous ont encourag\u00e9s \u00e0 la paix et \u00e0 marcher avec Dieu ensemble.<\/p>\n","protected":false},"featured_media":0,"template":"","network":[],"resourcetype":[1331],"language":[1342,1350,1346],"resourcecategory":[1403],"resourcetheme":[1443,1451],"eventcategory":[1494],"class_list":["post-109567","mwcresource","type-mwcresource","status-publish","hentry","resourcetype-video-fr","language-en-fr","language-es-fr","language-fr-fr","resourcecategory-resource-document-fr","resourcetheme-unity-fr","resourcetheme-worship-fr","eventcategory-assembly-fr"],"acf":[],"yoast_head":"<!-- This site is optimized with the Yoast SEO plugin v27.5 - https:\/\/yoast.com\/product\/yoast-seo-wordpress\/ -->\n<title>PA2015: Vid\u00e9o des moments forts de mardi - Mennonite World Conference<\/title>\n<meta name=\"description\" content=\"L&#039;Assembl\u00e9e 2015 de la CMM vient de commencer! R\u00e9unions, hugs et joies se lisent sur les visages alors que notre temps de c\u00e9l\u00e9bration ensemble, au sein de notre famille mondiale. Notre temps de culte a commenc\u00e9 avec une invitation \u00e0 rejoindre nos fr\u00e8res et soeurs des Etats-Unis. Les th\u00e8mes abord\u00e9s sont pass\u00e9s de la r\u00e9conciliation \u00e0 cheminer ensemble vers la paix. Danisa Ndlovu et C\u00e9sar Garc\u00eda nous ont encourag\u00e9s \u00e0 la paix et \u00e0 marcher avec Dieu ensemble.\" \/>\n<meta name=\"robots\" content=\"index, follow, max-snippet:-1, max-image-preview:large, max-video-preview:-1\" \/>\n<link rel=\"canonical\" href=\"https:\/\/mwc-cmm.org\/en\/resources\/pa2015-tuesday-highlight-video\/\" \/>\n<meta property=\"og:locale\" content=\"fr_FR\" \/>\n<meta property=\"og:type\" content=\"article\" \/>\n<meta property=\"og:title\" content=\"PA2015: Vid\u00e9o des moments forts de mardi - Mennonite World Conference\" \/>\n<meta property=\"og:description\" content=\"L&#039;Assembl\u00e9e 2015 de la CMM vient de commencer! R\u00e9unions, hugs et joies se lisent sur les visages alors que notre temps de c\u00e9l\u00e9bration ensemble, au sein de notre famille mondiale. Notre temps de culte a commenc\u00e9 avec une invitation \u00e0 rejoindre nos fr\u00e8res et soeurs des Etats-Unis. Les th\u00e8mes abord\u00e9s sont pass\u00e9s de la r\u00e9conciliation \u00e0 cheminer ensemble vers la paix. Danisa Ndlovu et C\u00e9sar Garc\u00eda nous ont encourag\u00e9s \u00e0 la paix et \u00e0 marcher avec Dieu ensemble.\" \/>\n<meta property=\"og:url\" content=\"https:\/\/mwc-cmm.org\/en\/resources\/pa2015-tuesday-highlight-video\/\" \/>\n<meta property=\"og:site_name\" content=\"Mennonite World Conference\" \/>\n<meta property=\"article:publisher\" content=\"https:\/\/www.facebook.com\/MennoniteWorldConference\" \/>\n<meta property=\"article:modified_time\" content=\"2025-01-29T20:59:08+00:00\" \/>\n<script type=\"application\/ld+json\" class=\"yoast-schema-graph\">{\"@context\":\"https:\\\/\\\/schema.org\",\"@graph\":[{\"@type\":\"WebPage\",\"@id\":\"https:\\\/\\\/mwc-cmm.org\\\/en\\\/resources\\\/pa2015-tuesday-highlight-video\\\/\",\"url\":\"https:\\\/\\\/mwc-cmm.org\\\/en\\\/resources\\\/pa2015-tuesday-highlight-video\\\/\",\"name\":\"PA2015: Vid\u00e9o des moments forts de mardi - Mennonite World Conference\",\"isPartOf\":{\"@id\":\"https:\\\/\\\/mwc-cmm.org\\\/en\\\/#website\"},\"datePublished\":\"2015-07-21T20:45:00+00:00\",\"dateModified\":\"2025-01-29T20:59:08+00:00\",\"description\":\"L'Assembl\u00e9e 2015 de la CMM vient de commencer! R\u00e9unions, hugs et joies se lisent sur les visages alors que notre temps de c\u00e9l\u00e9bration ensemble, au sein de notre famille mondiale. Notre temps de culte a commenc\u00e9 avec une invitation \u00e0 rejoindre nos fr\u00e8res et soeurs des Etats-Unis. Les th\u00e8mes abord\u00e9s sont pass\u00e9s de la r\u00e9conciliation \u00e0 cheminer ensemble vers la paix. Danisa Ndlovu et C\u00e9sar Garc\u00eda nous ont encourag\u00e9s \u00e0 la paix et \u00e0 marcher avec Dieu ensemble.\",\"breadcrumb\":{\"@id\":\"https:\\\/\\\/mwc-cmm.org\\\/en\\\/resources\\\/pa2015-tuesday-highlight-video\\\/#breadcrumb\"},\"inLanguage\":\"fr-FR\",\"potentialAction\":[{\"@type\":\"ReadAction\",\"target\":[\"https:\\\/\\\/mwc-cmm.org\\\/en\\\/resources\\\/pa2015-tuesday-highlight-video\\\/\"]}]},{\"@type\":\"BreadcrumbList\",\"@id\":\"https:\\\/\\\/mwc-cmm.org\\\/en\\\/resources\\\/pa2015-tuesday-highlight-video\\\/#breadcrumb\",\"itemListElement\":[{\"@type\":\"ListItem\",\"position\":1,\"name\":\"Home\",\"item\":\"https:\\\/\\\/mwc-cmm.org\\\/fr\\\/\"},{\"@type\":\"ListItem\",\"position\":2,\"name\":\"PA2015: Vid\u00e9o des moments forts de mardi\"}]},{\"@type\":\"WebSite\",\"@id\":\"https:\\\/\\\/mwc-cmm.org\\\/en\\\/#website\",\"url\":\"https:\\\/\\\/mwc-cmm.org\\\/en\\\/\",\"name\":\"Mennonite World Conference\",\"description\":\"A communion of Anabaptist-related churches\",\"publisher\":{\"@id\":\"https:\\\/\\\/mwc-cmm.org\\\/en\\\/#organization\"},\"alternateName\":\"MWC\",\"potentialAction\":[{\"@type\":\"SearchAction\",\"target\":{\"@type\":\"EntryPoint\",\"urlTemplate\":\"https:\\\/\\\/mwc-cmm.org\\\/en\\\/?s={search_term_string}\"},\"query-input\":{\"@type\":\"PropertyValueSpecification\",\"valueRequired\":true,\"valueName\":\"search_term_string\"}}],\"inLanguage\":\"fr-FR\"},{\"@type\":\"Organization\",\"@id\":\"https:\\\/\\\/mwc-cmm.org\\\/en\\\/#organization\",\"name\":\"Mennonite World Conference\",\"alternateName\":\"MWC\",\"url\":\"https:\\\/\\\/mwc-cmm.org\\\/en\\\/\",\"logo\":{\"@type\":\"ImageObject\",\"inLanguage\":\"fr-FR\",\"@id\":\"https:\\\/\\\/mwc-cmm.org\\\/en\\\/#\\\/schema\\\/logo\\\/image\\\/\",\"url\":\"https:\\\/\\\/mwc-cmm.org\\\/wp-content\\\/uploads\\\/2026\\\/01\\\/MWC_Sig_Blue_Horiz_webheader1-logo.svg\",\"contentUrl\":\"https:\\\/\\\/mwc-cmm.org\\\/wp-content\\\/uploads\\\/2026\\\/01\\\/MWC_Sig_Blue_Horiz_webheader1-logo.svg\",\"width\":786,\"height\":82,\"caption\":\"Mennonite World Conference\"},\"image\":{\"@id\":\"https:\\\/\\\/mwc-cmm.org\\\/en\\\/#\\\/schema\\\/logo\\\/image\\\/\"},\"sameAs\":[\"https:\\\/\\\/www.facebook.com\\\/MennoniteWorldConference\",\"https:\\\/\\\/www.linkedin.com\\\/company\\\/mennonite-world-conference-mwc\\\/\",\"https:\\\/\\\/www.instagram.com\\\/mwcmm\\\/\",\"https:\\\/\\\/www.youtube.com\\\/user\\\/mwccmm\",\"https:\\\/\\\/bsky.app\\\/profile\\\/mwcmm.bsky.social\"]}]}<\/script>\n<!-- \/ Yoast SEO plugin. -->","yoast_head_json":{"title":"PA2015: Vid\u00e9o des moments forts de mardi - Mennonite World Conference","description":"L'Assembl\u00e9e 2015 de la CMM vient de commencer! R\u00e9unions, hugs et joies se lisent sur les visages alors que notre temps de c\u00e9l\u00e9bration ensemble, au sein de notre famille mondiale. Notre temps de culte a commenc\u00e9 avec une invitation \u00e0 rejoindre nos fr\u00e8res et soeurs des Etats-Unis. Les th\u00e8mes abord\u00e9s sont pass\u00e9s de la r\u00e9conciliation \u00e0 cheminer ensemble vers la paix. Danisa Ndlovu et C\u00e9sar Garc\u00eda nous ont encourag\u00e9s \u00e0 la paix et \u00e0 marcher avec Dieu ensemble.","robots":{"index":"index","follow":"follow","max-snippet":"max-snippet:-1","max-image-preview":"max-image-preview:large","max-video-preview":"max-video-preview:-1"},"canonical":"https:\/\/mwc-cmm.org\/en\/resources\/pa2015-tuesday-highlight-video\/","og_locale":"fr_FR","og_type":"article","og_title":"PA2015: Vid\u00e9o des moments forts de mardi - Mennonite World Conference","og_description":"L'Assembl\u00e9e 2015 de la CMM vient de commencer! R\u00e9unions, hugs et joies se lisent sur les visages alors que notre temps de c\u00e9l\u00e9bration ensemble, au sein de notre famille mondiale. Notre temps de culte a commenc\u00e9 avec une invitation \u00e0 rejoindre nos fr\u00e8res et soeurs des Etats-Unis. Les th\u00e8mes abord\u00e9s sont pass\u00e9s de la r\u00e9conciliation \u00e0 cheminer ensemble vers la paix. Danisa Ndlovu et C\u00e9sar Garc\u00eda nous ont encourag\u00e9s \u00e0 la paix et \u00e0 marcher avec Dieu ensemble.","og_url":"https:\/\/mwc-cmm.org\/en\/resources\/pa2015-tuesday-highlight-video\/","og_site_name":"Mennonite World Conference","article_publisher":"https:\/\/www.facebook.com\/MennoniteWorldConference","article_modified_time":"2025-01-29T20:59:08+00:00","schema":{"@context":"https:\/\/schema.org","@graph":[{"@type":"WebPage","@id":"https:\/\/mwc-cmm.org\/en\/resources\/pa2015-tuesday-highlight-video\/","url":"https:\/\/mwc-cmm.org\/en\/resources\/pa2015-tuesday-highlight-video\/","name":"PA2015: Vid\u00e9o des moments forts de mardi - Mennonite World Conference","isPartOf":{"@id":"https:\/\/mwc-cmm.org\/en\/#website"},"datePublished":"2015-07-21T20:45:00+00:00","dateModified":"2025-01-29T20:59:08+00:00","description":"L'Assembl\u00e9e 2015 de la CMM vient de commencer! R\u00e9unions, hugs et joies se lisent sur les visages alors que notre temps de c\u00e9l\u00e9bration ensemble, au sein de notre famille mondiale. Notre temps de culte a commenc\u00e9 avec une invitation \u00e0 rejoindre nos fr\u00e8res et soeurs des Etats-Unis. Les th\u00e8mes abord\u00e9s sont pass\u00e9s de la r\u00e9conciliation \u00e0 cheminer ensemble vers la paix. Danisa Ndlovu et C\u00e9sar Garc\u00eda nous ont encourag\u00e9s \u00e0 la paix et \u00e0 marcher avec Dieu ensemble.","breadcrumb":{"@id":"https:\/\/mwc-cmm.org\/en\/resources\/pa2015-tuesday-highlight-video\/#breadcrumb"},"inLanguage":"fr-FR","potentialAction":[{"@type":"ReadAction","target":["https:\/\/mwc-cmm.org\/en\/resources\/pa2015-tuesday-highlight-video\/"]}]},{"@type":"BreadcrumbList","@id":"https:\/\/mwc-cmm.org\/en\/resources\/pa2015-tuesday-highlight-video\/#breadcrumb","itemListElement":[{"@type":"ListItem","position":1,"name":"Home","item":"https:\/\/mwc-cmm.org\/fr\/"},{"@type":"ListItem","position":2,"name":"PA2015: Vid\u00e9o des moments forts de mardi"}]},{"@type":"WebSite","@id":"https:\/\/mwc-cmm.org\/en\/#website","url":"https:\/\/mwc-cmm.org\/en\/","name":"Mennonite World Conference","description":"A communion of Anabaptist-related churches","publisher":{"@id":"https:\/\/mwc-cmm.org\/en\/#organization"},"alternateName":"MWC","potentialAction":[{"@type":"SearchAction","target":{"@type":"EntryPoint","urlTemplate":"https:\/\/mwc-cmm.org\/en\/?s={search_term_string}"},"query-input":{"@type":"PropertyValueSpecification","valueRequired":true,"valueName":"search_term_string"}}],"inLanguage":"fr-FR"},{"@type":"Organization","@id":"https:\/\/mwc-cmm.org\/en\/#organization","name":"Mennonite World Conference","alternateName":"MWC","url":"https:\/\/mwc-cmm.org\/en\/","logo":{"@type":"ImageObject","inLanguage":"fr-FR","@id":"https:\/\/mwc-cmm.org\/en\/#\/schema\/logo\/image\/","url":"https:\/\/mwc-cmm.org\/wp-content\/uploads\/2026\/01\/MWC_Sig_Blue_Horiz_webheader1-logo.svg","contentUrl":"https:\/\/mwc-cmm.org\/wp-content\/uploads\/2026\/01\/MWC_Sig_Blue_Horiz_webheader1-logo.svg","width":786,"height":82,"caption":"Mennonite World Conference"},"image":{"@id":"https:\/\/mwc-cmm.org\/en\/#\/schema\/logo\/image\/"},"sameAs":["https:\/\/www.facebook.com\/MennoniteWorldConference","https:\/\/www.linkedin.com\/company\/mennonite-world-conference-mwc\/","https:\/\/www.instagram.com\/mwcmm\/","https:\/\/www.youtube.com\/user\/mwccmm","https:\/\/bsky.app\/profile\/mwcmm.bsky.social"]}]}},"_links":{"self":[{"href":"https:\/\/mwc-cmm.org\/fr\/wp-json\/wp\/v2\/mwcresource\/109567","targetHints":{"allow":["GET"]}}],"collection":[{"href":"https:\/\/mwc-cmm.org\/fr\/wp-json\/wp\/v2\/mwcresource"}],"about":[{"href":"https:\/\/mwc-cmm.org\/fr\/wp-json\/wp\/v2\/types\/mwcresource"}],"wp:attachment":[{"href":"https:\/\/mwc-cmm.org\/fr\/wp-json\/wp\/v2\/media?parent=109567"}],"wp:term":[{"taxonomy":"network","embeddable":true,"href":"https:\/\/mwc-cmm.org\/fr\/wp-json\/wp\/v2\/network?post=109567"},{"taxonomy":"resourcetype","embeddable":true,"href":"https:\/\/mwc-cmm.org\/fr\/wp-json\/wp\/v2\/resourcetype?post=109567"},{"taxonomy":"language","embeddable":true,"href":"https:\/\/mwc-cmm.org\/fr\/wp-json\/wp\/v2\/language?post=109567"},{"taxonomy":"resourcecategory","embeddable":true,"href":"https:\/\/mwc-cmm.org\/fr\/wp-json\/wp\/v2\/resourcecategory?post=109567"},{"taxonomy":"resourcetheme","embeddable":true,"href":"https:\/\/mwc-cmm.org\/fr\/wp-json\/wp\/v2\/resourcetheme?post=109567"},{"taxonomy":"eventcategory","embeddable":true,"href":"https:\/\/mwc-cmm.org\/fr\/wp-json\/wp\/v2\/eventcategory?post=109567"}],"curies":[{"name":"wp","href":"https:\/\/api.w.org\/{rel}","templated":true}]}}