{"id":108383,"date":"2024-11-16T09:06:00","date_gmt":"2024-11-16T09:06:00","guid":{"rendered":"https:\/\/mwc-cmm.org\/resources\/liturgies-et-symboles-pour-le-rassemblement-et-la-benediction\/"},"modified":"2025-01-08T08:54:26","modified_gmt":"2025-01-08T08:54:26","slug":"liturgies-et-symboles-pour-le-rassemblement-et-la-benediction","status":"publish","type":"mwcresource","link":"https:\/\/mwc-cmm.org\/fr\/resources\/liturgies-et-symboles-pour-le-rassemblement-et-la-benediction\/","title":{"rendered":"Liturgies et symboles pour le rassemblement et la b\u00e9n\u00e9diction"},"content":{"rendered":"\n<figure class=\"wp-block-image alignright size-large is-resized\"><img decoding=\"async\" width=\"768\" height=\"1024\" data-src=\"https:\/\/mwc-cmm.org\/wp-content\/uploads\/2024\/11\/20240121AudreyHindesthumbnail_IMG_5942-768x1024.jpg\" alt=\"\" class=\"wp-image-108185 lazyload\" style=\"--smush-placeholder-width: 768px; --smush-placeholder-aspect-ratio: 768\/1024;width:400px\" data-srcset=\"https:\/\/mwc-cmm.org\/wp-content\/uploads\/2024\/11\/20240121AudreyHindesthumbnail_IMG_5942-768x1024.jpg 768w, https:\/\/mwc-cmm.org\/wp-content\/uploads\/2024\/11\/20240121AudreyHindesthumbnail_IMG_5942-225x300.jpg 225w, https:\/\/mwc-cmm.org\/wp-content\/uploads\/2024\/11\/20240121AudreyHindesthumbnail_IMG_5942.jpg 960w\" data-sizes=\"(max-width: 768px) 100vw, 768px\" src=\"data:image\/svg+xml;base64,PHN2ZyB3aWR0aD0iMSIgaGVpZ2h0PSIxIiB4bWxucz0iaHR0cDovL3d3dy53My5vcmcvMjAwMC9zdmciPjwvc3ZnPg==\" \/><figcaption class=\"wp-element-caption\"><p><sub>Photo : Willow Avenue Mennonite Church, USA<\/sub><\/p><\/figcaption><\/figure>\n\n\n\n<h2 class=\"wp-block-heading has-text-align-left is-style-eyebrow is-style-green-eyebrow\">Dimanche de la Fraternit\u00e9 Anabaptiste Mondiale 2025<\/h2>\n\n\n\n<p>Sur une table devant tout le monde, placez cinq bougies de couleurs diff\u00e9rentes, une pour chaque continent, au-dessus d\u2019une carte du monde (ou \u00e0 c\u00f4t\u00e9 d\u2019un globe terrestre), ainsi qu\u2019une bougie blanche au milieu, symbolisant le\u202fChrist. <\/p>\n\n\n\n<p>Au d\u00e9but du culte, nommez chaque continent au fur et \u00e0 mesure que sa bougie est allum\u00e9e, en reconnaissant les fr\u00e8res et s\u0153urs de chaque\u202fcontinent. <\/p>\n\n\n\n<p>Allumez la bougie du Christ en dernier (ou en premier) car elle est source de lumi\u00e8re pour l\u2019\u00c9glise partout dans le\u202fmonde. <\/p>\n\n\n\n<h3 class=\"wp-block-heading\">Invitation \u00e0 la louange <\/h3>\n\n\n\n<p><p><span class=\"TextRun SCXW162487315 BCX0\" lang=\"FR-FR\" xml:lang=\"FR-FR\" data-contrast=\"auto\"><span class=\"NormalTextRun SCXW162487315 BCX0\">Invitez \u00e0 la louange au d\u00e9but du culte avec cette pri\u00e8re inspire du Psaume\u202f133.<\/span><\/span><span class=\"EOP SCXW162487315 BCX0\" data-ccp-props=\"{}\">\u00a0<\/span><\/p><\/p>\n\n\n\n<p style=\"padding-top:0;padding-right:var(--wp--preset--spacing--30);padding-bottom:0;padding-left:var(--wp--preset--spacing--30)\"><p><span data-contrast=\"auto\">Alors que nous pourrions \u00eatre enclins \u00e0 nous\u202fvanter<\/span><span data-ccp-props=\"{}\">\u00a0<\/span><span data-contrast=\"auto\">rassemblons-nous avec humilit\u00e9<\/span><span data-ccp-props=\"{}\">\u00a0<\/span><b><span data-contrast=\"auto\">Oh quel plaisir, quel bonheur lorsque le people de Dieu demeure ensemble.<\/span><\/b><span data-ccp-props=\"{}\">\u00a0<\/span><\/p><\/p>\n\n\n\n<p style=\"padding-top:0;padding-right:var(--wp--preset--spacing--30);padding-bottom:0;padding-left:var(--wp--preset--spacing--30)\"><p><span data-contrast=\"auto\">Alors que nous pourrions \u00eatre tent\u00e9s d\u2019avoir des mots\u202fdurs,<\/span><span data-ccp-props=\"{}\">\u00a0<\/span><span data-contrast=\"auto\">rassemblons-nous avec\u202ftendresse.<\/span><span data-ccp-props=\"{}\">\u00a0<\/span><b><span data-contrast=\"auto\">Oh quel plaisir, quel bonheur lorsque le people de Dieu demeure ensemble.<\/span><\/b><span data-ccp-props=\"{}\">\u00a0<\/span><\/p><\/p>\n\n\n\n<p style=\"padding-top:0;padding-right:var(--wp--preset--spacing--30);padding-bottom:0;padding-left:var(--wp--preset--spacing--30)\"><p><span data-contrast=\"auto\">Alors que nous pourrions vouloir que tout arrive tout de\u202fsuite<\/span><span data-ccp-props=\"{}\">\u00a0<\/span><span data-contrast=\"auto\">rassemblons-nous avec patience<\/span><span data-ccp-props=\"{}\">\u00a0<br\/><\/span><b><span data-contrast=\"auto\">Oh quel plaisir, quel bonheur lorsque le people de Dieu demeure ensemble.<\/span><\/b><span data-ccp-props=\"{}\">\u00a0<\/span><\/p><\/p>\n\n\n\n<p style=\"padding-top:0;padding-right:var(--wp--preset--spacing--30);padding-bottom:0;padding-left:var(--wp--preset--spacing--30)\"><p><span data-contrast=\"auto\">Alors que le monde autour nous encourage souvent \u00e0 la\u202fhaine<\/span><span data-ccp-props=\"{}\"> <\/span><span data-contrast=\"auto\">rassemblons-nous avec\u202famour<\/span><span id=\"_mce_caret\" data-mce-bogus=\"1\" data-mce-type=\"format-caret\"><span data-ccp-props=\"{}\"><br\/><\/span><\/span><b><span data-contrast=\"auto\">Oh quel plaisir, quel bonheur lorsque le people de Dieu demeure\u202fensemble<\/span><\/b><span data-ccp-props=\"{}\">\u00a0<\/span><\/p><\/p>\n\n\n\n<p style=\"padding-top:0;padding-right:var(--wp--preset--spacing--30);padding-bottom:0;padding-left:var(--wp--preset--spacing--30)\"><p><span data-contrast=\"auto\">Avec humilit\u00e9, tendresse, patience, amour et\u202funit\u00e9,<\/span><span data-ccp-props=\"{}\">\u00a0<br\/><\/span><span data-contrast=\"auto\">Adorons le Dieu qui nous a rassembl\u00e9s<\/span><span data-ccp-props=\"{}\">\u00a0<\/span><\/p><\/p>\n\n\n\n<p style=\"padding-top:0;padding-right:var(--wp--preset--spacing--30);padding-bottom:0;padding-left:var(--wp--preset--spacing--30)\"><p><span class=\"TextRun SCXW233568377 BCX0\" lang=\"FR-FR\" xml:lang=\"FR-FR\" data-contrast=\"auto\"><span class=\"NormalTextRun SCXW233568377 BCX0\">\u2014\u202f\u00e9crit par le <\/span><span class=\"NormalTextRun SpellingErrorV2Themed SCXW233568377 BCX0\">Reverend<\/span><span class=\"NormalTextRun SCXW233568377 BCX0\"> Joanna <\/span><span class=\"NormalTextRun SpellingErrorV2Themed SCXW233568377 BCX0\">Harader<\/span><span class=\"NormalTextRun SCXW233568377 BCX0\">, un pasteur mennonite au Kansas,<\/span><span class=\"NormalTextRun SCXW233568377 BCX0\">\u202f<\/span><span class=\"NormalTextRun SCXW233568377 BCX0\">\u00c9tats-Unis.<\/span><\/span><span class=\"EOP SCXW233568377 BCX0\" data-ccp-props=\"{}\">\u00a0<\/span><\/p><\/p>\n\n\n\n<h3 class=\"wp-block-heading\">Envoi <\/h3>\n\n\n\n<p style=\"padding-right:0;padding-left:0\"><p><em><span class=\"TextRun SCXW232624819 BCX0\" lang=\"FR-FR\" xml:lang=\"FR-FR\" data-contrast=\"auto\"><span class=\"NormalTextRun SCXW232624819 BCX0\">Utilisez cet envoi et b\u00e9n\u00e9diction inspir\u00e9 par 1\u202fJean\u202f4\u202f: 7\/21 \u00e0 la fin du<\/span><span class=\"NormalTextRun SCXW232624819 BCX0\">\u202f<\/span><span class=\"NormalTextRun SCXW232624819 BCX0\">culte.<\/span><\/span><span class=\"EOP SCXW232624819 BCX0\" data-ccp-props=\"{}\">\u00a0<\/span><\/em><\/p><\/p>\n\n\n\n<p style=\"padding-right:var(--wp--preset--spacing--30);padding-left:var(--wp--preset--spacing--30)\">Allez, et aimez le monde et tous ceux qui l\u2019habitent, car l\u2019amour est de\u202fDieu. <\/p>\n\n\n\n<p style=\"padding-right:var(--wp--preset--spacing--30);padding-left:var(--wp--preset--spacing--30)\">Proclamez le salut du Seigneur \u00e0 tous les\u202fpeuples <\/p>\n\n\n\n<p style=\"padding-right:var(--wp--preset--spacing--30);padding-left:var(--wp--preset--spacing--30)\">Restez en J\u00e9sus-Christ, et tels des plantes dans un jardin, abreuvez-vous de\u202fDieu. <\/p>\n\n\n\n<p style=\"padding-right:var(--wp--preset--spacing--30);padding-left:var(--wp--preset--spacing--30)\">Et que Dieu, le Cr\u00e9ateur, puisse prendre soin de vous, et vous faire\u202f\u00e9panouir\u2009; <\/p>\n\n\n\n<p style=\"padding-right:var(--wp--preset--spacing--30);padding-left:var(--wp--preset--spacing--30)\">Que J\u00e9sus le Christ demeure en vous et vous donne la\u202fvie\u2009; <\/p>\n\n\n\n<p style=\"padding-right:var(--wp--preset--spacing--30);padding-left:var(--wp--preset--spacing--30)\">Et que le Saint-Esprit chasse toutes vos peurs, et vous remplisse de l\u2019amour de\u202fDieu. <\/p>\n\n\n\n<p style=\"padding-right:var(--wp--preset--spacing--30);padding-left:var(--wp--preset--spacing--30)\">Partons en paix, pour aimer et servir le\u202fSeigneur, <\/p>\n\n\n\n<p style=\"padding-right:var(--wp--preset--spacing--30);padding-left:var(--wp--preset--spacing--30)\"><p><strong><span class=\"TextRun MacChromeBold SCXW72414789 BCX0\" lang=\"FR-FR\" xml:lang=\"FR-FR\" data-contrast=\"auto\"><span class=\"NormalTextRun SCXW72414789 BCX0\">\u2026 Dans le nom du Christ.<\/span><span class=\"NormalTextRun SCXW72414789 BCX0\">\u202f<\/span><span class=\"NormalTextRun SCXW72414789 BCX0\">Amen.<\/span><\/span><span class=\"EOP SCXW72414789 BCX0\" data-ccp-props=\"{}\">\u00a0<\/span><\/strong><\/p><\/p>\n\n\n\n<p style=\"padding-right:var(--wp--preset--spacing--30);padding-left:var(--wp--preset--spacing--30)\"><p><em><span class=\"TextRun SCXW267770144 BCX0\" lang=\"FR-FR\" xml:lang=\"FR-FR\" data-contrast=\"auto\"><span class=\"NormalTextRun SCXW267770144 BCX0\">\u2014\u202f\u00e9crit par le R\u00e9v\u00e9rend Gerald Hildebrand, un pasteur mennonite, Manitoba, Canada<\/span><\/span><span class=\"EOP SCXW267770144 BCX0\" data-ccp-props=\"{}\">\u00a0<\/span><\/em><\/p><\/p>\n\n\n\n<h3 class=\"wp-block-heading\">B\u00e9n\u00e9diction <\/h3>\n\n\n\n<p style=\"padding-right:0;padding-left:0\"><p><em><span class=\"TextRun SCXW70171392 BCX0\" lang=\"FR-FR\" xml:lang=\"FR-FR\" data-contrast=\"auto\"><span class=\"NormalTextRun SCXW70171392 BCX0\">Utilisez cet appel \u00e0 <\/span><span class=\"NormalTextRun ContextualSpellingAndGrammarErrorV2Themed SCXW70171392 BCX0\">deux voix venu<\/span><span class=\"NormalTextRun SCXW70171392 BCX0\"> d\u2019Afrique comme b\u00e9n\u00e9diction \u00e0 la fin du<\/span><span class=\"NormalTextRun SCXW70171392 BCX0\">\u202f<\/span><span class=\"NormalTextRun SCXW70171392 BCX0\">culte.<\/span><\/span><span class=\"EOP SCXW70171392 BCX0\" data-ccp-props=\"{}\">\u00a0<\/span><\/em><\/p><\/p>\n\n\n\n<p style=\"padding-right:var(--wp--preset--spacing--30);padding-left:var(--wp--preset--spacing--30)\">Responsable\u202f: Dieu est bon<\/p>\n\n\n\n<p style=\"padding-right:var(--wp--preset--spacing--30);padding-left:var(--wp--preset--spacing--30)\"><strong>Assembl\u00e9e\u202f: En tout temps<\/strong><\/p>\n\n\n\n<p style=\"padding-right:var(--wp--preset--spacing--30);padding-left:var(--wp--preset--spacing--30)\">Responsable\u202f: En tout temps<\/p>\n\n\n\n<p style=\"padding-right:var(--wp--preset--spacing--30);padding-left:var(--wp--preset--spacing--30)\"><strong>Assembl\u00e9e\u202f: Dieu est bon<\/strong><\/p>\n\n\n\n<p style=\"padding-right:var(--wp--preset--spacing--30);padding-left:var(--wp--preset--spacing--30)\">Responsable\u202f: En tout temps<\/p>\n\n\n\n<p style=\"padding-right:var(--wp--preset--spacing--30);padding-left:var(--wp--preset--spacing--30)\"><strong>Assembl\u00e9e\u202f: Dieu est bon<\/strong><\/p>\n\n\n\n<p style=\"padding-right:var(--wp--preset--spacing--30);padding-left:var(--wp--preset--spacing--30)\">Responsable\u202f: Dieu est bon<\/p>\n\n\n\n<p style=\"padding-right:var(--wp--preset--spacing--30);padding-left:var(--wp--preset--spacing--30)\"><strong>Assembl\u00e9e\u202f: En tout temps<\/strong><\/p>\n\n\n\n<div class=\"wp-block-buttons is-layout-flex wp-block-buttons-is-layout-flex\">\n<div class=\"wp-block-button\"><a class=\"wp-block-button__link wp-element-button\" href=\"https:\/\/mwc-cmm.org\/fr\/resources\/dimanche-de-la-fraternite-anabaptiste-mondiale-2025\/\" style=\"padding-top:var(--wp--preset--spacing--30);padding-right:var(--wp--preset--spacing--30);padding-bottom:var(--wp--preset--spacing--30);padding-left:var(--wp--preset--spacing--30)\">Dimanche de la Fraternit\u00e9 Anabaptiste Mondiale 2025<\/a><\/div>\n<\/div>\n","protected":false},"featured_media":108188,"template":"","network":[],"resourcetype":[1337],"language":[],"resourcecategory":[1367],"resourcetheme":[1438,1419,1443,1451],"eventcategory":[1500],"class_list":["post-108383","mwcresource","type-mwcresource","status-publish","has-post-thumbnail","hentry","resourcetype-pdf-fr","resourcecategory-worship-resource-fr","resourcetheme-identity-fr","resourcetheme-theology-fr","resourcetheme-unity-fr","resourcetheme-worship-fr","eventcategory-anabaptist-world-fellowship-sunday-fr"],"acf":[],"yoast_head":"<!-- This site is optimized with the Yoast SEO plugin v27.2 - https:\/\/yoast.com\/product\/yoast-seo-wordpress\/ -->\n<title>Liturgies et symboles pour le rassemblement et la b\u00e9n\u00e9diction - Mennonite World Conference<\/title>\n<meta name=\"robots\" content=\"index, follow, max-snippet:-1, max-image-preview:large, max-video-preview:-1\" \/>\n<link rel=\"canonical\" href=\"https:\/\/mwc-cmm.org\/fr\/resources\/liturgies-et-symboles-pour-le-rassemblement-et-la-benediction\/\" \/>\n<meta property=\"og:locale\" content=\"fr_FR\" \/>\n<meta property=\"og:type\" content=\"article\" \/>\n<meta property=\"og:title\" content=\"Liturgies et symboles pour le rassemblement et la b\u00e9n\u00e9diction - Mennonite World Conference\" \/>\n<meta property=\"og:description\" content=\"Dimanche de la Fraternit\u00e9 Anabaptiste Mondiale 2025 Sur une table devant tout le monde, placez cinq bougies de couleurs diff\u00e9rentes, une pour chaque continent, au-dessus d\u2019une carte du monde (ou \u00e0 c\u00f4t\u00e9 d\u2019un globe terrestre), ainsi qu\u2019une bougie blanche au milieu, symbolisant le\u202fChrist. Au d\u00e9but du culte, nommez chaque continent au fur et \u00e0 mesure [&hellip;]\" \/>\n<meta property=\"og:url\" content=\"https:\/\/mwc-cmm.org\/fr\/resources\/liturgies-et-symboles-pour-le-rassemblement-et-la-benediction\/\" \/>\n<meta property=\"og:site_name\" content=\"Mennonite World Conference\" \/>\n<meta property=\"article:publisher\" content=\"https:\/\/www.facebook.com\/MennoniteWorldConference\" \/>\n<meta property=\"article:modified_time\" content=\"2025-01-08T08:54:26+00:00\" \/>\n<meta property=\"og:image\" content=\"https:\/\/mwc-cmm.org\/wp-content\/uploads\/2024\/11\/20240121AudreyHindesthumbnail_IMG_5942.jpg\" \/>\n\t<meta property=\"og:image:width\" content=\"960\" \/>\n\t<meta property=\"og:image:height\" content=\"1280\" \/>\n\t<meta property=\"og:image:type\" content=\"image\/jpeg\" \/>\n<script type=\"application\/ld+json\" class=\"yoast-schema-graph\">{\"@context\":\"https:\/\/schema.org\",\"@graph\":[{\"@type\":\"WebPage\",\"@id\":\"https:\/\/mwc-cmm.org\/fr\/resources\/liturgies-et-symboles-pour-le-rassemblement-et-la-benediction\/\",\"url\":\"https:\/\/mwc-cmm.org\/fr\/resources\/liturgies-et-symboles-pour-le-rassemblement-et-la-benediction\/\",\"name\":\"Liturgies et symboles pour le rassemblement et la b\u00e9n\u00e9diction - Mennonite World Conference\",\"isPartOf\":{\"@id\":\"https:\/\/mwc-cmm.org\/en\/#website\"},\"primaryImageOfPage\":{\"@id\":\"https:\/\/mwc-cmm.org\/fr\/resources\/liturgies-et-symboles-pour-le-rassemblement-et-la-benediction\/#primaryimage\"},\"image\":{\"@id\":\"https:\/\/mwc-cmm.org\/fr\/resources\/liturgies-et-symboles-pour-le-rassemblement-et-la-benediction\/#primaryimage\"},\"thumbnailUrl\":\"https:\/\/mwc-cmm.org\/wp-content\/uploads\/2024\/11\/20240121AudreyHindesthumbnail_IMG_5942.jpg\",\"datePublished\":\"2024-11-16T09:06:00+00:00\",\"dateModified\":\"2025-01-08T08:54:26+00:00\",\"breadcrumb\":{\"@id\":\"https:\/\/mwc-cmm.org\/fr\/resources\/liturgies-et-symboles-pour-le-rassemblement-et-la-benediction\/#breadcrumb\"},\"inLanguage\":\"fr-FR\",\"potentialAction\":[{\"@type\":\"ReadAction\",\"target\":[\"https:\/\/mwc-cmm.org\/fr\/resources\/liturgies-et-symboles-pour-le-rassemblement-et-la-benediction\/\"]}]},{\"@type\":\"ImageObject\",\"inLanguage\":\"fr-FR\",\"@id\":\"https:\/\/mwc-cmm.org\/fr\/resources\/liturgies-et-symboles-pour-le-rassemblement-et-la-benediction\/#primaryimage\",\"url\":\"https:\/\/mwc-cmm.org\/wp-content\/uploads\/2024\/11\/20240121AudreyHindesthumbnail_IMG_5942.jpg\",\"contentUrl\":\"https:\/\/mwc-cmm.org\/wp-content\/uploads\/2024\/11\/20240121AudreyHindesthumbnail_IMG_5942.jpg\",\"width\":960,\"height\":1280,\"caption\":\"These are the candles we lit during our children\u2019s blessing as we named each global region with the Christ candle in the center.\"},{\"@type\":\"BreadcrumbList\",\"@id\":\"https:\/\/mwc-cmm.org\/fr\/resources\/liturgies-et-symboles-pour-le-rassemblement-et-la-benediction\/#breadcrumb\",\"itemListElement\":[{\"@type\":\"ListItem\",\"position\":1,\"name\":\"Home\",\"item\":\"https:\/\/mwc-cmm.org\/fr\/\"},{\"@type\":\"ListItem\",\"position\":2,\"name\":\"Liturgies et symboles pour le rassemblement et la b\u00e9n\u00e9diction\"}]},{\"@type\":\"WebSite\",\"@id\":\"https:\/\/mwc-cmm.org\/en\/#website\",\"url\":\"https:\/\/mwc-cmm.org\/en\/\",\"name\":\"Mennonite World Conference\",\"description\":\"A communion of Anabaptist-related churches\",\"publisher\":{\"@id\":\"https:\/\/mwc-cmm.org\/en\/#organization\"},\"alternateName\":\"MWC\",\"potentialAction\":[{\"@type\":\"SearchAction\",\"target\":{\"@type\":\"EntryPoint\",\"urlTemplate\":\"https:\/\/mwc-cmm.org\/en\/?s={search_term_string}\"},\"query-input\":{\"@type\":\"PropertyValueSpecification\",\"valueRequired\":true,\"valueName\":\"search_term_string\"}}],\"inLanguage\":\"fr-FR\"},{\"@type\":\"Organization\",\"@id\":\"https:\/\/mwc-cmm.org\/en\/#organization\",\"name\":\"Mennonite World Conference\",\"alternateName\":\"MWC\",\"url\":\"https:\/\/mwc-cmm.org\/en\/\",\"logo\":{\"@type\":\"ImageObject\",\"inLanguage\":\"fr-FR\",\"@id\":\"https:\/\/mwc-cmm.org\/en\/#\/schema\/logo\/image\/\",\"url\":\"https:\/\/mwc-cmm.org\/wp-content\/uploads\/2026\/01\/MWC_Sig_Blue_Horiz_webheader1-logo.svg\",\"contentUrl\":\"https:\/\/mwc-cmm.org\/wp-content\/uploads\/2026\/01\/MWC_Sig_Blue_Horiz_webheader1-logo.svg\",\"width\":786,\"height\":82,\"caption\":\"Mennonite World Conference\"},\"image\":{\"@id\":\"https:\/\/mwc-cmm.org\/en\/#\/schema\/logo\/image\/\"},\"sameAs\":[\"https:\/\/www.facebook.com\/MennoniteWorldConference\",\"https:\/\/www.linkedin.com\/company\/mennonite-world-conference-mwc\/\",\"https:\/\/www.instagram.com\/mwcmm\/\",\"https:\/\/www.youtube.com\/user\/mwccmm\",\"https:\/\/bsky.app\/profile\/mwcmm.bsky.social\"]}]}<\/script>\n<!-- \/ Yoast SEO plugin. -->","yoast_head_json":{"title":"Liturgies et symboles pour le rassemblement et la b\u00e9n\u00e9diction - Mennonite World Conference","robots":{"index":"index","follow":"follow","max-snippet":"max-snippet:-1","max-image-preview":"max-image-preview:large","max-video-preview":"max-video-preview:-1"},"canonical":"https:\/\/mwc-cmm.org\/fr\/resources\/liturgies-et-symboles-pour-le-rassemblement-et-la-benediction\/","og_locale":"fr_FR","og_type":"article","og_title":"Liturgies et symboles pour le rassemblement et la b\u00e9n\u00e9diction - Mennonite World Conference","og_description":"Dimanche de la Fraternit\u00e9 Anabaptiste Mondiale 2025 Sur une table devant tout le monde, placez cinq bougies de couleurs diff\u00e9rentes, une pour chaque continent, au-dessus d\u2019une carte du monde (ou \u00e0 c\u00f4t\u00e9 d\u2019un globe terrestre), ainsi qu\u2019une bougie blanche au milieu, symbolisant le\u202fChrist. Au d\u00e9but du culte, nommez chaque continent au fur et \u00e0 mesure [&hellip;]","og_url":"https:\/\/mwc-cmm.org\/fr\/resources\/liturgies-et-symboles-pour-le-rassemblement-et-la-benediction\/","og_site_name":"Mennonite World Conference","article_publisher":"https:\/\/www.facebook.com\/MennoniteWorldConference","article_modified_time":"2025-01-08T08:54:26+00:00","og_image":[{"width":960,"height":1280,"url":"https:\/\/mwc-cmm.org\/wp-content\/uploads\/2024\/11\/20240121AudreyHindesthumbnail_IMG_5942.jpg","type":"image\/jpeg"}],"schema":{"@context":"https:\/\/schema.org","@graph":[{"@type":"WebPage","@id":"https:\/\/mwc-cmm.org\/fr\/resources\/liturgies-et-symboles-pour-le-rassemblement-et-la-benediction\/","url":"https:\/\/mwc-cmm.org\/fr\/resources\/liturgies-et-symboles-pour-le-rassemblement-et-la-benediction\/","name":"Liturgies et symboles pour le rassemblement et la b\u00e9n\u00e9diction - Mennonite World Conference","isPartOf":{"@id":"https:\/\/mwc-cmm.org\/en\/#website"},"primaryImageOfPage":{"@id":"https:\/\/mwc-cmm.org\/fr\/resources\/liturgies-et-symboles-pour-le-rassemblement-et-la-benediction\/#primaryimage"},"image":{"@id":"https:\/\/mwc-cmm.org\/fr\/resources\/liturgies-et-symboles-pour-le-rassemblement-et-la-benediction\/#primaryimage"},"thumbnailUrl":"https:\/\/mwc-cmm.org\/wp-content\/uploads\/2024\/11\/20240121AudreyHindesthumbnail_IMG_5942.jpg","datePublished":"2024-11-16T09:06:00+00:00","dateModified":"2025-01-08T08:54:26+00:00","breadcrumb":{"@id":"https:\/\/mwc-cmm.org\/fr\/resources\/liturgies-et-symboles-pour-le-rassemblement-et-la-benediction\/#breadcrumb"},"inLanguage":"fr-FR","potentialAction":[{"@type":"ReadAction","target":["https:\/\/mwc-cmm.org\/fr\/resources\/liturgies-et-symboles-pour-le-rassemblement-et-la-benediction\/"]}]},{"@type":"ImageObject","inLanguage":"fr-FR","@id":"https:\/\/mwc-cmm.org\/fr\/resources\/liturgies-et-symboles-pour-le-rassemblement-et-la-benediction\/#primaryimage","url":"https:\/\/mwc-cmm.org\/wp-content\/uploads\/2024\/11\/20240121AudreyHindesthumbnail_IMG_5942.jpg","contentUrl":"https:\/\/mwc-cmm.org\/wp-content\/uploads\/2024\/11\/20240121AudreyHindesthumbnail_IMG_5942.jpg","width":960,"height":1280,"caption":"These are the candles we lit during our children\u2019s blessing as we named each global region with the Christ candle in the center."},{"@type":"BreadcrumbList","@id":"https:\/\/mwc-cmm.org\/fr\/resources\/liturgies-et-symboles-pour-le-rassemblement-et-la-benediction\/#breadcrumb","itemListElement":[{"@type":"ListItem","position":1,"name":"Home","item":"https:\/\/mwc-cmm.org\/fr\/"},{"@type":"ListItem","position":2,"name":"Liturgies et symboles pour le rassemblement et la b\u00e9n\u00e9diction"}]},{"@type":"WebSite","@id":"https:\/\/mwc-cmm.org\/en\/#website","url":"https:\/\/mwc-cmm.org\/en\/","name":"Mennonite World Conference","description":"A communion of Anabaptist-related churches","publisher":{"@id":"https:\/\/mwc-cmm.org\/en\/#organization"},"alternateName":"MWC","potentialAction":[{"@type":"SearchAction","target":{"@type":"EntryPoint","urlTemplate":"https:\/\/mwc-cmm.org\/en\/?s={search_term_string}"},"query-input":{"@type":"PropertyValueSpecification","valueRequired":true,"valueName":"search_term_string"}}],"inLanguage":"fr-FR"},{"@type":"Organization","@id":"https:\/\/mwc-cmm.org\/en\/#organization","name":"Mennonite World Conference","alternateName":"MWC","url":"https:\/\/mwc-cmm.org\/en\/","logo":{"@type":"ImageObject","inLanguage":"fr-FR","@id":"https:\/\/mwc-cmm.org\/en\/#\/schema\/logo\/image\/","url":"https:\/\/mwc-cmm.org\/wp-content\/uploads\/2026\/01\/MWC_Sig_Blue_Horiz_webheader1-logo.svg","contentUrl":"https:\/\/mwc-cmm.org\/wp-content\/uploads\/2026\/01\/MWC_Sig_Blue_Horiz_webheader1-logo.svg","width":786,"height":82,"caption":"Mennonite World Conference"},"image":{"@id":"https:\/\/mwc-cmm.org\/en\/#\/schema\/logo\/image\/"},"sameAs":["https:\/\/www.facebook.com\/MennoniteWorldConference","https:\/\/www.linkedin.com\/company\/mennonite-world-conference-mwc\/","https:\/\/www.instagram.com\/mwcmm\/","https:\/\/www.youtube.com\/user\/mwccmm","https:\/\/bsky.app\/profile\/mwcmm.bsky.social"]}]}},"_links":{"self":[{"href":"https:\/\/mwc-cmm.org\/fr\/wp-json\/wp\/v2\/mwcresource\/108383","targetHints":{"allow":["GET"]}}],"collection":[{"href":"https:\/\/mwc-cmm.org\/fr\/wp-json\/wp\/v2\/mwcresource"}],"about":[{"href":"https:\/\/mwc-cmm.org\/fr\/wp-json\/wp\/v2\/types\/mwcresource"}],"wp:featuredmedia":[{"embeddable":true,"href":"https:\/\/mwc-cmm.org\/fr\/wp-json\/wp\/v2\/media\/108188"}],"wp:attachment":[{"href":"https:\/\/mwc-cmm.org\/fr\/wp-json\/wp\/v2\/media?parent=108383"}],"wp:term":[{"taxonomy":"network","embeddable":true,"href":"https:\/\/mwc-cmm.org\/fr\/wp-json\/wp\/v2\/network?post=108383"},{"taxonomy":"resourcetype","embeddable":true,"href":"https:\/\/mwc-cmm.org\/fr\/wp-json\/wp\/v2\/resourcetype?post=108383"},{"taxonomy":"language","embeddable":true,"href":"https:\/\/mwc-cmm.org\/fr\/wp-json\/wp\/v2\/language?post=108383"},{"taxonomy":"resourcecategory","embeddable":true,"href":"https:\/\/mwc-cmm.org\/fr\/wp-json\/wp\/v2\/resourcecategory?post=108383"},{"taxonomy":"resourcetheme","embeddable":true,"href":"https:\/\/mwc-cmm.org\/fr\/wp-json\/wp\/v2\/resourcetheme?post=108383"},{"taxonomy":"eventcategory","embeddable":true,"href":"https:\/\/mwc-cmm.org\/fr\/wp-json\/wp\/v2\/eventcategory?post=108383"}],"curies":[{"name":"wp","href":"https:\/\/api.w.org\/{rel}","templated":true}]}}