{"version":"1.0","provider_name":"Mennonite World Conference","provider_url":"https:\/\/mwc-cmm.org\/fr\/","author_name":"mennworldcon","author_url":"https:\/\/mwc-cmm.org\/fr\/stories\/author\/mennworldcon\/","title":"Une famille interconnect\u00e9e c\u00e9l\u00e8bre la paix - Mennonite World Conference","type":"rich","width":600,"height":338,"html":"<blockquote class=\"wp-embedded-content\" data-secret=\"SY6fwE5nZO\"><a href=\"https:\/\/mwc-cmm.org\/fr\/stories\/une-famille-interconnectee-celebre-la-paix\/\">Une famille interconnect\u00e9e c\u00e9l\u00e8bre la paix<\/a><\/blockquote><iframe sandbox=\"allow-scripts\" security=\"restricted\" src=\"https:\/\/mwc-cmm.org\/fr\/stories\/une-famille-interconnectee-celebre-la-paix\/embed\/#?secret=SY6fwE5nZO\" width=\"600\" height=\"338\" title=\"\u00ab\u00a0Une famille interconnect\u00e9e c\u00e9l\u00e8bre la paix\u00a0\u00bb &#8212; Mennonite World Conference\" data-secret=\"SY6fwE5nZO\" frameborder=\"0\" marginwidth=\"0\" marginheight=\"0\" scrolling=\"no\" class=\"wp-embedded-content\"><\/iframe><script>\n\/*! This file is auto-generated *\/\n!function(d,l){\"use strict\";l.querySelector&&d.addEventListener&&\"undefined\"!=typeof URL&&(d.wp=d.wp||{},d.wp.receiveEmbedMessage||(d.wp.receiveEmbedMessage=function(e){var t=e.data;if((t||t.secret||t.message||t.value)&&!\/[^a-zA-Z0-9]\/.test(t.secret)){for(var s,r,n,a=l.querySelectorAll('iframe[data-secret=\"'+t.secret+'\"]'),o=l.querySelectorAll('blockquote[data-secret=\"'+t.secret+'\"]'),c=new RegExp(\"^https?:$\",\"i\"),i=0;i<o.length;i++)o[i].style.display=\"none\";for(i=0;i<a.length;i++)s=a[i],e.source===s.contentWindow&&(s.removeAttribute(\"style\"),\"height\"===t.message?(1e3<(r=parseInt(t.value,10))?r=1e3:~~r<200&&(r=200),s.height=r):\"link\"===t.message&&(r=new URL(s.getAttribute(\"src\")),n=new URL(t.value),c.test(n.protocol))&&n.host===r.host&&l.activeElement===s&&(d.top.location.href=t.value))}},d.addEventListener(\"message\",d.wp.receiveEmbedMessage,!1),l.addEventListener(\"DOMContentLoaded\",function(){for(var e,t,s=l.querySelectorAll(\"iframe.wp-embedded-content\"),r=0;r<s.length;r++)(t=(e=s[r]).getAttribute(\"data-secret\"))||(t=Math.random().toString(36).substring(2,12),e.src+=\"#?secret=\"+t,e.setAttribute(\"data-secret\",t)),e.contentWindow.postMessage({message:\"ready\",secret:t},\"*\")},!1)))}(window,document);\n\/\/# sourceURL=https:\/\/mwc-cmm.org\/wp-includes\/js\/wp-embed.min.js\n<\/script>\n","thumbnail_url":"https:\/\/mwc-cmm.org\/wp-content\/uploads\/2024\/11\/20230917amoschinwhatsapp_image_2023-09-23_at_00.13.01_2.jpeg","thumbnail_width":860,"thumbnail_height":594,"description":"Chaque ann\u00e9e, la Commission Paix pr\u00e9pare des ressources pour le Dimanche de la Paix. Organis\u00e9 autour d\u2019un autre th\u00e8me chaque ann\u00e9e, le dossier comprend un focus sur la Bible, des pri\u00e8res, une activit\u00e9 et une ressource p\u00e9dagogique.&nbsp; Les assembl\u00e9es du monde entier en s\u00e9lectionnent des parties qu\u2019elles adaptent \u00e0 leurs propres c\u00e9l\u00e9brations."}