{"version":"1.0","provider_name":"Mennonite World Conference","provider_url":"https:\/\/mwc-cmm.org\/fr\/","author_name":"Stephanie Setiawan","author_url":"https:\/\/mwc-cmm.org\/fr\/stories\/author\/stephanie\/","title":"L\u2019\u00c9glise Meserete Kristos d\u2019\u00c9thiopie se retire de la Conf\u00e9rence Mennonite Mondiale - Mennonite World Conference","type":"rich","width":600,"height":338,"html":"<blockquote class=\"wp-embedded-content\" data-secret=\"b3QV381DWS\"><a href=\"https:\/\/mwc-cmm.org\/fr\/stories\/meserete-kristos-se-retire-de-la-cmm\/\">L\u2019\u00c9glise Meserete Kristos d\u2019\u00c9thiopie se retire de la Conf\u00e9rence Mennonite Mondiale<\/a><\/blockquote><iframe sandbox=\"allow-scripts\" security=\"restricted\" src=\"https:\/\/mwc-cmm.org\/fr\/stories\/meserete-kristos-se-retire-de-la-cmm\/embed\/#?secret=b3QV381DWS\" width=\"600\" height=\"338\" title=\"\u00ab\u00a0L\u2019\u00c9glise Meserete Kristos d\u2019\u00c9thiopie se retire de la Conf\u00e9rence Mennonite Mondiale\u00a0\u00bb &#8212; Mennonite World Conference\" data-secret=\"b3QV381DWS\" frameborder=\"0\" marginwidth=\"0\" marginheight=\"0\" scrolling=\"no\" class=\"wp-embedded-content\"><\/iframe><script>\n\/*! This file is auto-generated *\/\n!function(d,l){\"use strict\";l.querySelector&&d.addEventListener&&\"undefined\"!=typeof URL&&(d.wp=d.wp||{},d.wp.receiveEmbedMessage||(d.wp.receiveEmbedMessage=function(e){var t=e.data;if((t||t.secret||t.message||t.value)&&!\/[^a-zA-Z0-9]\/.test(t.secret)){for(var s,r,n,a=l.querySelectorAll('iframe[data-secret=\"'+t.secret+'\"]'),o=l.querySelectorAll('blockquote[data-secret=\"'+t.secret+'\"]'),c=new RegExp(\"^https?:$\",\"i\"),i=0;i<o.length;i++)o[i].style.display=\"none\";for(i=0;i<a.length;i++)s=a[i],e.source===s.contentWindow&&(s.removeAttribute(\"style\"),\"height\"===t.message?(1e3<(r=parseInt(t.value,10))?r=1e3:~~r<200&&(r=200),s.height=r):\"link\"===t.message&&(r=new URL(s.getAttribute(\"src\")),n=new URL(t.value),c.test(n.protocol))&&n.host===r.host&&l.activeElement===s&&(d.top.location.href=t.value))}},d.addEventListener(\"message\",d.wp.receiveEmbedMessage,!1),l.addEventListener(\"DOMContentLoaded\",function(){for(var e,t,s=l.querySelectorAll(\"iframe.wp-embedded-content\"),r=0;r<s.length;r++)(t=(e=s[r]).getAttribute(\"data-secret\"))||(t=Math.random().toString(36).substring(2,12),e.src+=\"#?secret=\"+t,e.setAttribute(\"data-secret\",t)),e.contentWindow.postMessage({message:\"ready\",secret:t},\"*\")},!1)))}(window,document);\n\/\/# sourceURL=https:\/\/mwc-cmm.org\/wp-includes\/js\/wp-embed.min.js\n<\/script>\n","description":"La Conf\u00e9rence Mennonite Mondiale a le regret d\u2019annoncer que l\u2019\u00c9glise Meserete Kristos, en \u00c9thiopie, a vot\u00e9 en faveur de son retrait de l\u2019adh\u00e9sion \u00e0 la CMM. Apr\u00e8s une longue p\u00e9riode de r\u00e9flexion, de pri\u00e8re et de discernement sinc\u00e8re, l\u2019\u00c9glise Meserete Kristos, r\u00e9unie en congr\u00e8s national le 4 septembre 2026, a pris la d\u00e9cision officielle de [&hellip;]","thumbnail_url":"https:\/\/mwc-cmm.org\/wp-content\/uploads\/2026\/06\/mwc-logo-1024x576.jpg"}