{"version":"1.0","provider_name":"Mennonite World Conference","provider_url":"https:\/\/mwc-cmm.org\/fr\/","author_name":"mennworldcon","author_url":"https:\/\/mwc-cmm.org\/fr\/stories\/author\/mennworldcon\/","title":"L\u2019\u00e9quipe s\u2019agrandit au service de l\u2019\u00c9glise - Mennonite World Conference","type":"rich","width":600,"height":338,"html":"<blockquote class=\"wp-embedded-content\" data-secret=\"bAq5ptLgQb\"><a href=\"https:\/\/mwc-cmm.org\/fr\/stories\/lequipe-sagrandit-au-service-de-leglise\/\">L\u2019\u00e9quipe s\u2019agrandit au service de l\u2019\u00c9glise<\/a><\/blockquote><iframe sandbox=\"allow-scripts\" security=\"restricted\" src=\"https:\/\/mwc-cmm.org\/fr\/stories\/lequipe-sagrandit-au-service-de-leglise\/embed\/#?secret=bAq5ptLgQb\" width=\"600\" height=\"338\" title=\"\u00ab\u00a0L\u2019\u00e9quipe s\u2019agrandit au service de l\u2019\u00c9glise\u00a0\u00bb &#8212; Mennonite World Conference\" data-secret=\"bAq5ptLgQb\" frameborder=\"0\" marginwidth=\"0\" marginheight=\"0\" scrolling=\"no\" class=\"wp-embedded-content\"><\/iframe><script>\n\/*! This file is auto-generated *\/\n!function(d,l){\"use strict\";l.querySelector&&d.addEventListener&&\"undefined\"!=typeof URL&&(d.wp=d.wp||{},d.wp.receiveEmbedMessage||(d.wp.receiveEmbedMessage=function(e){var t=e.data;if((t||t.secret||t.message||t.value)&&!\/[^a-zA-Z0-9]\/.test(t.secret)){for(var s,r,n,a=l.querySelectorAll('iframe[data-secret=\"'+t.secret+'\"]'),o=l.querySelectorAll('blockquote[data-secret=\"'+t.secret+'\"]'),c=new RegExp(\"^https?:$\",\"i\"),i=0;i<o.length;i++)o[i].style.display=\"none\";for(i=0;i<a.length;i++)s=a[i],e.source===s.contentWindow&&(s.removeAttribute(\"style\"),\"height\"===t.message?(1e3<(r=parseInt(t.value,10))?r=1e3:~~r<200&&(r=200),s.height=r):\"link\"===t.message&&(r=new URL(s.getAttribute(\"src\")),n=new URL(t.value),c.test(n.protocol))&&n.host===r.host&&l.activeElement===s&&(d.top.location.href=t.value))}},d.addEventListener(\"message\",d.wp.receiveEmbedMessage,!1),l.addEventListener(\"DOMContentLoaded\",function(){for(var e,t,s=l.querySelectorAll(\"iframe.wp-embedded-content\"),r=0;r<s.length;r++)(t=(e=s[r]).getAttribute(\"data-secret\"))||(t=Math.random().toString(36).substring(2,12),e.src+=\"#?secret=\"+t,e.setAttribute(\"data-secret\",t)),e.contentWindow.postMessage({message:\"ready\",secret:t},\"*\")},!1)))}(window,document);\n\/\/# sourceURL=https:\/\/mwc-cmm.org\/wp-includes\/js\/wp-embed.min.js\n<\/script>\n","thumbnail_url":"https:\/\/mwc-cmm.org\/wp-content\/uploads\/2024\/11\/48302675832_8062b3c7a0_o-scaled.jpg","thumbnail_width":2560,"thumbnail_height":1707,"description":"Un compositeur, un professionnel de la sant\u00e9 et un m\u00e9canicien automobile, tous trois responsables d\u2019\u00e9glises, ont rejoint l\u2019\u00e9quipe de la Conf\u00e9rence Mennonite Mondiale. Ces nouveaux repr\u00e9sentants r\u00e9gionaux viennent compl\u00e9ter l\u2019\u00e9quipe qui travaille pour que la Conf\u00e9rence Mennonite Mondiale et ses \u00e9glises membres restent proches afin de s\u2019encourager mutuellement \u00e0 suivre J\u00e9sus, notre esp\u00e9rance. Les repr\u00e9sentants [&hellip;]"}