{"version":"1.0","provider_name":"Mennonite World Conference","provider_url":"https:\/\/mwc-cmm.org\/fr\/","author_name":"mennworldcon","author_url":"https:\/\/mwc-cmm.org\/fr\/stories\/author\/mennworldcon\/","title":"La solidarit\u00e9 interg\u00e9n\u00e9rationnelle - Mennonite World Conference","type":"rich","width":600,"height":338,"html":"<blockquote class=\"wp-embedded-content\" data-secret=\"JXgfsXrN2U\"><a href=\"https:\/\/mwc-cmm.org\/fr\/stories\/la-solidarite-intergenerationnelle\/\">La solidarit\u00e9 interg\u00e9n\u00e9rationnelle<\/a><\/blockquote><iframe sandbox=\"allow-scripts\" security=\"restricted\" src=\"https:\/\/mwc-cmm.org\/fr\/stories\/la-solidarite-intergenerationnelle\/embed\/#?secret=JXgfsXrN2U\" width=\"600\" height=\"338\" title=\"\u00ab\u00a0La solidarit\u00e9 interg\u00e9n\u00e9rationnelle\u00a0\u00bb &#8212; Mennonite World Conference\" data-secret=\"JXgfsXrN2U\" frameborder=\"0\" marginwidth=\"0\" marginheight=\"0\" scrolling=\"no\" class=\"wp-embedded-content\"><\/iframe><script>\n\/*! This file is auto-generated *\/\n!function(d,l){\"use strict\";l.querySelector&&d.addEventListener&&\"undefined\"!=typeof URL&&(d.wp=d.wp||{},d.wp.receiveEmbedMessage||(d.wp.receiveEmbedMessage=function(e){var t=e.data;if((t||t.secret||t.message||t.value)&&!\/[^a-zA-Z0-9]\/.test(t.secret)){for(var s,r,n,a=l.querySelectorAll('iframe[data-secret=\"'+t.secret+'\"]'),o=l.querySelectorAll('blockquote[data-secret=\"'+t.secret+'\"]'),c=new RegExp(\"^https?:$\",\"i\"),i=0;i<o.length;i++)o[i].style.display=\"none\";for(i=0;i<a.length;i++)s=a[i],e.source===s.contentWindow&&(s.removeAttribute(\"style\"),\"height\"===t.message?(1e3<(r=parseInt(t.value,10))?r=1e3:~~r<200&&(r=200),s.height=r):\"link\"===t.message&&(r=new URL(s.getAttribute(\"src\")),n=new URL(t.value),c.test(n.protocol))&&n.host===r.host&&l.activeElement===s&&(d.top.location.href=t.value))}},d.addEventListener(\"message\",d.wp.receiveEmbedMessage,!1),l.addEventListener(\"DOMContentLoaded\",function(){for(var e,t,s=l.querySelectorAll(\"iframe.wp-embedded-content\"),r=0;r<s.length;r++)(t=(e=s[r]).getAttribute(\"data-secret\"))||(t=Math.random().toString(36).substring(2,12),e.src+=\"#?secret=\"+t,e.setAttribute(\"data-secret\",t)),e.contentWindow.postMessage({message:\"ready\",secret:t},\"*\")},!1)))}(window,document);\n\/\/# sourceURL=https:\/\/mwc-cmm.org\/wp-includes\/js\/wp-embed.min.js\n<\/script>\n","thumbnail_url":"https:\/\/mwc-cmm.org\/wp-content\/uploads\/2024\/11\/20220709tizbrotosudarmoimg_5395-scaled.jpg","thumbnail_width":2560,"thumbnail_height":1707,"description":"Samedi matin Quand nous pensons aux g\u00e9n\u00e9rations plus \u00e2g\u00e9es, nous pensons \u00e0 ceux qui nous ont pr\u00e9c\u00e9d\u00e9s, ceux sur lesquels nous comptons. Cependant, quand on pense \u00e0 \u00eatre solidaire de ces g\u00e9n\u00e9rations, il semble y avoir un manque. Les relations interg\u00e9n\u00e9rationnelles sont de la plus haute importance. Transmettre la sagesse d\u2019une g\u00e9n\u00e9ration \u00e0 l\u2019autre a [&hellip;]"}