{"version":"1.0","provider_name":"Mennonite World Conference","provider_url":"https:\/\/mwc-cmm.org\/fr\/","author_name":"Karla Braun","author_url":"https:\/\/mwc-cmm.org\/fr\/stories\/author\/karla\/","title":"In memoriam : pape Fran\u00e7ois (1936-2025) - Mennonite World Conference","type":"rich","width":600,"height":338,"html":"<blockquote class=\"wp-embedded-content\" data-secret=\"MUhhvBqNyd\"><a href=\"https:\/\/mwc-cmm.org\/fr\/stories\/in-memoriam-pape-francois\/\">In memoriam : pape Fran\u00e7ois (1936-2025)<\/a><\/blockquote><iframe sandbox=\"allow-scripts\" security=\"restricted\" src=\"https:\/\/mwc-cmm.org\/fr\/stories\/in-memoriam-pape-francois\/embed\/#?secret=MUhhvBqNyd\" width=\"600\" height=\"338\" title=\"\u00ab\u00a0In memoriam : pape Fran\u00e7ois (1936-2025)\u00a0\u00bb &#8212; Mennonite World Conference\" data-secret=\"MUhhvBqNyd\" frameborder=\"0\" marginwidth=\"0\" marginheight=\"0\" scrolling=\"no\" class=\"wp-embedded-content\"><\/iframe><script>\n\/*! This file is auto-generated *\/\n!function(d,l){\"use strict\";l.querySelector&&d.addEventListener&&\"undefined\"!=typeof URL&&(d.wp=d.wp||{},d.wp.receiveEmbedMessage||(d.wp.receiveEmbedMessage=function(e){var t=e.data;if((t||t.secret||t.message||t.value)&&!\/[^a-zA-Z0-9]\/.test(t.secret)){for(var s,r,n,a=l.querySelectorAll('iframe[data-secret=\"'+t.secret+'\"]'),o=l.querySelectorAll('blockquote[data-secret=\"'+t.secret+'\"]'),c=new RegExp(\"^https?:$\",\"i\"),i=0;i<o.length;i++)o[i].style.display=\"none\";for(i=0;i<a.length;i++)s=a[i],e.source===s.contentWindow&&(s.removeAttribute(\"style\"),\"height\"===t.message?(1e3<(r=parseInt(t.value,10))?r=1e3:~~r<200&&(r=200),s.height=r):\"link\"===t.message&&(r=new URL(s.getAttribute(\"src\")),n=new URL(t.value),c.test(n.protocol))&&n.host===r.host&&l.activeElement===s&&(d.top.location.href=t.value))}},d.addEventListener(\"message\",d.wp.receiveEmbedMessage,!1),l.addEventListener(\"DOMContentLoaded\",function(){for(var e,t,s=l.querySelectorAll(\"iframe.wp-embedded-content\"),r=0;r<s.length;r++)(t=(e=s[r]).getAttribute(\"data-secret\"))||(t=Math.random().toString(36).substring(2,12),e.src+=\"#?secret=\"+t,e.setAttribute(\"data-secret\",t)),e.contentWindow.postMessage({message:\"ready\",secret:t},\"*\")},!1)))}(window,document);\n\/\/# sourceURL=https:\/\/mwc-cmm.org\/wp-includes\/js\/wp-embed.min.js\n<\/script>\n","thumbnail_url":"https:\/\/mwc-cmm.org\/wp-content\/uploads\/2025\/04\/ashwin-vaswani-55k45BgfUF8-unsplash-scaled.jpg","thumbnail_width":2560,"thumbnail_height":1707,"description":"La Conf\u00e9rence Mennonite Mondiale se joint aux catholiques et \u00e0 toutes les autres communaut\u00e9s de foi de par le monde, qui sont endeuill\u00e9es par la mort du pape Fran\u00e7ois, ce 21 avril 2025, \u00e0 l\u2019\u00e2ge de 88 ans."}