{"version":"1.0","provider_name":"Mennonite World Conference","provider_url":"https:\/\/mwc-cmm.org\/fr\/","author_name":"mennworldcon","author_url":"https:\/\/mwc-cmm.org\/fr\/stories\/author\/mennworldcon\/","title":"\u2018La paix dans mon c\u0153ur\u2019 - Mennonite World Conference","type":"rich","width":600,"height":338,"html":"<blockquote class=\"wp-embedded-content\" data-secret=\"rRvmD0DWUd\"><a href=\"https:\/\/mwc-cmm.org\/fr\/stories\/ela-paix-dans-mon-cuure\/\">\u2018La paix dans mon c\u0153ur\u2019<\/a><\/blockquote><iframe sandbox=\"allow-scripts\" security=\"restricted\" src=\"https:\/\/mwc-cmm.org\/fr\/stories\/ela-paix-dans-mon-cuure\/embed\/#?secret=rRvmD0DWUd\" width=\"600\" height=\"338\" title=\"\u00ab\u00a0\u2018La paix dans mon c\u0153ur\u2019\u00a0\u00bb &#8212; Mennonite World Conference\" data-secret=\"rRvmD0DWUd\" frameborder=\"0\" marginwidth=\"0\" marginheight=\"0\" scrolling=\"no\" class=\"wp-embedded-content\"><\/iframe><script>\n\/*! This file is auto-generated *\/\n!function(d,l){\"use strict\";l.querySelector&&d.addEventListener&&\"undefined\"!=typeof URL&&(d.wp=d.wp||{},d.wp.receiveEmbedMessage||(d.wp.receiveEmbedMessage=function(e){var t=e.data;if((t||t.secret||t.message||t.value)&&!\/[^a-zA-Z0-9]\/.test(t.secret)){for(var s,r,n,a=l.querySelectorAll('iframe[data-secret=\"'+t.secret+'\"]'),o=l.querySelectorAll('blockquote[data-secret=\"'+t.secret+'\"]'),c=new RegExp(\"^https?:$\",\"i\"),i=0;i<o.length;i++)o[i].style.display=\"none\";for(i=0;i<a.length;i++)s=a[i],e.source===s.contentWindow&&(s.removeAttribute(\"style\"),\"height\"===t.message?(1e3<(r=parseInt(t.value,10))?r=1e3:~~r<200&&(r=200),s.height=r):\"link\"===t.message&&(r=new URL(s.getAttribute(\"src\")),n=new URL(t.value),c.test(n.protocol))&&n.host===r.host&&l.activeElement===s&&(d.top.location.href=t.value))}},d.addEventListener(\"message\",d.wp.receiveEmbedMessage,!1),l.addEventListener(\"DOMContentLoaded\",function(){for(var e,t,s=l.querySelectorAll(\"iframe.wp-embedded-content\"),r=0;r<s.length;r++)(t=(e=s[r]).getAttribute(\"data-secret\"))||(t=Math.random().toString(36).substring(2,12),e.src+=\"#?secret=\"+t,e.setAttribute(\"data-secret\",t)),e.contentWindow.postMessage({message:\"ready\",secret:t},\"*\")},!1)))}(window,document);\n\/\/# sourceURL=https:\/\/mwc-cmm.org\/wp-includes\/js\/wp-embed.min.js\n<\/script>\n","thumbnail_url":"https:\/\/mwc-cmm.org\/wp-content\/uploads\/2024\/11\/headshot_japan.jpg","thumbnail_width":1076,"thumbnail_height":808,"description":"Esuno Kokoro uchini (El coraz\u00f3n de Jes\u00fas est\u00e1 reflejado en mi coraz\u00f3n). Esuno Heiwa uchini (Tengo la paz de Jes\u00fas en mi coraz\u00f3n).&nbsp;Mitsuru Ishido a \u00e9crit ce chant pour encourager Nasu Keiko, autre membre de l\u2019assembl\u00e9e mennonite, qui coud des masques pour les donner aux r\u00e9fugi\u00e9s, aux \u00e9tudiants \u00e9trangers et \u00e0 un membre de l\u2019\u00e9glise souffrant de probl\u00e8mes pulmonaires."}