{"version":"1.0","provider_name":"Mennonite World Conference","provider_url":"https:\/\/mwc-cmm.org\/fr\/","author_name":"mennworldcon","author_url":"https:\/\/mwc-cmm.org\/fr\/stories\/author\/mennworldcon\/","title":"Dieu manifeste sa puissance lors de fun\u00e9railles - Mennonite World Conference","type":"rich","width":600,"height":338,"html":"<blockquote class=\"wp-embedded-content\" data-secret=\"kur9Kh2N0Q\"><a href=\"https:\/\/mwc-cmm.org\/fr\/stories\/dieu-manifeste-sa-puissance-lors-de-funerailles\/\">Dieu manifeste sa puissance lors de fun\u00e9railles<\/a><\/blockquote><iframe sandbox=\"allow-scripts\" security=\"restricted\" src=\"https:\/\/mwc-cmm.org\/fr\/stories\/dieu-manifeste-sa-puissance-lors-de-funerailles\/embed\/#?secret=kur9Kh2N0Q\" width=\"600\" height=\"338\" title=\"\u00ab\u00a0Dieu manifeste sa puissance lors de fun\u00e9railles\u00a0\u00bb &#8212; Mennonite World Conference\" data-secret=\"kur9Kh2N0Q\" frameborder=\"0\" marginwidth=\"0\" marginheight=\"0\" scrolling=\"no\" class=\"wp-embedded-content\"><\/iframe><script>\n\/*! This file is auto-generated *\/\n!function(d,l){\"use strict\";l.querySelector&&d.addEventListener&&\"undefined\"!=typeof URL&&(d.wp=d.wp||{},d.wp.receiveEmbedMessage||(d.wp.receiveEmbedMessage=function(e){var t=e.data;if((t||t.secret||t.message||t.value)&&!\/[^a-zA-Z0-9]\/.test(t.secret)){for(var s,r,n,a=l.querySelectorAll('iframe[data-secret=\"'+t.secret+'\"]'),o=l.querySelectorAll('blockquote[data-secret=\"'+t.secret+'\"]'),c=new RegExp(\"^https?:$\",\"i\"),i=0;i<o.length;i++)o[i].style.display=\"none\";for(i=0;i<a.length;i++)s=a[i],e.source===s.contentWindow&&(s.removeAttribute(\"style\"),\"height\"===t.message?(1e3<(r=parseInt(t.value,10))?r=1e3:~~r<200&&(r=200),s.height=r):\"link\"===t.message&&(r=new URL(s.getAttribute(\"src\")),n=new URL(t.value),c.test(n.protocol))&&n.host===r.host&&l.activeElement===s&&(d.top.location.href=t.value))}},d.addEventListener(\"message\",d.wp.receiveEmbedMessage,!1),l.addEventListener(\"DOMContentLoaded\",function(){for(var e,t,s=l.querySelectorAll(\"iframe.wp-embedded-content\"),r=0;r<s.length;r++)(t=(e=s[r]).getAttribute(\"data-secret\"))||(t=Math.random().toString(36).substring(2,12),e.src+=\"#?secret=\"+t,e.setAttribute(\"data-secret\",t)),e.contentWindow.postMessage({message:\"ready\",secret:t},\"*\")},!1)))}(window,document);\n\/\/# sourceURL=https:\/\/mwc-cmm.org\/wp-includes\/js\/wp-embed.min.js\n<\/script>\n","thumbnail_url":"https:\/\/mwc-cmm.org\/wp-content\/uploads\/2024\/11\/202404preshitraodsc05609-scaled.jpg","thumbnail_width":2560,"thumbnail_height":1707,"description":"Africa Les veill\u00e9es fun\u00e8bres et les enterrements sont l\u2019un des \u00e9v\u00e9nements qui nous&nbsp;rassemblent.&nbsp; L\u2019ann\u00e9e derni\u00e8re, l\u2019un des responsables de notre \u00e9glise a vu sa femme rejoindre le Seigneur. Ce fut une p\u00e9riode difficile non seulement pour lui, sa famille et la paroisse, mais aussi pour la communaut\u00e9. Elle s\u2019est r\u00e9unie tous les soirs pendant quatre [&hellip;]"}