{"version":"1.0","provider_name":"Mennonite World Conference","provider_url":"https:\/\/mwc-cmm.org\/fr\/","author_name":"mennworldcon","author_url":"https:\/\/mwc-cmm.org\/fr\/stories\/author\/mennworldcon\/","title":"C\u00e9l\u00e9brer la pr\u00e9sence de Dieu \u00e0 No\u00ebl - Mennonite World Conference","type":"rich","width":600,"height":338,"html":"<blockquote class=\"wp-embedded-content\" data-secret=\"TsszIwW9Gk\"><a href=\"https:\/\/mwc-cmm.org\/fr\/stories\/celebrer-la-presence-de-dieu-noel\/\">C\u00e9l\u00e9brer la pr\u00e9sence de Dieu \u00e0 No\u00ebl<\/a><\/blockquote><iframe sandbox=\"allow-scripts\" security=\"restricted\" src=\"https:\/\/mwc-cmm.org\/fr\/stories\/celebrer-la-presence-de-dieu-noel\/embed\/#?secret=TsszIwW9Gk\" width=\"600\" height=\"338\" title=\"\u00ab\u00a0C\u00e9l\u00e9brer la pr\u00e9sence de Dieu \u00e0 No\u00ebl\u00a0\u00bb &#8212; Mennonite World Conference\" data-secret=\"TsszIwW9Gk\" frameborder=\"0\" marginwidth=\"0\" marginheight=\"0\" scrolling=\"no\" class=\"wp-embedded-content\"><\/iframe><script>\n\/*! This file is auto-generated *\/\n!function(d,l){\"use strict\";l.querySelector&&d.addEventListener&&\"undefined\"!=typeof URL&&(d.wp=d.wp||{},d.wp.receiveEmbedMessage||(d.wp.receiveEmbedMessage=function(e){var t=e.data;if((t||t.secret||t.message||t.value)&&!\/[^a-zA-Z0-9]\/.test(t.secret)){for(var s,r,n,a=l.querySelectorAll('iframe[data-secret=\"'+t.secret+'\"]'),o=l.querySelectorAll('blockquote[data-secret=\"'+t.secret+'\"]'),c=new RegExp(\"^https?:$\",\"i\"),i=0;i<o.length;i++)o[i].style.display=\"none\";for(i=0;i<a.length;i++)s=a[i],e.source===s.contentWindow&&(s.removeAttribute(\"style\"),\"height\"===t.message?(1e3<(r=parseInt(t.value,10))?r=1e3:~~r<200&&(r=200),s.height=r):\"link\"===t.message&&(r=new URL(s.getAttribute(\"src\")),n=new URL(t.value),c.test(n.protocol))&&n.host===r.host&&l.activeElement===s&&(d.top.location.href=t.value))}},d.addEventListener(\"message\",d.wp.receiveEmbedMessage,!1),l.addEventListener(\"DOMContentLoaded\",function(){for(var e,t,s=l.querySelectorAll(\"iframe.wp-embedded-content\"),r=0;r<s.length;r++)(t=(e=s[r]).getAttribute(\"data-secret\"))||(t=Math.random().toString(36).substring(2,12),e.src+=\"#?secret=\"+t,e.setAttribute(\"data-secret\",t)),e.contentWindow.postMessage({message:\"ready\",secret:t},\"*\")},!1)))}(window,document);\n\/\/# sourceURL=https:\/\/mwc-cmm.org\/wp-includes\/js\/wp-embed.min.js\n<\/script>\n","thumbnail_url":"https:\/\/mwc-cmm.org\/wp-content\/uploads\/2024\/11\/whatsapp_image_2023-12-05_at_09.47.06.jpeg","thumbnail_width":1600,"thumbnail_height":900,"description":"Des guerres aux catastrophes climatiques, en passant par une reprise \u00e9conomique plus lente que pr\u00e9vu apr\u00e8s une pand\u00e9mie, 2023 a \u00e9t\u00e9 une ann\u00e9e difficile. Alors que nous traversons ces \u00e9v\u00e9nements mondiaux et r\u00e9fl\u00e9chissons \u00e0 leur impact sur nos vies, No\u00ebl approche. Comment accueillir les festivit\u00e9s imminentes \u2014 les d\u00eeners, les spectacles d\u2019\u00e9glise, les d\u00e9corations festives \u2014 alors que le monde qui nous entoure semble s\u2019effondrer&nbsp;? Comment exprimer notre gratitude pour le salut alors que la mort et la destruction s\u2019affichent constamment sur nos \u00e9crans&nbsp;?&nbsp;"}