{"version":"1.0","provider_name":"Mennonite World Conference","provider_url":"https:\/\/mwc-cmm.org\/fr\/","author_name":"mennworldcon","author_url":"https:\/\/mwc-cmm.org\/fr\/stories\/author\/mennworldcon\/","title":"Avec J\u00e9sus au c\u0153ur de la temp\u00eate - Mennonite World Conference","type":"rich","width":600,"height":338,"html":"<blockquote class=\"wp-embedded-content\" data-secret=\"GX1bge7ifi\"><a href=\"https:\/\/mwc-cmm.org\/fr\/stories\/avec-jesus-au-coeur-de-la-tempete\/\">Avec J\u00e9sus au c\u0153ur de la temp\u00eate<\/a><\/blockquote><iframe sandbox=\"allow-scripts\" security=\"restricted\" src=\"https:\/\/mwc-cmm.org\/fr\/stories\/avec-jesus-au-coeur-de-la-tempete\/embed\/#?secret=GX1bge7ifi\" width=\"600\" height=\"338\" title=\"\u00ab\u00a0Avec J\u00e9sus au c\u0153ur de la temp\u00eate\u00a0\u00bb &#8212; Mennonite World Conference\" data-secret=\"GX1bge7ifi\" frameborder=\"0\" marginwidth=\"0\" marginheight=\"0\" scrolling=\"no\" class=\"wp-embedded-content\"><\/iframe><script>\n\/*! This file is auto-generated *\/\n!function(d,l){\"use strict\";l.querySelector&&d.addEventListener&&\"undefined\"!=typeof URL&&(d.wp=d.wp||{},d.wp.receiveEmbedMessage||(d.wp.receiveEmbedMessage=function(e){var t=e.data;if((t||t.secret||t.message||t.value)&&!\/[^a-zA-Z0-9]\/.test(t.secret)){for(var s,r,n,a=l.querySelectorAll('iframe[data-secret=\"'+t.secret+'\"]'),o=l.querySelectorAll('blockquote[data-secret=\"'+t.secret+'\"]'),c=new RegExp(\"^https?:$\",\"i\"),i=0;i<o.length;i++)o[i].style.display=\"none\";for(i=0;i<a.length;i++)s=a[i],e.source===s.contentWindow&&(s.removeAttribute(\"style\"),\"height\"===t.message?(1e3<(r=parseInt(t.value,10))?r=1e3:~~r<200&&(r=200),s.height=r):\"link\"===t.message&&(r=new URL(s.getAttribute(\"src\")),n=new URL(t.value),c.test(n.protocol))&&n.host===r.host&&l.activeElement===s&&(d.top.location.href=t.value))}},d.addEventListener(\"message\",d.wp.receiveEmbedMessage,!1),l.addEventListener(\"DOMContentLoaded\",function(){for(var e,t,s=l.querySelectorAll(\"iframe.wp-embedded-content\"),r=0;r<s.length;r++)(t=(e=s[r]).getAttribute(\"data-secret\"))||(t=Math.random().toString(36).substring(2,12),e.src+=\"#?secret=\"+t,e.setAttribute(\"data-secret\",t)),e.contentWindow.postMessage({message:\"ready\",secret:t},\"*\")},!1)))}(window,document);\n\/\/# sourceURL=https:\/\/mwc-cmm.org\/wp-includes\/js\/wp-embed.min.js\n<\/script>\n","thumbnail_url":"https:\/\/mwc-cmm.org\/wp-content\/uploads\/2024\/11\/51372488548_cac5755659_b.jpg","thumbnail_width":1024,"thumbnail_height":570,"description":"Cela fait deux ans que nous, o\u00f9 que nous soyons dans le monde, sommes confront\u00e9s \u00e0 cette p\u00e9riode de pand\u00e9mie. Ces temps ont \u00e9t\u00e9 difficiles avec des fermetures et beaucoup de pertes &#8211; des emplois et m\u00eame des personnes que nous aimons profond\u00e9ment. Personne n\u2019aurait pu imaginer en 2019 que cette p\u00e9riode chaotique allait bouleverser [&hellip;]"}