{"version":"1.0","provider_name":"Mennonite World Conference","provider_url":"https:\/\/mwc-cmm.org\/fr\/","author_name":"Karla Braun","author_url":"https:\/\/mwc-cmm.org\/fr\/stories\/author\/karla\/","title":"Pr\u00e9sentation du Conseil g\u00e9n\u00e9ral sur la communion et le leadership - Mennonite World Conference","type":"rich","width":600,"height":338,"html":"<blockquote class=\"wp-embedded-content\" data-secret=\"EN5wzAWthP\"><a href=\"https:\/\/mwc-cmm.org\/fr\/resources\/cg-sur-communion-leadership\/\">Pr\u00e9sentation du Conseil g\u00e9n\u00e9ral sur la communion et le leadership<\/a><\/blockquote><iframe sandbox=\"allow-scripts\" security=\"restricted\" src=\"https:\/\/mwc-cmm.org\/fr\/resources\/cg-sur-communion-leadership\/embed\/#?secret=EN5wzAWthP\" width=\"600\" height=\"338\" title=\"\u00ab\u00a0Pr\u00e9sentation du Conseil g\u00e9n\u00e9ral sur la communion et le leadership\u00a0\u00bb &#8212; Mennonite World Conference\" data-secret=\"EN5wzAWthP\" frameborder=\"0\" marginwidth=\"0\" marginheight=\"0\" scrolling=\"no\" class=\"wp-embedded-content\"><\/iframe><script>\n\/*! This file is auto-generated *\/\n!function(d,l){\"use strict\";l.querySelector&&d.addEventListener&&\"undefined\"!=typeof URL&&(d.wp=d.wp||{},d.wp.receiveEmbedMessage||(d.wp.receiveEmbedMessage=function(e){var t=e.data;if((t||t.secret||t.message||t.value)&&!\/[^a-zA-Z0-9]\/.test(t.secret)){for(var s,r,n,a=l.querySelectorAll('iframe[data-secret=\"'+t.secret+'\"]'),o=l.querySelectorAll('blockquote[data-secret=\"'+t.secret+'\"]'),c=new RegExp(\"^https?:$\",\"i\"),i=0;i<o.length;i++)o[i].style.display=\"none\";for(i=0;i<a.length;i++)s=a[i],e.source===s.contentWindow&&(s.removeAttribute(\"style\"),\"height\"===t.message?(1e3<(r=parseInt(t.value,10))?r=1e3:~~r<200&&(r=200),s.height=r):\"link\"===t.message&&(r=new URL(s.getAttribute(\"src\")),n=new URL(t.value),c.test(n.protocol))&&n.host===r.host&&l.activeElement===s&&(d.top.location.href=t.value))}},d.addEventListener(\"message\",d.wp.receiveEmbedMessage,!1),l.addEventListener(\"DOMContentLoaded\",function(){for(var e,t,s=l.querySelectorAll(\"iframe.wp-embedded-content\"),r=0;r<s.length;r++)(t=(e=s[r]).getAttribute(\"data-secret\"))||(t=Math.random().toString(36).substring(2,12),e.src+=\"#?secret=\"+t,e.setAttribute(\"data-secret\",t)),e.contentWindow.postMessage({message:\"ready\",secret:t},\"*\")},!1)))}(window,document);\n\/\/# sourceURL=https:\/\/mwc-cmm.org\/wp-includes\/js\/wp-embed.min.js\n<\/script>\n","thumbnail_url":"https:\/\/mwc-cmm.org\/wp-content\/uploads\/2024\/12\/gc_2022_larry_miller_mwc_and_communion.jpg","thumbnail_width":1920,"thumbnail_height":1080,"description":"Partie 1 :&nbsp;La CMM et la communion La Conf\u00e9rence Mennonite Mondiale est appel\u00e9e \u00e0 \u00eatre une communion (Koinonia) d\u2019\u00e9glises anabaptistes li\u00e9es les unes aux autres dans une communaut\u00e9 de foi \u00e0 travers le monde pour vivre la communion fraternelle, le culte, le service, et le t\u00e9moignage. Gardons \u00e0 l\u2019esprit que, selon Paul, le plan d\u2019unit\u00e9 [&hellip;]"}