{"id":5084,"date":"2020-08-31T00:00:00","date_gmt":"2020-08-31T00:00:00","guid":{"rendered":"https:\/\/mwc-cmm.org\/prayers\/humility-2\/"},"modified":"2024-11-27T22:14:04","modified_gmt":"2024-11-27T22:14:04","slug":"humility-2","status":"publish","type":"prayers","link":"https:\/\/mwc-cmm.org\/es\/prayer\/humility-2\/","title":{"rendered":"Humility"},"content":{"rendered":"<h2><strong>Humildad<\/strong><\/h2>\n<p>Dios de toda la tierra \u00f1<\/p>\n<p>Ll\u00e9vanos afuera, a tus lugares santos. Ll\u00e9vanos m\u00b7s all\u00b7 de nuestros muros, afuera, donde podamos ver a nuestros vecinos y vecinas, m\u00b7s all\u00b7 del jard\u00edn, con sus tomates maduros y sand\u00edas grandes. Afuera, donde las flores florecen de color amarillo y rosa, y se mecen con el viento. Afuera, en la tierra de donde venimos y al lugar donde ya no tenemos palabras para lo que vemos sino, que solo podemos decir cuan peque\u00f1as somos como personas.<\/p>\n<p>Ah\u2019 \u2013 ah\u2019 afuera \u2013 incl\u00ednate. Haz barro con tu saliva; \u02d9ntalo en nuestros ojos.<\/p>\n<p>Y cuando la arcilla se seque y se agriete, y volvamos nuestros rostros hacia tu vasto mundo, veamos gracia, no desesperaci\u00f3n, y una cosecha tan abundante que nos aflija.<\/p>\n<p><em>Esta oraci\u00f3n de Jennifer Schrock se basa en un servicio de adoraci\u00f3n al aire libre que tuvo lugar en Berkey Avenue Mennonite Fellowship, Goshen, Indiana, EE.UU. Jennifer Schrock forma parte del Grupo de Trabajo para el Cuidado de la Creaci\u00f3n del CMM.<\/em><\/p>\n<table>\n<tbody>\n<tr>\n<td style=\"width:623px\">\n<p>Las personas cristianas de todo el mundo est\u00b7n caminando en esp\u00edritu hacia el cuidado de la creaci\u00f3n. Esta celebraci\u00f3n de la #SeasonofCreation se llevar\u00b7 a cabo del 1 de Septiembre al 4 de Octubre del 2020.<\/p>\n<\/td>\n<\/tr>\n<\/tbody>\n<\/table>\n<p><strong>#SeasonofCreation<\/strong><\/p>\n<p><strong>#TiempodelaCreaci\u00f3n<\/strong><\/p>\n<p><strong>#TempsdelaCr\u00e9ation<\/strong><\/p>\n<p><strong>#TempodaCria\u00c1\u00e3o<\/strong><\/p>\n","protected":false},"excerpt":{"rendered":"<p>Humildad Dios de toda la tierra \u00f1 Ll\u00e9vanos afuera, a tus lugares santos. Ll\u00e9vanos m\u00b7s all\u00b7 de nuestros muros, afuera, donde podamos ver a nuestros vecinos y vecinas, m\u00b7s all\u00b7 del jard\u00edn, con sus tomates maduros y sand\u00edas grandes. Afuera, donde las flores florecen de color amarillo y rosa, y se mecen con el viento. [&hellip;]<\/p>\n","protected":false},"featured_media":65012,"template":"","class_list":["post-5084","prayers","type-prayers","status-publish","has-post-thumbnail","hentry"],"acf":[],"yoast_head":"<!-- This site is optimized with the Yoast SEO plugin v27.5 - https:\/\/yoast.com\/product\/yoast-seo-wordpress\/ -->\n<title>Humility - Mennonite World Conference<\/title>\n<meta name=\"robots\" content=\"index, follow, max-snippet:-1, max-image-preview:large, max-video-preview:-1\" \/>\n<link rel=\"canonical\" href=\"https:\/\/mwc-cmm.org\/en\/prayer\/humility\/\" \/>\n<meta property=\"og:locale\" content=\"es_ES\" \/>\n<meta property=\"og:type\" content=\"article\" \/>\n<meta property=\"og:title\" content=\"Humility - Mennonite World Conference\" \/>\n<meta property=\"og:description\" content=\"Humildad Dios de toda la tierra \u00f1 Ll\u00e9vanos afuera, a tus lugares santos. Ll\u00e9vanos m\u00b7s all\u00b7 de nuestros muros, afuera, donde podamos ver a nuestros vecinos y vecinas, m\u00b7s all\u00b7 del jard\u00edn, con sus tomates maduros y sand\u00edas grandes. Afuera, donde las flores florecen de color amarillo y rosa, y se mecen con el viento. [&hellip;]\" \/>\n<meta property=\"og:url\" content=\"https:\/\/mwc-cmm.org\/en\/prayer\/humility\/\" \/>\n<meta property=\"og:site_name\" content=\"Mennonite World Conference\" \/>\n<meta property=\"article:publisher\" content=\"https:\/\/www.facebook.com\/MennoniteWorldConference\" \/>\n<meta property=\"article:modified_time\" content=\"2024-11-27T22:14:04+00:00\" \/>\n<meta property=\"og:image\" content=\"https:\/\/mwc-cmm.org\/wp-content\/uploads\/2024\/11\/img_4087-scaled.jpg\" \/>\n\t<meta property=\"og:image:width\" content=\"2560\" \/>\n\t<meta property=\"og:image:height\" content=\"1707\" \/>\n\t<meta property=\"og:image:type\" content=\"image\/jpeg\" \/>\n<script type=\"application\/ld+json\" class=\"yoast-schema-graph\">{\"@context\":\"https:\\\/\\\/schema.org\",\"@graph\":[{\"@type\":\"WebPage\",\"@id\":\"https:\\\/\\\/mwc-cmm.org\\\/en\\\/prayer\\\/humility\\\/\",\"url\":\"https:\\\/\\\/mwc-cmm.org\\\/en\\\/prayer\\\/humility\\\/\",\"name\":\"Humility - Mennonite World Conference\",\"isPartOf\":{\"@id\":\"https:\\\/\\\/mwc-cmm.org\\\/en\\\/#website\"},\"primaryImageOfPage\":{\"@id\":\"https:\\\/\\\/mwc-cmm.org\\\/en\\\/prayer\\\/humility\\\/#primaryimage\"},\"image\":{\"@id\":\"https:\\\/\\\/mwc-cmm.org\\\/en\\\/prayer\\\/humility\\\/#primaryimage\"},\"thumbnailUrl\":\"https:\\\/\\\/mwc-cmm.org\\\/wp-content\\\/uploads\\\/2024\\\/11\\\/img_4087-scaled.jpg\",\"datePublished\":\"2020-08-31T00:00:00+00:00\",\"dateModified\":\"2024-11-27T22:14:04+00:00\",\"breadcrumb\":{\"@id\":\"https:\\\/\\\/mwc-cmm.org\\\/en\\\/prayer\\\/humility\\\/#breadcrumb\"},\"inLanguage\":\"es\",\"potentialAction\":[{\"@type\":\"ReadAction\",\"target\":[\"https:\\\/\\\/mwc-cmm.org\\\/en\\\/prayer\\\/humility\\\/\"]}]},{\"@type\":\"ImageObject\",\"inLanguage\":\"es\",\"@id\":\"https:\\\/\\\/mwc-cmm.org\\\/en\\\/prayer\\\/humility\\\/#primaryimage\",\"url\":\"https:\\\/\\\/mwc-cmm.org\\\/wp-content\\\/uploads\\\/2024\\\/11\\\/img_4087-scaled.jpg\",\"contentUrl\":\"https:\\\/\\\/mwc-cmm.org\\\/wp-content\\\/uploads\\\/2024\\\/11\\\/img_4087-scaled.jpg\",\"width\":2560,\"height\":1707},{\"@type\":\"BreadcrumbList\",\"@id\":\"https:\\\/\\\/mwc-cmm.org\\\/en\\\/prayer\\\/humility\\\/#breadcrumb\",\"itemListElement\":[{\"@type\":\"ListItem\",\"position\":1,\"name\":\"Home\",\"item\":\"https:\\\/\\\/mwc-cmm.org\\\/es\\\/\"},{\"@type\":\"ListItem\",\"position\":2,\"name\":\"Prayers\",\"item\":\"https:\\\/\\\/mwc-cmm.org\\\/en\\\/prayer\\\/\"},{\"@type\":\"ListItem\",\"position\":3,\"name\":\"Humility\"}]},{\"@type\":\"WebSite\",\"@id\":\"https:\\\/\\\/mwc-cmm.org\\\/en\\\/#website\",\"url\":\"https:\\\/\\\/mwc-cmm.org\\\/en\\\/\",\"name\":\"Mennonite World Conference\",\"description\":\"A communion of Anabaptist-related churches\",\"publisher\":{\"@id\":\"https:\\\/\\\/mwc-cmm.org\\\/en\\\/#organization\"},\"alternateName\":\"MWC\",\"potentialAction\":[{\"@type\":\"SearchAction\",\"target\":{\"@type\":\"EntryPoint\",\"urlTemplate\":\"https:\\\/\\\/mwc-cmm.org\\\/en\\\/?s={search_term_string}\"},\"query-input\":{\"@type\":\"PropertyValueSpecification\",\"valueRequired\":true,\"valueName\":\"search_term_string\"}}],\"inLanguage\":\"es\"},{\"@type\":\"Organization\",\"@id\":\"https:\\\/\\\/mwc-cmm.org\\\/en\\\/#organization\",\"name\":\"Mennonite World Conference\",\"alternateName\":\"MWC\",\"url\":\"https:\\\/\\\/mwc-cmm.org\\\/en\\\/\",\"logo\":{\"@type\":\"ImageObject\",\"inLanguage\":\"es\",\"@id\":\"https:\\\/\\\/mwc-cmm.org\\\/en\\\/#\\\/schema\\\/logo\\\/image\\\/\",\"url\":\"https:\\\/\\\/mwc-cmm.org\\\/wp-content\\\/uploads\\\/2026\\\/01\\\/MWC_Sig_Blue_Horiz_webheader1-logo.svg\",\"contentUrl\":\"https:\\\/\\\/mwc-cmm.org\\\/wp-content\\\/uploads\\\/2026\\\/01\\\/MWC_Sig_Blue_Horiz_webheader1-logo.svg\",\"width\":786,\"height\":82,\"caption\":\"Mennonite World Conference\"},\"image\":{\"@id\":\"https:\\\/\\\/mwc-cmm.org\\\/en\\\/#\\\/schema\\\/logo\\\/image\\\/\"},\"sameAs\":[\"https:\\\/\\\/www.facebook.com\\\/MennoniteWorldConference\",\"https:\\\/\\\/www.linkedin.com\\\/company\\\/mennonite-world-conference-mwc\\\/\",\"https:\\\/\\\/www.instagram.com\\\/mwcmm\\\/\",\"https:\\\/\\\/www.youtube.com\\\/user\\\/mwccmm\",\"https:\\\/\\\/bsky.app\\\/profile\\\/mwcmm.bsky.social\"]}]}<\/script>\n<!-- \/ Yoast SEO plugin. -->","yoast_head_json":{"title":"Humility - Mennonite World Conference","robots":{"index":"index","follow":"follow","max-snippet":"max-snippet:-1","max-image-preview":"max-image-preview:large","max-video-preview":"max-video-preview:-1"},"canonical":"https:\/\/mwc-cmm.org\/en\/prayer\/humility\/","og_locale":"es_ES","og_type":"article","og_title":"Humility - Mennonite World Conference","og_description":"Humildad Dios de toda la tierra \u00f1 Ll\u00e9vanos afuera, a tus lugares santos. Ll\u00e9vanos m\u00b7s all\u00b7 de nuestros muros, afuera, donde podamos ver a nuestros vecinos y vecinas, m\u00b7s all\u00b7 del jard\u00edn, con sus tomates maduros y sand\u00edas grandes. Afuera, donde las flores florecen de color amarillo y rosa, y se mecen con el viento. [&hellip;]","og_url":"https:\/\/mwc-cmm.org\/en\/prayer\/humility\/","og_site_name":"Mennonite World Conference","article_publisher":"https:\/\/www.facebook.com\/MennoniteWorldConference","article_modified_time":"2024-11-27T22:14:04+00:00","og_image":[{"width":2560,"height":1707,"url":"https:\/\/mwc-cmm.org\/wp-content\/uploads\/2024\/11\/img_4087-scaled.jpg","type":"image\/jpeg"}],"schema":{"@context":"https:\/\/schema.org","@graph":[{"@type":"WebPage","@id":"https:\/\/mwc-cmm.org\/en\/prayer\/humility\/","url":"https:\/\/mwc-cmm.org\/en\/prayer\/humility\/","name":"Humility - Mennonite World Conference","isPartOf":{"@id":"https:\/\/mwc-cmm.org\/en\/#website"},"primaryImageOfPage":{"@id":"https:\/\/mwc-cmm.org\/en\/prayer\/humility\/#primaryimage"},"image":{"@id":"https:\/\/mwc-cmm.org\/en\/prayer\/humility\/#primaryimage"},"thumbnailUrl":"https:\/\/mwc-cmm.org\/wp-content\/uploads\/2024\/11\/img_4087-scaled.jpg","datePublished":"2020-08-31T00:00:00+00:00","dateModified":"2024-11-27T22:14:04+00:00","breadcrumb":{"@id":"https:\/\/mwc-cmm.org\/en\/prayer\/humility\/#breadcrumb"},"inLanguage":"es","potentialAction":[{"@type":"ReadAction","target":["https:\/\/mwc-cmm.org\/en\/prayer\/humility\/"]}]},{"@type":"ImageObject","inLanguage":"es","@id":"https:\/\/mwc-cmm.org\/en\/prayer\/humility\/#primaryimage","url":"https:\/\/mwc-cmm.org\/wp-content\/uploads\/2024\/11\/img_4087-scaled.jpg","contentUrl":"https:\/\/mwc-cmm.org\/wp-content\/uploads\/2024\/11\/img_4087-scaled.jpg","width":2560,"height":1707},{"@type":"BreadcrumbList","@id":"https:\/\/mwc-cmm.org\/en\/prayer\/humility\/#breadcrumb","itemListElement":[{"@type":"ListItem","position":1,"name":"Home","item":"https:\/\/mwc-cmm.org\/es\/"},{"@type":"ListItem","position":2,"name":"Prayers","item":"https:\/\/mwc-cmm.org\/en\/prayer\/"},{"@type":"ListItem","position":3,"name":"Humility"}]},{"@type":"WebSite","@id":"https:\/\/mwc-cmm.org\/en\/#website","url":"https:\/\/mwc-cmm.org\/en\/","name":"Mennonite World Conference","description":"A communion of Anabaptist-related churches","publisher":{"@id":"https:\/\/mwc-cmm.org\/en\/#organization"},"alternateName":"MWC","potentialAction":[{"@type":"SearchAction","target":{"@type":"EntryPoint","urlTemplate":"https:\/\/mwc-cmm.org\/en\/?s={search_term_string}"},"query-input":{"@type":"PropertyValueSpecification","valueRequired":true,"valueName":"search_term_string"}}],"inLanguage":"es"},{"@type":"Organization","@id":"https:\/\/mwc-cmm.org\/en\/#organization","name":"Mennonite World Conference","alternateName":"MWC","url":"https:\/\/mwc-cmm.org\/en\/","logo":{"@type":"ImageObject","inLanguage":"es","@id":"https:\/\/mwc-cmm.org\/en\/#\/schema\/logo\/image\/","url":"https:\/\/mwc-cmm.org\/wp-content\/uploads\/2026\/01\/MWC_Sig_Blue_Horiz_webheader1-logo.svg","contentUrl":"https:\/\/mwc-cmm.org\/wp-content\/uploads\/2026\/01\/MWC_Sig_Blue_Horiz_webheader1-logo.svg","width":786,"height":82,"caption":"Mennonite World Conference"},"image":{"@id":"https:\/\/mwc-cmm.org\/en\/#\/schema\/logo\/image\/"},"sameAs":["https:\/\/www.facebook.com\/MennoniteWorldConference","https:\/\/www.linkedin.com\/company\/mennonite-world-conference-mwc\/","https:\/\/www.instagram.com\/mwcmm\/","https:\/\/www.youtube.com\/user\/mwccmm","https:\/\/bsky.app\/profile\/mwcmm.bsky.social"]}]}},"_links":{"self":[{"href":"https:\/\/mwc-cmm.org\/es\/wp-json\/wp\/v2\/prayers\/5084","targetHints":{"allow":["GET"]}}],"collection":[{"href":"https:\/\/mwc-cmm.org\/es\/wp-json\/wp\/v2\/prayers"}],"about":[{"href":"https:\/\/mwc-cmm.org\/es\/wp-json\/wp\/v2\/types\/prayers"}],"wp:featuredmedia":[{"embeddable":true,"href":"https:\/\/mwc-cmm.org\/es\/wp-json\/wp\/v2\/media\/65012"}],"wp:attachment":[{"href":"https:\/\/mwc-cmm.org\/es\/wp-json\/wp\/v2\/media?parent=5084"}],"curies":[{"name":"wp","href":"https:\/\/api.w.org\/{rel}","templated":true}]}}