{"id":5789,"date":"2020-08-31T00:00:00","date_gmt":"2020-08-31T00:00:00","guid":{"rendered":"https:\/\/mwc-cmm.org\/season-of-creation-n-prayers-2\/"},"modified":"2025-08-31T01:40:11","modified_gmt":"2025-08-31T01:40:11","slug":"tiempo-de-la-creacion-oraciones","status":"publish","type":"page","link":"https:\/\/mwc-cmm.org\/es\/grupo-de-trabajo-de-cuidado-de-la-creacion\/tiempo-de-la-creacion-oraciones\/","title":{"rendered":"Tiempo de la Creaci\u00f3n \u2013 oraciones"},"content":{"rendered":"\n<figure class=\"wp-block-image alignright size-medium\"><img decoding=\"async\" width=\"300\" height=\"218\" data-src=\"https:\/\/mwc-cmm.org\/wp-content\/uploads\/2024\/10\/seasonofcreation_-_cropped-300x218.png\" alt=\"A graphic of a tree, the leaves shaped in a circle around the trunk\" class=\"wp-image-12481 lazyload\" data-srcset=\"https:\/\/mwc-cmm.org\/wp-content\/uploads\/2024\/10\/seasonofcreation_-_cropped-300x218.png 300w, https:\/\/mwc-cmm.org\/wp-content\/uploads\/2024\/10\/seasonofcreation_-_cropped-1024x743.png 1024w, https:\/\/mwc-cmm.org\/wp-content\/uploads\/2024\/10\/seasonofcreation_-_cropped-768x557.png 768w, https:\/\/mwc-cmm.org\/wp-content\/uploads\/2024\/10\/seasonofcreation_-_cropped.png 1199w\" data-sizes=\"(max-width: 300px) 100vw, 300px\" src=\"data:image\/svg+xml;base64,PHN2ZyB3aWR0aD0iMSIgaGVpZ2h0PSIxIiB4bWxucz0iaHR0cDovL3d3dy53My5vcmcvMjAwMC9zdmciPjwvc3ZnPg==\" style=\"--smush-placeholder-width: 300px; --smush-placeholder-aspect-ratio: 300\/218;\" \/><\/figure>\n\n\n\n<p>\u00a1El Grupo de Trabajo de Cuidado de la Creaci\u00f3n del CMM desea animar a todos los miembros y congregaciones a participar en el&nbsp;<strong>Tiempo de la Creaci\u00f3n<\/strong>! <\/p>\n\n\n\n<p>Del 1 de septiembre al 4 de octubre, las iglesias de todo el mundo se unen como familia, en oraci\u00f3n y acci\u00f3n por el cuidado del planeta, nuestra casa com\u00fan. Es un momento para renovar nuestra relaci\u00f3n con nuestro Creador y con toda la creaci\u00f3n: un tiempo para arrepentirnos, evaluar, reparar y regocijarnos juntos en la creaci\u00f3n.<\/p>\n\n\n\n<p>Puede encontrar ideas y recursos aqu\u00ed:&nbsp;<\/p>\n\n\n\n<div class=\"wp-block-buttons is-content-justification-center is-layout-flex wp-container-core-buttons-is-layout-a89b3969 wp-block-buttons-is-layout-flex\">\n<div class=\"wp-block-button\"><a class=\"wp-block-button__link wp-element-button\" href=\"http:\/\/seasonofcreation.org\/es\">Tiempo de la Creaci\u00f3n sitio web<\/a><\/div>\n<\/div>\n\n\n\n<details class=\"wp-block-details is-layout-flow wp-block-details-is-layout-flow\"><summary>2025<\/summary>\n<p>Este a\u00f1o, para la temporada de la creaci\u00f3n, estamos compartiendo recursos de otras partes del cuerpo de Cristo.<\/p>\n\n\n\n<div class=\"wp-block-buttons is-layout-flex wp-block-buttons-is-layout-flex\">\n<div class=\"wp-block-button\"><a class=\"wp-block-button__link wp-element-button\" href=\"https:\/\/www.feastofcreation.com\/es\">Celebrando un gran misterio y un gran don<\/a><\/div>\n<\/div>\n\n\n\n<figure class=\"wp-block-embed is-type-video is-provider-youtube wp-block-embed-youtube wp-embed-aspect-16-9 wp-has-aspect-ratio\"><div class=\"wp-block-embed__wrapper\">\n<iframe title=\"D\u00eda de la Creaci\u00f3n (tambi\u00e9n llamado \u00abFiesta de la Creaci\u00f3n\u00bb): \u00bfpor qu\u00e9 el 1 de septiembre?\" width=\"500\" height=\"281\" data-src=\"https:\/\/www.youtube.com\/embed\/3kN1NtQM8Hw?feature=oembed\" frameborder=\"0\" allow=\"accelerometer; autoplay; clipboard-write; encrypted-media; gyroscope; picture-in-picture; web-share\" referrerpolicy=\"strict-origin-when-cross-origin\" allowfullscreen src=\"data:image\/svg+xml;base64,PHN2ZyB3aWR0aD0iMSIgaGVpZ2h0PSIxIiB4bWxucz0iaHR0cDovL3d3dy53My5vcmcvMjAwMC9zdmciPjwvc3ZnPg==\" class=\"lazyload\" data-load-mode=\"1\"><\/iframe>\n<\/div><\/figure>\n\n\n\n<p>Participa en el encuentro de oraci\u00f3n ecum\u00e9nico en l\u00ednea parar celebrar el D\u00eda de la Creaci\u00f3n. <strong>1 de septiembre<\/strong> a las 13:00 UTC. Sigue la transmisi\u00f3n en vivo<a href=\"https:\/\/us06web.zoom.us\/webinar\/register\/WN_2rKwN4rmQXaaFphdT6Oc0A#\/\" target=\"_blank\" rel=\"noreferrer noopener\"><\/a><\/p>\n<\/details>\n\n\n\n<details class=\"wp-block-details is-layout-flow wp-block-details-is-layout-flow\"><summary>2024<\/summary>\n<div class=\"wp-block-buttons is-layout-flex wp-block-buttons-is-layout-flex\">\n<div class=\"wp-block-button\"><a class=\"wp-block-button__link wp-element-button\" href=\"https:\/\/mwc-cmm.org\/es\/stories\/oracion-esperar-y-actuar-con-la-creacion\/\">Oraci\u00f3n: \u00abesperar y actuar con la Creaci\u00f3n\u00bb<\/a><\/div>\n<\/div>\n<\/details>\n\n\n\n<details class=\"wp-block-details is-layout-flow wp-block-details-is-layout-flow\"><summary>2020<\/summary>\n<h2 class=\"wp-block-heading\">Season of Creation prayers 2020<\/h2>\n\n\n\n<p><span style=\"font-size: 18px;\"><em>Las personas cristianas de todo el mundo est\u00e1n caminando en esp\u00edritu hacia el cuidado de la creaci\u00f3n. Esta celebraci\u00f3n de la&nbsp;Tiempo de la Creaci\u00f3n&nbsp;se llevar\u00e1 a cabo del 1 de Septiembre al 4 de Octubre del 2020.<\/em><\/span><\/p>\n\n\n\n<h2 class=\"wp-block-heading\"><a href=\"\/node\/3765\">1 \u2013 Humildad<\/a><\/h2>\n\n\n\n<figure class=\"wp-block-image size-medium\"><img decoding=\"async\" width=\"300\" height=\"300\" data-src=\"https:\/\/mwc-cmm.org\/wp-content\/uploads\/2024\/10\/soc2020-1-sp_0-1-300x300.png\" alt=\"Humidad graphic\" class=\"wp-image-12517 lazyload\" data-srcset=\"https:\/\/mwc-cmm.org\/wp-content\/uploads\/2024\/10\/soc2020-1-sp_0-1-300x300.png 300w, https:\/\/mwc-cmm.org\/wp-content\/uploads\/2024\/10\/soc2020-1-sp_0-1-1024x1024.png 1024w, https:\/\/mwc-cmm.org\/wp-content\/uploads\/2024\/10\/soc2020-1-sp_0-1-150x150.png 150w, https:\/\/mwc-cmm.org\/wp-content\/uploads\/2024\/10\/soc2020-1-sp_0-1-768x768.png 768w, https:\/\/mwc-cmm.org\/wp-content\/uploads\/2024\/10\/soc2020-1-sp_0-1.png 1080w\" data-sizes=\"(max-width: 300px) 100vw, 300px\" src=\"data:image\/svg+xml;base64,PHN2ZyB3aWR0aD0iMSIgaGVpZ2h0PSIxIiB4bWxucz0iaHR0cDovL3d3dy53My5vcmcvMjAwMC9zdmciPjwvc3ZnPg==\" style=\"--smush-placeholder-width: 300px; --smush-placeholder-aspect-ratio: 300\/300;\" \/><\/figure>\n\n\n\n<h2 class=\"wp-block-heading\"><a href=\"\/node\/3773\">2 \u2013 Danos el poder<\/a><\/h2>\n\n\n\n<figure class=\"wp-block-image size-medium\"><img decoding=\"async\" width=\"300\" height=\"251\" data-src=\"https:\/\/mwc-cmm.org\/wp-content\/uploads\/2024\/10\/soc2020-2-sp-1-300x251.png\" alt=\"Give Us the Power graphic\" class=\"wp-image-12556 lazyload\" data-srcset=\"https:\/\/mwc-cmm.org\/wp-content\/uploads\/2024\/10\/soc2020-2-sp-1-300x251.png 300w, https:\/\/mwc-cmm.org\/wp-content\/uploads\/2024\/10\/soc2020-2-sp-1-768x644.png 768w, https:\/\/mwc-cmm.org\/wp-content\/uploads\/2024\/10\/soc2020-2-sp-1.png 940w\" data-sizes=\"(max-width: 300px) 100vw, 300px\" src=\"data:image\/svg+xml;base64,PHN2ZyB3aWR0aD0iMSIgaGVpZ2h0PSIxIiB4bWxucz0iaHR0cDovL3d3dy53My5vcmcvMjAwMC9zdmciPjwvc3ZnPg==\" style=\"--smush-placeholder-width: 300px; --smush-placeholder-aspect-ratio: 300\/251;\" \/><\/figure>\n\n\n\n<h2 class=\"wp-block-heading\"><a href=\"\/node\/3779\">3 \u2013 Ni\u00f1os y Ni\u00f1as, no se dejen intimidar<\/a><\/h2>\n\n\n\n<figure class=\"wp-block-image size-medium\"><img decoding=\"async\" width=\"300\" height=\"300\" data-src=\"https:\/\/mwc-cmm.org\/wp-content\/uploads\/2024\/10\/soc2020-3-sp-1-300x300.png\" alt=\"Children, don't be Intimidated graphic\" class=\"wp-image-12621 lazyload\" data-srcset=\"https:\/\/mwc-cmm.org\/wp-content\/uploads\/2024\/10\/soc2020-3-sp-1-300x300.png 300w, https:\/\/mwc-cmm.org\/wp-content\/uploads\/2024\/10\/soc2020-3-sp-1-1024x1024.png 1024w, https:\/\/mwc-cmm.org\/wp-content\/uploads\/2024\/10\/soc2020-3-sp-1-150x150.png 150w, https:\/\/mwc-cmm.org\/wp-content\/uploads\/2024\/10\/soc2020-3-sp-1-768x768.png 768w, https:\/\/mwc-cmm.org\/wp-content\/uploads\/2024\/10\/soc2020-3-sp-1.png 1080w\" data-sizes=\"(max-width: 300px) 100vw, 300px\" src=\"data:image\/svg+xml;base64,PHN2ZyB3aWR0aD0iMSIgaGVpZ2h0PSIxIiB4bWxucz0iaHR0cDovL3d3dy53My5vcmcvMjAwMC9zdmciPjwvc3ZnPg==\" style=\"--smush-placeholder-width: 300px; --smush-placeholder-aspect-ratio: 300\/300;\" \/><\/figure>\n\n\n\n<h2 class=\"wp-block-heading\"><a href=\"\/node\/3785\">4 \u2013 Oraci\u00f3n en tiempo de amenaza<\/a><\/h2>\n\n\n\n<figure class=\"wp-block-image size-medium\"><img decoding=\"async\" width=\"300\" height=\"300\" data-src=\"https:\/\/mwc-cmm.org\/wp-content\/uploads\/2024\/10\/soc2020-4-sp1-300x300.png\" alt=\"Prayer during a time of threat graphic\" class=\"wp-image-12782 lazyload\" data-srcset=\"https:\/\/mwc-cmm.org\/wp-content\/uploads\/2024\/10\/soc2020-4-sp1-300x300.png 300w, https:\/\/mwc-cmm.org\/wp-content\/uploads\/2024\/10\/soc2020-4-sp1-1024x1024.png 1024w, https:\/\/mwc-cmm.org\/wp-content\/uploads\/2024\/10\/soc2020-4-sp1-150x150.png 150w, https:\/\/mwc-cmm.org\/wp-content\/uploads\/2024\/10\/soc2020-4-sp1-768x768.png 768w, https:\/\/mwc-cmm.org\/wp-content\/uploads\/2024\/10\/soc2020-4-sp1.png 1080w\" data-sizes=\"(max-width: 300px) 100vw, 300px\" src=\"data:image\/svg+xml;base64,PHN2ZyB3aWR0aD0iMSIgaGVpZ2h0PSIxIiB4bWxucz0iaHR0cDovL3d3dy53My5vcmcvMjAwMC9zdmciPjwvc3ZnPg==\" style=\"--smush-placeholder-width: 300px; --smush-placeholder-aspect-ratio: 300\/300;\" \/><\/figure>\n\n\n\n<h2 class=\"wp-block-heading\"><a href=\"https:\/\/mwc-cmm.org\/node\/3784\">5 \u2013 Dios de la creaci\u00f3n<\/a><\/h2>\n\n\n\n<figure class=\"wp-block-image size-medium\"><img decoding=\"async\" width=\"300\" height=\"300\" data-src=\"https:\/\/mwc-cmm.org\/wp-content\/uploads\/2024\/10\/soc2020-5-sp1-1-300x300.png\" alt=\"God of creation graphic\" class=\"wp-image-12699 lazyload\" data-srcset=\"https:\/\/mwc-cmm.org\/wp-content\/uploads\/2024\/10\/soc2020-5-sp1-1-300x300.png 300w, https:\/\/mwc-cmm.org\/wp-content\/uploads\/2024\/10\/soc2020-5-sp1-1-1024x1024.png 1024w, https:\/\/mwc-cmm.org\/wp-content\/uploads\/2024\/10\/soc2020-5-sp1-1-150x150.png 150w, https:\/\/mwc-cmm.org\/wp-content\/uploads\/2024\/10\/soc2020-5-sp1-1-768x768.png 768w, https:\/\/mwc-cmm.org\/wp-content\/uploads\/2024\/10\/soc2020-5-sp1-1.png 1080w\" data-sizes=\"(max-width: 300px) 100vw, 300px\" src=\"data:image\/svg+xml;base64,PHN2ZyB3aWR0aD0iMSIgaGVpZ2h0PSIxIiB4bWxucz0iaHR0cDovL3d3dy53My5vcmcvMjAwMC9zdmciPjwvc3ZnPg==\" style=\"--smush-placeholder-width: 300px; --smush-placeholder-aspect-ratio: 300\/300;\" \/><\/figure>\n\n\n\n<hr class=\"wp-block-separator has-alpha-channel-opacity\"\/>\n\n\n\n<p><strong>#SeasonofCreation<\/strong><\/p>\n\n\n\n<p><strong>#TiempodelaCreaci\u00f3n<\/strong><\/p>\n\n\n\n<p><strong>#TempsdelaCr\u00e9ation<\/strong><\/p>\n\n\n\n<p><strong>#TempodaCria\u00e7\u00e3o<\/strong><\/p>\n\n\n\n<p><\/p>\n<\/details>\n\n\n\n<hr class=\"wp-block-separator has-alpha-channel-opacity\"\/>\n\n\n\n<p>Puede comunicarse con el Grupo de Trabajo para el Cuidado de la Creaci\u00f3n en&nbsp;<a href=\"mailto:CreationCare@mwc-cmm.org?subject=contact%20from%20website\">CreationCare@mwc-cmm.org<\/a>, o&nbsp;visitar nuestro sitio web.<\/p>\n\n\n\n<div class=\"wp-block-buttons is-layout-flex wp-block-buttons-is-layout-flex\">\n<div class=\"wp-block-button\"><a class=\"wp-block-button__link wp-element-button\" href=\"https:\/\/mwc-cmm.org\/es\/grupo-de-trabajo-de-cuidado-de-la-creacion\/\">Grupo de Trabajo para el Cuidado de la Creaci\u00f3n<\/a><\/div>\n<\/div>\n\n\n\n<div class=\"wp-block-buttons is-layout-flex wp-block-buttons-is-layout-flex\">\n<div class=\"wp-block-button\"><a class=\"wp-block-button__link wp-element-button\" href=\"mailto:creationcare@mwc-cmm.org\">correo electr\u00f3nico<\/a><\/div>\n<\/div>\n\n\n\n<hr class=\"wp-block-separator has-alpha-channel-opacity\"\/>\n\n\n\n<p><strong>#SeasonofCreation<\/strong><\/p>\n\n\n\n<p><strong>#TiempodelaCreaci\u00f3n<\/strong><\/p>\n\n\n\n<p><strong>#TempsdelaCr\u00e9ation<\/strong><\/p>\n\n\n\n<p><strong>#TempodaCria\u00e7\u00e3o<\/strong><\/p>\n\n\n\n<p><\/p>\n","protected":false},"excerpt":{"rendered":"<p>\u00a1El Grupo de Trabajo de Cuidado de la Creaci\u00f3n del CMM desea animar a todos los miembros y congregaciones a participar en el&nbsp;Tiempo de la Creaci\u00f3n! Del 1 de septiembre al 4 de octubre, las iglesias de todo el mundo se unen como familia, en oraci\u00f3n y acci\u00f3n por el cuidado del planeta, nuestra casa [&hellip;]<\/p>\n","protected":false},"author":1,"featured_media":0,"parent":11461,"menu_order":0,"comment_status":"closed","ping_status":"closed","template":"","meta":{"_acf_changed":false,"footnotes":""},"class_list":["post-5789","page","type-page","status-publish","hentry"],"acf":[],"yoast_head":"<!-- This site is optimized with the Yoast SEO plugin v27.2 - https:\/\/yoast.com\/product\/yoast-seo-wordpress\/ -->\n<title>Tiempo de la Creaci\u00f3n \u2013 oraciones - Mennonite World Conference<\/title>\n<meta name=\"robots\" content=\"index, follow, max-snippet:-1, max-image-preview:large, max-video-preview:-1\" \/>\n<link rel=\"canonical\" href=\"https:\/\/mwc-cmm.org\/es\/grupo-de-trabajo-de-cuidado-de-la-creacion\/tiempo-de-la-creacion-oraciones\/\" \/>\n<meta property=\"og:locale\" content=\"es_ES\" \/>\n<meta property=\"og:type\" content=\"article\" \/>\n<meta property=\"og:title\" content=\"Tiempo de la Creaci\u00f3n \u2013 oraciones - Mennonite World Conference\" \/>\n<meta property=\"og:description\" content=\"\u00a1El Grupo de Trabajo de Cuidado de la Creaci\u00f3n del CMM desea animar a todos los miembros y congregaciones a participar en el&nbsp;Tiempo de la Creaci\u00f3n! Del 1 de septiembre al 4 de octubre, las iglesias de todo el mundo se unen como familia, en oraci\u00f3n y acci\u00f3n por el cuidado del planeta, nuestra casa [&hellip;]\" \/>\n<meta property=\"og:url\" content=\"https:\/\/mwc-cmm.org\/es\/grupo-de-trabajo-de-cuidado-de-la-creacion\/tiempo-de-la-creacion-oraciones\/\" \/>\n<meta property=\"og:site_name\" content=\"Mennonite World Conference\" \/>\n<meta property=\"article:publisher\" content=\"https:\/\/www.facebook.com\/MennoniteWorldConference\" \/>\n<meta property=\"article:modified_time\" content=\"2025-08-31T01:40:11+00:00\" \/>\n<meta property=\"og:image\" content=\"https:\/\/mwc-cmm.org\/wp-content\/uploads\/2024\/10\/seasonofcreation_-_cropped.png\" \/>\n\t<meta property=\"og:image:width\" content=\"1199\" \/>\n\t<meta property=\"og:image:height\" content=\"870\" \/>\n\t<meta property=\"og:image:type\" content=\"image\/png\" \/>\n<script type=\"application\/ld+json\" class=\"yoast-schema-graph\">{\"@context\":\"https:\/\/schema.org\",\"@graph\":[{\"@type\":\"WebPage\",\"@id\":\"https:\/\/mwc-cmm.org\/es\/grupo-de-trabajo-de-cuidado-de-la-creacion\/tiempo-de-la-creacion-oraciones\/\",\"url\":\"https:\/\/mwc-cmm.org\/es\/grupo-de-trabajo-de-cuidado-de-la-creacion\/tiempo-de-la-creacion-oraciones\/\",\"name\":\"Tiempo de la Creaci\u00f3n \u2013 oraciones - Mennonite World Conference\",\"isPartOf\":{\"@id\":\"https:\/\/mwc-cmm.org\/en\/#website\"},\"primaryImageOfPage\":{\"@id\":\"https:\/\/mwc-cmm.org\/es\/grupo-de-trabajo-de-cuidado-de-la-creacion\/tiempo-de-la-creacion-oraciones\/#primaryimage\"},\"image\":{\"@id\":\"https:\/\/mwc-cmm.org\/es\/grupo-de-trabajo-de-cuidado-de-la-creacion\/tiempo-de-la-creacion-oraciones\/#primaryimage\"},\"thumbnailUrl\":\"https:\/\/mwc-cmm.org\/wp-content\/uploads\/2024\/10\/seasonofcreation_-_cropped-300x218.png\",\"datePublished\":\"2020-08-31T00:00:00+00:00\",\"dateModified\":\"2025-08-31T01:40:11+00:00\",\"breadcrumb\":{\"@id\":\"https:\/\/mwc-cmm.org\/es\/grupo-de-trabajo-de-cuidado-de-la-creacion\/tiempo-de-la-creacion-oraciones\/#breadcrumb\"},\"inLanguage\":\"es\",\"potentialAction\":[{\"@type\":\"ReadAction\",\"target\":[\"https:\/\/mwc-cmm.org\/es\/grupo-de-trabajo-de-cuidado-de-la-creacion\/tiempo-de-la-creacion-oraciones\/\"]}]},{\"@type\":\"ImageObject\",\"inLanguage\":\"es\",\"@id\":\"https:\/\/mwc-cmm.org\/es\/grupo-de-trabajo-de-cuidado-de-la-creacion\/tiempo-de-la-creacion-oraciones\/#primaryimage\",\"url\":\"https:\/\/mwc-cmm.org\/wp-content\/uploads\/2024\/10\/seasonofcreation_-_cropped-300x218.png\",\"contentUrl\":\"https:\/\/mwc-cmm.org\/wp-content\/uploads\/2024\/10\/seasonofcreation_-_cropped-300x218.png\"},{\"@type\":\"BreadcrumbList\",\"@id\":\"https:\/\/mwc-cmm.org\/es\/grupo-de-trabajo-de-cuidado-de-la-creacion\/tiempo-de-la-creacion-oraciones\/#breadcrumb\",\"itemListElement\":[{\"@type\":\"ListItem\",\"position\":1,\"name\":\"Home\",\"item\":\"https:\/\/mwc-cmm.org\/es\/\"},{\"@type\":\"ListItem\",\"position\":2,\"name\":\"Grupo de Trabajo de Cuidado de la Creaci\u00f3n\",\"item\":\"https:\/\/mwc-cmm.org\/es\/grupo-de-trabajo-de-cuidado-de-la-creacion\/\"},{\"@type\":\"ListItem\",\"position\":3,\"name\":\"Tiempo de la Creaci\u00f3n \u2013 oraciones\"}]},{\"@type\":\"WebSite\",\"@id\":\"https:\/\/mwc-cmm.org\/en\/#website\",\"url\":\"https:\/\/mwc-cmm.org\/en\/\",\"name\":\"Mennonite World Conference\",\"description\":\"A communion of Anabaptist-related churches\",\"publisher\":{\"@id\":\"https:\/\/mwc-cmm.org\/en\/#organization\"},\"alternateName\":\"MWC\",\"potentialAction\":[{\"@type\":\"SearchAction\",\"target\":{\"@type\":\"EntryPoint\",\"urlTemplate\":\"https:\/\/mwc-cmm.org\/en\/?s={search_term_string}\"},\"query-input\":{\"@type\":\"PropertyValueSpecification\",\"valueRequired\":true,\"valueName\":\"search_term_string\"}}],\"inLanguage\":\"es\"},{\"@type\":\"Organization\",\"@id\":\"https:\/\/mwc-cmm.org\/en\/#organization\",\"name\":\"Mennonite World Conference\",\"alternateName\":\"MWC\",\"url\":\"https:\/\/mwc-cmm.org\/en\/\",\"logo\":{\"@type\":\"ImageObject\",\"inLanguage\":\"es\",\"@id\":\"https:\/\/mwc-cmm.org\/en\/#\/schema\/logo\/image\/\",\"url\":\"https:\/\/mwc-cmm.org\/wp-content\/uploads\/2026\/01\/MWC_Sig_Blue_Horiz_webheader1-logo.svg\",\"contentUrl\":\"https:\/\/mwc-cmm.org\/wp-content\/uploads\/2026\/01\/MWC_Sig_Blue_Horiz_webheader1-logo.svg\",\"width\":786,\"height\":82,\"caption\":\"Mennonite World Conference\"},\"image\":{\"@id\":\"https:\/\/mwc-cmm.org\/en\/#\/schema\/logo\/image\/\"},\"sameAs\":[\"https:\/\/www.facebook.com\/MennoniteWorldConference\",\"https:\/\/www.linkedin.com\/company\/mennonite-world-conference-mwc\/\",\"https:\/\/www.instagram.com\/mwcmm\/\",\"https:\/\/www.youtube.com\/user\/mwccmm\",\"https:\/\/bsky.app\/profile\/mwcmm.bsky.social\"]}]}<\/script>\n<!-- \/ Yoast SEO plugin. -->","yoast_head_json":{"title":"Tiempo de la Creaci\u00f3n \u2013 oraciones - Mennonite World Conference","robots":{"index":"index","follow":"follow","max-snippet":"max-snippet:-1","max-image-preview":"max-image-preview:large","max-video-preview":"max-video-preview:-1"},"canonical":"https:\/\/mwc-cmm.org\/es\/grupo-de-trabajo-de-cuidado-de-la-creacion\/tiempo-de-la-creacion-oraciones\/","og_locale":"es_ES","og_type":"article","og_title":"Tiempo de la Creaci\u00f3n \u2013 oraciones - Mennonite World Conference","og_description":"\u00a1El Grupo de Trabajo de Cuidado de la Creaci\u00f3n del CMM desea animar a todos los miembros y congregaciones a participar en el&nbsp;Tiempo de la Creaci\u00f3n! Del 1 de septiembre al 4 de octubre, las iglesias de todo el mundo se unen como familia, en oraci\u00f3n y acci\u00f3n por el cuidado del planeta, nuestra casa [&hellip;]","og_url":"https:\/\/mwc-cmm.org\/es\/grupo-de-trabajo-de-cuidado-de-la-creacion\/tiempo-de-la-creacion-oraciones\/","og_site_name":"Mennonite World Conference","article_publisher":"https:\/\/www.facebook.com\/MennoniteWorldConference","article_modified_time":"2025-08-31T01:40:11+00:00","og_image":[{"width":1199,"height":870,"url":"https:\/\/mwc-cmm.org\/wp-content\/uploads\/2024\/10\/seasonofcreation_-_cropped.png","type":"image\/png"}],"schema":{"@context":"https:\/\/schema.org","@graph":[{"@type":"WebPage","@id":"https:\/\/mwc-cmm.org\/es\/grupo-de-trabajo-de-cuidado-de-la-creacion\/tiempo-de-la-creacion-oraciones\/","url":"https:\/\/mwc-cmm.org\/es\/grupo-de-trabajo-de-cuidado-de-la-creacion\/tiempo-de-la-creacion-oraciones\/","name":"Tiempo de la Creaci\u00f3n \u2013 oraciones - Mennonite World Conference","isPartOf":{"@id":"https:\/\/mwc-cmm.org\/en\/#website"},"primaryImageOfPage":{"@id":"https:\/\/mwc-cmm.org\/es\/grupo-de-trabajo-de-cuidado-de-la-creacion\/tiempo-de-la-creacion-oraciones\/#primaryimage"},"image":{"@id":"https:\/\/mwc-cmm.org\/es\/grupo-de-trabajo-de-cuidado-de-la-creacion\/tiempo-de-la-creacion-oraciones\/#primaryimage"},"thumbnailUrl":"https:\/\/mwc-cmm.org\/wp-content\/uploads\/2024\/10\/seasonofcreation_-_cropped-300x218.png","datePublished":"2020-08-31T00:00:00+00:00","dateModified":"2025-08-31T01:40:11+00:00","breadcrumb":{"@id":"https:\/\/mwc-cmm.org\/es\/grupo-de-trabajo-de-cuidado-de-la-creacion\/tiempo-de-la-creacion-oraciones\/#breadcrumb"},"inLanguage":"es","potentialAction":[{"@type":"ReadAction","target":["https:\/\/mwc-cmm.org\/es\/grupo-de-trabajo-de-cuidado-de-la-creacion\/tiempo-de-la-creacion-oraciones\/"]}]},{"@type":"ImageObject","inLanguage":"es","@id":"https:\/\/mwc-cmm.org\/es\/grupo-de-trabajo-de-cuidado-de-la-creacion\/tiempo-de-la-creacion-oraciones\/#primaryimage","url":"https:\/\/mwc-cmm.org\/wp-content\/uploads\/2024\/10\/seasonofcreation_-_cropped-300x218.png","contentUrl":"https:\/\/mwc-cmm.org\/wp-content\/uploads\/2024\/10\/seasonofcreation_-_cropped-300x218.png"},{"@type":"BreadcrumbList","@id":"https:\/\/mwc-cmm.org\/es\/grupo-de-trabajo-de-cuidado-de-la-creacion\/tiempo-de-la-creacion-oraciones\/#breadcrumb","itemListElement":[{"@type":"ListItem","position":1,"name":"Home","item":"https:\/\/mwc-cmm.org\/es\/"},{"@type":"ListItem","position":2,"name":"Grupo de Trabajo de Cuidado de la Creaci\u00f3n","item":"https:\/\/mwc-cmm.org\/es\/grupo-de-trabajo-de-cuidado-de-la-creacion\/"},{"@type":"ListItem","position":3,"name":"Tiempo de la Creaci\u00f3n \u2013 oraciones"}]},{"@type":"WebSite","@id":"https:\/\/mwc-cmm.org\/en\/#website","url":"https:\/\/mwc-cmm.org\/en\/","name":"Mennonite World Conference","description":"A communion of Anabaptist-related churches","publisher":{"@id":"https:\/\/mwc-cmm.org\/en\/#organization"},"alternateName":"MWC","potentialAction":[{"@type":"SearchAction","target":{"@type":"EntryPoint","urlTemplate":"https:\/\/mwc-cmm.org\/en\/?s={search_term_string}"},"query-input":{"@type":"PropertyValueSpecification","valueRequired":true,"valueName":"search_term_string"}}],"inLanguage":"es"},{"@type":"Organization","@id":"https:\/\/mwc-cmm.org\/en\/#organization","name":"Mennonite World Conference","alternateName":"MWC","url":"https:\/\/mwc-cmm.org\/en\/","logo":{"@type":"ImageObject","inLanguage":"es","@id":"https:\/\/mwc-cmm.org\/en\/#\/schema\/logo\/image\/","url":"https:\/\/mwc-cmm.org\/wp-content\/uploads\/2026\/01\/MWC_Sig_Blue_Horiz_webheader1-logo.svg","contentUrl":"https:\/\/mwc-cmm.org\/wp-content\/uploads\/2026\/01\/MWC_Sig_Blue_Horiz_webheader1-logo.svg","width":786,"height":82,"caption":"Mennonite World Conference"},"image":{"@id":"https:\/\/mwc-cmm.org\/en\/#\/schema\/logo\/image\/"},"sameAs":["https:\/\/www.facebook.com\/MennoniteWorldConference","https:\/\/www.linkedin.com\/company\/mennonite-world-conference-mwc\/","https:\/\/www.instagram.com\/mwcmm\/","https:\/\/www.youtube.com\/user\/mwccmm","https:\/\/bsky.app\/profile\/mwcmm.bsky.social"]}]}},"_links":{"self":[{"href":"https:\/\/mwc-cmm.org\/es\/wp-json\/wp\/v2\/pages\/5789","targetHints":{"allow":["GET"]}}],"collection":[{"href":"https:\/\/mwc-cmm.org\/es\/wp-json\/wp\/v2\/pages"}],"about":[{"href":"https:\/\/mwc-cmm.org\/es\/wp-json\/wp\/v2\/types\/page"}],"author":[{"embeddable":true,"href":"https:\/\/mwc-cmm.org\/es\/wp-json\/wp\/v2\/users\/1"}],"replies":[{"embeddable":true,"href":"https:\/\/mwc-cmm.org\/es\/wp-json\/wp\/v2\/comments?post=5789"}],"version-history":[{"count":0,"href":"https:\/\/mwc-cmm.org\/es\/wp-json\/wp\/v2\/pages\/5789\/revisions"}],"up":[{"embeddable":true,"href":"https:\/\/mwc-cmm.org\/es\/wp-json\/wp\/v2\/pages\/11461"}],"wp:attachment":[{"href":"https:\/\/mwc-cmm.org\/es\/wp-json\/wp\/v2\/media?parent=5789"}],"curies":[{"name":"wp","href":"https:\/\/api.w.org\/{rel}","templated":true}]}}