{"id":5745,"date":"2019-07-29T00:00:00","date_gmt":"2019-07-29T00:00:00","guid":{"rendered":"https:\/\/mwc-cmm.org\/un-intern-2\/"},"modified":"2024-11-27T00:13:01","modified_gmt":"2024-11-27T00:13:01","slug":"pasante-del-cmm-en-la-onu","status":"publish","type":"page","link":"https:\/\/mwc-cmm.org\/es\/jovenes-anabautistas-yabs\/pasante-del-cmm-en-la-onu\/","title":{"rendered":"Pasante del CMM en la ONU"},"content":{"rendered":"\n<div class=\"wp-block-group alignwide has-global-padding is-content-justification-left is-layout-constrained wp-container-core-group-is-layout-acbac23d wp-block-group-is-layout-constrained\">\n<p>Se invita a los j\u00f3venes adultos de una iglesia miembro del Congreso Mundial Menonita (CMM) en el Hemisferio Sur a solicitar un a\u00f1o de pasant\u00eda en<a href=\"http:\/\/un.mcc.org\/\"> la oficina de Naciones Unidas del Comit\u00e9 Central Menonita<\/a> en Nueva York, EE.UU. El programa es auspiciado conjuntamente por el CMM y el Programa Internacional de Intercambio de Voluntarios (IVEP) del Comit\u00e9 Central Menonita.<\/p>\n\n\n\n<p>Los solicitantes deben tener entre 25 y 30 a\u00f1os, ser solteros, estudiantes universitarios, comprometidos con la paz y la construcci\u00f3n de la misma, y activos en una iglesia afiliada al CMM en su propio pa\u00eds. Tambi\u00e9n deben hablar ingl\u00e9s correctamente.<\/p>\n\n\n\n<p>Aprenda m\u00e1s sobre el programa de pasant\u00eda en la ONU y sobre IVEP en:<a href=\"http:\/\/ivep.mcc.org\/\"> ivep.mcc.org<\/a><\/p>\n<\/div>\n\n\n\n<h2 class=\"wp-block-heading alignwide is-style-green-eyebrow\">Nuestros pasantes anteriores:<\/h2>\n\n\n\n<div class=\"wp-block-columns alignwide is-layout-flex wp-container-core-columns-is-layout-7fc3d43a wp-block-columns-is-layout-flex\">\n<div class=\"wp-block-column is-layout-flow wp-block-column-is-layout-flow\">\n<figure class=\"wp-block-image aligncenter size-large\"><img decoding=\"async\" width=\"1024\" height=\"1024\" data-src=\"https:\/\/mwc-cmm.org\/wp-content\/uploads\/2024\/10\/daniel_esteban_pacheco_florez-1-1024x1024.jpg\" alt=\"Daniel Esteban Pacheco Florez (Armenia, Quindio, Colombia)\" class=\"wp-image-12811 lazyload\" style=\"--smush-placeholder-width: 1024px; --smush-placeholder-aspect-ratio: 1024\/1024;aspect-ratio:1;object-fit:cover\" data-srcset=\"https:\/\/mwc-cmm.org\/wp-content\/uploads\/2024\/10\/daniel_esteban_pacheco_florez-1-1024x1024.jpg 1024w, https:\/\/mwc-cmm.org\/wp-content\/uploads\/2024\/10\/daniel_esteban_pacheco_florez-1-300x300.jpg 300w, https:\/\/mwc-cmm.org\/wp-content\/uploads\/2024\/10\/daniel_esteban_pacheco_florez-1-150x150.jpg 150w, https:\/\/mwc-cmm.org\/wp-content\/uploads\/2024\/10\/daniel_esteban_pacheco_florez-1-768x768.jpg 768w, https:\/\/mwc-cmm.org\/wp-content\/uploads\/2024\/10\/daniel_esteban_pacheco_florez-1.jpg 1080w\" data-sizes=\"(max-width: 1024px) 100vw, 1024px\" src=\"data:image\/svg+xml;base64,PHN2ZyB3aWR0aD0iMSIgaGVpZ2h0PSIxIiB4bWxucz0iaHR0cDovL3d3dy53My5vcmcvMjAwMC9zdmciPjwvc3ZnPg==\" \/><\/figure>\n\n\n\n<h3 class=\"wp-block-heading\" style=\"margin-bottom:0\">Daniel Esteban Pacheco Florez <\/h3>\n\n\n\n<p style=\"margin-top:0\"><em>Armenia, Quindio, Colombia<\/em><\/p>\n\n\n\n<p>Iglesia Menonita de Colombia [Comunidad Cristiana Menonita de Paz Armenia<\/p>\n\n\n\n<p>2022-2023 <\/p>\n\n\n\n<p>(tiempo parcial)\u00a0<\/p>\n<\/div>\n\n\n\n<div class=\"wp-block-column is-layout-flow wp-block-column-is-layout-flow\">\n<figure class=\"wp-block-image aligncenter size-large\"><img decoding=\"async\" width=\"1024\" height=\"1024\" data-src=\"https:\/\/mwc-cmm.org\/wp-content\/uploads\/2024\/10\/tran_phuoc_square_0-1024x1024.jpg\" alt=\"Tran Quang Thien Phuoc \" class=\"wp-image-12915 lazyload\" style=\"--smush-placeholder-width: 1024px; --smush-placeholder-aspect-ratio: 1024\/1024;aspect-ratio:1;object-fit:cover\" data-srcset=\"https:\/\/mwc-cmm.org\/wp-content\/uploads\/2024\/10\/tran_phuoc_square_0-1024x1024.jpg 1024w, https:\/\/mwc-cmm.org\/wp-content\/uploads\/2024\/10\/tran_phuoc_square_0-300x300.jpg 300w, https:\/\/mwc-cmm.org\/wp-content\/uploads\/2024\/10\/tran_phuoc_square_0-150x150.jpg 150w, https:\/\/mwc-cmm.org\/wp-content\/uploads\/2024\/10\/tran_phuoc_square_0-768x768.jpg 768w, https:\/\/mwc-cmm.org\/wp-content\/uploads\/2024\/10\/tran_phuoc_square_0-1536x1536.jpg 1536w, https:\/\/mwc-cmm.org\/wp-content\/uploads\/2024\/10\/tran_phuoc_square_0.jpg 2000w\" data-sizes=\"(max-width: 1024px) 100vw, 1024px\" src=\"data:image\/svg+xml;base64,PHN2ZyB3aWR0aD0iMSIgaGVpZ2h0PSIxIiB4bWxucz0iaHR0cDovL3d3dy53My5vcmcvMjAwMC9zdmciPjwvc3ZnPg==\" \/><\/figure>\n\n\n\n<h3 class=\"wp-block-heading\">Tran Quang Thien Phuoc<\/h3>\n\n\n\n<p>Ho Chi Minh, Vietnam<\/p>\n\n\n\n<p>Vietnamese Mennonite Church (VMC)<\/p>\n\n\n\n<p>2017-2018<\/p>\n\n\n\n<p>The way of the open palm<\/p>\n<\/div>\n\n\n\n<div class=\"wp-block-column is-layout-flow wp-block-column-is-layout-flow\">\n<figure class=\"wp-block-image aligncenter size-large\"><img decoding=\"async\" width=\"1002\" height=\"1024\" data-src=\"https:\/\/mwc-cmm.org\/wp-content\/uploads\/2024\/10\/osiro_moses_2-1-1002x1024.jpg\" alt=\"Moses Osiro (Nairobi, Kenya)\" class=\"wp-image-12863 lazyload\" style=\"--smush-placeholder-width: 1002px; --smush-placeholder-aspect-ratio: 1002\/1024;aspect-ratio:1;object-fit:cover\" data-srcset=\"https:\/\/mwc-cmm.org\/wp-content\/uploads\/2024\/10\/osiro_moses_2-1-1002x1024.jpg 1002w, https:\/\/mwc-cmm.org\/wp-content\/uploads\/2024\/10\/osiro_moses_2-1-294x300.jpg 294w, https:\/\/mwc-cmm.org\/wp-content\/uploads\/2024\/10\/osiro_moses_2-1-768x785.jpg 768w, https:\/\/mwc-cmm.org\/wp-content\/uploads\/2024\/10\/osiro_moses_2-1.jpg 1500w\" data-sizes=\"(max-width: 1002px) 100vw, 1002px\" src=\"data:image\/svg+xml;base64,PHN2ZyB3aWR0aD0iMSIgaGVpZ2h0PSIxIiB4bWxucz0iaHR0cDovL3d3dy53My5vcmcvMjAwMC9zdmciPjwvc3ZnPg==\" \/><\/figure>\n\n\n\n<h3 class=\"wp-block-heading\" style=\"margin-bottom:0\">Moses Osiro<\/h3>\n\n\n\n<p style=\"margin-top:0\"><em>Nairobi, Kenia<\/em><\/p>\n\n\n\n<p>Iglesia Eastleigh Fellowship Centre<\/p>\n\n\n\n<p>2016-2017<\/p>\n\n\n\n<p><a href=\"https:\/\/mwc-cmm.org\/node\/511\">The perfect placement<\/a>&nbsp;<\/p>\n<\/div>\n\n\n\n<div class=\"wp-block-column is-layout-flow wp-block-column-is-layout-flow\">\n<figure class=\"wp-block-image aligncenter size-large\"><img decoding=\"async\" width=\"745\" height=\"1024\" data-src=\"https:\/\/mwc-cmm.org\/wp-content\/uploads\/2024\/10\/pacheco_lozano_juan_crop-1-745x1024.jpg\" alt=\"Juan Sebastian Pacheco Lozano (Bogot\u00e1, Colombia)\" class=\"wp-image-12876 lazyload\" style=\"--smush-placeholder-width: 745px; --smush-placeholder-aspect-ratio: 745\/1024;aspect-ratio:1;object-fit:cover\" data-srcset=\"https:\/\/mwc-cmm.org\/wp-content\/uploads\/2024\/10\/pacheco_lozano_juan_crop-1-745x1024.jpg 745w, https:\/\/mwc-cmm.org\/wp-content\/uploads\/2024\/10\/pacheco_lozano_juan_crop-1-218x300.jpg 218w, https:\/\/mwc-cmm.org\/wp-content\/uploads\/2024\/10\/pacheco_lozano_juan_crop-1-768x1055.jpg 768w, https:\/\/mwc-cmm.org\/wp-content\/uploads\/2024\/10\/pacheco_lozano_juan_crop-1-1118x1536.jpg 1118w, https:\/\/mwc-cmm.org\/wp-content\/uploads\/2024\/10\/pacheco_lozano_juan_crop-1.jpg 1456w\" data-sizes=\"(max-width: 745px) 100vw, 745px\" src=\"data:image\/svg+xml;base64,PHN2ZyB3aWR0aD0iMSIgaGVpZ2h0PSIxIiB4bWxucz0iaHR0cDovL3d3dy53My5vcmcvMjAwMC9zdmciPjwvc3ZnPg==\" \/><\/figure>\n\n\n\n<h3 class=\"wp-block-heading\" style=\"margin-bottom:0\">Juan Sebastian Pacheco Lozano <\/h3>\n\n\n\n<p style=\"margin-top:0\"><em>Bogot\u00e1, Colombia<\/em><\/p>\n\n\n\n<p>Iglesia Menonita de Teusaquillo<\/p>\n\n\n\n<p>2015-2016<\/p>\n\n\n\n<p><a href=\"https:\/\/mwc-cmm.org\/node\/439\">Global young adult advocates at UN<\/a><\/p>\n<\/div>\n<\/div>\n\n\n\n<div class=\"wp-block-columns alignwide is-layout-flex wp-container-core-columns-is-layout-28f84493 wp-block-columns-is-layout-flex\">\n<div class=\"wp-block-column is-layout-flow wp-block-column-is-layout-flow\">\n<figure class=\"wp-block-image aligncenter size-large\"><img decoding=\"async\" width=\"957\" height=\"1024\" data-src=\"https:\/\/mwc-cmm.org\/wp-content\/uploads\/2024\/10\/wambrauw_musa5-1-957x1024.jpg\" alt=\"Musa Wambrauw \u00a0(Papua, Indonesia)\" class=\"wp-image-12941 lazyload\" style=\"--smush-placeholder-width: 957px; --smush-placeholder-aspect-ratio: 957\/1024;aspect-ratio:1;object-fit:cover\" data-srcset=\"https:\/\/mwc-cmm.org\/wp-content\/uploads\/2024\/10\/wambrauw_musa5-1-957x1024.jpg 957w, https:\/\/mwc-cmm.org\/wp-content\/uploads\/2024\/10\/wambrauw_musa5-1-280x300.jpg 280w, https:\/\/mwc-cmm.org\/wp-content\/uploads\/2024\/10\/wambrauw_musa5-1-768x822.jpg 768w, https:\/\/mwc-cmm.org\/wp-content\/uploads\/2024\/10\/wambrauw_musa5-1-1435x1536.jpg 1435w, https:\/\/mwc-cmm.org\/wp-content\/uploads\/2024\/10\/wambrauw_musa5-1.jpg 1869w\" data-sizes=\"(max-width: 957px) 100vw, 957px\" src=\"data:image\/svg+xml;base64,PHN2ZyB3aWR0aD0iMSIgaGVpZ2h0PSIxIiB4bWxucz0iaHR0cDovL3d3dy53My5vcmcvMjAwMC9zdmciPjwvc3ZnPg==\" \/><\/figure>\n\n\n\n<h3 class=\"wp-block-heading\" style=\"margin-bottom:0\">Musa Wambrauw<\/h3>\n\n\n\n<p style=\"margin-top:0\"><em>Jin Padong Bulan Social, Papua\/Indonesia<\/em><\/p>\n\n\n\n<p>GKI Sion<\/p>\n\n\n\n<p>2014-2015<\/p>\n<\/div>\n\n\n\n<div class=\"wp-block-column is-layout-flow wp-block-column-is-layout-flow\">\n<figure class=\"wp-block-image aligncenter size-full is-resized\"><img decoding=\"async\" width=\"90\" height=\"90\" data-src=\"https:\/\/mwc-cmm.org\/wp-content\/uploads\/2024\/10\/thumb_un_intern-nham_jeahyun-1.jpg\" alt=\"JeaHyun Nham (Chuncheon, South Korea)\n\" class=\"wp-image-12902 lazyload\" style=\"--smush-placeholder-width: 90px; --smush-placeholder-aspect-ratio: 90\/90;aspect-ratio:1;object-fit:cover;width:100px\" src=\"data:image\/svg+xml;base64,PHN2ZyB3aWR0aD0iMSIgaGVpZ2h0PSIxIiB4bWxucz0iaHR0cDovL3d3dy53My5vcmcvMjAwMC9zdmciPjwvc3ZnPg==\" \/><\/figure>\n\n\n\n<h3 class=\"wp-block-heading\" style=\"margin-bottom:0\">JeaHyun Nham <\/h3>\n\n\n\n<p style=\"margin-top:0\"><em>Chuncheon, Corea del Sur<\/em><\/p>\n\n\n\n<p>Jesus Village Church\u00a0<\/p>\n\n\n\n<p>2013-2014<\/p>\n\n\n\n<p><a href=\"https:\/\/mwc-cmm.org\/node\/238\">Intern brings Korean voice for reconciliation<\/a><\/p>\n<\/div>\n\n\n\n<div class=\"wp-block-column is-layout-flow wp-block-column-is-layout-flow\">\n<figure class=\"wp-block-image aligncenter size-full\"><img decoding=\"async\" width=\"852\" height=\"900\" data-src=\"https:\/\/mwc-cmm.org\/wp-content\/uploads\/2024\/10\/muzarabani_godswill_2-1.jpg\" alt=\"Godswill Nhamo Muzarabani\" class=\"wp-image-12850 lazyload\" style=\"--smush-placeholder-width: 852px; --smush-placeholder-aspect-ratio: 852\/900;aspect-ratio:1;object-fit:cover\" data-srcset=\"https:\/\/mwc-cmm.org\/wp-content\/uploads\/2024\/10\/muzarabani_godswill_2-1.jpg 852w, https:\/\/mwc-cmm.org\/wp-content\/uploads\/2024\/10\/muzarabani_godswill_2-1-284x300.jpg 284w, https:\/\/mwc-cmm.org\/wp-content\/uploads\/2024\/10\/muzarabani_godswill_2-1-768x811.jpg 768w\" data-sizes=\"(max-width: 852px) 100vw, 852px\" src=\"data:image\/svg+xml;base64,PHN2ZyB3aWR0aD0iMSIgaGVpZ2h0PSIxIiB4bWxucz0iaHR0cDovL3d3dy53My5vcmcvMjAwMC9zdmciPjwvc3ZnPg==\" \/><\/figure>\n\n\n\n<h3 class=\"wp-block-heading\" style=\"margin-bottom:0\">Godswill Nhamo Muzarabani<\/h3>\n\n\n\n<p style=\"margin-top:0\"><em>Bulawayo, Zimbabue<\/em><\/p>\n\n\n\n<p><br>Iglesia de los Hermanos en Cristo de Entumbane<\/p>\n\n\n\n<p>2012-2013<\/p>\n\n\n\n<p><a href=\"https:\/\/mwc-cmm.org\/node\/161\">Straddling Laos and Zimbabwe<\/a><\/p>\n<\/div>\n\n\n\n<div class=\"wp-block-column is-layout-flow wp-block-column-is-layout-flow\">\n<figure class=\"wp-block-image aligncenter size-full\"><img decoding=\"async\" width=\"1500\" height=\"1607\" data-src=\"https:\/\/mwc-cmm.org\/wp-content\/uploads\/2024\/10\/vanegas_keyla2-1.jpg\" alt=\"Keyla Jaffet Cortez Vanegas (Managua, Nicaragua)\" class=\"wp-image-12928 lazyload\" style=\"--smush-placeholder-width: 1500px; --smush-placeholder-aspect-ratio: 1500\/1607;aspect-ratio:1;object-fit:cover\" data-srcset=\"https:\/\/mwc-cmm.org\/wp-content\/uploads\/2024\/10\/vanegas_keyla2-1.jpg 1500w, https:\/\/mwc-cmm.org\/wp-content\/uploads\/2024\/10\/vanegas_keyla2-1-280x300.jpg 280w, https:\/\/mwc-cmm.org\/wp-content\/uploads\/2024\/10\/vanegas_keyla2-1-956x1024.jpg 956w, https:\/\/mwc-cmm.org\/wp-content\/uploads\/2024\/10\/vanegas_keyla2-1-768x823.jpg 768w, https:\/\/mwc-cmm.org\/wp-content\/uploads\/2024\/10\/vanegas_keyla2-1-1434x1536.jpg 1434w\" data-sizes=\"(max-width: 1500px) 100vw, 1500px\" src=\"data:image\/svg+xml;base64,PHN2ZyB3aWR0aD0iMSIgaGVpZ2h0PSIxIiB4bWxucz0iaHR0cDovL3d3dy53My5vcmcvMjAwMC9zdmciPjwvc3ZnPg==\" \/><\/figure>\n\n\n\n<h3 class=\"wp-block-heading\" style=\"margin-bottom:0\">Keyla Jaffet Cortez Vanegas<\/h3>\n\n\n\n<p style=\"margin-top:0\"><em>Managua, Nicaragua<\/em><\/p>\n\n\n\n<p>Iglesia de los Hermanos en Cristo de Esquip-ulas<\/p>\n\n\n\n<p>2011-2012<\/p>\n<\/div>\n<\/div>\n\n\n\n<div class=\"wp-block-columns alignwide is-layout-flex wp-container-core-columns-is-layout-28f84493 wp-block-columns-is-layout-flex\">\n<div class=\"wp-block-column is-layout-flow wp-block-column-is-layout-flow\">\n<figure class=\"wp-block-image aligncenter size-full\"><img decoding=\"async\" width=\"699\" height=\"779\" data-src=\"https:\/\/mwc-cmm.org\/wp-content\/uploads\/2024\/10\/basumata_sumana_2-1.jpg\" alt=\"Sumana Basumata (Alipurduar, WB India)\" class=\"wp-image-12798 lazyload\" style=\"--smush-placeholder-width: 699px; --smush-placeholder-aspect-ratio: 699\/779;aspect-ratio:1;object-fit:cover\" data-srcset=\"https:\/\/mwc-cmm.org\/wp-content\/uploads\/2024\/10\/basumata_sumana_2-1.jpg 699w, https:\/\/mwc-cmm.org\/wp-content\/uploads\/2024\/10\/basumata_sumana_2-1-269x300.jpg 269w\" data-sizes=\"(max-width: 699px) 100vw, 699px\" src=\"data:image\/svg+xml;base64,PHN2ZyB3aWR0aD0iMSIgaGVpZ2h0PSIxIiB4bWxucz0iaHR0cDovL3d3dy53My5vcmcvMjAwMC9zdmciPjwvc3ZnPg==\" \/><\/figure>\n\n\n\n<h3 class=\"wp-block-heading\" style=\"margin-bottom:0\">Sumana Basumata<\/h3>\n\n\n\n<p style=\"margin-top:0\"><em>Alipurduar, WB India<\/em><\/p>\n\n\n\n<p>Little Flock Fellowship, (B.J.C.P.M.)<\/p>\n\n\n\n<p>2010-2011<\/p>\n\n\n\n<div class=\"wp-block-columns is-layout-flex wp-container-core-columns-is-layout-28f84493 wp-block-columns-is-layout-flex\">\n<div class=\"wp-block-column is-layout-flow wp-block-column-is-layout-flow\" style=\"flex-basis:33.33%\"><\/div>\n\n\n\n<div class=\"wp-block-column is-layout-flow wp-block-column-is-layout-flow\" style=\"flex-basis:66.66%\"><\/div>\n<\/div>\n<\/div>\n\n\n\n<div class=\"wp-block-column is-layout-flow wp-block-column-is-layout-flow\">\n<figure class=\"wp-block-image aligncenter size-full\"><img decoding=\"async\" width=\"700\" height=\"847\" data-src=\"https:\/\/mwc-cmm.org\/wp-content\/uploads\/2024\/10\/floresvindel_karen2-1.jpg\" alt=\"Karen Flores Vindel (Atlantida, Honduras)\" class=\"wp-image-12824 lazyload\" style=\"--smush-placeholder-width: 700px; --smush-placeholder-aspect-ratio: 700\/847;aspect-ratio:1;object-fit:cover\" data-srcset=\"https:\/\/mwc-cmm.org\/wp-content\/uploads\/2024\/10\/floresvindel_karen2-1.jpg 700w, https:\/\/mwc-cmm.org\/wp-content\/uploads\/2024\/10\/floresvindel_karen2-1-248x300.jpg 248w\" data-sizes=\"(max-width: 700px) 100vw, 700px\" src=\"data:image\/svg+xml;base64,PHN2ZyB3aWR0aD0iMSIgaGVpZ2h0PSIxIiB4bWxucz0iaHR0cDovL3d3dy53My5vcmcvMjAwMC9zdmciPjwvc3ZnPg==\" \/><\/figure>\n\n\n\n<h3 class=\"wp-block-heading\" style=\"margin-bottom:0\">Karen Flores Vindel<\/h3>\n\n\n\n<p style=\"margin-top:0\"><em>Atl\u00e1ntida, Honduras<\/em><\/p>\n\n\n\n<p>Iglesia Evang\u00e9lica Menonita, La Ceiba<\/p>\n\n\n\n<p>2009-2010<\/p>\n\n\n\n<div class=\"wp-block-columns is-layout-flex wp-container-core-columns-is-layout-28f84493 wp-block-columns-is-layout-flex\">\n<div class=\"wp-block-column is-layout-flow wp-block-column-is-layout-flow\" style=\"flex-basis:33.33%\"><\/div>\n\n\n\n<div class=\"wp-block-column is-layout-flow wp-block-column-is-layout-flow\" style=\"flex-basis:66.66%\"><\/div>\n<\/div>\n<\/div>\n\n\n\n<div class=\"wp-block-column is-layout-flow wp-block-column-is-layout-flow\">\n<figure class=\"wp-block-image aligncenter size-full\"><img decoding=\"async\" width=\"728\" height=\"786\" data-src=\"https:\/\/mwc-cmm.org\/wp-content\/uploads\/2024\/10\/gelagle_edited-1-1.jpg\" alt=\"Tigist Gelagle (Addis Ababa,Ethiopia)\" class=\"wp-image-12837 lazyload\" style=\"--smush-placeholder-width: 728px; --smush-placeholder-aspect-ratio: 728\/786;aspect-ratio:1;object-fit:cover\" data-srcset=\"https:\/\/mwc-cmm.org\/wp-content\/uploads\/2024\/10\/gelagle_edited-1-1.jpg 728w, https:\/\/mwc-cmm.org\/wp-content\/uploads\/2024\/10\/gelagle_edited-1-1-278x300.jpg 278w\" data-sizes=\"(max-width: 728px) 100vw, 728px\" src=\"data:image\/svg+xml;base64,PHN2ZyB3aWR0aD0iMSIgaGVpZ2h0PSIxIiB4bWxucz0iaHR0cDovL3d3dy53My5vcmcvMjAwMC9zdmciPjwvc3ZnPg==\" \/><\/figure>\n\n\n\n<h3 class=\"wp-block-heading\" style=\"margin-bottom:0\">Tigist Gelagle<\/h3>\n\n\n\n<p style=\"margin-top:0\"><em>Addis Ababa,Etiopia<\/em><\/p>\n\n\n\n<p>Gurd Shola Meserete Keristos\u00a0<\/p>\n\n\n\n<p>2008-2009<\/p>\n<\/div>\n\n\n\n<div class=\"wp-block-column is-layout-flow wp-block-column-is-layout-flow\">\n<figure class=\"wp-block-image aligncenter size-full\"><img decoding=\"async\" width=\"700\" height=\"736\" data-src=\"https:\/\/mwc-cmm.org\/wp-content\/uploads\/2024\/10\/susanti_2-1.jpg\" alt=\"Melani \u201cMila\u201d Susanti (Salatiga, Indonesia)\" class=\"wp-image-12889 lazyload\" style=\"--smush-placeholder-width: 700px; --smush-placeholder-aspect-ratio: 700\/736;aspect-ratio:1;object-fit:cover\" data-srcset=\"https:\/\/mwc-cmm.org\/wp-content\/uploads\/2024\/10\/susanti_2-1.jpg 700w, https:\/\/mwc-cmm.org\/wp-content\/uploads\/2024\/10\/susanti_2-1-285x300.jpg 285w\" data-sizes=\"(max-width: 700px) 100vw, 700px\" src=\"data:image\/svg+xml;base64,PHN2ZyB3aWR0aD0iMSIgaGVpZ2h0PSIxIiB4bWxucz0iaHR0cDovL3d3dy53My5vcmcvMjAwMC9zdmciPjwvc3ZnPg==\" \/><\/figure>\n\n\n\n<h3 class=\"wp-block-heading\" style=\"margin-bottom:0\">Melani \u201cMila\u201d Susanti <\/h3>\n\n\n\n<p style=\"margin-top:0\"><em>Salatiga, Indonesia<\/em><\/p>\n\n\n\n<p>GKMI Siloam<\/p>\n\n\n\n<p>2007-2008<\/p>\n<\/div>\n<\/div>\n","protected":false},"excerpt":{"rendered":"<p>Se invita a los j\u00f3venes adultos de una iglesia miembro del Congreso Mundial Menonita (CMM) en el Hemisferio Sur a solicitar un a\u00f1o de pasant\u00eda en la oficina de Naciones Unidas del Comit\u00e9 Central Menonita en Nueva York, EE.UU. El programa es auspiciado conjuntamente por el CMM y el Programa Internacional de Intercambio de Voluntarios [&hellip;]<\/p>\n","protected":false},"author":1,"featured_media":0,"parent":11448,"menu_order":0,"comment_status":"closed","ping_status":"closed","template":"","meta":{"_acf_changed":false,"footnotes":""},"class_list":["post-5745","page","type-page","status-publish","hentry"],"acf":[],"yoast_head":"<!-- This site is optimized with the Yoast SEO plugin v27.2 - https:\/\/yoast.com\/product\/yoast-seo-wordpress\/ -->\n<title>Pasante del CMM en la ONU - Mennonite World Conference<\/title>\n<meta name=\"robots\" content=\"index, follow, max-snippet:-1, max-image-preview:large, max-video-preview:-1\" \/>\n<link rel=\"canonical\" href=\"https:\/\/mwc-cmm.org\/en\/young-anabaptists\/un-intern\/\" \/>\n<meta property=\"og:locale\" content=\"es_ES\" \/>\n<meta property=\"og:type\" content=\"article\" \/>\n<meta property=\"og:title\" content=\"Pasante del CMM en la ONU - Mennonite World Conference\" \/>\n<meta property=\"og:description\" content=\"Se invita a los j\u00f3venes adultos de una iglesia miembro del Congreso Mundial Menonita (CMM) en el Hemisferio Sur a solicitar un a\u00f1o de pasant\u00eda en la oficina de Naciones Unidas del Comit\u00e9 Central Menonita en Nueva York, EE.UU. El programa es auspiciado conjuntamente por el CMM y el Programa Internacional de Intercambio de Voluntarios [&hellip;]\" \/>\n<meta property=\"og:url\" content=\"https:\/\/mwc-cmm.org\/en\/young-anabaptists\/un-intern\/\" \/>\n<meta property=\"og:site_name\" content=\"Mennonite World Conference\" \/>\n<meta property=\"article:publisher\" content=\"https:\/\/www.facebook.com\/MennoniteWorldConference\" \/>\n<meta property=\"article:modified_time\" content=\"2024-11-27T00:13:01+00:00\" \/>\n<meta property=\"og:image\" content=\"https:\/\/mwc-cmm.org\/wp-content\/uploads\/2024\/10\/daniel_esteban_pacheco_florez-1.jpg\" \/>\n\t<meta property=\"og:image:width\" content=\"1080\" \/>\n\t<meta property=\"og:image:height\" content=\"1080\" \/>\n\t<meta property=\"og:image:type\" content=\"image\/jpeg\" \/>\n<script type=\"application\/ld+json\" class=\"yoast-schema-graph\">{\"@context\":\"https:\/\/schema.org\",\"@graph\":[{\"@type\":\"WebPage\",\"@id\":\"https:\/\/mwc-cmm.org\/en\/young-anabaptists\/un-intern\/\",\"url\":\"https:\/\/mwc-cmm.org\/en\/young-anabaptists\/un-intern\/\",\"name\":\"Pasante del CMM en la ONU - Mennonite World Conference\",\"isPartOf\":{\"@id\":\"https:\/\/mwc-cmm.org\/en\/#website\"},\"primaryImageOfPage\":{\"@id\":\"https:\/\/mwc-cmm.org\/en\/young-anabaptists\/un-intern\/#primaryimage\"},\"image\":{\"@id\":\"https:\/\/mwc-cmm.org\/en\/young-anabaptists\/un-intern\/#primaryimage\"},\"thumbnailUrl\":\"https:\/\/mwc-cmm.org\/wp-content\/uploads\/2024\/10\/daniel_esteban_pacheco_florez-1-1024x1024.jpg\",\"datePublished\":\"2019-07-29T00:00:00+00:00\",\"dateModified\":\"2024-11-27T00:13:01+00:00\",\"breadcrumb\":{\"@id\":\"https:\/\/mwc-cmm.org\/en\/young-anabaptists\/un-intern\/#breadcrumb\"},\"inLanguage\":\"es\",\"potentialAction\":[{\"@type\":\"ReadAction\",\"target\":[\"https:\/\/mwc-cmm.org\/en\/young-anabaptists\/un-intern\/\"]}]},{\"@type\":\"ImageObject\",\"inLanguage\":\"es\",\"@id\":\"https:\/\/mwc-cmm.org\/en\/young-anabaptists\/un-intern\/#primaryimage\",\"url\":\"https:\/\/mwc-cmm.org\/wp-content\/uploads\/2024\/10\/daniel_esteban_pacheco_florez-1-1024x1024.jpg\",\"contentUrl\":\"https:\/\/mwc-cmm.org\/wp-content\/uploads\/2024\/10\/daniel_esteban_pacheco_florez-1-1024x1024.jpg\"},{\"@type\":\"BreadcrumbList\",\"@id\":\"https:\/\/mwc-cmm.org\/en\/young-anabaptists\/un-intern\/#breadcrumb\",\"itemListElement\":[{\"@type\":\"ListItem\",\"position\":1,\"name\":\"Home\",\"item\":\"https:\/\/mwc-cmm.org\/es\/\"},{\"@type\":\"ListItem\",\"position\":2,\"name\":\"J\u00f3venes Anabautistas (YABs)\",\"item\":\"https:\/\/mwc-cmm.org\/es\/jovenes-anabautistas-yabs\/\"},{\"@type\":\"ListItem\",\"position\":3,\"name\":\"Pasante del CMM en la ONU\"}]},{\"@type\":\"WebSite\",\"@id\":\"https:\/\/mwc-cmm.org\/en\/#website\",\"url\":\"https:\/\/mwc-cmm.org\/en\/\",\"name\":\"Mennonite World Conference\",\"description\":\"A communion of Anabaptist-related churches\",\"publisher\":{\"@id\":\"https:\/\/mwc-cmm.org\/en\/#organization\"},\"alternateName\":\"MWC\",\"potentialAction\":[{\"@type\":\"SearchAction\",\"target\":{\"@type\":\"EntryPoint\",\"urlTemplate\":\"https:\/\/mwc-cmm.org\/en\/?s={search_term_string}\"},\"query-input\":{\"@type\":\"PropertyValueSpecification\",\"valueRequired\":true,\"valueName\":\"search_term_string\"}}],\"inLanguage\":\"es\"},{\"@type\":\"Organization\",\"@id\":\"https:\/\/mwc-cmm.org\/en\/#organization\",\"name\":\"Mennonite World Conference\",\"alternateName\":\"MWC\",\"url\":\"https:\/\/mwc-cmm.org\/en\/\",\"logo\":{\"@type\":\"ImageObject\",\"inLanguage\":\"es\",\"@id\":\"https:\/\/mwc-cmm.org\/en\/#\/schema\/logo\/image\/\",\"url\":\"https:\/\/mwc-cmm.org\/wp-content\/uploads\/2026\/01\/MWC_Sig_Blue_Horiz_webheader1-logo.svg\",\"contentUrl\":\"https:\/\/mwc-cmm.org\/wp-content\/uploads\/2026\/01\/MWC_Sig_Blue_Horiz_webheader1-logo.svg\",\"width\":786,\"height\":82,\"caption\":\"Mennonite World Conference\"},\"image\":{\"@id\":\"https:\/\/mwc-cmm.org\/en\/#\/schema\/logo\/image\/\"},\"sameAs\":[\"https:\/\/www.facebook.com\/MennoniteWorldConference\",\"https:\/\/www.linkedin.com\/company\/mennonite-world-conference-mwc\/\",\"https:\/\/www.instagram.com\/mwcmm\/\",\"https:\/\/www.youtube.com\/user\/mwccmm\",\"https:\/\/bsky.app\/profile\/mwcmm.bsky.social\"]}]}<\/script>\n<!-- \/ Yoast SEO plugin. -->","yoast_head_json":{"title":"Pasante del CMM en la ONU - Mennonite World Conference","robots":{"index":"index","follow":"follow","max-snippet":"max-snippet:-1","max-image-preview":"max-image-preview:large","max-video-preview":"max-video-preview:-1"},"canonical":"https:\/\/mwc-cmm.org\/en\/young-anabaptists\/un-intern\/","og_locale":"es_ES","og_type":"article","og_title":"Pasante del CMM en la ONU - Mennonite World Conference","og_description":"Se invita a los j\u00f3venes adultos de una iglesia miembro del Congreso Mundial Menonita (CMM) en el Hemisferio Sur a solicitar un a\u00f1o de pasant\u00eda en la oficina de Naciones Unidas del Comit\u00e9 Central Menonita en Nueva York, EE.UU. El programa es auspiciado conjuntamente por el CMM y el Programa Internacional de Intercambio de Voluntarios [&hellip;]","og_url":"https:\/\/mwc-cmm.org\/en\/young-anabaptists\/un-intern\/","og_site_name":"Mennonite World Conference","article_publisher":"https:\/\/www.facebook.com\/MennoniteWorldConference","article_modified_time":"2024-11-27T00:13:01+00:00","og_image":[{"width":1080,"height":1080,"url":"https:\/\/mwc-cmm.org\/wp-content\/uploads\/2024\/10\/daniel_esteban_pacheco_florez-1.jpg","type":"image\/jpeg"}],"schema":{"@context":"https:\/\/schema.org","@graph":[{"@type":"WebPage","@id":"https:\/\/mwc-cmm.org\/en\/young-anabaptists\/un-intern\/","url":"https:\/\/mwc-cmm.org\/en\/young-anabaptists\/un-intern\/","name":"Pasante del CMM en la ONU - Mennonite World Conference","isPartOf":{"@id":"https:\/\/mwc-cmm.org\/en\/#website"},"primaryImageOfPage":{"@id":"https:\/\/mwc-cmm.org\/en\/young-anabaptists\/un-intern\/#primaryimage"},"image":{"@id":"https:\/\/mwc-cmm.org\/en\/young-anabaptists\/un-intern\/#primaryimage"},"thumbnailUrl":"https:\/\/mwc-cmm.org\/wp-content\/uploads\/2024\/10\/daniel_esteban_pacheco_florez-1-1024x1024.jpg","datePublished":"2019-07-29T00:00:00+00:00","dateModified":"2024-11-27T00:13:01+00:00","breadcrumb":{"@id":"https:\/\/mwc-cmm.org\/en\/young-anabaptists\/un-intern\/#breadcrumb"},"inLanguage":"es","potentialAction":[{"@type":"ReadAction","target":["https:\/\/mwc-cmm.org\/en\/young-anabaptists\/un-intern\/"]}]},{"@type":"ImageObject","inLanguage":"es","@id":"https:\/\/mwc-cmm.org\/en\/young-anabaptists\/un-intern\/#primaryimage","url":"https:\/\/mwc-cmm.org\/wp-content\/uploads\/2024\/10\/daniel_esteban_pacheco_florez-1-1024x1024.jpg","contentUrl":"https:\/\/mwc-cmm.org\/wp-content\/uploads\/2024\/10\/daniel_esteban_pacheco_florez-1-1024x1024.jpg"},{"@type":"BreadcrumbList","@id":"https:\/\/mwc-cmm.org\/en\/young-anabaptists\/un-intern\/#breadcrumb","itemListElement":[{"@type":"ListItem","position":1,"name":"Home","item":"https:\/\/mwc-cmm.org\/es\/"},{"@type":"ListItem","position":2,"name":"J\u00f3venes Anabautistas (YABs)","item":"https:\/\/mwc-cmm.org\/es\/jovenes-anabautistas-yabs\/"},{"@type":"ListItem","position":3,"name":"Pasante del CMM en la ONU"}]},{"@type":"WebSite","@id":"https:\/\/mwc-cmm.org\/en\/#website","url":"https:\/\/mwc-cmm.org\/en\/","name":"Mennonite World Conference","description":"A communion of Anabaptist-related churches","publisher":{"@id":"https:\/\/mwc-cmm.org\/en\/#organization"},"alternateName":"MWC","potentialAction":[{"@type":"SearchAction","target":{"@type":"EntryPoint","urlTemplate":"https:\/\/mwc-cmm.org\/en\/?s={search_term_string}"},"query-input":{"@type":"PropertyValueSpecification","valueRequired":true,"valueName":"search_term_string"}}],"inLanguage":"es"},{"@type":"Organization","@id":"https:\/\/mwc-cmm.org\/en\/#organization","name":"Mennonite World Conference","alternateName":"MWC","url":"https:\/\/mwc-cmm.org\/en\/","logo":{"@type":"ImageObject","inLanguage":"es","@id":"https:\/\/mwc-cmm.org\/en\/#\/schema\/logo\/image\/","url":"https:\/\/mwc-cmm.org\/wp-content\/uploads\/2026\/01\/MWC_Sig_Blue_Horiz_webheader1-logo.svg","contentUrl":"https:\/\/mwc-cmm.org\/wp-content\/uploads\/2026\/01\/MWC_Sig_Blue_Horiz_webheader1-logo.svg","width":786,"height":82,"caption":"Mennonite World Conference"},"image":{"@id":"https:\/\/mwc-cmm.org\/en\/#\/schema\/logo\/image\/"},"sameAs":["https:\/\/www.facebook.com\/MennoniteWorldConference","https:\/\/www.linkedin.com\/company\/mennonite-world-conference-mwc\/","https:\/\/www.instagram.com\/mwcmm\/","https:\/\/www.youtube.com\/user\/mwccmm","https:\/\/bsky.app\/profile\/mwcmm.bsky.social"]}]}},"_links":{"self":[{"href":"https:\/\/mwc-cmm.org\/es\/wp-json\/wp\/v2\/pages\/5745","targetHints":{"allow":["GET"]}}],"collection":[{"href":"https:\/\/mwc-cmm.org\/es\/wp-json\/wp\/v2\/pages"}],"about":[{"href":"https:\/\/mwc-cmm.org\/es\/wp-json\/wp\/v2\/types\/page"}],"author":[{"embeddable":true,"href":"https:\/\/mwc-cmm.org\/es\/wp-json\/wp\/v2\/users\/1"}],"replies":[{"embeddable":true,"href":"https:\/\/mwc-cmm.org\/es\/wp-json\/wp\/v2\/comments?post=5745"}],"version-history":[{"count":0,"href":"https:\/\/mwc-cmm.org\/es\/wp-json\/wp\/v2\/pages\/5745\/revisions"}],"up":[{"embeddable":true,"href":"https:\/\/mwc-cmm.org\/es\/wp-json\/wp\/v2\/pages\/11448"}],"wp:attachment":[{"href":"https:\/\/mwc-cmm.org\/es\/wp-json\/wp\/v2\/media?parent=5745"}],"curies":[{"name":"wp","href":"https:\/\/api.w.org\/{rel}","templated":true}]}}