{"id":5735,"date":"2019-07-29T00:00:00","date_gmt":"2019-07-29T00:00:00","guid":{"rendered":"https:\/\/mwc-cmm.org\/itinerant-anabaptist-teachers-2\/"},"modified":"2024-11-15T22:57:07","modified_gmt":"2024-11-15T22:57:07","slug":"profesores-anabautistas-itinerantes","status":"publish","type":"page","link":"https:\/\/mwc-cmm.org\/es\/comisiones\/comision-de-fe-y-vida\/profesores-anabautistas-itinerantes\/","title":{"rendered":"Profesores Anabautistas Itinerantes"},"content":{"rendered":"\n<p>\u00a1Saludos en el nombre de Cristo! Como el ap\u00f3stol Pablo, \u201cDoy gracias a mi Dios cada vez que me acuerdo de ustedes. En todas mis oraciones por todos ustedes, siempre oro con alegr\u00eda, porque han participado en el evangelio desde el primer d\u00eda hasta ahora.\u201d (Fil. 1:3-5). \u00a1Gracias por sus dones para liderar y ministrar en el cuerpo de Cristo!<\/p>\n\n\n\n<p>Queremos dirigir su atenci\u00f3n a algunos recursos adicionales que tambi\u00e9n podr\u00edan ser de ayuda para sus pastores y l\u00edderes laicos en el crecimiento de su entender de la fe y la pr\u00e1ctica cristiana. Algunos de ustedes ya se han beneficiado del ministerio de profesores anabautistas itinerantes.<\/p>\n\n\n\n<p>Nos gustar\u00eda recomendarles y para que puedan tener en cuenta. Estamos seguros de que cada una de las personas que figuran abajo es un fiel int\u00e9rprete de las Escrituras y cada uno tiene un firme conocimiento de las ideas distintivas de la tradici\u00f3n teol\u00f3gica anabautista-menonita.<\/p>\n\n\n\n<p>Si est\u00e1 anhelando encontrar recursos que podr\u00edan fortalecer la identidad anabautista de su iglesia \u2013 o si ha o\u00eddo a algunos pastores comentar \u201cS\u00e9 que tenemos alg\u00fan tipo de conexi\u00f3n con la iglesia menonita \u2026 pero realmente no s\u00e9 lo que eso significa\u201d \u2013 entonces por favor <strong>considere extender una invitaci\u00f3n a una de estas personas para que lo visite y comparta con ustedes su ense\u00f1anza .<\/strong><\/p>\n\n\n\n<p>En la lista siguiente presentamos un resumen muy breve de los conocimientos, la capacidad ling\u00fc\u00edstica y las circunstancias de cada maestro. Por favor tenga en cuenta que los detalles de la disponibilidad de cada maestro y el posible costo var\u00edan de persona a persona.<\/p>\n\n\n\n<p>Si usted desea invitar a alguno de estos maestros puede ponerse en contacto directamente con ellos. O, si lo prefiere, env\u00ede un correo electr\u00f3nico a Anicka Fast (<a href=\"http:\/\/mwc-cmm.org\/es\/node\/93\">secretario de la Comisi\u00f3n de Fe y Vida del CMM<\/a>) y \u00e9l puede ayudarle a hacer el contacto.<\/p>\n\n\n\n<p>En su correo electr\u00f3nico, por favor describa:<\/p>\n\n\n\n<ol class=\"wp-block-list\">\n<li>sus intereses generales relacionados al tema;<\/li>\n\n\n\n<li>preferencia para programar una visita y el tipo de ense\u00f1anza (por ejemplo: un seminario de fin de semana; una semana de clases; serm\u00f3n, etc.);<\/li>\n\n\n\n<li>si podr\u00eda o no cubrir los gastos del viaje.<\/li>\n<\/ol>\n\n\n\n<p>Esperamos que los recursos de ense\u00f1anza que describimos a continuaci\u00f3n puedan ser de ayuda para que su iglesia adquiera m\u00e1s conocimiento en la escritura y lectura de la Biblia, m\u00e1s firmeza en su comprensi\u00f3n teol\u00f3gica y fortalezca su identidad como parte de la familia anabautista-menonita de la fe.<\/p>\n\n\n\n<p>Gracias por las muchas maneras en las que est\u00e1 dando testimonio del Evangelio all\u00ed en su \u00e1rea de influencia.<\/p>\n\n\n\n<p class=\"has-text-align-center\"><strong>Congreso Mundial Menonita<\/strong><\/p>\n\n\n\n<p class=\"has-text-align-center\"><strong>Comisi\u00f3n de Fe y Vida<\/strong><\/p>\n\n\n\n<p class=\"has-text-align-center\"><strong>Recursos de Ense\u00f1anza a corto plazo<\/strong><\/p>\n\n\n\n<p><strong>Mark Baker <\/strong>(<a href=\"mailto:mark.baker@fresno.edu\">mark.baker@fresno.edu<\/a>): profesor de misiones y teolog\u00eda en Fresno Pacific Biblical Seminary, Fresno, California. Idiomas en los que ense\u00f1a: ingl\u00e9s y espa\u00f1ol. Disponible para hablar sobre temas relacionados con G\u00e1latas, Cristolog\u00eda, contextualizando el tema de la cruz y la resurrecci\u00f3n, la teolog\u00eda de la expiaci\u00f3n. Tiempo disponible: un viaje de 7-10 d\u00edas por a\u00f1o. Puede cubrir algunos gastos del viaje, aunque tal vez no todos.<\/p>\n\n\n\n<p><strong>Neal Blough<\/strong> (<a href=\"mailto:nrblough@orange.fr\">nrblough@orange.fr<\/a>): hace mucho tiempo que es pastor, maestro, autor y te\u00f3logo de la Red Menonita de Misiones en Francia; Red Anabautista Franc\u00f3fona. Disponible para hablar sobre temas relacionados con la historia y la teolog\u00eda anabautista-menonita, especialmente la Cristolog\u00eda. Idiomas en los que ense\u00f1a: ingl\u00e9s y franc\u00e9s. Disponible una semana al a\u00f1o. Se deben cubrir los gastos de viaje (es posible que una porci\u00f3n de los gastos puedan ser cubiertos).&nbsp;<\/p>\n\n\n\n<p><strong>Tim Geddert <\/strong>&nbsp;(<a href=\"mailto:tgeddert@gmail.com\">tgeddert@gmail.com<\/a>): profesor del Nuevo Testamento en Fresno Pacific Biblical Seminary, Fresno, California. Idiomas en los que ense\u00f1a: ingl\u00e9s y alem\u00e1n. Disponible para hablar sobre temas relacionados con los estudios b\u00edblicos, sobre todo del Nuevo Testamento, especialmente los Evangelios (en especial Marcos y Lucas), la eclesiolog\u00eda y la misi\u00f3n del pueblo de Dios en el mundo. Se deben cubrir los gastos de viaje.<\/p>\n\n\n\n<p><strong>Nelson Kraybill<\/strong> (<a href=\"mailto:nelsonkraybill@gmail.com\">nelsonkraybill@gmail.com<\/a>): ex presidente del seminario y misionero; pastor de la iglesia menonita en Goshen, Indiana. Idiomas en los que ense\u00f1a: ingl\u00e9s y espa\u00f1ol. Disponible para hablar sobre temas b\u00edblicos\u2014casi cualquier cosa relacionada al Nuevo Testamento (en especial el libro de Apocalipsis), con \u00e9nfasis en la \u00e9tica\/la pacificaci\u00f3n\/la misi\u00f3n. Se deben cubrir los gastos de viaje.<\/p>\n\n\n\n<p><strong>Wendy Kroeker<\/strong> (<a href=\"mailto:wkroeker@cmu.ca\">wkroeker@cmu.ca<\/a>): maestro en Peace and Conflict Transformation Studies, Canadian Mennonite University, Winnipeg, Manitoba. Idioma principal en el que ense\u00f1a: ingl\u00e9s; pero puede utilizar el espa\u00f1ol en talleres. Disponible para hablar sobe temas teol\u00f3gicos relacionados con la paz, los conflictos y la reconciliaci\u00f3n. Cuenta con una amplia experiencia como mediador\/instructor en el \u00e1rea de transformaci\u00f3n de conflictos; cuenta con formaci\u00f3n en la comunidad y la ense\u00f1anza acad\u00e9mica. Se deben cubrir los gastos de viaje.<\/p>\n\n\n\n<p><strong>Alfred Neufeld <\/strong>(<a href=\"mailto:alfredneufeld@mwc-cmm.org\">alfredneufeld@mwc-cmm.org<\/a>): profesor de teolog\u00eda, pastor, l\u00edder de una iglesia en Asunci\u00f3n, Paraguay. Idiomas en los que ense\u00f1a: alem\u00e1n, espa\u00f1ol e ingl\u00e9s. Disponible para hablar sobre temas relacionados con la historia y la teolog\u00eda anabautista; eclesiolog\u00eda; ex\u00e9gesis en Efesios, Corintios y Romanos; confesiones de fe\/Convicciones Compartidas del CMM; y la obra de las misiones anabautistas. Tiempo disponible: hasta dos semanas al a\u00f1o. Podr\u00eda ayudar con parte de los gastos de viaje.<\/p>\n\n\n\n<p><strong>John D. Roth<\/strong> (johndr@mwc-cmm.org): profesor de historia en Goshen College, Goshen, Indiana. Idioma en el que ense\u00f1a: ingl\u00e9s; versado en alem\u00e1n y espa\u00f1ol. Disponible para hablar sobre temas relacionados con la historia y la teolog\u00eda anabautista-menonita; tambi\u00e9n sobre el cristianismo mundial y el CMM. Tiempo disponible: fin de semana\/una semana. Se apreciar\u00eda alg\u00fan tipo de contribuci\u00f3n para solventar los gastos de viaje.<\/p>\n\n\n\n<p><strong>Robert (Jack) Suderman<\/strong> (rjsuderman@mwc-cmm.org): misionero jubilado, profesor de seminario, administrador de la iglesia. Disponible para hablar sobre temas relacionados con la lectura, la interpretaci\u00f3n y la contextualizaci\u00f3n de la Biblia, especialmente el Nuevo Testamento; la iglesia y la sociedad (la paz, el anabautismo, el liderazgo, la contextualizaci\u00f3n, la \u00e9tica, etc.). Idiomas en los que ense\u00f1a: ingl\u00e9s y espa\u00f1ol. Su tiempo es flexible (5-6 semanas como m\u00e1ximo); se deben cubrir los gastos de viaje.<\/p>\n\n\n\n<p><strong>Pakisa Tshimika<\/strong> (<a href=\"mailto:pakisa@mmhhope.org\">pakisa@mmhhope.org<\/a> \/ molokai52@gmail.com):&nbsp; ex secretario de redes y proyectos del CMM; co-autor del libro titulado \u201cSharing Gifts in the Global Family of Faith\u201d (Good Books, 2003); fundador y director ejecutivo de Mama Makeka House of Hope (Casa de Esperanza Mama Makeka). Disponible para hablar sobre temas relacionados a la planificaci\u00f3n, monitoreo y evaluaci\u00f3n de los servicios de atenci\u00f3n de la salud;&nbsp;el desarrollo del liderazgo; la administraci\u00f3n; el manejo de conflictos; la sanidad de los recuerdos y las heridas de la historia; y la planificaci\u00f3n estrat\u00e9gica.&nbsp;Idiomas en los que ense\u00f1a: ingl\u00e9s, franc\u00e9s, y kituba. Disponible cuatro o cinco semanas al a\u00f1o. Se deben cubrir los gastos de viaje; se pueden negociar los gastos diarios en funci\u00f3n a los fondos disponibles.<\/p>\n\n\n\n<p><strong>Tom Yoder Neufeld<\/strong> (<a href=\"mailto:tyn@sympatico.ca\">tyn@sympatico.ca<\/a>): profesor em\u00e9rito del Nuevo Testamento en Conrad Grebel College. Idiomas en los que ense\u00f1a: ingl\u00e9s y alem\u00e1n. Disponible para hablar sobre una variedad de temas relacionados con temas b\u00edblicos sobre Jes\u00fas, el Reino de Dios, la iglesia y la paz. Ha escrito libros sobre Jes\u00fas, Efesios, la violencia y un estudio sobre la koinon\u00eda. Tiempo disponible: fin de semana\/1-4 semanas. Se deben cubrir los gastos de viaje.<\/p>\n\n\n\n<p><\/p>\n","protected":false},"excerpt":{"rendered":"<p>\u00a1Saludos en el nombre de Cristo! Como el ap\u00f3stol Pablo, \u201cDoy gracias a mi Dios cada vez que me acuerdo de ustedes. En todas mis oraciones por todos ustedes, siempre oro con alegr\u00eda, porque han participado en el evangelio desde el primer d\u00eda hasta ahora.\u201d (Fil. 1:3-5). \u00a1Gracias por sus dones para liderar y ministrar [&hellip;]<\/p>\n","protected":false},"author":1,"featured_media":0,"parent":11450,"menu_order":0,"comment_status":"closed","ping_status":"closed","template":"","meta":{"_acf_changed":false,"footnotes":""},"class_list":["post-5735","page","type-page","status-publish","hentry"],"acf":[],"yoast_head":"<!-- This site is optimized with the Yoast SEO plugin v27.2 - https:\/\/yoast.com\/product\/yoast-seo-wordpress\/ -->\n<title>Profesores Anabautistas Itinerantes - Mennonite World Conference<\/title>\n<meta name=\"robots\" content=\"index, follow, max-snippet:-1, max-image-preview:large, max-video-preview:-1\" \/>\n<link rel=\"canonical\" href=\"https:\/\/mwc-cmm.org\/es\/profesores-anabautistas-itinerantes\/\" \/>\n<meta property=\"og:locale\" content=\"es_ES\" \/>\n<meta property=\"og:type\" content=\"article\" \/>\n<meta property=\"og:title\" content=\"Profesores Anabautistas Itinerantes - Mennonite World Conference\" \/>\n<meta property=\"og:description\" content=\"\u00a1Saludos en el nombre de Cristo! Como el ap\u00f3stol Pablo, \u201cDoy gracias a mi Dios cada vez que me acuerdo de ustedes. En todas mis oraciones por todos ustedes, siempre oro con alegr\u00eda, porque han participado en el evangelio desde el primer d\u00eda hasta ahora.\u201d (Fil. 1:3-5). \u00a1Gracias por sus dones para liderar y ministrar [&hellip;]\" \/>\n<meta property=\"og:url\" content=\"https:\/\/mwc-cmm.org\/es\/profesores-anabautistas-itinerantes\/\" \/>\n<meta property=\"og:site_name\" content=\"Mennonite World Conference\" \/>\n<meta property=\"article:publisher\" content=\"https:\/\/www.facebook.com\/MennoniteWorldConference\" \/>\n<meta property=\"article:modified_time\" content=\"2024-11-15T22:57:07+00:00\" \/>\n<script type=\"application\/ld+json\" class=\"yoast-schema-graph\">{\"@context\":\"https:\/\/schema.org\",\"@graph\":[{\"@type\":\"WebPage\",\"@id\":\"https:\/\/mwc-cmm.org\/es\/profesores-anabautistas-itinerantes\/\",\"url\":\"https:\/\/mwc-cmm.org\/es\/profesores-anabautistas-itinerantes\/\",\"name\":\"Profesores Anabautistas Itinerantes - Mennonite World Conference\",\"isPartOf\":{\"@id\":\"https:\/\/mwc-cmm.org\/en\/#website\"},\"datePublished\":\"2019-07-29T00:00:00+00:00\",\"dateModified\":\"2024-11-15T22:57:07+00:00\",\"breadcrumb\":{\"@id\":\"https:\/\/mwc-cmm.org\/es\/profesores-anabautistas-itinerantes\/#breadcrumb\"},\"inLanguage\":\"es\",\"potentialAction\":[{\"@type\":\"ReadAction\",\"target\":[\"https:\/\/mwc-cmm.org\/es\/profesores-anabautistas-itinerantes\/\"]}]},{\"@type\":\"BreadcrumbList\",\"@id\":\"https:\/\/mwc-cmm.org\/es\/profesores-anabautistas-itinerantes\/#breadcrumb\",\"itemListElement\":[{\"@type\":\"ListItem\",\"position\":1,\"name\":\"Home\",\"item\":\"https:\/\/mwc-cmm.org\/es\/\"},{\"@type\":\"ListItem\",\"position\":2,\"name\":\"Profesores Anabautistas Itinerantes\"}]},{\"@type\":\"WebSite\",\"@id\":\"https:\/\/mwc-cmm.org\/en\/#website\",\"url\":\"https:\/\/mwc-cmm.org\/en\/\",\"name\":\"Mennonite World Conference\",\"description\":\"A communion of Anabaptist-related churches\",\"publisher\":{\"@id\":\"https:\/\/mwc-cmm.org\/en\/#organization\"},\"alternateName\":\"MWC\",\"potentialAction\":[{\"@type\":\"SearchAction\",\"target\":{\"@type\":\"EntryPoint\",\"urlTemplate\":\"https:\/\/mwc-cmm.org\/en\/?s={search_term_string}\"},\"query-input\":{\"@type\":\"PropertyValueSpecification\",\"valueRequired\":true,\"valueName\":\"search_term_string\"}}],\"inLanguage\":\"es\"},{\"@type\":\"Organization\",\"@id\":\"https:\/\/mwc-cmm.org\/en\/#organization\",\"name\":\"Mennonite World Conference\",\"alternateName\":\"MWC\",\"url\":\"https:\/\/mwc-cmm.org\/en\/\",\"logo\":{\"@type\":\"ImageObject\",\"inLanguage\":\"es\",\"@id\":\"https:\/\/mwc-cmm.org\/en\/#\/schema\/logo\/image\/\",\"url\":\"https:\/\/mwc-cmm.org\/wp-content\/uploads\/2026\/01\/MWC_Sig_Blue_Horiz_webheader1-logo.svg\",\"contentUrl\":\"https:\/\/mwc-cmm.org\/wp-content\/uploads\/2026\/01\/MWC_Sig_Blue_Horiz_webheader1-logo.svg\",\"width\":786,\"height\":82,\"caption\":\"Mennonite World Conference\"},\"image\":{\"@id\":\"https:\/\/mwc-cmm.org\/en\/#\/schema\/logo\/image\/\"},\"sameAs\":[\"https:\/\/www.facebook.com\/MennoniteWorldConference\",\"https:\/\/www.linkedin.com\/company\/mennonite-world-conference-mwc\/\",\"https:\/\/www.instagram.com\/mwcmm\/\",\"https:\/\/www.youtube.com\/user\/mwccmm\",\"https:\/\/bsky.app\/profile\/mwcmm.bsky.social\"]}]}<\/script>\n<!-- \/ Yoast SEO plugin. -->","yoast_head_json":{"title":"Profesores Anabautistas Itinerantes - Mennonite World Conference","robots":{"index":"index","follow":"follow","max-snippet":"max-snippet:-1","max-image-preview":"max-image-preview:large","max-video-preview":"max-video-preview:-1"},"canonical":"https:\/\/mwc-cmm.org\/es\/profesores-anabautistas-itinerantes\/","og_locale":"es_ES","og_type":"article","og_title":"Profesores Anabautistas Itinerantes - Mennonite World Conference","og_description":"\u00a1Saludos en el nombre de Cristo! Como el ap\u00f3stol Pablo, \u201cDoy gracias a mi Dios cada vez que me acuerdo de ustedes. En todas mis oraciones por todos ustedes, siempre oro con alegr\u00eda, porque han participado en el evangelio desde el primer d\u00eda hasta ahora.\u201d (Fil. 1:3-5). \u00a1Gracias por sus dones para liderar y ministrar [&hellip;]","og_url":"https:\/\/mwc-cmm.org\/es\/profesores-anabautistas-itinerantes\/","og_site_name":"Mennonite World Conference","article_publisher":"https:\/\/www.facebook.com\/MennoniteWorldConference","article_modified_time":"2024-11-15T22:57:07+00:00","schema":{"@context":"https:\/\/schema.org","@graph":[{"@type":"WebPage","@id":"https:\/\/mwc-cmm.org\/es\/profesores-anabautistas-itinerantes\/","url":"https:\/\/mwc-cmm.org\/es\/profesores-anabautistas-itinerantes\/","name":"Profesores Anabautistas Itinerantes - Mennonite World Conference","isPartOf":{"@id":"https:\/\/mwc-cmm.org\/en\/#website"},"datePublished":"2019-07-29T00:00:00+00:00","dateModified":"2024-11-15T22:57:07+00:00","breadcrumb":{"@id":"https:\/\/mwc-cmm.org\/es\/profesores-anabautistas-itinerantes\/#breadcrumb"},"inLanguage":"es","potentialAction":[{"@type":"ReadAction","target":["https:\/\/mwc-cmm.org\/es\/profesores-anabautistas-itinerantes\/"]}]},{"@type":"BreadcrumbList","@id":"https:\/\/mwc-cmm.org\/es\/profesores-anabautistas-itinerantes\/#breadcrumb","itemListElement":[{"@type":"ListItem","position":1,"name":"Home","item":"https:\/\/mwc-cmm.org\/es\/"},{"@type":"ListItem","position":2,"name":"Profesores Anabautistas Itinerantes"}]},{"@type":"WebSite","@id":"https:\/\/mwc-cmm.org\/en\/#website","url":"https:\/\/mwc-cmm.org\/en\/","name":"Mennonite World Conference","description":"A communion of Anabaptist-related churches","publisher":{"@id":"https:\/\/mwc-cmm.org\/en\/#organization"},"alternateName":"MWC","potentialAction":[{"@type":"SearchAction","target":{"@type":"EntryPoint","urlTemplate":"https:\/\/mwc-cmm.org\/en\/?s={search_term_string}"},"query-input":{"@type":"PropertyValueSpecification","valueRequired":true,"valueName":"search_term_string"}}],"inLanguage":"es"},{"@type":"Organization","@id":"https:\/\/mwc-cmm.org\/en\/#organization","name":"Mennonite World Conference","alternateName":"MWC","url":"https:\/\/mwc-cmm.org\/en\/","logo":{"@type":"ImageObject","inLanguage":"es","@id":"https:\/\/mwc-cmm.org\/en\/#\/schema\/logo\/image\/","url":"https:\/\/mwc-cmm.org\/wp-content\/uploads\/2026\/01\/MWC_Sig_Blue_Horiz_webheader1-logo.svg","contentUrl":"https:\/\/mwc-cmm.org\/wp-content\/uploads\/2026\/01\/MWC_Sig_Blue_Horiz_webheader1-logo.svg","width":786,"height":82,"caption":"Mennonite World Conference"},"image":{"@id":"https:\/\/mwc-cmm.org\/en\/#\/schema\/logo\/image\/"},"sameAs":["https:\/\/www.facebook.com\/MennoniteWorldConference","https:\/\/www.linkedin.com\/company\/mennonite-world-conference-mwc\/","https:\/\/www.instagram.com\/mwcmm\/","https:\/\/www.youtube.com\/user\/mwccmm","https:\/\/bsky.app\/profile\/mwcmm.bsky.social"]}]}},"_links":{"self":[{"href":"https:\/\/mwc-cmm.org\/es\/wp-json\/wp\/v2\/pages\/5735","targetHints":{"allow":["GET"]}}],"collection":[{"href":"https:\/\/mwc-cmm.org\/es\/wp-json\/wp\/v2\/pages"}],"about":[{"href":"https:\/\/mwc-cmm.org\/es\/wp-json\/wp\/v2\/types\/page"}],"author":[{"embeddable":true,"href":"https:\/\/mwc-cmm.org\/es\/wp-json\/wp\/v2\/users\/1"}],"replies":[{"embeddable":true,"href":"https:\/\/mwc-cmm.org\/es\/wp-json\/wp\/v2\/comments?post=5735"}],"version-history":[{"count":0,"href":"https:\/\/mwc-cmm.org\/es\/wp-json\/wp\/v2\/pages\/5735\/revisions"}],"up":[{"embeddable":true,"href":"https:\/\/mwc-cmm.org\/es\/wp-json\/wp\/v2\/pages\/11450"}],"wp:attachment":[{"href":"https:\/\/mwc-cmm.org\/es\/wp-json\/wp\/v2\/media?parent=5735"}],"curies":[{"name":"wp","href":"https:\/\/api.w.org\/{rel}","templated":true}]}}