{"id":11454,"date":"2019-10-08T00:00:00","date_gmt":"2019-10-08T00:00:00","guid":{"rendered":"https:\/\/mwc-cmm.org\/global-anabaptist-peace-network-2\/"},"modified":"2025-09-12T20:33:41","modified_gmt":"2025-09-12T20:33:41","slug":"red-global-anabautista-de-paz-gapn","status":"publish","type":"page","link":"https:\/\/mwc-cmm.org\/es\/redes-del-cmm\/red-global-anabautista-de-paz-gapn\/","title":{"rendered":"Red Global Anabautista de Paz (GAPN)"},"content":{"rendered":"\n<div class=\"wp-block-columns alignwide is-layout-flex wp-container-core-columns-is-layout-7fc3d43a wp-block-columns-is-layout-flex\">\n<div class=\"wp-block-column is-layout-flow wp-block-column-is-layout-flow\">\n<p>Es nuestro deseo de poder hacer que la paz y la justicia sean realidades tangibles en nuestro mundo, necesitamos ayuda, motivaci\u00f3n, y apoyo. \u00a1No es un camino f\u00e1cil! Necesitamos de otros y otras, y ellos y ellas nos necesitan.<\/p>\n\n\n\n<p>Por esta raz\u00f3n, la Red Global Anabautista de Paz (GAPN por sus siglas en ingl\u00e9s) conecta y brinda apoyo a organizaciones de paz (agencias, instituciones educativas, programas de formaci\u00f3n, proyectos de investigaci\u00f3n, grupos de pensamiento, iniciativas de activismo, activistas, espacios acad\u00e9micos) que han emergido como resultado de, y sirven en, la acci\u00f3n de las iglesias en nuestra comuni\u00f3n global Anabautista-Menonita. Nuestra esperanza es poder ser una comunidad de apoyo como resultado de nuestro trabajar conjunto en nuestro quehacer de hacer el mundo un mejor lugar, un mundo m\u00e1s justo. Queremos ayudarnos mutuamente en personificar y ser testimonio de justicia, paz, y reconciliaci\u00f3n.<\/p>\n<\/div>\n\n\n\n<div class=\"wp-block-column is-layout-flow wp-block-column-is-layout-flow\"><figure class=\"aligncenter wp-block-post-featured-image\"><img decoding=\"async\" width=\"1000\" height=\"500\" data-src=\"https:\/\/mwc-cmm.org\/wp-content\/uploads\/2025\/08\/2025-GAPN.jpg\" class=\"attachment-post-thumbnail size-post-thumbnail wp-post-image lazyload\" alt=\"2025 GAPN group photo\" style=\"--smush-placeholder-width: 1000px; --smush-placeholder-aspect-ratio: 1000\/500;object-fit:cover;\" data-srcset=\"https:\/\/mwc-cmm.org\/wp-content\/uploads\/2025\/08\/2025-GAPN.jpg 1000w, https:\/\/mwc-cmm.org\/wp-content\/uploads\/2025\/08\/2025-GAPN-300x150.jpg 300w, https:\/\/mwc-cmm.org\/wp-content\/uploads\/2025\/08\/2025-GAPN-768x384.jpg 768w\" data-sizes=\"(max-width: 1000px) 100vw, 1000px\" src=\"data:image\/svg+xml;base64,PHN2ZyB3aWR0aD0iMSIgaGVpZ2h0PSIxIiB4bWxucz0iaHR0cDovL3d3dy53My5vcmcvMjAwMC9zdmciPjwvc3ZnPg==\" \/><\/figure>\n\n\n<h2 class=\"wp-block-heading\">Upcoming Events<\/h2>\n\n\n\n<p>Click here to learn about the <a href=\"https:\/\/mwc-cmm.org\/es\/comisiones\/comision-de-paz\/\">Peace Commission<\/a><\/p>\n\n\n\n<div class=\"wp-block-buttons is-layout-flex wp-block-buttons-is-layout-flex\">\n<div class=\"wp-block-button\"><a class=\"wp-block-button__link wp-element-button\" href=\"https:\/\/mwc-cmm.org\/es\/redes-del-cmm\/red-global-anabautista-de-paz-gapn\/gapn-member-list\/\">GAPN Member List<\/a><\/div>\n<\/div>\n<\/div>\n<\/div>\n\n\n\n<p>Para poder cumplir con estos objetivos, la GAPN busca:<\/p>\n\n\n\n<ul class=\"wp-block-list\">\n<li>Conectar el \u201cfruto\u201d de nuestras iglesias relacionadas con el Congreso Mundial Menonita, buscando caminar en solidaridad y apoyo mutuo.<\/li>\n\n\n\n<li>Fortalecer a la iglesia y comunidades de paz y justicia en y para nuestro mundo.<\/li>\n\n\n\n<li>Crear oportunidades de explorar lo que significa dedicarse al camino de paz de Jes\u00fas.<\/li>\n\n\n\n<li>Fortalecer nuestra identidad cristiana Anabautista-Menonita y nuestra consciencia de paz.<\/li>\n<\/ul>\n\n\n\n<p>En la b\u00fasqueda de estos objetivos, la GAPN provee algunas de las siguientes acciones como parte de el esfuerzo comunal de ser agentes de paz y justicia:<\/p>\n\n\n\n<ol class=\"wp-block-list\">\n<li><strong>Compartir (proveer) informaci\u00f3n<\/strong>: compartimos y proveemos informaci\u00f3n, peticiones de oraci\u00f3n, y recursos (tales como materiales de entrenamiento y formaci\u00f3n) entre las organizaciones miembro de la red.<\/li>\n\n\n\n<li><strong>Facilitar la conexi\u00f3n<\/strong>: queremos conectarnos y aprender mutuamente. Para poder nutrir esta conexi\u00f3n, necesitamos proveer y mapear la presencia y actividad de las organizaciones, de tal manera que pueda ser compartida con las dem\u00e1s organizaciones miembro.<\/li>\n\n\n\n<li><strong>Crear espacios<\/strong>: creamos espacios en los cuales organizaciones miembro pueden relacionarse, aprender, y se transformadas a trav\u00e9s de reuniones y dem\u00e1s oportunidad de estar juntos y juntas. La GAPN apoya y facilita espacios para que las organizaciones miembro se puedan conocer, compartir, aprende de la experiencia de la otra, y conectar, tanto de manera presencial (reuniones \u201ccara a cara\u201d) como virtual.<\/li>\n<\/ol>\n\n\n\n<p>Miembros&nbsp;&nbsp;del Comit\u00e9 Impulsor de la GAPN:<\/p>\n\n\n\n<ul class=\"wp-block-list\">\n<li>John Wambura (Tanzania),<\/li>\n\n\n\n<li>Daniel Moya (Colombia),&nbsp;<\/li>\n\n\n\n<li>Kristiawan Danang (Indonesia)<\/li>\n\n\n\n<li>Fernando Enns (Alemania)<\/li>\n\n\n\n<li>Ruth Plett (Canada)<\/li>\n<\/ul>\n\n\n\n<p>Si usted y su organizaci\u00f3n est\u00e1n interesadas en ser parte de la red o si necesita mayor informaci\u00f3n sobre c\u00f3mo convertirse en organizaci\u00f3n miembro de la GAPN, por favor haga click aqu\u00ed.<\/p>\n\n\n\n<p><a href=\"https:\/\/mwc-cmm.org\/es\/node\/4115\">Solicitud de Membres\u00eda<\/a><\/p>\n","protected":false},"excerpt":{"rendered":"<p>Es nuestro deseo de poder hacer que la paz y la justicia sean realidades tangibles en nuestro mundo, necesitamos ayuda, motivaci\u00f3n, y apoyo. \u00a1No es un camino f\u00e1cil! Necesitamos de otros y otras, y ellos y ellas nos necesitan. Por esta raz\u00f3n, la Red Global Anabautista de Paz (GAPN por sus siglas en ingl\u00e9s) conecta [&hellip;]<\/p>\n","protected":false},"author":1,"featured_media":117999,"parent":5780,"menu_order":0,"comment_status":"closed","ping_status":"closed","template":"","meta":{"_acf_changed":false,"footnotes":""},"class_list":["post-11454","page","type-page","status-publish","has-post-thumbnail","hentry"],"acf":[],"yoast_head":"<!-- This site is optimized with the Yoast SEO plugin v27.2 - https:\/\/yoast.com\/product\/yoast-seo-wordpress\/ -->\n<title>Red Global Anabautista de Paz (GAPN) - Mennonite World Conference<\/title>\n<meta name=\"robots\" content=\"index, follow, max-snippet:-1, max-image-preview:large, max-video-preview:-1\" \/>\n<link rel=\"canonical\" href=\"https:\/\/mwc-cmm.org\/es\/redes-del-cmm\/red-global-anabautista-de-paz-gapn\/\" \/>\n<meta property=\"og:locale\" content=\"es_ES\" \/>\n<meta property=\"og:type\" content=\"article\" \/>\n<meta property=\"og:title\" content=\"Red Global Anabautista de Paz (GAPN) - Mennonite World Conference\" \/>\n<meta property=\"og:description\" content=\"Es nuestro deseo de poder hacer que la paz y la justicia sean realidades tangibles en nuestro mundo, necesitamos ayuda, motivaci\u00f3n, y apoyo. \u00a1No es un camino f\u00e1cil! Necesitamos de otros y otras, y ellos y ellas nos necesitan. Por esta raz\u00f3n, la Red Global Anabautista de Paz (GAPN por sus siglas en ingl\u00e9s) conecta [&hellip;]\" \/>\n<meta property=\"og:url\" content=\"https:\/\/mwc-cmm.org\/es\/redes-del-cmm\/red-global-anabautista-de-paz-gapn\/\" \/>\n<meta property=\"og:site_name\" content=\"Mennonite World Conference\" \/>\n<meta property=\"article:publisher\" content=\"https:\/\/www.facebook.com\/MennoniteWorldConference\" \/>\n<meta property=\"article:modified_time\" content=\"2025-09-12T20:33:41+00:00\" \/>\n<meta property=\"og:image\" content=\"https:\/\/mwc-cmm.org\/wp-content\/uploads\/2025\/08\/2025-GAPN.jpg\" \/>\n\t<meta property=\"og:image:width\" content=\"1000\" \/>\n\t<meta property=\"og:image:height\" content=\"500\" \/>\n\t<meta property=\"og:image:type\" content=\"image\/jpeg\" \/>\n<script type=\"application\/ld+json\" class=\"yoast-schema-graph\">{\"@context\":\"https:\/\/schema.org\",\"@graph\":[{\"@type\":\"WebPage\",\"@id\":\"https:\/\/mwc-cmm.org\/es\/redes-del-cmm\/red-global-anabautista-de-paz-gapn\/\",\"url\":\"https:\/\/mwc-cmm.org\/es\/redes-del-cmm\/red-global-anabautista-de-paz-gapn\/\",\"name\":\"Red Global Anabautista de Paz (GAPN) - Mennonite World Conference\",\"isPartOf\":{\"@id\":\"https:\/\/mwc-cmm.org\/en\/#website\"},\"primaryImageOfPage\":{\"@id\":\"https:\/\/mwc-cmm.org\/es\/redes-del-cmm\/red-global-anabautista-de-paz-gapn\/#primaryimage\"},\"image\":{\"@id\":\"https:\/\/mwc-cmm.org\/es\/redes-del-cmm\/red-global-anabautista-de-paz-gapn\/#primaryimage\"},\"thumbnailUrl\":\"https:\/\/mwc-cmm.org\/wp-content\/uploads\/2025\/08\/2025-GAPN.jpg\",\"datePublished\":\"2019-10-08T00:00:00+00:00\",\"dateModified\":\"2025-09-12T20:33:41+00:00\",\"breadcrumb\":{\"@id\":\"https:\/\/mwc-cmm.org\/es\/redes-del-cmm\/red-global-anabautista-de-paz-gapn\/#breadcrumb\"},\"inLanguage\":\"es\",\"potentialAction\":[{\"@type\":\"ReadAction\",\"target\":[\"https:\/\/mwc-cmm.org\/es\/redes-del-cmm\/red-global-anabautista-de-paz-gapn\/\"]}]},{\"@type\":\"ImageObject\",\"inLanguage\":\"es\",\"@id\":\"https:\/\/mwc-cmm.org\/es\/redes-del-cmm\/red-global-anabautista-de-paz-gapn\/#primaryimage\",\"url\":\"https:\/\/mwc-cmm.org\/wp-content\/uploads\/2025\/08\/2025-GAPN.jpg\",\"contentUrl\":\"https:\/\/mwc-cmm.org\/wp-content\/uploads\/2025\/08\/2025-GAPN.jpg\",\"width\":1000,\"height\":500,\"caption\":\"2025 GAPN group photo\"},{\"@type\":\"BreadcrumbList\",\"@id\":\"https:\/\/mwc-cmm.org\/es\/redes-del-cmm\/red-global-anabautista-de-paz-gapn\/#breadcrumb\",\"itemListElement\":[{\"@type\":\"ListItem\",\"position\":1,\"name\":\"Home\",\"item\":\"https:\/\/mwc-cmm.org\/es\/\"},{\"@type\":\"ListItem\",\"position\":2,\"name\":\"Redes del CMM\",\"item\":\"https:\/\/mwc-cmm.org\/es\/redes-del-cmm\/\"},{\"@type\":\"ListItem\",\"position\":3,\"name\":\"Red Global Anabautista de Paz (GAPN)\"}]},{\"@type\":\"WebSite\",\"@id\":\"https:\/\/mwc-cmm.org\/en\/#website\",\"url\":\"https:\/\/mwc-cmm.org\/en\/\",\"name\":\"Mennonite World Conference\",\"description\":\"A communion of Anabaptist-related churches\",\"publisher\":{\"@id\":\"https:\/\/mwc-cmm.org\/en\/#organization\"},\"alternateName\":\"MWC\",\"potentialAction\":[{\"@type\":\"SearchAction\",\"target\":{\"@type\":\"EntryPoint\",\"urlTemplate\":\"https:\/\/mwc-cmm.org\/en\/?s={search_term_string}\"},\"query-input\":{\"@type\":\"PropertyValueSpecification\",\"valueRequired\":true,\"valueName\":\"search_term_string\"}}],\"inLanguage\":\"es\"},{\"@type\":\"Organization\",\"@id\":\"https:\/\/mwc-cmm.org\/en\/#organization\",\"name\":\"Mennonite World Conference\",\"alternateName\":\"MWC\",\"url\":\"https:\/\/mwc-cmm.org\/en\/\",\"logo\":{\"@type\":\"ImageObject\",\"inLanguage\":\"es\",\"@id\":\"https:\/\/mwc-cmm.org\/en\/#\/schema\/logo\/image\/\",\"url\":\"https:\/\/mwc-cmm.org\/wp-content\/uploads\/2026\/01\/MWC_Sig_Blue_Horiz_webheader1-logo.svg\",\"contentUrl\":\"https:\/\/mwc-cmm.org\/wp-content\/uploads\/2026\/01\/MWC_Sig_Blue_Horiz_webheader1-logo.svg\",\"width\":786,\"height\":82,\"caption\":\"Mennonite World Conference\"},\"image\":{\"@id\":\"https:\/\/mwc-cmm.org\/en\/#\/schema\/logo\/image\/\"},\"sameAs\":[\"https:\/\/www.facebook.com\/MennoniteWorldConference\",\"https:\/\/www.linkedin.com\/company\/mennonite-world-conference-mwc\/\",\"https:\/\/www.instagram.com\/mwcmm\/\",\"https:\/\/www.youtube.com\/user\/mwccmm\",\"https:\/\/bsky.app\/profile\/mwcmm.bsky.social\"]}]}<\/script>\n<!-- \/ Yoast SEO plugin. -->","yoast_head_json":{"title":"Red Global Anabautista de Paz (GAPN) - Mennonite World Conference","robots":{"index":"index","follow":"follow","max-snippet":"max-snippet:-1","max-image-preview":"max-image-preview:large","max-video-preview":"max-video-preview:-1"},"canonical":"https:\/\/mwc-cmm.org\/es\/redes-del-cmm\/red-global-anabautista-de-paz-gapn\/","og_locale":"es_ES","og_type":"article","og_title":"Red Global Anabautista de Paz (GAPN) - Mennonite World Conference","og_description":"Es nuestro deseo de poder hacer que la paz y la justicia sean realidades tangibles en nuestro mundo, necesitamos ayuda, motivaci\u00f3n, y apoyo. \u00a1No es un camino f\u00e1cil! Necesitamos de otros y otras, y ellos y ellas nos necesitan. Por esta raz\u00f3n, la Red Global Anabautista de Paz (GAPN por sus siglas en ingl\u00e9s) conecta [&hellip;]","og_url":"https:\/\/mwc-cmm.org\/es\/redes-del-cmm\/red-global-anabautista-de-paz-gapn\/","og_site_name":"Mennonite World Conference","article_publisher":"https:\/\/www.facebook.com\/MennoniteWorldConference","article_modified_time":"2025-09-12T20:33:41+00:00","og_image":[{"width":1000,"height":500,"url":"https:\/\/mwc-cmm.org\/wp-content\/uploads\/2025\/08\/2025-GAPN.jpg","type":"image\/jpeg"}],"schema":{"@context":"https:\/\/schema.org","@graph":[{"@type":"WebPage","@id":"https:\/\/mwc-cmm.org\/es\/redes-del-cmm\/red-global-anabautista-de-paz-gapn\/","url":"https:\/\/mwc-cmm.org\/es\/redes-del-cmm\/red-global-anabautista-de-paz-gapn\/","name":"Red Global Anabautista de Paz (GAPN) - Mennonite World Conference","isPartOf":{"@id":"https:\/\/mwc-cmm.org\/en\/#website"},"primaryImageOfPage":{"@id":"https:\/\/mwc-cmm.org\/es\/redes-del-cmm\/red-global-anabautista-de-paz-gapn\/#primaryimage"},"image":{"@id":"https:\/\/mwc-cmm.org\/es\/redes-del-cmm\/red-global-anabautista-de-paz-gapn\/#primaryimage"},"thumbnailUrl":"https:\/\/mwc-cmm.org\/wp-content\/uploads\/2025\/08\/2025-GAPN.jpg","datePublished":"2019-10-08T00:00:00+00:00","dateModified":"2025-09-12T20:33:41+00:00","breadcrumb":{"@id":"https:\/\/mwc-cmm.org\/es\/redes-del-cmm\/red-global-anabautista-de-paz-gapn\/#breadcrumb"},"inLanguage":"es","potentialAction":[{"@type":"ReadAction","target":["https:\/\/mwc-cmm.org\/es\/redes-del-cmm\/red-global-anabautista-de-paz-gapn\/"]}]},{"@type":"ImageObject","inLanguage":"es","@id":"https:\/\/mwc-cmm.org\/es\/redes-del-cmm\/red-global-anabautista-de-paz-gapn\/#primaryimage","url":"https:\/\/mwc-cmm.org\/wp-content\/uploads\/2025\/08\/2025-GAPN.jpg","contentUrl":"https:\/\/mwc-cmm.org\/wp-content\/uploads\/2025\/08\/2025-GAPN.jpg","width":1000,"height":500,"caption":"2025 GAPN group photo"},{"@type":"BreadcrumbList","@id":"https:\/\/mwc-cmm.org\/es\/redes-del-cmm\/red-global-anabautista-de-paz-gapn\/#breadcrumb","itemListElement":[{"@type":"ListItem","position":1,"name":"Home","item":"https:\/\/mwc-cmm.org\/es\/"},{"@type":"ListItem","position":2,"name":"Redes del CMM","item":"https:\/\/mwc-cmm.org\/es\/redes-del-cmm\/"},{"@type":"ListItem","position":3,"name":"Red Global Anabautista de Paz (GAPN)"}]},{"@type":"WebSite","@id":"https:\/\/mwc-cmm.org\/en\/#website","url":"https:\/\/mwc-cmm.org\/en\/","name":"Mennonite World Conference","description":"A communion of Anabaptist-related churches","publisher":{"@id":"https:\/\/mwc-cmm.org\/en\/#organization"},"alternateName":"MWC","potentialAction":[{"@type":"SearchAction","target":{"@type":"EntryPoint","urlTemplate":"https:\/\/mwc-cmm.org\/en\/?s={search_term_string}"},"query-input":{"@type":"PropertyValueSpecification","valueRequired":true,"valueName":"search_term_string"}}],"inLanguage":"es"},{"@type":"Organization","@id":"https:\/\/mwc-cmm.org\/en\/#organization","name":"Mennonite World Conference","alternateName":"MWC","url":"https:\/\/mwc-cmm.org\/en\/","logo":{"@type":"ImageObject","inLanguage":"es","@id":"https:\/\/mwc-cmm.org\/en\/#\/schema\/logo\/image\/","url":"https:\/\/mwc-cmm.org\/wp-content\/uploads\/2026\/01\/MWC_Sig_Blue_Horiz_webheader1-logo.svg","contentUrl":"https:\/\/mwc-cmm.org\/wp-content\/uploads\/2026\/01\/MWC_Sig_Blue_Horiz_webheader1-logo.svg","width":786,"height":82,"caption":"Mennonite World Conference"},"image":{"@id":"https:\/\/mwc-cmm.org\/en\/#\/schema\/logo\/image\/"},"sameAs":["https:\/\/www.facebook.com\/MennoniteWorldConference","https:\/\/www.linkedin.com\/company\/mennonite-world-conference-mwc\/","https:\/\/www.instagram.com\/mwcmm\/","https:\/\/www.youtube.com\/user\/mwccmm","https:\/\/bsky.app\/profile\/mwcmm.bsky.social"]}]}},"_links":{"self":[{"href":"https:\/\/mwc-cmm.org\/es\/wp-json\/wp\/v2\/pages\/11454","targetHints":{"allow":["GET"]}}],"collection":[{"href":"https:\/\/mwc-cmm.org\/es\/wp-json\/wp\/v2\/pages"}],"about":[{"href":"https:\/\/mwc-cmm.org\/es\/wp-json\/wp\/v2\/types\/page"}],"author":[{"embeddable":true,"href":"https:\/\/mwc-cmm.org\/es\/wp-json\/wp\/v2\/users\/1"}],"replies":[{"embeddable":true,"href":"https:\/\/mwc-cmm.org\/es\/wp-json\/wp\/v2\/comments?post=11454"}],"version-history":[{"count":0,"href":"https:\/\/mwc-cmm.org\/es\/wp-json\/wp\/v2\/pages\/11454\/revisions"}],"up":[{"embeddable":true,"href":"https:\/\/mwc-cmm.org\/es\/wp-json\/wp\/v2\/pages\/5780"}],"wp:featuredmedia":[{"embeddable":true,"href":"https:\/\/mwc-cmm.org\/es\/wp-json\/wp\/v2\/media\/117999"}],"wp:attachment":[{"href":"https:\/\/mwc-cmm.org\/es\/wp-json\/wp\/v2\/media?parent=11454"}],"curies":[{"name":"wp","href":"https:\/\/api.w.org\/{rel}","templated":true}]}}