{"id":11450,"date":"2019-10-08T00:00:00","date_gmt":"2019-10-08T00:00:00","guid":{"rendered":"https:\/\/mwc-cmm.org\/faith-and-life-commission-2\/"},"modified":"2025-07-28T06:21:14","modified_gmt":"2025-07-28T06:21:14","slug":"comision-de-fe-y-vida","status":"publish","type":"page","link":"https:\/\/mwc-cmm.org\/es\/comisiones\/comision-de-fe-y-vida\/","title":{"rendered":"Comisi\u00f3n de Fe y Vida"},"content":{"rendered":"\n<div class=\"wp-block-columns alignwide is-layout-flex wp-container-core-columns-is-layout-28f84493 wp-block-columns-is-layout-flex\">\n<div class=\"wp-block-column is-layout-flow wp-block-column-is-layout-flow\">\n<h2 class=\"wp-block-heading is-style-green-eyebrow\"><strong>Prop\u00f3sito<\/strong><\/h2>\n\n\n\n<p>La Comisi\u00f3n de Fe y Vida permite que las iglesias miembros del CMM reciban y provean consejo sobre la fe y pr\u00e1ctica cristiana, as\u00ed como tambi\u00e9n en el testimonio anabautista-menonita en el mundo de hoy. Esta comisi\u00f3n alienta a las iglesias miembros del CMM a desarrollar relaciones de responsabilidad mutua en las convicciones que comparten y la vida que viven \u2013 local, internacional y trasculturalmente.<\/p>\n\n\n\n<h2 class=\"wp-block-heading alignwide is-style-yellow-eyebrow\"><strong>Actividades del Programa<\/strong><\/h2>\n\n\n\n<ul class=\"wp-block-list\">\n<li><a href=\"https:\/\/mwc-cmm.org\/es\/dialogo-intereclesiastico\/\">Di\u00e1logo Intereclesi\u00e1stico<\/a><\/li>\n\n\n\n<li><a href=\"https:\/\/mwc-cmm.org\/es\/gameo-2\/\">La Enciclopedia Mundial Anabautista Menonita (GAMEO)<\/a><\/li>\n\n\n\n<li><a href=\"https:\/\/mwc-cmm.org\/es\/recursos-didacticos\/\">Recursos did\u00e1cticos<\/a><\/li>\n\n\n\n<li><a href=\"https:\/\/mwc-cmm.org\/es\/renovacion-2028\/\">Renovaci\u00f3n 2028<\/a><\/li>\n<\/ul>\n<\/div>\n\n\n\n<div class=\"wp-block-column is-layout-flow wp-block-column-is-layout-flow\">\n<figure class=\"wp-block-image size-full\"><img decoding=\"async\" width=\"1000\" height=\"500\" data-src=\"https:\/\/mwc-cmm.org\/wp-content\/uploads\/2025\/07\/2025-FL-Commission.jpg\" alt=\"2025 F&amp;L Commission\" class=\"wp-image-116725 lazyload\" data-srcset=\"https:\/\/mwc-cmm.org\/wp-content\/uploads\/2025\/07\/2025-FL-Commission.jpg 1000w, https:\/\/mwc-cmm.org\/wp-content\/uploads\/2025\/07\/2025-FL-Commission-300x150.jpg 300w, https:\/\/mwc-cmm.org\/wp-content\/uploads\/2025\/07\/2025-FL-Commission-768x384.jpg 768w\" data-sizes=\"(max-width: 1000px) 100vw, 1000px\" src=\"data:image\/svg+xml;base64,PHN2ZyB3aWR0aD0iMSIgaGVpZ2h0PSIxIiB4bWxucz0iaHR0cDovL3d3dy53My5vcmcvMjAwMC9zdmciPjwvc3ZnPg==\" style=\"--smush-placeholder-width: 1000px; --smush-placeholder-aspect-ratio: 1000\/500;\" \/><\/figure>\n\n\n\n<div class=\"wp-block-buttons is-layout-flex wp-block-buttons-is-layout-flex\">\n<div class=\"wp-block-button\"><a class=\"wp-block-button__link wp-element-button\" href=\"https:\/\/mwc-cmm.org\/es\/comisiones\/comision-de-fe-y-vida\/faith-and-life-commission-stories\/\">Faith and Life COmmission Stories<\/a><\/div>\n\n\n\n<div class=\"wp-block-button\"><a class=\"wp-block-button__link wp-element-button\" href=\"https:\/\/mwc-cmm.org\/es\/recursos\/?_resource_network=faith-and-life-commission\">Faith and Live Commission Resources<\/a><\/div>\n<\/div>\n<\/div>\n<\/div>\n\n\n\n<h2 class=\"wp-block-heading alignwide is-style-cyan-eyebrow\"><strong>Miembros de la Comisi\u00f3n<\/strong><\/h2>\n\n\n\n<div class=\"wp-block-columns alignwide is-layout-flex wp-container-core-columns-is-layout-7fc3d43a wp-block-columns-is-layout-flex\">\n<div class=\"wp-block-column is-layout-flow wp-block-column-is-layout-flow\">\n<figure class=\"wp-block-image aligncenter size-full\"><img decoding=\"async\" width=\"600\" height=\"600\" data-src=\"https:\/\/mwc-cmm.org\/wp-content\/uploads\/2025\/07\/Tim-Geddert-1.png\" alt=\"\" class=\"wp-image-117281 lazyload\" data-srcset=\"https:\/\/mwc-cmm.org\/wp-content\/uploads\/2025\/07\/Tim-Geddert-1.png 600w, https:\/\/mwc-cmm.org\/wp-content\/uploads\/2025\/07\/Tim-Geddert-1-300x300.png 300w, https:\/\/mwc-cmm.org\/wp-content\/uploads\/2025\/07\/Tim-Geddert-1-150x150.png 150w\" data-sizes=\"(max-width: 600px) 100vw, 600px\" src=\"data:image\/svg+xml;base64,PHN2ZyB3aWR0aD0iMSIgaGVpZ2h0PSIxIiB4bWxucz0iaHR0cDovL3d3dy53My5vcmcvMjAwMC9zdmciPjwvc3ZnPg==\" style=\"--smush-placeholder-width: 600px; --smush-placeholder-aspect-ratio: 600\/600;\" \/><\/figure>\n\n\n\n<p class=\"is-style-no-line-eyebrow is-style-eyebrow\" style=\"margin-bottom:0\">Presidente<\/p>\n\n\n\n<h3 class=\"wp-block-heading has-text-align-left\" style=\"margin-top:0;margin-bottom:0\">Timothy J. Geddert&nbsp;<\/h3>\n\n\n\n<p class=\"has-text-align-left\" style=\"margin-top:0;margin-bottom:0\"><em>EE.UU.<\/em><\/p>\n<\/div>\n\n\n\n<div class=\"wp-block-column is-layout-flow wp-block-column-is-layout-flow\">\n<figure class=\"wp-block-image aligncenter size-full\"><img decoding=\"async\" width=\"600\" height=\"600\" data-src=\"https:\/\/mwc-cmm.org\/wp-content\/uploads\/2025\/07\/Anicka-Fast20250524KarlaBraun_54584092861_47a79a961a_o-1.png\" alt=\"\" class=\"wp-image-117169 lazyload\" data-srcset=\"https:\/\/mwc-cmm.org\/wp-content\/uploads\/2025\/07\/Anicka-Fast20250524KarlaBraun_54584092861_47a79a961a_o-1.png 600w, https:\/\/mwc-cmm.org\/wp-content\/uploads\/2025\/07\/Anicka-Fast20250524KarlaBraun_54584092861_47a79a961a_o-1-300x300.png 300w, https:\/\/mwc-cmm.org\/wp-content\/uploads\/2025\/07\/Anicka-Fast20250524KarlaBraun_54584092861_47a79a961a_o-1-150x150.png 150w\" data-sizes=\"(max-width: 600px) 100vw, 600px\" src=\"data:image\/svg+xml;base64,PHN2ZyB3aWR0aD0iMSIgaGVpZ2h0PSIxIiB4bWxucz0iaHR0cDovL3d3dy53My5vcmcvMjAwMC9zdmciPjwvc3ZnPg==\" style=\"--smush-placeholder-width: 600px; --smush-placeholder-aspect-ratio: 600\/600;\" \/><\/figure>\n\n\n\n<p class=\"is-style-no-line-eyebrow is-style-eyebrow\" style=\"margin-bottom:0\">Secretaria<\/p>\n\n\n\n<h3 class=\"wp-block-heading has-text-align-left\" style=\"margin-top:0;margin-bottom:0\">Anicka Fast<\/h3>\n\n\n\n<p class=\"has-text-align-left\" style=\"margin-top:0;margin-bottom:0\"><em>Canad\u00e1\/Pa\u00edses Bajos<\/em><\/p>\n<\/div>\n\n\n\n<div class=\"wp-block-column is-layout-flow wp-block-column-is-layout-flow\">\n<figure class=\"wp-block-image aligncenter size-full\"><img decoding=\"async\" width=\"600\" height=\"600\" data-src=\"https:\/\/mwc-cmm.org\/wp-content\/uploads\/2025\/07\/Cindy-Alpizar-Alpizar20250526IrmaSulistyorini_1511672-1.png\" alt=\"\" class=\"wp-image-117211 lazyload\" data-srcset=\"https:\/\/mwc-cmm.org\/wp-content\/uploads\/2025\/07\/Cindy-Alpizar-Alpizar20250526IrmaSulistyorini_1511672-1.png 600w, https:\/\/mwc-cmm.org\/wp-content\/uploads\/2025\/07\/Cindy-Alpizar-Alpizar20250526IrmaSulistyorini_1511672-1-300x300.png 300w, https:\/\/mwc-cmm.org\/wp-content\/uploads\/2025\/07\/Cindy-Alpizar-Alpizar20250526IrmaSulistyorini_1511672-1-150x150.png 150w\" data-sizes=\"(max-width: 600px) 100vw, 600px\" src=\"data:image\/svg+xml;base64,PHN2ZyB3aWR0aD0iMSIgaGVpZ2h0PSIxIiB4bWxucz0iaHR0cDovL3d3dy53My5vcmcvMjAwMC9zdmciPjwvc3ZnPg==\" style=\"--smush-placeholder-width: 600px; --smush-placeholder-aspect-ratio: 600\/600;\" \/><\/figure>\n\n\n\n<h3 class=\"wp-block-heading has-text-align-left\" style=\"margin-bottom:0\"><strong>Cindy Alp\u00edzar Alp\u00edzar<\/strong><\/h3>\n\n\n\n<p class=\"has-text-align-left\" style=\"margin-top:0;margin-bottom:0\"><em>Costa Rica<\/em><\/p>\n<\/div>\n\n\n\n<div class=\"wp-block-column is-layout-flow wp-block-column-is-layout-flow\">\n<figure class=\"wp-block-image aligncenter size-full\"><img decoding=\"async\" width=\"600\" height=\"600\" data-src=\"https:\/\/mwc-cmm.org\/wp-content\/uploads\/2025\/07\/Jeremy-Bergen-1.png\" alt=\"\" class=\"wp-image-117267 lazyload\" data-srcset=\"https:\/\/mwc-cmm.org\/wp-content\/uploads\/2025\/07\/Jeremy-Bergen-1.png 600w, https:\/\/mwc-cmm.org\/wp-content\/uploads\/2025\/07\/Jeremy-Bergen-1-300x300.png 300w, https:\/\/mwc-cmm.org\/wp-content\/uploads\/2025\/07\/Jeremy-Bergen-1-150x150.png 150w\" data-sizes=\"(max-width: 600px) 100vw, 600px\" src=\"data:image\/svg+xml;base64,PHN2ZyB3aWR0aD0iMSIgaGVpZ2h0PSIxIiB4bWxucz0iaHR0cDovL3d3dy53My5vcmcvMjAwMC9zdmciPjwvc3ZnPg==\" style=\"--smush-placeholder-width: 600px; --smush-placeholder-aspect-ratio: 600\/600;\" \/><\/figure>\n\n\n\n<h3 class=\"wp-block-heading has-text-align-left\" style=\"margin-bottom:0\"><strong>Jeremy Bergen<\/strong><\/h3>\n\n\n\n<p class=\"has-text-align-left\" style=\"margin-top:0;margin-bottom:0\">Canad\u00e1<\/p>\n\n\n\n<p class=\"has-text-align-left\" style=\"margin-top:0;margin-bottom:0\"><\/p>\n<\/div>\n<\/div>\n\n\n\n<div class=\"wp-block-columns alignwide is-layout-flex wp-container-core-columns-is-layout-7fc3d43a wp-block-columns-is-layout-flex\">\n<div class=\"wp-block-column is-layout-flow wp-block-column-is-layout-flow\">\n<figure class=\"wp-block-image aligncenter size-full\"><img decoding=\"async\" width=\"600\" height=\"600\" data-src=\"https:\/\/mwc-cmm.org\/wp-content\/uploads\/2025\/07\/Desalegn-Abebe20250523IrmaSulistyorini_DSC04849-1.png\" alt=\"\" class=\"wp-image-117225 lazyload\" data-srcset=\"https:\/\/mwc-cmm.org\/wp-content\/uploads\/2025\/07\/Desalegn-Abebe20250523IrmaSulistyorini_DSC04849-1.png 600w, https:\/\/mwc-cmm.org\/wp-content\/uploads\/2025\/07\/Desalegn-Abebe20250523IrmaSulistyorini_DSC04849-1-300x300.png 300w, https:\/\/mwc-cmm.org\/wp-content\/uploads\/2025\/07\/Desalegn-Abebe20250523IrmaSulistyorini_DSC04849-1-150x150.png 150w\" data-sizes=\"(max-width: 600px) 100vw, 600px\" src=\"data:image\/svg+xml;base64,PHN2ZyB3aWR0aD0iMSIgaGVpZ2h0PSIxIiB4bWxucz0iaHR0cDovL3d3dy53My5vcmcvMjAwMC9zdmciPjwvc3ZnPg==\" style=\"--smush-placeholder-width: 600px; --smush-placeholder-aspect-ratio: 600\/600;\" \/><\/figure>\n\n\n\n<h3 class=\"wp-block-heading has-text-align-left\" style=\"margin-bottom:0\">Desalegn Abebe<\/h3>\n\n\n\n<p class=\"has-text-align-left\" style=\"margin-top:0;margin-bottom:0\"><em>Etiop\u00eda<\/em><\/p>\n<\/div>\n\n\n\n<div class=\"wp-block-column is-layout-flow wp-block-column-is-layout-flow\">\n<figure class=\"wp-block-image aligncenter size-full\"><img decoding=\"async\" width=\"600\" height=\"600\" data-src=\"https:\/\/mwc-cmm.org\/wp-content\/uploads\/2025\/07\/Zarai-Gonzalia-1.png\" alt=\"\" class=\"wp-image-117309 lazyload\" data-srcset=\"https:\/\/mwc-cmm.org\/wp-content\/uploads\/2025\/07\/Zarai-Gonzalia-1.png 600w, https:\/\/mwc-cmm.org\/wp-content\/uploads\/2025\/07\/Zarai-Gonzalia-1-300x300.png 300w, https:\/\/mwc-cmm.org\/wp-content\/uploads\/2025\/07\/Zarai-Gonzalia-1-150x150.png 150w\" data-sizes=\"(max-width: 600px) 100vw, 600px\" src=\"data:image\/svg+xml;base64,PHN2ZyB3aWR0aD0iMSIgaGVpZ2h0PSIxIiB4bWxucz0iaHR0cDovL3d3dy53My5vcmcvMjAwMC9zdmciPjwvc3ZnPg==\" style=\"--smush-placeholder-width: 600px; --smush-placeholder-aspect-ratio: 600\/600;\" \/><\/figure>\n\n\n\n<h3 class=\"wp-block-heading has-text-align-left\" style=\"margin-bottom:0\"><strong>Zara\u00ed Gonzal\u00eda Polanco<\/strong><\/h3>\n\n\n\n<p class=\"has-text-align-left\" style=\"margin-top:0;margin-bottom:0\"><em>Colombia<\/em><\/p>\n<\/div>\n\n\n\n<div class=\"wp-block-column is-layout-flow wp-block-column-is-layout-flow\">\n<figure class=\"wp-block-image aligncenter size-full\"><img decoding=\"async\" width=\"600\" height=\"600\" data-src=\"https:\/\/mwc-cmm.org\/wp-content\/uploads\/2025\/07\/Francis-Kamoto20250523IrmaSulistyorini_DSC04848-1.png\" alt=\"\" class=\"wp-image-117239 lazyload\" data-srcset=\"https:\/\/mwc-cmm.org\/wp-content\/uploads\/2025\/07\/Francis-Kamoto20250523IrmaSulistyorini_DSC04848-1.png 600w, https:\/\/mwc-cmm.org\/wp-content\/uploads\/2025\/07\/Francis-Kamoto20250523IrmaSulistyorini_DSC04848-1-300x300.png 300w, https:\/\/mwc-cmm.org\/wp-content\/uploads\/2025\/07\/Francis-Kamoto20250523IrmaSulistyorini_DSC04848-1-150x150.png 150w\" data-sizes=\"(max-width: 600px) 100vw, 600px\" src=\"data:image\/svg+xml;base64,PHN2ZyB3aWR0aD0iMSIgaGVpZ2h0PSIxIiB4bWxucz0iaHR0cDovL3d3dy53My5vcmcvMjAwMC9zdmciPjwvc3ZnPg==\" style=\"--smush-placeholder-width: 600px; --smush-placeholder-aspect-ratio: 600\/600;\" \/><\/figure>\n\n\n\n<h3 class=\"wp-block-heading has-text-align-left\" style=\"margin-bottom:0\">Francis Kamoto<\/h3>\n\n\n\n<p class=\"has-text-align-left\" style=\"margin-top:0;margin-bottom:0\"><em>Malaui<\/em><\/p>\n<\/div>\n\n\n\n<div class=\"wp-block-column is-layout-flow wp-block-column-is-layout-flow\">\n<figure class=\"wp-block-image aligncenter size-full\"><img decoding=\"async\" width=\"600\" height=\"600\" data-src=\"https:\/\/mwc-cmm.org\/wp-content\/uploads\/2025\/07\/Anne-Cathy-Graber20250525IrmaSulistyorini_DSC05270-1.png\" alt=\"\" class=\"wp-image-117183 lazyload\" data-srcset=\"https:\/\/mwc-cmm.org\/wp-content\/uploads\/2025\/07\/Anne-Cathy-Graber20250525IrmaSulistyorini_DSC05270-1.png 600w, https:\/\/mwc-cmm.org\/wp-content\/uploads\/2025\/07\/Anne-Cathy-Graber20250525IrmaSulistyorini_DSC05270-1-300x300.png 300w, https:\/\/mwc-cmm.org\/wp-content\/uploads\/2025\/07\/Anne-Cathy-Graber20250525IrmaSulistyorini_DSC05270-1-150x150.png 150w\" data-sizes=\"(max-width: 600px) 100vw, 600px\" src=\"data:image\/svg+xml;base64,PHN2ZyB3aWR0aD0iMSIgaGVpZ2h0PSIxIiB4bWxucz0iaHR0cDovL3d3dy53My5vcmcvMjAwMC9zdmciPjwvc3ZnPg==\" style=\"--smush-placeholder-width: 600px; --smush-placeholder-aspect-ratio: 600\/600;\" \/><\/figure>\n\n\n\n<h3 class=\"wp-block-heading has-text-align-left\" style=\"margin-bottom:0\">Anne-Cathy Graber<\/h3>\n\n\n\n<p class=\"has-text-align-left\" style=\"margin-top:0;margin-bottom:0\"><em>Francia<\/em><br><em>Representante ante el Foro Cristiano Mundial y la Comisi\u00f3n de Fe y Constituci\u00f3n del Consejo Mundial de Iglesias<\/em><\/p>\n<\/div>\n<\/div>\n\n\n\n<div class=\"wp-block-columns alignwide is-layout-flex wp-container-core-columns-is-layout-7fc3d43a wp-block-columns-is-layout-flex\">\n<div class=\"wp-block-column is-layout-flow wp-block-column-is-layout-flow\">\n<figure class=\"wp-block-image aligncenter size-full\"><img decoding=\"async\" width=\"600\" height=\"600\" data-src=\"https:\/\/mwc-cmm.org\/wp-content\/uploads\/2025\/07\/Atsuhiro-Katano20250523IrmaSulistyorini_DSC04917-1.png\" alt=\"\" class=\"wp-image-117197 lazyload\" data-srcset=\"https:\/\/mwc-cmm.org\/wp-content\/uploads\/2025\/07\/Atsuhiro-Katano20250523IrmaSulistyorini_DSC04917-1.png 600w, https:\/\/mwc-cmm.org\/wp-content\/uploads\/2025\/07\/Atsuhiro-Katano20250523IrmaSulistyorini_DSC04917-1-300x300.png 300w, https:\/\/mwc-cmm.org\/wp-content\/uploads\/2025\/07\/Atsuhiro-Katano20250523IrmaSulistyorini_DSC04917-1-150x150.png 150w\" data-sizes=\"(max-width: 600px) 100vw, 600px\" src=\"data:image\/svg+xml;base64,PHN2ZyB3aWR0aD0iMSIgaGVpZ2h0PSIxIiB4bWxucz0iaHR0cDovL3d3dy53My5vcmcvMjAwMC9zdmciPjwvc3ZnPg==\" style=\"--smush-placeholder-width: 600px; --smush-placeholder-aspect-ratio: 600\/600;\" \/><\/figure>\n\n\n\n<h3 class=\"wp-block-heading has-text-align-left\" style=\"margin-bottom:0\">Atsuhiro&nbsp;Katano<\/h3>\n\n\n\n<p class=\"has-text-align-left\" style=\"margin-top:0;margin-bottom:0\"><em>Jap\u00f3n<\/em><\/p>\n<\/div>\n\n\n\n<div class=\"wp-block-column is-layout-flow wp-block-column-is-layout-flow\">\n<figure class=\"wp-block-image aligncenter size-full\"><img decoding=\"async\" width=\"600\" height=\"600\" data-src=\"https:\/\/mwc-cmm.org\/wp-content\/uploads\/2025\/07\/Gloria-Fumana20250524KarlaBraun_IMG_4840-1.png\" alt=\"\" class=\"wp-image-117253 lazyload\" data-srcset=\"https:\/\/mwc-cmm.org\/wp-content\/uploads\/2025\/07\/Gloria-Fumana20250524KarlaBraun_IMG_4840-1.png 600w, https:\/\/mwc-cmm.org\/wp-content\/uploads\/2025\/07\/Gloria-Fumana20250524KarlaBraun_IMG_4840-1-300x300.png 300w, https:\/\/mwc-cmm.org\/wp-content\/uploads\/2025\/07\/Gloria-Fumana20250524KarlaBraun_IMG_4840-1-150x150.png 150w\" data-sizes=\"(max-width: 600px) 100vw, 600px\" src=\"data:image\/svg+xml;base64,PHN2ZyB3aWR0aD0iMSIgaGVpZ2h0PSIxIiB4bWxucz0iaHR0cDovL3d3dy53My5vcmcvMjAwMC9zdmciPjwvc3ZnPg==\" style=\"--smush-placeholder-width: 600px; --smush-placeholder-aspect-ratio: 600\/600;\" \/><\/figure>\n\n\n\n<h3 class=\"wp-block-heading has-text-align-left\" style=\"margin-bottom:0\">Gloria Fumana<\/h3>\n\n\n\n<p class=\"has-text-align-left\" style=\"margin-top:0;margin-bottom:0\"><em>Representante de <a href=\"https:\/\/mwc-cmm.org\/es\/redes-del-cmm\/redes-mundiales-anabautistas-de-educacion-gaen\/\">GAPSEN<\/a><\/em><\/p>\n<\/div>\n\n\n\n<div class=\"wp-block-column is-layout-flow wp-block-column-is-layout-flow\">\n<figure class=\"wp-block-image aligncenter size-full\"><img decoding=\"async\" width=\"600\" height=\"600\" data-src=\"https:\/\/mwc-cmm.org\/wp-content\/uploads\/2025\/07\/Victor-Wall20250524IrmaSulistyorini_DSC05074-1.png\" alt=\"\" class=\"wp-image-117295 lazyload\" data-srcset=\"https:\/\/mwc-cmm.org\/wp-content\/uploads\/2025\/07\/Victor-Wall20250524IrmaSulistyorini_DSC05074-1.png 600w, https:\/\/mwc-cmm.org\/wp-content\/uploads\/2025\/07\/Victor-Wall20250524IrmaSulistyorini_DSC05074-1-300x300.png 300w, https:\/\/mwc-cmm.org\/wp-content\/uploads\/2025\/07\/Victor-Wall20250524IrmaSulistyorini_DSC05074-1-150x150.png 150w\" data-sizes=\"(max-width: 600px) 100vw, 600px\" src=\"data:image\/svg+xml;base64,PHN2ZyB3aWR0aD0iMSIgaGVpZ2h0PSIxIiB4bWxucz0iaHR0cDovL3d3dy53My5vcmcvMjAwMC9zdmciPjwvc3ZnPg==\" style=\"--smush-placeholder-width: 600px; --smush-placeholder-aspect-ratio: 600\/600;\" \/><\/figure>\n\n\n\n<h3 class=\"wp-block-heading has-text-align-left\" style=\"margin-bottom:0\">Victor Wall<\/h3>\n\n\n\n<p class=\"has-text-align-left\" style=\"margin-top:0;margin-bottom:0\"><em>Paraguay<br>Representante de <a href=\"https:\/\/mwc-cmm.org\/es\/redes-del-cmm\/redes-mundiales-anabautistas-de-educacion-gaen\/\">GAHEN<\/a><\/em><\/p>\n<\/div>\n\n\n\n<div class=\"wp-block-column is-layout-flow wp-block-column-is-layout-flow\"><\/div>\n<\/div>\n\n\n\n<p><\/p>\n","protected":false},"excerpt":{"rendered":"<p>Prop\u00f3sito La Comisi\u00f3n de Fe y Vida permite que las iglesias miembros del CMM reciban y provean consejo sobre la fe y pr\u00e1ctica cristiana, as\u00ed como tambi\u00e9n en el testimonio anabautista-menonita en el mundo de hoy. Esta comisi\u00f3n alienta a las iglesias miembros del CMM a desarrollar relaciones de responsabilidad mutua en las convicciones que [&hellip;]<\/p>\n","protected":false},"author":1,"featured_media":0,"parent":5727,"menu_order":0,"comment_status":"closed","ping_status":"closed","template":"","meta":{"_acf_changed":false,"footnotes":""},"class_list":["post-11450","page","type-page","status-publish","hentry"],"acf":[],"yoast_head":"<!-- This site is optimized with the Yoast SEO plugin v27.2 - https:\/\/yoast.com\/product\/yoast-seo-wordpress\/ -->\n<title>Comisi\u00f3n de Fe y Vida - Mennonite World Conference<\/title>\n<meta name=\"robots\" content=\"index, follow, max-snippet:-1, max-image-preview:large, max-video-preview:-1\" \/>\n<link rel=\"canonical\" href=\"https:\/\/mwc-cmm.org\/es\/comisiones\/comision-de-fe-y-vida\/\" \/>\n<meta property=\"og:locale\" content=\"es_ES\" \/>\n<meta property=\"og:type\" content=\"article\" \/>\n<meta property=\"og:title\" content=\"Comisi\u00f3n de Fe y Vida - Mennonite World Conference\" \/>\n<meta property=\"og:description\" content=\"Prop\u00f3sito La Comisi\u00f3n de Fe y Vida permite que las iglesias miembros del CMM reciban y provean consejo sobre la fe y pr\u00e1ctica cristiana, as\u00ed como tambi\u00e9n en el testimonio anabautista-menonita en el mundo de hoy. Esta comisi\u00f3n alienta a las iglesias miembros del CMM a desarrollar relaciones de responsabilidad mutua en las convicciones que [&hellip;]\" \/>\n<meta property=\"og:url\" content=\"https:\/\/mwc-cmm.org\/es\/comisiones\/comision-de-fe-y-vida\/\" \/>\n<meta property=\"og:site_name\" content=\"Mennonite World Conference\" \/>\n<meta property=\"article:publisher\" content=\"https:\/\/www.facebook.com\/MennoniteWorldConference\" \/>\n<meta property=\"article:modified_time\" content=\"2025-07-28T06:21:14+00:00\" \/>\n<meta property=\"og:image\" content=\"https:\/\/mwc-cmm.org\/wp-content\/uploads\/2025\/07\/2025-FL-Commission.jpg\" \/>\n\t<meta property=\"og:image:width\" content=\"1000\" \/>\n\t<meta property=\"og:image:height\" content=\"500\" \/>\n\t<meta property=\"og:image:type\" content=\"image\/jpeg\" \/>\n<script type=\"application\/ld+json\" class=\"yoast-schema-graph\">{\"@context\":\"https:\/\/schema.org\",\"@graph\":[{\"@type\":\"WebPage\",\"@id\":\"https:\/\/mwc-cmm.org\/es\/comisiones\/comision-de-fe-y-vida\/\",\"url\":\"https:\/\/mwc-cmm.org\/es\/comisiones\/comision-de-fe-y-vida\/\",\"name\":\"Comisi\u00f3n de Fe y Vida - Mennonite World Conference\",\"isPartOf\":{\"@id\":\"https:\/\/mwc-cmm.org\/en\/#website\"},\"primaryImageOfPage\":{\"@id\":\"https:\/\/mwc-cmm.org\/es\/comisiones\/comision-de-fe-y-vida\/#primaryimage\"},\"image\":{\"@id\":\"https:\/\/mwc-cmm.org\/es\/comisiones\/comision-de-fe-y-vida\/#primaryimage\"},\"thumbnailUrl\":\"https:\/\/mwc-cmm.org\/wp-content\/uploads\/2025\/07\/2025-FL-Commission.jpg\",\"datePublished\":\"2019-10-08T00:00:00+00:00\",\"dateModified\":\"2025-07-28T06:21:14+00:00\",\"breadcrumb\":{\"@id\":\"https:\/\/mwc-cmm.org\/es\/comisiones\/comision-de-fe-y-vida\/#breadcrumb\"},\"inLanguage\":\"es\",\"potentialAction\":[{\"@type\":\"ReadAction\",\"target\":[\"https:\/\/mwc-cmm.org\/es\/comisiones\/comision-de-fe-y-vida\/\"]}]},{\"@type\":\"ImageObject\",\"inLanguage\":\"es\",\"@id\":\"https:\/\/mwc-cmm.org\/es\/comisiones\/comision-de-fe-y-vida\/#primaryimage\",\"url\":\"https:\/\/mwc-cmm.org\/wp-content\/uploads\/2025\/07\/2025-FL-Commission.jpg\",\"contentUrl\":\"https:\/\/mwc-cmm.org\/wp-content\/uploads\/2025\/07\/2025-FL-Commission.jpg\"},{\"@type\":\"BreadcrumbList\",\"@id\":\"https:\/\/mwc-cmm.org\/es\/comisiones\/comision-de-fe-y-vida\/#breadcrumb\",\"itemListElement\":[{\"@type\":\"ListItem\",\"position\":1,\"name\":\"Home\",\"item\":\"https:\/\/mwc-cmm.org\/es\/\"},{\"@type\":\"ListItem\",\"position\":2,\"name\":\"Comisiones\",\"item\":\"https:\/\/mwc-cmm.org\/es\/comisiones\/\"},{\"@type\":\"ListItem\",\"position\":3,\"name\":\"Comisi\u00f3n de Fe y Vida\"}]},{\"@type\":\"WebSite\",\"@id\":\"https:\/\/mwc-cmm.org\/en\/#website\",\"url\":\"https:\/\/mwc-cmm.org\/en\/\",\"name\":\"Mennonite World Conference\",\"description\":\"A communion of Anabaptist-related churches\",\"publisher\":{\"@id\":\"https:\/\/mwc-cmm.org\/en\/#organization\"},\"alternateName\":\"MWC\",\"potentialAction\":[{\"@type\":\"SearchAction\",\"target\":{\"@type\":\"EntryPoint\",\"urlTemplate\":\"https:\/\/mwc-cmm.org\/en\/?s={search_term_string}\"},\"query-input\":{\"@type\":\"PropertyValueSpecification\",\"valueRequired\":true,\"valueName\":\"search_term_string\"}}],\"inLanguage\":\"es\"},{\"@type\":\"Organization\",\"@id\":\"https:\/\/mwc-cmm.org\/en\/#organization\",\"name\":\"Mennonite World Conference\",\"alternateName\":\"MWC\",\"url\":\"https:\/\/mwc-cmm.org\/en\/\",\"logo\":{\"@type\":\"ImageObject\",\"inLanguage\":\"es\",\"@id\":\"https:\/\/mwc-cmm.org\/en\/#\/schema\/logo\/image\/\",\"url\":\"https:\/\/mwc-cmm.org\/wp-content\/uploads\/2026\/01\/MWC_Sig_Blue_Horiz_webheader1-logo.svg\",\"contentUrl\":\"https:\/\/mwc-cmm.org\/wp-content\/uploads\/2026\/01\/MWC_Sig_Blue_Horiz_webheader1-logo.svg\",\"width\":786,\"height\":82,\"caption\":\"Mennonite World Conference\"},\"image\":{\"@id\":\"https:\/\/mwc-cmm.org\/en\/#\/schema\/logo\/image\/\"},\"sameAs\":[\"https:\/\/www.facebook.com\/MennoniteWorldConference\",\"https:\/\/www.linkedin.com\/company\/mennonite-world-conference-mwc\/\",\"https:\/\/www.instagram.com\/mwcmm\/\",\"https:\/\/www.youtube.com\/user\/mwccmm\",\"https:\/\/bsky.app\/profile\/mwcmm.bsky.social\"]}]}<\/script>\n<!-- \/ Yoast SEO plugin. -->","yoast_head_json":{"title":"Comisi\u00f3n de Fe y Vida - Mennonite World Conference","robots":{"index":"index","follow":"follow","max-snippet":"max-snippet:-1","max-image-preview":"max-image-preview:large","max-video-preview":"max-video-preview:-1"},"canonical":"https:\/\/mwc-cmm.org\/es\/comisiones\/comision-de-fe-y-vida\/","og_locale":"es_ES","og_type":"article","og_title":"Comisi\u00f3n de Fe y Vida - Mennonite World Conference","og_description":"Prop\u00f3sito La Comisi\u00f3n de Fe y Vida permite que las iglesias miembros del CMM reciban y provean consejo sobre la fe y pr\u00e1ctica cristiana, as\u00ed como tambi\u00e9n en el testimonio anabautista-menonita en el mundo de hoy. Esta comisi\u00f3n alienta a las iglesias miembros del CMM a desarrollar relaciones de responsabilidad mutua en las convicciones que [&hellip;]","og_url":"https:\/\/mwc-cmm.org\/es\/comisiones\/comision-de-fe-y-vida\/","og_site_name":"Mennonite World Conference","article_publisher":"https:\/\/www.facebook.com\/MennoniteWorldConference","article_modified_time":"2025-07-28T06:21:14+00:00","og_image":[{"width":1000,"height":500,"url":"https:\/\/mwc-cmm.org\/wp-content\/uploads\/2025\/07\/2025-FL-Commission.jpg","type":"image\/jpeg"}],"schema":{"@context":"https:\/\/schema.org","@graph":[{"@type":"WebPage","@id":"https:\/\/mwc-cmm.org\/es\/comisiones\/comision-de-fe-y-vida\/","url":"https:\/\/mwc-cmm.org\/es\/comisiones\/comision-de-fe-y-vida\/","name":"Comisi\u00f3n de Fe y Vida - Mennonite World Conference","isPartOf":{"@id":"https:\/\/mwc-cmm.org\/en\/#website"},"primaryImageOfPage":{"@id":"https:\/\/mwc-cmm.org\/es\/comisiones\/comision-de-fe-y-vida\/#primaryimage"},"image":{"@id":"https:\/\/mwc-cmm.org\/es\/comisiones\/comision-de-fe-y-vida\/#primaryimage"},"thumbnailUrl":"https:\/\/mwc-cmm.org\/wp-content\/uploads\/2025\/07\/2025-FL-Commission.jpg","datePublished":"2019-10-08T00:00:00+00:00","dateModified":"2025-07-28T06:21:14+00:00","breadcrumb":{"@id":"https:\/\/mwc-cmm.org\/es\/comisiones\/comision-de-fe-y-vida\/#breadcrumb"},"inLanguage":"es","potentialAction":[{"@type":"ReadAction","target":["https:\/\/mwc-cmm.org\/es\/comisiones\/comision-de-fe-y-vida\/"]}]},{"@type":"ImageObject","inLanguage":"es","@id":"https:\/\/mwc-cmm.org\/es\/comisiones\/comision-de-fe-y-vida\/#primaryimage","url":"https:\/\/mwc-cmm.org\/wp-content\/uploads\/2025\/07\/2025-FL-Commission.jpg","contentUrl":"https:\/\/mwc-cmm.org\/wp-content\/uploads\/2025\/07\/2025-FL-Commission.jpg"},{"@type":"BreadcrumbList","@id":"https:\/\/mwc-cmm.org\/es\/comisiones\/comision-de-fe-y-vida\/#breadcrumb","itemListElement":[{"@type":"ListItem","position":1,"name":"Home","item":"https:\/\/mwc-cmm.org\/es\/"},{"@type":"ListItem","position":2,"name":"Comisiones","item":"https:\/\/mwc-cmm.org\/es\/comisiones\/"},{"@type":"ListItem","position":3,"name":"Comisi\u00f3n de Fe y Vida"}]},{"@type":"WebSite","@id":"https:\/\/mwc-cmm.org\/en\/#website","url":"https:\/\/mwc-cmm.org\/en\/","name":"Mennonite World Conference","description":"A communion of Anabaptist-related churches","publisher":{"@id":"https:\/\/mwc-cmm.org\/en\/#organization"},"alternateName":"MWC","potentialAction":[{"@type":"SearchAction","target":{"@type":"EntryPoint","urlTemplate":"https:\/\/mwc-cmm.org\/en\/?s={search_term_string}"},"query-input":{"@type":"PropertyValueSpecification","valueRequired":true,"valueName":"search_term_string"}}],"inLanguage":"es"},{"@type":"Organization","@id":"https:\/\/mwc-cmm.org\/en\/#organization","name":"Mennonite World Conference","alternateName":"MWC","url":"https:\/\/mwc-cmm.org\/en\/","logo":{"@type":"ImageObject","inLanguage":"es","@id":"https:\/\/mwc-cmm.org\/en\/#\/schema\/logo\/image\/","url":"https:\/\/mwc-cmm.org\/wp-content\/uploads\/2026\/01\/MWC_Sig_Blue_Horiz_webheader1-logo.svg","contentUrl":"https:\/\/mwc-cmm.org\/wp-content\/uploads\/2026\/01\/MWC_Sig_Blue_Horiz_webheader1-logo.svg","width":786,"height":82,"caption":"Mennonite World Conference"},"image":{"@id":"https:\/\/mwc-cmm.org\/en\/#\/schema\/logo\/image\/"},"sameAs":["https:\/\/www.facebook.com\/MennoniteWorldConference","https:\/\/www.linkedin.com\/company\/mennonite-world-conference-mwc\/","https:\/\/www.instagram.com\/mwcmm\/","https:\/\/www.youtube.com\/user\/mwccmm","https:\/\/bsky.app\/profile\/mwcmm.bsky.social"]}]}},"_links":{"self":[{"href":"https:\/\/mwc-cmm.org\/es\/wp-json\/wp\/v2\/pages\/11450","targetHints":{"allow":["GET"]}}],"collection":[{"href":"https:\/\/mwc-cmm.org\/es\/wp-json\/wp\/v2\/pages"}],"about":[{"href":"https:\/\/mwc-cmm.org\/es\/wp-json\/wp\/v2\/types\/page"}],"author":[{"embeddable":true,"href":"https:\/\/mwc-cmm.org\/es\/wp-json\/wp\/v2\/users\/1"}],"replies":[{"embeddable":true,"href":"https:\/\/mwc-cmm.org\/es\/wp-json\/wp\/v2\/comments?post=11450"}],"version-history":[{"count":0,"href":"https:\/\/mwc-cmm.org\/es\/wp-json\/wp\/v2\/pages\/11450\/revisions"}],"up":[{"embeddable":true,"href":"https:\/\/mwc-cmm.org\/es\/wp-json\/wp\/v2\/pages\/5727"}],"wp:attachment":[{"href":"https:\/\/mwc-cmm.org\/es\/wp-json\/wp\/v2\/media?parent=11450"}],"curies":[{"name":"wp","href":"https:\/\/api.w.org\/{rel}","templated":true}]}}