{"id":11449,"date":"2019-09-28T00:00:00","date_gmt":"2019-09-28T00:00:00","guid":{"rendered":"https:\/\/mwc-cmm.org\/deacons-commission-2\/"},"modified":"2026-03-05T04:20:04","modified_gmt":"2026-03-05T04:20:04","slug":"comision-de-diaconos","status":"publish","type":"page","link":"https:\/\/mwc-cmm.org\/es\/comisiones\/comision-de-diaconos\/","title":{"rendered":"Comisi\u00f3n de Di\u00e1conos"},"content":{"rendered":"\n<div class=\"wp-block-columns alignwide is-layout-flex wp-container-core-columns-is-layout-28f84493 wp-block-columns-is-layout-flex\">\n<div class=\"wp-block-column is-layout-flow wp-block-column-is-layout-flow\">\n<h2 class=\"wp-block-heading is-style-green-eyebrow\">Prop\u00f3sito<\/h2>\n\n\n\n<p>La Comisi\u00f3n de Di\u00e1conos se enfoca en el bienestar de las iglesias dentro de la comuni\u00f3n del CMM, particularmente, en tiempos de coacci\u00f3n, y ofrece escucha, oraci\u00f3n, aliento y apoyo a las iglesias que sienten la necesidad de que hermanos y hermanas \u201ccaminen con ellos\u201d en su necesidad particular. La comisi\u00f3n promueve la actitud y la pr\u00e1ctica del servicio entre las iglesias miembros a trav\u00e9s de visitas, ense\u00f1anza y materiales.<\/p>\n<\/div>\n\n\n\n<div class=\"wp-block-column is-layout-flow wp-block-column-is-layout-flow\">\n<figure class=\"wp-block-image size-full\"><img decoding=\"async\" width=\"1000\" height=\"500\" data-src=\"https:\/\/mwc-cmm.org\/wp-content\/uploads\/2025\/07\/2025-Deacon-Commission.jpg\" alt=\"2025 Deacon Commission\" class=\"wp-image-116711 lazyload\" data-srcset=\"https:\/\/mwc-cmm.org\/wp-content\/uploads\/2025\/07\/2025-Deacon-Commission.jpg 1000w, https:\/\/mwc-cmm.org\/wp-content\/uploads\/2025\/07\/2025-Deacon-Commission-300x150.jpg 300w, https:\/\/mwc-cmm.org\/wp-content\/uploads\/2025\/07\/2025-Deacon-Commission-768x384.jpg 768w\" data-sizes=\"(max-width: 1000px) 100vw, 1000px\" src=\"data:image\/svg+xml;base64,PHN2ZyB3aWR0aD0iMSIgaGVpZ2h0PSIxIiB4bWxucz0iaHR0cDovL3d3dy53My5vcmcvMjAwMC9zdmciPjwvc3ZnPg==\" style=\"--smush-placeholder-width: 1000px; --smush-placeholder-aspect-ratio: 1000\/500;\" \/><\/figure>\n\n\n\n<div class=\"wp-block-buttons is-layout-flex wp-block-buttons-is-layout-flex\">\n<div class=\"wp-block-button\"><a class=\"wp-block-button__link wp-element-button\" href=\"https:\/\/mwc-cmm.org\/es\/comisiones\/comision-de-diaconos\/deacons-commission-stories\/\">Stories by and about the Deacons Commission<\/a><\/div>\n\n\n\n<div class=\"wp-block-button\"><a class=\"wp-block-button__link wp-element-button\" href=\"https:\/\/mwc-cmm.org\/es\/recursos\/?_resource_network=deacons-commission\">Resources produced by the deacons Commission<\/a><\/div>\n<\/div>\n<\/div>\n<\/div>\n\n\n\n<div class=\"wp-block-columns alignwide is-layout-flex wp-container-core-columns-is-layout-28f84493 wp-block-columns-is-layout-flex\">\n<div class=\"wp-block-column is-layout-flow wp-block-column-is-layout-flow\">\n<h2 class=\"wp-block-heading alignwide is-style-yellow-eyebrow\">Las actividades del programa<\/h2>\n\n\n\n<ul class=\"wp-block-list\">\n<li><a href=\"https:\/\/mwc-cmm.org\/es\/comisiones\/comision-de-diaconos\/fondo-de-ayuda-de-la-iglesia-mundial\/\">Fondo de Ayuda de la Iglesia Mundial<\/a><\/li>\n\n\n\n<li><a href=\"https:\/\/mwc-cmm.org\/es\/oraciones\/hora-de-oracion-en-linea-inscripcion\/\">Haga clic aqu\u00ed<\/a>&nbsp;para m\u00e1s informaci\u00f3n acerca de qu\u00e9 es la&nbsp;<strong>Red de Oraci\u00f3n<\/strong>&nbsp;y c\u00f3mo suscribirse.<\/li>\n\n\n\n<li><a href=\"https:\/\/mwc-cmm.org\/es\/stories\/tag\/hora-de-oracion-en-linea\/\">Hora de oraci\u00f3n en l\u00ednea<\/a><\/li>\n<\/ul>\n<\/div>\n\n\n\n<div class=\"wp-block-column is-layout-flow wp-block-column-is-layout-flow\"><\/div>\n<\/div>\n\n\n\n<h2 class=\"wp-block-heading alignwide is-style-cyan-eyebrow\" style=\"margin-top:var(--wp--preset--spacing--50);margin-bottom:0\">Miembros de la Comisi\u00f3n<\/h2>\n\n\n\n<div class=\"wp-block-columns alignwide is-layout-flex wp-container-core-columns-is-layout-7fc3d43a wp-block-columns-is-layout-flex\">\n<div class=\"wp-block-column is-layout-flow wp-block-column-is-layout-flow\">\n<figure class=\"wp-block-image aligncenter size-full\"><img decoding=\"async\" width=\"600\" height=\"600\" data-src=\"https:\/\/mwc-cmm.org\/wp-content\/uploads\/2025\/07\/Andi-Santoso-1.png\" alt=\"\" class=\"wp-image-117324 lazyload\" data-srcset=\"https:\/\/mwc-cmm.org\/wp-content\/uploads\/2025\/07\/Andi-Santoso-1.png 600w, https:\/\/mwc-cmm.org\/wp-content\/uploads\/2025\/07\/Andi-Santoso-1-300x300.png 300w, https:\/\/mwc-cmm.org\/wp-content\/uploads\/2025\/07\/Andi-Santoso-1-150x150.png 150w\" data-sizes=\"(max-width: 600px) 100vw, 600px\" src=\"data:image\/svg+xml;base64,PHN2ZyB3aWR0aD0iMSIgaGVpZ2h0PSIxIiB4bWxucz0iaHR0cDovL3d3dy53My5vcmcvMjAwMC9zdmciPjwvc3ZnPg==\" style=\"--smush-placeholder-width: 600px; --smush-placeholder-aspect-ratio: 600\/600;\" \/><\/figure>\n\n\n\n<p class=\"is-style-no-line-eyebrow is-style-eyebrow has-gray-color has-text-color has-link-color wp-elements-2ba6fd9a885b91dfb74172af20044b22\" style=\"margin-bottom:0\">Presidente<\/p>\n\n\n\n<h3 class=\"wp-block-heading\" style=\"margin-top:0;margin-bottom:0\">Andi Santoso <\/h3>\n\n\n\n<p class=\"has-text-align-left\" style=\"margin-top:0;margin-bottom:0\"><em>Indonesia\/EE.UU.<\/em><\/p>\n<\/div>\n\n\n\n<div class=\"wp-block-column is-layout-flow wp-block-column-is-layout-flow\">\n<figure class=\"wp-block-image aligncenter size-full\"><img decoding=\"async\" width=\"600\" height=\"600\" data-src=\"https:\/\/mwc-cmm.org\/wp-content\/uploads\/2025\/07\/Tigist-Tesfaye20250524KarlaBraun_54584274219_cc6171e55f_o-1.png\" alt=\"\" class=\"wp-image-117394 lazyload\" data-srcset=\"https:\/\/mwc-cmm.org\/wp-content\/uploads\/2025\/07\/Tigist-Tesfaye20250524KarlaBraun_54584274219_cc6171e55f_o-1.png 600w, https:\/\/mwc-cmm.org\/wp-content\/uploads\/2025\/07\/Tigist-Tesfaye20250524KarlaBraun_54584274219_cc6171e55f_o-1-300x300.png 300w, https:\/\/mwc-cmm.org\/wp-content\/uploads\/2025\/07\/Tigist-Tesfaye20250524KarlaBraun_54584274219_cc6171e55f_o-1-150x150.png 150w\" data-sizes=\"(max-width: 600px) 100vw, 600px\" src=\"data:image\/svg+xml;base64,PHN2ZyB3aWR0aD0iMSIgaGVpZ2h0PSIxIiB4bWxucz0iaHR0cDovL3d3dy53My5vcmcvMjAwMC9zdmciPjwvc3ZnPg==\" style=\"--smush-placeholder-width: 600px; --smush-placeholder-aspect-ratio: 600\/600;\" \/><\/figure>\n\n\n\n<p class=\"is-style-no-line-eyebrow is-style-eyebrow has-gray-color has-text-color has-link-color wp-elements-cba4d821c92b8df716d34a36d4cf296f\" style=\"margin-bottom:0\">Secretaria<\/p>\n\n\n\n<h3 class=\"wp-block-heading has-text-align-left\" style=\"margin-top:0;margin-bottom:0\">Tigist Tesfaye<\/h3>\n\n\n\n<p class=\"has-text-align-left\" style=\"margin-top:0;margin-bottom:0\"><em>Etiop\u00eda<\/em><\/p>\n<\/div>\n\n\n\n<div class=\"wp-block-column is-layout-flow wp-block-column-is-layout-flow\">\n<figure class=\"wp-block-image size-full\"><img decoding=\"async\" width=\"600\" height=\"600\" data-src=\"https:\/\/mwc-cmm.org\/wp-content\/uploads\/2025\/07\/Deusilene-Milhomem-1.png\" alt=\"\" class=\"wp-image-117352 lazyload\" data-srcset=\"https:\/\/mwc-cmm.org\/wp-content\/uploads\/2025\/07\/Deusilene-Milhomem-1.png 600w, https:\/\/mwc-cmm.org\/wp-content\/uploads\/2025\/07\/Deusilene-Milhomem-1-300x300.png 300w, https:\/\/mwc-cmm.org\/wp-content\/uploads\/2025\/07\/Deusilene-Milhomem-1-150x150.png 150w\" data-sizes=\"(max-width: 600px) 100vw, 600px\" src=\"data:image\/svg+xml;base64,PHN2ZyB3aWR0aD0iMSIgaGVpZ2h0PSIxIiB4bWxucz0iaHR0cDovL3d3dy53My5vcmcvMjAwMC9zdmciPjwvc3ZnPg==\" style=\"--smush-placeholder-width: 600px; --smush-placeholder-aspect-ratio: 600\/600;\" \/><\/figure>\n\n\n\n<h3 class=\"wp-block-heading has-text-align-left\" style=\"text-transform:none\">Deusilene Milhomem de Carvalho&nbsp;<\/h3>\n\n\n\n<p class=\"has-text-align-left\" style=\"margin-top:0;margin-bottom:0\"><em>Brasil<\/em><\/p>\n<\/div>\n\n\n\n<div class=\"wp-block-column is-layout-flow wp-block-column-is-layout-flow\">\n<figure class=\"wp-block-image size-full\"><img decoding=\"async\" width=\"600\" height=\"600\" data-src=\"https:\/\/mwc-cmm.org\/wp-content\/uploads\/2025\/07\/Walter-Jakobeit-1.png\" alt=\"2025 headshot\" class=\"wp-image-117698 lazyload\" data-srcset=\"https:\/\/mwc-cmm.org\/wp-content\/uploads\/2025\/07\/Walter-Jakobeit-1.png 600w, https:\/\/mwc-cmm.org\/wp-content\/uploads\/2025\/07\/Walter-Jakobeit-1-300x300.png 300w, https:\/\/mwc-cmm.org\/wp-content\/uploads\/2025\/07\/Walter-Jakobeit-1-150x150.png 150w\" data-sizes=\"(max-width: 600px) 100vw, 600px\" src=\"data:image\/svg+xml;base64,PHN2ZyB3aWR0aD0iMSIgaGVpZ2h0PSIxIiB4bWxucz0iaHR0cDovL3d3dy53My5vcmcvMjAwMC9zdmciPjwvc3ZnPg==\" style=\"--smush-placeholder-width: 600px; --smush-placeholder-aspect-ratio: 600\/600;\" \/><\/figure>\n\n\n\n<h3 class=\"wp-block-heading has-text-align-left\" style=\"margin-bottom:0\">Walter Jakobeit&nbsp;<\/h3>\n\n\n\n<p class=\"has-text-align-left\" style=\"margin-top:0;margin-bottom:0\"><em>Alemania<\/em><\/p>\n<\/div>\n<\/div>\n\n\n\n<div class=\"wp-block-columns alignwide is-layout-flex wp-container-core-columns-is-layout-7fc3d43a wp-block-columns-is-layout-flex\">\n<div class=\"wp-block-column is-layout-flow wp-block-column-is-layout-flow\">\n<figure class=\"wp-block-image size-full\"><img decoding=\"async\" width=\"600\" height=\"600\" data-src=\"https:\/\/mwc-cmm.org\/wp-content\/uploads\/2025\/08\/Mary-Soledad-Cano-1.png\" alt=\"hea\" class=\"wp-image-117796 lazyload\" data-srcset=\"https:\/\/mwc-cmm.org\/wp-content\/uploads\/2025\/08\/Mary-Soledad-Cano-1.png 600w, https:\/\/mwc-cmm.org\/wp-content\/uploads\/2025\/08\/Mary-Soledad-Cano-1-300x300.png 300w, https:\/\/mwc-cmm.org\/wp-content\/uploads\/2025\/08\/Mary-Soledad-Cano-1-150x150.png 150w\" data-sizes=\"(max-width: 600px) 100vw, 600px\" src=\"data:image\/svg+xml;base64,PHN2ZyB3aWR0aD0iMSIgaGVpZ2h0PSIxIiB4bWxucz0iaHR0cDovL3d3dy53My5vcmcvMjAwMC9zdmciPjwvc3ZnPg==\" style=\"--smush-placeholder-width: 600px; --smush-placeholder-aspect-ratio: 600\/600;\" \/><\/figure>\n\n\n\n<h3 class=\"wp-block-heading has-text-align-left\" style=\"margin-bottom:0\">Mary Soledad Cano&nbsp;<\/h3>\n\n\n\n<p class=\"has-text-align-left\" style=\"margin-top:0;margin-bottom:0\"><em>Honduras<\/em><\/p>\n<\/div>\n\n\n\n<div class=\"wp-block-column is-layout-flow wp-block-column-is-layout-flow\">\n<figure class=\"wp-block-image size-full\"><img decoding=\"async\" width=\"600\" height=\"600\" data-src=\"https:\/\/mwc-cmm.org\/wp-content\/uploads\/2025\/07\/Raul-Rincon20250527IrmaSulistyorini_1511892-1.png\" alt=\"\" class=\"wp-image-117366 lazyload\" data-srcset=\"https:\/\/mwc-cmm.org\/wp-content\/uploads\/2025\/07\/Raul-Rincon20250527IrmaSulistyorini_1511892-1.png 600w, https:\/\/mwc-cmm.org\/wp-content\/uploads\/2025\/07\/Raul-Rincon20250527IrmaSulistyorini_1511892-1-300x300.png 300w, https:\/\/mwc-cmm.org\/wp-content\/uploads\/2025\/07\/Raul-Rincon20250527IrmaSulistyorini_1511892-1-150x150.png 150w\" data-sizes=\"(max-width: 600px) 100vw, 600px\" src=\"data:image\/svg+xml;base64,PHN2ZyB3aWR0aD0iMSIgaGVpZ2h0PSIxIiB4bWxucz0iaHR0cDovL3d3dy53My5vcmcvMjAwMC9zdmciPjwvc3ZnPg==\" style=\"--smush-placeholder-width: 600px; --smush-placeholder-aspect-ratio: 600\/600;\" \/><\/figure>\n\n\n\n<h3 class=\"wp-block-heading has-text-align-left\" style=\"margin-bottom:0\">Ra\u00fal Rinc\u00f3n&nbsp;<\/h3>\n\n\n\n<p class=\"has-text-align-left\" style=\"margin-top:0;margin-bottom:0\"><em>Portugal<\/em><\/p>\n<\/div>\n\n\n\n<div class=\"wp-block-column is-layout-flow wp-block-column-is-layout-flow\">\n<figure class=\"wp-block-image size-full\"><img decoding=\"async\" width=\"600\" height=\"600\" data-src=\"https:\/\/mwc-cmm.org\/wp-content\/uploads\/2025\/07\/Brian-Maphosa20250526IrmaSulistyorini_1511661-1.png\" alt=\"\" class=\"wp-image-117338 lazyload\" data-srcset=\"https:\/\/mwc-cmm.org\/wp-content\/uploads\/2025\/07\/Brian-Maphosa20250526IrmaSulistyorini_1511661-1.png 600w, https:\/\/mwc-cmm.org\/wp-content\/uploads\/2025\/07\/Brian-Maphosa20250526IrmaSulistyorini_1511661-1-300x300.png 300w, https:\/\/mwc-cmm.org\/wp-content\/uploads\/2025\/07\/Brian-Maphosa20250526IrmaSulistyorini_1511661-1-150x150.png 150w\" data-sizes=\"(max-width: 600px) 100vw, 600px\" src=\"data:image\/svg+xml;base64,PHN2ZyB3aWR0aD0iMSIgaGVpZ2h0PSIxIiB4bWxucz0iaHR0cDovL3d3dy53My5vcmcvMjAwMC9zdmciPjwvc3ZnPg==\" style=\"--smush-placeholder-width: 600px; --smush-placeholder-aspect-ratio: 600\/600;\" \/><\/figure>\n\n\n\n<h3 class=\"wp-block-heading has-text-align-left\" style=\"margin-bottom:0\">Brian Maphosa&nbsp;<\/h3>\n\n\n\n<p class=\"has-text-align-left\" style=\"margin-top:0;margin-bottom:0\"><em>Sud\u00e1frica<\/em><\/p>\n<\/div>\n\n\n\n<div class=\"wp-block-column is-layout-flow wp-block-column-is-layout-flow\">\n<h3 class=\"wp-block-heading has-text-align-left\" style=\"margin-bottom:0\"><\/h3>\n\n\n\n<p class=\"has-text-align-left\" style=\"margin-top:0;margin-bottom:0\"><\/p>\n<\/div>\n<\/div>\n\n\n\n<p><\/p>\n","protected":false},"excerpt":{"rendered":"<p>Prop\u00f3sito La Comisi\u00f3n de Di\u00e1conos se enfoca en el bienestar de las iglesias dentro de la comuni\u00f3n del CMM, particularmente, en tiempos de coacci\u00f3n, y ofrece escucha, oraci\u00f3n, aliento y apoyo a las iglesias que sienten la necesidad de que hermanos y hermanas \u201ccaminen con ellos\u201d en su necesidad particular. La comisi\u00f3n promueve la actitud [&hellip;]<\/p>\n","protected":false},"author":1,"featured_media":0,"parent":5727,"menu_order":0,"comment_status":"closed","ping_status":"closed","template":"","meta":{"_acf_changed":false,"footnotes":""},"class_list":["post-11449","page","type-page","status-publish","hentry"],"acf":[],"yoast_head":"<!-- This site is optimized with the Yoast SEO plugin v27.2 - https:\/\/yoast.com\/product\/yoast-seo-wordpress\/ -->\n<title>Comisi\u00f3n de Di\u00e1conos - Mennonite World Conference<\/title>\n<meta name=\"robots\" content=\"index, follow, max-snippet:-1, max-image-preview:large, max-video-preview:-1\" \/>\n<link rel=\"canonical\" href=\"https:\/\/mwc-cmm.org\/es\/comisiones\/comision-de-diaconos\/\" \/>\n<meta property=\"og:locale\" content=\"es_ES\" \/>\n<meta property=\"og:type\" content=\"article\" \/>\n<meta property=\"og:title\" content=\"Comisi\u00f3n de Di\u00e1conos - Mennonite World Conference\" \/>\n<meta property=\"og:description\" content=\"Prop\u00f3sito La Comisi\u00f3n de Di\u00e1conos se enfoca en el bienestar de las iglesias dentro de la comuni\u00f3n del CMM, particularmente, en tiempos de coacci\u00f3n, y ofrece escucha, oraci\u00f3n, aliento y apoyo a las iglesias que sienten la necesidad de que hermanos y hermanas \u201ccaminen con ellos\u201d en su necesidad particular. La comisi\u00f3n promueve la actitud [&hellip;]\" \/>\n<meta property=\"og:url\" content=\"https:\/\/mwc-cmm.org\/es\/comisiones\/comision-de-diaconos\/\" \/>\n<meta property=\"og:site_name\" content=\"Mennonite World Conference\" \/>\n<meta property=\"article:publisher\" content=\"https:\/\/www.facebook.com\/MennoniteWorldConference\" \/>\n<meta property=\"article:modified_time\" content=\"2026-03-05T04:20:04+00:00\" \/>\n<meta property=\"og:image\" content=\"https:\/\/mwc-cmm.org\/wp-content\/uploads\/2025\/07\/2025-Deacon-Commission.jpg\" \/>\n\t<meta property=\"og:image:width\" content=\"1000\" \/>\n\t<meta property=\"og:image:height\" content=\"500\" \/>\n\t<meta property=\"og:image:type\" content=\"image\/jpeg\" \/>\n<script type=\"application\/ld+json\" class=\"yoast-schema-graph\">{\"@context\":\"https:\/\/schema.org\",\"@graph\":[{\"@type\":\"WebPage\",\"@id\":\"https:\/\/mwc-cmm.org\/es\/comisiones\/comision-de-diaconos\/\",\"url\":\"https:\/\/mwc-cmm.org\/es\/comisiones\/comision-de-diaconos\/\",\"name\":\"Comisi\u00f3n de Di\u00e1conos - Mennonite World Conference\",\"isPartOf\":{\"@id\":\"https:\/\/mwc-cmm.org\/en\/#website\"},\"primaryImageOfPage\":{\"@id\":\"https:\/\/mwc-cmm.org\/es\/comisiones\/comision-de-diaconos\/#primaryimage\"},\"image\":{\"@id\":\"https:\/\/mwc-cmm.org\/es\/comisiones\/comision-de-diaconos\/#primaryimage\"},\"thumbnailUrl\":\"https:\/\/mwc-cmm.org\/wp-content\/uploads\/2025\/07\/2025-Deacon-Commission.jpg\",\"datePublished\":\"2019-09-28T00:00:00+00:00\",\"dateModified\":\"2026-03-05T04:20:04+00:00\",\"breadcrumb\":{\"@id\":\"https:\/\/mwc-cmm.org\/es\/comisiones\/comision-de-diaconos\/#breadcrumb\"},\"inLanguage\":\"es\",\"potentialAction\":[{\"@type\":\"ReadAction\",\"target\":[\"https:\/\/mwc-cmm.org\/es\/comisiones\/comision-de-diaconos\/\"]}]},{\"@type\":\"ImageObject\",\"inLanguage\":\"es\",\"@id\":\"https:\/\/mwc-cmm.org\/es\/comisiones\/comision-de-diaconos\/#primaryimage\",\"url\":\"https:\/\/mwc-cmm.org\/wp-content\/uploads\/2025\/07\/2025-Deacon-Commission.jpg\",\"contentUrl\":\"https:\/\/mwc-cmm.org\/wp-content\/uploads\/2025\/07\/2025-Deacon-Commission.jpg\"},{\"@type\":\"BreadcrumbList\",\"@id\":\"https:\/\/mwc-cmm.org\/es\/comisiones\/comision-de-diaconos\/#breadcrumb\",\"itemListElement\":[{\"@type\":\"ListItem\",\"position\":1,\"name\":\"Home\",\"item\":\"https:\/\/mwc-cmm.org\/es\/\"},{\"@type\":\"ListItem\",\"position\":2,\"name\":\"Comisiones\",\"item\":\"https:\/\/mwc-cmm.org\/es\/comisiones\/\"},{\"@type\":\"ListItem\",\"position\":3,\"name\":\"Comisi\u00f3n de Di\u00e1conos\"}]},{\"@type\":\"WebSite\",\"@id\":\"https:\/\/mwc-cmm.org\/en\/#website\",\"url\":\"https:\/\/mwc-cmm.org\/en\/\",\"name\":\"Mennonite World Conference\",\"description\":\"A communion of Anabaptist-related churches\",\"publisher\":{\"@id\":\"https:\/\/mwc-cmm.org\/en\/#organization\"},\"alternateName\":\"MWC\",\"potentialAction\":[{\"@type\":\"SearchAction\",\"target\":{\"@type\":\"EntryPoint\",\"urlTemplate\":\"https:\/\/mwc-cmm.org\/en\/?s={search_term_string}\"},\"query-input\":{\"@type\":\"PropertyValueSpecification\",\"valueRequired\":true,\"valueName\":\"search_term_string\"}}],\"inLanguage\":\"es\"},{\"@type\":\"Organization\",\"@id\":\"https:\/\/mwc-cmm.org\/en\/#organization\",\"name\":\"Mennonite World Conference\",\"alternateName\":\"MWC\",\"url\":\"https:\/\/mwc-cmm.org\/en\/\",\"logo\":{\"@type\":\"ImageObject\",\"inLanguage\":\"es\",\"@id\":\"https:\/\/mwc-cmm.org\/en\/#\/schema\/logo\/image\/\",\"url\":\"https:\/\/mwc-cmm.org\/wp-content\/uploads\/2026\/01\/MWC_Sig_Blue_Horiz_webheader1-logo.svg\",\"contentUrl\":\"https:\/\/mwc-cmm.org\/wp-content\/uploads\/2026\/01\/MWC_Sig_Blue_Horiz_webheader1-logo.svg\",\"width\":786,\"height\":82,\"caption\":\"Mennonite World Conference\"},\"image\":{\"@id\":\"https:\/\/mwc-cmm.org\/en\/#\/schema\/logo\/image\/\"},\"sameAs\":[\"https:\/\/www.facebook.com\/MennoniteWorldConference\",\"https:\/\/www.linkedin.com\/company\/mennonite-world-conference-mwc\/\",\"https:\/\/www.instagram.com\/mwcmm\/\",\"https:\/\/www.youtube.com\/user\/mwccmm\",\"https:\/\/bsky.app\/profile\/mwcmm.bsky.social\"]}]}<\/script>\n<!-- \/ Yoast SEO plugin. -->","yoast_head_json":{"title":"Comisi\u00f3n de Di\u00e1conos - Mennonite World Conference","robots":{"index":"index","follow":"follow","max-snippet":"max-snippet:-1","max-image-preview":"max-image-preview:large","max-video-preview":"max-video-preview:-1"},"canonical":"https:\/\/mwc-cmm.org\/es\/comisiones\/comision-de-diaconos\/","og_locale":"es_ES","og_type":"article","og_title":"Comisi\u00f3n de Di\u00e1conos - Mennonite World Conference","og_description":"Prop\u00f3sito La Comisi\u00f3n de Di\u00e1conos se enfoca en el bienestar de las iglesias dentro de la comuni\u00f3n del CMM, particularmente, en tiempos de coacci\u00f3n, y ofrece escucha, oraci\u00f3n, aliento y apoyo a las iglesias que sienten la necesidad de que hermanos y hermanas \u201ccaminen con ellos\u201d en su necesidad particular. La comisi\u00f3n promueve la actitud [&hellip;]","og_url":"https:\/\/mwc-cmm.org\/es\/comisiones\/comision-de-diaconos\/","og_site_name":"Mennonite World Conference","article_publisher":"https:\/\/www.facebook.com\/MennoniteWorldConference","article_modified_time":"2026-03-05T04:20:04+00:00","og_image":[{"width":1000,"height":500,"url":"https:\/\/mwc-cmm.org\/wp-content\/uploads\/2025\/07\/2025-Deacon-Commission.jpg","type":"image\/jpeg"}],"schema":{"@context":"https:\/\/schema.org","@graph":[{"@type":"WebPage","@id":"https:\/\/mwc-cmm.org\/es\/comisiones\/comision-de-diaconos\/","url":"https:\/\/mwc-cmm.org\/es\/comisiones\/comision-de-diaconos\/","name":"Comisi\u00f3n de Di\u00e1conos - Mennonite World Conference","isPartOf":{"@id":"https:\/\/mwc-cmm.org\/en\/#website"},"primaryImageOfPage":{"@id":"https:\/\/mwc-cmm.org\/es\/comisiones\/comision-de-diaconos\/#primaryimage"},"image":{"@id":"https:\/\/mwc-cmm.org\/es\/comisiones\/comision-de-diaconos\/#primaryimage"},"thumbnailUrl":"https:\/\/mwc-cmm.org\/wp-content\/uploads\/2025\/07\/2025-Deacon-Commission.jpg","datePublished":"2019-09-28T00:00:00+00:00","dateModified":"2026-03-05T04:20:04+00:00","breadcrumb":{"@id":"https:\/\/mwc-cmm.org\/es\/comisiones\/comision-de-diaconos\/#breadcrumb"},"inLanguage":"es","potentialAction":[{"@type":"ReadAction","target":["https:\/\/mwc-cmm.org\/es\/comisiones\/comision-de-diaconos\/"]}]},{"@type":"ImageObject","inLanguage":"es","@id":"https:\/\/mwc-cmm.org\/es\/comisiones\/comision-de-diaconos\/#primaryimage","url":"https:\/\/mwc-cmm.org\/wp-content\/uploads\/2025\/07\/2025-Deacon-Commission.jpg","contentUrl":"https:\/\/mwc-cmm.org\/wp-content\/uploads\/2025\/07\/2025-Deacon-Commission.jpg"},{"@type":"BreadcrumbList","@id":"https:\/\/mwc-cmm.org\/es\/comisiones\/comision-de-diaconos\/#breadcrumb","itemListElement":[{"@type":"ListItem","position":1,"name":"Home","item":"https:\/\/mwc-cmm.org\/es\/"},{"@type":"ListItem","position":2,"name":"Comisiones","item":"https:\/\/mwc-cmm.org\/es\/comisiones\/"},{"@type":"ListItem","position":3,"name":"Comisi\u00f3n de Di\u00e1conos"}]},{"@type":"WebSite","@id":"https:\/\/mwc-cmm.org\/en\/#website","url":"https:\/\/mwc-cmm.org\/en\/","name":"Mennonite World Conference","description":"A communion of Anabaptist-related churches","publisher":{"@id":"https:\/\/mwc-cmm.org\/en\/#organization"},"alternateName":"MWC","potentialAction":[{"@type":"SearchAction","target":{"@type":"EntryPoint","urlTemplate":"https:\/\/mwc-cmm.org\/en\/?s={search_term_string}"},"query-input":{"@type":"PropertyValueSpecification","valueRequired":true,"valueName":"search_term_string"}}],"inLanguage":"es"},{"@type":"Organization","@id":"https:\/\/mwc-cmm.org\/en\/#organization","name":"Mennonite World Conference","alternateName":"MWC","url":"https:\/\/mwc-cmm.org\/en\/","logo":{"@type":"ImageObject","inLanguage":"es","@id":"https:\/\/mwc-cmm.org\/en\/#\/schema\/logo\/image\/","url":"https:\/\/mwc-cmm.org\/wp-content\/uploads\/2026\/01\/MWC_Sig_Blue_Horiz_webheader1-logo.svg","contentUrl":"https:\/\/mwc-cmm.org\/wp-content\/uploads\/2026\/01\/MWC_Sig_Blue_Horiz_webheader1-logo.svg","width":786,"height":82,"caption":"Mennonite World Conference"},"image":{"@id":"https:\/\/mwc-cmm.org\/en\/#\/schema\/logo\/image\/"},"sameAs":["https:\/\/www.facebook.com\/MennoniteWorldConference","https:\/\/www.linkedin.com\/company\/mennonite-world-conference-mwc\/","https:\/\/www.instagram.com\/mwcmm\/","https:\/\/www.youtube.com\/user\/mwccmm","https:\/\/bsky.app\/profile\/mwcmm.bsky.social"]}]}},"_links":{"self":[{"href":"https:\/\/mwc-cmm.org\/es\/wp-json\/wp\/v2\/pages\/11449","targetHints":{"allow":["GET"]}}],"collection":[{"href":"https:\/\/mwc-cmm.org\/es\/wp-json\/wp\/v2\/pages"}],"about":[{"href":"https:\/\/mwc-cmm.org\/es\/wp-json\/wp\/v2\/types\/page"}],"author":[{"embeddable":true,"href":"https:\/\/mwc-cmm.org\/es\/wp-json\/wp\/v2\/users\/1"}],"replies":[{"embeddable":true,"href":"https:\/\/mwc-cmm.org\/es\/wp-json\/wp\/v2\/comments?post=11449"}],"version-history":[{"count":0,"href":"https:\/\/mwc-cmm.org\/es\/wp-json\/wp\/v2\/pages\/11449\/revisions"}],"up":[{"embeddable":true,"href":"https:\/\/mwc-cmm.org\/es\/wp-json\/wp\/v2\/pages\/5727"}],"wp:attachment":[{"href":"https:\/\/mwc-cmm.org\/es\/wp-json\/wp\/v2\/media?parent=11449"}],"curies":[{"name":"wp","href":"https:\/\/api.w.org\/{rel}","templated":true}]}}