{"id":17632,"date":"2020-06-19T17:39:50","date_gmt":"2020-06-19T17:39:50","guid":{"rendered":"https:\/\/mwc-cmm.org\/en\/resources\/domingo-de-la-paz-carta-2020\/"},"modified":"2024-12-04T01:30:08","modified_gmt":"2024-12-04T01:30:08","slug":"domingo-de-la-paz-carta-2020","status":"publish","type":"mwcresource","link":"https:\/\/mwc-cmm.org\/es\/resources\/domingo-de-la-paz-carta-2020\/","title":{"rendered":"Domingo de la Paz carta 2020"},"content":{"rendered":"\n<p>19 de Junio 2020<\/p>\n\n\n\n<p>Queridos hermanos y hermanas en Cristo:<\/p>\n\n\n\n<p>\u00a1Saludos en el nombre de nuestro Se\u00f1or Jesucristo, nuestro Pr\u00edncipe de Paz!<\/p>\n\n\n\n<p>Les escribimos para invitarlos a ustedes y a sus congregaciones para unirse a nuestros hermanos y hermanas de la familia anabautista en todo el mundo, con la finalidad de celebrar juntos el Domingo de la Paz, el d\u00eda 20 de septiembre de 2020. Junto con esta carta enviamos materiales de adoraci\u00f3n y recursos que sus iglesias pueden utilizar en la celebraci\u00f3n durante ese d\u00eda.<\/p>\n\n\n\n<p>El tema para el Domingo de la Paz este a\u00f1o es:&nbsp;<em><strong>\u201cCuando un miembro sufre, todos los miembros sufren: la paz como acompa\u00f1amiento y solidaridad\u201d<\/strong><\/em>.<\/p>\n\n\n\n<p>La narrativa b\u00edblica nos cuenta la historia de un Dios que acompa\u00f1a y camina con aquellas personas que est\u00e1n desanimadas, privadas de sus derechos y aquellas que sufren. Es tambi\u00e9n una invitaci\u00f3n para que, aquellas personas que creen en este Dios y que siguen a su hijo Jesucristo, vean que la humanidad est\u00e1 interconectada y para que reconozcan que cuando una de estas personas no se encuentra bien o est\u00e1 sufriendo, la creaci\u00f3n est\u00e1 siendo lo que deber\u00eda ser. Si nuestro inter\u00e9s est\u00e1 en encarnar la paz y la justicia de Dios en este mundo, lo que le pasa a una persona afecta y deber\u00eda importarle al resto.<\/p>\n\n\n\n<p>Si buscamos ser una iglesia de Paz, debemos, por lo tanto, reconocer la interconexi\u00f3n que hay entre nosotros; debemos acompa\u00f1ar y actuar solidariamente con los que sufren.<\/p>\n\n\n\n<p>Que estos recursos puedan ayudarnos en esta b\u00fasqueda.<\/p>\n\n\n\n<h2 class=\"wp-block-heading\"><strong>Fundamento del Domingo de la Paz<\/strong><\/h2>\n\n\n\n<p>Siguiendo la recomendaci\u00f3n del Concilio de Paz en Bulawayo en 2003, acerca de establecer un Domingo de la Paz, la Comisi\u00f3n de Paz del CMM reunida en Pasadena en 2006, escogi\u00f3 el domingo m\u00e1s pr\u00f3ximo al 21 de septiembre (D\u00eda Internacional de la Paz) como el Domingo de la Paz, para que sea conmemorado por las iglesias miembros del Congreso Mundial Menonita.<\/p>\n\n\n\n<p>El D\u00eda Internacional de la Paz fue establecido el 30 de noviembre de 1981 por la resoluci\u00f3n 36\/67 de las Naciones Unidas, para ser celebrado por primera vez el tercer martes de septiembre de 1982, buscando que coincidiera con la sesi\u00f3n de apertura de la Asamblea General de esa organizaci\u00f3n. Posteriormente, la Asamblea General de la ONU estableci\u00f3 el 21 de septiembre como la fecha permanente para el D\u00eda Internacional de la Paz. En la resoluci\u00f3n 55\/282 del 7 de septiembre de 2001, se determina lo siguiente:<\/p>\n\n\n\n<p><em>\u201cLa Asamblea General, reafirmando<\/em>&nbsp;la contribuci\u00f3n de la observancia y celebraci\u00f3n del D\u00eda Internacional de la Paz al fortalecimiento de los ideales de paz y al alivio de las tensiones y las causas de conflicto (\u2026)&nbsp;<em>declara<\/em>&nbsp;que el D\u00eda Internacional de la Paz se observar\u00e1 en adelante como un d\u00eda de cesaci\u00f3n del fuego y de no violencia a nivel mundial, a fin de que todas las naciones y pueblos se sientan motivados para cumplir una cesaci\u00f3n de hostilidades durante todo ese D\u00eda\u201d; y asimismo \u201c (\u2026)&nbsp;<em>invita<\/em>&nbsp;a todos los Estados Miembros, a las organizaciones del sistema de las Naciones Unidas, a las organizaciones regionales y no gubernamentales y a los particulares, a conmemorar de manera adecuada el D\u00eda Internacional de la Paz realizando, entre otras cosas, actividades educativas y de sensibilizaci\u00f3n de la opini\u00f3n p\u00fablica, y a colaborar con las Naciones Unidas en el establecimiento de una cesaci\u00f3n del fuego a nivel mundial.\u201d<\/p>\n\n\n\n<p>A la luz de lo anteriormente expuesto, la Comisi\u00f3n de Paz del Congreso Mundial Menonita, a partir del 11 de marzo de 2006, decidi\u00f3 que:<\/p>\n\n\n\n<ol class=\"wp-block-list\">\n<li>El domingo m\u00e1s pr\u00f3ximo al 21 de septiembre (el D\u00eda Internacional de la Paz) ser\u00e1 designado como el Domingo de la Paz, para ser celebrado en nuestras iglesias alrededor del mundo. Para este 2019 ser\u00e1 el 22 de septiembre.<\/li>\n\n\n\n<li>El personal de la Comisi\u00f3n de Paz del CMM elaborar\u00e1 una serie de sugerencias: lecturas b\u00edblicas, peticiones de oraci\u00f3n, reflexiones de nuestra comunidad global e ideas para realizar actividades, lo anterior con el fin de ayudar a las iglesias para celebrar este d\u00eda.<\/li>\n\n\n\n<li>Se invita a que las iglesias compartan con la Comisi\u00f3n de Paz las actividades llevadas a cabo para celebrar ese d\u00eda. Por favor enviar sus historias y fotos a\u00a0<a href=\"mailto:photos@mwc-cmm.org\">photos@mwc-cmm.org<\/a>.<\/li>\n\n\n\n<li>A las iglesias que ya est\u00e1n celebrando el Domingo de la Paz en un d\u00eda diferente, se les anima a continuar con su pr\u00e1ctica, y se les invita a incluir las peticiones de la iglesia global en sus oraciones durante ese d\u00eda.<\/li>\n<\/ol>\n\n\n\n<p>El CMM quisiera conocer c\u00f3mo ustedes conmemoran el Domingo de la Paz. Si tienen historias, informes de actividades o eventos en sus congregaciones, por favor enviarlas a la Comisi\u00f3n de Paz del CMM (ver el correo electr\u00f3nico en la parte inferior) o al correo&nbsp;<a href=\"mailto:photos@mwc-cmm.org\">photos@mwc-cmm.org<\/a>, de modo que podamos compartirlas con la comunidad mundial de iglesias del Congreso Mundial Menonita. \u00a1Bendiciones al continuar su labor hacia la paz de Cristo!<\/p>\n\n\n\n<p>Suyo en la paz de Cristo,<\/p>\n\n\n\n<p>Andrew G. Suderman<\/p>\n\n\n\n<p>Secretario de la Comisi\u00f3n de Paz<\/p>\n\n\n\n<p><a href=\"mailto:AndrewSuderman@mwc-cmm.org\">AndrewSuderman@mwc-cmm.org<\/a><\/p>\n\n\n\n<div data-wp-interactive=\"core\/file\" class=\"wp-block-file\"><object data-wp-bind--hidden=\"!state.hasPdfPreview\" hidden class=\"wp-block-file__embed\" data=\"https:\/\/mwc-cmm.org\/wp-content\/uploads\/2024\/11\/peacesunday_letter_2019-es.pdf\" type=\"application\/pdf\" style=\"width:100%;height:600px\" aria-label=\"Incrustado de peacesunday_letter_2019-es.\"><\/object><a id=\"wp-block-file--media-17185632-603a-45ff-a150-a32007dc44f3\" href=\"https:\/\/mwc-cmm.org\/wp-content\/uploads\/2024\/11\/peacesunday_letter_2019-es.pdf\">peacesunday_letter_2019-es<\/a><a href=\"https:\/\/mwc-cmm.org\/wp-content\/uploads\/2024\/11\/peacesunday_letter_2019-es.pdf\" class=\"wp-block-file__button wp-element-button\" download aria-describedby=\"wp-block-file--media-17185632-603a-45ff-a150-a32007dc44f3\">Download<\/a><\/div>\n","protected":false},"featured_media":0,"template":"","network":[1253],"resourcetype":[],"language":[1349],"resourcecategory":[1366],"resourcetheme":[],"eventcategory":[],"class_list":["post-17632","mwcresource","type-mwcresource","status-publish","hentry","network-peace-commission-es","language-es-es","resourcecategory-worship-resource-es"],"acf":[],"yoast_head":"<!-- This site is optimized with the Yoast SEO plugin v27.2 - https:\/\/yoast.com\/product\/yoast-seo-wordpress\/ -->\n<title>Domingo de la Paz carta 2020 - Mennonite World Conference<\/title>\n<meta name=\"robots\" content=\"index, follow, max-snippet:-1, max-image-preview:large, max-video-preview:-1\" \/>\n<link rel=\"canonical\" href=\"https:\/\/mwc-cmm.org\/en\/resources\/peace-sunday-letter-2020\/\" \/>\n<meta property=\"og:locale\" content=\"es_ES\" \/>\n<meta property=\"og:type\" content=\"article\" \/>\n<meta property=\"og:title\" content=\"Domingo de la Paz carta 2020 - Mennonite World Conference\" \/>\n<meta property=\"og:description\" content=\"19 de Junio 2020 Queridos hermanos y hermanas en Cristo: \u00a1Saludos en el nombre de nuestro Se\u00f1or Jesucristo, nuestro Pr\u00edncipe de Paz! Les escribimos para invitarlos a ustedes y a sus congregaciones para unirse a nuestros hermanos y hermanas de la familia anabautista en todo el mundo, con la finalidad de celebrar juntos el Domingo [&hellip;]\" \/>\n<meta property=\"og:url\" content=\"https:\/\/mwc-cmm.org\/en\/resources\/peace-sunday-letter-2020\/\" \/>\n<meta property=\"og:site_name\" content=\"Mennonite World Conference\" \/>\n<meta property=\"article:publisher\" content=\"https:\/\/www.facebook.com\/MennoniteWorldConference\" \/>\n<meta property=\"article:modified_time\" content=\"2024-12-04T01:30:08+00:00\" \/>\n<script type=\"application\/ld+json\" class=\"yoast-schema-graph\">{\"@context\":\"https:\/\/schema.org\",\"@graph\":[{\"@type\":\"WebPage\",\"@id\":\"https:\/\/mwc-cmm.org\/en\/resources\/peace-sunday-letter-2020\/\",\"url\":\"https:\/\/mwc-cmm.org\/en\/resources\/peace-sunday-letter-2020\/\",\"name\":\"Domingo de la Paz carta 2020 - Mennonite World Conference\",\"isPartOf\":{\"@id\":\"https:\/\/mwc-cmm.org\/en\/#website\"},\"datePublished\":\"2020-06-19T17:39:50+00:00\",\"dateModified\":\"2024-12-04T01:30:08+00:00\",\"breadcrumb\":{\"@id\":\"https:\/\/mwc-cmm.org\/en\/resources\/peace-sunday-letter-2020\/#breadcrumb\"},\"inLanguage\":\"es\",\"potentialAction\":[{\"@type\":\"ReadAction\",\"target\":[\"https:\/\/mwc-cmm.org\/en\/resources\/peace-sunday-letter-2020\/\"]}]},{\"@type\":\"BreadcrumbList\",\"@id\":\"https:\/\/mwc-cmm.org\/en\/resources\/peace-sunday-letter-2020\/#breadcrumb\",\"itemListElement\":[{\"@type\":\"ListItem\",\"position\":1,\"name\":\"Home\",\"item\":\"https:\/\/mwc-cmm.org\/es\/\"},{\"@type\":\"ListItem\",\"position\":2,\"name\":\"Domingo de la Paz carta 2020\"}]},{\"@type\":\"WebSite\",\"@id\":\"https:\/\/mwc-cmm.org\/en\/#website\",\"url\":\"https:\/\/mwc-cmm.org\/en\/\",\"name\":\"Mennonite World Conference\",\"description\":\"A communion of Anabaptist-related churches\",\"publisher\":{\"@id\":\"https:\/\/mwc-cmm.org\/en\/#organization\"},\"alternateName\":\"MWC\",\"potentialAction\":[{\"@type\":\"SearchAction\",\"target\":{\"@type\":\"EntryPoint\",\"urlTemplate\":\"https:\/\/mwc-cmm.org\/en\/?s={search_term_string}\"},\"query-input\":{\"@type\":\"PropertyValueSpecification\",\"valueRequired\":true,\"valueName\":\"search_term_string\"}}],\"inLanguage\":\"es\"},{\"@type\":\"Organization\",\"@id\":\"https:\/\/mwc-cmm.org\/en\/#organization\",\"name\":\"Mennonite World Conference\",\"alternateName\":\"MWC\",\"url\":\"https:\/\/mwc-cmm.org\/en\/\",\"logo\":{\"@type\":\"ImageObject\",\"inLanguage\":\"es\",\"@id\":\"https:\/\/mwc-cmm.org\/en\/#\/schema\/logo\/image\/\",\"url\":\"https:\/\/mwc-cmm.org\/wp-content\/uploads\/2026\/01\/MWC_Sig_Blue_Horiz_webheader1-logo.svg\",\"contentUrl\":\"https:\/\/mwc-cmm.org\/wp-content\/uploads\/2026\/01\/MWC_Sig_Blue_Horiz_webheader1-logo.svg\",\"width\":786,\"height\":82,\"caption\":\"Mennonite World Conference\"},\"image\":{\"@id\":\"https:\/\/mwc-cmm.org\/en\/#\/schema\/logo\/image\/\"},\"sameAs\":[\"https:\/\/www.facebook.com\/MennoniteWorldConference\",\"https:\/\/www.linkedin.com\/company\/mennonite-world-conference-mwc\/\",\"https:\/\/www.instagram.com\/mwcmm\/\",\"https:\/\/www.youtube.com\/user\/mwccmm\",\"https:\/\/bsky.app\/profile\/mwcmm.bsky.social\"]}]}<\/script>\n<!-- \/ Yoast SEO plugin. -->","yoast_head_json":{"title":"Domingo de la Paz carta 2020 - Mennonite World Conference","robots":{"index":"index","follow":"follow","max-snippet":"max-snippet:-1","max-image-preview":"max-image-preview:large","max-video-preview":"max-video-preview:-1"},"canonical":"https:\/\/mwc-cmm.org\/en\/resources\/peace-sunday-letter-2020\/","og_locale":"es_ES","og_type":"article","og_title":"Domingo de la Paz carta 2020 - Mennonite World Conference","og_description":"19 de Junio 2020 Queridos hermanos y hermanas en Cristo: \u00a1Saludos en el nombre de nuestro Se\u00f1or Jesucristo, nuestro Pr\u00edncipe de Paz! Les escribimos para invitarlos a ustedes y a sus congregaciones para unirse a nuestros hermanos y hermanas de la familia anabautista en todo el mundo, con la finalidad de celebrar juntos el Domingo [&hellip;]","og_url":"https:\/\/mwc-cmm.org\/en\/resources\/peace-sunday-letter-2020\/","og_site_name":"Mennonite World Conference","article_publisher":"https:\/\/www.facebook.com\/MennoniteWorldConference","article_modified_time":"2024-12-04T01:30:08+00:00","schema":{"@context":"https:\/\/schema.org","@graph":[{"@type":"WebPage","@id":"https:\/\/mwc-cmm.org\/en\/resources\/peace-sunday-letter-2020\/","url":"https:\/\/mwc-cmm.org\/en\/resources\/peace-sunday-letter-2020\/","name":"Domingo de la Paz carta 2020 - Mennonite World Conference","isPartOf":{"@id":"https:\/\/mwc-cmm.org\/en\/#website"},"datePublished":"2020-06-19T17:39:50+00:00","dateModified":"2024-12-04T01:30:08+00:00","breadcrumb":{"@id":"https:\/\/mwc-cmm.org\/en\/resources\/peace-sunday-letter-2020\/#breadcrumb"},"inLanguage":"es","potentialAction":[{"@type":"ReadAction","target":["https:\/\/mwc-cmm.org\/en\/resources\/peace-sunday-letter-2020\/"]}]},{"@type":"BreadcrumbList","@id":"https:\/\/mwc-cmm.org\/en\/resources\/peace-sunday-letter-2020\/#breadcrumb","itemListElement":[{"@type":"ListItem","position":1,"name":"Home","item":"https:\/\/mwc-cmm.org\/es\/"},{"@type":"ListItem","position":2,"name":"Domingo de la Paz carta 2020"}]},{"@type":"WebSite","@id":"https:\/\/mwc-cmm.org\/en\/#website","url":"https:\/\/mwc-cmm.org\/en\/","name":"Mennonite World Conference","description":"A communion of Anabaptist-related churches","publisher":{"@id":"https:\/\/mwc-cmm.org\/en\/#organization"},"alternateName":"MWC","potentialAction":[{"@type":"SearchAction","target":{"@type":"EntryPoint","urlTemplate":"https:\/\/mwc-cmm.org\/en\/?s={search_term_string}"},"query-input":{"@type":"PropertyValueSpecification","valueRequired":true,"valueName":"search_term_string"}}],"inLanguage":"es"},{"@type":"Organization","@id":"https:\/\/mwc-cmm.org\/en\/#organization","name":"Mennonite World Conference","alternateName":"MWC","url":"https:\/\/mwc-cmm.org\/en\/","logo":{"@type":"ImageObject","inLanguage":"es","@id":"https:\/\/mwc-cmm.org\/en\/#\/schema\/logo\/image\/","url":"https:\/\/mwc-cmm.org\/wp-content\/uploads\/2026\/01\/MWC_Sig_Blue_Horiz_webheader1-logo.svg","contentUrl":"https:\/\/mwc-cmm.org\/wp-content\/uploads\/2026\/01\/MWC_Sig_Blue_Horiz_webheader1-logo.svg","width":786,"height":82,"caption":"Mennonite World Conference"},"image":{"@id":"https:\/\/mwc-cmm.org\/en\/#\/schema\/logo\/image\/"},"sameAs":["https:\/\/www.facebook.com\/MennoniteWorldConference","https:\/\/www.linkedin.com\/company\/mennonite-world-conference-mwc\/","https:\/\/www.instagram.com\/mwcmm\/","https:\/\/www.youtube.com\/user\/mwccmm","https:\/\/bsky.app\/profile\/mwcmm.bsky.social"]}]}},"_links":{"self":[{"href":"https:\/\/mwc-cmm.org\/es\/wp-json\/wp\/v2\/mwcresource\/17632","targetHints":{"allow":["GET"]}}],"collection":[{"href":"https:\/\/mwc-cmm.org\/es\/wp-json\/wp\/v2\/mwcresource"}],"about":[{"href":"https:\/\/mwc-cmm.org\/es\/wp-json\/wp\/v2\/types\/mwcresource"}],"wp:attachment":[{"href":"https:\/\/mwc-cmm.org\/es\/wp-json\/wp\/v2\/media?parent=17632"}],"wp:term":[{"taxonomy":"network","embeddable":true,"href":"https:\/\/mwc-cmm.org\/es\/wp-json\/wp\/v2\/network?post=17632"},{"taxonomy":"resourcetype","embeddable":true,"href":"https:\/\/mwc-cmm.org\/es\/wp-json\/wp\/v2\/resourcetype?post=17632"},{"taxonomy":"language","embeddable":true,"href":"https:\/\/mwc-cmm.org\/es\/wp-json\/wp\/v2\/language?post=17632"},{"taxonomy":"resourcecategory","embeddable":true,"href":"https:\/\/mwc-cmm.org\/es\/wp-json\/wp\/v2\/resourcecategory?post=17632"},{"taxonomy":"resourcetheme","embeddable":true,"href":"https:\/\/mwc-cmm.org\/es\/wp-json\/wp\/v2\/resourcetheme?post=17632"},{"taxonomy":"eventcategory","embeddable":true,"href":"https:\/\/mwc-cmm.org\/es\/wp-json\/wp\/v2\/eventcategory?post=17632"}],"curies":[{"name":"wp","href":"https:\/\/api.w.org\/{rel}","templated":true}]}}