{"id":17626,"date":"2023-06-19T17:39:50","date_gmt":"2023-06-19T17:39:50","guid":{"rendered":"https:\/\/mwc-cmm.org\/en\/resources\/domingo-de-la-paz-2023-actividades\/"},"modified":"2024-12-13T01:15:45","modified_gmt":"2024-12-13T01:15:45","slug":"domingo-de-la-paz-2023-actividades","status":"publish","type":"mwcresource","link":"https:\/\/mwc-cmm.org\/es\/resources\/domingo-de-la-paz-2023-actividades\/","title":{"rendered":"Domingo de la Paz 2023 \u2013 Actividades"},"content":{"rendered":"\n<figure class=\"wp-block-image\"><img decoding=\"async\" data-src=\"https:\/\/mwc-cmm.org\/sites\/default\/files\/website_files_2020\/20220925ashishkumarmilapimg_1440.jpg\" alt=\"\" src=\"data:image\/svg+xml;base64,PHN2ZyB3aWR0aD0iMSIgaGVpZ2h0PSIxIiB4bWxucz0iaHR0cDovL3d3dy53My5vcmcvMjAwMC9zdmciPjwvc3ZnPg==\" class=\"lazyload\" \/><figcaption class=\"wp-element-caption\">La Iglesia Menonita Bethel de Balodgahan, India, celebra el Domingo de la Paz de 2022. Foto:&nbsp;Ashish Milap&nbsp;<\/figcaption><\/figure>\n\n\n\n<h3 class=\"wp-block-heading\">Mapeo comunitario&nbsp;<\/h3>\n\n\n\n<h4 class=\"wp-block-heading\"><em>Crear un \u00e1rbol \u201cgeneal\u00f3gico\u201d social &nbsp;<\/em><\/h4>\n\n\n\n<p>Prop\u00f3sito: Destacar la amplia variedad de v\u00ednculos sociales que tenemos como comunidades de fe.&nbsp;<\/p>\n\n\n\n<ul class=\"wp-block-list\">\n<li>Preparar por adelantado: Con cartulina hacer el tronco de un \u00e1rbol con algunas ramas. Colocarlo o pegarlo en la pared con cinta adhesiva.\n<ul class=\"wp-block-list\">\n<li>Confeccionar ramas m\u00e1s grandes que representen a los miembros de la comunidad de fe. \u00a0<\/li>\n\n\n\n<li>Confeccionar ramas m\u00e1s peque\u00f1as que representen las comunidades con las que est\u00e1n vinculados los miembros de la iglesia y (por ej., la escuela, otra congregaci\u00f3n o estructura de la iglesia, otros ministerios de la iglesia, lugares de trabajo, etc.)<\/li>\n\n\n\n<li>Con papel, confeccionar hojas de muchos colores.\u00a0<\/li>\n<\/ul>\n<\/li>\n\n\n\n<li>Invitar a los miembros a que pongan su nombre en una rama.\n<ul class=\"wp-block-list\">\n<li>Desde esas ramas, que cada miembro resalte los diversos v\u00ednculos sociales que tenga. \u00a0<\/li>\n<\/ul>\n<\/li>\n\n\n\n<li>Usar las hojas para resaltar a determinadas personas con las que uno est\u00e1 vinculado a trav\u00e9s de las diferentes \u201cramas\u201d. \u00a0<\/li>\n<\/ul>\n\n\n\n<p>Esperamos que esto d\u00e9 como resultado un gran \u00e1rbol hermoso, robusto y colorido que se extienda por la pared, destacando los diversos v\u00ednculos que tiene la comunidad de la iglesia. &nbsp;&nbsp;<\/p>\n\n\n\n<p>Comparta su historia y foto con la familia mundial anabautista, envi\u00e1ndolas con la autorizaci\u00f3n correspondiente a:&nbsp;<a href=\"mailto:photo@mwc-cmm.org\">photo@mwc-cmm.org<\/a><\/p>\n\n\n\n<figure class=\"wp-block-image\"><img decoding=\"async\" data-src=\"https:\/\/mwc-cmm.org\/sites\/default\/files\/website_files_2020\/20220918reginalynmondez20220918_113619.jpg\" alt=\"\" src=\"data:image\/svg+xml;base64,PHN2ZyB3aWR0aD0iMSIgaGVpZ2h0PSIxIiB4bWxucz0iaHR0cDovL3d3dy53My5vcmcvMjAwMC9zdmciPjwvc3ZnPg==\" class=\"lazyload\" \/><figcaption class=\"wp-element-caption\">La Iglesia B\u00edblica Menonita Lacao de Lumban, Laguna (IMC &#8211; Filipinas) celebr\u00f3 el Domingo de la Paz en 2022, cantando canciones internacionales y creando el jard\u00edn de la paz (actividad sugerida en los recursos para el culto), donde los miembros escriben \u201cc\u00f3mo podemos tener un impacto en la comunidad\u201d sobre las frutas y verduras.&nbsp; Foto:&nbsp;Regina Mondez<\/figcaption><\/figure>\n\n\n\n<figure class=\"wp-block-image\"><a href=\"https:\/\/mwc-cmm.org\/es\/resources\/domingo-de-la-paz-2023-recursos-para-el-culto-de-adoracion\"><img decoding=\"async\" data-src=\"https:\/\/mwc-cmm.org\/sites\/default\/files\/website_files_2020\/ps23_sp.jpg\" alt=\"\" src=\"data:image\/svg+xml;base64,PHN2ZyB3aWR0aD0iMSIgaGVpZ2h0PSIxIiB4bWxucz0iaHR0cDovL3d3dy53My5vcmcvMjAwMC9zdmciPjwvc3ZnPg==\" class=\"lazyload\" \/><\/a><\/figure>\n","protected":false},"featured_media":0,"template":"","network":[1253],"resourcetype":[],"language":[1349],"resourcecategory":[1366],"resourcetheme":[],"eventcategory":[],"class_list":["post-17626","mwcresource","type-mwcresource","status-publish","hentry","network-peace-commission-es","language-es-es","resourcecategory-worship-resource-es"],"acf":[],"yoast_head":"<!-- This site is optimized with the Yoast SEO plugin v27.5 - https:\/\/yoast.com\/product\/yoast-seo-wordpress\/ -->\n<title>Domingo de la Paz 2023 \u2013 Actividades - Mennonite World Conference<\/title>\n<meta name=\"robots\" content=\"index, follow, max-snippet:-1, max-image-preview:large, max-video-preview:-1\" \/>\n<link rel=\"canonical\" href=\"https:\/\/mwc-cmm.org\/en\/resources\/peace-sunday-2023-activities\/\" \/>\n<meta property=\"og:locale\" content=\"es_ES\" \/>\n<meta property=\"og:type\" content=\"article\" \/>\n<meta property=\"og:title\" content=\"Domingo de la Paz 2023 \u2013 Actividades - Mennonite World Conference\" \/>\n<meta property=\"og:description\" content=\"Mapeo comunitario&nbsp; Crear un \u00e1rbol \u201cgeneal\u00f3gico\u201d social &nbsp; Prop\u00f3sito: Destacar la amplia variedad de v\u00ednculos sociales que tenemos como comunidades de fe.&nbsp; Esperamos que esto d\u00e9 como resultado un gran \u00e1rbol hermoso, robusto y colorido que se extienda por la pared, destacando los diversos v\u00ednculos que tiene la comunidad de la iglesia. &nbsp;&nbsp; Comparta su [&hellip;]\" \/>\n<meta property=\"og:url\" content=\"https:\/\/mwc-cmm.org\/en\/resources\/peace-sunday-2023-activities\/\" \/>\n<meta property=\"og:site_name\" content=\"Mennonite World Conference\" \/>\n<meta property=\"article:publisher\" content=\"https:\/\/www.facebook.com\/MennoniteWorldConference\" \/>\n<meta property=\"article:modified_time\" content=\"2024-12-13T01:15:45+00:00\" \/>\n<meta property=\"og:image\" content=\"https:\/\/mwc-cmm.org\/sites\/default\/files\/website_files_2020\/20220925ashishkumarmilapimg_1440.jpg\" \/>\n<script type=\"application\/ld+json\" class=\"yoast-schema-graph\">{\"@context\":\"https:\\\/\\\/schema.org\",\"@graph\":[{\"@type\":\"WebPage\",\"@id\":\"https:\\\/\\\/mwc-cmm.org\\\/en\\\/resources\\\/peace-sunday-2023-activities\\\/\",\"url\":\"https:\\\/\\\/mwc-cmm.org\\\/en\\\/resources\\\/peace-sunday-2023-activities\\\/\",\"name\":\"Domingo de la Paz 2023 \u2013 Actividades - Mennonite World Conference\",\"isPartOf\":{\"@id\":\"https:\\\/\\\/mwc-cmm.org\\\/en\\\/#website\"},\"primaryImageOfPage\":{\"@id\":\"https:\\\/\\\/mwc-cmm.org\\\/en\\\/resources\\\/peace-sunday-2023-activities\\\/#primaryimage\"},\"image\":{\"@id\":\"https:\\\/\\\/mwc-cmm.org\\\/en\\\/resources\\\/peace-sunday-2023-activities\\\/#primaryimage\"},\"thumbnailUrl\":\"https:\\\/\\\/mwc-cmm.org\\\/sites\\\/default\\\/files\\\/website_files_2020\\\/20220925ashishkumarmilapimg_1440.jpg\",\"datePublished\":\"2023-06-19T17:39:50+00:00\",\"dateModified\":\"2024-12-13T01:15:45+00:00\",\"breadcrumb\":{\"@id\":\"https:\\\/\\\/mwc-cmm.org\\\/en\\\/resources\\\/peace-sunday-2023-activities\\\/#breadcrumb\"},\"inLanguage\":\"es\",\"potentialAction\":[{\"@type\":\"ReadAction\",\"target\":[\"https:\\\/\\\/mwc-cmm.org\\\/en\\\/resources\\\/peace-sunday-2023-activities\\\/\"]}]},{\"@type\":\"ImageObject\",\"inLanguage\":\"es\",\"@id\":\"https:\\\/\\\/mwc-cmm.org\\\/en\\\/resources\\\/peace-sunday-2023-activities\\\/#primaryimage\",\"url\":\"https:\\\/\\\/mwc-cmm.org\\\/sites\\\/default\\\/files\\\/website_files_2020\\\/20220925ashishkumarmilapimg_1440.jpg\",\"contentUrl\":\"https:\\\/\\\/mwc-cmm.org\\\/sites\\\/default\\\/files\\\/website_files_2020\\\/20220925ashishkumarmilapimg_1440.jpg\"},{\"@type\":\"BreadcrumbList\",\"@id\":\"https:\\\/\\\/mwc-cmm.org\\\/en\\\/resources\\\/peace-sunday-2023-activities\\\/#breadcrumb\",\"itemListElement\":[{\"@type\":\"ListItem\",\"position\":1,\"name\":\"Home\",\"item\":\"https:\\\/\\\/mwc-cmm.org\\\/es\\\/\"},{\"@type\":\"ListItem\",\"position\":2,\"name\":\"Domingo de la Paz 2023 \u2013 Actividades\"}]},{\"@type\":\"WebSite\",\"@id\":\"https:\\\/\\\/mwc-cmm.org\\\/en\\\/#website\",\"url\":\"https:\\\/\\\/mwc-cmm.org\\\/en\\\/\",\"name\":\"Mennonite World Conference\",\"description\":\"A communion of Anabaptist-related churches\",\"publisher\":{\"@id\":\"https:\\\/\\\/mwc-cmm.org\\\/en\\\/#organization\"},\"alternateName\":\"MWC\",\"potentialAction\":[{\"@type\":\"SearchAction\",\"target\":{\"@type\":\"EntryPoint\",\"urlTemplate\":\"https:\\\/\\\/mwc-cmm.org\\\/en\\\/?s={search_term_string}\"},\"query-input\":{\"@type\":\"PropertyValueSpecification\",\"valueRequired\":true,\"valueName\":\"search_term_string\"}}],\"inLanguage\":\"es\"},{\"@type\":\"Organization\",\"@id\":\"https:\\\/\\\/mwc-cmm.org\\\/en\\\/#organization\",\"name\":\"Mennonite World Conference\",\"alternateName\":\"MWC\",\"url\":\"https:\\\/\\\/mwc-cmm.org\\\/en\\\/\",\"logo\":{\"@type\":\"ImageObject\",\"inLanguage\":\"es\",\"@id\":\"https:\\\/\\\/mwc-cmm.org\\\/en\\\/#\\\/schema\\\/logo\\\/image\\\/\",\"url\":\"https:\\\/\\\/mwc-cmm.org\\\/wp-content\\\/uploads\\\/2026\\\/01\\\/MWC_Sig_Blue_Horiz_webheader1-logo.svg\",\"contentUrl\":\"https:\\\/\\\/mwc-cmm.org\\\/wp-content\\\/uploads\\\/2026\\\/01\\\/MWC_Sig_Blue_Horiz_webheader1-logo.svg\",\"width\":786,\"height\":82,\"caption\":\"Mennonite World Conference\"},\"image\":{\"@id\":\"https:\\\/\\\/mwc-cmm.org\\\/en\\\/#\\\/schema\\\/logo\\\/image\\\/\"},\"sameAs\":[\"https:\\\/\\\/www.facebook.com\\\/MennoniteWorldConference\",\"https:\\\/\\\/www.linkedin.com\\\/company\\\/mennonite-world-conference-mwc\\\/\",\"https:\\\/\\\/www.instagram.com\\\/mwcmm\\\/\",\"https:\\\/\\\/www.youtube.com\\\/user\\\/mwccmm\",\"https:\\\/\\\/bsky.app\\\/profile\\\/mwcmm.bsky.social\"]}]}<\/script>\n<!-- \/ Yoast SEO plugin. -->","yoast_head_json":{"title":"Domingo de la Paz 2023 \u2013 Actividades - Mennonite World Conference","robots":{"index":"index","follow":"follow","max-snippet":"max-snippet:-1","max-image-preview":"max-image-preview:large","max-video-preview":"max-video-preview:-1"},"canonical":"https:\/\/mwc-cmm.org\/en\/resources\/peace-sunday-2023-activities\/","og_locale":"es_ES","og_type":"article","og_title":"Domingo de la Paz 2023 \u2013 Actividades - Mennonite World Conference","og_description":"Mapeo comunitario&nbsp; Crear un \u00e1rbol \u201cgeneal\u00f3gico\u201d social &nbsp; Prop\u00f3sito: Destacar la amplia variedad de v\u00ednculos sociales que tenemos como comunidades de fe.&nbsp; Esperamos que esto d\u00e9 como resultado un gran \u00e1rbol hermoso, robusto y colorido que se extienda por la pared, destacando los diversos v\u00ednculos que tiene la comunidad de la iglesia. &nbsp;&nbsp; Comparta su [&hellip;]","og_url":"https:\/\/mwc-cmm.org\/en\/resources\/peace-sunday-2023-activities\/","og_site_name":"Mennonite World Conference","article_publisher":"https:\/\/www.facebook.com\/MennoniteWorldConference","article_modified_time":"2024-12-13T01:15:45+00:00","og_image":[{"url":"https:\/\/mwc-cmm.org\/sites\/default\/files\/website_files_2020\/20220925ashishkumarmilapimg_1440.jpg","type":"","width":"","height":""}],"schema":{"@context":"https:\/\/schema.org","@graph":[{"@type":"WebPage","@id":"https:\/\/mwc-cmm.org\/en\/resources\/peace-sunday-2023-activities\/","url":"https:\/\/mwc-cmm.org\/en\/resources\/peace-sunday-2023-activities\/","name":"Domingo de la Paz 2023 \u2013 Actividades - Mennonite World Conference","isPartOf":{"@id":"https:\/\/mwc-cmm.org\/en\/#website"},"primaryImageOfPage":{"@id":"https:\/\/mwc-cmm.org\/en\/resources\/peace-sunday-2023-activities\/#primaryimage"},"image":{"@id":"https:\/\/mwc-cmm.org\/en\/resources\/peace-sunday-2023-activities\/#primaryimage"},"thumbnailUrl":"https:\/\/mwc-cmm.org\/sites\/default\/files\/website_files_2020\/20220925ashishkumarmilapimg_1440.jpg","datePublished":"2023-06-19T17:39:50+00:00","dateModified":"2024-12-13T01:15:45+00:00","breadcrumb":{"@id":"https:\/\/mwc-cmm.org\/en\/resources\/peace-sunday-2023-activities\/#breadcrumb"},"inLanguage":"es","potentialAction":[{"@type":"ReadAction","target":["https:\/\/mwc-cmm.org\/en\/resources\/peace-sunday-2023-activities\/"]}]},{"@type":"ImageObject","inLanguage":"es","@id":"https:\/\/mwc-cmm.org\/en\/resources\/peace-sunday-2023-activities\/#primaryimage","url":"https:\/\/mwc-cmm.org\/sites\/default\/files\/website_files_2020\/20220925ashishkumarmilapimg_1440.jpg","contentUrl":"https:\/\/mwc-cmm.org\/sites\/default\/files\/website_files_2020\/20220925ashishkumarmilapimg_1440.jpg"},{"@type":"BreadcrumbList","@id":"https:\/\/mwc-cmm.org\/en\/resources\/peace-sunday-2023-activities\/#breadcrumb","itemListElement":[{"@type":"ListItem","position":1,"name":"Home","item":"https:\/\/mwc-cmm.org\/es\/"},{"@type":"ListItem","position":2,"name":"Domingo de la Paz 2023 \u2013 Actividades"}]},{"@type":"WebSite","@id":"https:\/\/mwc-cmm.org\/en\/#website","url":"https:\/\/mwc-cmm.org\/en\/","name":"Mennonite World Conference","description":"A communion of Anabaptist-related churches","publisher":{"@id":"https:\/\/mwc-cmm.org\/en\/#organization"},"alternateName":"MWC","potentialAction":[{"@type":"SearchAction","target":{"@type":"EntryPoint","urlTemplate":"https:\/\/mwc-cmm.org\/en\/?s={search_term_string}"},"query-input":{"@type":"PropertyValueSpecification","valueRequired":true,"valueName":"search_term_string"}}],"inLanguage":"es"},{"@type":"Organization","@id":"https:\/\/mwc-cmm.org\/en\/#organization","name":"Mennonite World Conference","alternateName":"MWC","url":"https:\/\/mwc-cmm.org\/en\/","logo":{"@type":"ImageObject","inLanguage":"es","@id":"https:\/\/mwc-cmm.org\/en\/#\/schema\/logo\/image\/","url":"https:\/\/mwc-cmm.org\/wp-content\/uploads\/2026\/01\/MWC_Sig_Blue_Horiz_webheader1-logo.svg","contentUrl":"https:\/\/mwc-cmm.org\/wp-content\/uploads\/2026\/01\/MWC_Sig_Blue_Horiz_webheader1-logo.svg","width":786,"height":82,"caption":"Mennonite World Conference"},"image":{"@id":"https:\/\/mwc-cmm.org\/en\/#\/schema\/logo\/image\/"},"sameAs":["https:\/\/www.facebook.com\/MennoniteWorldConference","https:\/\/www.linkedin.com\/company\/mennonite-world-conference-mwc\/","https:\/\/www.instagram.com\/mwcmm\/","https:\/\/www.youtube.com\/user\/mwccmm","https:\/\/bsky.app\/profile\/mwcmm.bsky.social"]}]}},"_links":{"self":[{"href":"https:\/\/mwc-cmm.org\/es\/wp-json\/wp\/v2\/mwcresource\/17626","targetHints":{"allow":["GET"]}}],"collection":[{"href":"https:\/\/mwc-cmm.org\/es\/wp-json\/wp\/v2\/mwcresource"}],"about":[{"href":"https:\/\/mwc-cmm.org\/es\/wp-json\/wp\/v2\/types\/mwcresource"}],"wp:attachment":[{"href":"https:\/\/mwc-cmm.org\/es\/wp-json\/wp\/v2\/media?parent=17626"}],"wp:term":[{"taxonomy":"network","embeddable":true,"href":"https:\/\/mwc-cmm.org\/es\/wp-json\/wp\/v2\/network?post=17626"},{"taxonomy":"resourcetype","embeddable":true,"href":"https:\/\/mwc-cmm.org\/es\/wp-json\/wp\/v2\/resourcetype?post=17626"},{"taxonomy":"language","embeddable":true,"href":"https:\/\/mwc-cmm.org\/es\/wp-json\/wp\/v2\/language?post=17626"},{"taxonomy":"resourcecategory","embeddable":true,"href":"https:\/\/mwc-cmm.org\/es\/wp-json\/wp\/v2\/resourcecategory?post=17626"},{"taxonomy":"resourcetheme","embeddable":true,"href":"https:\/\/mwc-cmm.org\/es\/wp-json\/wp\/v2\/resourcetheme?post=17626"},{"taxonomy":"eventcategory","embeddable":true,"href":"https:\/\/mwc-cmm.org\/es\/wp-json\/wp\/v2\/eventcategory?post=17626"}],"curies":[{"name":"wp","href":"https:\/\/api.w.org\/{rel}","templated":true}]}}