{"id":17619,"date":"2021-07-19T17:39:48","date_gmt":"2021-07-19T17:39:48","guid":{"rendered":"https:\/\/mwc-cmm.org\/en\/resources\/domingo-de-la-paz-2021-liturgias-para-la-reunion-y-la-bendicion\/"},"modified":"2024-12-12T06:35:07","modified_gmt":"2024-12-12T06:35:07","slug":"domingo-de-la-paz-2021-liturgias-para-la-reuni%c2%97n-y-la-bendici%c2%97n","status":"publish","type":"mwcresource","link":"https:\/\/mwc-cmm.org\/es\/resources\/domingo-de-la-paz-2021-liturgias-para-la-reuni%c2%97n-y-la-bendici%c2%97n\/","title":{"rendered":"Domingo de la Paz 2021 &#8211; Liturgias para la reuni\u00f3n y la bendici\u00f3n"},"content":{"rendered":"\n<h2 class=\"wp-block-heading\"><strong>Llamado a la adoraci\u00f3n: poner la mejilla<\/strong><\/h2>\n\n\n\n<p>Fuerza es mandar al viento y al mar a que obedezcan,<br>Fuerza es blandir una honda en la cara de un gigante furioso.<br>Fuerza es aceptar vulnerabilidad desde el interior del barco,<br>Fuerza es solidarizarse con las personas desamparadas.<br>Fuerza es poner una mejilla<br>Fuerza es amar al enemigo(a).<br>Venimos a adorar<br>a un Dios que redefine nuestra visi\u00f3n de fuerza.<\/p>\n\n\n\n<p><em>\u2014Katherine HawkerSelf, 1997,&nbsp;<\/em>\u201cLiturgy Outside: reflections to foster faithful resistance&nbsp;<em>(Liturgia Externa: reflexiones para fomentar la resistencia fiel\u201d (<\/em><a href=\"http:\/\/liturgyoutside.net\/\"><em>liturgyoutside.net\/<\/em><\/a><em>)<\/em><\/p>\n\n\n\n<h2 class=\"wp-block-heading\"><strong>Bendici\u00f3n<\/strong><\/h2>\n\n\n\n<p>Env\u00edanos a la turbulencia del mundo como instrumentos de Tu paz,<br>y env\u00edanos como agentes de Tu justicia,<br>para que todas las personas conozcan la verdad de Tus caminos.<\/p>\n\n\n\n<p>Env\u00edanos como artistas<br>que soportan la alegre responsabilidad de Tu creatividad,<br>para que llevemos luz a las tinieblas,<br>y esperanza entre la desesperanza.<\/p>\n\n\n\n<p>Y conc\u00e9denos el gozo de la hermandad,<br>con Tu Esp\u00edritu y entre nosotros y nosotras<br>este d\u00eda y para siempre. \u00a1Am\u00e9n!<\/p>\n\n\n\n<p><em>\u2014Rvdo. Mark S. Burrows. Incluida en la edici\u00f3n de Primavera (Spring) de 1998 de la revista&nbsp;<\/em>Conexiones<em>&nbsp;(Connections).<\/em><\/p>\n\n\n\n<figure class=\"wp-block-image\"><a href=\"https:\/\/www.flickr.com\/photos\/mwcmm\/51293250293\/in\/album-72157719513690572\/\"><img decoding=\"async\" data-src=\"https:\/\/mwc-cmm.org\/wp-content\/uploads\/2024\/11\/51293250293_5929ef60b5_c-2.jpg\" alt=\"20201004_Ashish_Milap-PeaceSunday-113609\" width=\"800\" class=\"smush-dimensions lazyload\" style=\"--smush-image-width: 800px; --smush-image-aspect-ratio: 800\/369;\" src=\"data:image\/svg+xml;base64,PHN2ZyB3aWR0aD0iMSIgaGVpZ2h0PSIxIiB4bWxucz0iaHR0cDovL3d3dy53My5vcmcvMjAwMC9zdmciPjwvc3ZnPg==\" \/><\/a><\/figure>\n\n\n\n<p>&nbsp;<\/p>\n\n\n\n<p>&nbsp;<\/p>\n","protected":false},"featured_media":28946,"template":"","network":[1253],"resourcetype":[],"language":[1349],"resourcecategory":[1366],"resourcetheme":[],"eventcategory":[],"class_list":["post-17619","mwcresource","type-mwcresource","status-publish","has-post-thumbnail","hentry","network-peace-commission-es","language-es-es","resourcecategory-worship-resource-es"],"acf":[],"yoast_head":"<!-- This site is optimized with the Yoast SEO plugin v27.5 - https:\/\/yoast.com\/product\/yoast-seo-wordpress\/ -->\n<title>Domingo de la Paz 2021 - Liturgias para la reuni\u00f3n y la bendici\u00f3n - Mennonite World Conference<\/title>\n<meta name=\"robots\" content=\"index, follow, max-snippet:-1, max-image-preview:large, max-video-preview:-1\" \/>\n<link rel=\"canonical\" href=\"https:\/\/mwc-cmm.org\/en\/resources\/peace-sunday-2021-liturgies-gathering-and-benediction\/\" \/>\n<meta property=\"og:locale\" content=\"es_ES\" \/>\n<meta property=\"og:type\" content=\"article\" \/>\n<meta property=\"og:title\" content=\"Domingo de la Paz 2021 - Liturgias para la reuni\u00f3n y la bendici\u00f3n - Mennonite World Conference\" \/>\n<meta property=\"og:description\" content=\"Llamado a la adoraci\u00f3n: poner la mejilla Fuerza es mandar al viento y al mar a que obedezcan,Fuerza es blandir una honda en la cara de un gigante furioso.Fuerza es aceptar vulnerabilidad desde el interior del barco,Fuerza es solidarizarse con las personas desamparadas.Fuerza es poner una mejillaFuerza es amar al enemigo(a).Venimos a adorara un Dios [&hellip;]\" \/>\n<meta property=\"og:url\" content=\"https:\/\/mwc-cmm.org\/en\/resources\/peace-sunday-2021-liturgies-gathering-and-benediction\/\" \/>\n<meta property=\"og:site_name\" content=\"Mennonite World Conference\" \/>\n<meta property=\"article:publisher\" content=\"https:\/\/www.facebook.com\/MennoniteWorldConference\" \/>\n<meta property=\"article:modified_time\" content=\"2024-12-12T06:35:07+00:00\" \/>\n<meta property=\"og:image\" content=\"https:\/\/mwc-cmm.org\/wp-content\/uploads\/2024\/11\/51293250293_5929ef60b5_c.jpg\" \/>\n\t<meta property=\"og:image:width\" content=\"800\" \/>\n\t<meta property=\"og:image:height\" content=\"369\" \/>\n\t<meta property=\"og:image:type\" content=\"image\/jpeg\" \/>\n<script type=\"application\/ld+json\" class=\"yoast-schema-graph\">{\"@context\":\"https:\\\/\\\/schema.org\",\"@graph\":[{\"@type\":\"WebPage\",\"@id\":\"https:\\\/\\\/mwc-cmm.org\\\/en\\\/resources\\\/peace-sunday-2021-liturgies-gathering-and-benediction\\\/\",\"url\":\"https:\\\/\\\/mwc-cmm.org\\\/en\\\/resources\\\/peace-sunday-2021-liturgies-gathering-and-benediction\\\/\",\"name\":\"Domingo de la Paz 2021 - Liturgias para la reuni\u00f3n y la bendici\u00f3n - Mennonite World Conference\",\"isPartOf\":{\"@id\":\"https:\\\/\\\/mwc-cmm.org\\\/en\\\/#website\"},\"primaryImageOfPage\":{\"@id\":\"https:\\\/\\\/mwc-cmm.org\\\/en\\\/resources\\\/peace-sunday-2021-liturgies-gathering-and-benediction\\\/#primaryimage\"},\"image\":{\"@id\":\"https:\\\/\\\/mwc-cmm.org\\\/en\\\/resources\\\/peace-sunday-2021-liturgies-gathering-and-benediction\\\/#primaryimage\"},\"thumbnailUrl\":\"https:\\\/\\\/mwc-cmm.org\\\/wp-content\\\/uploads\\\/2024\\\/11\\\/51293250293_5929ef60b5_c.jpg\",\"datePublished\":\"2021-07-19T17:39:48+00:00\",\"dateModified\":\"2024-12-12T06:35:07+00:00\",\"breadcrumb\":{\"@id\":\"https:\\\/\\\/mwc-cmm.org\\\/en\\\/resources\\\/peace-sunday-2021-liturgies-gathering-and-benediction\\\/#breadcrumb\"},\"inLanguage\":\"es\",\"potentialAction\":[{\"@type\":\"ReadAction\",\"target\":[\"https:\\\/\\\/mwc-cmm.org\\\/en\\\/resources\\\/peace-sunday-2021-liturgies-gathering-and-benediction\\\/\"]}]},{\"@type\":\"ImageObject\",\"inLanguage\":\"es\",\"@id\":\"https:\\\/\\\/mwc-cmm.org\\\/en\\\/resources\\\/peace-sunday-2021-liturgies-gathering-and-benediction\\\/#primaryimage\",\"url\":\"https:\\\/\\\/mwc-cmm.org\\\/wp-content\\\/uploads\\\/2024\\\/11\\\/51293250293_5929ef60b5_c.jpg\",\"contentUrl\":\"https:\\\/\\\/mwc-cmm.org\\\/wp-content\\\/uploads\\\/2024\\\/11\\\/51293250293_5929ef60b5_c.jpg\",\"width\":800,\"height\":369},{\"@type\":\"BreadcrumbList\",\"@id\":\"https:\\\/\\\/mwc-cmm.org\\\/en\\\/resources\\\/peace-sunday-2021-liturgies-gathering-and-benediction\\\/#breadcrumb\",\"itemListElement\":[{\"@type\":\"ListItem\",\"position\":1,\"name\":\"Home\",\"item\":\"https:\\\/\\\/mwc-cmm.org\\\/es\\\/\"},{\"@type\":\"ListItem\",\"position\":2,\"name\":\"Domingo de la Paz 2021 &#8211; Liturgias para la reuni\u00f3n y la bendici\u00f3n\"}]},{\"@type\":\"WebSite\",\"@id\":\"https:\\\/\\\/mwc-cmm.org\\\/en\\\/#website\",\"url\":\"https:\\\/\\\/mwc-cmm.org\\\/en\\\/\",\"name\":\"Mennonite World Conference\",\"description\":\"A communion of Anabaptist-related churches\",\"publisher\":{\"@id\":\"https:\\\/\\\/mwc-cmm.org\\\/en\\\/#organization\"},\"alternateName\":\"MWC\",\"potentialAction\":[{\"@type\":\"SearchAction\",\"target\":{\"@type\":\"EntryPoint\",\"urlTemplate\":\"https:\\\/\\\/mwc-cmm.org\\\/en\\\/?s={search_term_string}\"},\"query-input\":{\"@type\":\"PropertyValueSpecification\",\"valueRequired\":true,\"valueName\":\"search_term_string\"}}],\"inLanguage\":\"es\"},{\"@type\":\"Organization\",\"@id\":\"https:\\\/\\\/mwc-cmm.org\\\/en\\\/#organization\",\"name\":\"Mennonite World Conference\",\"alternateName\":\"MWC\",\"url\":\"https:\\\/\\\/mwc-cmm.org\\\/en\\\/\",\"logo\":{\"@type\":\"ImageObject\",\"inLanguage\":\"es\",\"@id\":\"https:\\\/\\\/mwc-cmm.org\\\/en\\\/#\\\/schema\\\/logo\\\/image\\\/\",\"url\":\"https:\\\/\\\/mwc-cmm.org\\\/wp-content\\\/uploads\\\/2026\\\/01\\\/MWC_Sig_Blue_Horiz_webheader1-logo.svg\",\"contentUrl\":\"https:\\\/\\\/mwc-cmm.org\\\/wp-content\\\/uploads\\\/2026\\\/01\\\/MWC_Sig_Blue_Horiz_webheader1-logo.svg\",\"width\":786,\"height\":82,\"caption\":\"Mennonite World Conference\"},\"image\":{\"@id\":\"https:\\\/\\\/mwc-cmm.org\\\/en\\\/#\\\/schema\\\/logo\\\/image\\\/\"},\"sameAs\":[\"https:\\\/\\\/www.facebook.com\\\/MennoniteWorldConference\",\"https:\\\/\\\/www.linkedin.com\\\/company\\\/mennonite-world-conference-mwc\\\/\",\"https:\\\/\\\/www.instagram.com\\\/mwcmm\\\/\",\"https:\\\/\\\/www.youtube.com\\\/user\\\/mwccmm\",\"https:\\\/\\\/bsky.app\\\/profile\\\/mwcmm.bsky.social\"]}]}<\/script>\n<!-- \/ Yoast SEO plugin. -->","yoast_head_json":{"title":"Domingo de la Paz 2021 - Liturgias para la reuni\u00f3n y la bendici\u00f3n - Mennonite World Conference","robots":{"index":"index","follow":"follow","max-snippet":"max-snippet:-1","max-image-preview":"max-image-preview:large","max-video-preview":"max-video-preview:-1"},"canonical":"https:\/\/mwc-cmm.org\/en\/resources\/peace-sunday-2021-liturgies-gathering-and-benediction\/","og_locale":"es_ES","og_type":"article","og_title":"Domingo de la Paz 2021 - Liturgias para la reuni\u00f3n y la bendici\u00f3n - Mennonite World Conference","og_description":"Llamado a la adoraci\u00f3n: poner la mejilla Fuerza es mandar al viento y al mar a que obedezcan,Fuerza es blandir una honda en la cara de un gigante furioso.Fuerza es aceptar vulnerabilidad desde el interior del barco,Fuerza es solidarizarse con las personas desamparadas.Fuerza es poner una mejillaFuerza es amar al enemigo(a).Venimos a adorara un Dios [&hellip;]","og_url":"https:\/\/mwc-cmm.org\/en\/resources\/peace-sunday-2021-liturgies-gathering-and-benediction\/","og_site_name":"Mennonite World Conference","article_publisher":"https:\/\/www.facebook.com\/MennoniteWorldConference","article_modified_time":"2024-12-12T06:35:07+00:00","og_image":[{"width":800,"height":369,"url":"https:\/\/mwc-cmm.org\/wp-content\/uploads\/2024\/11\/51293250293_5929ef60b5_c.jpg","type":"image\/jpeg"}],"schema":{"@context":"https:\/\/schema.org","@graph":[{"@type":"WebPage","@id":"https:\/\/mwc-cmm.org\/en\/resources\/peace-sunday-2021-liturgies-gathering-and-benediction\/","url":"https:\/\/mwc-cmm.org\/en\/resources\/peace-sunday-2021-liturgies-gathering-and-benediction\/","name":"Domingo de la Paz 2021 - Liturgias para la reuni\u00f3n y la bendici\u00f3n - Mennonite World Conference","isPartOf":{"@id":"https:\/\/mwc-cmm.org\/en\/#website"},"primaryImageOfPage":{"@id":"https:\/\/mwc-cmm.org\/en\/resources\/peace-sunday-2021-liturgies-gathering-and-benediction\/#primaryimage"},"image":{"@id":"https:\/\/mwc-cmm.org\/en\/resources\/peace-sunday-2021-liturgies-gathering-and-benediction\/#primaryimage"},"thumbnailUrl":"https:\/\/mwc-cmm.org\/wp-content\/uploads\/2024\/11\/51293250293_5929ef60b5_c.jpg","datePublished":"2021-07-19T17:39:48+00:00","dateModified":"2024-12-12T06:35:07+00:00","breadcrumb":{"@id":"https:\/\/mwc-cmm.org\/en\/resources\/peace-sunday-2021-liturgies-gathering-and-benediction\/#breadcrumb"},"inLanguage":"es","potentialAction":[{"@type":"ReadAction","target":["https:\/\/mwc-cmm.org\/en\/resources\/peace-sunday-2021-liturgies-gathering-and-benediction\/"]}]},{"@type":"ImageObject","inLanguage":"es","@id":"https:\/\/mwc-cmm.org\/en\/resources\/peace-sunday-2021-liturgies-gathering-and-benediction\/#primaryimage","url":"https:\/\/mwc-cmm.org\/wp-content\/uploads\/2024\/11\/51293250293_5929ef60b5_c.jpg","contentUrl":"https:\/\/mwc-cmm.org\/wp-content\/uploads\/2024\/11\/51293250293_5929ef60b5_c.jpg","width":800,"height":369},{"@type":"BreadcrumbList","@id":"https:\/\/mwc-cmm.org\/en\/resources\/peace-sunday-2021-liturgies-gathering-and-benediction\/#breadcrumb","itemListElement":[{"@type":"ListItem","position":1,"name":"Home","item":"https:\/\/mwc-cmm.org\/es\/"},{"@type":"ListItem","position":2,"name":"Domingo de la Paz 2021 &#8211; Liturgias para la reuni\u00f3n y la bendici\u00f3n"}]},{"@type":"WebSite","@id":"https:\/\/mwc-cmm.org\/en\/#website","url":"https:\/\/mwc-cmm.org\/en\/","name":"Mennonite World Conference","description":"A communion of Anabaptist-related churches","publisher":{"@id":"https:\/\/mwc-cmm.org\/en\/#organization"},"alternateName":"MWC","potentialAction":[{"@type":"SearchAction","target":{"@type":"EntryPoint","urlTemplate":"https:\/\/mwc-cmm.org\/en\/?s={search_term_string}"},"query-input":{"@type":"PropertyValueSpecification","valueRequired":true,"valueName":"search_term_string"}}],"inLanguage":"es"},{"@type":"Organization","@id":"https:\/\/mwc-cmm.org\/en\/#organization","name":"Mennonite World Conference","alternateName":"MWC","url":"https:\/\/mwc-cmm.org\/en\/","logo":{"@type":"ImageObject","inLanguage":"es","@id":"https:\/\/mwc-cmm.org\/en\/#\/schema\/logo\/image\/","url":"https:\/\/mwc-cmm.org\/wp-content\/uploads\/2026\/01\/MWC_Sig_Blue_Horiz_webheader1-logo.svg","contentUrl":"https:\/\/mwc-cmm.org\/wp-content\/uploads\/2026\/01\/MWC_Sig_Blue_Horiz_webheader1-logo.svg","width":786,"height":82,"caption":"Mennonite World Conference"},"image":{"@id":"https:\/\/mwc-cmm.org\/en\/#\/schema\/logo\/image\/"},"sameAs":["https:\/\/www.facebook.com\/MennoniteWorldConference","https:\/\/www.linkedin.com\/company\/mennonite-world-conference-mwc\/","https:\/\/www.instagram.com\/mwcmm\/","https:\/\/www.youtube.com\/user\/mwccmm","https:\/\/bsky.app\/profile\/mwcmm.bsky.social"]}]}},"_links":{"self":[{"href":"https:\/\/mwc-cmm.org\/es\/wp-json\/wp\/v2\/mwcresource\/17619","targetHints":{"allow":["GET"]}}],"collection":[{"href":"https:\/\/mwc-cmm.org\/es\/wp-json\/wp\/v2\/mwcresource"}],"about":[{"href":"https:\/\/mwc-cmm.org\/es\/wp-json\/wp\/v2\/types\/mwcresource"}],"wp:featuredmedia":[{"embeddable":true,"href":"https:\/\/mwc-cmm.org\/es\/wp-json\/wp\/v2\/media\/28946"}],"wp:attachment":[{"href":"https:\/\/mwc-cmm.org\/es\/wp-json\/wp\/v2\/media?parent=17619"}],"wp:term":[{"taxonomy":"network","embeddable":true,"href":"https:\/\/mwc-cmm.org\/es\/wp-json\/wp\/v2\/network?post=17619"},{"taxonomy":"resourcetype","embeddable":true,"href":"https:\/\/mwc-cmm.org\/es\/wp-json\/wp\/v2\/resourcetype?post=17619"},{"taxonomy":"language","embeddable":true,"href":"https:\/\/mwc-cmm.org\/es\/wp-json\/wp\/v2\/language?post=17619"},{"taxonomy":"resourcecategory","embeddable":true,"href":"https:\/\/mwc-cmm.org\/es\/wp-json\/wp\/v2\/resourcecategory?post=17619"},{"taxonomy":"resourcetheme","embeddable":true,"href":"https:\/\/mwc-cmm.org\/es\/wp-json\/wp\/v2\/resourcetheme?post=17619"},{"taxonomy":"eventcategory","embeddable":true,"href":"https:\/\/mwc-cmm.org\/es\/wp-json\/wp\/v2\/eventcategory?post=17619"}],"curies":[{"name":"wp","href":"https:\/\/api.w.org\/{rel}","templated":true}]}}