{"id":17609,"date":"2024-11-21T17:39:22","date_gmt":"2024-11-21T17:39:22","guid":{"rendered":"https:\/\/mwc-cmm.org\/en\/resources\/domingo-de-la-fraternidad-anabautista-mundial-2025\/"},"modified":"2025-02-27T22:33:02","modified_gmt":"2025-02-27T22:33:02","slug":"domingo-de-la-fraternidad-anabautista-mundial-2025","status":"publish","type":"mwcresource","link":"https:\/\/mwc-cmm.org\/es\/resources\/domingo-de-la-fraternidad-anabautista-mundial-2025\/","title":{"rendered":"Domingo de la Fraternidad Anabautista Mundial 2025"},"content":{"rendered":"\n<div class=\"wp-block-columns is-layout-flex wp-container-core-columns-is-layout-28f84493 wp-block-columns-is-layout-flex\">\n<div class=\"wp-block-column is-layout-flow wp-block-column-is-layout-flow\" style=\"flex-basis:66.66%\">\n<h3 class=\"wp-block-heading\">Tema<\/h3>\n\n\n\n<p>La valent\u00eda de amar<\/p>\n\n\n\n<h3 class=\"wp-block-heading\">Textos b\u00edblicos<\/h3>\n\n\n\n<ul class=\"wp-block-list\">\n<li>Antiguo Testamento: G\u00e9nesis 50:15-21<\/li>\n\n\n\n<li>Salmo: Salmo 133<\/li>\n\n\n\n<li>Evangelio: Lucas 7:36-50<\/li>\n\n\n\n<li>Nuevo Testamento: 1 Juan 4:7-21<\/li>\n<\/ul>\n\n\n\n<h3 class=\"wp-block-heading\">Por qu\u00e9 fue elegido este tema<\/h3>\n\n\n\n<p>Los primeros bautismos en la tradici\u00f3n anabautista tuvieron lugar en secreto en Z\u00farich, Suiza, el 21 de enero de 1525. Un peque\u00f1o grupo de seguidores de Jes\u00fas actuaron juntos con valent\u00eda bas\u00e1ndose en su comprensi\u00f3n compartida de las Escrituras y la iglesia, la cual diferente de su contexto pol\u00edtico y religioso. Hoy en d\u00eda hay iglesias en todo el mundo que siguen la tradici\u00f3n anabautista, que act\u00faan juntas con valent\u00eda para amarse mutuamente, a diferencia de nuestros contextos pol\u00edticos y religiosos que con demasiada frecuencia nos separan.<\/p>\n\n\n\n<h3 class=\"wp-block-heading\">En este paquete<\/h3>\n\n\n\n<ul class=\"wp-block-list\">\n<li><a href=\"https:\/\/mwc-cmm.org\/es\/resources\/liturgias-y-simbolos-para-la-reunion-y-la-bendicion\/\">Liturgias y s\u00edmbolos de reuni\u00f3n y bendici\u00f3n<\/a><\/li>\n\n\n\n<li><a href=\"https:\/\/mwc-cmm.org\/es\/stories\/salmo-133\">Sermone<\/a><\/li>\n\n\n\n<li><a href=\"https:\/\/mwc-cmm.org\/es\/stories\/conmemorando-los-500-anos-del-anabautismo\/\">Conmemorando los 500 a\u00f1os del anabautismo con historia, liturgia y reconciliaci\u00f3n<\/a><\/li>\n\n\n\n<li><a href=\"https:\/\/mwc-cmm.org\/es\/stories\/actividad-la-valentia-de-amar\/\">Actividad infantil<\/a><\/li>\n\n\n\n<li><a href=\"https:\/\/mwc-cmm.org\/es\/stories\/diezmos-y-ofrendas\/\">Diezmos y sugerencias de ofrendas<\/a><\/li>\n\n\n\n<li><a href=\"https:\/\/mwc-cmm.org\/es\/stories\/la-valentia-de-amar-anabautismo-a-los-500\/\">Ideas para la celebraci\u00f3n<\/a><\/li>\n<\/ul>\n\n\n\n<h3 class=\"wp-block-heading\">Recursos adicionales<\/h3>\n\n\n\n<ul class=\"wp-block-list\">\n<li>Recursos escritos en l\u00ednea en ingl\u00e9s, espa\u00f1ol, franc\u00e9s, alem\u00e1n, hindi y portugu\u00e9s<\/li>\n\n\n\n<li><a href=\"https:\/\/www.youtube.com\/playlist?list=PLrO98PUzjOB0Vfh-7RQvxWrDFN-ZBYtkk\">Video de las lecturas de los textos b\u00edblicos.<\/a><\/li>\n\n\n\n<li><a href=\"https:\/\/www.youtube.com\/playlist?list=PLrO98PUzjOB0IEujGwbddemhXRMqHuiAd\">Sermones en video en ingl\u00e9s, espa\u00f1ol, franc\u00e9s y alem\u00e1n<\/a><\/li>\n\n\n\n<li><a href=\"https:\/\/www.youtube.com\/playlist?list=PLrO98PUzjOB0IEujGwbddemhXRMqHuiAd\">Videos con testimonios en ingl\u00e9s, espa\u00f1ol, franc\u00e9s, chino y swahili<\/a><\/li>\n\n\n\n<li><a href=\"https:\/\/www.youtube.com\/playlist?list=PLrO98PUzjOB2qN1tUGUmzhaXnwOsZMt-b\">V\u00eddeos de las canciones<\/a><\/li>\n\n\n\n<li><a href=\"https:\/\/www.flickr.com\/photos\/mwcmm\/albums\/72177720323044381\/\">Fotos<\/a><\/li>\n\n\n\n<li>Mapa de la celebraci\u00f3n<\/li>\n<\/ul>\n\n\n\n<figure class=\"wp-block-embed is-type-photo is-provider-flickr wp-block-embed-flickr\"><div class=\"wp-block-embed__wrapper\">\n<a href=\"https:\/\/www.flickr.com\/photos\/mwcmm\/54265733048\/in\/album-72177720323044381\"><img decoding=\"async\" data-src=\"https:\/\/live.staticflickr.com\/65535\/54265733048_3e81b4bf0c.jpg\" alt=\"Poster AWFS SP-02\" width=\"500\" height=\"324\" src=\"data:image\/svg+xml;base64,PHN2ZyB3aWR0aD0iMSIgaGVpZ2h0PSIxIiB4bWxucz0iaHR0cDovL3d3dy53My5vcmcvMjAwMC9zdmciPjwvc3ZnPg==\" class=\"lazyload\" style=\"--smush-placeholder-width: 500px; --smush-placeholder-aspect-ratio: 500\/324;\" \/><\/a>\n<\/div><\/figure>\n<\/div>\n\n\n\n<div class=\"wp-block-column is-layout-flow wp-block-column-is-layout-flow\" style=\"flex-basis:33.33%\">\n<div data-wp-interactive=\"core\/file\" class=\"wp-block-file\"><object data-wp-bind--hidden=\"!state.hasPdfPreview\" hidden class=\"wp-block-file__embed\" data=\"https:\/\/mwc-cmm.org\/wp-content\/uploads\/2024\/11\/awfs_2025_sp.pdf\" type=\"application\/pdf\" style=\"width:100%;height:600px\" aria-label=\"Incrustado de awfs_2025_sp.\"><\/object><a id=\"wp-block-file--media-5cd5bd94-5f05-4ce0-b5b1-af88ddc13228\" href=\"https:\/\/mwc-cmm.org\/wp-content\/uploads\/2024\/11\/awfs_2025_sp.pdf\">awfs_2025_sp<\/a><a href=\"https:\/\/mwc-cmm.org\/wp-content\/uploads\/2024\/11\/awfs_2025_sp.pdf\" class=\"wp-block-file__button wp-element-button\" download aria-describedby=\"wp-block-file--media-5cd5bd94-5f05-4ce0-b5b1-af88ddc13228\">Descargar<\/a><\/div>\n\n\n\n<div data-wp-interactive=\"core\/file\" class=\"wp-block-file\"><object data-wp-bind--hidden=\"!state.hasPdfPreview\" hidden class=\"wp-block-file__embed\" data=\"https:\/\/mwc-cmm.org\/wp-content\/uploads\/2024\/11\/awfs_2025_sp_page_1-2_1.pdf\" type=\"application\/pdf\" style=\"width:100%;height:600px\" aria-label=\"Incrustado de awfs_2025_sp_page_1-2_1.\"><\/object><a id=\"wp-block-file--media-442c714a-a68a-4a4b-8940-6900d31d14b3\" href=\"https:\/\/mwc-cmm.org\/wp-content\/uploads\/2024\/11\/awfs_2025_sp_page_1-2_1.pdf\">awfs_2025_sp_page_1-2_1<\/a><a href=\"https:\/\/mwc-cmm.org\/wp-content\/uploads\/2024\/11\/awfs_2025_sp_page_1-2_1.pdf\" class=\"wp-block-file__button wp-element-button\" download aria-describedby=\"wp-block-file--media-442c714a-a68a-4a4b-8940-6900d31d14b3\">Descargar<\/a><\/div>\n<\/div>\n<\/div>\n","protected":false},"featured_media":0,"template":"","network":[],"resourcetype":[1336],"language":[1349],"resourcecategory":[1366],"resourcetheme":[1433,1437,1442,1450],"eventcategory":[1499],"class_list":["post-17609","mwcresource","type-mwcresource","status-publish","hentry","resourcetype-pdf-es","language-es-es","resourcecategory-worship-resource-es","resourcetheme-history-es","resourcetheme-identity-es","resourcetheme-unity-es","resourcetheme-worship-es","eventcategory-anabaptist-world-fellowship-sunday-es"],"acf":[],"yoast_head":"<!-- This site is optimized with the Yoast SEO plugin v27.2 - https:\/\/yoast.com\/product\/yoast-seo-wordpress\/ -->\n<title>Domingo de la Fraternidad Anabautista Mundial 2025 - Mennonite World Conference<\/title>\n<meta name=\"description\" content=\"La valent\u00eda de amar: Los primeros bautismos en la tradici\u00f3n anabautista tuvieron lugar en secreto en Z\u00farich, Suiza, el 21 de enero de 1525.\" \/>\n<meta name=\"robots\" content=\"index, follow, max-snippet:-1, max-image-preview:large, max-video-preview:-1\" \/>\n<link rel=\"canonical\" href=\"https:\/\/mwc-cmm.org\/es\/resources\/domingo-de-la-fraternidad-anabautista-mundial-2025\/\" \/>\n<meta property=\"og:locale\" content=\"es_ES\" \/>\n<meta property=\"og:type\" content=\"article\" \/>\n<meta property=\"og:title\" content=\"Domingo de la Fraternidad Anabautista Mundial 2025 - Mennonite World Conference\" \/>\n<meta property=\"og:description\" content=\"La valent\u00eda de amar: Los primeros bautismos en la tradici\u00f3n anabautista tuvieron lugar en secreto en Z\u00farich, Suiza, el 21 de enero de 1525.\" \/>\n<meta property=\"og:url\" content=\"https:\/\/mwc-cmm.org\/es\/resources\/domingo-de-la-fraternidad-anabautista-mundial-2025\/\" \/>\n<meta property=\"og:site_name\" content=\"Mennonite World Conference\" \/>\n<meta property=\"article:publisher\" content=\"https:\/\/www.facebook.com\/MennoniteWorldConference\" \/>\n<meta property=\"article:modified_time\" content=\"2025-02-27T22:33:02+00:00\" \/>\n<script type=\"application\/ld+json\" class=\"yoast-schema-graph\">{\"@context\":\"https:\/\/schema.org\",\"@graph\":[{\"@type\":\"WebPage\",\"@id\":\"https:\/\/mwc-cmm.org\/es\/resources\/domingo-de-la-fraternidad-anabautista-mundial-2025\/\",\"url\":\"https:\/\/mwc-cmm.org\/es\/resources\/domingo-de-la-fraternidad-anabautista-mundial-2025\/\",\"name\":\"Domingo de la Fraternidad Anabautista Mundial 2025 - Mennonite World Conference\",\"isPartOf\":{\"@id\":\"https:\/\/mwc-cmm.org\/en\/#website\"},\"datePublished\":\"2024-11-21T17:39:22+00:00\",\"dateModified\":\"2025-02-27T22:33:02+00:00\",\"description\":\"La valent\u00eda de amar: Los primeros bautismos en la tradici\u00f3n anabautista tuvieron lugar en secreto en Z\u00farich, Suiza, el 21 de enero de 1525.\",\"breadcrumb\":{\"@id\":\"https:\/\/mwc-cmm.org\/es\/resources\/domingo-de-la-fraternidad-anabautista-mundial-2025\/#breadcrumb\"},\"inLanguage\":\"es\",\"potentialAction\":[{\"@type\":\"ReadAction\",\"target\":[\"https:\/\/mwc-cmm.org\/es\/resources\/domingo-de-la-fraternidad-anabautista-mundial-2025\/\"]}]},{\"@type\":\"BreadcrumbList\",\"@id\":\"https:\/\/mwc-cmm.org\/es\/resources\/domingo-de-la-fraternidad-anabautista-mundial-2025\/#breadcrumb\",\"itemListElement\":[{\"@type\":\"ListItem\",\"position\":1,\"name\":\"Home\",\"item\":\"https:\/\/mwc-cmm.org\/es\/\"},{\"@type\":\"ListItem\",\"position\":2,\"name\":\"Domingo de la Fraternidad Anabautista Mundial 2025\"}]},{\"@type\":\"WebSite\",\"@id\":\"https:\/\/mwc-cmm.org\/en\/#website\",\"url\":\"https:\/\/mwc-cmm.org\/en\/\",\"name\":\"Mennonite World Conference\",\"description\":\"A communion of Anabaptist-related churches\",\"publisher\":{\"@id\":\"https:\/\/mwc-cmm.org\/en\/#organization\"},\"alternateName\":\"MWC\",\"potentialAction\":[{\"@type\":\"SearchAction\",\"target\":{\"@type\":\"EntryPoint\",\"urlTemplate\":\"https:\/\/mwc-cmm.org\/en\/?s={search_term_string}\"},\"query-input\":{\"@type\":\"PropertyValueSpecification\",\"valueRequired\":true,\"valueName\":\"search_term_string\"}}],\"inLanguage\":\"es\"},{\"@type\":\"Organization\",\"@id\":\"https:\/\/mwc-cmm.org\/en\/#organization\",\"name\":\"Mennonite World Conference\",\"alternateName\":\"MWC\",\"url\":\"https:\/\/mwc-cmm.org\/en\/\",\"logo\":{\"@type\":\"ImageObject\",\"inLanguage\":\"es\",\"@id\":\"https:\/\/mwc-cmm.org\/en\/#\/schema\/logo\/image\/\",\"url\":\"https:\/\/mwc-cmm.org\/wp-content\/uploads\/2026\/01\/MWC_Sig_Blue_Horiz_webheader1-logo.svg\",\"contentUrl\":\"https:\/\/mwc-cmm.org\/wp-content\/uploads\/2026\/01\/MWC_Sig_Blue_Horiz_webheader1-logo.svg\",\"width\":786,\"height\":82,\"caption\":\"Mennonite World Conference\"},\"image\":{\"@id\":\"https:\/\/mwc-cmm.org\/en\/#\/schema\/logo\/image\/\"},\"sameAs\":[\"https:\/\/www.facebook.com\/MennoniteWorldConference\",\"https:\/\/www.linkedin.com\/company\/mennonite-world-conference-mwc\/\",\"https:\/\/www.instagram.com\/mwcmm\/\",\"https:\/\/www.youtube.com\/user\/mwccmm\",\"https:\/\/bsky.app\/profile\/mwcmm.bsky.social\"]}]}<\/script>\n<!-- \/ Yoast SEO plugin. -->","yoast_head_json":{"title":"Domingo de la Fraternidad Anabautista Mundial 2025 - Mennonite World Conference","description":"La valent\u00eda de amar: Los primeros bautismos en la tradici\u00f3n anabautista tuvieron lugar en secreto en Z\u00farich, Suiza, el 21 de enero de 1525.","robots":{"index":"index","follow":"follow","max-snippet":"max-snippet:-1","max-image-preview":"max-image-preview:large","max-video-preview":"max-video-preview:-1"},"canonical":"https:\/\/mwc-cmm.org\/es\/resources\/domingo-de-la-fraternidad-anabautista-mundial-2025\/","og_locale":"es_ES","og_type":"article","og_title":"Domingo de la Fraternidad Anabautista Mundial 2025 - Mennonite World Conference","og_description":"La valent\u00eda de amar: Los primeros bautismos en la tradici\u00f3n anabautista tuvieron lugar en secreto en Z\u00farich, Suiza, el 21 de enero de 1525.","og_url":"https:\/\/mwc-cmm.org\/es\/resources\/domingo-de-la-fraternidad-anabautista-mundial-2025\/","og_site_name":"Mennonite World Conference","article_publisher":"https:\/\/www.facebook.com\/MennoniteWorldConference","article_modified_time":"2025-02-27T22:33:02+00:00","schema":{"@context":"https:\/\/schema.org","@graph":[{"@type":"WebPage","@id":"https:\/\/mwc-cmm.org\/es\/resources\/domingo-de-la-fraternidad-anabautista-mundial-2025\/","url":"https:\/\/mwc-cmm.org\/es\/resources\/domingo-de-la-fraternidad-anabautista-mundial-2025\/","name":"Domingo de la Fraternidad Anabautista Mundial 2025 - Mennonite World Conference","isPartOf":{"@id":"https:\/\/mwc-cmm.org\/en\/#website"},"datePublished":"2024-11-21T17:39:22+00:00","dateModified":"2025-02-27T22:33:02+00:00","description":"La valent\u00eda de amar: Los primeros bautismos en la tradici\u00f3n anabautista tuvieron lugar en secreto en Z\u00farich, Suiza, el 21 de enero de 1525.","breadcrumb":{"@id":"https:\/\/mwc-cmm.org\/es\/resources\/domingo-de-la-fraternidad-anabautista-mundial-2025\/#breadcrumb"},"inLanguage":"es","potentialAction":[{"@type":"ReadAction","target":["https:\/\/mwc-cmm.org\/es\/resources\/domingo-de-la-fraternidad-anabautista-mundial-2025\/"]}]},{"@type":"BreadcrumbList","@id":"https:\/\/mwc-cmm.org\/es\/resources\/domingo-de-la-fraternidad-anabautista-mundial-2025\/#breadcrumb","itemListElement":[{"@type":"ListItem","position":1,"name":"Home","item":"https:\/\/mwc-cmm.org\/es\/"},{"@type":"ListItem","position":2,"name":"Domingo de la Fraternidad Anabautista Mundial 2025"}]},{"@type":"WebSite","@id":"https:\/\/mwc-cmm.org\/en\/#website","url":"https:\/\/mwc-cmm.org\/en\/","name":"Mennonite World Conference","description":"A communion of Anabaptist-related churches","publisher":{"@id":"https:\/\/mwc-cmm.org\/en\/#organization"},"alternateName":"MWC","potentialAction":[{"@type":"SearchAction","target":{"@type":"EntryPoint","urlTemplate":"https:\/\/mwc-cmm.org\/en\/?s={search_term_string}"},"query-input":{"@type":"PropertyValueSpecification","valueRequired":true,"valueName":"search_term_string"}}],"inLanguage":"es"},{"@type":"Organization","@id":"https:\/\/mwc-cmm.org\/en\/#organization","name":"Mennonite World Conference","alternateName":"MWC","url":"https:\/\/mwc-cmm.org\/en\/","logo":{"@type":"ImageObject","inLanguage":"es","@id":"https:\/\/mwc-cmm.org\/en\/#\/schema\/logo\/image\/","url":"https:\/\/mwc-cmm.org\/wp-content\/uploads\/2026\/01\/MWC_Sig_Blue_Horiz_webheader1-logo.svg","contentUrl":"https:\/\/mwc-cmm.org\/wp-content\/uploads\/2026\/01\/MWC_Sig_Blue_Horiz_webheader1-logo.svg","width":786,"height":82,"caption":"Mennonite World Conference"},"image":{"@id":"https:\/\/mwc-cmm.org\/en\/#\/schema\/logo\/image\/"},"sameAs":["https:\/\/www.facebook.com\/MennoniteWorldConference","https:\/\/www.linkedin.com\/company\/mennonite-world-conference-mwc\/","https:\/\/www.instagram.com\/mwcmm\/","https:\/\/www.youtube.com\/user\/mwccmm","https:\/\/bsky.app\/profile\/mwcmm.bsky.social"]}]}},"_links":{"self":[{"href":"https:\/\/mwc-cmm.org\/es\/wp-json\/wp\/v2\/mwcresource\/17609","targetHints":{"allow":["GET"]}}],"collection":[{"href":"https:\/\/mwc-cmm.org\/es\/wp-json\/wp\/v2\/mwcresource"}],"about":[{"href":"https:\/\/mwc-cmm.org\/es\/wp-json\/wp\/v2\/types\/mwcresource"}],"wp:attachment":[{"href":"https:\/\/mwc-cmm.org\/es\/wp-json\/wp\/v2\/media?parent=17609"}],"wp:term":[{"taxonomy":"network","embeddable":true,"href":"https:\/\/mwc-cmm.org\/es\/wp-json\/wp\/v2\/network?post=17609"},{"taxonomy":"resourcetype","embeddable":true,"href":"https:\/\/mwc-cmm.org\/es\/wp-json\/wp\/v2\/resourcetype?post=17609"},{"taxonomy":"language","embeddable":true,"href":"https:\/\/mwc-cmm.org\/es\/wp-json\/wp\/v2\/language?post=17609"},{"taxonomy":"resourcecategory","embeddable":true,"href":"https:\/\/mwc-cmm.org\/es\/wp-json\/wp\/v2\/resourcecategory?post=17609"},{"taxonomy":"resourcetheme","embeddable":true,"href":"https:\/\/mwc-cmm.org\/es\/wp-json\/wp\/v2\/resourcetheme?post=17609"},{"taxonomy":"eventcategory","embeddable":true,"href":"https:\/\/mwc-cmm.org\/es\/wp-json\/wp\/v2\/eventcategory?post=17609"}],"curies":[{"name":"wp","href":"https:\/\/api.w.org\/{rel}","templated":true}]}}