{"id":17607,"date":"2022-11-19T17:39:22","date_gmt":"2022-11-19T17:39:22","guid":{"rendered":"https:\/\/mwc-cmm.org\/en\/resources\/domingo-de-la-fraternidad-anabautista-mundial-2023\/"},"modified":"2024-12-13T01:29:48","modified_gmt":"2024-12-13T01:29:48","slug":"domingo-de-la-fraternidad-anabautista-mundial-2023","status":"publish","type":"mwcresource","link":"https:\/\/mwc-cmm.org\/es\/resources\/domingo-de-la-fraternidad-anabautista-mundial-2023\/","title":{"rendered":"Domingo de la Fraternidad Anabautista Mundial 2023"},"content":{"rendered":"\n<h3 class=\"wp-block-heading\">Tema<\/h3>\n\n\n\n<p>Jesucristo: Nuestra Esperanza<\/p>\n\n\n\n<h3 class=\"wp-block-heading\">Por qu\u00e9 fue elegido este tema<\/h3>\n\n\n\n<p>A\u00fan en medio de profundas dificultades, nos reunimos de todas partes del mundo para seguir a Jes\u00fas, quien nos brinda esperanza. Este es tambi\u00e9n el tema de Renovaci\u00f3n 2023 en el Congreso Mundial Menonita.<\/p>\n\n\n\n<h3 class=\"wp-block-heading\">Textos b\u00edblicos<\/h3>\n\n\n\n<ul class=\"wp-block-list\">\n<li>Antiguo Testamento: Isa\u00edas 40,28-31<\/li>\n\n\n\n<li>Salmos: Salmos 62,1-6<\/li>\n\n\n\n<li>Evangelio: Lucas 18,35-43<\/li>\n\n\n\n<li>Nuevo Testamento: 1 Pedro 1,3-6<\/li>\n<\/ul>\n\n\n\n<h3 class=\"wp-block-heading\">En esta paquete<\/h3>\n\n\n\n<ul class=\"wp-block-list\">\n<li><a href=\"https:\/\/mwc-cmm.org\/es\/stories\/liturgias-sugeridas-para-la-reunion-y-la-bendicion\">Liturgias sugeridas<\/a><\/li>\n\n\n\n<li><a href=\"https:\/\/mwc-cmm.org\/es\/stories\/trasfondo-biblico-del-contenido-del-sermon\">Trasfondo b\u00edblico del contenido del serm\u00f3n<\/a><\/li>\n\n\n\n<li><a href=\"https:\/\/mwc-cmm.org\/es\/stories\/nuestro-lado\">Testimonios de \u00c1frica<\/a><\/li>\n\n\n\n<li><a href=\"https:\/\/mwc-cmm.org\/es\/stories\/como-surgio-el-movimiento-menonita-0\">\u200bContexto historico Anabautista<\/a><\/li>\n\n\n\n<li><a href=\"https:\/\/mwc-cmm.org\/es\/resources\/awfs-2023-ideas-para-el-tiempo-de-los-ninos\">Ideas para el tiempo de los ni\u00f1os<\/a><\/li>\n\n\n\n<li><a href=\"https:\/\/mwc-cmm.org\/es\/stories\/ideas-para-los-diezmos-y-las-ofrendas\">Ideas para los diezmos y las ofrendas<\/a><\/li>\n\n\n\n<li><a href=\"https:\/\/mwc-cmm.org\/es\/stories\/sugerencias-culturales-de-africa\">Sugerencias culturales de Africa<\/a><\/li>\n\n\n\n<li><a href=\"https:\/\/www.flickr.com\/photos\/mwcmm\/sets\/72177720301330910\/\">Recursos adicionales<\/a><\/li>\n<\/ul>\n\n\n\n<h3 class=\"wp-block-heading\">Recursos adicionales<\/h3>\n\n\n\n<ul class=\"wp-block-list\">\n<li><a href=\"https:\/\/mwc-cmm.org\/es\/resources\/domingo-de-la-fraternidad-anabautista-mundial-2023-carta\">Carta<\/a><\/li>\n<\/ul>\n\n\n\n<h3 class=\"wp-block-heading\">Recursos multimedia<\/h3>\n\n\n\n<ul class=\"wp-block-list\">\n<li><a href=\"https:\/\/mwc-cmm.org\/es\/resources\/awfs-2023-saludos\">Video saludos de congregaciones desde\u00a0\u00c0frica<\/a><\/li>\n\n\n\n<li><a href=\"https:\/\/mwc-cmm.org\/es\/resources\/awfs-2023-lectura-de-la-escritura\">Textos de las Escrituras le\u00eddos en varios idiomas en video<\/a><\/li>\n\n\n\n<li><a href=\"https:\/\/mwc-cmm.org\/es\/node\/4508\">Videos de canciones de la Asamblea Indonesia<\/a><\/li>\n\n\n\n<li><a href=\"https:\/\/www.flickr.com\/photos\/mwcmm\/albums\/72177720301330910\">Fotos<\/a><\/li>\n\n\n\n<li><a href=\"https:\/\/mwc-cmm.org\/es\/resources\/mapa-de-la-celebracion-del-awfs-2023#\">Mapa de la celebraci\u00f3n del AWFS 2023<\/a><\/li>\n\n\n\n<li><a href=\"https:\/\/mwc-cmm.org\/es\/resources\/mesa-de-oradores\">Mesa de oradores<\/a><\/li>\n\n\n\n<li><a href=\"https:\/\/mwc-cmm.org\/es\/resources\/cmm-recuento-del-2022\">Video: Recuento del 2022<\/a><\/li>\n<\/ul>\n\n\n\n<div data-wp-interactive=\"core\/file\" class=\"wp-block-file\"><object data-wp-bind--hidden=\"!state.hasPdfPreview\" hidden class=\"wp-block-file__embed\" data=\"https:\/\/mwc-cmm.org\/wp-content\/uploads\/2024\/11\/awfs_2023_sp_fin.pdf\" type=\"application\/pdf\" style=\"width:100%;height:600px\" aria-label=\"Incrustado de awfs_2023_sp_fin.\"><\/object><a id=\"wp-block-file--media-57cbfadb-b99b-4669-805b-2872951b8b35\" href=\"https:\/\/mwc-cmm.org\/wp-content\/uploads\/2024\/11\/awfs_2023_sp_fin.pdf\">awfs_2023_sp_fin<\/a><a href=\"https:\/\/mwc-cmm.org\/wp-content\/uploads\/2024\/11\/awfs_2023_sp_fin.pdf\" class=\"wp-block-file__button wp-element-button\" download aria-describedby=\"wp-block-file--media-57cbfadb-b99b-4669-805b-2872951b8b35\">Download<\/a><\/div>\n","protected":false},"featured_media":0,"template":"","network":[],"resourcetype":[],"language":[1349],"resourcecategory":[1366],"resourcetheme":[],"eventcategory":[1499],"class_list":["post-17607","mwcresource","type-mwcresource","status-publish","hentry","language-es-es","resourcecategory-worship-resource-es","eventcategory-anabaptist-world-fellowship-sunday-es"],"acf":[],"yoast_head":"<!-- This site is optimized with the Yoast SEO plugin v27.5 - https:\/\/yoast.com\/product\/yoast-seo-wordpress\/ -->\n<title>Domingo de la Fraternidad Anabautista Mundial 2023 - Mennonite World Conference<\/title>\n<meta name=\"robots\" content=\"index, follow, max-snippet:-1, max-image-preview:large, max-video-preview:-1\" \/>\n<link rel=\"canonical\" href=\"https:\/\/mwc-cmm.org\/es\/resources\/domingo-de-la-fraternidad-anabautista-mundial-2023\/\" \/>\n<meta property=\"og:locale\" content=\"es_ES\" \/>\n<meta property=\"og:type\" content=\"article\" \/>\n<meta property=\"og:title\" content=\"Domingo de la Fraternidad Anabautista Mundial 2023 - Mennonite World Conference\" \/>\n<meta property=\"og:description\" content=\"Tema Jesucristo: Nuestra Esperanza Por qu\u00e9 fue elegido este tema A\u00fan en medio de profundas dificultades, nos reunimos de todas partes del mundo para seguir a Jes\u00fas, quien nos brinda esperanza. Este es tambi\u00e9n el tema de Renovaci\u00f3n 2023 en el Congreso Mundial Menonita. Textos b\u00edblicos En esta paquete Recursos adicionales Recursos multimedia\" \/>\n<meta property=\"og:url\" content=\"https:\/\/mwc-cmm.org\/es\/resources\/domingo-de-la-fraternidad-anabautista-mundial-2023\/\" \/>\n<meta property=\"og:site_name\" content=\"Mennonite World Conference\" \/>\n<meta property=\"article:publisher\" content=\"https:\/\/www.facebook.com\/MennoniteWorldConference\" \/>\n<meta property=\"article:modified_time\" content=\"2024-12-13T01:29:48+00:00\" \/>\n<script type=\"application\/ld+json\" class=\"yoast-schema-graph\">{\"@context\":\"https:\\\/\\\/schema.org\",\"@graph\":[{\"@type\":\"WebPage\",\"@id\":\"https:\\\/\\\/mwc-cmm.org\\\/es\\\/resources\\\/domingo-de-la-fraternidad-anabautista-mundial-2023\\\/\",\"url\":\"https:\\\/\\\/mwc-cmm.org\\\/es\\\/resources\\\/domingo-de-la-fraternidad-anabautista-mundial-2023\\\/\",\"name\":\"Domingo de la Fraternidad Anabautista Mundial 2023 - Mennonite World Conference\",\"isPartOf\":{\"@id\":\"https:\\\/\\\/mwc-cmm.org\\\/en\\\/#website\"},\"datePublished\":\"2022-11-19T17:39:22+00:00\",\"dateModified\":\"2024-12-13T01:29:48+00:00\",\"breadcrumb\":{\"@id\":\"https:\\\/\\\/mwc-cmm.org\\\/es\\\/resources\\\/domingo-de-la-fraternidad-anabautista-mundial-2023\\\/#breadcrumb\"},\"inLanguage\":\"es\",\"potentialAction\":[{\"@type\":\"ReadAction\",\"target\":[\"https:\\\/\\\/mwc-cmm.org\\\/es\\\/resources\\\/domingo-de-la-fraternidad-anabautista-mundial-2023\\\/\"]}]},{\"@type\":\"BreadcrumbList\",\"@id\":\"https:\\\/\\\/mwc-cmm.org\\\/es\\\/resources\\\/domingo-de-la-fraternidad-anabautista-mundial-2023\\\/#breadcrumb\",\"itemListElement\":[{\"@type\":\"ListItem\",\"position\":1,\"name\":\"Home\",\"item\":\"https:\\\/\\\/mwc-cmm.org\\\/es\\\/\"},{\"@type\":\"ListItem\",\"position\":2,\"name\":\"Domingo de la Fraternidad Anabautista Mundial 2023\"}]},{\"@type\":\"WebSite\",\"@id\":\"https:\\\/\\\/mwc-cmm.org\\\/en\\\/#website\",\"url\":\"https:\\\/\\\/mwc-cmm.org\\\/en\\\/\",\"name\":\"Mennonite World Conference\",\"description\":\"A communion of Anabaptist-related churches\",\"publisher\":{\"@id\":\"https:\\\/\\\/mwc-cmm.org\\\/en\\\/#organization\"},\"alternateName\":\"MWC\",\"potentialAction\":[{\"@type\":\"SearchAction\",\"target\":{\"@type\":\"EntryPoint\",\"urlTemplate\":\"https:\\\/\\\/mwc-cmm.org\\\/en\\\/?s={search_term_string}\"},\"query-input\":{\"@type\":\"PropertyValueSpecification\",\"valueRequired\":true,\"valueName\":\"search_term_string\"}}],\"inLanguage\":\"es\"},{\"@type\":\"Organization\",\"@id\":\"https:\\\/\\\/mwc-cmm.org\\\/en\\\/#organization\",\"name\":\"Mennonite World Conference\",\"alternateName\":\"MWC\",\"url\":\"https:\\\/\\\/mwc-cmm.org\\\/en\\\/\",\"logo\":{\"@type\":\"ImageObject\",\"inLanguage\":\"es\",\"@id\":\"https:\\\/\\\/mwc-cmm.org\\\/en\\\/#\\\/schema\\\/logo\\\/image\\\/\",\"url\":\"https:\\\/\\\/mwc-cmm.org\\\/wp-content\\\/uploads\\\/2026\\\/01\\\/MWC_Sig_Blue_Horiz_webheader1-logo.svg\",\"contentUrl\":\"https:\\\/\\\/mwc-cmm.org\\\/wp-content\\\/uploads\\\/2026\\\/01\\\/MWC_Sig_Blue_Horiz_webheader1-logo.svg\",\"width\":786,\"height\":82,\"caption\":\"Mennonite World Conference\"},\"image\":{\"@id\":\"https:\\\/\\\/mwc-cmm.org\\\/en\\\/#\\\/schema\\\/logo\\\/image\\\/\"},\"sameAs\":[\"https:\\\/\\\/www.facebook.com\\\/MennoniteWorldConference\",\"https:\\\/\\\/www.linkedin.com\\\/company\\\/mennonite-world-conference-mwc\\\/\",\"https:\\\/\\\/www.instagram.com\\\/mwcmm\\\/\",\"https:\\\/\\\/www.youtube.com\\\/user\\\/mwccmm\",\"https:\\\/\\\/bsky.app\\\/profile\\\/mwcmm.bsky.social\"]}]}<\/script>\n<!-- \/ Yoast SEO plugin. -->","yoast_head_json":{"title":"Domingo de la Fraternidad Anabautista Mundial 2023 - Mennonite World Conference","robots":{"index":"index","follow":"follow","max-snippet":"max-snippet:-1","max-image-preview":"max-image-preview:large","max-video-preview":"max-video-preview:-1"},"canonical":"https:\/\/mwc-cmm.org\/es\/resources\/domingo-de-la-fraternidad-anabautista-mundial-2023\/","og_locale":"es_ES","og_type":"article","og_title":"Domingo de la Fraternidad Anabautista Mundial 2023 - Mennonite World Conference","og_description":"Tema Jesucristo: Nuestra Esperanza Por qu\u00e9 fue elegido este tema A\u00fan en medio de profundas dificultades, nos reunimos de todas partes del mundo para seguir a Jes\u00fas, quien nos brinda esperanza. Este es tambi\u00e9n el tema de Renovaci\u00f3n 2023 en el Congreso Mundial Menonita. Textos b\u00edblicos En esta paquete Recursos adicionales Recursos multimedia","og_url":"https:\/\/mwc-cmm.org\/es\/resources\/domingo-de-la-fraternidad-anabautista-mundial-2023\/","og_site_name":"Mennonite World Conference","article_publisher":"https:\/\/www.facebook.com\/MennoniteWorldConference","article_modified_time":"2024-12-13T01:29:48+00:00","schema":{"@context":"https:\/\/schema.org","@graph":[{"@type":"WebPage","@id":"https:\/\/mwc-cmm.org\/es\/resources\/domingo-de-la-fraternidad-anabautista-mundial-2023\/","url":"https:\/\/mwc-cmm.org\/es\/resources\/domingo-de-la-fraternidad-anabautista-mundial-2023\/","name":"Domingo de la Fraternidad Anabautista Mundial 2023 - Mennonite World Conference","isPartOf":{"@id":"https:\/\/mwc-cmm.org\/en\/#website"},"datePublished":"2022-11-19T17:39:22+00:00","dateModified":"2024-12-13T01:29:48+00:00","breadcrumb":{"@id":"https:\/\/mwc-cmm.org\/es\/resources\/domingo-de-la-fraternidad-anabautista-mundial-2023\/#breadcrumb"},"inLanguage":"es","potentialAction":[{"@type":"ReadAction","target":["https:\/\/mwc-cmm.org\/es\/resources\/domingo-de-la-fraternidad-anabautista-mundial-2023\/"]}]},{"@type":"BreadcrumbList","@id":"https:\/\/mwc-cmm.org\/es\/resources\/domingo-de-la-fraternidad-anabautista-mundial-2023\/#breadcrumb","itemListElement":[{"@type":"ListItem","position":1,"name":"Home","item":"https:\/\/mwc-cmm.org\/es\/"},{"@type":"ListItem","position":2,"name":"Domingo de la Fraternidad Anabautista Mundial 2023"}]},{"@type":"WebSite","@id":"https:\/\/mwc-cmm.org\/en\/#website","url":"https:\/\/mwc-cmm.org\/en\/","name":"Mennonite World Conference","description":"A communion of Anabaptist-related churches","publisher":{"@id":"https:\/\/mwc-cmm.org\/en\/#organization"},"alternateName":"MWC","potentialAction":[{"@type":"SearchAction","target":{"@type":"EntryPoint","urlTemplate":"https:\/\/mwc-cmm.org\/en\/?s={search_term_string}"},"query-input":{"@type":"PropertyValueSpecification","valueRequired":true,"valueName":"search_term_string"}}],"inLanguage":"es"},{"@type":"Organization","@id":"https:\/\/mwc-cmm.org\/en\/#organization","name":"Mennonite World Conference","alternateName":"MWC","url":"https:\/\/mwc-cmm.org\/en\/","logo":{"@type":"ImageObject","inLanguage":"es","@id":"https:\/\/mwc-cmm.org\/en\/#\/schema\/logo\/image\/","url":"https:\/\/mwc-cmm.org\/wp-content\/uploads\/2026\/01\/MWC_Sig_Blue_Horiz_webheader1-logo.svg","contentUrl":"https:\/\/mwc-cmm.org\/wp-content\/uploads\/2026\/01\/MWC_Sig_Blue_Horiz_webheader1-logo.svg","width":786,"height":82,"caption":"Mennonite World Conference"},"image":{"@id":"https:\/\/mwc-cmm.org\/en\/#\/schema\/logo\/image\/"},"sameAs":["https:\/\/www.facebook.com\/MennoniteWorldConference","https:\/\/www.linkedin.com\/company\/mennonite-world-conference-mwc\/","https:\/\/www.instagram.com\/mwcmm\/","https:\/\/www.youtube.com\/user\/mwccmm","https:\/\/bsky.app\/profile\/mwcmm.bsky.social"]}]}},"_links":{"self":[{"href":"https:\/\/mwc-cmm.org\/es\/wp-json\/wp\/v2\/mwcresource\/17607","targetHints":{"allow":["GET"]}}],"collection":[{"href":"https:\/\/mwc-cmm.org\/es\/wp-json\/wp\/v2\/mwcresource"}],"about":[{"href":"https:\/\/mwc-cmm.org\/es\/wp-json\/wp\/v2\/types\/mwcresource"}],"wp:attachment":[{"href":"https:\/\/mwc-cmm.org\/es\/wp-json\/wp\/v2\/media?parent=17607"}],"wp:term":[{"taxonomy":"network","embeddable":true,"href":"https:\/\/mwc-cmm.org\/es\/wp-json\/wp\/v2\/network?post=17607"},{"taxonomy":"resourcetype","embeddable":true,"href":"https:\/\/mwc-cmm.org\/es\/wp-json\/wp\/v2\/resourcetype?post=17607"},{"taxonomy":"language","embeddable":true,"href":"https:\/\/mwc-cmm.org\/es\/wp-json\/wp\/v2\/language?post=17607"},{"taxonomy":"resourcecategory","embeddable":true,"href":"https:\/\/mwc-cmm.org\/es\/wp-json\/wp\/v2\/resourcecategory?post=17607"},{"taxonomy":"resourcetheme","embeddable":true,"href":"https:\/\/mwc-cmm.org\/es\/wp-json\/wp\/v2\/resourcetheme?post=17607"},{"taxonomy":"eventcategory","embeddable":true,"href":"https:\/\/mwc-cmm.org\/es\/wp-json\/wp\/v2\/eventcategory?post=17607"}],"curies":[{"name":"wp","href":"https:\/\/api.w.org\/{rel}","templated":true}]}}