{"id":17595,"date":"2020-04-19T17:39:33","date_gmt":"2020-04-19T17:39:33","guid":{"rendered":"https:\/\/mwc-cmm.org\/en\/resources\/courrier-2020-avril\/"},"modified":"2025-04-09T16:43:19","modified_gmt":"2025-04-09T16:43:19","slug":"correo-2020-35-1","status":"publish","type":"mwcresource","link":"https:\/\/mwc-cmm.org\/es\/resources\/correo-2020-35-1\/","title":{"rendered":"Correo 2020 \/ 35.1"},"content":{"rendered":"\n<h2 class=\"wp-block-heading\">De la Redacci\u00f3n<\/h2>\n\n\n\n<h3 class=\"wp-block-heading\">Qui\u00e9n est\u00e1 a nuestro favor<\/h3>\n\n\n\n<p>\u201cNos trataron muy bien a todos\u201d (Hechos 28,2).<\/p>\n\n\n\n<p>Ese fue el tema este a\u00f1o de la Semana de Oraci\u00f3n por la Unidad de los Cristianos en el hemisferio norte. Las iglesias representadas en la reuni\u00f3n \u2212unidas, luteranas, presbiterianas, cat\u00f3licas, ortodoxas\u2212 no eran con las que yo, como miembro de la iglesia de los Hermanos Menonitas, normalmente mantengo una relaci\u00f3n estrecha.<\/p>\n\n\n\n<p>La formalidad del culto, con su liturgia escrita palabra por palabra en el folleto, puede haber sido extra\u00f1a, pero el Esp\u00edritu de Dios de los fieles al cantar, orar y escuchar el serm\u00f3n juntos era muy familiar.<\/p>\n\n\n\n<p>Me hizo pensar en las palabras de Jes\u00fas en Marcos 9:40: \u201cEl que no est\u00e1 contra nosotros, est\u00e1 a nuestro favor\u201d.<\/p>\n\n\n\n<p>Me parece que a menudo damos vuelta esta afirmaci\u00f3n \u2013\u201cquien&nbsp;<em>no&nbsp;<\/em>est\u00e1 con nosotros est\u00e1 en&nbsp;<em>contra<\/em>\u201d\u2013 y la usamos para construir muros entre nosotros y los dem\u00e1s, incluso otras personas de la misma fe. Sin embargo, esto parece ser lo contrario de lo que Jes\u00fas les dec\u00eda a los disc\u00edpulos. Para los disc\u00edpulos que est\u00e1n ansiosos por se\u00f1alar c\u00f3mo otras personas hacen las cosas mal, parece que Jes\u00fas est\u00e1 diciendo que cualquiera que proclame el nombre de Jes\u00fas es un aliado, incluso si hablan del evangelio de manera un poco diferente.<\/p>\n\n\n\n<p>Y eso me hace pensar en la esperanza. El tema del&nbsp;<a href=\"https:\/\/mwc-cmm.org\/es\/domingo-de-la-fraternidad-anabautista-mundial\/\">Domingo de la Fraternidad Mundial Anabautista&nbsp;<\/a>en 2020 es, \u201cJesucristo, nuestra esperanza\u201d. Este es un mensaje que nunca pasa de moda.<\/p>\n\n\n\n<p>Las malas noticias abundan: en nuestra familia anabautista mundial, Colombia est\u00e1 sumida en la violencia despu\u00e9s de a\u00f1os de guerra civil; Venezuela y Zimbabue est\u00e1n en crisis econ\u00f3mica; Burkina Faso y la India atraviesan estallidos de violencia religiosa; la Rep\u00fablica Democr\u00e1tica del Congo es causa y refugio de los desplazados; China est\u00e1 sufriendo los efectos del coronavirus; en las Filipinas e Indonesia los desastres s\u00edsmicos y clim\u00e1ticos amenazan a los ciudadanos m\u00e1s vulnerables. Adem\u00e1s de los desaf\u00edos de su entorno, muchas personas sufren de ansiedad general o trauma.<\/p>\n\n\n\n<p>Cu\u00e1nto aliento de libertad en esta afirmaci\u00f3n de que hallamos esperanza en Jes\u00fas.<\/p>\n\n\n\n<p>Adem\u00e1s, tambi\u00e9n puede haber esperanza en conocer a sus otros seguidores, incluso con los que no estamos de acuerdo.<\/p>\n\n\n\n<p>Este n\u00famero de&nbsp;<em>Correo<\/em>&nbsp;presenta la declaraci\u00f3n de la Comisi\u00f3n de Fe y Vida sobre el ecumenismo, aprobada por el Concilio General en Kenia, en 2018. Brinda un marco sobre c\u00f3mo nosotros, como menonitas anabautistas, podemos acercarnos a aquellos con quienes diferimos teol\u00f3gicamente dentro de la tradici\u00f3n cristiana. C\u00f3mo llevarnos bien con aquellos que tambi\u00e9n&nbsp;<em>est\u00e1n a favor de&nbsp;<\/em>Jesucristo, nuestra esperanza.<\/p>\n\n\n\n<p>En la secci\u00f3n \u201cPerspectivas\u201d, leemos historias de l\u00edderes de iglesias de todo el mundo que comparten experiencias de colaboraci\u00f3n interdenominacional, compartiendo el mensaje de Jesucristo, nuestra esperanza.<\/p>\n\n\n\n<p>Que este n\u00famero de Correo sirva para animarles a considerar c\u00f3mo&nbsp;<em>tratar muy bien&nbsp;<\/em>a los extra\u00f1os teol\u00f3gicos que tengamos cerca, superando las barreras de la tradici\u00f3n de la iglesia, por el bien de las buenas noticias.<\/p>\n\n\n\n<p><em>Karla Braun, redactora jefa de Correo y escritora para el Congreso Mundial Menonita, r<\/em><\/p>\n\n\n\n<div data-wp-interactive=\"core\/file\" class=\"wp-block-file\"><object data-wp-bind--hidden=\"!state.hasPdfPreview\" hidden class=\"wp-block-file__embed\" data=\"https:\/\/mwc-cmm.org\/wp-content\/uploads\/2024\/11\/ccc_35.1_sp-medium.pdf\" type=\"application\/pdf\" style=\"width:100%;height:450px\" aria-label=\"Incrustado de ccc_35.1_sp-medium.\"><\/object><a id=\"wp-block-file--media-fd54ca47-b4c2-478c-9e78-82c3e7cfa25d\" href=\"https:\/\/mwc-cmm.org\/wp-content\/uploads\/2024\/11\/ccc_35.1_sp-medium.pdf\">ccc_35.1_sp-medium<\/a><a href=\"https:\/\/mwc-cmm.org\/wp-content\/uploads\/2024\/11\/ccc_35.1_sp-medium.pdf\" class=\"wp-block-file__button wp-element-button\" download aria-describedby=\"wp-block-file--media-fd54ca47-b4c2-478c-9e78-82c3e7cfa25d\">Download<\/a><\/div>\n","protected":false},"featured_media":102798,"template":"","network":[1306],"resourcetype":[1336,1325],"language":[1349],"resourcecategory":[1393,1376],"resourcetheme":[1422],"eventcategory":[],"class_list":["post-17595","mwcresource","type-mwcresource","status-publish","has-post-thumbnail","hentry","network-courier-es","resourcetype-pdf-es","resourcetype-publication-es","language-es-es","resourcecategory-courier-es","resourcecategory-publication-es","resourcetheme-ecumenism-es"],"acf":[],"yoast_head":"<!-- This site is optimized with the Yoast SEO plugin v27.2 - https:\/\/yoast.com\/product\/yoast-seo-wordpress\/ -->\n<title>Correo 2020 \/ 35.1 - Mennonite World Conference<\/title>\n<meta name=\"robots\" content=\"index, follow, max-snippet:-1, max-image-preview:large, max-video-preview:-1\" \/>\n<link rel=\"canonical\" href=\"https:\/\/mwc-cmm.org\/es\/resources\/correo-2020-35-1\/\" \/>\n<meta property=\"og:locale\" content=\"es_ES\" \/>\n<meta property=\"og:type\" content=\"article\" \/>\n<meta property=\"og:title\" content=\"Correo 2020 \/ 35.1 - Mennonite World Conference\" \/>\n<meta property=\"og:description\" content=\"De la Redacci\u00f3n Qui\u00e9n est\u00e1 a nuestro favor \u201cNos trataron muy bien a todos\u201d (Hechos 28,2). Ese fue el tema este a\u00f1o de la Semana de Oraci\u00f3n por la Unidad de los Cristianos en el hemisferio norte. Las iglesias representadas en la reuni\u00f3n \u2212unidas, luteranas, presbiterianas, cat\u00f3licas, ortodoxas\u2212 no eran con las que yo, como [&hellip;]\" \/>\n<meta property=\"og:url\" content=\"https:\/\/mwc-cmm.org\/es\/resources\/correo-2020-35-1\/\" \/>\n<meta property=\"og:site_name\" content=\"Mennonite World Conference\" \/>\n<meta property=\"article:publisher\" content=\"https:\/\/www.facebook.com\/MennoniteWorldConference\" \/>\n<meta property=\"article:modified_time\" content=\"2025-04-09T16:43:19+00:00\" \/>\n<meta property=\"og:image\" content=\"https:\/\/mwc-cmm.org\/wp-content\/uploads\/2024\/12\/ccc_35.1_fr_page_01_1.jpg\" \/>\n\t<meta property=\"og:image:width\" content=\"850\" \/>\n\t<meta property=\"og:image:height\" content=\"1100\" \/>\n\t<meta property=\"og:image:type\" content=\"image\/jpeg\" \/>\n<script type=\"application\/ld+json\" class=\"yoast-schema-graph\">{\"@context\":\"https:\/\/schema.org\",\"@graph\":[{\"@type\":\"WebPage\",\"@id\":\"https:\/\/mwc-cmm.org\/es\/resources\/correo-2020-35-1\/\",\"url\":\"https:\/\/mwc-cmm.org\/es\/resources\/correo-2020-35-1\/\",\"name\":\"Correo 2020 \/ 35.1 - Mennonite World Conference\",\"isPartOf\":{\"@id\":\"https:\/\/mwc-cmm.org\/en\/#website\"},\"primaryImageOfPage\":{\"@id\":\"https:\/\/mwc-cmm.org\/es\/resources\/correo-2020-35-1\/#primaryimage\"},\"image\":{\"@id\":\"https:\/\/mwc-cmm.org\/es\/resources\/correo-2020-35-1\/#primaryimage\"},\"thumbnailUrl\":\"https:\/\/mwc-cmm.org\/wp-content\/uploads\/2024\/12\/ccc_35.1_fr_page_01_1.jpg\",\"datePublished\":\"2020-04-19T17:39:33+00:00\",\"dateModified\":\"2025-04-09T16:43:19+00:00\",\"breadcrumb\":{\"@id\":\"https:\/\/mwc-cmm.org\/es\/resources\/correo-2020-35-1\/#breadcrumb\"},\"inLanguage\":\"es\",\"potentialAction\":[{\"@type\":\"ReadAction\",\"target\":[\"https:\/\/mwc-cmm.org\/es\/resources\/correo-2020-35-1\/\"]}]},{\"@type\":\"ImageObject\",\"inLanguage\":\"es\",\"@id\":\"https:\/\/mwc-cmm.org\/es\/resources\/correo-2020-35-1\/#primaryimage\",\"url\":\"https:\/\/mwc-cmm.org\/wp-content\/uploads\/2024\/12\/ccc_35.1_fr_page_01_1.jpg\",\"contentUrl\":\"https:\/\/mwc-cmm.org\/wp-content\/uploads\/2024\/12\/ccc_35.1_fr_page_01_1.jpg\",\"width\":850,\"height\":1100},{\"@type\":\"BreadcrumbList\",\"@id\":\"https:\/\/mwc-cmm.org\/es\/resources\/correo-2020-35-1\/#breadcrumb\",\"itemListElement\":[{\"@type\":\"ListItem\",\"position\":1,\"name\":\"Home\",\"item\":\"https:\/\/mwc-cmm.org\/es\/\"},{\"@type\":\"ListItem\",\"position\":2,\"name\":\"Correo 2020 \/ 35.1\"}]},{\"@type\":\"WebSite\",\"@id\":\"https:\/\/mwc-cmm.org\/en\/#website\",\"url\":\"https:\/\/mwc-cmm.org\/en\/\",\"name\":\"Mennonite World Conference\",\"description\":\"A communion of Anabaptist-related churches\",\"publisher\":{\"@id\":\"https:\/\/mwc-cmm.org\/en\/#organization\"},\"alternateName\":\"MWC\",\"potentialAction\":[{\"@type\":\"SearchAction\",\"target\":{\"@type\":\"EntryPoint\",\"urlTemplate\":\"https:\/\/mwc-cmm.org\/en\/?s={search_term_string}\"},\"query-input\":{\"@type\":\"PropertyValueSpecification\",\"valueRequired\":true,\"valueName\":\"search_term_string\"}}],\"inLanguage\":\"es\"},{\"@type\":\"Organization\",\"@id\":\"https:\/\/mwc-cmm.org\/en\/#organization\",\"name\":\"Mennonite World Conference\",\"alternateName\":\"MWC\",\"url\":\"https:\/\/mwc-cmm.org\/en\/\",\"logo\":{\"@type\":\"ImageObject\",\"inLanguage\":\"es\",\"@id\":\"https:\/\/mwc-cmm.org\/en\/#\/schema\/logo\/image\/\",\"url\":\"https:\/\/mwc-cmm.org\/wp-content\/uploads\/2026\/01\/MWC_Sig_Blue_Horiz_webheader1-logo.svg\",\"contentUrl\":\"https:\/\/mwc-cmm.org\/wp-content\/uploads\/2026\/01\/MWC_Sig_Blue_Horiz_webheader1-logo.svg\",\"width\":786,\"height\":82,\"caption\":\"Mennonite World Conference\"},\"image\":{\"@id\":\"https:\/\/mwc-cmm.org\/en\/#\/schema\/logo\/image\/\"},\"sameAs\":[\"https:\/\/www.facebook.com\/MennoniteWorldConference\",\"https:\/\/www.linkedin.com\/company\/mennonite-world-conference-mwc\/\",\"https:\/\/www.instagram.com\/mwcmm\/\",\"https:\/\/www.youtube.com\/user\/mwccmm\",\"https:\/\/bsky.app\/profile\/mwcmm.bsky.social\"]}]}<\/script>\n<!-- \/ Yoast SEO plugin. -->","yoast_head_json":{"title":"Correo 2020 \/ 35.1 - Mennonite World Conference","robots":{"index":"index","follow":"follow","max-snippet":"max-snippet:-1","max-image-preview":"max-image-preview:large","max-video-preview":"max-video-preview:-1"},"canonical":"https:\/\/mwc-cmm.org\/es\/resources\/correo-2020-35-1\/","og_locale":"es_ES","og_type":"article","og_title":"Correo 2020 \/ 35.1 - Mennonite World Conference","og_description":"De la Redacci\u00f3n Qui\u00e9n est\u00e1 a nuestro favor \u201cNos trataron muy bien a todos\u201d (Hechos 28,2). Ese fue el tema este a\u00f1o de la Semana de Oraci\u00f3n por la Unidad de los Cristianos en el hemisferio norte. Las iglesias representadas en la reuni\u00f3n \u2212unidas, luteranas, presbiterianas, cat\u00f3licas, ortodoxas\u2212 no eran con las que yo, como [&hellip;]","og_url":"https:\/\/mwc-cmm.org\/es\/resources\/correo-2020-35-1\/","og_site_name":"Mennonite World Conference","article_publisher":"https:\/\/www.facebook.com\/MennoniteWorldConference","article_modified_time":"2025-04-09T16:43:19+00:00","og_image":[{"width":850,"height":1100,"url":"https:\/\/mwc-cmm.org\/wp-content\/uploads\/2024\/12\/ccc_35.1_fr_page_01_1.jpg","type":"image\/jpeg"}],"schema":{"@context":"https:\/\/schema.org","@graph":[{"@type":"WebPage","@id":"https:\/\/mwc-cmm.org\/es\/resources\/correo-2020-35-1\/","url":"https:\/\/mwc-cmm.org\/es\/resources\/correo-2020-35-1\/","name":"Correo 2020 \/ 35.1 - Mennonite World Conference","isPartOf":{"@id":"https:\/\/mwc-cmm.org\/en\/#website"},"primaryImageOfPage":{"@id":"https:\/\/mwc-cmm.org\/es\/resources\/correo-2020-35-1\/#primaryimage"},"image":{"@id":"https:\/\/mwc-cmm.org\/es\/resources\/correo-2020-35-1\/#primaryimage"},"thumbnailUrl":"https:\/\/mwc-cmm.org\/wp-content\/uploads\/2024\/12\/ccc_35.1_fr_page_01_1.jpg","datePublished":"2020-04-19T17:39:33+00:00","dateModified":"2025-04-09T16:43:19+00:00","breadcrumb":{"@id":"https:\/\/mwc-cmm.org\/es\/resources\/correo-2020-35-1\/#breadcrumb"},"inLanguage":"es","potentialAction":[{"@type":"ReadAction","target":["https:\/\/mwc-cmm.org\/es\/resources\/correo-2020-35-1\/"]}]},{"@type":"ImageObject","inLanguage":"es","@id":"https:\/\/mwc-cmm.org\/es\/resources\/correo-2020-35-1\/#primaryimage","url":"https:\/\/mwc-cmm.org\/wp-content\/uploads\/2024\/12\/ccc_35.1_fr_page_01_1.jpg","contentUrl":"https:\/\/mwc-cmm.org\/wp-content\/uploads\/2024\/12\/ccc_35.1_fr_page_01_1.jpg","width":850,"height":1100},{"@type":"BreadcrumbList","@id":"https:\/\/mwc-cmm.org\/es\/resources\/correo-2020-35-1\/#breadcrumb","itemListElement":[{"@type":"ListItem","position":1,"name":"Home","item":"https:\/\/mwc-cmm.org\/es\/"},{"@type":"ListItem","position":2,"name":"Correo 2020 \/ 35.1"}]},{"@type":"WebSite","@id":"https:\/\/mwc-cmm.org\/en\/#website","url":"https:\/\/mwc-cmm.org\/en\/","name":"Mennonite World Conference","description":"A communion of Anabaptist-related churches","publisher":{"@id":"https:\/\/mwc-cmm.org\/en\/#organization"},"alternateName":"MWC","potentialAction":[{"@type":"SearchAction","target":{"@type":"EntryPoint","urlTemplate":"https:\/\/mwc-cmm.org\/en\/?s={search_term_string}"},"query-input":{"@type":"PropertyValueSpecification","valueRequired":true,"valueName":"search_term_string"}}],"inLanguage":"es"},{"@type":"Organization","@id":"https:\/\/mwc-cmm.org\/en\/#organization","name":"Mennonite World Conference","alternateName":"MWC","url":"https:\/\/mwc-cmm.org\/en\/","logo":{"@type":"ImageObject","inLanguage":"es","@id":"https:\/\/mwc-cmm.org\/en\/#\/schema\/logo\/image\/","url":"https:\/\/mwc-cmm.org\/wp-content\/uploads\/2026\/01\/MWC_Sig_Blue_Horiz_webheader1-logo.svg","contentUrl":"https:\/\/mwc-cmm.org\/wp-content\/uploads\/2026\/01\/MWC_Sig_Blue_Horiz_webheader1-logo.svg","width":786,"height":82,"caption":"Mennonite World Conference"},"image":{"@id":"https:\/\/mwc-cmm.org\/en\/#\/schema\/logo\/image\/"},"sameAs":["https:\/\/www.facebook.com\/MennoniteWorldConference","https:\/\/www.linkedin.com\/company\/mennonite-world-conference-mwc\/","https:\/\/www.instagram.com\/mwcmm\/","https:\/\/www.youtube.com\/user\/mwccmm","https:\/\/bsky.app\/profile\/mwcmm.bsky.social"]}]}},"_links":{"self":[{"href":"https:\/\/mwc-cmm.org\/es\/wp-json\/wp\/v2\/mwcresource\/17595","targetHints":{"allow":["GET"]}}],"collection":[{"href":"https:\/\/mwc-cmm.org\/es\/wp-json\/wp\/v2\/mwcresource"}],"about":[{"href":"https:\/\/mwc-cmm.org\/es\/wp-json\/wp\/v2\/types\/mwcresource"}],"wp:featuredmedia":[{"embeddable":true,"href":"https:\/\/mwc-cmm.org\/es\/wp-json\/wp\/v2\/media\/102798"}],"wp:attachment":[{"href":"https:\/\/mwc-cmm.org\/es\/wp-json\/wp\/v2\/media?parent=17595"}],"wp:term":[{"taxonomy":"network","embeddable":true,"href":"https:\/\/mwc-cmm.org\/es\/wp-json\/wp\/v2\/network?post=17595"},{"taxonomy":"resourcetype","embeddable":true,"href":"https:\/\/mwc-cmm.org\/es\/wp-json\/wp\/v2\/resourcetype?post=17595"},{"taxonomy":"language","embeddable":true,"href":"https:\/\/mwc-cmm.org\/es\/wp-json\/wp\/v2\/language?post=17595"},{"taxonomy":"resourcecategory","embeddable":true,"href":"https:\/\/mwc-cmm.org\/es\/wp-json\/wp\/v2\/resourcecategory?post=17595"},{"taxonomy":"resourcetheme","embeddable":true,"href":"https:\/\/mwc-cmm.org\/es\/wp-json\/wp\/v2\/resourcetheme?post=17595"},{"taxonomy":"eventcategory","embeddable":true,"href":"https:\/\/mwc-cmm.org\/es\/wp-json\/wp\/v2\/eventcategory?post=17595"}],"curies":[{"name":"wp","href":"https:\/\/api.w.org\/{rel}","templated":true}]}}