{"id":131917,"date":"2026-09-01T04:15:04","date_gmt":"2026-09-01T04:15:04","guid":{"rendered":"https:\/\/mwc-cmm.org\/?post_type=mwcresource&#038;p=131917"},"modified":"2026-09-01T14:55:20","modified_gmt":"2026-09-01T14:55:20","slug":"correo-2026-41-3","status":"publish","type":"mwcresource","link":"https:\/\/mwc-cmm.org\/es\/resources\/correo-2026-41-3\/","title":{"rendered":"Correo 2026 \/ 41.3"},"content":{"rendered":"\n<div class=\"wp-block-group has-global-padding is-layout-constrained wp-block-group-is-layout-constrained\">\n<div class=\"wp-block-columns is-layout-flex wp-container-core-columns-is-layout-adc57f8e wp-block-columns-is-layout-flex\">\n<div class=\"wp-block-column is-layout-flow wp-block-column-is-layout-flow\" style=\"flex-basis:33.33%\">\n<h3 class=\"wp-block-heading\">Inspiraci\u00f3n y reflexi\u00f3n<\/h3>\n\n\n\n<ul class=\"wp-block-list\">\n<li><a href=\"https:\/\/mwc-cmm.org\/es\/stories\/sobrellevar-las-cargas-mediante-el-testimonio-y-la-oracion\/\" data-type=\"link\" data-id=\"https:\/\/mwc-cmm.org\/es\/stories\/sobrellevar-las-cargas-mediante-el-testimonio-y-la-oracion\/\">Sobrellevar las cargas mediante e testimonio y la oraci\u00f3n<\/a><\/li>\n\n\n\n<li><a href=\"https:\/\/mwc-cmm.org\/es\/stories\/participar-juntos-en-el-culto\/\" data-type=\"link\" data-id=\"https:\/\/mwc-cmm.org\/es\/stories\/participar-juntos-en-el-culto\/\">Participar juntos en el culto<\/a><\/li>\n<\/ul>\n\n\n\n<h3 class=\"wp-block-heading\">Perspectivas<\/h3>\n\n\n\n<ul class=\"wp-block-list\">\n<li>Tender las manos bondadosas de Dios<\/li>\n\n\n\n<li>Oraci\u00f3n, predicaci\u00f3n y perseverancia<\/li>\n\n\n\n<li>Alegr\u00edas y cargas entrelazadas<\/li>\n\n\n\n<li>Tender la mano al pr\u00f3jimo<\/li>\n\n\n\n<li>Cumplir la ley de Cristo<\/li>\n\n\n\n<li>Invertir y practicar<\/li>\n<\/ul>\n\n\n\n<h3 class=\"wp-block-heading\">Recursos<\/h3>\n\n\n\n<ul class=\"wp-block-list\">\n<li><a href=\"https:\/\/mwc-cmm.org\/es\/stories\/adorar-con-el-mundo\/\" data-type=\"link\" data-id=\"https:\/\/mwc-cmm.org\/es\/stories\/adorar-con-el-mundo\/\">Domingo de la Creaci\u00f3n<\/a><\/li>\n\n\n\n<li><a href=\"https:\/\/mwc-cmm.org\/es\/asamblea\/\" data-type=\"link\" data-id=\"https:\/\/mwc-cmm.org\/es\/asamblea\/\">Tanzania 2028<\/a><\/li>\n<\/ul>\n\n\n\n<h3 class=\"wp-block-heading\"><strong>La columna de los miembros directivos<\/strong>&nbsp;<\/h3>\n\n\n\n<ul class=\"wp-block-list\">\n<li><a href=\"https:\/\/mwc-cmm.org\/es\/stories\/no-es-un-programa-sino-una-mesa\/\" data-type=\"link\" data-id=\"https:\/\/mwc-cmm.org\/es\/stories\/no-es-un-programa-sino-una-mesa\/\">No es un programa, sino una mesa<\/a><\/li>\n<\/ul>\n<\/div>\n\n\n\n<div class=\"wp-block-column is-layout-flow wp-block-column-is-layout-flow\" style=\"flex-basis:66.66%\">\n<div data-wp-interactive=\"core\/file\" class=\"wp-block-file\"><object data-wp-bind--hidden=\"!state.hasPdfPreview\" hidden class=\"wp-block-file__embed\" data=\"https:\/\/mwc-cmm.org\/wp-content\/uploads\/2026\/08\/41.3-SP-FIN-rev.pdf\" type=\"application\/pdf\" style=\"width:100%;height:600px\" aria-label=\"Incrustado de CCC 41.3 2026 SP.\"><\/object><a id=\"wp-block-file--media-effd011b-14ab-410e-8346-b981a6fd8ee5\" href=\"https:\/\/mwc-cmm.org\/wp-content\/uploads\/2026\/08\/41.3-SP-FIN-rev.pdf\">CCC 41.3 2026 SP<\/a><a href=\"https:\/\/mwc-cmm.org\/wp-content\/uploads\/2026\/08\/41.3-SP-FIN-rev.pdf\" class=\"wp-block-file__button wp-element-button\" download aria-describedby=\"wp-block-file--media-effd011b-14ab-410e-8346-b981a6fd8ee5\">DESCARGAR<\/a><\/div>\n<\/div>\n<\/div>\n<\/div>\n\n\n\n<hr class=\"wp-block-separator has-alpha-channel-opacity\"\/>\n\n\n\n<h2 class=\"wp-block-heading\">Piensen en todo esto&nbsp;<\/h2>\n\n\n\n<p class=\"wp-block-paragraph\">\u201cPor \u00faltimo, hermanos y hermanas, piensen en todo lo verdadero, en todo lo que es digno de respeto, en todo lo recto, en todo lo puro, en todo lo agradable, en todo lo que tiene buena fama. Piensen en toda clase de virtudes, en todo lo que merece alabanza\u201d.&nbsp;&nbsp;<br>\u2014Filipenses\u202f4:8&nbsp;<\/p>\n\n\n\n<p class=\"wp-block-paragraph\">En esta era de la desinformaci\u00f3n, los psic\u00f3logos nos advierten que cuanto m\u00e1s escuchamos una afirmaci\u00f3n, incluso una descabellada o exagerada, m\u00e1s empezamos a considerarla veros\u00edmil.&nbsp;<\/p>\n\n\n\n<p class=\"wp-block-paragraph\">El ap\u00f3stol Pablo, en su carta a los Filipenses, nos da un ant\u00eddoto contra esta tendencia. Centremos nuestra atenci\u00f3n en lo que es bueno: verdadero, honorable, justo, puro, agradable, encomiable, excelente, loable.&nbsp;<\/p>\n\n\n\n<p class=\"wp-block-paragraph\">Este n\u00famero procura lograrlo a trav\u00e9s de la narraci\u00f3n de historias.&nbsp;<\/p>\n\n\n\n<p class=\"wp-block-paragraph\">Es una muestra del evento de Renovaci\u00f3n que se llev\u00f3 a cabo en Filipinas, en marzo de 2026. El programa se centr\u00f3 en el concepto filipino de solidaridad llamado&nbsp;<em>bayanihan<\/em>, que significa sobrellevar las cargas unos a otros (v\u00e9ase p\u00e1ginas 3-5).&nbsp;<\/p>\n\n\n\n<p class=\"wp-block-paragraph\">En medio de los problemas del mundo \u2013e incluso de los conflictos dentro de la iglesia\u2013 es f\u00e1cil pensar que los medios no violentos no pueden resolver conflictos violentos muy complejos; que bajo presi\u00f3n todos recaemos en nuestros instintos m\u00e1s bajos; que las diferencias entre las personas deben causar miedo y hostilidad.&nbsp;<\/p>\n\n\n\n<p class=\"wp-block-paragraph\">\u00a1Pero tenemos mejores historias que contar! Sabemos que la comunidad puede unirse para reconstruir la casa de su\u202fpr\u00f3jimo.&nbsp;<\/p>\n\n\n\n<p class=\"wp-block-paragraph\">Hemos visto a desconocidos venir de todas partes para donar los suministros necesarios despu\u00e9s de un incendio (v\u00e9ase p\u00e1gina\u202f7).&nbsp;<\/p>\n\n\n\n<p class=\"wp-block-paragraph\">Hemos sido testigos de c\u00f3mo el amor de Dios rompe los ciclos de adicci\u00f3n y trauma, impulsando a las personas en el camino a la integridad y prosperidad (p\u00e1gina\u202f8).&nbsp;<\/p>\n\n\n\n<p class=\"wp-block-paragraph\">Hemos sobrellevado cargas de dolor y ruptura, pero aun as\u00ed hemos encontrado \u2013a menudo a trav\u00e9s de la misma comunidad que nos infligi\u00f3 las heridas\u2013 que la gracia de Dios es suficiente para sanar nuestros corazones y darnos esperanza para perseverar y seguir amando (p\u00e1gina\u202f9).&nbsp;<\/p>\n\n\n\n<p class=\"wp-block-paragraph\">Hemos brindado ayuda concreta a quienes la necesitan fuera de nuestra iglesia y, al hacerlo, hemos reducido la distancia entre vecinos y compartido la luz del evangelio sin palabras (p\u00e1gina\u202f10).&nbsp;<\/p>\n\n\n\n<p class=\"wp-block-paragraph\">Hemos visto que nuestro esfuerzo persistente para compartir lo que tenemos produce efectos que multiplican la inversi\u00f3n original (p\u00e1gina\u202f11).&nbsp;<\/p>\n\n\n\n<p class=\"wp-block-paragraph\">Nos estamos capacitando para invertir en las personas y en su transformaci\u00f3n (p\u00e1gina\u202f12).&nbsp;<\/p>\n\n\n\n<p class=\"wp-block-paragraph\">Repitamos, entonces, las historias de la bondad de Dios. Hagamos cre\u00edbles las afirmaciones extraordinarias repitiendo que el bien puede vencer al mal, que la paz es m\u00e1s fuerte que la&nbsp;violencia, que la unidad es posible en medio de diferencias significativas y que el amor transforma incluso el odio en belleza del\u202falma.&nbsp;<\/p>\n\n\n\n<p class=\"wp-block-paragraph\">Y al vivir en los diferentes rincones del mundo, \u201cconc\u00e9denos el valor de ser tus manos y pies\u201d (p\u00e1gina 5), que no solo&nbsp;<em>contemos<\/em>&nbsp;las historias que son verdaderas, sino que las podamos&nbsp;<em>crear<\/em>&nbsp;con nuestras\u202fvidas.&nbsp;<\/p>\n\n\n\n<p class=\"wp-block-paragraph\"><em>Karla Braun, redactora jefa de Correo y escritora para el Congreso Mundial Menonita, reside en Winnipeg, Canad\u00e1.<\/em><\/p>\n\n\n\n<div class=\"wp-block-group has-light-blue-background-color has-background has-global-padding is-layout-constrained wp-block-group-is-layout-constrained\">\n<p class=\"has-light-blue-background-color has-background wp-block-paragraph\"><strong><em>PD: \u00bfCu\u00e1les son sus historias sobre la bondad de Dios? \u00a1Comp\u00e1rtanlas con nosotros!<\/em><\/strong><\/p>\n\n\n\n<div class=\"wp-block-buttons is-content-justification-center is-layout-flex wp-container-core-buttons-is-layout-3b210250 wp-block-buttons-is-layout-flex\">\n<div class=\"wp-block-button\"><a class=\"wp-block-button__link wp-element-button\" href=\"mailto:info@mwc-cmm.org\">enviar un correo<\/a><\/div>\n<\/div>\n<\/div>\n","protected":false},"featured_media":132000,"template":"","network":[],"resourcetype":[381],"language":[165],"resourcecategory":[161],"resourcetheme":[],"eventcategory":[1491],"class_list":["post-131917","mwcresource","type-mwcresource","status-publish","has-post-thumbnail","hentry","resourcetype-pdf","language-en","resourcecategory-courier","eventcategory-renewal-2028-vi"],"acf":[],"yoast_head":"<!-- This site is optimized with the Yoast SEO plugin v28.3 - https:\/\/yoast.com\/product\/yoast-seo-wordpress\/ -->\n<title>Correo 2026 \/ 41.3 - Mennonite World Conference<\/title>\n<meta name=\"robots\" content=\"index, follow, max-snippet:-1, max-image-preview:large, max-video-preview:-1\" \/>\n<link rel=\"canonical\" href=\"https:\/\/mwc-cmm.org\/es\/resources\/correo-2026-41-3\/\" \/>\n<meta property=\"og:locale\" content=\"es_ES\" \/>\n<meta property=\"og:type\" content=\"article\" \/>\n<meta property=\"og:title\" content=\"Correo 2026 \/ 41.3 - Mennonite World Conference\" \/>\n<meta property=\"og:description\" content=\"Piensen en todo esto&nbsp; \u201cPor \u00faltimo, hermanos y hermanas, piensen en todo lo verdadero, en todo lo que es digno de respeto, en todo lo recto, en todo lo puro, en todo lo agradable, en todo lo que tiene buena fama. Piensen en toda clase de virtudes, en todo lo que merece alabanza\u201d.&nbsp;&nbsp;\u2014Filipenses\u202f4:8&nbsp; En esta [&hellip;]\" \/>\n<meta property=\"og:url\" content=\"https:\/\/mwc-cmm.org\/es\/resources\/correo-2026-41-3\/\" \/>\n<meta property=\"og:site_name\" content=\"Mennonite World Conference\" \/>\n<meta property=\"article:publisher\" content=\"https:\/\/www.facebook.com\/MennoniteWorldConference\" \/>\n<meta property=\"article:modified_time\" content=\"2026-09-01T14:55:20+00:00\" \/>\n<meta property=\"og:image\" content=\"https:\/\/mwc-cmm.org\/wp-content\/uploads\/2026\/09\/41.3-EN.png\" \/>\n\t<meta property=\"og:image:width\" content=\"682\" \/>\n\t<meta property=\"og:image:height\" content=\"890\" \/>\n\t<meta property=\"og:image:type\" content=\"image\/png\" \/>\n<script type=\"application\/ld+json\" class=\"yoast-schema-graph\">{\"@context\":\"https:\\\/\\\/schema.org\",\"@graph\":[{\"@type\":\"WebPage\",\"@id\":\"https:\\\/\\\/mwc-cmm.org\\\/es\\\/resources\\\/correo-2026-41-3\\\/\",\"url\":\"https:\\\/\\\/mwc-cmm.org\\\/es\\\/resources\\\/correo-2026-41-3\\\/\",\"name\":\"Correo 2026 \\\/ 41.3 - Mennonite World Conference\",\"isPartOf\":{\"@id\":\"https:\\\/\\\/mwc-cmm.org\\\/en\\\/#website\"},\"primaryImageOfPage\":{\"@id\":\"https:\\\/\\\/mwc-cmm.org\\\/es\\\/resources\\\/correo-2026-41-3\\\/#primaryimage\"},\"image\":{\"@id\":\"https:\\\/\\\/mwc-cmm.org\\\/es\\\/resources\\\/correo-2026-41-3\\\/#primaryimage\"},\"thumbnailUrl\":\"https:\\\/\\\/mwc-cmm.org\\\/wp-content\\\/uploads\\\/2026\\\/09\\\/41.3-EN.png\",\"datePublished\":\"2026-09-01T04:15:04+00:00\",\"dateModified\":\"2026-09-01T14:55:20+00:00\",\"breadcrumb\":{\"@id\":\"https:\\\/\\\/mwc-cmm.org\\\/es\\\/resources\\\/correo-2026-41-3\\\/#breadcrumb\"},\"inLanguage\":\"es\",\"potentialAction\":[{\"@type\":\"ReadAction\",\"target\":[\"https:\\\/\\\/mwc-cmm.org\\\/es\\\/resources\\\/correo-2026-41-3\\\/\"]}]},{\"@type\":\"ImageObject\",\"inLanguage\":\"es\",\"@id\":\"https:\\\/\\\/mwc-cmm.org\\\/es\\\/resources\\\/correo-2026-41-3\\\/#primaryimage\",\"url\":\"https:\\\/\\\/mwc-cmm.org\\\/wp-content\\\/uploads\\\/2026\\\/09\\\/41.3-EN.png\",\"contentUrl\":\"https:\\\/\\\/mwc-cmm.org\\\/wp-content\\\/uploads\\\/2026\\\/09\\\/41.3-EN.png\",\"width\":682,\"height\":890},{\"@type\":\"BreadcrumbList\",\"@id\":\"https:\\\/\\\/mwc-cmm.org\\\/es\\\/resources\\\/correo-2026-41-3\\\/#breadcrumb\",\"itemListElement\":[{\"@type\":\"ListItem\",\"position\":1,\"name\":\"Home\",\"item\":\"https:\\\/\\\/mwc-cmm.org\\\/es\\\/\"},{\"@type\":\"ListItem\",\"position\":2,\"name\":\"Correo 2026 \\\/ 41.3\"}]},{\"@type\":\"WebSite\",\"@id\":\"https:\\\/\\\/mwc-cmm.org\\\/en\\\/#website\",\"url\":\"https:\\\/\\\/mwc-cmm.org\\\/en\\\/\",\"name\":\"Mennonite World Conference\",\"description\":\"A communion of Anabaptist-related churches\",\"publisher\":{\"@id\":\"https:\\\/\\\/mwc-cmm.org\\\/en\\\/#organization\"},\"alternateName\":\"MWC\",\"potentialAction\":[{\"@type\":\"SearchAction\",\"target\":{\"@type\":\"EntryPoint\",\"urlTemplate\":\"https:\\\/\\\/mwc-cmm.org\\\/en\\\/?s={search_term_string}\"},\"query-input\":{\"@type\":\"PropertyValueSpecification\",\"valueRequired\":true,\"valueName\":\"search_term_string\"}}],\"inLanguage\":\"es\"},{\"@type\":\"Organization\",\"@id\":\"https:\\\/\\\/mwc-cmm.org\\\/en\\\/#organization\",\"name\":\"Mennonite World Conference\",\"alternateName\":\"MWC\",\"url\":\"https:\\\/\\\/mwc-cmm.org\\\/en\\\/\",\"logo\":{\"@type\":\"ImageObject\",\"inLanguage\":\"es\",\"@id\":\"https:\\\/\\\/mwc-cmm.org\\\/en\\\/#\\\/schema\\\/logo\\\/image\\\/\",\"url\":\"https:\\\/\\\/mwc-cmm.org\\\/wp-content\\\/uploads\\\/2026\\\/01\\\/MWC_Sig_Blue_Horiz_webheader1-logo.svg\",\"contentUrl\":\"https:\\\/\\\/mwc-cmm.org\\\/wp-content\\\/uploads\\\/2026\\\/01\\\/MWC_Sig_Blue_Horiz_webheader1-logo.svg\",\"width\":786,\"height\":82,\"caption\":\"Mennonite World Conference\"},\"image\":{\"@id\":\"https:\\\/\\\/mwc-cmm.org\\\/en\\\/#\\\/schema\\\/logo\\\/image\\\/\"},\"sameAs\":[\"https:\\\/\\\/www.facebook.com\\\/MennoniteWorldConference\",\"https:\\\/\\\/www.linkedin.com\\\/company\\\/mennonite-world-conference-mwc\\\/\",\"https:\\\/\\\/www.instagram.com\\\/mwcmm\\\/\",\"https:\\\/\\\/www.youtube.com\\\/user\\\/mwccmm\",\"https:\\\/\\\/bsky.app\\\/profile\\\/mwcmm.bsky.social\"]}]}<\/script>\n<!-- \/ Yoast SEO plugin. -->","yoast_head_json":{"title":"Correo 2026 \/ 41.3 - Mennonite World Conference","robots":{"index":"index","follow":"follow","max-snippet":"max-snippet:-1","max-image-preview":"max-image-preview:large","max-video-preview":"max-video-preview:-1"},"canonical":"https:\/\/mwc-cmm.org\/es\/resources\/correo-2026-41-3\/","og_locale":"es_ES","og_type":"article","og_title":"Correo 2026 \/ 41.3 - Mennonite World Conference","og_description":"Piensen en todo esto&nbsp; \u201cPor \u00faltimo, hermanos y hermanas, piensen en todo lo verdadero, en todo lo que es digno de respeto, en todo lo recto, en todo lo puro, en todo lo agradable, en todo lo que tiene buena fama. Piensen en toda clase de virtudes, en todo lo que merece alabanza\u201d.&nbsp;&nbsp;\u2014Filipenses\u202f4:8&nbsp; En esta [&hellip;]","og_url":"https:\/\/mwc-cmm.org\/es\/resources\/correo-2026-41-3\/","og_site_name":"Mennonite World Conference","article_publisher":"https:\/\/www.facebook.com\/MennoniteWorldConference","article_modified_time":"2026-09-01T14:55:20+00:00","og_image":[{"width":682,"height":890,"url":"https:\/\/mwc-cmm.org\/wp-content\/uploads\/2026\/09\/41.3-EN.png","type":"image\/png"}],"schema":{"@context":"https:\/\/schema.org","@graph":[{"@type":"WebPage","@id":"https:\/\/mwc-cmm.org\/es\/resources\/correo-2026-41-3\/","url":"https:\/\/mwc-cmm.org\/es\/resources\/correo-2026-41-3\/","name":"Correo 2026 \/ 41.3 - Mennonite World Conference","isPartOf":{"@id":"https:\/\/mwc-cmm.org\/en\/#website"},"primaryImageOfPage":{"@id":"https:\/\/mwc-cmm.org\/es\/resources\/correo-2026-41-3\/#primaryimage"},"image":{"@id":"https:\/\/mwc-cmm.org\/es\/resources\/correo-2026-41-3\/#primaryimage"},"thumbnailUrl":"https:\/\/mwc-cmm.org\/wp-content\/uploads\/2026\/09\/41.3-EN.png","datePublished":"2026-09-01T04:15:04+00:00","dateModified":"2026-09-01T14:55:20+00:00","breadcrumb":{"@id":"https:\/\/mwc-cmm.org\/es\/resources\/correo-2026-41-3\/#breadcrumb"},"inLanguage":"es","potentialAction":[{"@type":"ReadAction","target":["https:\/\/mwc-cmm.org\/es\/resources\/correo-2026-41-3\/"]}]},{"@type":"ImageObject","inLanguage":"es","@id":"https:\/\/mwc-cmm.org\/es\/resources\/correo-2026-41-3\/#primaryimage","url":"https:\/\/mwc-cmm.org\/wp-content\/uploads\/2026\/09\/41.3-EN.png","contentUrl":"https:\/\/mwc-cmm.org\/wp-content\/uploads\/2026\/09\/41.3-EN.png","width":682,"height":890},{"@type":"BreadcrumbList","@id":"https:\/\/mwc-cmm.org\/es\/resources\/correo-2026-41-3\/#breadcrumb","itemListElement":[{"@type":"ListItem","position":1,"name":"Home","item":"https:\/\/mwc-cmm.org\/es\/"},{"@type":"ListItem","position":2,"name":"Correo 2026 \/ 41.3"}]},{"@type":"WebSite","@id":"https:\/\/mwc-cmm.org\/en\/#website","url":"https:\/\/mwc-cmm.org\/en\/","name":"Mennonite World Conference","description":"A communion of Anabaptist-related churches","publisher":{"@id":"https:\/\/mwc-cmm.org\/en\/#organization"},"alternateName":"MWC","potentialAction":[{"@type":"SearchAction","target":{"@type":"EntryPoint","urlTemplate":"https:\/\/mwc-cmm.org\/en\/?s={search_term_string}"},"query-input":{"@type":"PropertyValueSpecification","valueRequired":true,"valueName":"search_term_string"}}],"inLanguage":"es"},{"@type":"Organization","@id":"https:\/\/mwc-cmm.org\/en\/#organization","name":"Mennonite World Conference","alternateName":"MWC","url":"https:\/\/mwc-cmm.org\/en\/","logo":{"@type":"ImageObject","inLanguage":"es","@id":"https:\/\/mwc-cmm.org\/en\/#\/schema\/logo\/image\/","url":"https:\/\/mwc-cmm.org\/wp-content\/uploads\/2026\/01\/MWC_Sig_Blue_Horiz_webheader1-logo.svg","contentUrl":"https:\/\/mwc-cmm.org\/wp-content\/uploads\/2026\/01\/MWC_Sig_Blue_Horiz_webheader1-logo.svg","width":786,"height":82,"caption":"Mennonite World Conference"},"image":{"@id":"https:\/\/mwc-cmm.org\/en\/#\/schema\/logo\/image\/"},"sameAs":["https:\/\/www.facebook.com\/MennoniteWorldConference","https:\/\/www.linkedin.com\/company\/mennonite-world-conference-mwc\/","https:\/\/www.instagram.com\/mwcmm\/","https:\/\/www.youtube.com\/user\/mwccmm","https:\/\/bsky.app\/profile\/mwcmm.bsky.social"]}]}},"_links":{"self":[{"href":"https:\/\/mwc-cmm.org\/es\/wp-json\/wp\/v2\/mwcresource\/131917","targetHints":{"allow":["GET"]}}],"collection":[{"href":"https:\/\/mwc-cmm.org\/es\/wp-json\/wp\/v2\/mwcresource"}],"about":[{"href":"https:\/\/mwc-cmm.org\/es\/wp-json\/wp\/v2\/types\/mwcresource"}],"wp:featuredmedia":[{"embeddable":true,"href":"https:\/\/mwc-cmm.org\/es\/wp-json\/wp\/v2\/media\/132000"}],"wp:attachment":[{"href":"https:\/\/mwc-cmm.org\/es\/wp-json\/wp\/v2\/media?parent=131917"}],"wp:term":[{"taxonomy":"network","embeddable":true,"href":"https:\/\/mwc-cmm.org\/es\/wp-json\/wp\/v2\/network?post=131917"},{"taxonomy":"resourcetype","embeddable":true,"href":"https:\/\/mwc-cmm.org\/es\/wp-json\/wp\/v2\/resourcetype?post=131917"},{"taxonomy":"language","embeddable":true,"href":"https:\/\/mwc-cmm.org\/es\/wp-json\/wp\/v2\/language?post=131917"},{"taxonomy":"resourcecategory","embeddable":true,"href":"https:\/\/mwc-cmm.org\/es\/wp-json\/wp\/v2\/resourcecategory?post=131917"},{"taxonomy":"resourcetheme","embeddable":true,"href":"https:\/\/mwc-cmm.org\/es\/wp-json\/wp\/v2\/resourcetheme?post=131917"},{"taxonomy":"eventcategory","embeddable":true,"href":"https:\/\/mwc-cmm.org\/es\/wp-json\/wp\/v2\/eventcategory?post=131917"}],"curies":[{"name":"wp","href":"https:\/\/api.w.org\/{rel}","templated":true}]}}