{"id":118234,"date":"2025-09-01T06:57:26","date_gmt":"2025-09-01T06:57:26","guid":{"rendered":"https:\/\/mwc-cmm.org\/?post_type=mwcresource&#038;p=118234"},"modified":"2025-09-03T03:33:22","modified_gmt":"2025-09-03T03:33:22","slug":"domingo-de-la-paz-2025-informacion-sobre-la-cancion","status":"publish","type":"mwcresource","link":"https:\/\/mwc-cmm.org\/es\/resources\/domingo-de-la-paz-2025-informacion-sobre-la-cancion\/","title":{"rendered":"Domingo de la Paz 2025 \u2013 Informaci\u00f3n sobre la canci\u00f3n"},"content":{"rendered":"\n<h2 class=\"wp-block-heading is-style-green-eyebrow\">We want peace<\/h2>\n\n\n\n<div class=\"wp-block-columns is-layout-flex wp-container-core-columns-is-layout-28f84493 wp-block-columns-is-layout-flex\">\n<div class=\"wp-block-column is-layout-flow wp-block-column-is-layout-flow\">\n<p>\u201cQueremos la paz\u201d no es solo el t\u00edtulo de una canci\u00f3n. Es un llamado. Una oraci\u00f3n. Y una misi\u00f3n. Escribimos esta canci\u00f3n porque no creemos que la violencia pueda ser la soluci\u00f3n a nuestros problemas. \u201cLa guerra es contraria a la voluntad de Dios\u201d, escribi\u00f3 el Consejo Mundial de Iglesias en 1948 tras el fin de la Segunda Guerra Mundial. Creemos que hoy debemos recordar este mensaje m\u00e1s que nunca, especialmente nosotros los menonitas, que pertenecemos a una tradici\u00f3n de una iglesia de paz, y nuestras voces son necesarias ahora.&nbsp;&nbsp;<\/p>\n<\/div>\n\n\n\n<div class=\"wp-block-column is-layout-flow wp-block-column-is-layout-flow\">\n<figure class=\"wp-block-embed is-type-video is-provider-youtube wp-block-embed-youtube wp-embed-aspect-16-9 wp-has-aspect-ratio\"><div class=\"wp-block-embed__wrapper\">\n<iframe title=\"We Want Peace (Live) - Songs of Peace\" width=\"500\" height=\"281\" data-src=\"https:\/\/www.youtube.com\/embed\/7KzDDlSnBRw?feature=oembed\" frameborder=\"0\" allow=\"accelerometer; autoplay; clipboard-write; encrypted-media; gyroscope; picture-in-picture; web-share\" referrerpolicy=\"strict-origin-when-cross-origin\" allowfullscreen src=\"data:image\/svg+xml;base64,PHN2ZyB3aWR0aD0iMSIgaGVpZ2h0PSIxIiB4bWxucz0iaHR0cDovL3d3dy53My5vcmcvMjAwMC9zdmciPjwvc3ZnPg==\" class=\"lazyload\" data-load-mode=\"1\"><\/iframe>\n<\/div><\/figure>\n<\/div>\n<\/div>\n\n\n\n<p>La canci\u00f3n triling\u00fce expresa un poco de la identidad internacional de la comunidad menonita a nivel mundial. Interpretarla con un gran coro internacional de m\u00e1s de 80 cantantes en la catedral Grossm\u00fcnster de Z\u00farich, con motivo del aniversario 500 del anabautismo, fue una experiencia profundamente conmovedora y que fortaleci\u00f3 nuestra identidad como compositores.&nbsp;<\/p>\n\n\n\n<p>La estrofa (en alem\u00e1n y franc\u00e9s) dice:&nbsp;<\/p>\n\n\n\n<p style=\"padding-top:0;padding-right:var(--wp--preset--spacing--50);padding-bottom:0;padding-left:var(--wp--preset--spacing--50)\">Es hora de resurgir y mirar al futuro con esperanza.&nbsp;<br>De acercarnos unos a otros, y donde haya enemigos, rechazar la espada.&nbsp;<br>Emprende tu camino, lleva la bendici\u00f3n contigo adondequiera que vayas.&nbsp;<br>\u00a1Comprom\u00e9tete con la paz!&nbsp;<\/p>\n\n\n\n<p>Una reflexi\u00f3n m\u00e1s profunda sobre la canci\u00f3n se puede encontrar en nuestro blog en alem\u00e1n.<\/p>\n\n\n\n<div class=\"wp-block-buttons is-layout-flex wp-block-buttons-is-layout-flex\">\n<div class=\"wp-block-button\"><a class=\"wp-block-button__link wp-element-button\" href=\"http:\/\/www.songsofpeace.ch\/blog\/wewantpeace\">Songs of peace<\/a><\/div>\n<\/div>\n\n\n\n<div class=\"wp-block-group has-soft-gray-background-color has-background has-global-padding is-layout-constrained wp-block-group-is-layout-constrained\">\n<p class=\"has-small-font-size\">M\u00fasica y Letra: Dennis Thielmann \u00a9\u202f2021 \/\u202fTraducci\u00f3n al franc\u00e9s: Marie-No\u00eblle Yoder&nbsp;<br>Arr: Dennis Thielmann &amp; Karin Franz \u00a9\u202f2025&nbsp;<br><a href=\"https:\/\/can01.safelinks.protection.outlook.com\/?url=http%3A%2F%2Fwww.songsofpeace.ch%2F&amp;data=05%7C02%7CKarlaBraun%40mwc-cmm.org%7Ca36fbe84ddbc4e24ac8108ddcf83494d%7C853359c33caf4a8cbf5d5a5869818e85%7C0%7C0%7C638894885621976307%7CUnknown%7CTWFpbGZsb3d8eyJFbXB0eU1hcGkiOnRydWUsIlYiOiIwLjAuMDAwMCIsIlAiOiJXaW4zMiIsIkFOIjoiTWFpbCIsIldUIjoyfQ%3D%3D%7C0%7C%7C%7C&amp;sdata=XlA%2BsyIWB0HPsvnpxonOqZWTifDh9oo9%2FkE6z%2F3fKU4%3D&amp;reserved=0\" target=\"_blank\" rel=\"noreferrer noopener\">www.songsofpeace.ch<\/a>&nbsp;<\/p>\n\n\n\n<p class=\"has-small-font-size\">Se concede permiso a las iglesias miembros del CMM para uso congregacional para el Domingo de la Paz y el Domingo de la Fraternidad Anabautista Mundial.&nbsp;<\/p>\n\n\n\n<p class=\"has-small-font-size\">Para obtener permisos para uso continuo o en reuniones de grupos m\u00e1s grandes, consulte&nbsp;<\/p>\n\n\n\n<p class=\"has-small-font-size\"><a href=\"http:\/\/www.songsofpeace.ch\/songs\/wewantpeace\" target=\"_blank\" rel=\"noreferrer noopener\">www.songsofpeace.ch\/songs\/wewantpeace<\/a>\u202fo cont\u00e1ctenos en\u202f<a href=\"mailto:info@songsofpeace.ch\" target=\"_blank\" rel=\"noreferrer noopener\">info@songsofpeace.ch<\/a>&nbsp;<\/p>\n<\/div>\n\n\n\n<hr class=\"wp-block-separator has-alpha-channel-opacity\"\/>\n\n\n\n<h2 class=\"wp-block-heading is-style-cyan-eyebrow\">We will make no peace with oppression<\/h2>\n\n\n\n<div class=\"wp-block-columns is-layout-flex wp-container-core-columns-is-layout-28f84493 wp-block-columns-is-layout-flex\">\n<div class=\"wp-block-column is-layout-flow wp-block-column-is-layout-flow\">\n<p><strong>Resumen de la letra<\/strong><\/p>\n\n\n\n<p>\u201cWe will make no peace with oppression\u201d\/<br>No haremos la paz con la opresi\u00f3n<\/p>\n\n\n\n<p>Todos los que viven por la espada, tambi\u00e9n a espada morir\u00e1n. Nos opondremos a toda forma de violencia. Marcharemos por las calles (\u201csin justicia, no hay paz\u201d). Y as\u00ed adelante con tu pr\u00f3jimo hasta que todos seamos libres.<\/p>\n\n\n\n<p>No apartaremos nuestra vista del dolor de nuestros hermanos, del llanto de nuestras hermanas, del duelo de nuestras madres.<br>No ignoraremos a los pol\u00edticos destructivos, las c\u00e1rceles desbordadas, ni la corrupci\u00f3n en nuestros sistemas.<br>Dios Todopoderoso, ay\u00fadanos a no tener miedo; danos tu fuerza.<\/p>\n<\/div>\n\n\n\n<div class=\"wp-block-column is-layout-flow wp-block-column-is-layout-flow\">\n<figure class=\"wp-block-embed is-type-video is-provider-youtube wp-block-embed-youtube wp-embed-aspect-4-3 wp-has-aspect-ratio\"><div class=\"wp-block-embed__wrapper\">\n<iframe title=\"We Will Make No Peace With Oppression\" width=\"500\" height=\"375\" data-src=\"https:\/\/www.youtube.com\/embed\/L57GTkvU8qo?feature=oembed\" frameborder=\"0\" allow=\"accelerometer; autoplay; clipboard-write; encrypted-media; gyroscope; picture-in-picture; web-share\" referrerpolicy=\"strict-origin-when-cross-origin\" allowfullscreen src=\"data:image\/svg+xml;base64,PHN2ZyB3aWR0aD0iMSIgaGVpZ2h0PSIxIiB4bWxucz0iaHR0cDovL3d3dy53My5vcmcvMjAwMC9zdmciPjwvc3ZnPg==\" class=\"lazyload\" data-load-mode=\"1\"><\/iframe>\n<\/div><\/figure>\n<\/div>\n<\/div>\n\n\n\n<div class=\"wp-block-group has-soft-gray-background-color has-background has-global-padding is-layout-constrained wp-block-group-is-layout-constrained\">\n<p class=\"has-small-font-size\">CCLI Song # 7158502&nbsp;<br>Latifah Alattas | Liz Vice | Paul Zach&nbsp;<br>\u00a9 2020 Integrity\u2019s Alleluia! Music; Paul Zach Publishing; Porter\u2019s Gate Publications&nbsp;<br>For use solely with the SongSelect\u00ae <a href=\"https:\/\/songselect.ccli.com\/about\/termsofuse\" target=\"_blank\" rel=\"noreferrer noopener\">Terms of Use<\/a>. All rights reserved. <a href=\"https:\/\/www.ccli.com\/\" target=\"_blank\" rel=\"noreferrer noopener\">www.ccli.com<\/a>&nbsp;<\/p>\n<\/div>\n\n\n\n<hr class=\"wp-block-separator has-alpha-channel-opacity\"\/>\n\n\n\n<div class=\"wp-block-group has-global-padding is-layout-constrained wp-block-group-is-layout-constrained\">\n<div class=\"wp-block-columns is-layout-flex wp-container-core-columns-is-layout-28f84493 wp-block-columns-is-layout-flex\">\n<div class=\"wp-block-column is-layout-flow wp-block-column-is-layout-flow\">\n<figure class=\"wp-block-image size-large\"><img decoding=\"async\" width=\"1024\" height=\"768\" data-src=\"https:\/\/mwc-cmm.org\/wp-content\/uploads\/2025\/09\/54560660308_6b2303b7d7_o-1024x768.jpg\" alt=\"\" class=\"wp-image-118266 lazyload\" data-srcset=\"https:\/\/mwc-cmm.org\/wp-content\/uploads\/2025\/09\/54560660308_6b2303b7d7_o-1024x768.jpg 1024w, https:\/\/mwc-cmm.org\/wp-content\/uploads\/2025\/09\/54560660308_6b2303b7d7_o-300x225.jpg 300w, https:\/\/mwc-cmm.org\/wp-content\/uploads\/2025\/09\/54560660308_6b2303b7d7_o-768x576.jpg 768w, https:\/\/mwc-cmm.org\/wp-content\/uploads\/2025\/09\/54560660308_6b2303b7d7_o-1536x1152.jpg 1536w, https:\/\/mwc-cmm.org\/wp-content\/uploads\/2025\/09\/54560660308_6b2303b7d7_o-2048x1536.jpg 2048w\" data-sizes=\"(max-width: 1024px) 100vw, 1024px\" src=\"data:image\/svg+xml;base64,PHN2ZyB3aWR0aD0iMSIgaGVpZ2h0PSIxIiB4bWxucz0iaHR0cDovL3d3dy53My5vcmcvMjAwMC9zdmciPjwvc3ZnPg==\" style=\"--smush-placeholder-width: 1024px; --smush-placeholder-aspect-ratio: 1024\/768;\" \/><\/figure>\n<\/div>\n\n\n\n<div class=\"wp-block-column is-layout-flow wp-block-column-is-layout-flow\">\n<figure class=\"wp-block-image size-large\"><img decoding=\"async\" width=\"1024\" height=\"756\" data-src=\"https:\/\/mwc-cmm.org\/wp-content\/uploads\/2025\/09\/54082503665_32966e0fae_o-copy-1024x756.jpg\" alt=\"\" class=\"wp-image-118251 lazyload\" data-srcset=\"https:\/\/mwc-cmm.org\/wp-content\/uploads\/2025\/09\/54082503665_32966e0fae_o-copy-1024x756.jpg 1024w, https:\/\/mwc-cmm.org\/wp-content\/uploads\/2025\/09\/54082503665_32966e0fae_o-copy-300x221.jpg 300w, https:\/\/mwc-cmm.org\/wp-content\/uploads\/2025\/09\/54082503665_32966e0fae_o-copy-768x567.jpg 768w, https:\/\/mwc-cmm.org\/wp-content\/uploads\/2025\/09\/54082503665_32966e0fae_o-copy-1536x1134.jpg 1536w, https:\/\/mwc-cmm.org\/wp-content\/uploads\/2025\/09\/54082503665_32966e0fae_o-copy-2048x1511.jpg 2048w\" data-sizes=\"(max-width: 1024px) 100vw, 1024px\" src=\"data:image\/svg+xml;base64,PHN2ZyB3aWR0aD0iMSIgaGVpZ2h0PSIxIiB4bWxucz0iaHR0cDovL3d3dy53My5vcmcvMjAwMC9zdmciPjwvc3ZnPg==\" style=\"--smush-placeholder-width: 1024px; --smush-placeholder-aspect-ratio: 1024\/756;\" \/><\/figure>\n<\/div>\n\n\n\n<div class=\"wp-block-column is-layout-flow wp-block-column-is-layout-flow\">\n<figure class=\"wp-block-image size-large\"><img decoding=\"async\" width=\"1024\" height=\"768\" data-src=\"https:\/\/mwc-cmm.org\/wp-content\/uploads\/2025\/09\/438093953_7211258128982976_5971744066731289111_n-1024x768.jpg\" alt=\"\" class=\"wp-image-118280 lazyload\" data-srcset=\"https:\/\/mwc-cmm.org\/wp-content\/uploads\/2025\/09\/438093953_7211258128982976_5971744066731289111_n-1024x768.jpg 1024w, https:\/\/mwc-cmm.org\/wp-content\/uploads\/2025\/09\/438093953_7211258128982976_5971744066731289111_n-300x225.jpg 300w, https:\/\/mwc-cmm.org\/wp-content\/uploads\/2025\/09\/438093953_7211258128982976_5971744066731289111_n-768x576.jpg 768w, https:\/\/mwc-cmm.org\/wp-content\/uploads\/2025\/09\/438093953_7211258128982976_5971744066731289111_n-1536x1152.jpg 1536w, https:\/\/mwc-cmm.org\/wp-content\/uploads\/2025\/09\/438093953_7211258128982976_5971744066731289111_n.jpg 1600w\" data-sizes=\"(max-width: 1024px) 100vw, 1024px\" src=\"data:image\/svg+xml;base64,PHN2ZyB3aWR0aD0iMSIgaGVpZ2h0PSIxIiB4bWxucz0iaHR0cDovL3d3dy53My5vcmcvMjAwMC9zdmciPjwvc3ZnPg==\" style=\"--smush-placeholder-width: 1024px; --smush-placeholder-aspect-ratio: 1024\/768;\" \/><\/figure>\n<\/div>\n<\/div>\n\n\n\n<div class=\"wp-block-buttons is-content-justification-center is-layout-flex wp-container-core-buttons-is-layout-a89b3969 wp-block-buttons-is-layout-flex\">\n<div class=\"wp-block-button\"><a class=\"wp-block-button__link wp-element-button\" href=\"https:\/\/mwc-cmm.org\/es\/resources\/domingo-de-la-paz-2025-recursos-para-el-culto-de-adoracion\/\">Domingo de la Paz 2025 \u2013 Recursos para el culto de adoraci\u00f3n<\/a><\/div>\n<\/div>\n<\/div>\n","protected":false},"featured_media":118231,"template":"","network":[1253],"resourcetype":[1330],"language":[],"resourcecategory":[1412,1366],"resourcetheme":[1428],"eventcategory":[],"class_list":["post-118234","mwcresource","type-mwcresource","status-publish","has-post-thumbnail","hentry","network-peace-commission-es","resourcetype-video-es","resourcecategory-song-es","resourcecategory-worship-resource-es","resourcetheme-peace-es"],"acf":[],"yoast_head":"<!-- This site is optimized with the Yoast SEO plugin v27.5 - https:\/\/yoast.com\/product\/yoast-seo-wordpress\/ -->\n<title>Domingo de la Paz 2025 \u2013 Informaci\u00f3n sobre la canci\u00f3n - Mennonite World Conference<\/title>\n<meta name=\"robots\" content=\"index, follow, max-snippet:-1, max-image-preview:large, max-video-preview:-1\" \/>\n<link rel=\"canonical\" href=\"https:\/\/mwc-cmm.org\/es\/resources\/domingo-de-la-paz-2025-informacion-sobre-la-cancion\/\" \/>\n<meta property=\"og:locale\" content=\"es_ES\" \/>\n<meta property=\"og:type\" content=\"article\" \/>\n<meta property=\"og:title\" content=\"Domingo de la Paz 2025 \u2013 Informaci\u00f3n sobre la canci\u00f3n - Mennonite World Conference\" \/>\n<meta property=\"og:description\" content=\"We want peace \u201cQueremos la paz\u201d no es solo el t\u00edtulo de una canci\u00f3n. Es un llamado. Una oraci\u00f3n. Y una misi\u00f3n. Escribimos esta canci\u00f3n porque no creemos que la violencia pueda ser la soluci\u00f3n a nuestros problemas. \u201cLa guerra es contraria a la voluntad de Dios\u201d, escribi\u00f3 el Consejo Mundial de Iglesias en 1948 [&hellip;]\" \/>\n<meta property=\"og:url\" content=\"https:\/\/mwc-cmm.org\/es\/resources\/domingo-de-la-paz-2025-informacion-sobre-la-cancion\/\" \/>\n<meta property=\"og:site_name\" content=\"Mennonite World Conference\" \/>\n<meta property=\"article:publisher\" content=\"https:\/\/www.facebook.com\/MennoniteWorldConference\" \/>\n<meta property=\"article:modified_time\" content=\"2025-09-03T03:33:22+00:00\" \/>\n<meta property=\"og:image\" content=\"https:\/\/mwc-cmm.org\/wp-content\/uploads\/2025\/09\/Screenshot-2025-07-31-161506.jpg\" \/>\n\t<meta property=\"og:image:width\" content=\"1920\" \/>\n\t<meta property=\"og:image:height\" content=\"1200\" \/>\n\t<meta property=\"og:image:type\" content=\"image\/jpeg\" \/>\n<script type=\"application\/ld+json\" class=\"yoast-schema-graph\">{\"@context\":\"https:\\\/\\\/schema.org\",\"@graph\":[{\"@type\":\"WebPage\",\"@id\":\"https:\\\/\\\/mwc-cmm.org\\\/es\\\/resources\\\/domingo-de-la-paz-2025-informacion-sobre-la-cancion\\\/\",\"url\":\"https:\\\/\\\/mwc-cmm.org\\\/es\\\/resources\\\/domingo-de-la-paz-2025-informacion-sobre-la-cancion\\\/\",\"name\":\"Domingo de la Paz 2025 \u2013 Informaci\u00f3n sobre la canci\u00f3n - Mennonite World Conference\",\"isPartOf\":{\"@id\":\"https:\\\/\\\/mwc-cmm.org\\\/en\\\/#website\"},\"primaryImageOfPage\":{\"@id\":\"https:\\\/\\\/mwc-cmm.org\\\/es\\\/resources\\\/domingo-de-la-paz-2025-informacion-sobre-la-cancion\\\/#primaryimage\"},\"image\":{\"@id\":\"https:\\\/\\\/mwc-cmm.org\\\/es\\\/resources\\\/domingo-de-la-paz-2025-informacion-sobre-la-cancion\\\/#primaryimage\"},\"thumbnailUrl\":\"https:\\\/\\\/mwc-cmm.org\\\/wp-content\\\/uploads\\\/2025\\\/09\\\/Screenshot-2025-07-31-161506.jpg\",\"datePublished\":\"2025-09-01T06:57:26+00:00\",\"dateModified\":\"2025-09-03T03:33:22+00:00\",\"breadcrumb\":{\"@id\":\"https:\\\/\\\/mwc-cmm.org\\\/es\\\/resources\\\/domingo-de-la-paz-2025-informacion-sobre-la-cancion\\\/#breadcrumb\"},\"inLanguage\":\"es\",\"potentialAction\":[{\"@type\":\"ReadAction\",\"target\":[\"https:\\\/\\\/mwc-cmm.org\\\/es\\\/resources\\\/domingo-de-la-paz-2025-informacion-sobre-la-cancion\\\/\"]}]},{\"@type\":\"ImageObject\",\"inLanguage\":\"es\",\"@id\":\"https:\\\/\\\/mwc-cmm.org\\\/es\\\/resources\\\/domingo-de-la-paz-2025-informacion-sobre-la-cancion\\\/#primaryimage\",\"url\":\"https:\\\/\\\/mwc-cmm.org\\\/wp-content\\\/uploads\\\/2025\\\/09\\\/Screenshot-2025-07-31-161506.jpg\",\"contentUrl\":\"https:\\\/\\\/mwc-cmm.org\\\/wp-content\\\/uploads\\\/2025\\\/09\\\/Screenshot-2025-07-31-161506.jpg\",\"width\":1920,\"height\":1200,\"caption\":\"Songs of Peace, a multilingual music project from Switzerland, represented Europe as an international choir in Zurich with a collection of singers and musicians.\"},{\"@type\":\"BreadcrumbList\",\"@id\":\"https:\\\/\\\/mwc-cmm.org\\\/es\\\/resources\\\/domingo-de-la-paz-2025-informacion-sobre-la-cancion\\\/#breadcrumb\",\"itemListElement\":[{\"@type\":\"ListItem\",\"position\":1,\"name\":\"Home\",\"item\":\"https:\\\/\\\/mwc-cmm.org\\\/es\\\/\"},{\"@type\":\"ListItem\",\"position\":2,\"name\":\"Domingo de la Paz 2025 \u2013 Informaci\u00f3n sobre la canci\u00f3n\"}]},{\"@type\":\"WebSite\",\"@id\":\"https:\\\/\\\/mwc-cmm.org\\\/en\\\/#website\",\"url\":\"https:\\\/\\\/mwc-cmm.org\\\/en\\\/\",\"name\":\"Mennonite World Conference\",\"description\":\"A communion of Anabaptist-related churches\",\"publisher\":{\"@id\":\"https:\\\/\\\/mwc-cmm.org\\\/en\\\/#organization\"},\"alternateName\":\"MWC\",\"potentialAction\":[{\"@type\":\"SearchAction\",\"target\":{\"@type\":\"EntryPoint\",\"urlTemplate\":\"https:\\\/\\\/mwc-cmm.org\\\/en\\\/?s={search_term_string}\"},\"query-input\":{\"@type\":\"PropertyValueSpecification\",\"valueRequired\":true,\"valueName\":\"search_term_string\"}}],\"inLanguage\":\"es\"},{\"@type\":\"Organization\",\"@id\":\"https:\\\/\\\/mwc-cmm.org\\\/en\\\/#organization\",\"name\":\"Mennonite World Conference\",\"alternateName\":\"MWC\",\"url\":\"https:\\\/\\\/mwc-cmm.org\\\/en\\\/\",\"logo\":{\"@type\":\"ImageObject\",\"inLanguage\":\"es\",\"@id\":\"https:\\\/\\\/mwc-cmm.org\\\/en\\\/#\\\/schema\\\/logo\\\/image\\\/\",\"url\":\"https:\\\/\\\/mwc-cmm.org\\\/wp-content\\\/uploads\\\/2026\\\/01\\\/MWC_Sig_Blue_Horiz_webheader1-logo.svg\",\"contentUrl\":\"https:\\\/\\\/mwc-cmm.org\\\/wp-content\\\/uploads\\\/2026\\\/01\\\/MWC_Sig_Blue_Horiz_webheader1-logo.svg\",\"width\":786,\"height\":82,\"caption\":\"Mennonite World Conference\"},\"image\":{\"@id\":\"https:\\\/\\\/mwc-cmm.org\\\/en\\\/#\\\/schema\\\/logo\\\/image\\\/\"},\"sameAs\":[\"https:\\\/\\\/www.facebook.com\\\/MennoniteWorldConference\",\"https:\\\/\\\/www.linkedin.com\\\/company\\\/mennonite-world-conference-mwc\\\/\",\"https:\\\/\\\/www.instagram.com\\\/mwcmm\\\/\",\"https:\\\/\\\/www.youtube.com\\\/user\\\/mwccmm\",\"https:\\\/\\\/bsky.app\\\/profile\\\/mwcmm.bsky.social\"]}]}<\/script>\n<!-- \/ Yoast SEO plugin. -->","yoast_head_json":{"title":"Domingo de la Paz 2025 \u2013 Informaci\u00f3n sobre la canci\u00f3n - Mennonite World Conference","robots":{"index":"index","follow":"follow","max-snippet":"max-snippet:-1","max-image-preview":"max-image-preview:large","max-video-preview":"max-video-preview:-1"},"canonical":"https:\/\/mwc-cmm.org\/es\/resources\/domingo-de-la-paz-2025-informacion-sobre-la-cancion\/","og_locale":"es_ES","og_type":"article","og_title":"Domingo de la Paz 2025 \u2013 Informaci\u00f3n sobre la canci\u00f3n - Mennonite World Conference","og_description":"We want peace \u201cQueremos la paz\u201d no es solo el t\u00edtulo de una canci\u00f3n. Es un llamado. Una oraci\u00f3n. Y una misi\u00f3n. Escribimos esta canci\u00f3n porque no creemos que la violencia pueda ser la soluci\u00f3n a nuestros problemas. \u201cLa guerra es contraria a la voluntad de Dios\u201d, escribi\u00f3 el Consejo Mundial de Iglesias en 1948 [&hellip;]","og_url":"https:\/\/mwc-cmm.org\/es\/resources\/domingo-de-la-paz-2025-informacion-sobre-la-cancion\/","og_site_name":"Mennonite World Conference","article_publisher":"https:\/\/www.facebook.com\/MennoniteWorldConference","article_modified_time":"2025-09-03T03:33:22+00:00","og_image":[{"width":1920,"height":1200,"url":"https:\/\/mwc-cmm.org\/wp-content\/uploads\/2025\/09\/Screenshot-2025-07-31-161506.jpg","type":"image\/jpeg"}],"schema":{"@context":"https:\/\/schema.org","@graph":[{"@type":"WebPage","@id":"https:\/\/mwc-cmm.org\/es\/resources\/domingo-de-la-paz-2025-informacion-sobre-la-cancion\/","url":"https:\/\/mwc-cmm.org\/es\/resources\/domingo-de-la-paz-2025-informacion-sobre-la-cancion\/","name":"Domingo de la Paz 2025 \u2013 Informaci\u00f3n sobre la canci\u00f3n - Mennonite World Conference","isPartOf":{"@id":"https:\/\/mwc-cmm.org\/en\/#website"},"primaryImageOfPage":{"@id":"https:\/\/mwc-cmm.org\/es\/resources\/domingo-de-la-paz-2025-informacion-sobre-la-cancion\/#primaryimage"},"image":{"@id":"https:\/\/mwc-cmm.org\/es\/resources\/domingo-de-la-paz-2025-informacion-sobre-la-cancion\/#primaryimage"},"thumbnailUrl":"https:\/\/mwc-cmm.org\/wp-content\/uploads\/2025\/09\/Screenshot-2025-07-31-161506.jpg","datePublished":"2025-09-01T06:57:26+00:00","dateModified":"2025-09-03T03:33:22+00:00","breadcrumb":{"@id":"https:\/\/mwc-cmm.org\/es\/resources\/domingo-de-la-paz-2025-informacion-sobre-la-cancion\/#breadcrumb"},"inLanguage":"es","potentialAction":[{"@type":"ReadAction","target":["https:\/\/mwc-cmm.org\/es\/resources\/domingo-de-la-paz-2025-informacion-sobre-la-cancion\/"]}]},{"@type":"ImageObject","inLanguage":"es","@id":"https:\/\/mwc-cmm.org\/es\/resources\/domingo-de-la-paz-2025-informacion-sobre-la-cancion\/#primaryimage","url":"https:\/\/mwc-cmm.org\/wp-content\/uploads\/2025\/09\/Screenshot-2025-07-31-161506.jpg","contentUrl":"https:\/\/mwc-cmm.org\/wp-content\/uploads\/2025\/09\/Screenshot-2025-07-31-161506.jpg","width":1920,"height":1200,"caption":"Songs of Peace, a multilingual music project from Switzerland, represented Europe as an international choir in Zurich with a collection of singers and musicians."},{"@type":"BreadcrumbList","@id":"https:\/\/mwc-cmm.org\/es\/resources\/domingo-de-la-paz-2025-informacion-sobre-la-cancion\/#breadcrumb","itemListElement":[{"@type":"ListItem","position":1,"name":"Home","item":"https:\/\/mwc-cmm.org\/es\/"},{"@type":"ListItem","position":2,"name":"Domingo de la Paz 2025 \u2013 Informaci\u00f3n sobre la canci\u00f3n"}]},{"@type":"WebSite","@id":"https:\/\/mwc-cmm.org\/en\/#website","url":"https:\/\/mwc-cmm.org\/en\/","name":"Mennonite World Conference","description":"A communion of Anabaptist-related churches","publisher":{"@id":"https:\/\/mwc-cmm.org\/en\/#organization"},"alternateName":"MWC","potentialAction":[{"@type":"SearchAction","target":{"@type":"EntryPoint","urlTemplate":"https:\/\/mwc-cmm.org\/en\/?s={search_term_string}"},"query-input":{"@type":"PropertyValueSpecification","valueRequired":true,"valueName":"search_term_string"}}],"inLanguage":"es"},{"@type":"Organization","@id":"https:\/\/mwc-cmm.org\/en\/#organization","name":"Mennonite World Conference","alternateName":"MWC","url":"https:\/\/mwc-cmm.org\/en\/","logo":{"@type":"ImageObject","inLanguage":"es","@id":"https:\/\/mwc-cmm.org\/en\/#\/schema\/logo\/image\/","url":"https:\/\/mwc-cmm.org\/wp-content\/uploads\/2026\/01\/MWC_Sig_Blue_Horiz_webheader1-logo.svg","contentUrl":"https:\/\/mwc-cmm.org\/wp-content\/uploads\/2026\/01\/MWC_Sig_Blue_Horiz_webheader1-logo.svg","width":786,"height":82,"caption":"Mennonite World Conference"},"image":{"@id":"https:\/\/mwc-cmm.org\/en\/#\/schema\/logo\/image\/"},"sameAs":["https:\/\/www.facebook.com\/MennoniteWorldConference","https:\/\/www.linkedin.com\/company\/mennonite-world-conference-mwc\/","https:\/\/www.instagram.com\/mwcmm\/","https:\/\/www.youtube.com\/user\/mwccmm","https:\/\/bsky.app\/profile\/mwcmm.bsky.social"]}]}},"_links":{"self":[{"href":"https:\/\/mwc-cmm.org\/es\/wp-json\/wp\/v2\/mwcresource\/118234","targetHints":{"allow":["GET"]}}],"collection":[{"href":"https:\/\/mwc-cmm.org\/es\/wp-json\/wp\/v2\/mwcresource"}],"about":[{"href":"https:\/\/mwc-cmm.org\/es\/wp-json\/wp\/v2\/types\/mwcresource"}],"wp:featuredmedia":[{"embeddable":true,"href":"https:\/\/mwc-cmm.org\/es\/wp-json\/wp\/v2\/media\/118231"}],"wp:attachment":[{"href":"https:\/\/mwc-cmm.org\/es\/wp-json\/wp\/v2\/media?parent=118234"}],"wp:term":[{"taxonomy":"network","embeddable":true,"href":"https:\/\/mwc-cmm.org\/es\/wp-json\/wp\/v2\/network?post=118234"},{"taxonomy":"resourcetype","embeddable":true,"href":"https:\/\/mwc-cmm.org\/es\/wp-json\/wp\/v2\/resourcetype?post=118234"},{"taxonomy":"language","embeddable":true,"href":"https:\/\/mwc-cmm.org\/es\/wp-json\/wp\/v2\/language?post=118234"},{"taxonomy":"resourcecategory","embeddable":true,"href":"https:\/\/mwc-cmm.org\/es\/wp-json\/wp\/v2\/resourcecategory?post=118234"},{"taxonomy":"resourcetheme","embeddable":true,"href":"https:\/\/mwc-cmm.org\/es\/wp-json\/wp\/v2\/resourcetheme?post=118234"},{"taxonomy":"eventcategory","embeddable":true,"href":"https:\/\/mwc-cmm.org\/es\/wp-json\/wp\/v2\/eventcategory?post=118234"}],"curies":[{"name":"wp","href":"https:\/\/api.w.org\/{rel}","templated":true}]}}