{"id":112710,"date":"2024-11-19T17:39:52","date_gmt":"2024-11-19T17:39:52","guid":{"rendered":"https:\/\/mwc-cmm.org\/resources\/restoring-our-family-to-wholeness-seeking-a-common-witness\/"},"modified":"2025-08-18T06:42:57","modified_gmt":"2025-08-18T06:42:57","slug":"restorando-plenitud-nuestra-familia-testimonio-comun","status":"publish","type":"mwcresource","link":"https:\/\/mwc-cmm.org\/es\/resources\/restorando-plenitud-nuestra-familia-testimonio-comun\/","title":{"rendered":"Restaurando la plenitud de nuestra familia: en busca de un testimonio com\u00fan"},"content":{"rendered":"\n<h3 class=\"wp-block-heading\">Una declaraci\u00f3n compartida de confesi\u00f3n, gratitud y compromiso<\/h3>\n\n\n\n<p>El Congreso Mundial Menonita design\u00f3 a varias personas para participar en un di\u00e1logo ecum\u00e9nico permanente con la Comuni\u00f3n Mundial de Iglesias Reformadas (WCRC). Esta es una de las iglesias estatales que en el siglo XVI persigui\u00f3 a los primeros anabautistas en Europa.<\/p>\n\n\n\n<p>Juntos, este grupo de te\u00f3logos de WRCR y MWC prepar\u00f3 una declaraci\u00f3n compartida para su presentaci\u00f3n p\u00fablica el 29 de mayo de 2025 en Z\u00farich, Suiza.<\/p>\n\n\n\n<hr class=\"wp-block-separator has-alpha-channel-opacity\"\/>\n\n\n\n<h2 class=\"wp-block-heading has-text-align-center\">Restaurando la plenitud de nuestra familia: en busca de un testimonio com\u00fan<\/h2>\n\n\n\n<p class=\"has-text-align-center\"><strong>Una Declaraci\u00f3n com\u00fan de confesi\u00f3n, gratitud y com<\/strong>promiso<\/p>\n\n\n\n<p class=\"has-text-align-center\"><strong>Congreso Mundial Menonita<\/strong><\/p>\n\n\n\n<p class=\"has-text-align-center\"><strong>Comuni\u00f3n Mundial de Iglesias Reformadas<\/strong><\/p>\n\n\n\n<p class=\"has-text-align-center\"><strong>29 de mayo de 2025<\/strong><\/p>\n\n\n\n<h3 class=\"wp-block-heading\">Pre\u00e1mbulo<\/h3>\n\n\n\n<p><em>Siempre humildes y amables, pacientes, tolerantes unos con otros en amor. 3 Esfu\u00e9rcense por mantener la unidad del Esp\u00edritu mediante el v\u00ednculo de la paz.<\/em> (Efesios 4:2-3)<\/p>\n\n\n\n<p>Nos reunimos hoy para conmemorar los or\u00edgenes comunes de nuestras comuniones glabales y para reconocer nuestra relaci\u00f3n quebrantada. La divisi\u00f3n, originada por el bautismo voluntario de personas adultas en Z\u00farich hace 500 a\u00f1os, pronto deriv\u00f3 en la persecuci\u00f3n de las personas anabautistas y, luego, en un largo per\u00edodo de distanciamiento.<\/p>\n\n\n\n<p>Nos alegramos de que hoy, sobre la base de los esfuerzos realizados a lo largo de muchos a\u00f1os en favor de la comprensi\u00f3n mutua y de la reconciliaci\u00f3n, podamos responder a Cristo, nuestra Paz, viviendo en la unidad del Esp\u00edritu. En este v\u00ednculo, perseveramos en nutrir esta unidad. Nos comprometemos a andar en humildad, con paciencia, sinceramente y, sobre todo, amorosamente, mientras caminamos Juntas y juntos como un solo cuerpo de Cristo.<\/p>\n\n\n\n<h3 class=\"wp-block-heading\">Juntas y juntos, damos gracias<\/h3>\n\n\n\n<p><em>Que gobierne en sus corazones la paz de Cristo, a la cual fueron llamados en un solo cuerpo. Y sean agradecidos. <\/em>(Colosenses 3:15)<\/p>\n\n\n\n<p>Juntas y juntos, damos gracias a Dios, Trinidad de amor en perfecta comuni\u00f3n, que ofrece esta koinon\u00eda a los disc\u00edpulos de Jes\u00fas, a la humanidad y a toda la creaci\u00f3n. Nosotros y nosotras no creamos esta unidad, sino que la recibimos con gratitud como un don de Dios. La comuni\u00f3n es la entrega de Dios a toda la creaci\u00f3n, y nada puede destruirla. En v\u00edsperas de su muerte, Jesucristo or\u00f3 por la unidad de sus disc\u00edpulos. Hoy damos gracias por poder responder a la voluntad de Cristo haciendo nuestra su oraci\u00f3n. En Cristo, la unidad entre nuestras comuniones se convierte en un testimonio para el mundo.<\/p>\n\n\n\n<h3 class=\"wp-block-heading\">Juntas y juntos, celebramos<\/h3>\n\n\n\n<p><em>Para nosotros no hay m\u00e1s que un solo Dios, el Padre, de quien todo procede y para el cual vivimos; y no hay m\u00e1s que un solo Se\u00f1or, Jesucristo, por quien todo existe y por medio del cual vivimos.<\/em> (1\u00b0 Corintios 8:6)<\/p>\n\n\n\n<p>Reunidos y reunidas bajo la mirada amorosa de Dios, celebramos la identidad que encontramos en nuestra confesi\u00f3n com\u00fan de Jes\u00fas como Se\u00f1or, en los ancestros y las ancestras compartidos en la fe y en nuestra com\u00fan vocaci\u00f3n al discipulado y al testimonio del Evangelio en un mundo fragmentado. Reconociendo nuestras fragilidades, nos entregamos a la gracia de Dios y encontramos nuevas fuerzas en el Esp\u00edritu para asumir un compromiso compartido con la paz y con la plenitud de vida como don de nuestras comuniones a toda la creaci\u00f3n de Dios.<\/p>\n\n\n\n<h3 class=\"wp-block-heading\">Juntas y juntos, reconocemos, confesamos y lamentamos<\/h3>\n\n\n\n<p><em>Confi\u00e9sense unos a otros sus pecados y oren unos por otros, para que sean sanados. <\/em>(Santiago 5:16a)<\/p>\n\n\n\n<p>Juntas y juntos, reconocemos que nuestras dos tradiciones, aunque nacidas en el mismo movimiento de renovaci\u00f3n, han estado divididas por convicciones profundamente arraigadas sobre el bautismo, la naturaleza de la Iglesia, la hermen\u00e9utica b\u00edblica y el rol del Estado. Confesamos y lamentamos haber convivido durante muchos siglos sin cuestionar ni explorar esta divisi\u00f3n en el Cuerpo de Cristo.<\/p>\n\n\n\n<p>Como cristianos y cristianas reformadas, reconocemos que hemos suprimido en gran medida el recuerdo de la persecuci\u00f3n de cristianos y cristianas anabautistas. Confesamos que esta persecuci\u00f3n fue, seg\u00fan nuestra convicci\u00f3n actual, una traici\u00f3n al Evangelio.<\/p>\n\n\n\n<p>Como cristianos y cristianas anabautistas, reconocemos que a menudo hemos pasado por alto las profundas ra\u00edces teol\u00f3gicas que compartimos con la tradici\u00f3n reformada. Confesamos que con demasiada frecuencia nuestras convicciones, ideales y memoria del martirio han fomentado el farise\u00edsmo y la renuencia a ver el rostro de Cristo en nuestros hermanos y hermanas reformados.<\/p>\n\n\n\n<h3 class=\"wp-block-heading\">Juntas y juntos, escuchamos el llamado de Dios a la unidad y a la paz<\/h3>\n\n\n\n<p><em>Busquen la paz con todos y la santidad, sin la cual nadie ver\u00e1 al Se\u00f1or. Aseg\u00farense de que nadie quede fuera de la gracia de Dios.<\/em> (Hebreos 12:14-15a)<\/p>\n\n\n\n<p>Recibimos el llamado de Dios desde nuestros comienzos comunes en Z\u00farich, que impuls\u00f3 a la Iglesia a vivir de nuevo en obediencia a Cristo, y en el testimonio de quienes exigieron el fin de la persecuci\u00f3n y lucharon por la libertad religiosa.<\/p>\n\n\n\n<p>O\u00edmos el llamado de Dios a la unidad y a la paz cuando discernimos las Escrituras y participamos en el bautismo y en la Cena del Se\u00f1or, aun reconociendo y explorando nuestras diferencias en la comprensi\u00f3n del bautismo.<\/p>\n\n\n\n<p>O\u00edmos el llamado de Dios en las voces de quienes recuerdan que el fundamento de la Iglesia es el Evangelio y que ella no debe convertirse en un \u00f3rgano del Estado. El Evangelio nos llama a trabajar por un mundo en el que la justicia, la paz y la integridad de la creaci\u00f3n permitan a todo ser vivo florecer en plenitud.<\/p>\n\n\n\n<h3 class=\"wp-block-heading\">Juntas y juntos, anhelamos renovar nuestra imaginaci\u00f3n<\/h3>\n\n\n\n<p><em>El amor inquebrantable y la verdad se encontrar\u00e1n; se besar\u00e1n la justicia y la paz<\/em>. (Salmo 85:10)<\/p>\n\n\n\n<p>Nuestras tradiciones nos han bendecido con una pasi\u00f3n por la justicia y por la paz. Sin embargo, muchas veces hemos enfatizado una a expensas de la otra, empobreciendo nuestro testimonio. Hoy, nuestros diferentes \u00e9nfasis pueden enriquecerse mutuamente al trabajar apasionadamente para que la justicia y la paz se abracen y se besen, como lo hacen en Cristo. Que el Dios de la cruz y de la resurrecci\u00f3n nos d\u00e9 el coraz\u00f3n y la mente para buscar la paz y para practicar la justicia que resiste a la violencia, a la opresi\u00f3n y a la devastaci\u00f3n ecol\u00f3gica, una justicia que encuentra su m\u00e1xima expresi\u00f3n en el perd\u00f3n, en la misericordia y en la reconciliaci\u00f3n.<\/p>\n\n\n\n<h3 class=\"wp-block-heading\">Juntas y juntos, nos comprometemos a dar una respuesta<\/h3>\n\n\n\n<p><em>As\u00ed, cuando amamos a Dios y cumplimos sus mandamientos, sabemos que amamos a los hijos de Dios. <\/em>(1\u00b0 Juan 5:2)<\/p>\n\n\n\n<p>Hoy, como miembros anabautistas y reformados del cuerpo de Cristo, afirmamos que nuestro testimonio hacia el mundo se nutre y se sustenta en la gracia de Dios, que nos capacita para amar a Dios, a las dem\u00e1s personas y a toda la creaci\u00f3n.<\/p>\n\n\n\n<p>Juntas y juntos, nos comprometemos con la sagrada misi\u00f3n de proclamar el Evangelio del amor en todos nuestros contextos, cada cual con sus propios desaf\u00edos y exigencias. No permitiremos que el miedo, la desconfianza o los obst\u00e1culos al di\u00e1logo nos aparten de esta vocaci\u00f3n.<\/p>\n\n\n\n<p>Prometemos caminar de la mano para sanar las heridas del pasado y para re-membrar el cuerpo de Cristo. Nos comprometemos a aprender mutuamente compartiendo la riqueza y la diversidad de nuestras tradiciones. Nos comprometemos a una cooperaci\u00f3n decidida que afirme la misericordia de Dios y abra las puertas a la justicia que conduce a la paz.<\/p>\n\n\n\n<h3 class=\"wp-block-heading\">Juntas y juntos, oramos<\/h3>\n\n\n\n<p><em>Nosotros, siendo muchos, formamos un solo cuerpo en Cristo, y cada miembro est\u00e1 unido a todos los dem\u00e1s.<\/em> (Romanos 12:5)<\/p>\n\n\n\n<p>Juntas y juntos, oramos por el cuerpo de Cristo. En Cristo somos miembros los unos de los otros, hermanos y hermanas de la misma carne y del mismo Esp\u00edritu. Recibimos esta unidad como un don. Con la dolorosa conciencia de que nuestras diferencias se convirtieron en fuente de conflicto y de divisi\u00f3n, oramos ahora por el valor y la creatividad para remodelarlas de modo que enriquezcan nuestra unidad en el cuerpo de Cristo. Aquel que nos est\u00e1 creando de nuevo llevar\u00e1 a cabo esta gran obra de paz.<\/p>\n\n\n\n<p>Juntas y juntos, abrazamos el don de la unidad en la certeza de que t\u00fa, oh Dios, est\u00e1s restaurando la integridad de tu familia.<\/p>\n\n\n\n<p>AM\u00c9N<\/p>\n\n\n\n<hr class=\"wp-block-separator has-alpha-channel-opacity\"\/>\n\n\n\n<div class=\"wp-block-buttons is-layout-flex wp-block-buttons-is-layout-flex\">\n<div class=\"wp-block-button\"><a class=\"wp-block-button__link has-text-align-left wp-element-button\" href=\"https:\/\/mwc-cmm.org\/es\/resources\/restaurando-la-plenitud-de-nuestra-familia-en-busca-de-un-testimonio-comun\/\">Restaurando la plenitud de nuestra familia: en busca de un testimonio com\u00fan<\/a><\/div>\n<\/div>\n\n\n\n<p><\/p>\n","protected":false},"featured_media":0,"template":"","network":[1317,1271],"resourcetype":[1336],"language":[1341],"resourcecategory":[1373,1402],"resourcetheme":[1422,1428,1418],"eventcategory":[],"class_list":["post-112710","mwcresource","type-mwcresource","status-publish","hentry","network-commissions-es","network-faith-and-life-commission-es","resourcetype-pdf-es","language-en-es","resourcecategory-report-es","resourcecategory-resource-document-es","resourcetheme-ecumenism-es","resourcetheme-peace-es","resourcetheme-theology-es"],"acf":[],"yoast_head":"<!-- This site is optimized with the Yoast SEO plugin v27.2 - https:\/\/yoast.com\/product\/yoast-seo-wordpress\/ -->\n<title>Restaurando la plenitud de nuestra familia: en busca de un testimonio com\u00fan - Mennonite World Conference<\/title>\n<meta name=\"robots\" content=\"index, follow, max-snippet:-1, max-image-preview:large, max-video-preview:-1\" \/>\n<link rel=\"canonical\" href=\"https:\/\/mwc-cmm.org\/es\/resources\/restorando-plenitud-nuestra-familia-testimonio-comun\/\" \/>\n<meta property=\"og:locale\" content=\"es_ES\" \/>\n<meta property=\"og:type\" content=\"article\" \/>\n<meta property=\"og:title\" content=\"Restaurando la plenitud de nuestra familia: en busca de un testimonio com\u00fan - Mennonite World Conference\" \/>\n<meta property=\"og:description\" content=\"Una declaraci\u00f3n compartida de confesi\u00f3n, gratitud y compromiso El Congreso Mundial Menonita design\u00f3 a varias personas para participar en un di\u00e1logo ecum\u00e9nico permanente con la Comuni\u00f3n Mundial de Iglesias Reformadas (WCRC). Esta es una de las iglesias estatales que en el siglo XVI persigui\u00f3 a los primeros anabautistas en Europa. Juntos, este grupo de te\u00f3logos [&hellip;]\" \/>\n<meta property=\"og:url\" content=\"https:\/\/mwc-cmm.org\/es\/resources\/restorando-plenitud-nuestra-familia-testimonio-comun\/\" \/>\n<meta property=\"og:site_name\" content=\"Mennonite World Conference\" \/>\n<meta property=\"article:publisher\" content=\"https:\/\/www.facebook.com\/MennoniteWorldConference\" \/>\n<meta property=\"article:modified_time\" content=\"2025-08-18T06:42:57+00:00\" \/>\n<script type=\"application\/ld+json\" class=\"yoast-schema-graph\">{\"@context\":\"https:\/\/schema.org\",\"@graph\":[{\"@type\":\"WebPage\",\"@id\":\"https:\/\/mwc-cmm.org\/es\/resources\/restorando-plenitud-nuestra-familia-testimonio-comun\/\",\"url\":\"https:\/\/mwc-cmm.org\/es\/resources\/restorando-plenitud-nuestra-familia-testimonio-comun\/\",\"name\":\"Restaurando la plenitud de nuestra familia: en busca de un testimonio com\u00fan - Mennonite World Conference\",\"isPartOf\":{\"@id\":\"https:\/\/mwc-cmm.org\/en\/#website\"},\"datePublished\":\"2024-11-19T17:39:52+00:00\",\"dateModified\":\"2025-08-18T06:42:57+00:00\",\"breadcrumb\":{\"@id\":\"https:\/\/mwc-cmm.org\/es\/resources\/restorando-plenitud-nuestra-familia-testimonio-comun\/#breadcrumb\"},\"inLanguage\":\"es\",\"potentialAction\":[{\"@type\":\"ReadAction\",\"target\":[\"https:\/\/mwc-cmm.org\/es\/resources\/restorando-plenitud-nuestra-familia-testimonio-comun\/\"]}]},{\"@type\":\"BreadcrumbList\",\"@id\":\"https:\/\/mwc-cmm.org\/es\/resources\/restorando-plenitud-nuestra-familia-testimonio-comun\/#breadcrumb\",\"itemListElement\":[{\"@type\":\"ListItem\",\"position\":1,\"name\":\"Home\",\"item\":\"https:\/\/mwc-cmm.org\/es\/\"},{\"@type\":\"ListItem\",\"position\":2,\"name\":\"Restaurando la plenitud de nuestra familia: en busca de un testimonio com\u00fan\"}]},{\"@type\":\"WebSite\",\"@id\":\"https:\/\/mwc-cmm.org\/en\/#website\",\"url\":\"https:\/\/mwc-cmm.org\/en\/\",\"name\":\"Mennonite World Conference\",\"description\":\"A communion of Anabaptist-related churches\",\"publisher\":{\"@id\":\"https:\/\/mwc-cmm.org\/en\/#organization\"},\"alternateName\":\"MWC\",\"potentialAction\":[{\"@type\":\"SearchAction\",\"target\":{\"@type\":\"EntryPoint\",\"urlTemplate\":\"https:\/\/mwc-cmm.org\/en\/?s={search_term_string}\"},\"query-input\":{\"@type\":\"PropertyValueSpecification\",\"valueRequired\":true,\"valueName\":\"search_term_string\"}}],\"inLanguage\":\"es\"},{\"@type\":\"Organization\",\"@id\":\"https:\/\/mwc-cmm.org\/en\/#organization\",\"name\":\"Mennonite World Conference\",\"alternateName\":\"MWC\",\"url\":\"https:\/\/mwc-cmm.org\/en\/\",\"logo\":{\"@type\":\"ImageObject\",\"inLanguage\":\"es\",\"@id\":\"https:\/\/mwc-cmm.org\/en\/#\/schema\/logo\/image\/\",\"url\":\"https:\/\/mwc-cmm.org\/wp-content\/uploads\/2026\/01\/MWC_Sig_Blue_Horiz_webheader1-logo.svg\",\"contentUrl\":\"https:\/\/mwc-cmm.org\/wp-content\/uploads\/2026\/01\/MWC_Sig_Blue_Horiz_webheader1-logo.svg\",\"width\":786,\"height\":82,\"caption\":\"Mennonite World Conference\"},\"image\":{\"@id\":\"https:\/\/mwc-cmm.org\/en\/#\/schema\/logo\/image\/\"},\"sameAs\":[\"https:\/\/www.facebook.com\/MennoniteWorldConference\",\"https:\/\/www.linkedin.com\/company\/mennonite-world-conference-mwc\/\",\"https:\/\/www.instagram.com\/mwcmm\/\",\"https:\/\/www.youtube.com\/user\/mwccmm\",\"https:\/\/bsky.app\/profile\/mwcmm.bsky.social\"]}]}<\/script>\n<!-- \/ Yoast SEO plugin. -->","yoast_head_json":{"title":"Restaurando la plenitud de nuestra familia: en busca de un testimonio com\u00fan - Mennonite World Conference","robots":{"index":"index","follow":"follow","max-snippet":"max-snippet:-1","max-image-preview":"max-image-preview:large","max-video-preview":"max-video-preview:-1"},"canonical":"https:\/\/mwc-cmm.org\/es\/resources\/restorando-plenitud-nuestra-familia-testimonio-comun\/","og_locale":"es_ES","og_type":"article","og_title":"Restaurando la plenitud de nuestra familia: en busca de un testimonio com\u00fan - Mennonite World Conference","og_description":"Una declaraci\u00f3n compartida de confesi\u00f3n, gratitud y compromiso El Congreso Mundial Menonita design\u00f3 a varias personas para participar en un di\u00e1logo ecum\u00e9nico permanente con la Comuni\u00f3n Mundial de Iglesias Reformadas (WCRC). Esta es una de las iglesias estatales que en el siglo XVI persigui\u00f3 a los primeros anabautistas en Europa. Juntos, este grupo de te\u00f3logos [&hellip;]","og_url":"https:\/\/mwc-cmm.org\/es\/resources\/restorando-plenitud-nuestra-familia-testimonio-comun\/","og_site_name":"Mennonite World Conference","article_publisher":"https:\/\/www.facebook.com\/MennoniteWorldConference","article_modified_time":"2025-08-18T06:42:57+00:00","schema":{"@context":"https:\/\/schema.org","@graph":[{"@type":"WebPage","@id":"https:\/\/mwc-cmm.org\/es\/resources\/restorando-plenitud-nuestra-familia-testimonio-comun\/","url":"https:\/\/mwc-cmm.org\/es\/resources\/restorando-plenitud-nuestra-familia-testimonio-comun\/","name":"Restaurando la plenitud de nuestra familia: en busca de un testimonio com\u00fan - Mennonite World Conference","isPartOf":{"@id":"https:\/\/mwc-cmm.org\/en\/#website"},"datePublished":"2024-11-19T17:39:52+00:00","dateModified":"2025-08-18T06:42:57+00:00","breadcrumb":{"@id":"https:\/\/mwc-cmm.org\/es\/resources\/restorando-plenitud-nuestra-familia-testimonio-comun\/#breadcrumb"},"inLanguage":"es","potentialAction":[{"@type":"ReadAction","target":["https:\/\/mwc-cmm.org\/es\/resources\/restorando-plenitud-nuestra-familia-testimonio-comun\/"]}]},{"@type":"BreadcrumbList","@id":"https:\/\/mwc-cmm.org\/es\/resources\/restorando-plenitud-nuestra-familia-testimonio-comun\/#breadcrumb","itemListElement":[{"@type":"ListItem","position":1,"name":"Home","item":"https:\/\/mwc-cmm.org\/es\/"},{"@type":"ListItem","position":2,"name":"Restaurando la plenitud de nuestra familia: en busca de un testimonio com\u00fan"}]},{"@type":"WebSite","@id":"https:\/\/mwc-cmm.org\/en\/#website","url":"https:\/\/mwc-cmm.org\/en\/","name":"Mennonite World Conference","description":"A communion of Anabaptist-related churches","publisher":{"@id":"https:\/\/mwc-cmm.org\/en\/#organization"},"alternateName":"MWC","potentialAction":[{"@type":"SearchAction","target":{"@type":"EntryPoint","urlTemplate":"https:\/\/mwc-cmm.org\/en\/?s={search_term_string}"},"query-input":{"@type":"PropertyValueSpecification","valueRequired":true,"valueName":"search_term_string"}}],"inLanguage":"es"},{"@type":"Organization","@id":"https:\/\/mwc-cmm.org\/en\/#organization","name":"Mennonite World Conference","alternateName":"MWC","url":"https:\/\/mwc-cmm.org\/en\/","logo":{"@type":"ImageObject","inLanguage":"es","@id":"https:\/\/mwc-cmm.org\/en\/#\/schema\/logo\/image\/","url":"https:\/\/mwc-cmm.org\/wp-content\/uploads\/2026\/01\/MWC_Sig_Blue_Horiz_webheader1-logo.svg","contentUrl":"https:\/\/mwc-cmm.org\/wp-content\/uploads\/2026\/01\/MWC_Sig_Blue_Horiz_webheader1-logo.svg","width":786,"height":82,"caption":"Mennonite World Conference"},"image":{"@id":"https:\/\/mwc-cmm.org\/en\/#\/schema\/logo\/image\/"},"sameAs":["https:\/\/www.facebook.com\/MennoniteWorldConference","https:\/\/www.linkedin.com\/company\/mennonite-world-conference-mwc\/","https:\/\/www.instagram.com\/mwcmm\/","https:\/\/www.youtube.com\/user\/mwccmm","https:\/\/bsky.app\/profile\/mwcmm.bsky.social"]}]}},"_links":{"self":[{"href":"https:\/\/mwc-cmm.org\/es\/wp-json\/wp\/v2\/mwcresource\/112710","targetHints":{"allow":["GET"]}}],"collection":[{"href":"https:\/\/mwc-cmm.org\/es\/wp-json\/wp\/v2\/mwcresource"}],"about":[{"href":"https:\/\/mwc-cmm.org\/es\/wp-json\/wp\/v2\/types\/mwcresource"}],"wp:attachment":[{"href":"https:\/\/mwc-cmm.org\/es\/wp-json\/wp\/v2\/media?parent=112710"}],"wp:term":[{"taxonomy":"network","embeddable":true,"href":"https:\/\/mwc-cmm.org\/es\/wp-json\/wp\/v2\/network?post=112710"},{"taxonomy":"resourcetype","embeddable":true,"href":"https:\/\/mwc-cmm.org\/es\/wp-json\/wp\/v2\/resourcetype?post=112710"},{"taxonomy":"language","embeddable":true,"href":"https:\/\/mwc-cmm.org\/es\/wp-json\/wp\/v2\/language?post=112710"},{"taxonomy":"resourcecategory","embeddable":true,"href":"https:\/\/mwc-cmm.org\/es\/wp-json\/wp\/v2\/resourcecategory?post=112710"},{"taxonomy":"resourcetheme","embeddable":true,"href":"https:\/\/mwc-cmm.org\/es\/wp-json\/wp\/v2\/resourcetheme?post=112710"},{"taxonomy":"eventcategory","embeddable":true,"href":"https:\/\/mwc-cmm.org\/es\/wp-json\/wp\/v2\/eventcategory?post=112710"}],"curies":[{"name":"wp","href":"https:\/\/api.w.org\/{rel}","templated":true}]}}