{"id":108184,"date":"2024-10-31T16:02:09","date_gmt":"2024-10-31T16:02:09","guid":{"rendered":"https:\/\/mwc-cmm.org\/resources\/salmo-133\/"},"modified":"2024-12-24T17:24:43","modified_gmt":"2024-12-24T17:24:43","slug":"salmo-133","status":"publish","type":"mwcresource","link":"https:\/\/mwc-cmm.org\/es\/resources\/salmo-133\/","title":{"rendered":"Salmo 133"},"content":{"rendered":"\n<figure class=\"wp-block-embed is-type-video is-provider-youtube wp-block-embed-youtube wp-embed-aspect-16-9 wp-has-aspect-ratio\"><div class=\"wp-block-embed__wrapper\">\r\n<iframe title=\"Serm\u00f3n en espa\u00f1ol\" width=\"500\" height=\"281\" data-src=\"https:\/\/www.youtube.com\/embed\/u1iKrUFxFAM?feature=oembed\" frameborder=\"0\" allow=\"accelerometer; autoplay; clipboard-write; encrypted-media; gyroscope; picture-in-picture; web-share\" referrerpolicy=\"strict-origin-when-cross-origin\" allowfullscreen src=\"data:image\/svg+xml;base64,PHN2ZyB3aWR0aD0iMSIgaGVpZ2h0PSIxIiB4bWxucz0iaHR0cDovL3d3dy53My5vcmcvMjAwMC9zdmciPjwvc3ZnPg==\" class=\"lazyload\" data-load-mode=\"1\"><\/iframe>\r\n<\/div><\/figure>\r\n\n<h2 class=\"wp-block-heading\"><h2>Introducci\u00f3n<\/h2><\/h2>\n\n<p>\u00bfRecuerdas alg\u00fan olor en particular?<\/p>\n\n<p>El olfato es uno de los sentidos m\u00e1s interesantes que tenemos. Puede traernos gratos recuerdos, como cuando vuelves a probar aquel plato que tanto te gusto en tu ni\u00f1ez. O puede causarte repudio como cuando hueles algo muy desagradable. <\/p>\n\n<p>As\u00ed es la unidad en la iglesia. Te llena de esperanza y fortaleza cuando la experimentas, o te causa desaliento y ganas de salir corriendo cuando desaparece a causa de conflictos mal manejados. <\/p>\n\n<p>De eso nos habla el Salmo 133.<\/p>\n\n<h2 class=\"wp-block-heading\"><h2>Contexto Literario<\/h2><\/h2>\n\n<p>El Salmo 133 hace parte de una colecci\u00f3n de 15 salmos conocida como \u201cSalmos Graduales\u201d.<\/p>\n\n<p>El primer salmo de la colecci\u00f3n (120) expresa el dolor de la discordia y hostilidad. El Salmo 133, al final de la colecci\u00f3n, responde a la pregunta del Salmo 120: \u00bfC\u00f3mo hablar de paz cuando la sociedad donde vivimos escoge la guerra?<\/p>\n\n<h2 class=\"wp-block-heading\"><h2>Contexto Hist\u00f3rico<\/h2><\/h2>\n\n<p>La colecci\u00f3n llamada Salmos Graduales era posiblemente usada por los peregrinos que, habiendo pasado por la crisis del exilio, ir\u00edan a Jerusal\u00e9n para celebrar uno de los festivales mayores. Son salmos muy breves que al ser cantados cimientan creencias y valores fundamentales para recordar en contextos de opresi\u00f3n y sufrimiento como lo fue el exilio para Israel.<\/p>\n\n<h2 class=\"wp-block-heading\"><h2>Estudio del Pasaje<\/h2><\/h2>\n\n<h3 class=\"wp-block-heading\">La Unidad, Una Realidad Visible<\/h3>\n\n<p>Aunque algunas versiones no traducen la primera palabra despu\u00e9s del t\u00edtulo (<em><i>hinneh<\/i><\/em>, \u201cmira\u201d), \u00e9sta es muy significativa. Al invitarnos a \u201cmirar\u201d, el texto nos indica que la unidad del pueblo de Dios no es algo \u201cespiritual\u201d \u00fanicamente, ni algo que solamente disfrutaremos despu\u00e9s de morir. La unidad del pueblo de Dios es una realidad palpable, que se puede ver y experimentar aqu\u00ed y ahora.<\/p>\n\n<p>\u201cMirad c\u00f3mo se aman\u201d, dec\u00eda Tertuliano en el Siglo II.<\/p>\n\n<h3 class=\"wp-block-heading\">La Unidad, Una Realidad Atrayente<\/h3>\n\n<p>La unidad es una bendici\u00f3n que atrae bendiciones, es vida plena que se prolonga, es aroma que se difunde, es roc\u00edo que impregna. <\/p>\n\n<p>As\u00ed como un olor agradable atrae, la unidad del pueblo de Dios es algo que todo el mundo anhela experimentar y que se vuelve irresistible cuando se encuentra.&#13;\nComo cuando tienes much\u00edsima hambre y de repente pasas por un restaurante de donde sale el olor de tu comida preferida.<\/p>\n\n<p>As\u00ed es la unidad, cuando la encuentras en medio de un mar de discordia y conflicto no quieres perderla.<\/p>\n\n<p>La Unidad, Una Realidad Recibida<\/p>\n\n<p>El pasaje habla de c\u00f3mo el aceite y el roc\u00edo descienden. El aceite desciende hasta la franja de la vestidura del sacerdote, donde se encontraba el pectoral con las piedras preciosas que simbolizaban las tribus de Israel. El roc\u00edo que trae frescura y fecundidad desciende desde el monte Herm\u00f3n cubriendo los montes de Sion.<\/p>\n\n<p>As\u00ed ha de ser la unidad de los Israelitas: Es dada por Dios, es recibida por el pueblo.<\/p>\n\n<p>La unidad verdadera no se puede construir ni es lograda por acuerdos humanos sobre doctrinas o pr\u00e1cticas. Es un don de Dios.<\/p>\n\n<h2 class=\"wp-block-heading\"><h2>Aplicaci\u00f3n<\/h2><\/h2>\n\n<p>El Salmo 133 describe la realidad de la unidad, pero no nos dice c\u00f3mo recibir este don en la pr\u00e1ctica. Colosenses 3:14 afirma que la unidad se hace posible gracias al amor. 1 Juan 4:7-21 explica c\u00f3mo el amor es la \u00fanica evidencia de que conocemos a Dios. Divisiones en el cuerpo de Cristo son como un olor que repele a los dem\u00e1s. <\/p>\n\n<p>En cambio, la unidad de la iglesia atrae a otros al evidenciar un amor sobrenatural que une a los disc\u00edpulos en armon\u00eda a pesar de sus diferencias. <\/p>\n\n<p>Oremos para que los siguientes 500 a\u00f1os de historia del movimiento Anabautista est\u00e9n marcados por el amor, la reconciliaci\u00f3n y el don de la unidad que atraiga a quienes est\u00e1n cansados de un mundo que se destruye en medio de divisiones, nacionalismos, polarizaciones pol\u00edticas y guerras interminables.<\/p>\n\n<p><em>\u2014C\u00e9sar Garc\u00eda es secretario general del Congreso Mundial Menonita. Originario de Colombia, vive en Kitchener, Ontario, Canad\u00e1, con su esposa Sandra B\u00e1ez.<\/em><\/p>\n","protected":false},"featured_media":0,"template":"","network":[],"resourcetype":[1330],"language":[1341,1349,1345],"resourcecategory":[1366],"resourcetheme":[1433,1437,1442,1450],"eventcategory":[1499],"class_list":["post-108184","mwcresource","type-mwcresource","status-publish","hentry","resourcetype-video-es","language-en-es","language-es-es","language-fr-es","resourcecategory-worship-resource-es","resourcetheme-history-es","resourcetheme-identity-es","resourcetheme-unity-es","resourcetheme-worship-es","eventcategory-anabaptist-world-fellowship-sunday-es"],"acf":[],"yoast_head":"<!-- This site is optimized with the Yoast SEO plugin v27.2 - https:\/\/yoast.com\/product\/yoast-seo-wordpress\/ -->\n<title>Salmo 133 - Mennonite World Conference<\/title>\n<meta name=\"robots\" content=\"index, follow, max-snippet:-1, max-image-preview:large, max-video-preview:-1\" \/>\n<link rel=\"canonical\" href=\"https:\/\/mwc-cmm.org\/en\/resources\/psalm-133\/\" \/>\n<meta property=\"og:locale\" content=\"es_ES\" \/>\n<meta property=\"og:type\" content=\"article\" \/>\n<meta property=\"og:title\" content=\"Salmo 133 - Mennonite World Conference\" \/>\n<meta property=\"og:description\" content=\"Introducci\u00f3n \u00bfRecuerdas alg\u00fan olor en particular? El olfato es uno de los sentidos m\u00e1s interesantes que tenemos. Puede traernos gratos recuerdos, como cuando vuelves a probar aquel plato que tanto te gusto en tu ni\u00f1ez. O puede causarte repudio como cuando hueles algo muy desagradable. As\u00ed es la unidad en la iglesia. Te llena de [&hellip;]\" \/>\n<meta property=\"og:url\" content=\"https:\/\/mwc-cmm.org\/en\/resources\/psalm-133\/\" \/>\n<meta property=\"og:site_name\" content=\"Mennonite World Conference\" \/>\n<meta property=\"article:publisher\" content=\"https:\/\/www.facebook.com\/MennoniteWorldConference\" \/>\n<meta property=\"article:modified_time\" content=\"2024-12-24T17:24:43+00:00\" \/>\n<script type=\"application\/ld+json\" class=\"yoast-schema-graph\">{\"@context\":\"https:\/\/schema.org\",\"@graph\":[{\"@type\":\"WebPage\",\"@id\":\"https:\/\/mwc-cmm.org\/en\/resources\/psalm-133\/\",\"url\":\"https:\/\/mwc-cmm.org\/en\/resources\/psalm-133\/\",\"name\":\"Salmo 133 - Mennonite World Conference\",\"isPartOf\":{\"@id\":\"https:\/\/mwc-cmm.org\/en\/#website\"},\"datePublished\":\"2024-10-31T16:02:09+00:00\",\"dateModified\":\"2024-12-24T17:24:43+00:00\",\"breadcrumb\":{\"@id\":\"https:\/\/mwc-cmm.org\/en\/resources\/psalm-133\/#breadcrumb\"},\"inLanguage\":\"es\",\"potentialAction\":[{\"@type\":\"ReadAction\",\"target\":[\"https:\/\/mwc-cmm.org\/en\/resources\/psalm-133\/\"]}]},{\"@type\":\"BreadcrumbList\",\"@id\":\"https:\/\/mwc-cmm.org\/en\/resources\/psalm-133\/#breadcrumb\",\"itemListElement\":[{\"@type\":\"ListItem\",\"position\":1,\"name\":\"Home\",\"item\":\"https:\/\/mwc-cmm.org\/es\/\"},{\"@type\":\"ListItem\",\"position\":2,\"name\":\"Salmo 133\"}]},{\"@type\":\"WebSite\",\"@id\":\"https:\/\/mwc-cmm.org\/en\/#website\",\"url\":\"https:\/\/mwc-cmm.org\/en\/\",\"name\":\"Mennonite World Conference\",\"description\":\"A communion of Anabaptist-related churches\",\"publisher\":{\"@id\":\"https:\/\/mwc-cmm.org\/en\/#organization\"},\"alternateName\":\"MWC\",\"potentialAction\":[{\"@type\":\"SearchAction\",\"target\":{\"@type\":\"EntryPoint\",\"urlTemplate\":\"https:\/\/mwc-cmm.org\/en\/?s={search_term_string}\"},\"query-input\":{\"@type\":\"PropertyValueSpecification\",\"valueRequired\":true,\"valueName\":\"search_term_string\"}}],\"inLanguage\":\"es\"},{\"@type\":\"Organization\",\"@id\":\"https:\/\/mwc-cmm.org\/en\/#organization\",\"name\":\"Mennonite World Conference\",\"alternateName\":\"MWC\",\"url\":\"https:\/\/mwc-cmm.org\/en\/\",\"logo\":{\"@type\":\"ImageObject\",\"inLanguage\":\"es\",\"@id\":\"https:\/\/mwc-cmm.org\/en\/#\/schema\/logo\/image\/\",\"url\":\"https:\/\/mwc-cmm.org\/wp-content\/uploads\/2026\/01\/MWC_Sig_Blue_Horiz_webheader1-logo.svg\",\"contentUrl\":\"https:\/\/mwc-cmm.org\/wp-content\/uploads\/2026\/01\/MWC_Sig_Blue_Horiz_webheader1-logo.svg\",\"width\":786,\"height\":82,\"caption\":\"Mennonite World Conference\"},\"image\":{\"@id\":\"https:\/\/mwc-cmm.org\/en\/#\/schema\/logo\/image\/\"},\"sameAs\":[\"https:\/\/www.facebook.com\/MennoniteWorldConference\",\"https:\/\/www.linkedin.com\/company\/mennonite-world-conference-mwc\/\",\"https:\/\/www.instagram.com\/mwcmm\/\",\"https:\/\/www.youtube.com\/user\/mwccmm\",\"https:\/\/bsky.app\/profile\/mwcmm.bsky.social\"]}]}<\/script>\n<!-- \/ Yoast SEO plugin. -->","yoast_head_json":{"title":"Salmo 133 - Mennonite World Conference","robots":{"index":"index","follow":"follow","max-snippet":"max-snippet:-1","max-image-preview":"max-image-preview:large","max-video-preview":"max-video-preview:-1"},"canonical":"https:\/\/mwc-cmm.org\/en\/resources\/psalm-133\/","og_locale":"es_ES","og_type":"article","og_title":"Salmo 133 - Mennonite World Conference","og_description":"Introducci\u00f3n \u00bfRecuerdas alg\u00fan olor en particular? El olfato es uno de los sentidos m\u00e1s interesantes que tenemos. Puede traernos gratos recuerdos, como cuando vuelves a probar aquel plato que tanto te gusto en tu ni\u00f1ez. O puede causarte repudio como cuando hueles algo muy desagradable. As\u00ed es la unidad en la iglesia. Te llena de [&hellip;]","og_url":"https:\/\/mwc-cmm.org\/en\/resources\/psalm-133\/","og_site_name":"Mennonite World Conference","article_publisher":"https:\/\/www.facebook.com\/MennoniteWorldConference","article_modified_time":"2024-12-24T17:24:43+00:00","schema":{"@context":"https:\/\/schema.org","@graph":[{"@type":"WebPage","@id":"https:\/\/mwc-cmm.org\/en\/resources\/psalm-133\/","url":"https:\/\/mwc-cmm.org\/en\/resources\/psalm-133\/","name":"Salmo 133 - Mennonite World Conference","isPartOf":{"@id":"https:\/\/mwc-cmm.org\/en\/#website"},"datePublished":"2024-10-31T16:02:09+00:00","dateModified":"2024-12-24T17:24:43+00:00","breadcrumb":{"@id":"https:\/\/mwc-cmm.org\/en\/resources\/psalm-133\/#breadcrumb"},"inLanguage":"es","potentialAction":[{"@type":"ReadAction","target":["https:\/\/mwc-cmm.org\/en\/resources\/psalm-133\/"]}]},{"@type":"BreadcrumbList","@id":"https:\/\/mwc-cmm.org\/en\/resources\/psalm-133\/#breadcrumb","itemListElement":[{"@type":"ListItem","position":1,"name":"Home","item":"https:\/\/mwc-cmm.org\/es\/"},{"@type":"ListItem","position":2,"name":"Salmo 133"}]},{"@type":"WebSite","@id":"https:\/\/mwc-cmm.org\/en\/#website","url":"https:\/\/mwc-cmm.org\/en\/","name":"Mennonite World Conference","description":"A communion of Anabaptist-related churches","publisher":{"@id":"https:\/\/mwc-cmm.org\/en\/#organization"},"alternateName":"MWC","potentialAction":[{"@type":"SearchAction","target":{"@type":"EntryPoint","urlTemplate":"https:\/\/mwc-cmm.org\/en\/?s={search_term_string}"},"query-input":{"@type":"PropertyValueSpecification","valueRequired":true,"valueName":"search_term_string"}}],"inLanguage":"es"},{"@type":"Organization","@id":"https:\/\/mwc-cmm.org\/en\/#organization","name":"Mennonite World Conference","alternateName":"MWC","url":"https:\/\/mwc-cmm.org\/en\/","logo":{"@type":"ImageObject","inLanguage":"es","@id":"https:\/\/mwc-cmm.org\/en\/#\/schema\/logo\/image\/","url":"https:\/\/mwc-cmm.org\/wp-content\/uploads\/2026\/01\/MWC_Sig_Blue_Horiz_webheader1-logo.svg","contentUrl":"https:\/\/mwc-cmm.org\/wp-content\/uploads\/2026\/01\/MWC_Sig_Blue_Horiz_webheader1-logo.svg","width":786,"height":82,"caption":"Mennonite World Conference"},"image":{"@id":"https:\/\/mwc-cmm.org\/en\/#\/schema\/logo\/image\/"},"sameAs":["https:\/\/www.facebook.com\/MennoniteWorldConference","https:\/\/www.linkedin.com\/company\/mennonite-world-conference-mwc\/","https:\/\/www.instagram.com\/mwcmm\/","https:\/\/www.youtube.com\/user\/mwccmm","https:\/\/bsky.app\/profile\/mwcmm.bsky.social"]}]}},"_links":{"self":[{"href":"https:\/\/mwc-cmm.org\/es\/wp-json\/wp\/v2\/mwcresource\/108184","targetHints":{"allow":["GET"]}}],"collection":[{"href":"https:\/\/mwc-cmm.org\/es\/wp-json\/wp\/v2\/mwcresource"}],"about":[{"href":"https:\/\/mwc-cmm.org\/es\/wp-json\/wp\/v2\/types\/mwcresource"}],"wp:attachment":[{"href":"https:\/\/mwc-cmm.org\/es\/wp-json\/wp\/v2\/media?parent=108184"}],"wp:term":[{"taxonomy":"network","embeddable":true,"href":"https:\/\/mwc-cmm.org\/es\/wp-json\/wp\/v2\/network?post=108184"},{"taxonomy":"resourcetype","embeddable":true,"href":"https:\/\/mwc-cmm.org\/es\/wp-json\/wp\/v2\/resourcetype?post=108184"},{"taxonomy":"language","embeddable":true,"href":"https:\/\/mwc-cmm.org\/es\/wp-json\/wp\/v2\/language?post=108184"},{"taxonomy":"resourcecategory","embeddable":true,"href":"https:\/\/mwc-cmm.org\/es\/wp-json\/wp\/v2\/resourcecategory?post=108184"},{"taxonomy":"resourcetheme","embeddable":true,"href":"https:\/\/mwc-cmm.org\/es\/wp-json\/wp\/v2\/resourcetheme?post=108184"},{"taxonomy":"eventcategory","embeddable":true,"href":"https:\/\/mwc-cmm.org\/es\/wp-json\/wp\/v2\/eventcategory?post=108184"}],"curies":[{"name":"wp","href":"https:\/\/api.w.org\/{rel}","templated":true}]}}