{"version":"1.0","provider_name":"Mennonite World Conference","provider_url":"https:\/\/mwc-cmm.org\/es\/","author_name":"Stephanie Setiawan","author_url":"https:\/\/mwc-cmm.org\/es\/stories\/author\/stephanie\/","title":"Convenci\u00f3n Evang\u00e9lica Hermanos Menonitas Nivacl\u00e9 del\u202fParaguay\u00a0 - Mennonite World Conference","type":"rich","width":600,"height":338,"html":"<blockquote class=\"wp-embedded-content\" data-secret=\"jWETjuEpnN\"><a href=\"https:\/\/mwc-cmm.org\/es\/stories\/convencion-evangelica-hermanos-menonitas-nivacle-del-paraguay\/\">Convenci\u00f3n Evang\u00e9lica Hermanos Menonitas Nivacl\u00e9 del\u202fParaguay\u00a0<\/a><\/blockquote><iframe sandbox=\"allow-scripts\" security=\"restricted\" src=\"https:\/\/mwc-cmm.org\/es\/stories\/convencion-evangelica-hermanos-menonitas-nivacle-del-paraguay\/embed\/#?secret=jWETjuEpnN\" width=\"600\" height=\"338\" title=\"\u00abConvenci\u00f3n Evang\u00e9lica Hermanos Menonitas Nivacl\u00e9 del\u202fParaguay\u00a0\u00bb \u2014 Mennonite World Conference\" data-secret=\"jWETjuEpnN\" frameborder=\"0\" marginwidth=\"0\" marginheight=\"0\" scrolling=\"no\" class=\"wp-embedded-content\"><\/iframe><script>\n\/*! This file is auto-generated *\/\n!function(d,l){\"use strict\";l.querySelector&&d.addEventListener&&\"undefined\"!=typeof URL&&(d.wp=d.wp||{},d.wp.receiveEmbedMessage||(d.wp.receiveEmbedMessage=function(e){var t=e.data;if((t||t.secret||t.message||t.value)&&!\/[^a-zA-Z0-9]\/.test(t.secret)){for(var s,r,n,a=l.querySelectorAll('iframe[data-secret=\"'+t.secret+'\"]'),o=l.querySelectorAll('blockquote[data-secret=\"'+t.secret+'\"]'),c=new RegExp(\"^https?:$\",\"i\"),i=0;i<o.length;i++)o[i].style.display=\"none\";for(i=0;i<a.length;i++)s=a[i],e.source===s.contentWindow&&(s.removeAttribute(\"style\"),\"height\"===t.message?(1e3<(r=parseInt(t.value,10))?r=1e3:~~r<200&&(r=200),s.height=r):\"link\"===t.message&&(r=new URL(s.getAttribute(\"src\")),n=new URL(t.value),c.test(n.protocol))&&n.host===r.host&&l.activeElement===s&&(d.top.location.href=t.value))}},d.addEventListener(\"message\",d.wp.receiveEmbedMessage,!1),l.addEventListener(\"DOMContentLoaded\",function(){for(var e,t,s=l.querySelectorAll(\"iframe.wp-embedded-content\"),r=0;r<s.length;r++)(t=(e=s[r]).getAttribute(\"data-secret\"))||(t=Math.random().toString(36).substring(2,12),e.src+=\"#?secret=\"+t,e.setAttribute(\"data-secret\",t)),e.contentWindow.postMessage({message:\"ready\",secret:t},\"*\")},!1)))}(window,document);\n\/\/# sourceURL=https:\/\/mwc-cmm.org\/wp-includes\/js\/wp-embed.min.js\n<\/script>\n","thumbnail_url":"https:\/\/mwc-cmm.org\/wp-content\/uploads\/2025\/07\/1940MBMA250-11-346.jpg","thumbnail_width":1152,"thumbnail_height":739,"description":"Correo : Perspectivas Am\u00e9rica Latina: Paraguay Los inicios de la iglesia anabautista: un vistazo\u202f En ning\u00fan momento escuchamos la palabra \u201cl\u00edderes\u201d, m\u00e1s bien se hablaba de los misioneros. Los primeros l\u00edderes de la iglesia fueron los hermanos menonitas Jakob Franz en la d\u00e9cada de 1930 y, posteriormente, Gerhard\u202fHein.&nbsp; La gente se fue, pero sembr\u00f3 la [&hellip;]"}