{"version":"1.0","provider_name":"Mennonite World Conference","provider_url":"https:\/\/mwc-cmm.org\/es\/","author_name":"mennworldcon","author_url":"https:\/\/mwc-cmm.org\/es\/stories\/author\/mennworldcon\/","title":"100 a\u00f1os de evangelizaci\u00f3n en el Congo - Mennonite World Conference","type":"rich","width":600,"height":338,"html":"<blockquote class=\"wp-embedded-content\" data-secret=\"mqNYST6iYO\"><a href=\"https:\/\/mwc-cmm.org\/es\/stories\/100-anos-de-evangelizacion-en-el-congo\/\">100 a\u00f1os de evangelizaci\u00f3n en el Congo<\/a><\/blockquote><iframe sandbox=\"allow-scripts\" security=\"restricted\" src=\"https:\/\/mwc-cmm.org\/es\/stories\/100-anos-de-evangelizacion-en-el-congo\/embed\/#?secret=mqNYST6iYO\" width=\"600\" height=\"338\" title=\"\u00ab100 a\u00f1os de evangelizaci\u00f3n en el Congo\u00bb \u2014 Mennonite World Conference\" data-secret=\"mqNYST6iYO\" frameborder=\"0\" marginwidth=\"0\" marginheight=\"0\" scrolling=\"no\" class=\"wp-embedded-content\"><\/iframe><script>\n\/*! This file is auto-generated *\/\n!function(d,l){\"use strict\";l.querySelector&&d.addEventListener&&\"undefined\"!=typeof URL&&(d.wp=d.wp||{},d.wp.receiveEmbedMessage||(d.wp.receiveEmbedMessage=function(e){var t=e.data;if((t||t.secret||t.message||t.value)&&!\/[^a-zA-Z0-9]\/.test(t.secret)){for(var s,r,n,a=l.querySelectorAll('iframe[data-secret=\"'+t.secret+'\"]'),o=l.querySelectorAll('blockquote[data-secret=\"'+t.secret+'\"]'),c=new RegExp(\"^https?:$\",\"i\"),i=0;i<o.length;i++)o[i].style.display=\"none\";for(i=0;i<a.length;i++)s=a[i],e.source===s.contentWindow&&(s.removeAttribute(\"style\"),\"height\"===t.message?(1e3<(r=parseInt(t.value,10))?r=1e3:~~r<200&&(r=200),s.height=r):\"link\"===t.message&&(r=new URL(s.getAttribute(\"src\")),n=new URL(t.value),c.test(n.protocol))&&n.host===r.host&&l.activeElement===s&&(d.top.location.href=t.value))}},d.addEventListener(\"message\",d.wp.receiveEmbedMessage,!1),l.addEventListener(\"DOMContentLoaded\",function(){for(var e,t,s=l.querySelectorAll(\"iframe.wp-embedded-content\"),r=0;r<s.length;r++)(t=(e=s[r]).getAttribute(\"data-secret\"))||(t=Math.random().toString(36).substring(2,12),e.src+=\"#?secret=\"+t,e.setAttribute(\"data-secret\",t)),e.contentWindow.postMessage({message:\"ready\",secret:t},\"*\")},!1)))}(window,document);\n\/\/# sourceURL=https:\/\/mwc-cmm.org\/wp-includes\/js\/wp-embed.min.js\n<\/script>\n","thumbnail_url":"https:\/\/mwc-cmm.org\/wp-content\/uploads\/2024\/11\/cefmc_100.jpg","thumbnail_width":940,"thumbnail_height":788,"description":"\u201c100 a\u00f1os de evangelizaci\u00f3n en el Congo\u201d. Del 4 al 11 de agosto, la Communaut\u00e9 des \u00c9glises des Fr\u00e8res Mennonites au Congo (Comunidad de Iglesias de los Hermanos Menonitas del Congo, CEFMC por sus siglas en franc\u00e9s) celebr\u00f3 el centenario de su iglesia nacional. La celebraci\u00f3n en Kikwit -retrasada dos a\u00f1os debido a la pandemia- [&hellip;]"}